{"id":1513,"date":"2015-08-16T10:47:51","date_gmt":"2015-08-16T10:47:51","guid":{"rendered":"http:\/\/www.assisi-schule-ostbevern.de\/?page_id=1513"},"modified":"2016-08-26T10:07:21","modified_gmt":"2016-08-26T10:07:21","slug":"aktuelles-schuljahr","status":"publish","type":"page","link":"https:\/\/www.assisi-schule-ostbevern.de\/?page_id=1513","title":{"rendered":"Schuljahr 2015\/2016"},"content":{"rendered":"<p><span style=\"color: #ff6600;\">Ferienzeit!!!<\/span><\/p>\n<p>Dieses Lied wurde unter anderem geschmettert, um am letzten Schultag bei unserem Treffen im Forum die Sommerferien einzul\u00e4uten. Au\u00dferdem ert\u00f6nten viele sommerliche Kl\u00e4nge von den Assisi-Amseln und vielen anderen Klassen. Nat\u00fcrlich verabschiedeten sich auch die Viertkl\u00e4ssler von der Schulgemeinde. Sie sangen zum Schluss lauthals &#8222;Ein Hoch auf uns&#8220;, um die letzten gemeinsamen Jahre zusammen zu feiern und abzuschlie\u00dfen. Die Viertkl\u00e4ssler hatten sich au\u00dferdem gew\u00fcnscht, dass sie genau so ausgeschult werden wie sie eingeschult wurden und so stand am Ende des Schultages die gesamte Schulgemeinde Spalier, um sie zu verabschieden. Nun w\u00fcnschen wir allen erstmal erholsame und sonnige Ferien!!!<\/p>\n<p><a href=\"http:\/\/www.assisi-schule-ostbevern.de\/?attachment_id=2097\" rel=\"attachment wp-att-2097\"><img loading=\"lazy\" decoding=\"async\" class=\"alignnone size-medium wp-image-2097\" src=\"http:\/\/www.assisi-schule-ostbevern.de\/wordpress\/wp-content\/uploads\/2015\/08\/126-600x450.jpg\" alt=\"1\" width=\"600\" height=\"450\" srcset=\"https:\/\/www.assisi-schule-ostbevern.de\/wordpress\/wp-content\/uploads\/2015\/08\/126-600x450.jpg 600w, https:\/\/www.assisi-schule-ostbevern.de\/wordpress\/wp-content\/uploads\/2015\/08\/126-1024x768.jpg 1024w\" sizes=\"auto, (max-width: 600px) 100vw, 600px\" \/><\/a> <a href=\"http:\/\/www.assisi-schule-ostbevern.de\/?attachment_id=2098\" rel=\"attachment wp-att-2098\"><img loading=\"lazy\" decoding=\"async\" class=\"alignnone size-medium wp-image-2098\" src=\"http:\/\/www.assisi-schule-ostbevern.de\/wordpress\/wp-content\/uploads\/2015\/08\/225-450x600.jpg\" alt=\"2\" width=\"450\" height=\"600\" srcset=\"https:\/\/www.assisi-schule-ostbevern.de\/wordpress\/wp-content\/uploads\/2015\/08\/225-450x600.jpg 450w, https:\/\/www.assisi-schule-ostbevern.de\/wordpress\/wp-content\/uploads\/2015\/08\/225-768x1024.jpg 768w\" sizes=\"auto, (max-width: 450px) 100vw, 450px\" \/><\/a> <a href=\"http:\/\/www.assisi-schule-ostbevern.de\/?attachment_id=2099\" rel=\"attachment wp-att-2099\"><img loading=\"lazy\" decoding=\"async\" class=\"alignnone size-medium wp-image-2099\" src=\"http:\/\/www.assisi-schule-ostbevern.de\/wordpress\/wp-content\/uploads\/2015\/08\/324-600x450.jpg\" alt=\"3\" width=\"600\" height=\"450\" srcset=\"https:\/\/www.assisi-schule-ostbevern.de\/wordpress\/wp-content\/uploads\/2015\/08\/324-600x450.jpg 600w, https:\/\/www.assisi-schule-ostbevern.de\/wordpress\/wp-content\/uploads\/2015\/08\/324-1024x768.jpg 1024w\" sizes=\"auto, (max-width: 600px) 100vw, 600px\" \/><\/a> <a href=\"http:\/\/www.assisi-schule-ostbevern.de\/?attachment_id=2100\" rel=\"attachment wp-att-2100\"><img loading=\"lazy\" decoding=\"async\" class=\"alignnone size-medium wp-image-2100\" src=\"http:\/\/www.assisi-schule-ostbevern.de\/wordpress\/wp-content\/uploads\/2015\/08\/422-600x450.jpg\" alt=\"4\" width=\"600\" height=\"450\" srcset=\"https:\/\/www.assisi-schule-ostbevern.de\/wordpress\/wp-content\/uploads\/2015\/08\/422-600x450.jpg 600w, https:\/\/www.assisi-schule-ostbevern.de\/wordpress\/wp-content\/uploads\/2015\/08\/422-1024x768.jpg 1024w\" sizes=\"auto, (max-width: 600px) 100vw, 600px\" \/><\/a> <a href=\"http:\/\/www.assisi-schule-ostbevern.de\/?attachment_id=2101\" rel=\"attachment wp-att-2101\"><img loading=\"lazy\" decoding=\"async\" class=\"alignnone size-medium wp-image-2101\" src=\"http:\/\/www.assisi-schule-ostbevern.de\/wordpress\/wp-content\/uploads\/2015\/08\/518-600x450.jpg\" alt=\"5\" width=\"600\" height=\"450\" srcset=\"https:\/\/www.assisi-schule-ostbevern.de\/wordpress\/wp-content\/uploads\/2015\/08\/518-600x450.jpg 600w, https:\/\/www.assisi-schule-ostbevern.de\/wordpress\/wp-content\/uploads\/2015\/08\/518-1024x768.jpg 1024w\" sizes=\"auto, (max-width: 600px) 100vw, 600px\" \/><\/a> <a href=\"http:\/\/www.assisi-schule-ostbevern.de\/?attachment_id=2102\" rel=\"attachment wp-att-2102\"><img loading=\"lazy\" decoding=\"async\" class=\"alignnone size-medium wp-image-2102\" src=\"http:\/\/www.assisi-schule-ostbevern.de\/wordpress\/wp-content\/uploads\/2015\/08\/612-600x450.jpg\" alt=\"6\" width=\"600\" height=\"450\" srcset=\"https:\/\/www.assisi-schule-ostbevern.de\/wordpress\/wp-content\/uploads\/2015\/08\/612-600x450.jpg 600w, https:\/\/www.assisi-schule-ostbevern.de\/wordpress\/wp-content\/uploads\/2015\/08\/612-1024x768.jpg 1024w\" sizes=\"auto, (max-width: 600px) 100vw, 600px\" \/><\/a> <a href=\"http:\/\/www.assisi-schule-ostbevern.de\/?attachment_id=2103\" rel=\"attachment wp-att-2103\"><img loading=\"lazy\" decoding=\"async\" class=\"alignnone size-medium wp-image-2103\" src=\"http:\/\/www.assisi-schule-ostbevern.de\/wordpress\/wp-content\/uploads\/2015\/08\/710-600x450.jpg\" alt=\"7\" width=\"600\" height=\"450\" srcset=\"https:\/\/www.assisi-schule-ostbevern.de\/wordpress\/wp-content\/uploads\/2015\/08\/710-600x450.jpg 600w, https:\/\/www.assisi-schule-ostbevern.de\/wordpress\/wp-content\/uploads\/2015\/08\/710-1024x768.jpg 1024w\" sizes=\"auto, (max-width: 600px) 100vw, 600px\" \/><\/a> <a href=\"http:\/\/www.assisi-schule-ostbevern.de\/?attachment_id=2104\" rel=\"attachment wp-att-2104\"><img loading=\"lazy\" decoding=\"async\" class=\"alignnone size-medium wp-image-2104\" src=\"http:\/\/www.assisi-schule-ostbevern.de\/wordpress\/wp-content\/uploads\/2015\/08\/88-600x450.jpg\" alt=\"8\" width=\"600\" height=\"450\" srcset=\"https:\/\/www.assisi-schule-ostbevern.de\/wordpress\/wp-content\/uploads\/2015\/08\/88-600x450.jpg 600w, https:\/\/www.assisi-schule-ostbevern.de\/wordpress\/wp-content\/uploads\/2015\/08\/88-1024x768.jpg 1024w\" sizes=\"auto, (max-width: 600px) 100vw, 600px\" \/><\/a> <a href=\"http:\/\/www.assisi-schule-ostbevern.de\/?attachment_id=2105\" rel=\"attachment wp-att-2105\"><img loading=\"lazy\" decoding=\"async\" class=\"alignnone size-medium wp-image-2105\" src=\"http:\/\/www.assisi-schule-ostbevern.de\/wordpress\/wp-content\/uploads\/2015\/08\/97-600x450.jpg\" alt=\"9\" width=\"600\" height=\"450\" srcset=\"https:\/\/www.assisi-schule-ostbevern.de\/wordpress\/wp-content\/uploads\/2015\/08\/97-600x450.jpg 600w, https:\/\/www.assisi-schule-ostbevern.de\/wordpress\/wp-content\/uploads\/2015\/08\/97-1024x768.jpg 1024w\" sizes=\"auto, (max-width: 600px) 100vw, 600px\" \/><\/a> <a href=\"http:\/\/www.assisi-schule-ostbevern.de\/?attachment_id=2106\" rel=\"attachment wp-att-2106\"><img loading=\"lazy\" decoding=\"async\" class=\"alignnone size-medium wp-image-2106\" src=\"http:\/\/www.assisi-schule-ostbevern.de\/wordpress\/wp-content\/uploads\/2015\/08\/107-600x450.jpg\" alt=\"10\" width=\"600\" height=\"450\" srcset=\"https:\/\/www.assisi-schule-ostbevern.de\/wordpress\/wp-content\/uploads\/2015\/08\/107-600x450.jpg 600w, https:\/\/www.assisi-schule-ostbevern.de\/wordpress\/wp-content\/uploads\/2015\/08\/107-1024x768.jpg 1024w\" sizes=\"auto, (max-width: 600px) 100vw, 600px\" \/><\/a> <a href=\"http:\/\/www.assisi-schule-ostbevern.de\/?attachment_id=2107\" rel=\"attachment wp-att-2107\"><img loading=\"lazy\" decoding=\"async\" class=\"alignnone size-medium wp-image-2107\" src=\"http:\/\/www.assisi-schule-ostbevern.de\/wordpress\/wp-content\/uploads\/2015\/08\/1112-600x450.jpg\" alt=\"11\" width=\"600\" height=\"450\" srcset=\"https:\/\/www.assisi-schule-ostbevern.de\/wordpress\/wp-content\/uploads\/2015\/08\/1112-600x450.jpg 600w, https:\/\/www.assisi-schule-ostbevern.de\/wordpress\/wp-content\/uploads\/2015\/08\/1112-1024x768.jpg 1024w\" sizes=\"auto, (max-width: 600px) 100vw, 600px\" \/><\/a> <a href=\"http:\/\/www.assisi-schule-ostbevern.de\/?attachment_id=2108\" rel=\"attachment wp-att-2108\"><img loading=\"lazy\" decoding=\"async\" class=\"alignnone size-medium wp-image-2108\" src=\"http:\/\/www.assisi-schule-ostbevern.de\/wordpress\/wp-content\/uploads\/2015\/08\/127-600x450.jpg\" alt=\"12\" width=\"600\" height=\"450\" srcset=\"https:\/\/www.assisi-schule-ostbevern.de\/wordpress\/wp-content\/uploads\/2015\/08\/127-600x450.jpg 600w, https:\/\/www.assisi-schule-ostbevern.de\/wordpress\/wp-content\/uploads\/2015\/08\/127-1024x768.jpg 1024w\" sizes=\"auto, (max-width: 600px) 100vw, 600px\" \/><\/a><\/p>\n<p><span style=\"color: #993300;\">Abschied<\/span> <span style=\"color: #0000ff;\">von<\/span> <span style=\"color: #008000;\">Frau<\/span> <span style=\"color: #ff6600;\">Hogrebe<\/span><\/p>\n<p>Das war f\u00fcr alle Beteiligten nicht leicht: Die Schulgemeinde musste Abschied nehmen von der Lehrerin und Kollegin Marion Hogrebe, die seit der Gr\u00fcndung der Franz-von-Assisi-Schule vor 20 Jahren mit an Bord war. Sie gestaltete mit ihrem unerm\u00fcdlichen Engagement das Schulgeb\u00e4ude mit, setzte sich immer sehr daf\u00fcr ein, dass der Sport- und Schwimmunterricht in ausreichender Form stattfinden konnte und ihr lag immer sehr daran, die Demokratieerziehung an unserer Schule (Klassenrat, Sch\u00fclerparlament, Streitschlichter) weiter zu entwickeln. Wir danken ihr sehr f\u00fcr ihren Einsatz und ihre Treue und w\u00fcnschen ihr f\u00fcr den Ruhestand alles Gute!!!!<\/p>\n<p><a href=\"http:\/\/www.assisi-schule-ostbevern.de\/?attachment_id=2087\" rel=\"attachment wp-att-2087\"><img loading=\"lazy\" decoding=\"async\" class=\"alignnone size-medium wp-image-2087\" src=\"http:\/\/www.assisi-schule-ostbevern.de\/wordpress\/wp-content\/uploads\/2015\/08\/125-600x450.jpg\" alt=\"1\" width=\"600\" height=\"450\" srcset=\"https:\/\/www.assisi-schule-ostbevern.de\/wordpress\/wp-content\/uploads\/2015\/08\/125-600x450.jpg 600w, https:\/\/www.assisi-schule-ostbevern.de\/wordpress\/wp-content\/uploads\/2015\/08\/125-1024x768.jpg 1024w\" sizes=\"auto, (max-width: 600px) 100vw, 600px\" \/><\/a> <a href=\"http:\/\/www.assisi-schule-ostbevern.de\/?attachment_id=2088\" rel=\"attachment wp-att-2088\"><img loading=\"lazy\" decoding=\"async\" class=\"alignnone size-medium wp-image-2088\" src=\"http:\/\/www.assisi-schule-ostbevern.de\/wordpress\/wp-content\/uploads\/2015\/08\/224-600x450.jpg\" alt=\"2\" width=\"600\" height=\"450\" srcset=\"https:\/\/www.assisi-schule-ostbevern.de\/wordpress\/wp-content\/uploads\/2015\/08\/224-600x450.jpg 600w, https:\/\/www.assisi-schule-ostbevern.de\/wordpress\/wp-content\/uploads\/2015\/08\/224-1024x768.jpg 1024w\" sizes=\"auto, (max-width: 600px) 100vw, 600px\" \/><\/a> <a href=\"http:\/\/www.assisi-schule-ostbevern.de\/?attachment_id=2089\" rel=\"attachment wp-att-2089\"><img loading=\"lazy\" decoding=\"async\" class=\"alignnone size-medium wp-image-2089\" src=\"http:\/\/www.assisi-schule-ostbevern.de\/wordpress\/wp-content\/uploads\/2015\/08\/323-600x450.jpg\" alt=\"3\" width=\"600\" height=\"450\" srcset=\"https:\/\/www.assisi-schule-ostbevern.de\/wordpress\/wp-content\/uploads\/2015\/08\/323-600x450.jpg 600w, https:\/\/www.assisi-schule-ostbevern.de\/wordpress\/wp-content\/uploads\/2015\/08\/323-1024x768.jpg 1024w\" sizes=\"auto, (max-width: 600px) 100vw, 600px\" \/><\/a> <a href=\"http:\/\/www.assisi-schule-ostbevern.de\/?attachment_id=2090\" rel=\"attachment wp-att-2090\"><img loading=\"lazy\" decoding=\"async\" class=\"alignnone size-medium wp-image-2090\" src=\"http:\/\/www.assisi-schule-ostbevern.de\/wordpress\/wp-content\/uploads\/2015\/08\/421-600x450.jpg\" alt=\"4\" width=\"600\" height=\"450\" srcset=\"https:\/\/www.assisi-schule-ostbevern.de\/wordpress\/wp-content\/uploads\/2015\/08\/421-600x450.jpg 600w, https:\/\/www.assisi-schule-ostbevern.de\/wordpress\/wp-content\/uploads\/2015\/08\/421-1024x768.jpg 1024w\" sizes=\"auto, (max-width: 600px) 100vw, 600px\" \/><\/a> <a href=\"http:\/\/www.assisi-schule-ostbevern.de\/?attachment_id=2091\" rel=\"attachment wp-att-2091\"><img loading=\"lazy\" decoding=\"async\" class=\"alignnone size-medium wp-image-2091\" src=\"http:\/\/www.assisi-schule-ostbevern.de\/wordpress\/wp-content\/uploads\/2015\/08\/517-600x450.jpg\" alt=\"5\" width=\"600\" height=\"450\" srcset=\"https:\/\/www.assisi-schule-ostbevern.de\/wordpress\/wp-content\/uploads\/2015\/08\/517-600x450.jpg 600w, https:\/\/www.assisi-schule-ostbevern.de\/wordpress\/wp-content\/uploads\/2015\/08\/517-1024x768.jpg 1024w\" sizes=\"auto, (max-width: 600px) 100vw, 600px\" \/><\/a> <a href=\"http:\/\/www.assisi-schule-ostbevern.de\/?attachment_id=2092\" rel=\"attachment wp-att-2092\"><img loading=\"lazy\" decoding=\"async\" class=\"alignnone size-medium wp-image-2092\" src=\"http:\/\/www.assisi-schule-ostbevern.de\/wordpress\/wp-content\/uploads\/2015\/08\/611-600x450.jpg\" alt=\"6\" width=\"600\" height=\"450\" srcset=\"https:\/\/www.assisi-schule-ostbevern.de\/wordpress\/wp-content\/uploads\/2015\/08\/611-600x450.jpg 600w, https:\/\/www.assisi-schule-ostbevern.de\/wordpress\/wp-content\/uploads\/2015\/08\/611-1024x768.jpg 1024w\" sizes=\"auto, (max-width: 600px) 100vw, 600px\" \/><\/a> <a href=\"http:\/\/www.assisi-schule-ostbevern.de\/?attachment_id=2093\" rel=\"attachment wp-att-2093\"><img loading=\"lazy\" decoding=\"async\" class=\"alignnone size-medium wp-image-2093\" src=\"http:\/\/www.assisi-schule-ostbevern.de\/wordpress\/wp-content\/uploads\/2015\/08\/79-600x450.jpg\" alt=\"7\" width=\"600\" height=\"450\" srcset=\"https:\/\/www.assisi-schule-ostbevern.de\/wordpress\/wp-content\/uploads\/2015\/08\/79-600x450.jpg 600w, https:\/\/www.assisi-schule-ostbevern.de\/wordpress\/wp-content\/uploads\/2015\/08\/79-1024x768.jpg 1024w\" sizes=\"auto, (max-width: 600px) 100vw, 600px\" \/><\/a><\/p>\n<p><span style=\"color: #993300;\">Ein<\/span> <span style=\"color: #3366ff;\">Gespenst<\/span> <span style=\"color: #008000;\">kommt<\/span> <span style=\"color: #993366;\">selten<\/span><span style=\"color: #ff6600;\"> allein<\/span><\/p>\n<p>So hie\u00df der Titel des Theaterst\u00fcckes, das die Klasse 4b unter der Leitung ihrer Klassenlehrerin Veronika Laufen und der Theaterp\u00e4dagogin Karin Gro\u00dfe Inkrott auf die Beine gestellt haben. Ein halbes Jahr Probe zahlte sich aus, denn die Auff\u00fchrungen zogen alle Zuschauer &#8211; ob klein oder gro\u00df &#8211; in ihren Bann. Am Ende gab es dann auch den verdienten tosenden Applaus und ohne eine Zugabe konnte die Klasse 4b sich auch nicht von der B\u00fchne verabschieden.<\/p>\n<p><a href=\"http:\/\/www.assisi-schule-ostbevern.de\/?attachment_id=2077\" rel=\"attachment wp-att-2077\"><img loading=\"lazy\" decoding=\"async\" class=\"alignnone size-medium wp-image-2077\" src=\"http:\/\/www.assisi-schule-ostbevern.de\/wordpress\/wp-content\/uploads\/2015\/08\/223-600x450.jpg\" alt=\"2\" width=\"600\" height=\"450\" srcset=\"https:\/\/www.assisi-schule-ostbevern.de\/wordpress\/wp-content\/uploads\/2015\/08\/223-600x450.jpg 600w, https:\/\/www.assisi-schule-ostbevern.de\/wordpress\/wp-content\/uploads\/2015\/08\/223-1024x768.jpg 1024w\" sizes=\"auto, (max-width: 600px) 100vw, 600px\" \/><\/a> <a href=\"http:\/\/www.assisi-schule-ostbevern.de\/?attachment_id=2078\" rel=\"attachment wp-att-2078\"><img loading=\"lazy\" decoding=\"async\" class=\"alignnone size-medium wp-image-2078\" src=\"http:\/\/www.assisi-schule-ostbevern.de\/wordpress\/wp-content\/uploads\/2015\/08\/322-600x450.jpg\" alt=\"3\" width=\"600\" height=\"450\" srcset=\"https:\/\/www.assisi-schule-ostbevern.de\/wordpress\/wp-content\/uploads\/2015\/08\/322-600x450.jpg 600w, https:\/\/www.assisi-schule-ostbevern.de\/wordpress\/wp-content\/uploads\/2015\/08\/322-1024x768.jpg 1024w\" sizes=\"auto, (max-width: 600px) 100vw, 600px\" \/><\/a> <a href=\"http:\/\/www.assisi-schule-ostbevern.de\/?attachment_id=2079\" rel=\"attachment wp-att-2079\"><img loading=\"lazy\" decoding=\"async\" class=\"alignnone size-medium wp-image-2079\" src=\"http:\/\/www.assisi-schule-ostbevern.de\/wordpress\/wp-content\/uploads\/2015\/08\/420-600x450.jpg\" alt=\"4\" width=\"600\" height=\"450\" srcset=\"https:\/\/www.assisi-schule-ostbevern.de\/wordpress\/wp-content\/uploads\/2015\/08\/420-600x450.jpg 600w, https:\/\/www.assisi-schule-ostbevern.de\/wordpress\/wp-content\/uploads\/2015\/08\/420-1024x768.jpg 1024w\" sizes=\"auto, (max-width: 600px) 100vw, 600px\" \/><\/a> <a href=\"http:\/\/www.assisi-schule-ostbevern.de\/?attachment_id=2080\" rel=\"attachment wp-att-2080\"><img loading=\"lazy\" decoding=\"async\" class=\"alignnone size-medium wp-image-2080\" src=\"http:\/\/www.assisi-schule-ostbevern.de\/wordpress\/wp-content\/uploads\/2015\/08\/516-600x450.jpg\" alt=\"5\" width=\"600\" height=\"450\" srcset=\"https:\/\/www.assisi-schule-ostbevern.de\/wordpress\/wp-content\/uploads\/2015\/08\/516-600x450.jpg 600w, https:\/\/www.assisi-schule-ostbevern.de\/wordpress\/wp-content\/uploads\/2015\/08\/516-1024x768.jpg 1024w\" sizes=\"auto, (max-width: 600px) 100vw, 600px\" \/><\/a> <a href=\"http:\/\/www.assisi-schule-ostbevern.de\/?attachment_id=2081\" rel=\"attachment wp-att-2081\"><img loading=\"lazy\" decoding=\"async\" class=\"alignnone size-medium wp-image-2081\" src=\"http:\/\/www.assisi-schule-ostbevern.de\/wordpress\/wp-content\/uploads\/2015\/08\/610-600x450.jpg\" alt=\"6\" width=\"600\" height=\"450\" srcset=\"https:\/\/www.assisi-schule-ostbevern.de\/wordpress\/wp-content\/uploads\/2015\/08\/610-600x450.jpg 600w, https:\/\/www.assisi-schule-ostbevern.de\/wordpress\/wp-content\/uploads\/2015\/08\/610-1024x768.jpg 1024w\" sizes=\"auto, (max-width: 600px) 100vw, 600px\" \/><\/a> <a href=\"http:\/\/www.assisi-schule-ostbevern.de\/?attachment_id=2082\" rel=\"attachment wp-att-2082\"><img loading=\"lazy\" decoding=\"async\" class=\"alignnone size-medium wp-image-2082\" src=\"http:\/\/www.assisi-schule-ostbevern.de\/wordpress\/wp-content\/uploads\/2015\/08\/78-600x450.jpg\" alt=\"7\" width=\"600\" height=\"450\" srcset=\"https:\/\/www.assisi-schule-ostbevern.de\/wordpress\/wp-content\/uploads\/2015\/08\/78-600x450.jpg 600w, https:\/\/www.assisi-schule-ostbevern.de\/wordpress\/wp-content\/uploads\/2015\/08\/78-1024x768.jpg 1024w\" sizes=\"auto, (max-width: 600px) 100vw, 600px\" \/><\/a> <a href=\"http:\/\/www.assisi-schule-ostbevern.de\/?attachment_id=2083\" rel=\"attachment wp-att-2083\"><img loading=\"lazy\" decoding=\"async\" class=\"alignnone size-medium wp-image-2083\" src=\"http:\/\/www.assisi-schule-ostbevern.de\/wordpress\/wp-content\/uploads\/2015\/08\/87-600x450.jpg\" alt=\"8\" width=\"600\" height=\"450\" srcset=\"https:\/\/www.assisi-schule-ostbevern.de\/wordpress\/wp-content\/uploads\/2015\/08\/87-600x450.jpg 600w, https:\/\/www.assisi-schule-ostbevern.de\/wordpress\/wp-content\/uploads\/2015\/08\/87-1024x768.jpg 1024w\" sizes=\"auto, (max-width: 600px) 100vw, 600px\" \/><\/a> <a href=\"http:\/\/www.assisi-schule-ostbevern.de\/?attachment_id=2084\" rel=\"attachment wp-att-2084\"><img loading=\"lazy\" decoding=\"async\" class=\"alignnone size-medium wp-image-2084\" src=\"http:\/\/www.assisi-schule-ostbevern.de\/wordpress\/wp-content\/uploads\/2015\/08\/106-600x450.jpg\" alt=\"10\" width=\"600\" height=\"450\" srcset=\"https:\/\/www.assisi-schule-ostbevern.de\/wordpress\/wp-content\/uploads\/2015\/08\/106-600x450.jpg 600w, https:\/\/www.assisi-schule-ostbevern.de\/wordpress\/wp-content\/uploads\/2015\/08\/106-1024x768.jpg 1024w\" sizes=\"auto, (max-width: 600px) 100vw, 600px\" \/><\/a> <a href=\"http:\/\/www.assisi-schule-ostbevern.de\/?attachment_id=2085\" rel=\"attachment wp-att-2085\"><img loading=\"lazy\" decoding=\"async\" class=\"alignnone size-medium wp-image-2085\" src=\"http:\/\/www.assisi-schule-ostbevern.de\/wordpress\/wp-content\/uploads\/2015\/08\/1111-600x450.jpg\" alt=\"11\" width=\"600\" height=\"450\" srcset=\"https:\/\/www.assisi-schule-ostbevern.de\/wordpress\/wp-content\/uploads\/2015\/08\/1111-600x450.jpg 600w, https:\/\/www.assisi-schule-ostbevern.de\/wordpress\/wp-content\/uploads\/2015\/08\/1111-1024x768.jpg 1024w\" sizes=\"auto, (max-width: 600px) 100vw, 600px\" \/><\/a><\/p>\n<p><span style=\"color: #008000;\">Die<span style=\"color: #ff6600;\"> drei <\/span><\/span><span style=\"color: #333399;\">Musketiere<\/span> &#8211; <span style=\"color: #ff6600;\">Besuch<span style=\"color: #808000;\"> der<\/span><\/span> <span style=\"color: #800000;\"> Freilichtb\u00fchne<\/span> <span style=\"color: #0000ff;\">Tecklenburg<\/span><\/p>\n<p>Gemeinsam unterwegs &#8211; das war die gesamte Schulgemeinde der Franz-von-Assisi-Schule beim Besuch der Freilichtb\u00fchne in Tecklenburg. Um 8.30 Uhr starteten alle gemeinsam mit dem Bus ab dem Beverbad, um dann das Theaterspektakel im Freien zu besuchen. Gespielt wurde das Musical &#8222;Die drei Musketiere&#8220;. Das Wetter sollte uns wohlgesonnen sein, so dass es w\u00e4hrend der gesamten Vorstellung trocken blieb und wir die Zeit richtig genie\u00dfen konnten. Auch f\u00fcr ein gemeinsames ausgiebiges Picknick im Theater war gen\u00fcgend Zeit! Das Musical hatte viel zu bieten: Es wurde gescherzt, gek\u00e4mpft, getanzt, gesungen und zwischendurch wurde es sogar richtig spannend. Am Ende ging nat\u00fcrlich alles gut aus &#8211; auch f\u00fcr uns, denn gerade als wir im Bus zur\u00fcck sa\u00dfen, begann es heftig zu donnern, zu blitzen und zu regnen.<\/p>\n<p><a href=\"http:\/\/www.assisi-schule-ostbevern.de\/?attachment_id=2053\" rel=\"attachment wp-att-2053\"><img loading=\"lazy\" decoding=\"async\" class=\"alignnone size-medium wp-image-2053\" src=\"http:\/\/www.assisi-schule-ostbevern.de\/wordpress\/wp-content\/uploads\/2015\/08\/124-600x450.jpg\" alt=\"1\" width=\"600\" height=\"450\" srcset=\"https:\/\/www.assisi-schule-ostbevern.de\/wordpress\/wp-content\/uploads\/2015\/08\/124-600x450.jpg 600w, https:\/\/www.assisi-schule-ostbevern.de\/wordpress\/wp-content\/uploads\/2015\/08\/124-1024x768.jpg 1024w\" sizes=\"auto, (max-width: 600px) 100vw, 600px\" \/><\/a> <a href=\"http:\/\/www.assisi-schule-ostbevern.de\/?attachment_id=2054\" rel=\"attachment wp-att-2054\"><img loading=\"lazy\" decoding=\"async\" class=\"alignnone size-medium wp-image-2054\" src=\"http:\/\/www.assisi-schule-ostbevern.de\/wordpress\/wp-content\/uploads\/2015\/08\/222-600x450.jpg\" alt=\"2\" width=\"600\" height=\"450\" srcset=\"https:\/\/www.assisi-schule-ostbevern.de\/wordpress\/wp-content\/uploads\/2015\/08\/222-600x450.jpg 600w, https:\/\/www.assisi-schule-ostbevern.de\/wordpress\/wp-content\/uploads\/2015\/08\/222-1024x768.jpg 1024w\" sizes=\"auto, (max-width: 600px) 100vw, 600px\" \/><\/a> <a href=\"http:\/\/www.assisi-schule-ostbevern.de\/?attachment_id=2055\" rel=\"attachment wp-att-2055\"><img loading=\"lazy\" decoding=\"async\" class=\"alignnone size-medium wp-image-2055\" src=\"http:\/\/www.assisi-schule-ostbevern.de\/wordpress\/wp-content\/uploads\/2015\/08\/321-600x450.jpg\" alt=\"3\" width=\"600\" height=\"450\" srcset=\"https:\/\/www.assisi-schule-ostbevern.de\/wordpress\/wp-content\/uploads\/2015\/08\/321-600x450.jpg 600w, https:\/\/www.assisi-schule-ostbevern.de\/wordpress\/wp-content\/uploads\/2015\/08\/321-1024x768.jpg 1024w\" sizes=\"auto, (max-width: 600px) 100vw, 600px\" \/><\/a> <a href=\"http:\/\/www.assisi-schule-ostbevern.de\/?attachment_id=2056\" rel=\"attachment wp-att-2056\"><img loading=\"lazy\" decoding=\"async\" class=\"alignnone size-medium wp-image-2056\" src=\"http:\/\/www.assisi-schule-ostbevern.de\/wordpress\/wp-content\/uploads\/2015\/08\/419-600x450.jpg\" alt=\"4\" width=\"600\" height=\"450\" srcset=\"https:\/\/www.assisi-schule-ostbevern.de\/wordpress\/wp-content\/uploads\/2015\/08\/419-600x450.jpg 600w, https:\/\/www.assisi-schule-ostbevern.de\/wordpress\/wp-content\/uploads\/2015\/08\/419-1024x768.jpg 1024w\" sizes=\"auto, (max-width: 600px) 100vw, 600px\" \/><\/a> <a href=\"http:\/\/www.assisi-schule-ostbevern.de\/?attachment_id=2057\" rel=\"attachment wp-att-2057\"><img loading=\"lazy\" decoding=\"async\" class=\"alignnone size-medium wp-image-2057\" src=\"http:\/\/www.assisi-schule-ostbevern.de\/wordpress\/wp-content\/uploads\/2015\/08\/515-600x450.jpg\" alt=\"5\" width=\"600\" height=\"450\" srcset=\"https:\/\/www.assisi-schule-ostbevern.de\/wordpress\/wp-content\/uploads\/2015\/08\/515-600x450.jpg 600w, https:\/\/www.assisi-schule-ostbevern.de\/wordpress\/wp-content\/uploads\/2015\/08\/515-1024x768.jpg 1024w\" sizes=\"auto, (max-width: 600px) 100vw, 600px\" \/><\/a> <a href=\"http:\/\/www.assisi-schule-ostbevern.de\/?attachment_id=2058\" rel=\"attachment wp-att-2058\"><img loading=\"lazy\" decoding=\"async\" class=\"alignnone size-medium wp-image-2058\" src=\"http:\/\/www.assisi-schule-ostbevern.de\/wordpress\/wp-content\/uploads\/2015\/08\/69-600x450.jpg\" alt=\"6\" width=\"600\" height=\"450\" srcset=\"https:\/\/www.assisi-schule-ostbevern.de\/wordpress\/wp-content\/uploads\/2015\/08\/69-600x450.jpg 600w, https:\/\/www.assisi-schule-ostbevern.de\/wordpress\/wp-content\/uploads\/2015\/08\/69-1024x768.jpg 1024w\" sizes=\"auto, (max-width: 600px) 100vw, 600px\" \/><\/a> <a href=\"http:\/\/www.assisi-schule-ostbevern.de\/?attachment_id=2059\" rel=\"attachment wp-att-2059\"><img loading=\"lazy\" decoding=\"async\" class=\"alignnone size-medium wp-image-2059\" src=\"http:\/\/www.assisi-schule-ostbevern.de\/wordpress\/wp-content\/uploads\/2015\/08\/77-600x450.jpg\" alt=\"7\" width=\"600\" height=\"450\" srcset=\"https:\/\/www.assisi-schule-ostbevern.de\/wordpress\/wp-content\/uploads\/2015\/08\/77-600x450.jpg 600w, https:\/\/www.assisi-schule-ostbevern.de\/wordpress\/wp-content\/uploads\/2015\/08\/77-1024x768.jpg 1024w\" sizes=\"auto, (max-width: 600px) 100vw, 600px\" \/><\/a> <a href=\"http:\/\/www.assisi-schule-ostbevern.de\/?attachment_id=2060\" rel=\"attachment wp-att-2060\"><img loading=\"lazy\" decoding=\"async\" class=\"alignnone size-medium wp-image-2060\" src=\"http:\/\/www.assisi-schule-ostbevern.de\/wordpress\/wp-content\/uploads\/2015\/08\/86-600x450.jpg\" alt=\"8\" width=\"600\" height=\"450\" srcset=\"https:\/\/www.assisi-schule-ostbevern.de\/wordpress\/wp-content\/uploads\/2015\/08\/86-600x450.jpg 600w, https:\/\/www.assisi-schule-ostbevern.de\/wordpress\/wp-content\/uploads\/2015\/08\/86-1024x768.jpg 1024w\" sizes=\"auto, (max-width: 600px) 100vw, 600px\" \/><\/a> <a href=\"http:\/\/www.assisi-schule-ostbevern.de\/?attachment_id=2061\" rel=\"attachment wp-att-2061\"><img loading=\"lazy\" decoding=\"async\" class=\"alignnone size-medium wp-image-2061\" src=\"http:\/\/www.assisi-schule-ostbevern.de\/wordpress\/wp-content\/uploads\/2015\/08\/96-600x450.jpg\" alt=\"9\" width=\"600\" height=\"450\" srcset=\"https:\/\/www.assisi-schule-ostbevern.de\/wordpress\/wp-content\/uploads\/2015\/08\/96-600x450.jpg 600w, https:\/\/www.assisi-schule-ostbevern.de\/wordpress\/wp-content\/uploads\/2015\/08\/96-1024x768.jpg 1024w\" sizes=\"auto, (max-width: 600px) 100vw, 600px\" \/><\/a> <a href=\"http:\/\/www.assisi-schule-ostbevern.de\/?attachment_id=2062\" rel=\"attachment wp-att-2062\"><img loading=\"lazy\" decoding=\"async\" class=\"alignnone size-medium wp-image-2062\" src=\"http:\/\/www.assisi-schule-ostbevern.de\/wordpress\/wp-content\/uploads\/2015\/08\/105-600x450.jpg\" alt=\"10\" width=\"600\" height=\"450\" srcset=\"https:\/\/www.assisi-schule-ostbevern.de\/wordpress\/wp-content\/uploads\/2015\/08\/105-600x450.jpg 600w, https:\/\/www.assisi-schule-ostbevern.de\/wordpress\/wp-content\/uploads\/2015\/08\/105-1024x768.jpg 1024w\" sizes=\"auto, (max-width: 600px) 100vw, 600px\" \/><\/a><\/p>\n<p><span style=\"color: #0000ff;\">Sport- <\/span><span style=\"color: #008000;\">und<\/span> <span style=\"color: #993300;\"> Spielefest<\/span><\/p>\n<p>Bei bestem Wetter traf sich in diesem Jahr die Franz-von-Assisi-Schule zu Beginn des Spiel- und Sportfestes zum gemeinsamen Aufw\u00e4rmtraining auf dem Schulhof. Zu fetziger Musik wurde allen Kindern, aber auch allen LehrerInnen sehr schnell ziemlich warm, so dass es danach direkt losgehen konnte. Gemeinsam machten wir uns dann auf den Weg zum Beverstadion, wo die Kinder dann ihr Bestes gaben in den Kategorien Laufen, Springen, Werfen, aber auch Spielen! Passend zur Fu\u00dfball-EM waren n\u00e4mlich auch noch landes\u00fcbliche Spiele aufgebaut. Viele Elternhelfer trugen wieder dazu bei, dass die Kinder bei perfektem Wetter alle Disziplinen gut vorbereitet durchlaufen konnten. Herzlichen Dank an alle Eltern f\u00fcr die tolle Unterst\u00fctzung. Am Ende eines schwei\u00dftreibenden Sport- und Spielefestes wurden dann alle noch mit einem erfrischenden Eis vom F\u00f6rderverein belohnt.<\/p>\n<p><a href=\"http:\/\/www.assisi-schule-ostbevern.de\/?attachment_id=2030\" rel=\"attachment wp-att-2030\"><img loading=\"lazy\" decoding=\"async\" class=\"alignnone size-medium wp-image-2030\" src=\"http:\/\/www.assisi-schule-ostbevern.de\/wordpress\/wp-content\/uploads\/2015\/08\/122-600x450.jpg\" alt=\"1\" width=\"600\" height=\"450\" srcset=\"https:\/\/www.assisi-schule-ostbevern.de\/wordpress\/wp-content\/uploads\/2015\/08\/122-600x450.jpg 600w, https:\/\/www.assisi-schule-ostbevern.de\/wordpress\/wp-content\/uploads\/2015\/08\/122-1024x768.jpg 1024w\" sizes=\"auto, (max-width: 600px) 100vw, 600px\" \/><\/a> <a href=\"http:\/\/www.assisi-schule-ostbevern.de\/?attachment_id=2031\" rel=\"attachment wp-att-2031\"><img loading=\"lazy\" decoding=\"async\" class=\"alignnone size-medium wp-image-2031\" src=\"http:\/\/www.assisi-schule-ostbevern.de\/wordpress\/wp-content\/uploads\/2015\/08\/221-600x450.jpg\" alt=\"2\" width=\"600\" height=\"450\" srcset=\"https:\/\/www.assisi-schule-ostbevern.de\/wordpress\/wp-content\/uploads\/2015\/08\/221-600x450.jpg 600w, https:\/\/www.assisi-schule-ostbevern.de\/wordpress\/wp-content\/uploads\/2015\/08\/221-1024x768.jpg 1024w\" sizes=\"auto, (max-width: 600px) 100vw, 600px\" \/><\/a> <a href=\"http:\/\/www.assisi-schule-ostbevern.de\/?attachment_id=2033\" rel=\"attachment wp-att-2033\"><img loading=\"lazy\" decoding=\"async\" class=\"alignnone size-medium wp-image-2033\" src=\"http:\/\/www.assisi-schule-ostbevern.de\/wordpress\/wp-content\/uploads\/2015\/08\/418-600x450.jpg\" alt=\"4\" width=\"600\" height=\"450\" srcset=\"https:\/\/www.assisi-schule-ostbevern.de\/wordpress\/wp-content\/uploads\/2015\/08\/418-600x450.jpg 600w, https:\/\/www.assisi-schule-ostbevern.de\/wordpress\/wp-content\/uploads\/2015\/08\/418-1024x768.jpg 1024w\" sizes=\"auto, (max-width: 600px) 100vw, 600px\" \/><\/a> <a href=\"http:\/\/www.assisi-schule-ostbevern.de\/?attachment_id=2034\" rel=\"attachment wp-att-2034\"><img loading=\"lazy\" decoding=\"async\" class=\"alignnone size-medium wp-image-2034\" src=\"http:\/\/www.assisi-schule-ostbevern.de\/wordpress\/wp-content\/uploads\/2015\/08\/514-600x450.jpg\" alt=\"5\" width=\"600\" height=\"450\" srcset=\"https:\/\/www.assisi-schule-ostbevern.de\/wordpress\/wp-content\/uploads\/2015\/08\/514-600x450.jpg 600w, https:\/\/www.assisi-schule-ostbevern.de\/wordpress\/wp-content\/uploads\/2015\/08\/514-1024x768.jpg 1024w\" sizes=\"auto, (max-width: 600px) 100vw, 600px\" \/><\/a> <a href=\"http:\/\/www.assisi-schule-ostbevern.de\/?attachment_id=2035\" rel=\"attachment wp-att-2035\"><img loading=\"lazy\" decoding=\"async\" class=\"alignnone size-medium wp-image-2035\" src=\"http:\/\/www.assisi-schule-ostbevern.de\/wordpress\/wp-content\/uploads\/2015\/08\/68-600x450.jpg\" alt=\"6\" width=\"600\" height=\"450\" srcset=\"https:\/\/www.assisi-schule-ostbevern.de\/wordpress\/wp-content\/uploads\/2015\/08\/68-600x450.jpg 600w, https:\/\/www.assisi-schule-ostbevern.de\/wordpress\/wp-content\/uploads\/2015\/08\/68-1024x768.jpg 1024w\" sizes=\"auto, (max-width: 600px) 100vw, 600px\" \/><\/a> <a href=\"http:\/\/www.assisi-schule-ostbevern.de\/?attachment_id=2036\" rel=\"attachment wp-att-2036\"><img loading=\"lazy\" decoding=\"async\" class=\"alignnone size-medium wp-image-2036\" src=\"http:\/\/www.assisi-schule-ostbevern.de\/wordpress\/wp-content\/uploads\/2015\/08\/76-600x450.jpg\" alt=\"7\" width=\"600\" height=\"450\" srcset=\"https:\/\/www.assisi-schule-ostbevern.de\/wordpress\/wp-content\/uploads\/2015\/08\/76-600x450.jpg 600w, https:\/\/www.assisi-schule-ostbevern.de\/wordpress\/wp-content\/uploads\/2015\/08\/76-1024x768.jpg 1024w\" sizes=\"auto, (max-width: 600px) 100vw, 600px\" \/><\/a> <a href=\"http:\/\/www.assisi-schule-ostbevern.de\/?attachment_id=2037\" rel=\"attachment wp-att-2037\"><img loading=\"lazy\" decoding=\"async\" class=\"alignnone size-medium wp-image-2037\" src=\"http:\/\/www.assisi-schule-ostbevern.de\/wordpress\/wp-content\/uploads\/2015\/08\/85-600x450.jpg\" alt=\"8\" width=\"600\" height=\"450\" srcset=\"https:\/\/www.assisi-schule-ostbevern.de\/wordpress\/wp-content\/uploads\/2015\/08\/85-600x450.jpg 600w, https:\/\/www.assisi-schule-ostbevern.de\/wordpress\/wp-content\/uploads\/2015\/08\/85-1024x768.jpg 1024w\" sizes=\"auto, (max-width: 600px) 100vw, 600px\" \/><\/a> <a href=\"http:\/\/www.assisi-schule-ostbevern.de\/?attachment_id=2038\" rel=\"attachment wp-att-2038\"><img loading=\"lazy\" decoding=\"async\" class=\"alignnone size-medium wp-image-2038\" src=\"http:\/\/www.assisi-schule-ostbevern.de\/wordpress\/wp-content\/uploads\/2015\/08\/95-600x450.jpg\" alt=\"9\" width=\"600\" height=\"450\" srcset=\"https:\/\/www.assisi-schule-ostbevern.de\/wordpress\/wp-content\/uploads\/2015\/08\/95-600x450.jpg 600w, https:\/\/www.assisi-schule-ostbevern.de\/wordpress\/wp-content\/uploads\/2015\/08\/95-1024x768.jpg 1024w\" sizes=\"auto, (max-width: 600px) 100vw, 600px\" \/><\/a> <a href=\"http:\/\/www.assisi-schule-ostbevern.de\/?attachment_id=2039\" rel=\"attachment wp-att-2039\"><img loading=\"lazy\" decoding=\"async\" class=\"alignnone size-medium wp-image-2039\" src=\"http:\/\/www.assisi-schule-ostbevern.de\/wordpress\/wp-content\/uploads\/2015\/08\/103-600x450.jpg\" alt=\"10\" width=\"600\" height=\"450\" srcset=\"https:\/\/www.assisi-schule-ostbevern.de\/wordpress\/wp-content\/uploads\/2015\/08\/103-600x450.jpg 600w, https:\/\/www.assisi-schule-ostbevern.de\/wordpress\/wp-content\/uploads\/2015\/08\/103-1024x768.jpg 1024w\" sizes=\"auto, (max-width: 600px) 100vw, 600px\" \/><\/a> <a href=\"http:\/\/www.assisi-schule-ostbevern.de\/?attachment_id=2040\" rel=\"attachment wp-att-2040\"><img loading=\"lazy\" decoding=\"async\" class=\"alignnone size-medium wp-image-2040\" src=\"http:\/\/www.assisi-schule-ostbevern.de\/wordpress\/wp-content\/uploads\/2015\/08\/1110-600x450.jpg\" alt=\"11\" width=\"600\" height=\"450\" srcset=\"https:\/\/www.assisi-schule-ostbevern.de\/wordpress\/wp-content\/uploads\/2015\/08\/1110-600x450.jpg 600w, https:\/\/www.assisi-schule-ostbevern.de\/wordpress\/wp-content\/uploads\/2015\/08\/1110-1024x768.jpg 1024w\" sizes=\"auto, (max-width: 600px) 100vw, 600px\" \/><\/a> <a href=\"http:\/\/www.assisi-schule-ostbevern.de\/?attachment_id=2041\" rel=\"attachment wp-att-2041\"><img loading=\"lazy\" decoding=\"async\" class=\"alignnone size-medium wp-image-2041\" src=\"http:\/\/www.assisi-schule-ostbevern.de\/wordpress\/wp-content\/uploads\/2015\/08\/123-600x450.jpg\" alt=\"12\" width=\"600\" height=\"450\" srcset=\"https:\/\/www.assisi-schule-ostbevern.de\/wordpress\/wp-content\/uploads\/2015\/08\/123-600x450.jpg 600w, https:\/\/www.assisi-schule-ostbevern.de\/wordpress\/wp-content\/uploads\/2015\/08\/123-1024x768.jpg 1024w\" sizes=\"auto, (max-width: 600px) 100vw, 600px\" \/><\/a> <a href=\"http:\/\/www.assisi-schule-ostbevern.de\/?attachment_id=2042\" rel=\"attachment wp-att-2042\"><img loading=\"lazy\" decoding=\"async\" class=\"alignnone size-medium wp-image-2042\" src=\"http:\/\/www.assisi-schule-ostbevern.de\/wordpress\/wp-content\/uploads\/2015\/08\/131-600x450.jpg\" alt=\"13\" width=\"600\" height=\"450\" srcset=\"https:\/\/www.assisi-schule-ostbevern.de\/wordpress\/wp-content\/uploads\/2015\/08\/131-600x450.jpg 600w, https:\/\/www.assisi-schule-ostbevern.de\/wordpress\/wp-content\/uploads\/2015\/08\/131-1024x768.jpg 1024w\" sizes=\"auto, (max-width: 600px) 100vw, 600px\" \/><\/a><\/p>\n<p>&nbsp;<\/p>\n<p><span style=\"color: #008000;\">Sozialkompetenztraining<\/span>\u00a0<span style=\"color: #993300;\">im<\/span>\u00a0<span style=\"color: #3366ff;\">2.\u00a0Schuljahr<\/span><\/p>\n<p>Im 1. Schuljahr wurde f\u00fcr die beiden ersten Klassen ein Projekttag zur Schulung der sozialen Kompetenz angeboten. Aufgrund der guten Resonanz bei den Kindern und Eltern f\u00fchrte das <strong>S<\/strong>chul\u00fcbergreifende <strong>A<\/strong>nti-<strong>M<\/strong>obbing-<strong>T<\/strong>eam-<strong>O<\/strong>stbevern (SAMTO) nun f\u00fcr die Klasse 2a einen Fortsetzungskurs zum &#8222;sozialen Lernen&#8220; durch. Unter der Leitung von Herrn Uthmann vom Kinder- und Jugendwerk Ostbevern e.V. und in Zusammenarbeit mit Frau D\u00fcnnewald fand dieser Kurs an einem Vormittag in der Schule statt. Auf spielerische Art und Weise ging es darum, die Bed\u00fcrfnisse der anderen Kinder wahrzunehmen sowie \u00fcber M\u00f6glichkeiten zum L\u00f6sen von Konflikten nachzudenken und diese umzusetzen. Die Kosten f\u00fcr den Kurs \u00fcbernimmt zu einem gro\u00dfen Teil das Jugendamt. Die anteiligen Kosten unserer Schule k\u00f6nnen \u00fcber einen Sponsor gedeckt werden, den Frau Wennemann kontaktiert hatte. So freuen wir uns \u00fcber einen Scheck in H\u00f6he von 500 Euro f\u00fcr dieses Projekt vom Sport\u00e4rztebund &#8211; Westfalen e.V., den wir von Herrn Grewe in Empfang nehmen durften. Herzlichen Dank!<\/p>\n<p>Am 21.06.2016 findet dieses Trainig in gleicher Weise auch in der Klasse 2b statt.<\/p>\n<p><a href=\"http:\/\/www.assisi-schule-ostbevern.de\/?attachment_id=2015\" rel=\"attachment wp-att-2015\"><img loading=\"lazy\" decoding=\"async\" class=\"alignnone size-medium wp-image-2015\" src=\"http:\/\/www.assisi-schule-ostbevern.de\/wordpress\/wp-content\/uploads\/2015\/08\/120-600x400.jpg\" alt=\"1\" width=\"600\" height=\"400\" srcset=\"https:\/\/www.assisi-schule-ostbevern.de\/wordpress\/wp-content\/uploads\/2015\/08\/120-600x400.jpg 600w, https:\/\/www.assisi-schule-ostbevern.de\/wordpress\/wp-content\/uploads\/2015\/08\/120-1024x683.jpg 1024w\" sizes=\"auto, (max-width: 600px) 100vw, 600px\" \/><\/a> <a href=\"http:\/\/www.assisi-schule-ostbevern.de\/?attachment_id=2016\" rel=\"attachment wp-att-2016\"><img loading=\"lazy\" decoding=\"async\" class=\"alignnone size-medium wp-image-2016\" src=\"http:\/\/www.assisi-schule-ostbevern.de\/wordpress\/wp-content\/uploads\/2015\/08\/220-600x450.jpg\" alt=\"2\" width=\"600\" height=\"450\" srcset=\"https:\/\/www.assisi-schule-ostbevern.de\/wordpress\/wp-content\/uploads\/2015\/08\/220-600x450.jpg 600w, https:\/\/www.assisi-schule-ostbevern.de\/wordpress\/wp-content\/uploads\/2015\/08\/220-1024x768.jpg 1024w\" sizes=\"auto, (max-width: 600px) 100vw, 600px\" \/><\/a> <a href=\"http:\/\/www.assisi-schule-ostbevern.de\/?attachment_id=2017\" rel=\"attachment wp-att-2017\"><img loading=\"lazy\" decoding=\"async\" class=\"alignnone size-medium wp-image-2017\" src=\"http:\/\/www.assisi-schule-ostbevern.de\/wordpress\/wp-content\/uploads\/2015\/08\/319-600x450.jpg\" alt=\"3\" width=\"600\" height=\"450\" srcset=\"https:\/\/www.assisi-schule-ostbevern.de\/wordpress\/wp-content\/uploads\/2015\/08\/319-600x450.jpg 600w, https:\/\/www.assisi-schule-ostbevern.de\/wordpress\/wp-content\/uploads\/2015\/08\/319-1024x768.jpg 1024w\" sizes=\"auto, (max-width: 600px) 100vw, 600px\" \/><\/a> <a href=\"http:\/\/www.assisi-schule-ostbevern.de\/?attachment_id=2018\" rel=\"attachment wp-att-2018\"><img loading=\"lazy\" decoding=\"async\" class=\"alignnone size-medium wp-image-2018\" src=\"http:\/\/www.assisi-schule-ostbevern.de\/wordpress\/wp-content\/uploads\/2015\/08\/417-600x450.jpg\" alt=\"4\" width=\"600\" height=\"450\" srcset=\"https:\/\/www.assisi-schule-ostbevern.de\/wordpress\/wp-content\/uploads\/2015\/08\/417-600x450.jpg 600w, https:\/\/www.assisi-schule-ostbevern.de\/wordpress\/wp-content\/uploads\/2015\/08\/417-1024x768.jpg 1024w\" sizes=\"auto, (max-width: 600px) 100vw, 600px\" \/><\/a> <a href=\"http:\/\/www.assisi-schule-ostbevern.de\/?attachment_id=2019\" rel=\"attachment wp-att-2019\"><img loading=\"lazy\" decoding=\"async\" class=\"alignnone size-medium wp-image-2019\" src=\"http:\/\/www.assisi-schule-ostbevern.de\/wordpress\/wp-content\/uploads\/2015\/08\/513-450x600.jpg\" alt=\"5\" width=\"450\" height=\"600\" srcset=\"https:\/\/www.assisi-schule-ostbevern.de\/wordpress\/wp-content\/uploads\/2015\/08\/513-450x600.jpg 450w, https:\/\/www.assisi-schule-ostbevern.de\/wordpress\/wp-content\/uploads\/2015\/08\/513-768x1024.jpg 768w\" sizes=\"auto, (max-width: 450px) 100vw, 450px\" \/><\/a> <a href=\"http:\/\/www.assisi-schule-ostbevern.de\/?attachment_id=2020\" rel=\"attachment wp-att-2020\"><img loading=\"lazy\" decoding=\"async\" class=\"alignnone size-medium wp-image-2020\" src=\"http:\/\/www.assisi-schule-ostbevern.de\/wordpress\/wp-content\/uploads\/2015\/08\/67-600x450.jpg\" alt=\"6\" width=\"600\" height=\"450\" srcset=\"https:\/\/www.assisi-schule-ostbevern.de\/wordpress\/wp-content\/uploads\/2015\/08\/67-600x450.jpg 600w, https:\/\/www.assisi-schule-ostbevern.de\/wordpress\/wp-content\/uploads\/2015\/08\/67-1024x768.jpg 1024w\" sizes=\"auto, (max-width: 600px) 100vw, 600px\" \/><\/a><\/p>\n<p><span style=\"color: #3366ff;\">Was schwimmt<\/span> &#8211; <span style=\"color: #ff6600;\">was sinkt?<\/span><\/p>\n<p>Diese Frage stellten sich die Erstkl\u00e4ssler im Sachunterricht und sie hatten dazu auch viele Vermutungen, Ideen und Vorstellungen. In kleinen Gruppen durften die Kinder dann herausfinden, ob ihre Vermutungen stimmten indem sie viele Gegenst\u00e4nde ins Wasser lie\u00dfen und genau beobachteten, was mit ihnen geschah. Wie kleine Forscher hielten sie alles in ihrem Forscherheft fest und notierten und diskutierten am Ende auch, was sie \u00fcberrascht hat und was sie herausgefunden haben.<\/p>\n<p><a href=\"http:\/\/www.assisi-schule-ostbevern.de\/?attachment_id=2005\" rel=\"attachment wp-att-2005\"><img loading=\"lazy\" decoding=\"async\" class=\"alignnone size-medium wp-image-2005\" src=\"http:\/\/www.assisi-schule-ostbevern.de\/wordpress\/wp-content\/uploads\/2015\/08\/119-600x450.jpg\" alt=\"1\" width=\"600\" height=\"450\" srcset=\"https:\/\/www.assisi-schule-ostbevern.de\/wordpress\/wp-content\/uploads\/2015\/08\/119-600x450.jpg 600w, https:\/\/www.assisi-schule-ostbevern.de\/wordpress\/wp-content\/uploads\/2015\/08\/119-1024x768.jpg 1024w\" sizes=\"auto, (max-width: 600px) 100vw, 600px\" \/><\/a> <a href=\"http:\/\/www.assisi-schule-ostbevern.de\/?attachment_id=2006\" rel=\"attachment wp-att-2006\"><img loading=\"lazy\" decoding=\"async\" class=\"alignnone size-medium wp-image-2006\" src=\"http:\/\/www.assisi-schule-ostbevern.de\/wordpress\/wp-content\/uploads\/2015\/08\/219-600x450.jpg\" alt=\"2\" width=\"600\" height=\"450\" srcset=\"https:\/\/www.assisi-schule-ostbevern.de\/wordpress\/wp-content\/uploads\/2015\/08\/219-600x450.jpg 600w, https:\/\/www.assisi-schule-ostbevern.de\/wordpress\/wp-content\/uploads\/2015\/08\/219-1024x768.jpg 1024w\" sizes=\"auto, (max-width: 600px) 100vw, 600px\" \/><\/a> <a href=\"http:\/\/www.assisi-schule-ostbevern.de\/?attachment_id=2007\" rel=\"attachment wp-att-2007\"><img loading=\"lazy\" decoding=\"async\" class=\"alignnone size-medium wp-image-2007\" src=\"http:\/\/www.assisi-schule-ostbevern.de\/wordpress\/wp-content\/uploads\/2015\/08\/318-600x450.jpg\" alt=\"3\" width=\"600\" height=\"450\" srcset=\"https:\/\/www.assisi-schule-ostbevern.de\/wordpress\/wp-content\/uploads\/2015\/08\/318-600x450.jpg 600w, https:\/\/www.assisi-schule-ostbevern.de\/wordpress\/wp-content\/uploads\/2015\/08\/318-1024x768.jpg 1024w\" sizes=\"auto, (max-width: 600px) 100vw, 600px\" \/><\/a> <a href=\"http:\/\/www.assisi-schule-ostbevern.de\/?attachment_id=2008\" rel=\"attachment wp-att-2008\"><img loading=\"lazy\" decoding=\"async\" class=\"alignnone size-medium wp-image-2008\" src=\"http:\/\/www.assisi-schule-ostbevern.de\/wordpress\/wp-content\/uploads\/2015\/08\/416-600x450.jpg\" alt=\"4\" width=\"600\" height=\"450\" srcset=\"https:\/\/www.assisi-schule-ostbevern.de\/wordpress\/wp-content\/uploads\/2015\/08\/416-600x450.jpg 600w, https:\/\/www.assisi-schule-ostbevern.de\/wordpress\/wp-content\/uploads\/2015\/08\/416-1024x768.jpg 1024w\" sizes=\"auto, (max-width: 600px) 100vw, 600px\" \/><\/a> <a href=\"http:\/\/www.assisi-schule-ostbevern.de\/?attachment_id=2009\" rel=\"attachment wp-att-2009\"><img loading=\"lazy\" decoding=\"async\" class=\"alignnone size-medium wp-image-2009\" src=\"http:\/\/www.assisi-schule-ostbevern.de\/wordpress\/wp-content\/uploads\/2015\/08\/512-600x450.jpg\" alt=\"5\" width=\"600\" height=\"450\" srcset=\"https:\/\/www.assisi-schule-ostbevern.de\/wordpress\/wp-content\/uploads\/2015\/08\/512-600x450.jpg 600w, https:\/\/www.assisi-schule-ostbevern.de\/wordpress\/wp-content\/uploads\/2015\/08\/512-1024x768.jpg 1024w\" sizes=\"auto, (max-width: 600px) 100vw, 600px\" \/><\/a> <a href=\"http:\/\/www.assisi-schule-ostbevern.de\/?attachment_id=2010\" rel=\"attachment wp-att-2010\"><img loading=\"lazy\" decoding=\"async\" class=\"alignnone size-medium wp-image-2010\" src=\"http:\/\/www.assisi-schule-ostbevern.de\/wordpress\/wp-content\/uploads\/2015\/08\/66-600x450.jpg\" alt=\"6\" width=\"600\" height=\"450\" srcset=\"https:\/\/www.assisi-schule-ostbevern.de\/wordpress\/wp-content\/uploads\/2015\/08\/66-600x450.jpg 600w, https:\/\/www.assisi-schule-ostbevern.de\/wordpress\/wp-content\/uploads\/2015\/08\/66-1024x768.jpg 1024w\" sizes=\"auto, (max-width: 600px) 100vw, 600px\" \/><\/a> <a href=\"http:\/\/www.assisi-schule-ostbevern.de\/?attachment_id=2011\" rel=\"attachment wp-att-2011\"><img loading=\"lazy\" decoding=\"async\" class=\"alignnone size-medium wp-image-2011\" src=\"http:\/\/www.assisi-schule-ostbevern.de\/wordpress\/wp-content\/uploads\/2015\/08\/75-600x450.jpg\" alt=\"7\" width=\"600\" height=\"450\" srcset=\"https:\/\/www.assisi-schule-ostbevern.de\/wordpress\/wp-content\/uploads\/2015\/08\/75-600x450.jpg 600w, https:\/\/www.assisi-schule-ostbevern.de\/wordpress\/wp-content\/uploads\/2015\/08\/75-1024x768.jpg 1024w\" sizes=\"auto, (max-width: 600px) 100vw, 600px\" \/><\/a><\/p>\n<p><span style=\"color: #ff0000;\">Offenes<\/span><span style=\"color: #008000;\"> Vorlesen<\/span><\/p>\n<p>An der Franz-von-Assisi-Schule ist mal wieder das Vorlesefieber ausgebrochen. Alle LehrerInnen hatten sich wieder viel M\u00fche gegeben bei der Auswahl der Vorleseb\u00fccher und liebevolle Plakate gestaltet. Alle Kinder durften dann aussuchen, welches Buch sie sich vorlesen lassen wollten. Und es wurde wirklich viel geboten: Zum Beispiel wurde in einer Gruppe das Buch an der Leinwand lebendig. In einer anderen Gruppe wurde das ber\u00fchmte Buch von dem Elefanten Elmar auf Deutsch von einer Lehrerin vorgelesen, aber auch einige Sch\u00fclerinnen aus Syrien lasen auf Arabisch aus dem Buch vor.<\/p>\n<p><a href=\"http:\/\/www.assisi-schule-ostbevern.de\/?attachment_id=1995\" rel=\"attachment wp-att-1995\"><img loading=\"lazy\" decoding=\"async\" class=\"alignnone size-medium wp-image-1995\" src=\"http:\/\/www.assisi-schule-ostbevern.de\/wordpress\/wp-content\/uploads\/2015\/08\/118-600x450.jpg\" alt=\"1\" width=\"600\" height=\"450\" srcset=\"https:\/\/www.assisi-schule-ostbevern.de\/wordpress\/wp-content\/uploads\/2015\/08\/118-600x450.jpg 600w, https:\/\/www.assisi-schule-ostbevern.de\/wordpress\/wp-content\/uploads\/2015\/08\/118-1024x768.jpg 1024w\" sizes=\"auto, (max-width: 600px) 100vw, 600px\" \/><\/a> <a href=\"http:\/\/www.assisi-schule-ostbevern.de\/?attachment_id=1996\" rel=\"attachment wp-att-1996\"><img loading=\"lazy\" decoding=\"async\" class=\"alignnone size-medium wp-image-1996\" src=\"http:\/\/www.assisi-schule-ostbevern.de\/wordpress\/wp-content\/uploads\/2015\/08\/218-600x450.jpg\" alt=\"2\" width=\"600\" height=\"450\" srcset=\"https:\/\/www.assisi-schule-ostbevern.de\/wordpress\/wp-content\/uploads\/2015\/08\/218-600x450.jpg 600w, https:\/\/www.assisi-schule-ostbevern.de\/wordpress\/wp-content\/uploads\/2015\/08\/218-1024x768.jpg 1024w\" sizes=\"auto, (max-width: 600px) 100vw, 600px\" \/><\/a> <a href=\"http:\/\/www.assisi-schule-ostbevern.de\/?attachment_id=1997\" rel=\"attachment wp-att-1997\"><img loading=\"lazy\" decoding=\"async\" class=\"alignnone size-medium wp-image-1997\" src=\"http:\/\/www.assisi-schule-ostbevern.de\/wordpress\/wp-content\/uploads\/2015\/08\/317-600x450.jpg\" alt=\"3\" width=\"600\" height=\"450\" srcset=\"https:\/\/www.assisi-schule-ostbevern.de\/wordpress\/wp-content\/uploads\/2015\/08\/317-600x450.jpg 600w, https:\/\/www.assisi-schule-ostbevern.de\/wordpress\/wp-content\/uploads\/2015\/08\/317-1024x768.jpg 1024w\" sizes=\"auto, (max-width: 600px) 100vw, 600px\" \/><\/a> <a href=\"http:\/\/www.assisi-schule-ostbevern.de\/?attachment_id=1998\" rel=\"attachment wp-att-1998\"><img loading=\"lazy\" decoding=\"async\" class=\"alignnone size-medium wp-image-1998\" src=\"http:\/\/www.assisi-schule-ostbevern.de\/wordpress\/wp-content\/uploads\/2015\/08\/415-600x450.jpg\" alt=\"4\" width=\"600\" height=\"450\" srcset=\"https:\/\/www.assisi-schule-ostbevern.de\/wordpress\/wp-content\/uploads\/2015\/08\/415-600x450.jpg 600w, https:\/\/www.assisi-schule-ostbevern.de\/wordpress\/wp-content\/uploads\/2015\/08\/415-1024x768.jpg 1024w\" sizes=\"auto, (max-width: 600px) 100vw, 600px\" \/><\/a> <a href=\"http:\/\/www.assisi-schule-ostbevern.de\/?attachment_id=1999\" rel=\"attachment wp-att-1999\"><img loading=\"lazy\" decoding=\"async\" class=\"alignnone size-medium wp-image-1999\" src=\"http:\/\/www.assisi-schule-ostbevern.de\/wordpress\/wp-content\/uploads\/2015\/08\/511-600x450.jpg\" alt=\"5\" width=\"600\" height=\"450\" srcset=\"https:\/\/www.assisi-schule-ostbevern.de\/wordpress\/wp-content\/uploads\/2015\/08\/511-600x450.jpg 600w, https:\/\/www.assisi-schule-ostbevern.de\/wordpress\/wp-content\/uploads\/2015\/08\/511-1024x768.jpg 1024w\" sizes=\"auto, (max-width: 600px) 100vw, 600px\" \/><\/a><\/p>\n<p><span style=\"color: #0000ff;\">Mathe-Ass<\/span> <span style=\"color: #ff0000;\">Dana Vossk\u00f6tter<\/span><\/p>\n<p>In jedem Jahr findet f\u00fcr die Grundschulen landesweit der <strong>Mathematikwettbewerb<\/strong> f\u00fcr die 4. Klassen statt.<\/p>\n<p>An der 1. Runde nehmen alle Sch\u00fcler_innen teil, an der 2. Runde die Kinder, die in der 1. Runde eine bestimmte Punktzahl erreicht haben. Die 3. Runde findet f\u00fcr die Kinder in unserem Umkreis immer in Telgte statt. Daran durften dann noch einige Kinder unserer Schule teilnehmen. Diese Mathearbeiten wurden jetzt in Dortmund korrigiert.<\/p>\n<p>Die <u>Kreissiegerin des Mathematikwettbewerb 2016<\/u> kommt von der Franz-von-Assisi-Schule und hei\u00dft <u>Dana Vossk\u00f6tter<\/u>. HERZLICHEN\u00a0 GL\u00dcCKWUNSCH! Aus ganz NRW nehmen insgesamt 60 Kinder an der Landessiegerehrung \u00a0in Dortmund teil und Dana aus der Klasse 4a \u00a0ist mit dabei. Ihre Mitsch\u00fclerinnen und Mitsch\u00fcler freuen sich mit ihr \u00fcber dieses tolle Ergebnis.<\/p>\n<p><a href=\"http:\/\/www.assisi-schule-ostbevern.de\/?attachment_id=1981\" rel=\"attachment wp-att-1981\"><img loading=\"lazy\" decoding=\"async\" class=\"alignnone size-medium wp-image-1981\" src=\"http:\/\/www.assisi-schule-ostbevern.de\/wordpress\/wp-content\/uploads\/2015\/08\/Dana-600x450.jpg\" alt=\"Dana\" width=\"600\" height=\"450\" srcset=\"https:\/\/www.assisi-schule-ostbevern.de\/wordpress\/wp-content\/uploads\/2015\/08\/Dana-600x450.jpg 600w, https:\/\/www.assisi-schule-ostbevern.de\/wordpress\/wp-content\/uploads\/2015\/08\/Dana-1024x768.jpg 1024w\" sizes=\"auto, (max-width: 600px) 100vw, 600px\" \/><\/a><\/p>\n<p>&nbsp;<\/p>\n<p><span style=\"color: #ff0000;\">Spielger\u00e4teh\u00fctte<\/span> <span style=\"color: #3366ff;\">\u2013 wie neu<\/span><\/p>\n<p>Der<strong> F\u00f6rderverein<\/strong> hatte es sich zur Aufgabe gemacht, unsere in die Jahre gekommene\u00a0 Spielger\u00e4teh\u00fctte auf dem Schulhof aufzupolieren. Dazu trafen sich Pfingstsamstag einige flei\u00dfige Eltern, um \u00a0sie zu reparieren und ihr einen neuen Anstrich zu verpassen. In Aktion waren: Herr Sendker, Herr Beuse, Herr Wei\u00df und Herr Obert. Herzlichen Dank!<\/p>\n<p>Die Kinder nutzten in dieser Zeit die Sachen aus der beliebten H\u00fctte f\u00fcr ihre Spielaktionen.<\/p>\n<p>F\u00fcr das leibliche Wohl war auch bestens gesorgt. Frau Beuse und Frau Obert k\u00fcmmerten sich um Salate und Leckeres vom Grill. Auch daf\u00fcr ein dickes \u201eDankesch\u00f6n!\u201c<\/p>\n<p><a href=\"http:\/\/www.assisi-schule-ostbevern.de\/?attachment_id=1971\" rel=\"attachment wp-att-1971\"><img loading=\"lazy\" decoding=\"async\" class=\"alignnone size-medium wp-image-1971\" src=\"http:\/\/www.assisi-schule-ostbevern.de\/wordpress\/wp-content\/uploads\/2015\/08\/117-600x450.jpg\" alt=\"1\" width=\"600\" height=\"450\" srcset=\"https:\/\/www.assisi-schule-ostbevern.de\/wordpress\/wp-content\/uploads\/2015\/08\/117-600x450.jpg 600w, https:\/\/www.assisi-schule-ostbevern.de\/wordpress\/wp-content\/uploads\/2015\/08\/117-1024x768.jpg 1024w\" sizes=\"auto, (max-width: 600px) 100vw, 600px\" \/><\/a> <a href=\"http:\/\/www.assisi-schule-ostbevern.de\/?attachment_id=1973\" rel=\"attachment wp-att-1973\"><img loading=\"lazy\" decoding=\"async\" class=\"alignnone size-medium wp-image-1973\" src=\"http:\/\/www.assisi-schule-ostbevern.de\/wordpress\/wp-content\/uploads\/2015\/08\/217-600x450.jpg\" alt=\"2\" width=\"600\" height=\"450\" srcset=\"https:\/\/www.assisi-schule-ostbevern.de\/wordpress\/wp-content\/uploads\/2015\/08\/217-600x450.jpg 600w, https:\/\/www.assisi-schule-ostbevern.de\/wordpress\/wp-content\/uploads\/2015\/08\/217-1024x768.jpg 1024w\" sizes=\"auto, (max-width: 600px) 100vw, 600px\" \/><\/a> <a href=\"http:\/\/www.assisi-schule-ostbevern.de\/?attachment_id=1974\" rel=\"attachment wp-att-1974\"><img loading=\"lazy\" decoding=\"async\" class=\"alignnone size-medium wp-image-1974\" src=\"http:\/\/www.assisi-schule-ostbevern.de\/wordpress\/wp-content\/uploads\/2015\/08\/316-600x450.jpg\" alt=\"3\" width=\"600\" height=\"450\" srcset=\"https:\/\/www.assisi-schule-ostbevern.de\/wordpress\/wp-content\/uploads\/2015\/08\/316-600x450.jpg 600w, https:\/\/www.assisi-schule-ostbevern.de\/wordpress\/wp-content\/uploads\/2015\/08\/316-1024x768.jpg 1024w\" sizes=\"auto, (max-width: 600px) 100vw, 600px\" \/><\/a> <a href=\"http:\/\/www.assisi-schule-ostbevern.de\/?attachment_id=1975\" rel=\"attachment wp-att-1975\"><img loading=\"lazy\" decoding=\"async\" class=\"alignnone size-medium wp-image-1975\" src=\"http:\/\/www.assisi-schule-ostbevern.de\/wordpress\/wp-content\/uploads\/2015\/08\/414-600x450.jpg\" alt=\"4\" width=\"600\" height=\"450\" srcset=\"https:\/\/www.assisi-schule-ostbevern.de\/wordpress\/wp-content\/uploads\/2015\/08\/414-600x450.jpg 600w, https:\/\/www.assisi-schule-ostbevern.de\/wordpress\/wp-content\/uploads\/2015\/08\/414-1024x768.jpg 1024w\" sizes=\"auto, (max-width: 600px) 100vw, 600px\" \/><\/a> <a href=\"http:\/\/www.assisi-schule-ostbevern.de\/?attachment_id=1976\" rel=\"attachment wp-att-1976\"><img loading=\"lazy\" decoding=\"async\" class=\"alignnone size-medium wp-image-1976\" src=\"http:\/\/www.assisi-schule-ostbevern.de\/wordpress\/wp-content\/uploads\/2015\/08\/510-600x450.jpg\" alt=\"5\" width=\"600\" height=\"450\" srcset=\"https:\/\/www.assisi-schule-ostbevern.de\/wordpress\/wp-content\/uploads\/2015\/08\/510-600x450.jpg 600w, https:\/\/www.assisi-schule-ostbevern.de\/wordpress\/wp-content\/uploads\/2015\/08\/510-1024x768.jpg 1024w\" sizes=\"auto, (max-width: 600px) 100vw, 600px\" \/><\/a><\/p>\n<p><span style=\"color: #993300;\">Holzbl\u00e4ser<\/span><span style=\"color: #808000;\"> zu<\/span><span style=\"color: #000080;\"> Besuch<\/span><\/p>\n<p>Es ist immer sch\u00f6n, wenn das Schulgeb\u00e4ude von Musik erf\u00fcllt wird. Besonders sch\u00f6n klingt es aber, wenn daf\u00fcr die echten Profis des Sinfonieorchesters M\u00fcnsters anreisen. Dieses Gl\u00fcck hatten wir auch in diesem Jahr. Eine Holzbl\u00e4ser-Gruppe des Orchesters stellte den Kindern auf sehr anschauliche, klangsch\u00f6ne und teilweise auch virtuose Weise ihre Instrumente vor und gab dabei auch immer wieder musikalische Kostproben, die definitiv Lust auf mehr machten. Gespannt lauschten wir den wundervollen Kl\u00e4ngen und Melodien, welche die Musiker ihren Instrumenten entlocken konnten.<\/p>\n<p><a href=\"http:\/\/www.assisi-schule-ostbevern.de\/?attachment_id=1964\" rel=\"attachment wp-att-1964\"><img loading=\"lazy\" decoding=\"async\" class=\"alignnone size-medium wp-image-1964\" src=\"http:\/\/www.assisi-schule-ostbevern.de\/wordpress\/wp-content\/uploads\/2015\/08\/116-600x450.jpg\" alt=\"1\" width=\"600\" height=\"450\" srcset=\"https:\/\/www.assisi-schule-ostbevern.de\/wordpress\/wp-content\/uploads\/2015\/08\/116-600x450.jpg 600w, https:\/\/www.assisi-schule-ostbevern.de\/wordpress\/wp-content\/uploads\/2015\/08\/116-1024x768.jpg 1024w\" sizes=\"auto, (max-width: 600px) 100vw, 600px\" \/><\/a> <a href=\"http:\/\/www.assisi-schule-ostbevern.de\/?attachment_id=1965\" rel=\"attachment wp-att-1965\"><img loading=\"lazy\" decoding=\"async\" class=\"alignnone size-medium wp-image-1965\" src=\"http:\/\/www.assisi-schule-ostbevern.de\/wordpress\/wp-content\/uploads\/2015\/08\/216-600x450.jpg\" alt=\"2\" width=\"600\" height=\"450\" srcset=\"https:\/\/www.assisi-schule-ostbevern.de\/wordpress\/wp-content\/uploads\/2015\/08\/216-600x450.jpg 600w, https:\/\/www.assisi-schule-ostbevern.de\/wordpress\/wp-content\/uploads\/2015\/08\/216-1024x768.jpg 1024w\" sizes=\"auto, (max-width: 600px) 100vw, 600px\" \/><\/a> <a href=\"http:\/\/www.assisi-schule-ostbevern.de\/?attachment_id=1966\" rel=\"attachment wp-att-1966\"><img loading=\"lazy\" decoding=\"async\" class=\"alignnone size-medium wp-image-1966\" src=\"http:\/\/www.assisi-schule-ostbevern.de\/wordpress\/wp-content\/uploads\/2015\/08\/315-600x450.jpg\" alt=\"3\" width=\"600\" height=\"450\" srcset=\"https:\/\/www.assisi-schule-ostbevern.de\/wordpress\/wp-content\/uploads\/2015\/08\/315-600x450.jpg 600w, https:\/\/www.assisi-schule-ostbevern.de\/wordpress\/wp-content\/uploads\/2015\/08\/315-1024x768.jpg 1024w\" sizes=\"auto, (max-width: 600px) 100vw, 600px\" \/><\/a> <a href=\"http:\/\/www.assisi-schule-ostbevern.de\/?attachment_id=1967\" rel=\"attachment wp-att-1967\"><img loading=\"lazy\" decoding=\"async\" class=\"alignnone size-medium wp-image-1967\" src=\"http:\/\/www.assisi-schule-ostbevern.de\/wordpress\/wp-content\/uploads\/2015\/08\/413-600x450.jpg\" alt=\"4\" width=\"600\" height=\"450\" srcset=\"https:\/\/www.assisi-schule-ostbevern.de\/wordpress\/wp-content\/uploads\/2015\/08\/413-600x450.jpg 600w, https:\/\/www.assisi-schule-ostbevern.de\/wordpress\/wp-content\/uploads\/2015\/08\/413-1024x768.jpg 1024w\" sizes=\"auto, (max-width: 600px) 100vw, 600px\" \/><\/a> <a href=\"http:\/\/www.assisi-schule-ostbevern.de\/?attachment_id=1968\" rel=\"attachment wp-att-1968\"><img loading=\"lazy\" decoding=\"async\" class=\"alignnone size-medium wp-image-1968\" src=\"http:\/\/www.assisi-schule-ostbevern.de\/wordpress\/wp-content\/uploads\/2015\/08\/59-600x450.jpg\" alt=\"5\" width=\"600\" height=\"450\" srcset=\"https:\/\/www.assisi-schule-ostbevern.de\/wordpress\/wp-content\/uploads\/2015\/08\/59-600x450.jpg 600w, https:\/\/www.assisi-schule-ostbevern.de\/wordpress\/wp-content\/uploads\/2015\/08\/59-1024x768.jpg 1024w\" sizes=\"auto, (max-width: 600px) 100vw, 600px\" \/><\/a><\/p>\n<p>&nbsp;<\/p>\n<p><span style=\"color: #ff6600;\">Medienschutzparcours<\/span><span style=\"color: #808000;\"> in<\/span> <span style=\"color: #3366ff;\">den<\/span> <span style=\"color: #993366;\">4. Klassen<\/span><\/p>\n<p>Auch in diesem Jahr freuen wir uns dar\u00fcber, dass das Amt f\u00fcr Kinder, Jugendliche und Familien des Kreises Warendorf unter der Leitung von Frau Niemerg in den Klassen 4a und 4b einen <strong>Medienschutzparcours<\/strong> durchgef\u00fchrt hat. Die Viertkl\u00e4ssler besch\u00e4ftigten sich dabei in gemischten Kleingruppen mit zentralen Fragen zum sicheren Umgang mit Internet und Handys. Zum Beispiel: Welche Bilder darf ich hochladen? Wie sieht ein sicheres Passwort aus? Wie benutze ich Suchmaschinen? Worauf muss ich beim Chatten achten? Was kann ich bei Cybermobbing unternehmen? Ziel war es, die Kinder zu einem bewussten und kritischen Umgang mit diesen Themen zu bef\u00e4higen. Das Anliegen unserer Schule ist, dass die Kinder sowohl in der Schule als auch zu Hause darin unterst\u00fctzt werden, einen kritischen und verantwortungsbewussten Umgang mit Internet, Smartphone und Co. zu entwickeln.<\/p>\n<p><a href=\"http:\/\/www.assisi-schule-ostbevern.de\/?attachment_id=1957\" rel=\"attachment wp-att-1957\"><img loading=\"lazy\" decoding=\"async\" class=\"alignnone size-medium wp-image-1957\" src=\"http:\/\/www.assisi-schule-ostbevern.de\/wordpress\/wp-content\/uploads\/2015\/08\/115-600x450.jpg\" alt=\"1\" width=\"600\" height=\"450\" srcset=\"https:\/\/www.assisi-schule-ostbevern.de\/wordpress\/wp-content\/uploads\/2015\/08\/115-600x450.jpg 600w, https:\/\/www.assisi-schule-ostbevern.de\/wordpress\/wp-content\/uploads\/2015\/08\/115-1024x768.jpg 1024w\" sizes=\"auto, (max-width: 600px) 100vw, 600px\" \/><\/a> <a href=\"http:\/\/www.assisi-schule-ostbevern.de\/?attachment_id=1958\" rel=\"attachment wp-att-1958\"><img loading=\"lazy\" decoding=\"async\" class=\"alignnone size-medium wp-image-1958\" src=\"http:\/\/www.assisi-schule-ostbevern.de\/wordpress\/wp-content\/uploads\/2015\/08\/215-600x450.jpg\" alt=\"2\" width=\"600\" height=\"450\" srcset=\"https:\/\/www.assisi-schule-ostbevern.de\/wordpress\/wp-content\/uploads\/2015\/08\/215-600x450.jpg 600w, https:\/\/www.assisi-schule-ostbevern.de\/wordpress\/wp-content\/uploads\/2015\/08\/215-1024x768.jpg 1024w\" sizes=\"auto, (max-width: 600px) 100vw, 600px\" \/><\/a> <a href=\"http:\/\/www.assisi-schule-ostbevern.de\/?attachment_id=1959\" rel=\"attachment wp-att-1959\"><img loading=\"lazy\" decoding=\"async\" class=\"alignnone size-medium wp-image-1959\" src=\"http:\/\/www.assisi-schule-ostbevern.de\/wordpress\/wp-content\/uploads\/2015\/08\/314-600x450.jpg\" alt=\"3\" width=\"600\" height=\"450\" srcset=\"https:\/\/www.assisi-schule-ostbevern.de\/wordpress\/wp-content\/uploads\/2015\/08\/314-600x450.jpg 600w, https:\/\/www.assisi-schule-ostbevern.de\/wordpress\/wp-content\/uploads\/2015\/08\/314-1024x768.jpg 1024w\" sizes=\"auto, (max-width: 600px) 100vw, 600px\" \/><\/a><\/p>\n<p><span style=\"color: #ff6600;\">Arbeitskreis<\/span> <span style=\"color: #0000ff;\">Zahngesundheit<\/span><\/p>\n<p>Das Thema &#8222;gesunde Z\u00e4hne&#8220; stand eine Woche lang in der Franz-von-Assisi-Schule ganz intensiv auf dem Stundenplan. Nicht zu \u00fcbersehen waren ein gro\u00dfer Kariestunnel und ein Zahnputzbrunnen im Forum, die sofort deutlich machten, worum es in dieser Woche gehen sollte. Drei Mitarbeiterinnen des Arbeitskreises Zahngesundheit arbeiteten dann intensiv in je einer Doppelstunde pro Klasse zum Thema &#8222;Zahngesundheit&#8220; auf unterschiedlichen Ebenen und mit verschiedenen Schwerpunkten. Alle Kinder &#8211; und auch die Erwachsenen &#8211; durften dar\u00fcber hinaus im Kariestunnel herausfinden, wie gr\u00fcndlich sie sich die Z\u00e4hne putzen und an welchen Stellen man vielleicht auch nochmal besonders aufpassen muss. Unter dem Schwarzlicht in dem Tunnel leuchteten n\u00e4mlich nicht nur unsere Zungen ganz gelb, sondern auch die Stellen auf den Z\u00e4hnen, die nicht gr\u00fcndlich genug geputzt wurden. Am Ende gab es deshalb dann auch noch viele Tipps zum richtigen Z\u00e4hneputzen und als Andenken eine Zahnb\u00fcrste f\u00fcr jeden. Damit wir auch morgen noch kraftvoll zubei\u00dfen k\u00f6nnen. \ud83d\ude42<\/p>\n<p><a href=\"http:\/\/www.assisi-schule-ostbevern.de\/?attachment_id=1934\" rel=\"attachment wp-att-1934\"><img loading=\"lazy\" decoding=\"async\" class=\"alignnone size-medium wp-image-1934\" src=\"http:\/\/www.assisi-schule-ostbevern.de\/wordpress\/wp-content\/uploads\/2015\/08\/114-600x450.jpg\" alt=\"1\" width=\"600\" height=\"450\" srcset=\"https:\/\/www.assisi-schule-ostbevern.de\/wordpress\/wp-content\/uploads\/2015\/08\/114-600x450.jpg 600w, https:\/\/www.assisi-schule-ostbevern.de\/wordpress\/wp-content\/uploads\/2015\/08\/114-1024x768.jpg 1024w\" sizes=\"auto, (max-width: 600px) 100vw, 600px\" \/><\/a> <a href=\"http:\/\/www.assisi-schule-ostbevern.de\/?attachment_id=1935\" rel=\"attachment wp-att-1935\"><img loading=\"lazy\" decoding=\"async\" class=\"alignnone size-medium wp-image-1935\" src=\"http:\/\/www.assisi-schule-ostbevern.de\/wordpress\/wp-content\/uploads\/2015\/08\/214-600x450.jpg\" alt=\"2\" width=\"600\" height=\"450\" srcset=\"https:\/\/www.assisi-schule-ostbevern.de\/wordpress\/wp-content\/uploads\/2015\/08\/214-600x450.jpg 600w, https:\/\/www.assisi-schule-ostbevern.de\/wordpress\/wp-content\/uploads\/2015\/08\/214-1024x768.jpg 1024w\" sizes=\"auto, (max-width: 600px) 100vw, 600px\" \/><\/a> <a href=\"http:\/\/www.assisi-schule-ostbevern.de\/?attachment_id=1936\" rel=\"attachment wp-att-1936\"><img loading=\"lazy\" decoding=\"async\" class=\"alignnone size-medium wp-image-1936\" src=\"http:\/\/www.assisi-schule-ostbevern.de\/wordpress\/wp-content\/uploads\/2015\/08\/313-600x450.jpg\" alt=\"3\" width=\"600\" height=\"450\" srcset=\"https:\/\/www.assisi-schule-ostbevern.de\/wordpress\/wp-content\/uploads\/2015\/08\/313-600x450.jpg 600w, https:\/\/www.assisi-schule-ostbevern.de\/wordpress\/wp-content\/uploads\/2015\/08\/313-1024x768.jpg 1024w\" sizes=\"auto, (max-width: 600px) 100vw, 600px\" \/><\/a> <a href=\"http:\/\/www.assisi-schule-ostbevern.de\/?attachment_id=1937\" rel=\"attachment wp-att-1937\"><img loading=\"lazy\" decoding=\"async\" class=\"alignnone size-medium wp-image-1937\" src=\"http:\/\/www.assisi-schule-ostbevern.de\/wordpress\/wp-content\/uploads\/2015\/08\/412-600x450.jpg\" alt=\"4\" width=\"600\" height=\"450\" srcset=\"https:\/\/www.assisi-schule-ostbevern.de\/wordpress\/wp-content\/uploads\/2015\/08\/412-600x450.jpg 600w, https:\/\/www.assisi-schule-ostbevern.de\/wordpress\/wp-content\/uploads\/2015\/08\/412-1024x768.jpg 1024w\" sizes=\"auto, (max-width: 600px) 100vw, 600px\" \/><\/a> <a href=\"http:\/\/www.assisi-schule-ostbevern.de\/?attachment_id=1938\" rel=\"attachment wp-att-1938\"><img loading=\"lazy\" decoding=\"async\" class=\"alignnone size-medium wp-image-1938\" src=\"http:\/\/www.assisi-schule-ostbevern.de\/wordpress\/wp-content\/uploads\/2015\/08\/58-600x450.jpg\" alt=\"5\" width=\"600\" height=\"450\" srcset=\"https:\/\/www.assisi-schule-ostbevern.de\/wordpress\/wp-content\/uploads\/2015\/08\/58-600x450.jpg 600w, https:\/\/www.assisi-schule-ostbevern.de\/wordpress\/wp-content\/uploads\/2015\/08\/58-1024x768.jpg 1024w\" sizes=\"auto, (max-width: 600px) 100vw, 600px\" \/><\/a> <a href=\"http:\/\/www.assisi-schule-ostbevern.de\/?attachment_id=1939\" rel=\"attachment wp-att-1939\"><img loading=\"lazy\" decoding=\"async\" class=\"alignnone size-medium wp-image-1939\" src=\"http:\/\/www.assisi-schule-ostbevern.de\/wordpress\/wp-content\/uploads\/2015\/08\/65-600x450.jpg\" alt=\"6\" width=\"600\" height=\"450\" srcset=\"https:\/\/www.assisi-schule-ostbevern.de\/wordpress\/wp-content\/uploads\/2015\/08\/65-600x450.jpg 600w, https:\/\/www.assisi-schule-ostbevern.de\/wordpress\/wp-content\/uploads\/2015\/08\/65-1024x768.jpg 1024w\" sizes=\"auto, (max-width: 600px) 100vw, 600px\" \/><\/a> <a href=\"http:\/\/www.assisi-schule-ostbevern.de\/?attachment_id=1940\" rel=\"attachment wp-att-1940\"><img loading=\"lazy\" decoding=\"async\" class=\"alignnone size-medium wp-image-1940\" src=\"http:\/\/www.assisi-schule-ostbevern.de\/wordpress\/wp-content\/uploads\/2015\/08\/74-600x450.jpg\" alt=\"7\" width=\"600\" height=\"450\" srcset=\"https:\/\/www.assisi-schule-ostbevern.de\/wordpress\/wp-content\/uploads\/2015\/08\/74-600x450.jpg 600w, https:\/\/www.assisi-schule-ostbevern.de\/wordpress\/wp-content\/uploads\/2015\/08\/74-1024x768.jpg 1024w\" sizes=\"auto, (max-width: 600px) 100vw, 600px\" \/><\/a> <a href=\"http:\/\/www.assisi-schule-ostbevern.de\/?attachment_id=1941\" rel=\"attachment wp-att-1941\"><img loading=\"lazy\" decoding=\"async\" class=\"alignnone size-medium wp-image-1941\" src=\"http:\/\/www.assisi-schule-ostbevern.de\/wordpress\/wp-content\/uploads\/2015\/08\/84-600x450.jpg\" alt=\"8\" width=\"600\" height=\"450\" srcset=\"https:\/\/www.assisi-schule-ostbevern.de\/wordpress\/wp-content\/uploads\/2015\/08\/84-600x450.jpg 600w, https:\/\/www.assisi-schule-ostbevern.de\/wordpress\/wp-content\/uploads\/2015\/08\/84-1024x768.jpg 1024w\" sizes=\"auto, (max-width: 600px) 100vw, 600px\" \/><\/a> <a href=\"http:\/\/www.assisi-schule-ostbevern.de\/?attachment_id=1942\" rel=\"attachment wp-att-1942\"><img loading=\"lazy\" decoding=\"async\" class=\"alignnone size-medium wp-image-1942\" src=\"http:\/\/www.assisi-schule-ostbevern.de\/wordpress\/wp-content\/uploads\/2015\/08\/94-600x450.jpg\" alt=\"9\" width=\"600\" height=\"450\" srcset=\"https:\/\/www.assisi-schule-ostbevern.de\/wordpress\/wp-content\/uploads\/2015\/08\/94-600x450.jpg 600w, https:\/\/www.assisi-schule-ostbevern.de\/wordpress\/wp-content\/uploads\/2015\/08\/94-1024x768.jpg 1024w\" sizes=\"auto, (max-width: 600px) 100vw, 600px\" \/><\/a> <a href=\"http:\/\/www.assisi-schule-ostbevern.de\/?attachment_id=1943\" rel=\"attachment wp-att-1943\"><img loading=\"lazy\" decoding=\"async\" class=\"alignnone size-medium wp-image-1943\" src=\"http:\/\/www.assisi-schule-ostbevern.de\/wordpress\/wp-content\/uploads\/2015\/08\/102-600x450.jpg\" alt=\"10\" width=\"600\" height=\"450\" srcset=\"https:\/\/www.assisi-schule-ostbevern.de\/wordpress\/wp-content\/uploads\/2015\/08\/102-600x450.jpg 600w, https:\/\/www.assisi-schule-ostbevern.de\/wordpress\/wp-content\/uploads\/2015\/08\/102-1024x768.jpg 1024w\" sizes=\"auto, (max-width: 600px) 100vw, 600px\" \/><\/a><\/p>\n<p><span style=\"color: #808000;\">Es <span style=\"color: #ff0000;\">werde<\/span> <span style=\"color: #ff6600;\">Licht<\/span><\/span><span style=\"color: #008080;\"><span style=\"color: #993300;\"><span style=\"color: #ffcc00;\">!<\/span><\/span><\/span><span style=\"color: #ffcc00;\">!!<\/span><\/p>\n<p>Die Klassen 3a und 3b haben in den letzten Wochen im Kunst \u2013 und Sachunterricht H\u00e4user aus Kartons gebaut. Thema in Sachunterricht war Strom. Dort haben wir geforscht, wie man eine Lampe installieren kann. Aufgabe im Kunstunterricht war es deshalb, in unserem Haus eine Lampe zu installieren. Die H\u00e4user sind jetzt im Forum ausgestellt.<\/p>\n<p><a href=\"http:\/\/www.assisi-schule-ostbevern.de\/?attachment_id=1931\" rel=\"attachment wp-att-1931\"><img loading=\"lazy\" decoding=\"async\" class=\"alignnone size-medium wp-image-1931\" src=\"http:\/\/www.assisi-schule-ostbevern.de\/wordpress\/wp-content\/uploads\/2015\/08\/113-600x450.jpg\" alt=\"1\" width=\"600\" height=\"450\" srcset=\"https:\/\/www.assisi-schule-ostbevern.de\/wordpress\/wp-content\/uploads\/2015\/08\/113-600x450.jpg 600w, https:\/\/www.assisi-schule-ostbevern.de\/wordpress\/wp-content\/uploads\/2015\/08\/113-1024x768.jpg 1024w\" sizes=\"auto, (max-width: 600px) 100vw, 600px\" \/><\/a> <a href=\"http:\/\/www.assisi-schule-ostbevern.de\/?attachment_id=1932\" rel=\"attachment wp-att-1932\"><img loading=\"lazy\" decoding=\"async\" class=\"alignnone size-medium wp-image-1932\" src=\"http:\/\/www.assisi-schule-ostbevern.de\/wordpress\/wp-content\/uploads\/2015\/08\/213-600x450.jpg\" alt=\"2\" width=\"600\" height=\"450\" srcset=\"https:\/\/www.assisi-schule-ostbevern.de\/wordpress\/wp-content\/uploads\/2015\/08\/213-600x450.jpg 600w, https:\/\/www.assisi-schule-ostbevern.de\/wordpress\/wp-content\/uploads\/2015\/08\/213-1024x768.jpg 1024w\" sizes=\"auto, (max-width: 600px) 100vw, 600px\" \/><\/a> <a href=\"http:\/\/www.assisi-schule-ostbevern.de\/?attachment_id=1933\" rel=\"attachment wp-att-1933\"><img loading=\"lazy\" decoding=\"async\" class=\"alignnone size-medium wp-image-1933\" src=\"http:\/\/www.assisi-schule-ostbevern.de\/wordpress\/wp-content\/uploads\/2015\/08\/312-600x450.jpg\" alt=\"3\" width=\"600\" height=\"450\" srcset=\"https:\/\/www.assisi-schule-ostbevern.de\/wordpress\/wp-content\/uploads\/2015\/08\/312-600x450.jpg 600w, https:\/\/www.assisi-schule-ostbevern.de\/wordpress\/wp-content\/uploads\/2015\/08\/312-1024x768.jpg 1024w\" sizes=\"auto, (max-width: 600px) 100vw, 600px\" \/><\/a><\/p>\n<p><span style=\"color: #ff6600;\">Fr\u00fchlings<\/span><span style=\"color: #008000;\">singen<\/span><\/p>\n<p>&#8222;Alle V\u00f6gel sind schon da&#8220; &#8211; dies war das Abschlusslied unseres diesj\u00e4hrigen Fr\u00fchlingssingens im Forum. Auch in diesem Jahr wurde wieder ein buntes Programm von vielen Klassen auf die Beine gestellt. Es wurde gerappt, getanz, gesungen und auch gelacht. Wenn das kein Lockruf f\u00fcr den Fr\u00fchling war&#8230;. Vielen Dank an alle Beteiligten f\u00fcr ein wundersch\u00f6nes und abwechslungsreiches Programm, das richtig Lust auf den Fr\u00fchling gemacht hat.<\/p>\n<p><a href=\"http:\/\/www.assisi-schule-ostbevern.de\/?attachment_id=1909\" rel=\"attachment wp-att-1909\"><img loading=\"lazy\" decoding=\"async\" class=\"alignnone size-medium wp-image-1909\" src=\"http:\/\/www.assisi-schule-ostbevern.de\/wordpress\/wp-content\/uploads\/2015\/08\/311-600x450.jpg\" alt=\"3\" width=\"600\" height=\"450\" srcset=\"https:\/\/www.assisi-schule-ostbevern.de\/wordpress\/wp-content\/uploads\/2015\/08\/311-600x450.jpg 600w, https:\/\/www.assisi-schule-ostbevern.de\/wordpress\/wp-content\/uploads\/2015\/08\/311-1024x768.jpg 1024w\" sizes=\"auto, (max-width: 600px) 100vw, 600px\" \/><\/a> <a href=\"http:\/\/www.assisi-schule-ostbevern.de\/?attachment_id=1908\" rel=\"attachment wp-att-1908\"><img loading=\"lazy\" decoding=\"async\" class=\"alignnone size-medium wp-image-1908\" src=\"http:\/\/www.assisi-schule-ostbevern.de\/wordpress\/wp-content\/uploads\/2015\/08\/212-600x450.jpg\" alt=\"2\" width=\"600\" height=\"450\" srcset=\"https:\/\/www.assisi-schule-ostbevern.de\/wordpress\/wp-content\/uploads\/2015\/08\/212-600x450.jpg 600w, https:\/\/www.assisi-schule-ostbevern.de\/wordpress\/wp-content\/uploads\/2015\/08\/212-1024x768.jpg 1024w\" sizes=\"auto, (max-width: 600px) 100vw, 600px\" \/><\/a> <a href=\"http:\/\/www.assisi-schule-ostbevern.de\/?attachment_id=1907\" rel=\"attachment wp-att-1907\"><img loading=\"lazy\" decoding=\"async\" class=\"alignnone size-medium wp-image-1907\" src=\"http:\/\/www.assisi-schule-ostbevern.de\/wordpress\/wp-content\/uploads\/2015\/08\/112-600x450.jpg\" alt=\"1\" width=\"600\" height=\"450\" srcset=\"https:\/\/www.assisi-schule-ostbevern.de\/wordpress\/wp-content\/uploads\/2015\/08\/112-600x450.jpg 600w, https:\/\/www.assisi-schule-ostbevern.de\/wordpress\/wp-content\/uploads\/2015\/08\/112-1024x768.jpg 1024w\" sizes=\"auto, (max-width: 600px) 100vw, 600px\" \/><\/a> <a href=\"http:\/\/www.assisi-schule-ostbevern.de\/?attachment_id=1910\" rel=\"attachment wp-att-1910\"><img loading=\"lazy\" decoding=\"async\" class=\"alignnone size-medium wp-image-1910\" src=\"http:\/\/www.assisi-schule-ostbevern.de\/wordpress\/wp-content\/uploads\/2015\/08\/411-600x450.jpg\" alt=\"4\" width=\"600\" height=\"450\" srcset=\"https:\/\/www.assisi-schule-ostbevern.de\/wordpress\/wp-content\/uploads\/2015\/08\/411-600x450.jpg 600w, https:\/\/www.assisi-schule-ostbevern.de\/wordpress\/wp-content\/uploads\/2015\/08\/411-1024x768.jpg 1024w\" sizes=\"auto, (max-width: 600px) 100vw, 600px\" \/><\/a> <a href=\"http:\/\/www.assisi-schule-ostbevern.de\/?attachment_id=1911\" rel=\"attachment wp-att-1911\"><img loading=\"lazy\" decoding=\"async\" class=\"alignnone size-medium wp-image-1911\" src=\"http:\/\/www.assisi-schule-ostbevern.de\/wordpress\/wp-content\/uploads\/2015\/08\/57-600x450.jpg\" alt=\"5\" width=\"600\" height=\"450\" srcset=\"https:\/\/www.assisi-schule-ostbevern.de\/wordpress\/wp-content\/uploads\/2015\/08\/57-600x450.jpg 600w, https:\/\/www.assisi-schule-ostbevern.de\/wordpress\/wp-content\/uploads\/2015\/08\/57-1024x768.jpg 1024w\" sizes=\"auto, (max-width: 600px) 100vw, 600px\" \/><\/a> <a href=\"http:\/\/www.assisi-schule-ostbevern.de\/?attachment_id=1912\" rel=\"attachment wp-att-1912\"><img loading=\"lazy\" decoding=\"async\" class=\"alignnone size-medium wp-image-1912\" src=\"http:\/\/www.assisi-schule-ostbevern.de\/wordpress\/wp-content\/uploads\/2015\/08\/64-600x450.jpg\" alt=\"6\" width=\"600\" height=\"450\" srcset=\"https:\/\/www.assisi-schule-ostbevern.de\/wordpress\/wp-content\/uploads\/2015\/08\/64-600x450.jpg 600w, https:\/\/www.assisi-schule-ostbevern.de\/wordpress\/wp-content\/uploads\/2015\/08\/64-1024x768.jpg 1024w\" sizes=\"auto, (max-width: 600px) 100vw, 600px\" \/><\/a> <a href=\"http:\/\/www.assisi-schule-ostbevern.de\/?attachment_id=1913\" rel=\"attachment wp-att-1913\"><img loading=\"lazy\" decoding=\"async\" class=\"alignnone size-medium wp-image-1913\" src=\"http:\/\/www.assisi-schule-ostbevern.de\/wordpress\/wp-content\/uploads\/2015\/08\/73-600x450.jpg\" alt=\"7\" width=\"600\" height=\"450\" srcset=\"https:\/\/www.assisi-schule-ostbevern.de\/wordpress\/wp-content\/uploads\/2015\/08\/73-600x450.jpg 600w, https:\/\/www.assisi-schule-ostbevern.de\/wordpress\/wp-content\/uploads\/2015\/08\/73-1024x768.jpg 1024w\" sizes=\"auto, (max-width: 600px) 100vw, 600px\" \/><\/a> <a href=\"http:\/\/www.assisi-schule-ostbevern.de\/?attachment_id=1914\" rel=\"attachment wp-att-1914\"><img loading=\"lazy\" decoding=\"async\" class=\"alignnone size-medium wp-image-1914\" src=\"http:\/\/www.assisi-schule-ostbevern.de\/wordpress\/wp-content\/uploads\/2015\/08\/83-600x450.jpg\" alt=\"8\" width=\"600\" height=\"450\" srcset=\"https:\/\/www.assisi-schule-ostbevern.de\/wordpress\/wp-content\/uploads\/2015\/08\/83-600x450.jpg 600w, https:\/\/www.assisi-schule-ostbevern.de\/wordpress\/wp-content\/uploads\/2015\/08\/83-1024x768.jpg 1024w\" sizes=\"auto, (max-width: 600px) 100vw, 600px\" \/><\/a> <a href=\"http:\/\/www.assisi-schule-ostbevern.de\/?attachment_id=1915\" rel=\"attachment wp-att-1915\"><img loading=\"lazy\" decoding=\"async\" class=\"alignnone size-medium wp-image-1915\" src=\"http:\/\/www.assisi-schule-ostbevern.de\/wordpress\/wp-content\/uploads\/2015\/08\/93-600x450.jpg\" alt=\"9\" width=\"600\" height=\"450\" srcset=\"https:\/\/www.assisi-schule-ostbevern.de\/wordpress\/wp-content\/uploads\/2015\/08\/93-600x450.jpg 600w, https:\/\/www.assisi-schule-ostbevern.de\/wordpress\/wp-content\/uploads\/2015\/08\/93-1024x768.jpg 1024w\" sizes=\"auto, (max-width: 600px) 100vw, 600px\" \/><\/a> <a href=\"http:\/\/www.assisi-schule-ostbevern.de\/?attachment_id=1916\" rel=\"attachment wp-att-1916\"><img loading=\"lazy\" decoding=\"async\" class=\"alignnone size-medium wp-image-1916\" src=\"http:\/\/www.assisi-schule-ostbevern.de\/wordpress\/wp-content\/uploads\/2015\/08\/101-600x450.jpg\" alt=\"10\" width=\"600\" height=\"450\" srcset=\"https:\/\/www.assisi-schule-ostbevern.de\/wordpress\/wp-content\/uploads\/2015\/08\/101-600x450.jpg 600w, https:\/\/www.assisi-schule-ostbevern.de\/wordpress\/wp-content\/uploads\/2015\/08\/101-1024x768.jpg 1024w\" sizes=\"auto, (max-width: 600px) 100vw, 600px\" \/><\/a> <a href=\"http:\/\/www.assisi-schule-ostbevern.de\/?attachment_id=1917\" rel=\"attachment wp-att-1917\"><img loading=\"lazy\" decoding=\"async\" class=\"alignnone size-medium wp-image-1917\" src=\"http:\/\/www.assisi-schule-ostbevern.de\/wordpress\/wp-content\/uploads\/2015\/08\/121-600x450.jpg\" alt=\"12\" width=\"600\" height=\"450\" srcset=\"https:\/\/www.assisi-schule-ostbevern.de\/wordpress\/wp-content\/uploads\/2015\/08\/121-600x450.jpg 600w, https:\/\/www.assisi-schule-ostbevern.de\/wordpress\/wp-content\/uploads\/2015\/08\/121-1024x768.jpg 1024w\" sizes=\"auto, (max-width: 600px) 100vw, 600px\" \/><\/a><\/p>\n<p><span style=\"color: #993300;\">Fit<span style=\"color: #339966;\"> im<\/span><\/span> <span style=\"color: #3366ff;\">Stra\u00dfenverkehr<\/span><\/p>\n<p>Geschafft! <br clear=\"none\" \/>Mit tatkr\u00e4ftiger Unterst\u00fctzung vieler Eltern haben die Kinder der 4. Klassen das Radfahrtraining erfolgreich abgeschlossen. In den letzten zwei Wochen wurde der Schulterblick und das Linksabbiegen intensiv ge\u00fcbt. Nun f\u00fchlen sich alle sicherer im Verkehr.<\/p>\n<p><a href=\"http:\/\/www.assisi-schule-ostbevern.de\/?attachment_id=1904\" rel=\"attachment wp-att-1904\"><img loading=\"lazy\" decoding=\"async\" class=\"alignnone size-medium wp-image-1904\" src=\"http:\/\/www.assisi-schule-ostbevern.de\/wordpress\/wp-content\/uploads\/2015\/08\/410-600x400.jpg\" alt=\"4\" width=\"600\" height=\"400\" srcset=\"https:\/\/www.assisi-schule-ostbevern.de\/wordpress\/wp-content\/uploads\/2015\/08\/410-600x400.jpg 600w, https:\/\/www.assisi-schule-ostbevern.de\/wordpress\/wp-content\/uploads\/2015\/08\/410-1024x683.jpg 1024w\" sizes=\"auto, (max-width: 600px) 100vw, 600px\" \/><\/a> <a href=\"http:\/\/www.assisi-schule-ostbevern.de\/?attachment_id=1902\" rel=\"attachment wp-att-1902\"><img loading=\"lazy\" decoding=\"async\" class=\"alignnone size-medium wp-image-1902\" src=\"http:\/\/www.assisi-schule-ostbevern.de\/wordpress\/wp-content\/uploads\/2015\/08\/310-600x400.jpg\" alt=\"3\" width=\"600\" height=\"400\" srcset=\"https:\/\/www.assisi-schule-ostbevern.de\/wordpress\/wp-content\/uploads\/2015\/08\/310-600x400.jpg 600w, https:\/\/www.assisi-schule-ostbevern.de\/wordpress\/wp-content\/uploads\/2015\/08\/310-1024x683.jpg 1024w\" sizes=\"auto, (max-width: 600px) 100vw, 600px\" \/><\/a> <a href=\"http:\/\/www.assisi-schule-ostbevern.de\/?attachment_id=1901\" rel=\"attachment wp-att-1901\"><img loading=\"lazy\" decoding=\"async\" class=\"alignnone size-medium wp-image-1901\" src=\"http:\/\/www.assisi-schule-ostbevern.de\/wordpress\/wp-content\/uploads\/2015\/08\/211-600x400.jpg\" alt=\"2\" width=\"600\" height=\"400\" srcset=\"https:\/\/www.assisi-schule-ostbevern.de\/wordpress\/wp-content\/uploads\/2015\/08\/211-600x400.jpg 600w, https:\/\/www.assisi-schule-ostbevern.de\/wordpress\/wp-content\/uploads\/2015\/08\/211-1024x683.jpg 1024w\" sizes=\"auto, (max-width: 600px) 100vw, 600px\" \/><\/a> <a href=\"http:\/\/www.assisi-schule-ostbevern.de\/?attachment_id=1900\" rel=\"attachment wp-att-1900\"><img loading=\"lazy\" decoding=\"async\" class=\"alignnone size-medium wp-image-1900\" src=\"http:\/\/www.assisi-schule-ostbevern.de\/wordpress\/wp-content\/uploads\/2015\/08\/111-600x400.jpg\" alt=\"1\" width=\"600\" height=\"400\" srcset=\"https:\/\/www.assisi-schule-ostbevern.de\/wordpress\/wp-content\/uploads\/2015\/08\/111-600x400.jpg 600w, https:\/\/www.assisi-schule-ostbevern.de\/wordpress\/wp-content\/uploads\/2015\/08\/111-1024x683.jpg 1024w\" sizes=\"auto, (max-width: 600px) 100vw, 600px\" \/><\/a><\/p>\n<p><span style=\"color: #008000;\">Jungen stark machen<\/span> \u2013<span style=\"color: #ff6600;\"> ein Thema auch f\u00fcr die Eltern<\/span><\/p>\n<p>Nachdem f\u00fcr die M\u00e4dchen der Selbstbehauptungskurs in diesem Schuljahr bereits durchgef\u00fchrt worden war, bestand f\u00fcr die Jungen des 3. und 4. Schuljahres ebenso ein solches Angebot. So nahmen wie in den Jahren zuvor viele Kinder im Januar und Februar am Kursus \u201eJungen stark machen\u201c teil. Zum Inhalt geh\u00f6rte zum Beispiel:<br \/>\n\u2022 Konflikten begegnen<br \/>\n\u2022 Konflikte reflektieren<br \/>\n\u2022 Gewaltpr\u00e4vention\/ Ma\u00dfnahmen zur Vorbeugung<br \/>\n\u2022 Junge sein \u2013 was ist das?<br \/>\nNeu in diesem Schuljahr war die Durchf\u00fchrung eines Elternabends zum Thema, zu dem Rainer Uthmann vom Kinder- und Jugendwerk Ostbevern e.V. zusammen mit der Schulleitung eingeladen hatte. Hier erhielten die Teilnehmer\/innen auf unterhaltsame Art und Weise Impulse, wie der durchgef\u00fchrte Kurs im Elternhaus Unterst\u00fctzung finden kann. Dabei wurde auch herzlich gelacht, viele \u00dcbungen wurden praktisch durchgespielt. Unterst\u00fctzt wurde Rainer Uthmann vom Praktikanten Ilker C\u00f6mertpay. Die Erwachsenen gingen mit vielen Anregungen nach Hause, wie sie ihren Sohn auch in Zukunft im Kontext, sich selbst zu behaupten, unterst\u00fctzen k\u00f6nnen. Echt stark!<\/p>\n<p><a href=\"http:\/\/www.assisi-schule-ostbevern.de\/?attachment_id=1887\" rel=\"attachment wp-att-1887\"><img loading=\"lazy\" decoding=\"async\" class=\"alignnone size-medium wp-image-1887\" src=\"http:\/\/www.assisi-schule-ostbevern.de\/wordpress\/wp-content\/uploads\/2015\/08\/210-600x450.jpg\" alt=\"2\" width=\"600\" height=\"450\" srcset=\"https:\/\/www.assisi-schule-ostbevern.de\/wordpress\/wp-content\/uploads\/2015\/08\/210-600x450.jpg 600w, https:\/\/www.assisi-schule-ostbevern.de\/wordpress\/wp-content\/uploads\/2015\/08\/210-1024x768.jpg 1024w\" sizes=\"auto, (max-width: 600px) 100vw, 600px\" \/><\/a> <a href=\"http:\/\/www.assisi-schule-ostbevern.de\/?attachment_id=1888\" rel=\"attachment wp-att-1888\"><img loading=\"lazy\" decoding=\"async\" class=\"alignnone size-medium wp-image-1888\" src=\"http:\/\/www.assisi-schule-ostbevern.de\/wordpress\/wp-content\/uploads\/2015\/08\/39-600x450.jpg\" alt=\"3\" width=\"600\" height=\"450\" srcset=\"https:\/\/www.assisi-schule-ostbevern.de\/wordpress\/wp-content\/uploads\/2015\/08\/39-600x450.jpg 600w, https:\/\/www.assisi-schule-ostbevern.de\/wordpress\/wp-content\/uploads\/2015\/08\/39-1024x768.jpg 1024w\" sizes=\"auto, (max-width: 600px) 100vw, 600px\" \/><\/a> <a href=\"http:\/\/www.assisi-schule-ostbevern.de\/?attachment_id=1889\" rel=\"attachment wp-att-1889\"><img loading=\"lazy\" decoding=\"async\" class=\"alignnone size-medium wp-image-1889\" src=\"http:\/\/www.assisi-schule-ostbevern.de\/wordpress\/wp-content\/uploads\/2015\/08\/49-600x450.jpg\" alt=\"4\" width=\"600\" height=\"450\" srcset=\"https:\/\/www.assisi-schule-ostbevern.de\/wordpress\/wp-content\/uploads\/2015\/08\/49-600x450.jpg 600w, https:\/\/www.assisi-schule-ostbevern.de\/wordpress\/wp-content\/uploads\/2015\/08\/49-1024x768.jpg 1024w\" sizes=\"auto, (max-width: 600px) 100vw, 600px\" \/><\/a> <a href=\"http:\/\/www.assisi-schule-ostbevern.de\/?attachment_id=1890\" rel=\"attachment wp-att-1890\"><img loading=\"lazy\" decoding=\"async\" class=\"alignnone size-medium wp-image-1890\" src=\"http:\/\/www.assisi-schule-ostbevern.de\/wordpress\/wp-content\/uploads\/2015\/08\/56-600x450.jpg\" alt=\"5\" width=\"600\" height=\"450\" srcset=\"https:\/\/www.assisi-schule-ostbevern.de\/wordpress\/wp-content\/uploads\/2015\/08\/56-600x450.jpg 600w, https:\/\/www.assisi-schule-ostbevern.de\/wordpress\/wp-content\/uploads\/2015\/08\/56-1024x768.jpg 1024w\" sizes=\"auto, (max-width: 600px) 100vw, 600px\" \/><\/a><\/p>\n<p><span style=\"color: #008000;\">Kinderb\u00fccherflohmarkt<\/span><\/p>\n<p>Am Freitag, den 04.03.2016 verwandelte sich unsere Franz-von-Assisi-Schule am Nachmittag in einen gro\u00dfen B\u00fccherbasar. Liebevoll gestalteten die Kinder ihre Verkaufsst\u00e4nde, klebten Preisschilder auf die B\u00fccher und handelten beim Verkauf ihre Preise aus. Viele Besucher freuten sich \u00fcber das ein oder andere Schn\u00e4ppchen, \u00fcber das man sich danach dann gem\u00fctlich bei einer Tasse Kaffee und einem St\u00fcck Kuchen im Lesecaf\u00e9 des F\u00f6rdervereins austauschen konnte. Einige konnten es kaum erwarten und fingen gleich schon an, in ihren B\u00fcchern zu lesen und zu schm\u00f6kern. Es war ein toller Kinderb\u00fccherflohmarkt!!! Vielen Dank an die vielen helfenden H\u00e4nde, die vor, w\u00e4hrend und nach dem Verkauf mit angepackt haben! Ein besonderer Dank gilt dem F\u00f6rderverein, der f\u00fcr das leibliche Wohl aller Beteiligten gesorgt hat!<\/p>\n<p><a href=\"http:\/\/www.assisi-schule-ostbevern.de\/?attachment_id=1880\" rel=\"attachment wp-att-1880\"><img loading=\"lazy\" decoding=\"async\" class=\"size-medium wp-image-1880 alignnone\" src=\"http:\/\/www.assisi-schule-ostbevern.de\/wordpress\/wp-content\/uploads\/2015\/08\/48-450x600.jpg\" alt=\"4\" width=\"450\" height=\"600\" srcset=\"https:\/\/www.assisi-schule-ostbevern.de\/wordpress\/wp-content\/uploads\/2015\/08\/48-450x600.jpg 450w, https:\/\/www.assisi-schule-ostbevern.de\/wordpress\/wp-content\/uploads\/2015\/08\/48.jpg 600w\" sizes=\"auto, (max-width: 450px) 100vw, 450px\" \/><\/a> <a href=\"http:\/\/www.assisi-schule-ostbevern.de\/?attachment_id=1881\" rel=\"attachment wp-att-1881\"><img loading=\"lazy\" decoding=\"async\" class=\"alignnone size-medium wp-image-1881\" src=\"http:\/\/www.assisi-schule-ostbevern.de\/wordpress\/wp-content\/uploads\/2015\/08\/55-450x600.jpg\" alt=\"5\" width=\"450\" height=\"600\" srcset=\"https:\/\/www.assisi-schule-ostbevern.de\/wordpress\/wp-content\/uploads\/2015\/08\/55-450x600.jpg 450w, https:\/\/www.assisi-schule-ostbevern.de\/wordpress\/wp-content\/uploads\/2015\/08\/55.jpg 600w\" sizes=\"auto, (max-width: 450px) 100vw, 450px\" \/><\/a><\/p>\n<p><a href=\"http:\/\/www.assisi-schule-ostbevern.de\/?attachment_id=1874\" rel=\"attachment wp-att-1874\"><img loading=\"lazy\" decoding=\"async\" class=\"alignnone size-medium wp-image-1874\" src=\"http:\/\/www.assisi-schule-ostbevern.de\/wordpress\/wp-content\/uploads\/2015\/08\/19-600x450.jpg\" alt=\"1\" width=\"600\" height=\"450\" srcset=\"https:\/\/www.assisi-schule-ostbevern.de\/wordpress\/wp-content\/uploads\/2015\/08\/19-600x450.jpg 600w, https:\/\/www.assisi-schule-ostbevern.de\/wordpress\/wp-content\/uploads\/2015\/08\/19.jpg 640w\" sizes=\"auto, (max-width: 600px) 100vw, 600px\" \/><\/a> <a href=\"http:\/\/www.assisi-schule-ostbevern.de\/?attachment_id=1875\" rel=\"attachment wp-att-1875\"><img loading=\"lazy\" decoding=\"async\" class=\"alignnone size-medium wp-image-1875\" src=\"http:\/\/www.assisi-schule-ostbevern.de\/wordpress\/wp-content\/uploads\/2015\/08\/29-600x450.jpg\" alt=\"2\" width=\"600\" height=\"450\" srcset=\"https:\/\/www.assisi-schule-ostbevern.de\/wordpress\/wp-content\/uploads\/2015\/08\/29-600x450.jpg 600w, https:\/\/www.assisi-schule-ostbevern.de\/wordpress\/wp-content\/uploads\/2015\/08\/29.jpg 640w\" sizes=\"auto, (max-width: 600px) 100vw, 600px\" \/><\/a> <a href=\"http:\/\/www.assisi-schule-ostbevern.de\/?attachment_id=1876\" rel=\"attachment wp-att-1876\"><img loading=\"lazy\" decoding=\"async\" class=\"alignnone size-medium wp-image-1876\" src=\"http:\/\/www.assisi-schule-ostbevern.de\/wordpress\/wp-content\/uploads\/2015\/08\/38-600x450.jpg\" alt=\"3\" width=\"600\" height=\"450\" srcset=\"https:\/\/www.assisi-schule-ostbevern.de\/wordpress\/wp-content\/uploads\/2015\/08\/38-600x450.jpg 600w, https:\/\/www.assisi-schule-ostbevern.de\/wordpress\/wp-content\/uploads\/2015\/08\/38.jpg 640w\" sizes=\"auto, (max-width: 600px) 100vw, 600px\" \/><\/a><\/p>\n<p><span style=\"color: #3366ff;\">Franz-von-Assisi-Schule<\/span><span style=\"color: #808000;\"> &#8211;<\/span> <span style=\"color: #ff0000;\">HELAU!!!!!!<\/span><\/p>\n<p>Auch in diesem Jahr wurde an unserer Schule wieder ausgelassen Karneval gefeiert. Zuerst feierten die Kinder in ihren Klassen, stellten ihre Kost\u00fcme vor, spielten, tanzten und starteten dann schon die erste Polonaise durch das Schulgeb\u00e4ude. Nach der gro\u00dfen Pause ging es dann zum Feiern mit der gesamten Schulgemeinde in die Turnhalle. Dort starteten dann alle mit einer nicht enden wollenden Polonaise durch die ganze Turnhalle und auch die Besucher auf den Sitzpl\u00e4tzen wurden von der guten Stimmung mitgerissen. Im Anschluss gab es dann ein buntes Programm, das von vielen Klassen und Lehrerinnen sehr unterhaltsam gestaltet wurde. Ein gro\u00dfes Dankesch\u00f6n gilt allen, die diese Feier wieder so abwechslungsreich gestaltet haben. Wir w\u00fcnschen allen weiterhin ein paar frohe und jecke und Karnevalstage! Franz- von-Assisi-Schule &#8211; HELAU!!!!!!!!!!!<\/p>\n<p><a href=\"http:\/\/www.assisi-schule-ostbevern.de\/?attachment_id=1844\" rel=\"attachment wp-att-1844\"><img loading=\"lazy\" decoding=\"async\" class=\"alignnone size-medium wp-image-1844\" src=\"http:\/\/www.assisi-schule-ostbevern.de\/wordpress\/wp-content\/uploads\/2015\/08\/18-600x450.jpg\" alt=\"1\" width=\"600\" height=\"450\" srcset=\"https:\/\/www.assisi-schule-ostbevern.de\/wordpress\/wp-content\/uploads\/2015\/08\/18-600x450.jpg 600w, https:\/\/www.assisi-schule-ostbevern.de\/wordpress\/wp-content\/uploads\/2015\/08\/18-1024x768.jpg 1024w\" sizes=\"auto, (max-width: 600px) 100vw, 600px\" \/><\/a> <a href=\"http:\/\/www.assisi-schule-ostbevern.de\/?attachment_id=1845\" rel=\"attachment wp-att-1845\"><img loading=\"lazy\" decoding=\"async\" class=\"alignnone size-medium wp-image-1845\" src=\"http:\/\/www.assisi-schule-ostbevern.de\/wordpress\/wp-content\/uploads\/2015\/08\/28-600x450.jpg\" alt=\"2\" width=\"600\" height=\"450\" srcset=\"https:\/\/www.assisi-schule-ostbevern.de\/wordpress\/wp-content\/uploads\/2015\/08\/28-600x450.jpg 600w, https:\/\/www.assisi-schule-ostbevern.de\/wordpress\/wp-content\/uploads\/2015\/08\/28-1024x768.jpg 1024w\" sizes=\"auto, (max-width: 600px) 100vw, 600px\" \/><\/a> <a href=\"http:\/\/www.assisi-schule-ostbevern.de\/?attachment_id=1846\" rel=\"attachment wp-att-1846\"><img loading=\"lazy\" decoding=\"async\" class=\"alignnone size-medium wp-image-1846\" src=\"http:\/\/www.assisi-schule-ostbevern.de\/wordpress\/wp-content\/uploads\/2015\/08\/37-600x450.jpg\" alt=\"3\" width=\"600\" height=\"450\" srcset=\"https:\/\/www.assisi-schule-ostbevern.de\/wordpress\/wp-content\/uploads\/2015\/08\/37-600x450.jpg 600w, https:\/\/www.assisi-schule-ostbevern.de\/wordpress\/wp-content\/uploads\/2015\/08\/37-1024x768.jpg 1024w\" sizes=\"auto, (max-width: 600px) 100vw, 600px\" \/><\/a> <a href=\"http:\/\/www.assisi-schule-ostbevern.de\/?attachment_id=1847\" rel=\"attachment wp-att-1847\"><img loading=\"lazy\" decoding=\"async\" class=\"alignnone size-medium wp-image-1847\" src=\"http:\/\/www.assisi-schule-ostbevern.de\/wordpress\/wp-content\/uploads\/2015\/08\/47-600x450.jpg\" alt=\"4\" width=\"600\" height=\"450\" srcset=\"https:\/\/www.assisi-schule-ostbevern.de\/wordpress\/wp-content\/uploads\/2015\/08\/47-600x450.jpg 600w, https:\/\/www.assisi-schule-ostbevern.de\/wordpress\/wp-content\/uploads\/2015\/08\/47-1024x768.jpg 1024w\" sizes=\"auto, (max-width: 600px) 100vw, 600px\" \/><\/a> <a href=\"http:\/\/www.assisi-schule-ostbevern.de\/?attachment_id=1848\" rel=\"attachment wp-att-1848\"><img loading=\"lazy\" decoding=\"async\" class=\"alignnone size-medium wp-image-1848\" src=\"http:\/\/www.assisi-schule-ostbevern.de\/wordpress\/wp-content\/uploads\/2015\/08\/54-600x450.jpg\" alt=\"5\" width=\"600\" height=\"450\" srcset=\"https:\/\/www.assisi-schule-ostbevern.de\/wordpress\/wp-content\/uploads\/2015\/08\/54-600x450.jpg 600w, https:\/\/www.assisi-schule-ostbevern.de\/wordpress\/wp-content\/uploads\/2015\/08\/54-1024x768.jpg 1024w\" sizes=\"auto, (max-width: 600px) 100vw, 600px\" \/><\/a> <a href=\"http:\/\/www.assisi-schule-ostbevern.de\/?attachment_id=1849\" rel=\"attachment wp-att-1849\"><img loading=\"lazy\" decoding=\"async\" class=\"alignnone size-medium wp-image-1849\" src=\"http:\/\/www.assisi-schule-ostbevern.de\/wordpress\/wp-content\/uploads\/2015\/08\/63-600x450.jpg\" alt=\"6\" width=\"600\" height=\"450\" srcset=\"https:\/\/www.assisi-schule-ostbevern.de\/wordpress\/wp-content\/uploads\/2015\/08\/63-600x450.jpg 600w, https:\/\/www.assisi-schule-ostbevern.de\/wordpress\/wp-content\/uploads\/2015\/08\/63-1024x768.jpg 1024w\" sizes=\"auto, (max-width: 600px) 100vw, 600px\" \/><\/a> <a href=\"http:\/\/www.assisi-schule-ostbevern.de\/?attachment_id=1850\" rel=\"attachment wp-att-1850\"><img loading=\"lazy\" decoding=\"async\" class=\"alignnone size-medium wp-image-1850\" src=\"http:\/\/www.assisi-schule-ostbevern.de\/wordpress\/wp-content\/uploads\/2015\/08\/72-600x450.jpg\" alt=\"7\" width=\"600\" height=\"450\" srcset=\"https:\/\/www.assisi-schule-ostbevern.de\/wordpress\/wp-content\/uploads\/2015\/08\/72-600x450.jpg 600w, https:\/\/www.assisi-schule-ostbevern.de\/wordpress\/wp-content\/uploads\/2015\/08\/72-1024x768.jpg 1024w\" sizes=\"auto, (max-width: 600px) 100vw, 600px\" \/><\/a> <a href=\"http:\/\/www.assisi-schule-ostbevern.de\/?attachment_id=1851\" rel=\"attachment wp-att-1851\"><img loading=\"lazy\" decoding=\"async\" class=\"alignnone size-medium wp-image-1851\" src=\"http:\/\/www.assisi-schule-ostbevern.de\/wordpress\/wp-content\/uploads\/2015\/08\/82-600x450.jpg\" alt=\"8\" width=\"600\" height=\"450\" srcset=\"https:\/\/www.assisi-schule-ostbevern.de\/wordpress\/wp-content\/uploads\/2015\/08\/82-600x450.jpg 600w, https:\/\/www.assisi-schule-ostbevern.de\/wordpress\/wp-content\/uploads\/2015\/08\/82-1024x768.jpg 1024w\" sizes=\"auto, (max-width: 600px) 100vw, 600px\" \/><\/a> <a href=\"http:\/\/www.assisi-schule-ostbevern.de\/?attachment_id=1852\" rel=\"attachment wp-att-1852\"><img loading=\"lazy\" decoding=\"async\" class=\"alignnone size-medium wp-image-1852\" src=\"http:\/\/www.assisi-schule-ostbevern.de\/wordpress\/wp-content\/uploads\/2015\/08\/92-450x600.jpg\" alt=\"9\" width=\"450\" height=\"600\" srcset=\"https:\/\/www.assisi-schule-ostbevern.de\/wordpress\/wp-content\/uploads\/2015\/08\/92-450x600.jpg 450w, https:\/\/www.assisi-schule-ostbevern.de\/wordpress\/wp-content\/uploads\/2015\/08\/92-768x1024.jpg 768w\" sizes=\"auto, (max-width: 450px) 100vw, 450px\" \/><\/a> <a href=\"http:\/\/www.assisi-schule-ostbevern.de\/?attachment_id=1853\" rel=\"attachment wp-att-1853\"><img loading=\"lazy\" decoding=\"async\" class=\"alignnone size-medium wp-image-1853\" src=\"http:\/\/www.assisi-schule-ostbevern.de\/wordpress\/wp-content\/uploads\/2015\/08\/10-600x450.jpg\" alt=\"10\" width=\"600\" height=\"450\" srcset=\"https:\/\/www.assisi-schule-ostbevern.de\/wordpress\/wp-content\/uploads\/2015\/08\/10-600x450.jpg 600w, https:\/\/www.assisi-schule-ostbevern.de\/wordpress\/wp-content\/uploads\/2015\/08\/10-1024x768.jpg 1024w\" sizes=\"auto, (max-width: 600px) 100vw, 600px\" \/><\/a><\/p>\n<p>&nbsp;<\/p>\n<p><span style=\"color: #993300;\">Unsere <\/span><span style=\"color: #008000;\">neue<\/span><span style=\"color: #3366ff;\"> Schulsekret\u00e4rin<\/span><span style=\"color: #993366;\"> ist<\/span> <span style=\"color: #339966;\">da!<\/span><\/p>\n<p>Vielen ist es in unserer Schule vielleicht schon aufgefallen: unsere langj\u00e4hrige Sekret\u00e4rin Gisela Kroneberg hat sich in den wohlverdienten Ruhestand verabschiedet. Wir danken ihr f\u00fcr ihren langj\u00e4hrigen und unerm\u00fcdlichen Einsatz an unserer Schule. Sie hat auch noch flei\u00dfig ihre Nachfolgerin Manuela Tewes einarbeiten k\u00f6nnen. Seit dem 01.02.2016 ist also nun Manuela Tewes Ansprechpartnerin im B\u00fcro der Franz-von-Assisi-Schule und wird in Zukunft viele Kinder tr\u00f6sten, Kolleginnen unterst\u00fctzen und Eltern informieren. Die gesamte Schulgemeinde hei\u00dft sie willkommen. Wir freuen uns auf die Zusammenarbeit und w\u00fcnschen ihr einen tollen Start an unserer Schule!<\/p>\n<p><a href=\"http:\/\/www.assisi-schule-ostbevern.de\/?attachment_id=1838\" rel=\"attachment wp-att-1838\"><img loading=\"lazy\" decoding=\"async\" class=\"alignnone size-medium wp-image-1838\" src=\"http:\/\/www.assisi-schule-ostbevern.de\/wordpress\/wp-content\/uploads\/2015\/08\/17-600x450.jpg\" alt=\"1\" width=\"600\" height=\"450\" srcset=\"https:\/\/www.assisi-schule-ostbevern.de\/wordpress\/wp-content\/uploads\/2015\/08\/17-600x450.jpg 600w, https:\/\/www.assisi-schule-ostbevern.de\/wordpress\/wp-content\/uploads\/2015\/08\/17-1024x768.jpg 1024w\" sizes=\"auto, (max-width: 600px) 100vw, 600px\" \/><\/a> <a href=\"http:\/\/www.assisi-schule-ostbevern.de\/?attachment_id=1839\" rel=\"attachment wp-att-1839\"><img loading=\"lazy\" decoding=\"async\" class=\"alignnone size-medium wp-image-1839\" src=\"http:\/\/www.assisi-schule-ostbevern.de\/wordpress\/wp-content\/uploads\/2015\/08\/27-600x450.jpg\" alt=\"2\" width=\"600\" height=\"450\" srcset=\"https:\/\/www.assisi-schule-ostbevern.de\/wordpress\/wp-content\/uploads\/2015\/08\/27-600x450.jpg 600w, https:\/\/www.assisi-schule-ostbevern.de\/wordpress\/wp-content\/uploads\/2015\/08\/27-1024x768.jpg 1024w\" sizes=\"auto, (max-width: 600px) 100vw, 600px\" \/><\/a> <a href=\"http:\/\/www.assisi-schule-ostbevern.de\/?attachment_id=1840\" rel=\"attachment wp-att-1840\"><img loading=\"lazy\" decoding=\"async\" class=\"alignnone size-medium wp-image-1840\" src=\"http:\/\/www.assisi-schule-ostbevern.de\/wordpress\/wp-content\/uploads\/2015\/08\/36-600x450.jpg\" alt=\"3\" width=\"600\" height=\"450\" srcset=\"https:\/\/www.assisi-schule-ostbevern.de\/wordpress\/wp-content\/uploads\/2015\/08\/36-600x450.jpg 600w, https:\/\/www.assisi-schule-ostbevern.de\/wordpress\/wp-content\/uploads\/2015\/08\/36-1024x768.jpg 1024w\" sizes=\"auto, (max-width: 600px) 100vw, 600px\" \/><\/a> <a href=\"http:\/\/www.assisi-schule-ostbevern.de\/?attachment_id=1841\" rel=\"attachment wp-att-1841\"><img loading=\"lazy\" decoding=\"async\" class=\"alignnone size-medium wp-image-1841\" src=\"http:\/\/www.assisi-schule-ostbevern.de\/wordpress\/wp-content\/uploads\/2015\/08\/46-600x450.jpg\" alt=\"4\" width=\"600\" height=\"450\" srcset=\"https:\/\/www.assisi-schule-ostbevern.de\/wordpress\/wp-content\/uploads\/2015\/08\/46-600x450.jpg 600w, https:\/\/www.assisi-schule-ostbevern.de\/wordpress\/wp-content\/uploads\/2015\/08\/46-1024x768.jpg 1024w\" sizes=\"auto, (max-width: 600px) 100vw, 600px\" \/><\/a><\/p>\n<p><span style=\"color: #008000;\">Theater-AG<\/span><\/p>\n<p>&#8222;Unter einer Decke&#8220; versammelten sich am Freitag, den 22.01.2016 die Darsteller der Theater-AG bei der Auff\u00fchrung f\u00fcr die Schulgemeinde. In dem versp\u00e4teten Weihnachtsm\u00e4rchen fanden viele M\u00e4rchenfiguren dank des Weihnachtswichtels W\u00e4rme und Geborgenheit.<\/p>\n<p><a href=\"http:\/\/www.assisi-schule-ostbevern.de\/?attachment_id=1818\" rel=\"attachment wp-att-1818\"><img loading=\"lazy\" decoding=\"async\" class=\"alignnone size-medium wp-image-1818\" src=\"http:\/\/www.assisi-schule-ostbevern.de\/wordpress\/wp-content\/uploads\/2015\/08\/16-600x450.jpg\" alt=\"1\" width=\"600\" height=\"450\" srcset=\"https:\/\/www.assisi-schule-ostbevern.de\/wordpress\/wp-content\/uploads\/2015\/08\/16-600x450.jpg 600w, https:\/\/www.assisi-schule-ostbevern.de\/wordpress\/wp-content\/uploads\/2015\/08\/16-1024x768.jpg 1024w\" sizes=\"auto, (max-width: 600px) 100vw, 600px\" \/><\/a> <a href=\"http:\/\/www.assisi-schule-ostbevern.de\/?attachment_id=1819\" rel=\"attachment wp-att-1819\"><img loading=\"lazy\" decoding=\"async\" class=\"alignnone size-medium wp-image-1819\" src=\"http:\/\/www.assisi-schule-ostbevern.de\/wordpress\/wp-content\/uploads\/2015\/08\/26-600x450.jpg\" alt=\"2\" width=\"600\" height=\"450\" srcset=\"https:\/\/www.assisi-schule-ostbevern.de\/wordpress\/wp-content\/uploads\/2015\/08\/26-600x450.jpg 600w, https:\/\/www.assisi-schule-ostbevern.de\/wordpress\/wp-content\/uploads\/2015\/08\/26-1024x768.jpg 1024w\" sizes=\"auto, (max-width: 600px) 100vw, 600px\" \/><\/a> <a href=\"http:\/\/www.assisi-schule-ostbevern.de\/?attachment_id=1820\" rel=\"attachment wp-att-1820\"><img loading=\"lazy\" decoding=\"async\" class=\"alignnone size-medium wp-image-1820\" src=\"http:\/\/www.assisi-schule-ostbevern.de\/wordpress\/wp-content\/uploads\/2015\/08\/35-600x450.jpg\" alt=\"3\" width=\"600\" height=\"450\" srcset=\"https:\/\/www.assisi-schule-ostbevern.de\/wordpress\/wp-content\/uploads\/2015\/08\/35-600x450.jpg 600w, https:\/\/www.assisi-schule-ostbevern.de\/wordpress\/wp-content\/uploads\/2015\/08\/35-1024x768.jpg 1024w\" sizes=\"auto, (max-width: 600px) 100vw, 600px\" \/><\/a> <a href=\"http:\/\/www.assisi-schule-ostbevern.de\/?attachment_id=1821\" rel=\"attachment wp-att-1821\"><img loading=\"lazy\" decoding=\"async\" class=\"alignnone size-medium wp-image-1821\" src=\"http:\/\/www.assisi-schule-ostbevern.de\/wordpress\/wp-content\/uploads\/2015\/08\/45-600x450.jpg\" alt=\"4\" width=\"600\" height=\"450\" srcset=\"https:\/\/www.assisi-schule-ostbevern.de\/wordpress\/wp-content\/uploads\/2015\/08\/45-600x450.jpg 600w, https:\/\/www.assisi-schule-ostbevern.de\/wordpress\/wp-content\/uploads\/2015\/08\/45-1024x768.jpg 1024w\" sizes=\"auto, (max-width: 600px) 100vw, 600px\" \/><\/a><\/p>\n<p><span style=\"color: #003366;\">Projekt<\/span><span style=\"color: #ff6600;\"> &#8222;Klasse&#8220;<\/span> <span style=\"color: #33cccc;\">an der<\/span><span style=\"color: #008000;\"> Franz-von-Assisi-Schule<\/span><\/p>\n<p>Wir, die vierten Klassen der Franz-von-Assisi-Schule, machen ein Projekt mit der WN (Westf\u00e4lische Nachrichten). Wir lesen, arbeiten und lernen mit der Zeitung. Im Januar lesen wir die WN t\u00e4glich. Frau Laufen und Frau Hesse bereiteten uns f\u00fcr das Projekt vor. Es macht sehr viel Spa\u00df mit der Zeitung zu arbeiten. (Malte, 4b)<\/p>\n<p><a href=\"http:\/\/www.assisi-schule-ostbevern.de\/?attachment_id=1810\" rel=\"attachment wp-att-1810\"><img loading=\"lazy\" decoding=\"async\" class=\"alignnone size-medium wp-image-1810\" src=\"http:\/\/www.assisi-schule-ostbevern.de\/wordpress\/wp-content\/uploads\/2015\/08\/15-600x450.jpg\" alt=\"1\" width=\"600\" height=\"450\" srcset=\"https:\/\/www.assisi-schule-ostbevern.de\/wordpress\/wp-content\/uploads\/2015\/08\/15-600x450.jpg 600w, https:\/\/www.assisi-schule-ostbevern.de\/wordpress\/wp-content\/uploads\/2015\/08\/15-1024x768.jpg 1024w\" sizes=\"auto, (max-width: 600px) 100vw, 600px\" \/><\/a> <a href=\"http:\/\/www.assisi-schule-ostbevern.de\/?attachment_id=1811\" rel=\"attachment wp-att-1811\"><img loading=\"lazy\" decoding=\"async\" class=\"alignnone size-medium wp-image-1811\" src=\"http:\/\/www.assisi-schule-ostbevern.de\/wordpress\/wp-content\/uploads\/2015\/08\/25-600x450.jpg\" alt=\"2\" width=\"600\" height=\"450\" srcset=\"https:\/\/www.assisi-schule-ostbevern.de\/wordpress\/wp-content\/uploads\/2015\/08\/25-600x450.jpg 600w, https:\/\/www.assisi-schule-ostbevern.de\/wordpress\/wp-content\/uploads\/2015\/08\/25-1024x768.jpg 1024w\" sizes=\"auto, (max-width: 600px) 100vw, 600px\" \/><\/a> <a href=\"http:\/\/www.assisi-schule-ostbevern.de\/?attachment_id=1812\" rel=\"attachment wp-att-1812\"><img loading=\"lazy\" decoding=\"async\" class=\"alignnone size-medium wp-image-1812\" src=\"http:\/\/www.assisi-schule-ostbevern.de\/wordpress\/wp-content\/uploads\/2015\/08\/34-600x450.jpg\" alt=\"3\" width=\"600\" height=\"450\" srcset=\"https:\/\/www.assisi-schule-ostbevern.de\/wordpress\/wp-content\/uploads\/2015\/08\/34-600x450.jpg 600w, https:\/\/www.assisi-schule-ostbevern.de\/wordpress\/wp-content\/uploads\/2015\/08\/34-1024x768.jpg 1024w\" sizes=\"auto, (max-width: 600px) 100vw, 600px\" \/><\/a> <a href=\"http:\/\/www.assisi-schule-ostbevern.de\/?attachment_id=1813\" rel=\"attachment wp-att-1813\"><img loading=\"lazy\" decoding=\"async\" class=\"alignnone size-medium wp-image-1813\" src=\"http:\/\/www.assisi-schule-ostbevern.de\/wordpress\/wp-content\/uploads\/2015\/08\/44-600x450.jpg\" alt=\"4\" width=\"600\" height=\"450\" srcset=\"https:\/\/www.assisi-schule-ostbevern.de\/wordpress\/wp-content\/uploads\/2015\/08\/44-600x450.jpg 600w, https:\/\/www.assisi-schule-ostbevern.de\/wordpress\/wp-content\/uploads\/2015\/08\/44-1024x768.jpg 1024w\" sizes=\"auto, (max-width: 600px) 100vw, 600px\" \/><\/a><\/p>\n<p><span style=\"color: #ff6600;\">F\u00f6rderverein<\/span> <span style=\"color: #008000;\">unserer<\/span><span style=\"color: #0000ff;\"> Schule<\/span><br \/>\nAuf ein sehr erfolgreiches Jahr konnte der Vorstand bei seiner diesj\u00e4hrigen Mitgliederversammlung im Januar zur\u00fcckblicken. Stellvertretend f\u00fcr das Kollegium sprach Frau Lamour dem F\u00f6rderverein ein gro\u00dfes Lob f\u00fcr vielf\u00e4ltige Aktionen aus. Beispielhaft seien das Caf\u00e9 am Kastaniensonntag sowie der Stand bei der Sommersandkastenaktion genannt. So erhielten die Kinder von dem erwirtschafteten Geld z.B. ein Eis am Sport- und Spieletag sowie Materialien f\u00fcr den Bewegungsraum, ebenso wurde der Theaterbesuch in M\u00fcnster mitfinanziert. Jetzt wird f\u00fcr eine neue Spielger\u00e4teh\u00fctte gespart. Aus dem Vorstand verabschiedet wurden Frau den Bieman, Frau Fr\u00f6nd, Frau Paesler und Frau Latzel. Vielen Dank f\u00fcr die geleistete Arbeit zum Wohle unserer Kinder!<br \/>\nNeu hinzu kommen Frau Gro\u00dfe Stetzkamp, Frau Dreger und Frau Skiba.<br \/>\nDie Namen des kompletten Vorstandes sind auf der Homepage unter der Rubrik \u201eF\u00f6rderverein\u201c nachzulesen.<\/p>\n<p><a href=\"http:\/\/www.assisi-schule-ostbevern.de\/?attachment_id=1807\" rel=\"attachment wp-att-1807\"><img loading=\"lazy\" decoding=\"async\" class=\"alignnone size-medium wp-image-1807\" src=\"http:\/\/www.assisi-schule-ostbevern.de\/wordpress\/wp-content\/uploads\/2015\/08\/14-600x450.jpg\" alt=\"1\" width=\"600\" height=\"450\" srcset=\"https:\/\/www.assisi-schule-ostbevern.de\/wordpress\/wp-content\/uploads\/2015\/08\/14-600x450.jpg 600w, https:\/\/www.assisi-schule-ostbevern.de\/wordpress\/wp-content\/uploads\/2015\/08\/14-1024x768.jpg 1024w\" sizes=\"auto, (max-width: 600px) 100vw, 600px\" \/><\/a> <a href=\"http:\/\/www.assisi-schule-ostbevern.de\/?attachment_id=1808\" rel=\"attachment wp-att-1808\"><img loading=\"lazy\" decoding=\"async\" class=\"alignnone size-medium wp-image-1808\" src=\"http:\/\/www.assisi-schule-ostbevern.de\/wordpress\/wp-content\/uploads\/2015\/08\/24-600x450.jpg\" alt=\"2\" width=\"600\" height=\"450\" srcset=\"https:\/\/www.assisi-schule-ostbevern.de\/wordpress\/wp-content\/uploads\/2015\/08\/24-600x450.jpg 600w, https:\/\/www.assisi-schule-ostbevern.de\/wordpress\/wp-content\/uploads\/2015\/08\/24-1024x768.jpg 1024w\" sizes=\"auto, (max-width: 600px) 100vw, 600px\" \/><\/a><\/p>\n<p><span style=\"color: #808000;\">Wassilissa<\/span><span style=\"color: #003366;\">, die<\/span> <span style=\"color: #ff0000;\">Wundersch\u00f6ne<\/span><br \/>\nSo hie\u00df das M\u00e4rchen, das die Klasse 4a als Theaterst\u00fcck in diesem Advent auf die B\u00fchne brachte. Unsere Musiklehrerin Beatrix Bleibel hatte dieses St\u00fcck umgeschrieben und die Musik zusammengestellt. Unter der theaterp\u00e4dagogischen Leitung von Karin Gro\u00dfe-Inkrott und der musikalischen Leitung von Beatrix Bleibel wurde dann ein halbes Jahr intensiv geprobt. Was wir dann als Zuschauer auf der B\u00fchne erleben durften, war wirklich wundersch\u00f6n. Nat\u00fcrlich ging es hier und da auch ein wenig gruselig zu, aber so ist das halt mit M\u00e4rchen: Am Ende wird nat\u00fcrlich alles wieder gut und sie lebten gl\u00fccklich und zufrieden bis an ihr Lebensende&#8230;<br \/>\nEin ganz gro\u00dfes Dankesch\u00f6n gilt der Klasse 4a und ihrer Klassenlehrerin Barbara Hesse, die gemeinsam sehr diszipliniert geprobt und am B\u00fchnenbild gebastelt und gearbeitet haben. Ein besonderer Dank geht dabei nat\u00fcrlich an Beatrix Bleibel und Karin Gro\u00dfe-Inkrott, die durch ihre intensive Arbeit mit den Kindern ma\u00dfgeblich zu dem tollen Gesamtergebnis beigetragen haben.<\/p>\n<p><a href=\"http:\/\/www.assisi-schule-ostbevern.de\/?attachment_id=1780\" rel=\"attachment wp-att-1780\"><img loading=\"lazy\" decoding=\"async\" class=\"alignnone size-medium wp-image-1780\" src=\"http:\/\/www.assisi-schule-ostbevern.de\/wordpress\/wp-content\/uploads\/2015\/08\/13-600x450.jpg\" alt=\"1\" width=\"600\" height=\"450\" srcset=\"https:\/\/www.assisi-schule-ostbevern.de\/wordpress\/wp-content\/uploads\/2015\/08\/13-600x450.jpg 600w, https:\/\/www.assisi-schule-ostbevern.de\/wordpress\/wp-content\/uploads\/2015\/08\/13-1024x768.jpg 1024w\" sizes=\"auto, (max-width: 600px) 100vw, 600px\" \/><\/a> <a href=\"http:\/\/www.assisi-schule-ostbevern.de\/?attachment_id=1781\" rel=\"attachment wp-att-1781\"><img loading=\"lazy\" decoding=\"async\" class=\"alignnone size-medium wp-image-1781\" src=\"http:\/\/www.assisi-schule-ostbevern.de\/wordpress\/wp-content\/uploads\/2015\/08\/23-600x450.jpg\" alt=\"2\" width=\"600\" height=\"450\" srcset=\"https:\/\/www.assisi-schule-ostbevern.de\/wordpress\/wp-content\/uploads\/2015\/08\/23-600x450.jpg 600w, https:\/\/www.assisi-schule-ostbevern.de\/wordpress\/wp-content\/uploads\/2015\/08\/23-1024x768.jpg 1024w\" sizes=\"auto, (max-width: 600px) 100vw, 600px\" \/><\/a> <a href=\"http:\/\/www.assisi-schule-ostbevern.de\/?attachment_id=1782\" rel=\"attachment wp-att-1782\"><img loading=\"lazy\" decoding=\"async\" class=\"alignnone size-medium wp-image-1782\" src=\"http:\/\/www.assisi-schule-ostbevern.de\/wordpress\/wp-content\/uploads\/2015\/08\/33-600x450.jpg\" alt=\"3\" width=\"600\" height=\"450\" srcset=\"https:\/\/www.assisi-schule-ostbevern.de\/wordpress\/wp-content\/uploads\/2015\/08\/33-600x450.jpg 600w, https:\/\/www.assisi-schule-ostbevern.de\/wordpress\/wp-content\/uploads\/2015\/08\/33-1024x768.jpg 1024w\" sizes=\"auto, (max-width: 600px) 100vw, 600px\" \/><\/a> <a href=\"http:\/\/www.assisi-schule-ostbevern.de\/?attachment_id=1783\" rel=\"attachment wp-att-1783\"><img loading=\"lazy\" decoding=\"async\" class=\"alignnone size-medium wp-image-1783\" src=\"http:\/\/www.assisi-schule-ostbevern.de\/wordpress\/wp-content\/uploads\/2015\/08\/43-600x450.jpg\" alt=\"4\" width=\"600\" height=\"450\" srcset=\"https:\/\/www.assisi-schule-ostbevern.de\/wordpress\/wp-content\/uploads\/2015\/08\/43-600x450.jpg 600w, https:\/\/www.assisi-schule-ostbevern.de\/wordpress\/wp-content\/uploads\/2015\/08\/43-1024x768.jpg 1024w\" sizes=\"auto, (max-width: 600px) 100vw, 600px\" \/><\/a> <a href=\"http:\/\/www.assisi-schule-ostbevern.de\/?attachment_id=1784\" rel=\"attachment wp-att-1784\"><img loading=\"lazy\" decoding=\"async\" class=\"alignnone size-medium wp-image-1784\" src=\"http:\/\/www.assisi-schule-ostbevern.de\/wordpress\/wp-content\/uploads\/2015\/08\/53-600x450.jpg\" alt=\"5\" width=\"600\" height=\"450\" srcset=\"https:\/\/www.assisi-schule-ostbevern.de\/wordpress\/wp-content\/uploads\/2015\/08\/53-600x450.jpg 600w, https:\/\/www.assisi-schule-ostbevern.de\/wordpress\/wp-content\/uploads\/2015\/08\/53-1024x768.jpg 1024w\" sizes=\"auto, (max-width: 600px) 100vw, 600px\" \/><\/a> <a href=\"http:\/\/www.assisi-schule-ostbevern.de\/?attachment_id=1785\" rel=\"attachment wp-att-1785\"><img loading=\"lazy\" decoding=\"async\" class=\"alignnone size-medium wp-image-1785\" src=\"http:\/\/www.assisi-schule-ostbevern.de\/wordpress\/wp-content\/uploads\/2015\/08\/62-600x450.jpg\" alt=\"6\" width=\"600\" height=\"450\" srcset=\"https:\/\/www.assisi-schule-ostbevern.de\/wordpress\/wp-content\/uploads\/2015\/08\/62-600x450.jpg 600w, https:\/\/www.assisi-schule-ostbevern.de\/wordpress\/wp-content\/uploads\/2015\/08\/62-1024x768.jpg 1024w\" sizes=\"auto, (max-width: 600px) 100vw, 600px\" \/><\/a> <a href=\"http:\/\/www.assisi-schule-ostbevern.de\/?attachment_id=1786\" rel=\"attachment wp-att-1786\"><img loading=\"lazy\" decoding=\"async\" class=\"alignnone size-medium wp-image-1786\" src=\"http:\/\/www.assisi-schule-ostbevern.de\/wordpress\/wp-content\/uploads\/2015\/08\/71-600x450.jpg\" alt=\"7\" width=\"600\" height=\"450\" srcset=\"https:\/\/www.assisi-schule-ostbevern.de\/wordpress\/wp-content\/uploads\/2015\/08\/71-600x450.jpg 600w, https:\/\/www.assisi-schule-ostbevern.de\/wordpress\/wp-content\/uploads\/2015\/08\/71-1024x768.jpg 1024w\" sizes=\"auto, (max-width: 600px) 100vw, 600px\" \/><\/a> <a href=\"http:\/\/www.assisi-schule-ostbevern.de\/?attachment_id=1787\" rel=\"attachment wp-att-1787\"><img loading=\"lazy\" decoding=\"async\" class=\"alignnone size-medium wp-image-1787\" src=\"http:\/\/www.assisi-schule-ostbevern.de\/wordpress\/wp-content\/uploads\/2015\/08\/81-600x450.jpg\" alt=\"8\" width=\"600\" height=\"450\" srcset=\"https:\/\/www.assisi-schule-ostbevern.de\/wordpress\/wp-content\/uploads\/2015\/08\/81-600x450.jpg 600w, https:\/\/www.assisi-schule-ostbevern.de\/wordpress\/wp-content\/uploads\/2015\/08\/81-1024x768.jpg 1024w\" sizes=\"auto, (max-width: 600px) 100vw, 600px\" \/><\/a> <a href=\"http:\/\/www.assisi-schule-ostbevern.de\/?attachment_id=1788\" rel=\"attachment wp-att-1788\"><img loading=\"lazy\" decoding=\"async\" class=\"alignnone size-medium wp-image-1788\" src=\"http:\/\/www.assisi-schule-ostbevern.de\/wordpress\/wp-content\/uploads\/2015\/08\/91-600x450.jpg\" alt=\"9\" width=\"600\" height=\"450\" srcset=\"https:\/\/www.assisi-schule-ostbevern.de\/wordpress\/wp-content\/uploads\/2015\/08\/91-600x450.jpg 600w, https:\/\/www.assisi-schule-ostbevern.de\/wordpress\/wp-content\/uploads\/2015\/08\/91-1024x768.jpg 1024w\" sizes=\"auto, (max-width: 600px) 100vw, 600px\" \/><\/a><\/p>\n<p><span style=\"color: #008000;\">Herzlichen<\/span><span style=\"color: #ff6600;\"> Gl\u00fcckwunsch<span style=\"color: #0000ff;\">!!!<\/span><\/span><\/p>\n<p>Maria Federov, unsere langj\u00e4hrige Reinigungskraft, wird 60 Jahre alt. Das Kollegium und die gesamte Schulgemeinde nimmt dies zum Anlass, um ihr ganz herzlich zu gratulieren und sich auf diesem Weg auch f\u00fcr ihren unerm\u00fcdlichen Einsatz an der Franz-von-Assisi-Schule zu bedanken.<\/p>\n<p><a href=\"http:\/\/www.assisi-schule-ostbevern.de\/?attachment_id=1766\" rel=\"attachment wp-att-1766\"><img loading=\"lazy\" decoding=\"async\" class=\"alignnone size-medium wp-image-1766\" src=\"http:\/\/www.assisi-schule-ostbevern.de\/wordpress\/wp-content\/uploads\/2015\/08\/Maria-600x450.jpg\" alt=\"Maria\" width=\"600\" height=\"450\" srcset=\"https:\/\/www.assisi-schule-ostbevern.de\/wordpress\/wp-content\/uploads\/2015\/08\/Maria-600x450.jpg 600w, https:\/\/www.assisi-schule-ostbevern.de\/wordpress\/wp-content\/uploads\/2015\/08\/Maria-1024x768.jpg 1024w\" sizes=\"auto, (max-width: 600px) 100vw, 600px\" \/><\/a><\/p>\n<p>&nbsp;<\/p>\n<p><span style=\"color: #993300;\">Der<\/span><span style=\"color: #0000ff;\"> Nikolaus<\/span><span style=\"color: #008000;\"> ist<\/span> <span style=\"color: #ff6600;\">hier<\/span><span style=\"color: #00ccff;\">\u2026.<\/span><br \/>\nAuch in diesem Jahr hat der Nikolaus es geschafft, zu uns in die Schule zu kommen, um bei unserem Adventssingen dabei zu sein. Extra f\u00fcr ihn hatten die Kinder ganz besonders tolle Darbietungen vorbereitet. So wurde zum Beispiel das kleine St\u00fcck \u201eWeihnachten in Europa\u201c aufgef\u00fchrt, die Geschichte \u201eNikolaus in Not\u201c verklanglicht und es wurden nat\u00fcrlich auch viele Gedichte vorgetragen und Nikolauslieder gesungen. Auch die Gitarrengruppe unter der Leitung von Peter Ebbing aus der Musikschule spielte wieder tolle Lieder, zu denen alle mitsingen konnten.<br \/>\nEin herzliches Dankesch\u00f6n gilt allen, die diese stimmungsvolle Feier vorbereitet und mitgestaltet haben.<\/p>\n<p><a href=\"http:\/\/www.assisi-schule-ostbevern.de\/?attachment_id=1755\" rel=\"attachment wp-att-1755\"><img loading=\"lazy\" decoding=\"async\" class=\"alignnone size-medium wp-image-1755\" src=\"http:\/\/www.assisi-schule-ostbevern.de\/wordpress\/wp-content\/uploads\/2015\/08\/12-600x450.jpg\" alt=\"1\" width=\"600\" height=\"450\" srcset=\"https:\/\/www.assisi-schule-ostbevern.de\/wordpress\/wp-content\/uploads\/2015\/08\/12-600x450.jpg 600w, https:\/\/www.assisi-schule-ostbevern.de\/wordpress\/wp-content\/uploads\/2015\/08\/12-1024x768.jpg 1024w\" sizes=\"auto, (max-width: 600px) 100vw, 600px\" \/><\/a> <a href=\"http:\/\/www.assisi-schule-ostbevern.de\/?attachment_id=1757\" rel=\"attachment wp-att-1757\"><img loading=\"lazy\" decoding=\"async\" class=\"alignnone size-medium wp-image-1757\" src=\"http:\/\/www.assisi-schule-ostbevern.de\/wordpress\/wp-content\/uploads\/2015\/08\/32-600x450.jpg\" alt=\"3\" width=\"600\" height=\"450\" srcset=\"https:\/\/www.assisi-schule-ostbevern.de\/wordpress\/wp-content\/uploads\/2015\/08\/32-600x450.jpg 600w, https:\/\/www.assisi-schule-ostbevern.de\/wordpress\/wp-content\/uploads\/2015\/08\/32-1024x768.jpg 1024w\" sizes=\"auto, (max-width: 600px) 100vw, 600px\" \/><\/a> <a href=\"http:\/\/www.assisi-schule-ostbevern.de\/?attachment_id=1758\" rel=\"attachment wp-att-1758\"><img loading=\"lazy\" decoding=\"async\" class=\"alignnone size-medium wp-image-1758\" src=\"http:\/\/www.assisi-schule-ostbevern.de\/wordpress\/wp-content\/uploads\/2015\/08\/42-600x450.jpg\" alt=\"4\" width=\"600\" height=\"450\" srcset=\"https:\/\/www.assisi-schule-ostbevern.de\/wordpress\/wp-content\/uploads\/2015\/08\/42-600x450.jpg 600w, https:\/\/www.assisi-schule-ostbevern.de\/wordpress\/wp-content\/uploads\/2015\/08\/42-1024x768.jpg 1024w\" sizes=\"auto, (max-width: 600px) 100vw, 600px\" \/><\/a> <a href=\"http:\/\/www.assisi-schule-ostbevern.de\/?attachment_id=1759\" rel=\"attachment wp-att-1759\"><img loading=\"lazy\" decoding=\"async\" class=\"alignnone size-medium wp-image-1759\" src=\"http:\/\/www.assisi-schule-ostbevern.de\/wordpress\/wp-content\/uploads\/2015\/08\/52-450x600.jpg\" alt=\"5\" width=\"450\" height=\"600\" srcset=\"https:\/\/www.assisi-schule-ostbevern.de\/wordpress\/wp-content\/uploads\/2015\/08\/52-450x600.jpg 450w, https:\/\/www.assisi-schule-ostbevern.de\/wordpress\/wp-content\/uploads\/2015\/08\/52-768x1024.jpg 768w\" sizes=\"auto, (max-width: 450px) 100vw, 450px\" \/><\/a> <a href=\"http:\/\/www.assisi-schule-ostbevern.de\/?attachment_id=1760\" rel=\"attachment wp-att-1760\"><img loading=\"lazy\" decoding=\"async\" class=\"alignnone size-medium wp-image-1760\" src=\"http:\/\/www.assisi-schule-ostbevern.de\/wordpress\/wp-content\/uploads\/2015\/08\/61-600x450.jpg\" alt=\"6\" width=\"600\" height=\"450\" srcset=\"https:\/\/www.assisi-schule-ostbevern.de\/wordpress\/wp-content\/uploads\/2015\/08\/61-600x450.jpg 600w, https:\/\/www.assisi-schule-ostbevern.de\/wordpress\/wp-content\/uploads\/2015\/08\/61-1024x768.jpg 1024w\" sizes=\"auto, (max-width: 600px) 100vw, 600px\" \/><\/a> <a href=\"http:\/\/www.assisi-schule-ostbevern.de\/?attachment_id=1761\" rel=\"attachment wp-att-1761\"><img loading=\"lazy\" decoding=\"async\" class=\"alignnone size-medium wp-image-1761\" src=\"http:\/\/www.assisi-schule-ostbevern.de\/wordpress\/wp-content\/uploads\/2015\/08\/7-600x450.jpg\" alt=\"7\" width=\"600\" height=\"450\" srcset=\"https:\/\/www.assisi-schule-ostbevern.de\/wordpress\/wp-content\/uploads\/2015\/08\/7-600x450.jpg 600w, https:\/\/www.assisi-schule-ostbevern.de\/wordpress\/wp-content\/uploads\/2015\/08\/7-1024x768.jpg 1024w\" sizes=\"auto, (max-width: 600px) 100vw, 600px\" \/><\/a> <a href=\"http:\/\/www.assisi-schule-ostbevern.de\/?attachment_id=1762\" rel=\"attachment wp-att-1762\"><img loading=\"lazy\" decoding=\"async\" class=\"alignnone size-medium wp-image-1762\" src=\"http:\/\/www.assisi-schule-ostbevern.de\/wordpress\/wp-content\/uploads\/2015\/08\/8-600x450.jpg\" alt=\"8\" width=\"600\" height=\"450\" srcset=\"https:\/\/www.assisi-schule-ostbevern.de\/wordpress\/wp-content\/uploads\/2015\/08\/8-600x450.jpg 600w, https:\/\/www.assisi-schule-ostbevern.de\/wordpress\/wp-content\/uploads\/2015\/08\/8-1024x768.jpg 1024w\" sizes=\"auto, (max-width: 600px) 100vw, 600px\" \/><\/a> <a href=\"http:\/\/www.assisi-schule-ostbevern.de\/?attachment_id=1763\" rel=\"attachment wp-att-1763\"><img loading=\"lazy\" decoding=\"async\" class=\"alignnone size-medium wp-image-1763\" src=\"http:\/\/www.assisi-schule-ostbevern.de\/wordpress\/wp-content\/uploads\/2015\/08\/9-600x450.jpg\" alt=\"9\" width=\"600\" height=\"450\" srcset=\"https:\/\/www.assisi-schule-ostbevern.de\/wordpress\/wp-content\/uploads\/2015\/08\/9-600x450.jpg 600w, https:\/\/www.assisi-schule-ostbevern.de\/wordpress\/wp-content\/uploads\/2015\/08\/9-1024x768.jpg 1024w\" sizes=\"auto, (max-width: 600px) 100vw, 600px\" \/><\/a><\/p>\n<p>&nbsp;<\/p>\n<p><span style=\"color: #008000;\"><span style=\"color: #ff6600;\">Unser<\/span> erstes<\/span> <span style=\"color: #ff6600;\">Adventssingen<span style=\"color: #008000;\"> im<\/span> Jahr <span style=\"color: #008000;\">2015<\/span><br \/>\n<\/span><\/p>\n<p>Am ersten Montag der Adventszeit traf sich im Forum die gesamte Schulgemeinde und viele interessierte Besucher, um dort auf vielf\u00e4ltige Weise in den Advent einzustimmen oder eingestimmt zu werden. Es wurden Gedichte vorgetragen, Lieder gesungen und sogar eigene Kompositionen vorgetragen. Hier einige Eindr\u00fccke:<\/p>\n<p><a href=\"http:\/\/www.assisi-schule-ostbevern.de\/?attachment_id=1745\" rel=\"attachment wp-att-1745\"><img loading=\"lazy\" decoding=\"async\" class=\"alignnone size-medium wp-image-1745\" src=\"http:\/\/www.assisi-schule-ostbevern.de\/wordpress\/wp-content\/uploads\/2015\/08\/Adventssingen-1-600x450.jpg\" alt=\"Adventssingen 1\" width=\"600\" height=\"450\" srcset=\"https:\/\/www.assisi-schule-ostbevern.de\/wordpress\/wp-content\/uploads\/2015\/08\/Adventssingen-1-600x450.jpg 600w, https:\/\/www.assisi-schule-ostbevern.de\/wordpress\/wp-content\/uploads\/2015\/08\/Adventssingen-1-1024x768.jpg 1024w\" sizes=\"auto, (max-width: 600px) 100vw, 600px\" \/><\/a> <a href=\"http:\/\/www.assisi-schule-ostbevern.de\/?attachment_id=1746\" rel=\"attachment wp-att-1746\"><img loading=\"lazy\" decoding=\"async\" class=\"alignnone size-medium wp-image-1746\" src=\"http:\/\/www.assisi-schule-ostbevern.de\/wordpress\/wp-content\/uploads\/2015\/08\/Adventssingen-3-600x450.jpg\" alt=\"Adventssingen 3\" width=\"600\" height=\"450\" srcset=\"https:\/\/www.assisi-schule-ostbevern.de\/wordpress\/wp-content\/uploads\/2015\/08\/Adventssingen-3-600x450.jpg 600w, https:\/\/www.assisi-schule-ostbevern.de\/wordpress\/wp-content\/uploads\/2015\/08\/Adventssingen-3-1024x768.jpg 1024w\" sizes=\"auto, (max-width: 600px) 100vw, 600px\" \/><\/a> <a href=\"http:\/\/www.assisi-schule-ostbevern.de\/?attachment_id=1747\" rel=\"attachment wp-att-1747\"><img loading=\"lazy\" decoding=\"async\" class=\"alignnone size-medium wp-image-1747\" src=\"http:\/\/www.assisi-schule-ostbevern.de\/wordpress\/wp-content\/uploads\/2015\/08\/Adventssingen-4-600x450.jpg\" alt=\"Adventssingen 4\" width=\"600\" height=\"450\" srcset=\"https:\/\/www.assisi-schule-ostbevern.de\/wordpress\/wp-content\/uploads\/2015\/08\/Adventssingen-4-600x450.jpg 600w, https:\/\/www.assisi-schule-ostbevern.de\/wordpress\/wp-content\/uploads\/2015\/08\/Adventssingen-4-1024x768.jpg 1024w\" sizes=\"auto, (max-width: 600px) 100vw, 600px\" \/><\/a> <a href=\"http:\/\/www.assisi-schule-ostbevern.de\/?attachment_id=1748\" rel=\"attachment wp-att-1748\"><img loading=\"lazy\" decoding=\"async\" class=\"alignnone size-medium wp-image-1748\" src=\"http:\/\/www.assisi-schule-ostbevern.de\/wordpress\/wp-content\/uploads\/2015\/08\/Adventssingen-5-600x450.jpg\" alt=\"Adventssingen 5\" width=\"600\" height=\"450\" srcset=\"https:\/\/www.assisi-schule-ostbevern.de\/wordpress\/wp-content\/uploads\/2015\/08\/Adventssingen-5-600x450.jpg 600w, https:\/\/www.assisi-schule-ostbevern.de\/wordpress\/wp-content\/uploads\/2015\/08\/Adventssingen-5-1024x768.jpg 1024w\" sizes=\"auto, (max-width: 600px) 100vw, 600px\" \/><\/a> <a href=\"http:\/\/www.assisi-schule-ostbevern.de\/?attachment_id=1749\" rel=\"attachment wp-att-1749\"><img loading=\"lazy\" decoding=\"async\" class=\"alignnone size-medium wp-image-1749\" src=\"http:\/\/www.assisi-schule-ostbevern.de\/wordpress\/wp-content\/uploads\/2015\/08\/Adventssingen-6-600x450.jpg\" alt=\"Adventssingen 6\" width=\"600\" height=\"450\" srcset=\"https:\/\/www.assisi-schule-ostbevern.de\/wordpress\/wp-content\/uploads\/2015\/08\/Adventssingen-6-600x450.jpg 600w, https:\/\/www.assisi-schule-ostbevern.de\/wordpress\/wp-content\/uploads\/2015\/08\/Adventssingen-6-1024x768.jpg 1024w\" sizes=\"auto, (max-width: 600px) 100vw, 600px\" \/><\/a> <a href=\"http:\/\/www.assisi-schule-ostbevern.de\/?attachment_id=1750\" rel=\"attachment wp-att-1750\"><img loading=\"lazy\" decoding=\"async\" class=\"alignnone size-medium wp-image-1750\" src=\"http:\/\/www.assisi-schule-ostbevern.de\/wordpress\/wp-content\/uploads\/2015\/08\/Adventssingen-7-600x450.jpg\" alt=\"Adventssingen 7\" width=\"600\" height=\"450\" srcset=\"https:\/\/www.assisi-schule-ostbevern.de\/wordpress\/wp-content\/uploads\/2015\/08\/Adventssingen-7-600x450.jpg 600w, https:\/\/www.assisi-schule-ostbevern.de\/wordpress\/wp-content\/uploads\/2015\/08\/Adventssingen-7-1024x768.jpg 1024w\" sizes=\"auto, (max-width: 600px) 100vw, 600px\" \/><\/a><\/p>\n<p><span style=\"color: #ff6600;\">Selbstbehauptungskurs<\/span> <span style=\"color: #008000;\">M\u00e4dchen<\/span><br \/>\nIm Oktober startete an unserer Schule ein Selbstbehauptungskurs f\u00fcr interessierte M\u00e4dchen des 3. und 4. Jahrgangs. Durch Spiele und \u00dcbungen lernten die M\u00e4dchen dort unter anderem, sich auf ihre Sinne zu verlassen, wie sie sich in Konfliktsituationen verbal wehren k\u00f6nnen, aber auch, wie sie reagieren k\u00f6nnen, wenn ihnen jemand zu nahe kommt oder sie sich bedroht f\u00fchlen. Beate Willemsen ist ausgebildete Trainerin f\u00fcr Selbstbehauptung und leitete diese beiden Kurse, an denen jeweils ca. 14 M\u00e4dchen teilnehmen konnten. Am Ende des Kurses konnten die M\u00e4dchen jetzt sogar ein Holzbrett mit ihrer Hand durchschlagen. Hier zeigte sich, dass in allen M\u00e4dchen richtig viel Power steckt. Ab Januar erhalten dann die Jungen des 3. und 4. Jahrgangs die M\u00f6glichkeit, einen solchen Kurs zu besuchen. Ein gro\u00dfes Dankesch\u00f6n gilt dem F\u00f6rderverein unserer Schule, der dieses Projekt finanziell unterst\u00fctzt und dadurch erst erm\u00f6glicht!<\/p>\n<p><a href=\"http:\/\/www.assisi-schule-ostbevern.de\/?attachment_id=1733\" rel=\"attachment wp-att-1733\"><img loading=\"lazy\" decoding=\"async\" class=\"alignnone size-medium wp-image-1733\" src=\"http:\/\/www.assisi-schule-ostbevern.de\/wordpress\/wp-content\/uploads\/2015\/08\/11-600x450.jpg\" alt=\"1\" width=\"600\" height=\"450\" srcset=\"https:\/\/www.assisi-schule-ostbevern.de\/wordpress\/wp-content\/uploads\/2015\/08\/11-600x450.jpg 600w, https:\/\/www.assisi-schule-ostbevern.de\/wordpress\/wp-content\/uploads\/2015\/08\/11-1024x768.jpg 1024w\" sizes=\"auto, (max-width: 600px) 100vw, 600px\" \/><\/a> <a href=\"http:\/\/www.assisi-schule-ostbevern.de\/?attachment_id=1734\" rel=\"attachment wp-att-1734\"><img loading=\"lazy\" decoding=\"async\" class=\"alignnone size-medium wp-image-1734\" src=\"http:\/\/www.assisi-schule-ostbevern.de\/wordpress\/wp-content\/uploads\/2015\/08\/21-600x450.jpg\" alt=\"2\" width=\"600\" height=\"450\" srcset=\"https:\/\/www.assisi-schule-ostbevern.de\/wordpress\/wp-content\/uploads\/2015\/08\/21-600x450.jpg 600w, https:\/\/www.assisi-schule-ostbevern.de\/wordpress\/wp-content\/uploads\/2015\/08\/21-1024x768.jpg 1024w\" sizes=\"auto, (max-width: 600px) 100vw, 600px\" \/><\/a> <a href=\"http:\/\/www.assisi-schule-ostbevern.de\/?attachment_id=1736\" rel=\"attachment wp-att-1736\"><img loading=\"lazy\" decoding=\"async\" class=\"alignnone size-medium wp-image-1736\" src=\"http:\/\/www.assisi-schule-ostbevern.de\/wordpress\/wp-content\/uploads\/2015\/08\/31-600x450.jpg\" alt=\"3\" width=\"600\" height=\"450\" srcset=\"https:\/\/www.assisi-schule-ostbevern.de\/wordpress\/wp-content\/uploads\/2015\/08\/31-600x450.jpg 600w, https:\/\/www.assisi-schule-ostbevern.de\/wordpress\/wp-content\/uploads\/2015\/08\/31-1024x768.jpg 1024w\" sizes=\"auto, (max-width: 600px) 100vw, 600px\" \/><\/a> <a href=\"http:\/\/www.assisi-schule-ostbevern.de\/?attachment_id=1737\" rel=\"attachment wp-att-1737\"><img loading=\"lazy\" decoding=\"async\" class=\"alignnone size-medium wp-image-1737\" src=\"http:\/\/www.assisi-schule-ostbevern.de\/wordpress\/wp-content\/uploads\/2015\/08\/41-600x450.jpg\" alt=\"4\" width=\"600\" height=\"450\" srcset=\"https:\/\/www.assisi-schule-ostbevern.de\/wordpress\/wp-content\/uploads\/2015\/08\/41-600x450.jpg 600w, https:\/\/www.assisi-schule-ostbevern.de\/wordpress\/wp-content\/uploads\/2015\/08\/41-1024x768.jpg 1024w\" sizes=\"auto, (max-width: 600px) 100vw, 600px\" \/><\/a> <a href=\"http:\/\/www.assisi-schule-ostbevern.de\/?attachment_id=1738\" rel=\"attachment wp-att-1738\"><img loading=\"lazy\" decoding=\"async\" class=\"alignnone size-medium wp-image-1738\" src=\"http:\/\/www.assisi-schule-ostbevern.de\/wordpress\/wp-content\/uploads\/2015\/08\/51-600x450.jpg\" alt=\"5\" width=\"600\" height=\"450\" srcset=\"https:\/\/www.assisi-schule-ostbevern.de\/wordpress\/wp-content\/uploads\/2015\/08\/51-600x450.jpg 600w, https:\/\/www.assisi-schule-ostbevern.de\/wordpress\/wp-content\/uploads\/2015\/08\/51-1024x768.jpg 1024w\" sizes=\"auto, (max-width: 600px) 100vw, 600px\" \/><\/a> <a href=\"http:\/\/www.assisi-schule-ostbevern.de\/?attachment_id=1739\" rel=\"attachment wp-att-1739\"><img loading=\"lazy\" decoding=\"async\" class=\"alignnone size-medium wp-image-1739\" src=\"http:\/\/www.assisi-schule-ostbevern.de\/wordpress\/wp-content\/uploads\/2015\/08\/6-600x450.jpg\" alt=\"6\" width=\"600\" height=\"450\" srcset=\"https:\/\/www.assisi-schule-ostbevern.de\/wordpress\/wp-content\/uploads\/2015\/08\/6-600x450.jpg 600w, https:\/\/www.assisi-schule-ostbevern.de\/wordpress\/wp-content\/uploads\/2015\/08\/6-1024x768.jpg 1024w\" sizes=\"auto, (max-width: 600px) 100vw, 600px\" \/><\/a><\/p>\n<p><span style=\"color: #ff6600;\">Vorlesetag <span style=\"color: #333300;\">an<\/span><\/span><span style=\"color: #00ff00;\"> der <\/span><span style=\"color: #0000ff;\">Franz-von-Assisi-Schule<\/span><\/p>\n<p>Auch in diesem Jahr ist an unserer Schule wieder das Vorlesefieber ausgebrochen. Passend zum bundesweiten Vorlesetag kamen die Sch\u00fclerinnen und Sch\u00fcler der Franz-von-Assisi \u2013 Schule in einen ganz besonderen Genuss: Alle Lehrerinnen und Lehrer, aber auch Mitarbeiter\/innen der OGS , unsere Theaterp\u00e4dagogin Karin Gro\u00dfe Inkrott und sogar der B\u00fcrgermeister Wolfgang Annen haben es sich nicht nehmen lassen, den Kinder einen H\u00f6rgenuss der besonderen Art zu bieten. Alle hatten sich viel M\u00fche bei der Auswahl ihrer B\u00fccher gegeben, so dass am Ende f\u00fcr jeden etwas Passendes dabei war. Und dann hie\u00df es nur noch: Lehnt euch zur\u00fcck, lauscht den tollen Geschichten und lasst euch entf\u00fchren in die Welt der B\u00fccher. Ein gro\u00dfes Dankesch\u00f6n an alle, die sich an dieser Vorlese-Aktion beteiligt haben!!!<\/p>\n<p><a href=\"http:\/\/www.assisi-schule-ostbevern.de\/?attachment_id=1724\" rel=\"attachment wp-att-1724\"><img loading=\"lazy\" decoding=\"async\" class=\"alignnone size-medium wp-image-1724\" src=\"http:\/\/www.assisi-schule-ostbevern.de\/wordpress\/wp-content\/uploads\/2015\/08\/Vorlesen-1-600x450.jpg\" alt=\"Vorlesen 1\" width=\"600\" height=\"450\" srcset=\"https:\/\/www.assisi-schule-ostbevern.de\/wordpress\/wp-content\/uploads\/2015\/08\/Vorlesen-1-600x450.jpg 600w, https:\/\/www.assisi-schule-ostbevern.de\/wordpress\/wp-content\/uploads\/2015\/08\/Vorlesen-1-1024x768.jpg 1024w\" sizes=\"auto, (max-width: 600px) 100vw, 600px\" \/><\/a> <a href=\"http:\/\/www.assisi-schule-ostbevern.de\/?attachment_id=1725\" rel=\"attachment wp-att-1725\"><img loading=\"lazy\" decoding=\"async\" class=\"alignnone size-medium wp-image-1725\" src=\"http:\/\/www.assisi-schule-ostbevern.de\/wordpress\/wp-content\/uploads\/2015\/08\/Vorlesen-21-600x450.jpg\" alt=\"Vorlesen 2\" width=\"600\" height=\"450\" srcset=\"https:\/\/www.assisi-schule-ostbevern.de\/wordpress\/wp-content\/uploads\/2015\/08\/Vorlesen-21-600x450.jpg 600w, https:\/\/www.assisi-schule-ostbevern.de\/wordpress\/wp-content\/uploads\/2015\/08\/Vorlesen-21-1024x768.jpg 1024w\" sizes=\"auto, (max-width: 600px) 100vw, 600px\" \/><\/a> <a href=\"http:\/\/www.assisi-schule-ostbevern.de\/?attachment_id=1726\" rel=\"attachment wp-att-1726\"><img loading=\"lazy\" decoding=\"async\" class=\"alignnone size-medium wp-image-1726\" src=\"http:\/\/www.assisi-schule-ostbevern.de\/wordpress\/wp-content\/uploads\/2015\/08\/Vorlesen-31-600x450.jpg\" alt=\"Vorlesen 3\" width=\"600\" height=\"450\" srcset=\"https:\/\/www.assisi-schule-ostbevern.de\/wordpress\/wp-content\/uploads\/2015\/08\/Vorlesen-31-600x450.jpg 600w, https:\/\/www.assisi-schule-ostbevern.de\/wordpress\/wp-content\/uploads\/2015\/08\/Vorlesen-31-1024x768.jpg 1024w\" sizes=\"auto, (max-width: 600px) 100vw, 600px\" \/><\/a><\/p>\n<p>&nbsp;<\/p>\n<p><span style=\"color: #008000;\">Kontaktstunden<\/span><br \/>\nNicht nur an unserer Schule gab es zu Schuljahresbeginn einen Personalwechsel. Auch in der Katholischen Gemeinde St. Ambrosius wurde die Stelle des Pastoralreferenten neu besetzt. Herr Schulz ist nun Ansprechpartner f\u00fcr unsere Schule und besucht regelm\u00e4\u00dfig die einzelnen Klassen, um mit ihnen \u00fcber den Glauben ins Gespr\u00e4ch zu kommen. Hier einige Eindr\u00fccke von seinem Besuch in der Klasse 1b.<\/p>\n<p><a href=\"http:\/\/www.assisi-schule-ostbevern.de\/?attachment_id=1728\" rel=\"attachment wp-att-1728\"><img loading=\"lazy\" decoding=\"async\" class=\"alignnone size-medium wp-image-1728\" src=\"http:\/\/www.assisi-schule-ostbevern.de\/wordpress\/wp-content\/uploads\/2015\/08\/Kontaktstunde-1-600x450.jpg\" alt=\"Kontaktstunde 1\" width=\"600\" height=\"450\" srcset=\"https:\/\/www.assisi-schule-ostbevern.de\/wordpress\/wp-content\/uploads\/2015\/08\/Kontaktstunde-1-600x450.jpg 600w, https:\/\/www.assisi-schule-ostbevern.de\/wordpress\/wp-content\/uploads\/2015\/08\/Kontaktstunde-1-1024x768.jpg 1024w\" sizes=\"auto, (max-width: 600px) 100vw, 600px\" \/><\/a> <a href=\"http:\/\/www.assisi-schule-ostbevern.de\/?attachment_id=1729\" rel=\"attachment wp-att-1729\"><img loading=\"lazy\" decoding=\"async\" class=\"alignnone size-medium wp-image-1729\" src=\"http:\/\/www.assisi-schule-ostbevern.de\/wordpress\/wp-content\/uploads\/2015\/08\/Kontaktstunde-2-600x450.jpg\" alt=\"Kontaktstunde 2\" width=\"600\" height=\"450\" srcset=\"https:\/\/www.assisi-schule-ostbevern.de\/wordpress\/wp-content\/uploads\/2015\/08\/Kontaktstunde-2-600x450.jpg 600w, https:\/\/www.assisi-schule-ostbevern.de\/wordpress\/wp-content\/uploads\/2015\/08\/Kontaktstunde-2-1024x768.jpg 1024w\" sizes=\"auto, (max-width: 600px) 100vw, 600px\" \/><\/a><\/p>\n<p><span style=\"color: #ff6600;\">Spielenachmittag<span style=\"color: #99cc00;\"> mit<\/span><\/span> <span style=\"color: #33cccc;\">Atia,<\/span> <span style=\"color: #808000;\">Fadi<\/span><span style=\"color: #0000ff;\">, Antonio<\/span><span style=\"color: #00ccff;\">, Sara<span style=\"color: #993300;\">, Ibrahim<\/span><\/span> <span style=\"color: #008000;\">und<\/span><span style=\"color: #ff0000;\"> der Klasse 4a<\/span><br \/>\nViele Fl\u00fcchtlingsfamilien wohnen seit einigen Wochen in Ostbevern. Sam hatte die tolle Idee, dass wir viele Sachen, die wir nicht mehr brauchen, spenden k\u00f6nnten. Jetzt haben wir auch noch einen Spielenachmittag mit den Fl\u00fcchtlingskindern gemacht. Da haben wir Fu\u00dfball und Fangen gespielt. Zum Essen gab es Kuchen und \u00c4pfel und Gummib\u00e4rchen, Wurstbrote und Kekse. Danach habe ich mit Jona und zwei Fl\u00fcchtlingskindern ein lustiges Ballspiel gespielt und mit Ibrahim am Reck geturnt. Dieser Spielenachmittag hat sehr viel Spa\u00df gemacht.<br \/>\n(Nils 4a)<\/p>\n<p><a href=\"http:\/\/www.assisi-schule-ostbevern.de\/?attachment_id=1718\" rel=\"attachment wp-att-1718\"><img loading=\"lazy\" decoding=\"async\" class=\"alignnone size-medium wp-image-1718\" src=\"http:\/\/www.assisi-schule-ostbevern.de\/wordpress\/wp-content\/uploads\/2015\/08\/Spielenachmittag-1-600x450.jpg\" alt=\"Spielenachmittag 1\" width=\"600\" height=\"450\" srcset=\"https:\/\/www.assisi-schule-ostbevern.de\/wordpress\/wp-content\/uploads\/2015\/08\/Spielenachmittag-1-600x450.jpg 600w, https:\/\/www.assisi-schule-ostbevern.de\/wordpress\/wp-content\/uploads\/2015\/08\/Spielenachmittag-1-1024x768.jpg 1024w\" sizes=\"auto, (max-width: 600px) 100vw, 600px\" \/><\/a> <a href=\"http:\/\/www.assisi-schule-ostbevern.de\/?attachment_id=1719\" rel=\"attachment wp-att-1719\"><img loading=\"lazy\" decoding=\"async\" class=\"alignnone size-medium wp-image-1719\" src=\"http:\/\/www.assisi-schule-ostbevern.de\/wordpress\/wp-content\/uploads\/2015\/08\/Spielenachmittag-2-600x450.jpg\" alt=\"Spielenachmittag 2\" width=\"600\" height=\"450\" srcset=\"https:\/\/www.assisi-schule-ostbevern.de\/wordpress\/wp-content\/uploads\/2015\/08\/Spielenachmittag-2-600x450.jpg 600w, https:\/\/www.assisi-schule-ostbevern.de\/wordpress\/wp-content\/uploads\/2015\/08\/Spielenachmittag-2-1024x768.jpg 1024w\" sizes=\"auto, (max-width: 600px) 100vw, 600px\" \/><\/a> <a href=\"http:\/\/www.assisi-schule-ostbevern.de\/?attachment_id=1720\" rel=\"attachment wp-att-1720\"><img loading=\"lazy\" decoding=\"async\" class=\"alignnone size-medium wp-image-1720\" src=\"http:\/\/www.assisi-schule-ostbevern.de\/wordpress\/wp-content\/uploads\/2015\/08\/Spielenachmittag-3-600x450.jpg\" alt=\"Spielenachmittag 3\" width=\"600\" height=\"450\" srcset=\"https:\/\/www.assisi-schule-ostbevern.de\/wordpress\/wp-content\/uploads\/2015\/08\/Spielenachmittag-3-600x450.jpg 600w, https:\/\/www.assisi-schule-ostbevern.de\/wordpress\/wp-content\/uploads\/2015\/08\/Spielenachmittag-3-1024x768.jpg 1024w\" sizes=\"auto, (max-width: 600px) 100vw, 600px\" \/><\/a><\/p>\n<p><span style=\"color: #339966;\">Patenklassen<\/span><br \/>\nDie Kinder der Klasse 1b freuen sich riesig dar\u00fcber, dass sich ihre Paten aus der Klasse 4b so toll um sie k\u00fcmmern. Hier sieht man, wie die Kinder der Klasse 4b die Klasse 1b besuchen, um den Kleinen etwas vorzulesen. Das sieht richtig einladend und gem\u00fctlich aus!<\/p>\n<p><a href=\"http:\/\/www.assisi-schule-ostbevern.de\/?attachment_id=1714\" rel=\"attachment wp-att-1714\"><img loading=\"lazy\" decoding=\"async\" class=\"alignnone size-medium wp-image-1714\" src=\"http:\/\/www.assisi-schule-ostbevern.de\/wordpress\/wp-content\/uploads\/2015\/08\/Vorlesen-600x450.jpg\" alt=\"Vorlesen\" width=\"600\" height=\"450\" srcset=\"https:\/\/www.assisi-schule-ostbevern.de\/wordpress\/wp-content\/uploads\/2015\/08\/Vorlesen-600x450.jpg 600w, https:\/\/www.assisi-schule-ostbevern.de\/wordpress\/wp-content\/uploads\/2015\/08\/Vorlesen-1024x768.jpg 1024w\" sizes=\"auto, (max-width: 600px) 100vw, 600px\" \/><\/a> <a href=\"http:\/\/www.assisi-schule-ostbevern.de\/?attachment_id=1715\" rel=\"attachment wp-att-1715\"><img loading=\"lazy\" decoding=\"async\" class=\"alignnone size-medium wp-image-1715\" src=\"http:\/\/www.assisi-schule-ostbevern.de\/wordpress\/wp-content\/uploads\/2015\/08\/Vorlesen-2-600x450.jpg\" alt=\"Vorlesen 2\" width=\"600\" height=\"450\" srcset=\"https:\/\/www.assisi-schule-ostbevern.de\/wordpress\/wp-content\/uploads\/2015\/08\/Vorlesen-2-600x450.jpg 600w, https:\/\/www.assisi-schule-ostbevern.de\/wordpress\/wp-content\/uploads\/2015\/08\/Vorlesen-2-1024x768.jpg 1024w\" sizes=\"auto, (max-width: 600px) 100vw, 600px\" \/><\/a> <a href=\"http:\/\/www.assisi-schule-ostbevern.de\/?attachment_id=1716\" rel=\"attachment wp-att-1716\"><img loading=\"lazy\" decoding=\"async\" class=\"alignnone size-medium wp-image-1716\" src=\"http:\/\/www.assisi-schule-ostbevern.de\/wordpress\/wp-content\/uploads\/2015\/08\/Vorlesen-3-600x450.jpg\" alt=\"Vorlesen 3\" width=\"600\" height=\"450\" srcset=\"https:\/\/www.assisi-schule-ostbevern.de\/wordpress\/wp-content\/uploads\/2015\/08\/Vorlesen-3-600x450.jpg 600w, https:\/\/www.assisi-schule-ostbevern.de\/wordpress\/wp-content\/uploads\/2015\/08\/Vorlesen-3-1024x768.jpg 1024w\" sizes=\"auto, (max-width: 600px) 100vw, 600px\" \/><\/a> <a href=\"http:\/\/www.assisi-schule-ostbevern.de\/?attachment_id=1717\" rel=\"attachment wp-att-1717\"><img loading=\"lazy\" decoding=\"async\" class=\"alignnone size-medium wp-image-1717\" src=\"http:\/\/www.assisi-schule-ostbevern.de\/wordpress\/wp-content\/uploads\/2015\/08\/Vorlesen-4-600x450.jpg\" alt=\"Vorlesen 4\" width=\"600\" height=\"450\" srcset=\"https:\/\/www.assisi-schule-ostbevern.de\/wordpress\/wp-content\/uploads\/2015\/08\/Vorlesen-4-600x450.jpg 600w, https:\/\/www.assisi-schule-ostbevern.de\/wordpress\/wp-content\/uploads\/2015\/08\/Vorlesen-4-1024x768.jpg 1024w\" sizes=\"auto, (max-width: 600px) 100vw, 600px\" \/><\/a><\/p>\n<p>&nbsp;<\/p>\n<p><span style=\"color: #ff6600;\">Soziale<\/span> <span style=\"color: #008000;\">Kompetenz<\/span> <span style=\"color: #33cccc;\">von <span style=\"color: #ff6600;\">Anfang<\/span><\/span><span style=\"color: #808000;\"> an<\/span><\/p>\n<p>Das <strong>S<\/strong>chul\u00fcbergreifende<strong> A<\/strong>nti-<strong>M<\/strong>obbing-<strong>T<\/strong>eam <strong>O<\/strong>stbevern (SAMTO) hat auch in diesem Jahr wieder die 1. Klassen besucht, um einen sogenannten \u201esozialen Trainingskurs\u201c durchzuf\u00fchren. Herr Rainer Uthmann vom Kinder- und Jugendwerk Ostbevern e.V. hat zusammen mit weiteren P\u00e4dagoginnen und den Lehrerinnen in Kleingruppen und mit der gesamten Klasse viele Aktionen durchgef\u00fchrt, bei denen die Kinder daf\u00fcr sensibilisiert wurden, ihre eigenen Bed\u00fcrfnisse und die der anderen wahrzunehmen. Au\u00dferdem \u00fcbten sie sich darin, Kompromisse schlie\u00dfen zu k\u00f6nnen und Konfliktl\u00f6sem\u00f6glichkeiten zu erproben.<br \/>\nInsgesamt lernten und erfuhren die Kinder mit viel Freude, dass man gemeinsam viel mehr erreichen kann als alleine! \ud83d\ude42<\/p>\n<p><a href=\"http:\/\/www.assisi-schule-ostbevern.de\/?attachment_id=1705\" rel=\"attachment wp-att-1705\"><img loading=\"lazy\" decoding=\"async\" class=\"alignnone size-medium wp-image-1705\" src=\"http:\/\/www.assisi-schule-ostbevern.de\/wordpress\/wp-content\/uploads\/2015\/08\/Kompetenztraining-1-600x450.jpg\" alt=\"Kompetenztraining 1\" width=\"600\" height=\"450\" srcset=\"https:\/\/www.assisi-schule-ostbevern.de\/wordpress\/wp-content\/uploads\/2015\/08\/Kompetenztraining-1-600x450.jpg 600w, https:\/\/www.assisi-schule-ostbevern.de\/wordpress\/wp-content\/uploads\/2015\/08\/Kompetenztraining-1-1024x768.jpg 1024w\" sizes=\"auto, (max-width: 600px) 100vw, 600px\" \/><\/a> <a href=\"http:\/\/www.assisi-schule-ostbevern.de\/?attachment_id=1706\" rel=\"attachment wp-att-1706\"><img loading=\"lazy\" decoding=\"async\" class=\"alignnone size-medium wp-image-1706\" src=\"http:\/\/www.assisi-schule-ostbevern.de\/wordpress\/wp-content\/uploads\/2015\/08\/Kompetenztraining-2-600x450.jpg\" alt=\"Kompetenztraining 2\" width=\"600\" height=\"450\" srcset=\"https:\/\/www.assisi-schule-ostbevern.de\/wordpress\/wp-content\/uploads\/2015\/08\/Kompetenztraining-2-600x450.jpg 600w, https:\/\/www.assisi-schule-ostbevern.de\/wordpress\/wp-content\/uploads\/2015\/08\/Kompetenztraining-2-1024x768.jpg 1024w\" sizes=\"auto, (max-width: 600px) 100vw, 600px\" \/><\/a> <a href=\"http:\/\/www.assisi-schule-ostbevern.de\/?attachment_id=1707\" rel=\"attachment wp-att-1707\"><img loading=\"lazy\" decoding=\"async\" class=\"alignnone size-medium wp-image-1707\" src=\"http:\/\/www.assisi-schule-ostbevern.de\/wordpress\/wp-content\/uploads\/2015\/08\/Kompetenztraining-3-600x450.jpg\" alt=\"Kompetenztraining 3\" width=\"600\" height=\"450\" srcset=\"https:\/\/www.assisi-schule-ostbevern.de\/wordpress\/wp-content\/uploads\/2015\/08\/Kompetenztraining-3-600x450.jpg 600w, https:\/\/www.assisi-schule-ostbevern.de\/wordpress\/wp-content\/uploads\/2015\/08\/Kompetenztraining-3-1024x768.jpg 1024w\" sizes=\"auto, (max-width: 600px) 100vw, 600px\" \/><\/a> <a href=\"http:\/\/www.assisi-schule-ostbevern.de\/?attachment_id=1708\" rel=\"attachment wp-att-1708\"><img loading=\"lazy\" decoding=\"async\" class=\"alignnone size-medium wp-image-1708\" src=\"http:\/\/www.assisi-schule-ostbevern.de\/wordpress\/wp-content\/uploads\/2015\/08\/Kompetenztraining-4-600x450.jpg\" alt=\"Kompetenztraining 4\" width=\"600\" height=\"450\" srcset=\"https:\/\/www.assisi-schule-ostbevern.de\/wordpress\/wp-content\/uploads\/2015\/08\/Kompetenztraining-4-600x450.jpg 600w, https:\/\/www.assisi-schule-ostbevern.de\/wordpress\/wp-content\/uploads\/2015\/08\/Kompetenztraining-4-1024x768.jpg 1024w\" sizes=\"auto, (max-width: 600px) 100vw, 600px\" \/><\/a> <a href=\"http:\/\/www.assisi-schule-ostbevern.de\/?attachment_id=1709\" rel=\"attachment wp-att-1709\"><img loading=\"lazy\" decoding=\"async\" class=\"alignnone size-medium wp-image-1709\" src=\"http:\/\/www.assisi-schule-ostbevern.de\/wordpress\/wp-content\/uploads\/2015\/08\/Kompetenztraining-5-600x450.jpg\" alt=\"Kompetenztraining 5\" width=\"600\" height=\"450\" srcset=\"https:\/\/www.assisi-schule-ostbevern.de\/wordpress\/wp-content\/uploads\/2015\/08\/Kompetenztraining-5-600x450.jpg 600w, https:\/\/www.assisi-schule-ostbevern.de\/wordpress\/wp-content\/uploads\/2015\/08\/Kompetenztraining-5-1024x768.jpg 1024w\" sizes=\"auto, (max-width: 600px) 100vw, 600px\" \/><\/a> <a href=\"http:\/\/www.assisi-schule-ostbevern.de\/?attachment_id=1710\" rel=\"attachment wp-att-1710\"><img loading=\"lazy\" decoding=\"async\" class=\"alignnone size-medium wp-image-1710\" src=\"http:\/\/www.assisi-schule-ostbevern.de\/wordpress\/wp-content\/uploads\/2015\/08\/Kompetenztraining-6-600x450.jpg\" alt=\"Kompetenztraining 6\" width=\"600\" height=\"450\" srcset=\"https:\/\/www.assisi-schule-ostbevern.de\/wordpress\/wp-content\/uploads\/2015\/08\/Kompetenztraining-6-600x450.jpg 600w, https:\/\/www.assisi-schule-ostbevern.de\/wordpress\/wp-content\/uploads\/2015\/08\/Kompetenztraining-6-1024x768.jpg 1024w\" sizes=\"auto, (max-width: 600px) 100vw, 600px\" \/><\/a><\/p>\n<p>&nbsp;<\/p>\n<p><span style=\"color: #ff0000;\">HERZLICHEN<\/span> <span style=\"color: #008000;\">GL\u00dcCKWUNSCH<\/span><\/p>\n<p>Unser Hausmeister Matthias Leifhelm wurde direkt am ersten Schultag nach den Herbstferien mit einem musikalischen Pausen-St\u00e4ndchen der gesamten Schulgemeinde und einem gro\u00dfen Strau\u00df Sonnenblumen begr\u00fc\u00dft. Sein 50. Geburtstag war f\u00fcr uns alle Grund genug, ihm ganz herzlich zu gratulieren und ihm auch zu zeigen, wie wichtig er f\u00fcr die Franz-von-Assisi-Schule ist. Wir w\u00fcnschen ihm alles Gute f\u00fcr sein neues Lebensjahr und hoffen, dass wir auch seinen 60. Geburtstag wieder besingen k\u00f6nnen und d\u00fcrfen. \ud83d\ude42<\/p>\n<p><a href=\"http:\/\/www.assisi-schule-ostbevern.de\/?attachment_id=1695\" rel=\"attachment wp-att-1695\"><img loading=\"lazy\" decoding=\"async\" class=\"alignnone size-medium wp-image-1695\" src=\"http:\/\/www.assisi-schule-ostbevern.de\/wordpress\/wp-content\/uploads\/2015\/08\/Matthias-Leifhelm-600x450.jpg\" alt=\"Matthias Leifhelm\" width=\"600\" height=\"450\" srcset=\"https:\/\/www.assisi-schule-ostbevern.de\/wordpress\/wp-content\/uploads\/2015\/08\/Matthias-Leifhelm-600x450.jpg 600w, https:\/\/www.assisi-schule-ostbevern.de\/wordpress\/wp-content\/uploads\/2015\/08\/Matthias-Leifhelm-1024x768.jpg 1024w\" sizes=\"auto, (max-width: 600px) 100vw, 600px\" \/><\/a><\/p>\n<p>&nbsp;<\/p>\n<p><span style=\"color: #ff6600;\">Neues<\/span> <span style=\"color: #008000;\">aus der<\/span><span style=\"color: #3366ff;\"> OGS<\/span><\/p>\n<p>Im Rahmen unserer Lauf-AG, die von Frau Utendrup im Rahmen der OGS geleitet und mit dem Telgter City-Lauf beendet wird, haben wir einen Gutschein \u00fcber 50 Euro gewonnen. Wir waren nach dem MSM-Gymnasium und der Sekundarschule in Telgte die drittgr\u00f6\u00dfte angemeldete Gruppe. Darauf sind wir sehr stolz!<\/p>\n<p><a href=\"http:\/\/www.assisi-schule-ostbevern.de\/?attachment_id=1691\" rel=\"attachment wp-att-1691\"><img loading=\"lazy\" decoding=\"async\" class=\"alignnone size-medium wp-image-1691\" src=\"http:\/\/www.assisi-schule-ostbevern.de\/wordpress\/wp-content\/uploads\/2015\/08\/Telgter-Citylauf-2015-FvA-GS-419x600.jpg\" alt=\"Telgter Citylauf 2015 FvA-GS\" width=\"419\" height=\"600\" srcset=\"https:\/\/www.assisi-schule-ostbevern.de\/wordpress\/wp-content\/uploads\/2015\/08\/Telgter-Citylauf-2015-FvA-GS-419x600.jpg 419w, https:\/\/www.assisi-schule-ostbevern.de\/wordpress\/wp-content\/uploads\/2015\/08\/Telgter-Citylauf-2015-FvA-GS-714x1024.jpg 714w, https:\/\/www.assisi-schule-ostbevern.de\/wordpress\/wp-content\/uploads\/2015\/08\/Telgter-Citylauf-2015-FvA-GS.jpg 1948w\" sizes=\"auto, (max-width: 419px) 100vw, 419px\" \/><\/a><\/p>\n<p>&nbsp;<\/p>\n<p><span style=\"color: #ff6600;\">Herbstsingen<\/span><\/p>\n<p>Auch in diesem Jahr wurden der Herbst und die Herbstferien mit unserem traditionellen Herbstsingen eingel\u00e4utet. Die Kinder pr\u00e4sentierten ein sehr abwechslungsreiches Programm: Es wurden Lieder gesungen, getanzt, Gitarre gespielt, eine Klanggeschichte vertont und sogar ein kleines Theaterst\u00fcck aufgef\u00fchrt. Nach diesen tollen Vorbereitungen und einer wundersch\u00f6nen Auff\u00fchrung haben sich alle die Herbstferien mehr als verdient. \ud83d\ude42<\/p>\n<p><a href=\"http:\/\/www.assisi-schule-ostbevern.de\/?attachment_id=1678\" rel=\"attachment wp-att-1678\"><img loading=\"lazy\" decoding=\"async\" class=\"alignnone size-medium wp-image-1678\" src=\"http:\/\/www.assisi-schule-ostbevern.de\/wordpress\/wp-content\/uploads\/2015\/08\/Herbst-1-600x450.jpg\" alt=\"Herbst 1\" width=\"600\" height=\"450\" srcset=\"https:\/\/www.assisi-schule-ostbevern.de\/wordpress\/wp-content\/uploads\/2015\/08\/Herbst-1-600x450.jpg 600w, https:\/\/www.assisi-schule-ostbevern.de\/wordpress\/wp-content\/uploads\/2015\/08\/Herbst-1-1024x768.jpg 1024w\" sizes=\"auto, (max-width: 600px) 100vw, 600px\" \/><\/a> <a href=\"http:\/\/www.assisi-schule-ostbevern.de\/?attachment_id=1679\" rel=\"attachment wp-att-1679\"><img loading=\"lazy\" decoding=\"async\" class=\"alignnone size-medium wp-image-1679\" src=\"http:\/\/www.assisi-schule-ostbevern.de\/wordpress\/wp-content\/uploads\/2015\/08\/Herbst-2-600x450.jpg\" alt=\"Herbst 2\" width=\"600\" height=\"450\" srcset=\"https:\/\/www.assisi-schule-ostbevern.de\/wordpress\/wp-content\/uploads\/2015\/08\/Herbst-2-600x450.jpg 600w, https:\/\/www.assisi-schule-ostbevern.de\/wordpress\/wp-content\/uploads\/2015\/08\/Herbst-2-1024x768.jpg 1024w\" sizes=\"auto, (max-width: 600px) 100vw, 600px\" \/><\/a> <a href=\"http:\/\/www.assisi-schule-ostbevern.de\/?attachment_id=1680\" rel=\"attachment wp-att-1680\"><img loading=\"lazy\" decoding=\"async\" class=\"alignnone size-medium wp-image-1680\" src=\"http:\/\/www.assisi-schule-ostbevern.de\/wordpress\/wp-content\/uploads\/2015\/08\/Herbst-3-600x400.jpg\" alt=\"Herbst 3\" width=\"600\" height=\"400\" srcset=\"https:\/\/www.assisi-schule-ostbevern.de\/wordpress\/wp-content\/uploads\/2015\/08\/Herbst-3-600x400.jpg 600w, https:\/\/www.assisi-schule-ostbevern.de\/wordpress\/wp-content\/uploads\/2015\/08\/Herbst-3-1024x683.jpg 1024w\" sizes=\"auto, (max-width: 600px) 100vw, 600px\" \/><\/a> <a href=\"http:\/\/www.assisi-schule-ostbevern.de\/?attachment_id=1682\" rel=\"attachment wp-att-1682\"><img loading=\"lazy\" decoding=\"async\" class=\"alignnone size-medium wp-image-1682\" src=\"http:\/\/www.assisi-schule-ostbevern.de\/wordpress\/wp-content\/uploads\/2015\/08\/Herbst-5-600x400.jpg\" alt=\"Herbst 5\" width=\"600\" height=\"400\" srcset=\"https:\/\/www.assisi-schule-ostbevern.de\/wordpress\/wp-content\/uploads\/2015\/08\/Herbst-5-600x400.jpg 600w, https:\/\/www.assisi-schule-ostbevern.de\/wordpress\/wp-content\/uploads\/2015\/08\/Herbst-5-1024x683.jpg 1024w\" sizes=\"auto, (max-width: 600px) 100vw, 600px\" \/><\/a> <a href=\"http:\/\/www.assisi-schule-ostbevern.de\/?attachment_id=1683\" rel=\"attachment wp-att-1683\"><img loading=\"lazy\" decoding=\"async\" class=\"alignnone size-medium wp-image-1683\" src=\"http:\/\/www.assisi-schule-ostbevern.de\/wordpress\/wp-content\/uploads\/2015\/08\/Herbst-6-600x450.jpg\" alt=\"Herbst 6\" width=\"600\" height=\"450\" srcset=\"https:\/\/www.assisi-schule-ostbevern.de\/wordpress\/wp-content\/uploads\/2015\/08\/Herbst-6-600x450.jpg 600w, https:\/\/www.assisi-schule-ostbevern.de\/wordpress\/wp-content\/uploads\/2015\/08\/Herbst-6-1024x768.jpg 1024w\" sizes=\"auto, (max-width: 600px) 100vw, 600px\" \/><\/a> <a href=\"http:\/\/www.assisi-schule-ostbevern.de\/?attachment_id=1685\" rel=\"attachment wp-att-1685\"><img loading=\"lazy\" decoding=\"async\" class=\"alignnone size-medium wp-image-1685\" src=\"http:\/\/www.assisi-schule-ostbevern.de\/wordpress\/wp-content\/uploads\/2015\/08\/Herbst-8-600x400.jpg\" alt=\"Herbst 8\" width=\"600\" height=\"400\" srcset=\"https:\/\/www.assisi-schule-ostbevern.de\/wordpress\/wp-content\/uploads\/2015\/08\/Herbst-8-600x400.jpg 600w, https:\/\/www.assisi-schule-ostbevern.de\/wordpress\/wp-content\/uploads\/2015\/08\/Herbst-8-1024x683.jpg 1024w\" sizes=\"auto, (max-width: 600px) 100vw, 600px\" \/><\/a><\/p>\n<p>&nbsp;<\/p>\n<p><span style=\"color: #ff6600;\">Loburger <span style=\"color: #008000;\">Waldlauf<\/span><\/span><br \/>\nAuch in diesem Jahr haben die Viertkl\u00e4ssler der Franz-von-Assisi-Schule mit Freude am Loburger Waldlauf teilgenommen. Die Kinder haben sich m\u00e4chtig angestrengt und so wundert es nicht, dass sie insgesamt 10 Medaillen gewonnen haben. In der Gesamtwertung hat die Franz-von-Assisi-Schule den 7. Platz belegt. Herzlichen Gl\u00fcckwunsch, liebe Viertkl\u00e4ssler! Ihr seid echt klasse!!!<\/p>\n<p><a href=\"http:\/\/www.assisi-schule-ostbevern.de\/?attachment_id=1672\" rel=\"attachment wp-att-1672\"><img loading=\"lazy\" decoding=\"async\" class=\"alignnone size-medium wp-image-1672\" src=\"http:\/\/www.assisi-schule-ostbevern.de\/wordpress\/wp-content\/uploads\/2015\/08\/Loburg-1-600x400.jpg\" alt=\"Loburg 1\" width=\"600\" height=\"400\" srcset=\"https:\/\/www.assisi-schule-ostbevern.de\/wordpress\/wp-content\/uploads\/2015\/08\/Loburg-1-600x400.jpg 600w, https:\/\/www.assisi-schule-ostbevern.de\/wordpress\/wp-content\/uploads\/2015\/08\/Loburg-1-1024x683.jpg 1024w\" sizes=\"auto, (max-width: 600px) 100vw, 600px\" \/><\/a> <a href=\"http:\/\/www.assisi-schule-ostbevern.de\/?attachment_id=1673\" rel=\"attachment wp-att-1673\"><img loading=\"lazy\" decoding=\"async\" class=\"alignnone size-medium wp-image-1673\" src=\"http:\/\/www.assisi-schule-ostbevern.de\/wordpress\/wp-content\/uploads\/2015\/08\/Loburg-2-600x400.jpg\" alt=\"Loburg 2\" width=\"600\" height=\"400\" srcset=\"https:\/\/www.assisi-schule-ostbevern.de\/wordpress\/wp-content\/uploads\/2015\/08\/Loburg-2-600x400.jpg 600w, https:\/\/www.assisi-schule-ostbevern.de\/wordpress\/wp-content\/uploads\/2015\/08\/Loburg-2-1024x683.jpg 1024w\" sizes=\"auto, (max-width: 600px) 100vw, 600px\" \/><\/a> <a href=\"http:\/\/www.assisi-schule-ostbevern.de\/?attachment_id=1674\" rel=\"attachment wp-att-1674\"><img loading=\"lazy\" decoding=\"async\" class=\"alignnone size-medium wp-image-1674\" src=\"http:\/\/www.assisi-schule-ostbevern.de\/wordpress\/wp-content\/uploads\/2015\/08\/Loburg-3-600x400.jpg\" alt=\"Loburg 3\" width=\"600\" height=\"400\" srcset=\"https:\/\/www.assisi-schule-ostbevern.de\/wordpress\/wp-content\/uploads\/2015\/08\/Loburg-3-600x400.jpg 600w, https:\/\/www.assisi-schule-ostbevern.de\/wordpress\/wp-content\/uploads\/2015\/08\/Loburg-3-1024x683.jpg 1024w\" sizes=\"auto, (max-width: 600px) 100vw, 600px\" \/><\/a> <a href=\"http:\/\/www.assisi-schule-ostbevern.de\/?attachment_id=1675\" rel=\"attachment wp-att-1675\"><img loading=\"lazy\" decoding=\"async\" class=\"alignnone size-medium wp-image-1675\" src=\"http:\/\/www.assisi-schule-ostbevern.de\/wordpress\/wp-content\/uploads\/2015\/08\/Loburg-4-600x400.jpg\" alt=\"Loburg 4\" width=\"600\" height=\"400\" srcset=\"https:\/\/www.assisi-schule-ostbevern.de\/wordpress\/wp-content\/uploads\/2015\/08\/Loburg-4-600x400.jpg 600w, https:\/\/www.assisi-schule-ostbevern.de\/wordpress\/wp-content\/uploads\/2015\/08\/Loburg-4-1024x683.jpg 1024w\" sizes=\"auto, (max-width: 600px) 100vw, 600px\" \/><\/a><\/p>\n<p>&nbsp;<\/p>\n<p><span style=\"color: #ff6600;\">Wir ernten Kartoffeln<\/span><br \/>\nHeute sind wir mit der Klasse 3b zu Herrn Verenkotte gegangen. Dann hat er den Trecker geholt und er hat gesagt, dass wir dem Trecker folgen sollen. Auf dem Feld haben wir die Kartoffeln mit dem Trecker geerntet. Wir haben die Kartoffeln auf die Sortiermaschine gelegt und sortiert nach gro\u00dfen und kleinen Kartoffeln. Wir haben die gro\u00dfen Kartoffeln gewogen. Sie haben 75 kg gewogen. Er hat uns eine ganz schwere Kartoffel und das Kartoffellager gezeigt. Wir sind wieder zur Schule gegangen und Elyas musste die Kamera von Frau B\u00f6rste tragen.<br \/>\n(Laurens, 3a)<\/p>\n<p><a href=\"http:\/\/www.assisi-schule-ostbevern.de\/?attachment_id=1661\" rel=\"attachment wp-att-1661\"><img loading=\"lazy\" decoding=\"async\" class=\"alignnone size-medium wp-image-1661\" src=\"http:\/\/www.assisi-schule-ostbevern.de\/wordpress\/wp-content\/uploads\/2015\/08\/Kartoffeln-1-600x450.jpg\" alt=\"Kartoffeln 1\" width=\"600\" height=\"450\" srcset=\"https:\/\/www.assisi-schule-ostbevern.de\/wordpress\/wp-content\/uploads\/2015\/08\/Kartoffeln-1-600x450.jpg 600w, https:\/\/www.assisi-schule-ostbevern.de\/wordpress\/wp-content\/uploads\/2015\/08\/Kartoffeln-1-1024x768.jpg 1024w\" sizes=\"auto, (max-width: 600px) 100vw, 600px\" \/><\/a> <a href=\"http:\/\/www.assisi-schule-ostbevern.de\/?attachment_id=1662\" rel=\"attachment wp-att-1662\"><img loading=\"lazy\" decoding=\"async\" class=\"alignnone size-medium wp-image-1662\" src=\"http:\/\/www.assisi-schule-ostbevern.de\/wordpress\/wp-content\/uploads\/2015\/08\/Kartoffeln-2-600x450.jpg\" alt=\"Kartoffeln 2\" width=\"600\" height=\"450\" srcset=\"https:\/\/www.assisi-schule-ostbevern.de\/wordpress\/wp-content\/uploads\/2015\/08\/Kartoffeln-2-600x450.jpg 600w, https:\/\/www.assisi-schule-ostbevern.de\/wordpress\/wp-content\/uploads\/2015\/08\/Kartoffeln-2-1024x768.jpg 1024w\" sizes=\"auto, (max-width: 600px) 100vw, 600px\" \/><\/a> <a href=\"http:\/\/www.assisi-schule-ostbevern.de\/?attachment_id=1663\" rel=\"attachment wp-att-1663\"><img loading=\"lazy\" decoding=\"async\" class=\"alignnone size-medium wp-image-1663\" src=\"http:\/\/www.assisi-schule-ostbevern.de\/wordpress\/wp-content\/uploads\/2015\/08\/Kartoffeln-3-600x450.jpg\" alt=\"Kartoffeln 3\" width=\"600\" height=\"450\" srcset=\"https:\/\/www.assisi-schule-ostbevern.de\/wordpress\/wp-content\/uploads\/2015\/08\/Kartoffeln-3-600x450.jpg 600w, https:\/\/www.assisi-schule-ostbevern.de\/wordpress\/wp-content\/uploads\/2015\/08\/Kartoffeln-3-1024x768.jpg 1024w\" sizes=\"auto, (max-width: 600px) 100vw, 600px\" \/><\/a> <a href=\"http:\/\/www.assisi-schule-ostbevern.de\/?attachment_id=1664\" rel=\"attachment wp-att-1664\"><img loading=\"lazy\" decoding=\"async\" class=\"alignnone size-medium wp-image-1664\" src=\"http:\/\/www.assisi-schule-ostbevern.de\/wordpress\/wp-content\/uploads\/2015\/08\/Kartoffeln-4-600x450.jpg\" alt=\"Kartoffeln 4\" width=\"600\" height=\"450\" srcset=\"https:\/\/www.assisi-schule-ostbevern.de\/wordpress\/wp-content\/uploads\/2015\/08\/Kartoffeln-4-600x450.jpg 600w, https:\/\/www.assisi-schule-ostbevern.de\/wordpress\/wp-content\/uploads\/2015\/08\/Kartoffeln-4-1024x768.jpg 1024w\" sizes=\"auto, (max-width: 600px) 100vw, 600px\" \/><\/a> <a href=\"http:\/\/www.assisi-schule-ostbevern.de\/?attachment_id=1665\" rel=\"attachment wp-att-1665\"><img loading=\"lazy\" decoding=\"async\" class=\"alignnone size-medium wp-image-1665\" src=\"http:\/\/www.assisi-schule-ostbevern.de\/wordpress\/wp-content\/uploads\/2015\/08\/Kartoffeln-5-600x450.jpg\" alt=\"Kartoffeln 5\" width=\"600\" height=\"450\" srcset=\"https:\/\/www.assisi-schule-ostbevern.de\/wordpress\/wp-content\/uploads\/2015\/08\/Kartoffeln-5-600x450.jpg 600w, https:\/\/www.assisi-schule-ostbevern.de\/wordpress\/wp-content\/uploads\/2015\/08\/Kartoffeln-5-1024x768.jpg 1024w\" sizes=\"auto, (max-width: 600px) 100vw, 600px\" \/><\/a> <a href=\"http:\/\/www.assisi-schule-ostbevern.de\/?attachment_id=1666\" rel=\"attachment wp-att-1666\"><img loading=\"lazy\" decoding=\"async\" class=\"alignnone size-medium wp-image-1666\" src=\"http:\/\/www.assisi-schule-ostbevern.de\/wordpress\/wp-content\/uploads\/2015\/08\/Kartoffeln-6-600x450.jpg\" alt=\"Kartoffeln 6\" width=\"600\" height=\"450\" srcset=\"https:\/\/www.assisi-schule-ostbevern.de\/wordpress\/wp-content\/uploads\/2015\/08\/Kartoffeln-6-600x450.jpg 600w, https:\/\/www.assisi-schule-ostbevern.de\/wordpress\/wp-content\/uploads\/2015\/08\/Kartoffeln-6-1024x768.jpg 1024w\" sizes=\"auto, (max-width: 600px) 100vw, 600px\" \/><\/a><\/p>\n<p><span style=\"color: #008000;\"><strong>Patenschaft<\/strong><\/span><br \/>\nDie Erstkl\u00e4ssler sind nun schon seit einigen Wochen an unserer Schule und haben sich schon richtig gut eingelebt. Das liegt nat\u00fcrlich auch daran, dass sich die Paten aus den 4. Klassen ganz toll um die Erstkl\u00e4ssler k\u00fcmmern. Es wird gemeinsam gefr\u00fchst\u00fcckt, gespielt und gearbeitet.<br \/>\nDamit die Paten ihre Patenkinder noch besser kennen lernen, hat die Klasse 1a nun die 4a eingeladen, um ihren Paten ihr Ich \u2013 Buch vorzustellen, das sie im Sachunterricht erstellt haben. Die Kinder kamen schnell ins Gespr\u00e4ch \u00fcber ihre Familien und Freunde, aber auch \u00fcber ihr Lieblingsessen und gemeinsame Hobbys. Und die Kinder der Klasse 1a waren m\u00e4chtig stolz darauf, ihren Paten ihr erstes eigenes Buch pr\u00e4sentieren zu k\u00f6nnen.<\/p>\n<p><a href=\"http:\/\/www.assisi-schule-ostbevern.de\/?attachment_id=1637\" rel=\"attachment wp-att-1637\"><img loading=\"lazy\" decoding=\"async\" class=\"alignnone size-medium wp-image-1637\" src=\"http:\/\/www.assisi-schule-ostbevern.de\/wordpress\/wp-content\/uploads\/2015\/08\/Ich-Buch-2-600x450.jpg\" alt=\"Ich-Buch 2\" width=\"600\" height=\"450\" srcset=\"https:\/\/www.assisi-schule-ostbevern.de\/wordpress\/wp-content\/uploads\/2015\/08\/Ich-Buch-2-600x450.jpg 600w, https:\/\/www.assisi-schule-ostbevern.de\/wordpress\/wp-content\/uploads\/2015\/08\/Ich-Buch-2-1024x768.jpg 1024w\" sizes=\"auto, (max-width: 600px) 100vw, 600px\" \/><\/a> <a href=\"http:\/\/www.assisi-schule-ostbevern.de\/?attachment_id=1638\" rel=\"attachment wp-att-1638\"><img loading=\"lazy\" decoding=\"async\" class=\"alignnone size-medium wp-image-1638\" src=\"http:\/\/www.assisi-schule-ostbevern.de\/wordpress\/wp-content\/uploads\/2015\/08\/Ich-Buch-3-600x450.jpg\" alt=\"Ich-Buch 3\" width=\"600\" height=\"450\" srcset=\"https:\/\/www.assisi-schule-ostbevern.de\/wordpress\/wp-content\/uploads\/2015\/08\/Ich-Buch-3-600x450.jpg 600w, https:\/\/www.assisi-schule-ostbevern.de\/wordpress\/wp-content\/uploads\/2015\/08\/Ich-Buch-3-1024x768.jpg 1024w\" sizes=\"auto, (max-width: 600px) 100vw, 600px\" \/><\/a> <a href=\"http:\/\/www.assisi-schule-ostbevern.de\/?attachment_id=1639\" rel=\"attachment wp-att-1639\"><img loading=\"lazy\" decoding=\"async\" class=\"alignnone size-medium wp-image-1639\" src=\"http:\/\/www.assisi-schule-ostbevern.de\/wordpress\/wp-content\/uploads\/2015\/08\/Ich-Buch-4-600x450.jpg\" alt=\"Ich-Buch 4\" width=\"600\" height=\"450\" srcset=\"https:\/\/www.assisi-schule-ostbevern.de\/wordpress\/wp-content\/uploads\/2015\/08\/Ich-Buch-4-600x450.jpg 600w, https:\/\/www.assisi-schule-ostbevern.de\/wordpress\/wp-content\/uploads\/2015\/08\/Ich-Buch-4-1024x768.jpg 1024w\" sizes=\"auto, (max-width: 600px) 100vw, 600px\" \/><\/a><a href=\"http:\/\/www.assisi-schule-ostbevern.de\/?attachment_id=1636\" rel=\"attachment wp-att-1636\"><img loading=\"lazy\" decoding=\"async\" class=\"alignnone size-medium wp-image-1636\" src=\"http:\/\/www.assisi-schule-ostbevern.de\/wordpress\/wp-content\/uploads\/2015\/08\/Ich-Buch-1-600x450.jpg\" alt=\"Ich-Buch 1\" width=\"600\" height=\"450\" srcset=\"https:\/\/www.assisi-schule-ostbevern.de\/wordpress\/wp-content\/uploads\/2015\/08\/Ich-Buch-1-600x450.jpg 600w, https:\/\/www.assisi-schule-ostbevern.de\/wordpress\/wp-content\/uploads\/2015\/08\/Ich-Buch-1-1024x768.jpg 1024w\" sizes=\"auto, (max-width: 600px) 100vw, 600px\" \/><\/a><\/p>\n<p>&nbsp;<\/p>\n<p><span style=\"color: #3366ff;\"><span style=\"color: #993300;\">Dreitausend K\u00f6rnerbr\u00f6tchen<\/span> und die<span style=\"color: #339966;\"> Welt des B\u00e4ckers<\/span><\/span><br \/>\nAm ersten und zweiten September 2015 war der vierte Jahrgang der Franz-von-Assisi-Schule in der B\u00e4ckerei Wolke in Schwege. Es gab viele spannende Maschinen zu sehen. Wir durften auch Amerikaner und Hefez\u00f6pfe machen. In einer Stunde schaffen zwei Helferinnen oder Helfer dreitausend K\u00f6rnerbr\u00f6tchen. Die Backwaren werden zum Aufgehen in die Jahreszeitenkammer gebracht. Dort war es innerhalb eines Tages mal warm, mal kalt. Die \u00d6fen waren mindestens f\u00fcnffach so gro\u00df wie Zuhause. Danach haben wir Berliner mit Marmelade gef\u00fcllt und gegessen. Mmh, lecker!!! Am Ende durften wir unsere Amerikaner und Hefez\u00f6pfe mit nach Hause nehmen. Es war toll, einen Blick in die Welt des B\u00e4ckers zu werfen.<\/p>\n<p>(Hanna u. Leon, Klasse 4a)<\/p>\n<p><a href=\"http:\/\/www.assisi-schule-ostbevern.de\/?attachment_id=1609\" rel=\"attachment wp-att-1609\"><img loading=\"lazy\" decoding=\"async\" class=\"alignnone size-medium wp-image-1609\" src=\"http:\/\/www.assisi-schule-ostbevern.de\/wordpress\/wp-content\/uploads\/2015\/08\/Wolke-5-600x450.jpg\" alt=\"Wolke 5\" width=\"600\" height=\"450\" srcset=\"https:\/\/www.assisi-schule-ostbevern.de\/wordpress\/wp-content\/uploads\/2015\/08\/Wolke-5-600x450.jpg 600w, https:\/\/www.assisi-schule-ostbevern.de\/wordpress\/wp-content\/uploads\/2015\/08\/Wolke-5.jpg 640w\" sizes=\"auto, (max-width: 600px) 100vw, 600px\" \/><\/a><a href=\"http:\/\/www.assisi-schule-ostbevern.de\/?attachment_id=1608\" rel=\"attachment wp-att-1608\"><img loading=\"lazy\" decoding=\"async\" class=\"alignnone size-medium wp-image-1608\" src=\"http:\/\/www.assisi-schule-ostbevern.de\/wordpress\/wp-content\/uploads\/2015\/08\/Wolke-3-600x450.jpg\" alt=\"Wolke 3\" width=\"600\" height=\"450\" srcset=\"https:\/\/www.assisi-schule-ostbevern.de\/wordpress\/wp-content\/uploads\/2015\/08\/Wolke-3-600x450.jpg 600w, https:\/\/www.assisi-schule-ostbevern.de\/wordpress\/wp-content\/uploads\/2015\/08\/Wolke-3-1024x768.jpg 1024w\" sizes=\"auto, (max-width: 600px) 100vw, 600px\" \/><\/a><a href=\"http:\/\/www.assisi-schule-ostbevern.de\/?attachment_id=1607\" rel=\"attachment wp-att-1607\"><img loading=\"lazy\" decoding=\"async\" class=\"alignnone size-medium wp-image-1607\" src=\"http:\/\/www.assisi-schule-ostbevern.de\/wordpress\/wp-content\/uploads\/2015\/08\/Wolke-2-600x450.jpg\" alt=\"Wolke 2\" width=\"600\" height=\"450\" srcset=\"https:\/\/www.assisi-schule-ostbevern.de\/wordpress\/wp-content\/uploads\/2015\/08\/Wolke-2-600x450.jpg 600w, https:\/\/www.assisi-schule-ostbevern.de\/wordpress\/wp-content\/uploads\/2015\/08\/Wolke-2-1024x768.jpg 1024w\" sizes=\"auto, (max-width: 600px) 100vw, 600px\" \/><\/a><a href=\"http:\/\/www.assisi-schule-ostbevern.de\/?attachment_id=1606\" rel=\"attachment wp-att-1606\"><img loading=\"lazy\" decoding=\"async\" class=\"alignnone size-medium wp-image-1606\" src=\"http:\/\/www.assisi-schule-ostbevern.de\/wordpress\/wp-content\/uploads\/2015\/08\/Wolke-1-600x348.jpg\" alt=\"Wolke 1\" width=\"600\" height=\"348\" srcset=\"https:\/\/www.assisi-schule-ostbevern.de\/wordpress\/wp-content\/uploads\/2015\/08\/Wolke-1-600x348.jpg 600w, https:\/\/www.assisi-schule-ostbevern.de\/wordpress\/wp-content\/uploads\/2015\/08\/Wolke-1-1024x594.jpg 1024w\" sizes=\"auto, (max-width: 600px) 100vw, 600px\" \/><\/a><\/p>\n<p>&nbsp;<\/p>\n<p><span style=\"color: #3366ff;\"><strong>Unser<span style=\"color: #ff0000;\"> neues<\/span> Spielger\u00e4t<\/strong><\/span><br \/>\nW\u00e4hrend der Sommerferien hatten die Mitarbeiter des gemeindlichen Bauhofes ein neues Spielger\u00e4t auf dem Pausenhof der Schule aufgebaut und zus\u00e4tzlich eine schon lange ersehnte Sandspielfl\u00e4che angelegt.<\/p>\n<p>Damit erf\u00fcllten die Bauhofmitarbeiter einen Wunsch der Sch\u00fclerinnen und Sch\u00fcler, nachdem das alte Spielger\u00e4t abgebaut werden musste. Die Gemeinde lie\u00df Lehrer und Kinder bereits im Vorfeld mitentscheiden, welche Art von Spielger\u00e4t aufgestellt werden soll und erm\u00f6glichte die finanzielle Anschaffung. Vor allem im Klassenrat und im Sch\u00fclerparlament tauschten sich die Kinder intensiv \u00fcber ihre W\u00fcnsche und Vorstellungen zum neuen Spielger\u00e4t aus.<\/p>\n<p>Umso gr\u00f6\u00dfer war dann die Freude bei den Sch\u00fclerinnen und Sch\u00fclern, dass ihre W\u00fcnsche w\u00e4hrend der Sommerferien auch tats\u00e4chlich umgesetzt wurden. Deshalb schrieben die Kinder im Schulparlament einen Brief an B\u00fcrgermeister Wolfgang Annen und luden kurzerhand den Leiter des Bauhofes, Alfred Wichmann Bischof, zu sich an die Schule ein. Den Kindern war es wichtig, allen Beteiligten f\u00fcr ihren Einsatz zu danken.<\/p>\n<p><a href=\"http:\/\/www.assisi-schule-ostbevern.de\/?attachment_id=1598\" rel=\"attachment wp-att-1598\"><img loading=\"lazy\" decoding=\"async\" class=\"aligncenter size-medium wp-image-1598\" src=\"http:\/\/www.assisi-schule-ostbevern.de\/wordpress\/wp-content\/uploads\/2015\/08\/k-Spielger\u00e4t-neu-1-600x399.jpg\" alt=\"k-Spielger\u00e4t neu 1\" width=\"600\" height=\"399\" srcset=\"https:\/\/www.assisi-schule-ostbevern.de\/wordpress\/wp-content\/uploads\/2015\/08\/k-Spielger\u00e4t-neu-1-600x399.jpg 600w, https:\/\/www.assisi-schule-ostbevern.de\/wordpress\/wp-content\/uploads\/2015\/08\/k-Spielger\u00e4t-neu-1.jpg 640w\" sizes=\"auto, (max-width: 600px) 100vw, 600px\" \/><\/a><\/p>\n<p><strong><span style=\"color: #008000;\">Besuch<\/span><span style=\"color: #000080;\"> der Polizei<\/span><\/strong> <span style=\"color: #ff9900;\">im ersten Schuljahr<\/span><br \/>\nNach den ersten Wochen in der Schule kam die Polizei in die Klassen 1a und 1b, um dort ganz viele wichtige Dinge f\u00fcr den Weg zur Schule und f\u00fcr die Sicherheit im Stra\u00dfenverkehr zu besprechen.<br \/>\nDer Polizist Herr Rauer brachte den Kindern zum Bespiel ganz viele Dinge mit, die \u201eim Dunkeln funkeln\u201c, damit man auch in der dunklen Jahreszeit gut im Stra\u00dfenverkehr gesehen werden kann. Auch einen Helm hatte er dabei, um deutlich zu machen, wie wichtig dieser auf dem Roller oder Fahrrad ist.<br \/>\nAm Ende \u00fcbten die Kinder der Klassen 1a und 1b dann auch noch im richtigen Stra\u00dfenverkehr, wie man eine Stra\u00dfe sicher \u00fcberquert und worauf man alles achten muss, damit man sicher wieder zu Hause ankommt.<\/p>\n<p><a href=\"http:\/\/www.assisi-schule-ostbevern.de\/?attachment_id=1586\" rel=\"attachment wp-att-1586\"><img loading=\"lazy\" decoding=\"async\" class=\"alignnone size-medium wp-image-1586\" src=\"http:\/\/www.assisi-schule-ostbevern.de\/wordpress\/wp-content\/uploads\/2015\/08\/1-600x450.jpg\" alt=\"1\" width=\"600\" height=\"450\" srcset=\"https:\/\/www.assisi-schule-ostbevern.de\/wordpress\/wp-content\/uploads\/2015\/08\/1-600x450.jpg 600w, https:\/\/www.assisi-schule-ostbevern.de\/wordpress\/wp-content\/uploads\/2015\/08\/1-1024x768.jpg 1024w\" sizes=\"auto, (max-width: 600px) 100vw, 600px\" \/><\/a> <a href=\"http:\/\/www.assisi-schule-ostbevern.de\/?attachment_id=1587\" rel=\"attachment wp-att-1587\"><img loading=\"lazy\" decoding=\"async\" class=\"alignnone wp-image-1587 size-medium\" src=\"http:\/\/www.assisi-schule-ostbevern.de\/wordpress\/wp-content\/uploads\/2015\/08\/2-600x450.jpg\" alt=\"2\" width=\"600\" height=\"450\" srcset=\"https:\/\/www.assisi-schule-ostbevern.de\/wordpress\/wp-content\/uploads\/2015\/08\/2-600x450.jpg 600w, https:\/\/www.assisi-schule-ostbevern.de\/wordpress\/wp-content\/uploads\/2015\/08\/2-1024x768.jpg 1024w\" sizes=\"auto, (max-width: 600px) 100vw, 600px\" \/><\/a> <a href=\"http:\/\/www.assisi-schule-ostbevern.de\/?attachment_id=1588\" rel=\"attachment wp-att-1588\"><img loading=\"lazy\" decoding=\"async\" class=\"alignnone wp-image-1588 size-medium\" src=\"http:\/\/www.assisi-schule-ostbevern.de\/wordpress\/wp-content\/uploads\/2015\/08\/3-600x450.jpg\" alt=\"3\" width=\"600\" height=\"450\" srcset=\"https:\/\/www.assisi-schule-ostbevern.de\/wordpress\/wp-content\/uploads\/2015\/08\/3-600x450.jpg 600w, https:\/\/www.assisi-schule-ostbevern.de\/wordpress\/wp-content\/uploads\/2015\/08\/3-1024x768.jpg 1024w\" sizes=\"auto, (max-width: 600px) 100vw, 600px\" \/><\/a> <a href=\"http:\/\/www.assisi-schule-ostbevern.de\/?attachment_id=1589\" rel=\"attachment wp-att-1589\"><img loading=\"lazy\" decoding=\"async\" class=\"alignnone wp-image-1589 size-medium\" src=\"http:\/\/www.assisi-schule-ostbevern.de\/wordpress\/wp-content\/uploads\/2015\/08\/4-600x450.jpg\" alt=\"4\" width=\"600\" height=\"450\" srcset=\"https:\/\/www.assisi-schule-ostbevern.de\/wordpress\/wp-content\/uploads\/2015\/08\/4-600x450.jpg 600w, https:\/\/www.assisi-schule-ostbevern.de\/wordpress\/wp-content\/uploads\/2015\/08\/4-1024x768.jpg 1024w\" sizes=\"auto, (max-width: 600px) 100vw, 600px\" \/><\/a> <a href=\"http:\/\/www.assisi-schule-ostbevern.de\/?attachment_id=1590\" rel=\"attachment wp-att-1590\"><img loading=\"lazy\" decoding=\"async\" class=\"alignnone wp-image-1590 size-medium\" src=\"http:\/\/www.assisi-schule-ostbevern.de\/wordpress\/wp-content\/uploads\/2015\/08\/5-600x450.jpg\" alt=\"5\" width=\"600\" height=\"450\" srcset=\"https:\/\/www.assisi-schule-ostbevern.de\/wordpress\/wp-content\/uploads\/2015\/08\/5-600x450.jpg 600w, https:\/\/www.assisi-schule-ostbevern.de\/wordpress\/wp-content\/uploads\/2015\/08\/5-1024x768.jpg 1024w\" sizes=\"auto, (max-width: 600px) 100vw, 600px\" \/><\/a><\/p>\n<p><strong><span style=\"color: #003300;\">Willkommensfeier<\/span><span style=\"color: #0000ff;\"> f\u00fcr die<\/span> <span style=\"color: #ff0000;\">neue Konrektorin<\/span><\/strong><br \/>\nMit diesem Schuljahr ist die Stelle der Konrektorin endlich wieder besetzt. Am 24.08.2015 gab es aus diesem Grund eine kleine fr\u00f6hliche Willkommensfeier f\u00fcr <strong>Elke Gro\u00dfe Venhaus<\/strong> im Forum unserer Schule. Von jeder Klasse bekam sie eine Sonnenblume geschenkt, ebenso \u00fcberreichte B\u00fcrgermeister Wolfgang Annen Blumengr\u00fc\u00dfe. Er kam in Begleitung von Hubertus Stegemann, der sich seitens des Schultr\u00e4gers kontinuierlich f\u00fcr die Besetzung der Stelle der stellvertretenden Schulleiterin eingesetzt hatte. Auch die Eltern und der Patenonkel der neuen Konrektorin waren zur Feier gekommen, au\u00dferdem die Elternvertreterinnen, die Schulleitungen der Nachbarschulen sowie Pastoralreferent Florian Schulz.<br \/>\nJubel brach bei den Kindern aus, als die neue Konrektorin verk\u00fcndete: \u201eHeute gibt es keine Hausaufgaben auf.\u201c<\/p>\n<p>So gab es an diesem Tag nur gl\u00fcckliche Gesichter. <img loading=\"lazy\" decoding=\"async\" class=\"irc_mi\" src=\"https:\/\/monokel.files.wordpress.com\/2008\/02\/smili.jpg?w=225&amp;h=169\" alt=\"\" width=\"21\" height=\"15\" \/><\/p>\n<p><a href=\"http:\/\/www.assisi-schule-ostbevern.de\/?attachment_id=1570\" rel=\"attachment wp-att-1570\"><img loading=\"lazy\" decoding=\"async\" class=\"alignnone wp-image-1570 size-medium\" src=\"http:\/\/www.assisi-schule-ostbevern.de\/wordpress\/wp-content\/uploads\/2015\/08\/Elke3-600x450.jpg\" alt=\"Elke3\" width=\"600\" height=\"450\" srcset=\"https:\/\/www.assisi-schule-ostbevern.de\/wordpress\/wp-content\/uploads\/2015\/08\/Elke3-600x450.jpg 600w, https:\/\/www.assisi-schule-ostbevern.de\/wordpress\/wp-content\/uploads\/2015\/08\/Elke3-1024x768.jpg 1024w\" sizes=\"auto, (max-width: 600px) 100vw, 600px\" \/><\/a><a href=\"http:\/\/www.assisi-schule-ostbevern.de\/?attachment_id=1569\" rel=\"attachment wp-att-1569\"><img loading=\"lazy\" decoding=\"async\" class=\"alignnone wp-image-1569 size-medium\" src=\"http:\/\/www.assisi-schule-ostbevern.de\/wordpress\/wp-content\/uploads\/2015\/08\/Elke2-600x450.jpg\" alt=\"\" width=\"600\" height=\"450\" srcset=\"https:\/\/www.assisi-schule-ostbevern.de\/wordpress\/wp-content\/uploads\/2015\/08\/Elke2-600x450.jpg 600w, https:\/\/www.assisi-schule-ostbevern.de\/wordpress\/wp-content\/uploads\/2015\/08\/Elke2-1024x768.jpg 1024w\" sizes=\"auto, (max-width: 600px) 100vw, 600px\" \/><\/a>\u00a0 <a href=\"http:\/\/www.assisi-schule-ostbevern.de\/?attachment_id=1568\" rel=\"attachment wp-att-1568\"><img loading=\"lazy\" decoding=\"async\" class=\"alignnone wp-image-1568 size-medium\" src=\"http:\/\/www.assisi-schule-ostbevern.de\/wordpress\/wp-content\/uploads\/2015\/08\/Elke1-600x450.jpg\" alt=\"Elke1\" width=\"600\" height=\"450\" srcset=\"https:\/\/www.assisi-schule-ostbevern.de\/wordpress\/wp-content\/uploads\/2015\/08\/Elke1-600x450.jpg 600w, https:\/\/www.assisi-schule-ostbevern.de\/wordpress\/wp-content\/uploads\/2015\/08\/Elke1-1024x768.jpg 1024w\" sizes=\"auto, (max-width: 600px) 100vw, 600px\" \/><\/a><a href=\"http:\/\/www.assisi-schule-ostbevern.de\/?attachment_id=1573\" rel=\"attachment wp-att-1573\"><img loading=\"lazy\" decoding=\"async\" class=\"alignnone wp-image-1573 size-medium\" src=\"http:\/\/www.assisi-schule-ostbevern.de\/wordpress\/wp-content\/uploads\/2015\/08\/Elke6-600x450.jpg\" alt=\"Elke6\" width=\"600\" height=\"450\" srcset=\"https:\/\/www.assisi-schule-ostbevern.de\/wordpress\/wp-content\/uploads\/2015\/08\/Elke6-600x450.jpg 600w, https:\/\/www.assisi-schule-ostbevern.de\/wordpress\/wp-content\/uploads\/2015\/08\/Elke6-1024x768.jpg 1024w\" sizes=\"auto, (max-width: 600px) 100vw, 600px\" \/><\/a><a href=\"http:\/\/www.assisi-schule-ostbevern.de\/?attachment_id=1571\" rel=\"attachment wp-att-1571\"><img loading=\"lazy\" decoding=\"async\" class=\"alignnone wp-image-1571 size-medium\" src=\"http:\/\/www.assisi-schule-ostbevern.de\/wordpress\/wp-content\/uploads\/2015\/08\/Elke4-600x450.jpg\" alt=\"Elke4\" width=\"600\" height=\"450\" srcset=\"https:\/\/www.assisi-schule-ostbevern.de\/wordpress\/wp-content\/uploads\/2015\/08\/Elke4-600x450.jpg 600w, https:\/\/www.assisi-schule-ostbevern.de\/wordpress\/wp-content\/uploads\/2015\/08\/Elke4-1024x768.jpg 1024w\" sizes=\"auto, (max-width: 600px) 100vw, 600px\" \/><\/a> <a href=\"http:\/\/www.assisi-schule-ostbevern.de\/?attachment_id=1572\" rel=\"attachment wp-att-1572\"><img loading=\"lazy\" decoding=\"async\" class=\"alignnone wp-image-1572 size-medium\" src=\"http:\/\/www.assisi-schule-ostbevern.de\/wordpress\/wp-content\/uploads\/2015\/08\/Elke5-600x450.jpg\" alt=\"Elke5\" width=\"600\" height=\"450\" srcset=\"https:\/\/www.assisi-schule-ostbevern.de\/wordpress\/wp-content\/uploads\/2015\/08\/Elke5-600x450.jpg 600w, https:\/\/www.assisi-schule-ostbevern.de\/wordpress\/wp-content\/uploads\/2015\/08\/Elke5-1024x768.jpg 1024w\" sizes=\"auto, (max-width: 600px) 100vw, 600px\" \/><\/a>\u00a0 <a href=\"http:\/\/www.assisi-schule-ostbevern.de\/?attachment_id=1574\" rel=\"attachment wp-att-1574\"><img loading=\"lazy\" decoding=\"async\" class=\"alignnone wp-image-1574 size-medium\" src=\"http:\/\/www.assisi-schule-ostbevern.de\/wordpress\/wp-content\/uploads\/2015\/08\/Elke7-600x450.jpg\" alt=\"Elke7\" width=\"600\" height=\"450\" srcset=\"https:\/\/www.assisi-schule-ostbevern.de\/wordpress\/wp-content\/uploads\/2015\/08\/Elke7-600x450.jpg 600w, https:\/\/www.assisi-schule-ostbevern.de\/wordpress\/wp-content\/uploads\/2015\/08\/Elke7-1024x768.jpg 1024w\" sizes=\"auto, (max-width: 600px) 100vw, 600px\" \/><\/a><\/p>\n<p>&nbsp;<\/p>\n<p><span style=\"color: #0000ff;\"><strong>Einschulung<\/strong><\/span><br \/>\nDer Tag der Einschulung ist f\u00fcr alle Beteiligten immer sehr aufregend. Etwas Neues beginnt und die kleinen Kindergartenkinder sind nun gro\u00dfe Schulkinder. Da ist es sch\u00f6n, wenn man sich zu Beginn gemeinsam in der Kirche trifft, um Gottes Segen f\u00fcr diesen neuen Lebensabschnitt zu erhalten.<br \/>\nDeshalb startete unser Einschulungstag auch mit einem \u00f6komenischen Gottesdienst unter der Leitung des neuen Pastoralreferenten Florian Schulz und der Pastorin Gudrun Bamberg.<br \/>\nAn der Schule angekommen, wurden die neuen Erstkl\u00e4ssler\/innen mit ihren Eltern, Gro\u00dfeltern, Paten und Freunden schon sehns\u00fcchtig vom Rest der Schulgemeinde erwartet. Sie wurden mit einem gro\u00dfen Spalier und stimmungsvoller Musik bei bestem Wetter auf dem Schulhof in Empfang genommen.<br \/>\n&#8222;What`s your name?&#8220; Mit diesem Lied begr\u00fc\u00dfte die Klasse 2b dann im Forum die Erstkl\u00e4ssler\/innen. Danach schmetterte die 2a noch ihr Lieblingslied &#8222;Ich bin ein kleines Pony&#8220; und zeigte damit, dass in der Schule nicht nur Lesen, Schreiben und Rechnen auf dem Stundenplan steht, sondern auch ganz viel Musik und Bewegung.<br \/>\nZum Abschluss sangen die Assisi-Amseln noch das Lied &#8222;Sch\u00f6n ist es, auf der Welt zu sein&#8220; und zeigten, dass auch die Pausen in der Schule wichtig sind und gro\u00dfen Spa\u00df machen k\u00f6nnen.<br \/>\nAnschlie\u00dfend gingen die Kinder zusammen mit ihren Lehrerinnen in ihren neuen Klassenraum, um dort ihre erste Unterrichtsstunde zu erleben. F\u00fcr die wartenden Eltern, Gro\u00dfeltern, Paten und Freunde wurde auf dem Schulhof bei strahlendem Wetter Kaffee, kalte Getr\u00e4nke und Brezeln von Vertreter\/innen des F\u00f6rdervereins angeboten.<br \/>\nAllen Kindern und Eltern w\u00fcnschen wir einen tollen Schulstart! Wir freuen uns, dass ihr nun zu unserer Schulgemeinde geh\u00f6rt.<\/p>\n<p><a href=\"http:\/\/www.assisi-schule-ostbevern.de\/?attachment_id=1522\" rel=\"attachment wp-att-1522\"><img loading=\"lazy\" decoding=\"async\" class=\"alignnone size-medium wp-image-1522\" src=\"http:\/\/www.assisi-schule-ostbevern.de\/wordpress\/wp-content\/uploads\/2015\/08\/Einschulung1-600x450.jpg\" alt=\"Einschulung1\" width=\"600\" height=\"450\" srcset=\"https:\/\/www.assisi-schule-ostbevern.de\/wordpress\/wp-content\/uploads\/2015\/08\/Einschulung1-600x450.jpg 600w, https:\/\/www.assisi-schule-ostbevern.de\/wordpress\/wp-content\/uploads\/2015\/08\/Einschulung1-1024x768.jpg 1024w\" sizes=\"auto, (max-width: 600px) 100vw, 600px\" \/><\/a> <a href=\"http:\/\/www.assisi-schule-ostbevern.de\/?attachment_id=1523\" rel=\"attachment wp-att-1523\"><img loading=\"lazy\" decoding=\"async\" class=\"alignnone size-medium wp-image-1523\" src=\"http:\/\/www.assisi-schule-ostbevern.de\/wordpress\/wp-content\/uploads\/2015\/08\/Einschulung2-600x450.jpg\" alt=\"Einschulung2\" width=\"600\" height=\"450\" srcset=\"https:\/\/www.assisi-schule-ostbevern.de\/wordpress\/wp-content\/uploads\/2015\/08\/Einschulung2-600x450.jpg 600w, https:\/\/www.assisi-schule-ostbevern.de\/wordpress\/wp-content\/uploads\/2015\/08\/Einschulung2-1024x768.jpg 1024w\" sizes=\"auto, (max-width: 600px) 100vw, 600px\" \/><\/a> <a href=\"http:\/\/www.assisi-schule-ostbevern.de\/?attachment_id=1525\" rel=\"attachment wp-att-1525\"><img loading=\"lazy\" decoding=\"async\" class=\"alignnone size-medium wp-image-1525\" src=\"http:\/\/www.assisi-schule-ostbevern.de\/wordpress\/wp-content\/uploads\/2015\/08\/Einschulung3-600x450.jpg\" alt=\"Einschulung3\" width=\"600\" height=\"450\" srcset=\"https:\/\/www.assisi-schule-ostbevern.de\/wordpress\/wp-content\/uploads\/2015\/08\/Einschulung3-600x450.jpg 600w, https:\/\/www.assisi-schule-ostbevern.de\/wordpress\/wp-content\/uploads\/2015\/08\/Einschulung3-1024x768.jpg 1024w\" sizes=\"auto, (max-width: 600px) 100vw, 600px\" \/><\/a> <a href=\"http:\/\/www.assisi-schule-ostbevern.de\/?attachment_id=1526\" rel=\"attachment wp-att-1526\"><img loading=\"lazy\" decoding=\"async\" class=\"alignnone size-medium wp-image-1526\" src=\"http:\/\/www.assisi-schule-ostbevern.de\/wordpress\/wp-content\/uploads\/2015\/08\/Einschulung4-600x450.jpg\" alt=\"Einschulung4\" width=\"600\" height=\"450\" srcset=\"https:\/\/www.assisi-schule-ostbevern.de\/wordpress\/wp-content\/uploads\/2015\/08\/Einschulung4-600x450.jpg 600w, https:\/\/www.assisi-schule-ostbevern.de\/wordpress\/wp-content\/uploads\/2015\/08\/Einschulung4-1024x768.jpg 1024w\" sizes=\"auto, (max-width: 600px) 100vw, 600px\" \/><\/a> <a href=\"http:\/\/www.assisi-schule-ostbevern.de\/?attachment_id=1527\" rel=\"attachment wp-att-1527\"><img loading=\"lazy\" decoding=\"async\" class=\"alignnone size-medium wp-image-1527\" src=\"http:\/\/www.assisi-schule-ostbevern.de\/wordpress\/wp-content\/uploads\/2015\/08\/Einschulung5-600x450.jpg\" alt=\"Einschulung5\" width=\"600\" height=\"450\" srcset=\"https:\/\/www.assisi-schule-ostbevern.de\/wordpress\/wp-content\/uploads\/2015\/08\/Einschulung5-600x450.jpg 600w, https:\/\/www.assisi-schule-ostbevern.de\/wordpress\/wp-content\/uploads\/2015\/08\/Einschulung5-1024x768.jpg 1024w\" sizes=\"auto, (max-width: 600px) 100vw, 600px\" \/><\/a><\/p>\n","protected":false},"excerpt":{"rendered":"<p>Ferienzeit!!! Dieses Lied wurde unter anderem geschmettert, um am letzten Schultag bei unserem Treffen im Forum die Sommerferien einzul\u00e4uten. Au\u00dferdem ert\u00f6nten viele sommerliche Kl\u00e4nge von den Assisi-Amseln und vielen anderen Klassen. Nat\u00fcrlich verabschiedeten sich auch die Viertkl\u00e4ssler von der Schulgemeinde. Sie sangen zum Schluss lauthals &#8222;Ein Hoch auf uns&#8220;, um die letzten gemeinsamen Jahre zusammen [&hellip;]<\/p>\n","protected":false},"author":3,"featured_media":0,"parent":21,"menu_order":0,"comment_status":"closed","ping_status":"closed","template":"","meta":{"footnotes":""},"class_list":["post-1513","page","type-page","status-publish","hentry"],"_links":{"self":[{"href":"https:\/\/www.assisi-schule-ostbevern.de\/index.php?rest_route=\/wp\/v2\/pages\/1513","targetHints":{"allow":["GET"]}}],"collection":[{"href":"https:\/\/www.assisi-schule-ostbevern.de\/index.php?rest_route=\/wp\/v2\/pages"}],"about":[{"href":"https:\/\/www.assisi-schule-ostbevern.de\/index.php?rest_route=\/wp\/v2\/types\/page"}],"author":[{"embeddable":true,"href":"https:\/\/www.assisi-schule-ostbevern.de\/index.php?rest_route=\/wp\/v2\/users\/3"}],"replies":[{"embeddable":true,"href":"https:\/\/www.assisi-schule-ostbevern.de\/index.php?rest_route=%2Fwp%2Fv2%2Fcomments&post=1513"}],"version-history":[{"count":87,"href":"https:\/\/www.assisi-schule-ostbevern.de\/index.php?rest_route=\/wp\/v2\/pages\/1513\/revisions"}],"predecessor-version":[{"id":2117,"href":"https:\/\/www.assisi-schule-ostbevern.de\/index.php?rest_route=\/wp\/v2\/pages\/1513\/revisions\/2117"}],"up":[{"embeddable":true,"href":"https:\/\/www.assisi-schule-ostbevern.de\/index.php?rest_route=\/wp\/v2\/pages\/21"}],"wp:attachment":[{"href":"https:\/\/www.assisi-schule-ostbevern.de\/index.php?rest_route=%2Fwp%2Fv2%2Fmedia&parent=1513"}],"curies":[{"name":"wp","href":"https:\/\/api.w.org\/{rel}","templated":true}]}}