{"id":19,"date":"2012-08-19T11:05:34","date_gmt":"2012-08-19T11:05:34","guid":{"rendered":"http:\/\/www.franz-von-assisi-schule-ostbevern.de\/wordpress\/?page_id=19"},"modified":"2025-09-27T08:51:48","modified_gmt":"2025-09-27T08:51:48","slug":"team","status":"publish","type":"page","link":"https:\/\/www.assisi-schule-ostbevern.de\/?page_id=19","title":{"rendered":"Team"},"content":{"rendered":"<h2>Wir sind das Schul-Team der Franz-von-Assisi-Schule<\/h2>\n<p><img loading=\"lazy\" decoding=\"async\" class=\"alignnone size-large wp-image-7996\" src=\"https:\/\/www.assisi-schule-ostbevern.de\/wordpress\/wp-content\/uploads\/2025\/09\/Team-1024x784.jpg\" alt=\"\" width=\"1024\" height=\"784\" srcset=\"https:\/\/www.assisi-schule-ostbevern.de\/wordpress\/wp-content\/uploads\/2025\/09\/Team-1024x784.jpg 1024w, https:\/\/www.assisi-schule-ostbevern.de\/wordpress\/wp-content\/uploads\/2025\/09\/Team-600x459.jpg 600w, https:\/\/www.assisi-schule-ostbevern.de\/wordpress\/wp-content\/uploads\/2025\/09\/Team-768x588.jpg 768w, https:\/\/www.assisi-schule-ostbevern.de\/wordpress\/wp-content\/uploads\/2025\/09\/Team-1536x1176.jpg 1536w, https:\/\/www.assisi-schule-ostbevern.de\/wordpress\/wp-content\/uploads\/2025\/09\/Team-2048x1567.jpg 2048w\" sizes=\"auto, (max-width: 1024px) 100vw, 1024px\" \/><\/p>\n<h2>Wir sind das OGS-Team der Franz-von-Assisi-Schule<\/h2>\n<p><img loading=\"lazy\" decoding=\"async\" class=\"alignnone size-large wp-image-8056\" src=\"https:\/\/www.assisi-schule-ostbevern.de\/wordpress\/wp-content\/uploads\/2025\/09\/20250917_164254-1024x768.jpg\" alt=\"\" width=\"1024\" height=\"768\" srcset=\"https:\/\/www.assisi-schule-ostbevern.de\/wordpress\/wp-content\/uploads\/2025\/09\/20250917_164254-1024x768.jpg 1024w, https:\/\/www.assisi-schule-ostbevern.de\/wordpress\/wp-content\/uploads\/2025\/09\/20250917_164254-600x450.jpg 600w, https:\/\/www.assisi-schule-ostbevern.de\/wordpress\/wp-content\/uploads\/2025\/09\/20250917_164254-768x576.jpg 768w, https:\/\/www.assisi-schule-ostbevern.de\/wordpress\/wp-content\/uploads\/2025\/09\/20250917_164254-1536x1152.jpg 1536w, https:\/\/www.assisi-schule-ostbevern.de\/wordpress\/wp-content\/uploads\/2025\/09\/20250917_164254-2048x1536.jpg 2048w\" sizes=\"auto, (max-width: 1024px) 100vw, 1024px\" \/><\/p>\n<p>&nbsp;<\/p>\n<p><img loading=\"lazy\" decoding=\"async\" class=\"alignnone wp-image-5488\" src=\"https:\/\/www.assisi-schule-ostbevern.de\/wordpress\/wp-content\/uploads\/2021\/12\/Schulsozialarbeit-397x600.jpg\" alt=\"\" width=\"200\" height=\"303\" srcset=\"https:\/\/www.assisi-schule-ostbevern.de\/wordpress\/wp-content\/uploads\/2021\/12\/Schulsozialarbeit-397x600.jpg 397w, https:\/\/www.assisi-schule-ostbevern.de\/wordpress\/wp-content\/uploads\/2021\/12\/Schulsozialarbeit-677x1024.jpg 677w, https:\/\/www.assisi-schule-ostbevern.de\/wordpress\/wp-content\/uploads\/2021\/12\/Schulsozialarbeit-768x1161.jpg 768w, https:\/\/www.assisi-schule-ostbevern.de\/wordpress\/wp-content\/uploads\/2021\/12\/Schulsozialarbeit-1016x1536.jpg 1016w, https:\/\/www.assisi-schule-ostbevern.de\/wordpress\/wp-content\/uploads\/2021\/12\/Schulsozialarbeit-1355x2048.jpg 1355w, https:\/\/www.assisi-schule-ostbevern.de\/wordpress\/wp-content\/uploads\/2021\/12\/Schulsozialarbeit.jpg 1487w\" sizes=\"auto, (max-width: 200px) 100vw, 200px\" \/><img loading=\"lazy\" decoding=\"async\" class=\"wp-image-6878 alignright\" src=\"https:\/\/www.assisi-schule-ostbevern.de\/wordpress\/wp-content\/uploads\/2024\/01\/Susanne-600x539.jpg\" alt=\"\" width=\"270\" height=\"243\" srcset=\"https:\/\/www.assisi-schule-ostbevern.de\/wordpress\/wp-content\/uploads\/2024\/01\/Susanne-600x539.jpg 600w, https:\/\/www.assisi-schule-ostbevern.de\/wordpress\/wp-content\/uploads\/2024\/01\/Susanne-1024x920.jpg 1024w, https:\/\/www.assisi-schule-ostbevern.de\/wordpress\/wp-content\/uploads\/2024\/01\/Susanne-768x690.jpg 768w, https:\/\/www.assisi-schule-ostbevern.de\/wordpress\/wp-content\/uploads\/2024\/01\/Susanne-1536x1380.jpg 1536w, https:\/\/www.assisi-schule-ostbevern.de\/wordpress\/wp-content\/uploads\/2024\/01\/Susanne-2048x1840.jpg 2048w\" sizes=\"auto, (max-width: 270px) 100vw, 270px\" \/><\/p>\n<p><strong>Unsere beiden Schulsozialarbeiterinnen Frau D\u00f6pker<\/strong> (linkes Foto) und <strong>Frau Cappenberg &#8211; Siemann<\/strong> (rechtes Foto) stehen in unterschiedlichen Bereichen, wie z.B. bei schulischen, erzieherischen oder finanziellen Frgen zur Seite. Hier eine kurze Vorstellung der Angebote:<\/p>\n<ul>\n<li>Unterst\u00fctzung der Kinder bei ihrem individuellen Lebens- und Bildungsweg und St\u00e4rkung ihrer Pers\u00f6nlichkeit<\/li>\n<li>Einzelfallhilfe, orientiert an den Bed\u00fcrfnissen und Ressourcen des einzelnen Kindes<\/li>\n<li>Unterst\u00fctzung beim Erlernen und Festigen sozialer Kompetenzen in Kleingruppen<\/li>\n<li>gemeinsames Erarbeiten von L\u00f6sungsstrategien in schwierigen Situationen in Zusammenarbeit und Kooperation mit den Lehrkr\u00e4ften und Eltern<\/li>\n<li>Beratung f\u00fcr Sch\u00fcler\/innen, Eltern und Lehrkr\u00e4ften, die i Problem- und Konfliktsituationen p\u00e4dagogische Unterst\u00fctzung suchen<\/li>\n<li>bei Bedarf Kontaktaufnahme und Weitervermittlung von au\u00dferschulischen Hilfsangeboten und Kooperation mit au\u00dferschulischen Partnern<\/li>\n<li>Hilfestellung rund um das Thema &#8222;Bildung und Teilhabe&#8220;<\/li>\n<li>Koordination und Umsetzung von Lernf\u00f6rderung<\/li>\n<li>Kindersprechstunde: dienstags, 1. gro\u00dfe Pause<\/li>\n<li>Elternsprechstunde: dienstags, 15.00-16.00 Uhr<\/li>\n<\/ul>\n<p>Unter folgenden Kontaktdaten k\u00f6nnen Sie die beiden erreichen:<\/p>\n<p><strong>Frau Cappenberg-Siemann:<\/strong><\/p>\n<p>Diensthandy: 0151-50054252<\/p>\n<p>Mail: susanne.cappenberg-siemann@fva-ostbevern.de<\/p>\n<p><strong>Frau D\u00f6pker:<\/strong><\/p>\n<p>Diensthandy: 0151-19567879<\/p>\n<p>Mail: doepker@kcv-waf.de<\/p>\n<p><span style=\"color: #ff0000;\">\u00a0<\/span><\/p>\n<p>&nbsp;<\/p>\n<p><a href=\"http:\/\/www.assisi-schule-ostbevern.de\/?attachment_id=1892\" rel=\"attachment wp-att-1892\"><img loading=\"lazy\" decoding=\"async\" class=\"alignleft wp-image-1892 \" src=\"http:\/\/www.assisi-schule-ostbevern.de\/wordpress\/wp-content\/uploads\/2012\/08\/Manuela-Tewes-600x450.jpg\" alt=\"Manuela Tewes\" width=\"300\" height=\"225\" srcset=\"https:\/\/www.assisi-schule-ostbevern.de\/wordpress\/wp-content\/uploads\/2012\/08\/Manuela-Tewes-600x450.jpg 600w, https:\/\/www.assisi-schule-ostbevern.de\/wordpress\/wp-content\/uploads\/2012\/08\/Manuela-Tewes-1024x768.jpg 1024w\" sizes=\"auto, (max-width: 300px) 100vw, 300px\" \/><\/a><\/p>\n<p>Ich arbeite als <span style=\"text-decoration: underline;\">Sekret\u00e4rin<\/span>:<br \/>\nFrau Tewes<\/p>\n<p>&nbsp;<\/p>\n<p><a href=\"http:\/\/www.assisi-schule-ostbevern.de\/?attachment_id=2137\" rel=\"attachment wp-att-2137\"><img loading=\"lazy\" decoding=\"async\" class=\"wp-image-2137 alignleft\" src=\"http:\/\/www.assisi-schule-ostbevern.de\/wordpress\/wp-content\/uploads\/2012\/08\/Matthias-Leifhelm-600x450.jpg\" alt=\"Matthias Leifhelm\" width=\"304\" height=\"228\" srcset=\"https:\/\/www.assisi-schule-ostbevern.de\/wordpress\/wp-content\/uploads\/2012\/08\/Matthias-Leifhelm-600x450.jpg 600w, https:\/\/www.assisi-schule-ostbevern.de\/wordpress\/wp-content\/uploads\/2012\/08\/Matthias-Leifhelm-768x576.jpg 768w, https:\/\/www.assisi-schule-ostbevern.de\/wordpress\/wp-content\/uploads\/2012\/08\/Matthias-Leifhelm-1024x768.jpg 1024w\" sizes=\"auto, (max-width: 304px) 100vw, 304px\" \/><\/a><\/p>\n<p>&nbsp;<\/p>\n<p>&nbsp;<\/p>\n<p>&nbsp;<\/p>\n<p>&nbsp;<\/p>\n<p>Ich arbeite als <span style=\"text-decoration: underline;\">Hausmeister<\/span>:<br \/>\nHerr Leifhelm<\/p>\n<p><strong>\u00a0<\/strong><\/p>\n<p>&nbsp;<\/p>\n","protected":false},"excerpt":{"rendered":"<p>Wir sind das Schul-Team der Franz-von-Assisi-Schule Wir sind das OGS-Team der Franz-von-Assisi-Schule &nbsp; Unsere beiden Schulsozialarbeiterinnen Frau D\u00f6pker (linkes Foto) und Frau Cappenberg &#8211; Siemann (rechtes Foto) stehen in unterschiedlichen Bereichen, wie z.B. bei schulischen, erzieherischen oder finanziellen Frgen zur Seite. Hier eine kurze Vorstellung der Angebote: Unterst\u00fctzung der Kinder bei ihrem individuellen Lebens- und [&hellip;]<\/p>\n","protected":false},"author":3,"featured_media":0,"parent":7,"menu_order":0,"comment_status":"open","ping_status":"open","template":"","meta":{"footnotes":""},"class_list":["post-19","page","type-page","status-publish","hentry"],"_links":{"self":[{"href":"https:\/\/www.assisi-schule-ostbevern.de\/index.php?rest_route=\/wp\/v2\/pages\/19","targetHints":{"allow":["GET"]}}],"collection":[{"href":"https:\/\/www.assisi-schule-ostbevern.de\/index.php?rest_route=\/wp\/v2\/pages"}],"about":[{"href":"https:\/\/www.assisi-schule-ostbevern.de\/index.php?rest_route=\/wp\/v2\/types\/page"}],"author":[{"embeddable":true,"href":"https:\/\/www.assisi-schule-ostbevern.de\/index.php?rest_route=\/wp\/v2\/users\/3"}],"replies":[{"embeddable":true,"href":"https:\/\/www.assisi-schule-ostbevern.de\/index.php?rest_route=%2Fwp%2Fv2%2Fcomments&post=19"}],"version-history":[{"count":73,"href":"https:\/\/www.assisi-schule-ostbevern.de\/index.php?rest_route=\/wp\/v2\/pages\/19\/revisions"}],"predecessor-version":[{"id":8057,"href":"https:\/\/www.assisi-schule-ostbevern.de\/index.php?rest_route=\/wp\/v2\/pages\/19\/revisions\/8057"}],"up":[{"embeddable":true,"href":"https:\/\/www.assisi-schule-ostbevern.de\/index.php?rest_route=\/wp\/v2\/pages\/7"}],"wp:attachment":[{"href":"https:\/\/www.assisi-schule-ostbevern.de\/index.php?rest_route=%2Fwp%2Fv2%2Fmedia&parent=19"}],"curies":[{"name":"wp","href":"https:\/\/api.w.org\/{rel}","templated":true}]}}