{"id":2116,"date":"2016-08-26T10:08:43","date_gmt":"2016-08-26T10:08:43","guid":{"rendered":"http:\/\/www.assisi-schule-ostbevern.de\/?page_id=2116"},"modified":"2018-08-31T10:32:29","modified_gmt":"2018-08-31T10:32:29","slug":"aktuelles-schuljahr-2","status":"publish","type":"page","link":"https:\/\/www.assisi-schule-ostbevern.de\/?page_id=2116","title":{"rendered":"Schuljahr 2016\/2017"},"content":{"rendered":"<div>\n<div>\n<p><strong><span style=\"color: #993300;\">Abschied &#8230;<\/span><\/strong><\/p>\n<p>&#8230; nehmen mussten wir am letzten Schultag vor den Ferien von den Kindern des 4. Jahrganges, die nach 4 Jahren Grundschulzeit nun den Blick nach vorne richten und auf viele verschiedene weiterf\u00fchrenden Schulen gehen werden. Aber wir mussten auch Abschied nehmen von unserer langj\u00e4hrigen Kollegin und Lehrerin Gudrun B\u00f6ttcher, die in den wohlverdienten Ruhestand geht. Die Viertkl\u00e4ssler hatten als Abschiedsvorstellung zwei tolle T\u00e4nze einstudiert, die sie im Forum zum Besten gaben. Au\u00dferdem hatten die Erkl\u00e4ssler und auch die Assisi-Amseln noch einige St\u00fccke vorbereitet, die sie im Forum pr\u00e4sentierten. Frau B\u00f6ttcher erhielt zum Abschied einen reich best\u00fcckten Schirm mit guten W\u00fcnschen, der sie beschirmen, besch\u00fctzen und st\u00fctzen soll auf ihrem Weg in den Ruhestand. Sie bedankte sich bei den Eltern, Kolleg\/innen und Kindern f\u00fcr die vielen Jahre an unserer Schule und betonte besonders, wie wichtig ihr die Elternarbeit im schulischen Bereich immer war, um im Sinne und zum Wohle der Kinder zusammenarbeiten zu k\u00f6nnen. Wir bedanken uns f\u00fcr viele treue Jahre, in denen sie uns mit viel W\u00e4rme, Humor, Sachverstand und p\u00e4dagogischem Einf\u00fchlungsverm\u00f6gen begleitet hat. Den Kindern der 4. Klasse w\u00fcnschen wir einen tollen Start in ihren neuen schulischen Lebensabschnitt. \ud83d\ude42<\/p>\n<p><a href=\"http:\/\/www.assisi-schule-ostbevern.de\/?attachment_id=2722\" rel=\"attachment wp-att-2722\"><img loading=\"lazy\" decoding=\"async\" class=\"alignnone size-medium wp-image-2722\" src=\"http:\/\/www.assisi-schule-ostbevern.de\/wordpress\/wp-content\/uploads\/2016\/08\/1-29-600x450.jpg\" alt=\"\" width=\"600\" height=\"450\" srcset=\"https:\/\/www.assisi-schule-ostbevern.de\/wordpress\/wp-content\/uploads\/2016\/08\/1-29-600x450.jpg 600w, https:\/\/www.assisi-schule-ostbevern.de\/wordpress\/wp-content\/uploads\/2016\/08\/1-29-768x576.jpg 768w, https:\/\/www.assisi-schule-ostbevern.de\/wordpress\/wp-content\/uploads\/2016\/08\/1-29-1024x768.jpg 1024w\" sizes=\"auto, (max-width: 600px) 100vw, 600px\" \/><\/a> <a href=\"http:\/\/www.assisi-schule-ostbevern.de\/?attachment_id=2723\" rel=\"attachment wp-att-2723\"><img loading=\"lazy\" decoding=\"async\" class=\"alignnone size-medium wp-image-2723\" src=\"http:\/\/www.assisi-schule-ostbevern.de\/wordpress\/wp-content\/uploads\/2016\/08\/2-29-600x450.jpg\" alt=\"\" width=\"600\" height=\"450\" srcset=\"https:\/\/www.assisi-schule-ostbevern.de\/wordpress\/wp-content\/uploads\/2016\/08\/2-29-600x450.jpg 600w, https:\/\/www.assisi-schule-ostbevern.de\/wordpress\/wp-content\/uploads\/2016\/08\/2-29-768x576.jpg 768w, https:\/\/www.assisi-schule-ostbevern.de\/wordpress\/wp-content\/uploads\/2016\/08\/2-29-1024x768.jpg 1024w\" sizes=\"auto, (max-width: 600px) 100vw, 600px\" \/><\/a> <a href=\"http:\/\/www.assisi-schule-ostbevern.de\/?attachment_id=2724\" rel=\"attachment wp-att-2724\"><img loading=\"lazy\" decoding=\"async\" class=\"alignnone size-medium wp-image-2724\" src=\"http:\/\/www.assisi-schule-ostbevern.de\/wordpress\/wp-content\/uploads\/2016\/08\/3-30-600x450.jpg\" alt=\"\" width=\"600\" height=\"450\" srcset=\"https:\/\/www.assisi-schule-ostbevern.de\/wordpress\/wp-content\/uploads\/2016\/08\/3-30-600x450.jpg 600w, https:\/\/www.assisi-schule-ostbevern.de\/wordpress\/wp-content\/uploads\/2016\/08\/3-30-768x576.jpg 768w, https:\/\/www.assisi-schule-ostbevern.de\/wordpress\/wp-content\/uploads\/2016\/08\/3-30-1024x768.jpg 1024w\" sizes=\"auto, (max-width: 600px) 100vw, 600px\" \/><\/a> <a href=\"http:\/\/www.assisi-schule-ostbevern.de\/?attachment_id=2725\" rel=\"attachment wp-att-2725\"><img loading=\"lazy\" decoding=\"async\" class=\"alignnone size-medium wp-image-2725\" src=\"http:\/\/www.assisi-schule-ostbevern.de\/wordpress\/wp-content\/uploads\/2016\/08\/4-27-600x450.jpg\" alt=\"\" width=\"600\" height=\"450\" srcset=\"https:\/\/www.assisi-schule-ostbevern.de\/wordpress\/wp-content\/uploads\/2016\/08\/4-27-600x450.jpg 600w, https:\/\/www.assisi-schule-ostbevern.de\/wordpress\/wp-content\/uploads\/2016\/08\/4-27-768x576.jpg 768w, https:\/\/www.assisi-schule-ostbevern.de\/wordpress\/wp-content\/uploads\/2016\/08\/4-27-1024x768.jpg 1024w\" sizes=\"auto, (max-width: 600px) 100vw, 600px\" \/><\/a> <a href=\"http:\/\/www.assisi-schule-ostbevern.de\/?attachment_id=2726\" rel=\"attachment wp-att-2726\"><img loading=\"lazy\" decoding=\"async\" class=\"alignnone size-medium wp-image-2726\" src=\"http:\/\/www.assisi-schule-ostbevern.de\/wordpress\/wp-content\/uploads\/2016\/08\/5-24-600x450.jpg\" alt=\"\" width=\"600\" height=\"450\" srcset=\"https:\/\/www.assisi-schule-ostbevern.de\/wordpress\/wp-content\/uploads\/2016\/08\/5-24-600x450.jpg 600w, https:\/\/www.assisi-schule-ostbevern.de\/wordpress\/wp-content\/uploads\/2016\/08\/5-24-768x576.jpg 768w, https:\/\/www.assisi-schule-ostbevern.de\/wordpress\/wp-content\/uploads\/2016\/08\/5-24-1024x768.jpg 1024w\" sizes=\"auto, (max-width: 600px) 100vw, 600px\" \/><\/a> <a href=\"http:\/\/www.assisi-schule-ostbevern.de\/?attachment_id=2727\" rel=\"attachment wp-att-2727\"><img loading=\"lazy\" decoding=\"async\" class=\"alignnone size-medium wp-image-2727\" src=\"http:\/\/www.assisi-schule-ostbevern.de\/wordpress\/wp-content\/uploads\/2016\/08\/6-23-600x450.jpg\" alt=\"\" width=\"600\" height=\"450\" srcset=\"https:\/\/www.assisi-schule-ostbevern.de\/wordpress\/wp-content\/uploads\/2016\/08\/6-23-600x450.jpg 600w, https:\/\/www.assisi-schule-ostbevern.de\/wordpress\/wp-content\/uploads\/2016\/08\/6-23-768x576.jpg 768w, https:\/\/www.assisi-schule-ostbevern.de\/wordpress\/wp-content\/uploads\/2016\/08\/6-23-1024x768.jpg 1024w\" sizes=\"auto, (max-width: 600px) 100vw, 600px\" \/><\/a> <a href=\"http:\/\/www.assisi-schule-ostbevern.de\/?attachment_id=2728\" rel=\"attachment wp-att-2728\"><img loading=\"lazy\" decoding=\"async\" class=\"alignnone size-medium wp-image-2728\" src=\"http:\/\/www.assisi-schule-ostbevern.de\/wordpress\/wp-content\/uploads\/2016\/08\/7-20-600x450.jpg\" alt=\"\" width=\"600\" height=\"450\" srcset=\"https:\/\/www.assisi-schule-ostbevern.de\/wordpress\/wp-content\/uploads\/2016\/08\/7-20-600x450.jpg 600w, https:\/\/www.assisi-schule-ostbevern.de\/wordpress\/wp-content\/uploads\/2016\/08\/7-20-768x576.jpg 768w, https:\/\/www.assisi-schule-ostbevern.de\/wordpress\/wp-content\/uploads\/2016\/08\/7-20-1024x768.jpg 1024w\" sizes=\"auto, (max-width: 600px) 100vw, 600px\" \/><\/a> <a href=\"http:\/\/www.assisi-schule-ostbevern.de\/?attachment_id=2729\" rel=\"attachment wp-att-2729\"><img loading=\"lazy\" decoding=\"async\" class=\"alignnone size-medium wp-image-2729\" src=\"http:\/\/www.assisi-schule-ostbevern.de\/wordpress\/wp-content\/uploads\/2016\/08\/8-19-600x450.jpg\" alt=\"\" width=\"600\" height=\"450\" srcset=\"https:\/\/www.assisi-schule-ostbevern.de\/wordpress\/wp-content\/uploads\/2016\/08\/8-19-600x450.jpg 600w, https:\/\/www.assisi-schule-ostbevern.de\/wordpress\/wp-content\/uploads\/2016\/08\/8-19-768x576.jpg 768w, https:\/\/www.assisi-schule-ostbevern.de\/wordpress\/wp-content\/uploads\/2016\/08\/8-19-1024x768.jpg 1024w\" sizes=\"auto, (max-width: 600px) 100vw, 600px\" \/><\/a> <a href=\"http:\/\/www.assisi-schule-ostbevern.de\/?attachment_id=2730\" rel=\"attachment wp-att-2730\"><img loading=\"lazy\" decoding=\"async\" class=\"alignnone size-medium wp-image-2730\" src=\"http:\/\/www.assisi-schule-ostbevern.de\/wordpress\/wp-content\/uploads\/2016\/08\/9-16-600x450.jpg\" alt=\"\" width=\"600\" height=\"450\" srcset=\"https:\/\/www.assisi-schule-ostbevern.de\/wordpress\/wp-content\/uploads\/2016\/08\/9-16-600x450.jpg 600w, https:\/\/www.assisi-schule-ostbevern.de\/wordpress\/wp-content\/uploads\/2016\/08\/9-16-768x576.jpg 768w, https:\/\/www.assisi-schule-ostbevern.de\/wordpress\/wp-content\/uploads\/2016\/08\/9-16-1024x768.jpg 1024w\" sizes=\"auto, (max-width: 600px) 100vw, 600px\" \/><\/a> <a href=\"http:\/\/www.assisi-schule-ostbevern.de\/?attachment_id=2731\" rel=\"attachment wp-att-2731\"><img loading=\"lazy\" decoding=\"async\" class=\"alignnone size-medium wp-image-2731\" src=\"http:\/\/www.assisi-schule-ostbevern.de\/wordpress\/wp-content\/uploads\/2016\/08\/10-15-600x450.jpg\" alt=\"\" width=\"600\" height=\"450\" srcset=\"https:\/\/www.assisi-schule-ostbevern.de\/wordpress\/wp-content\/uploads\/2016\/08\/10-15-600x450.jpg 600w, https:\/\/www.assisi-schule-ostbevern.de\/wordpress\/wp-content\/uploads\/2016\/08\/10-15-768x576.jpg 768w, https:\/\/www.assisi-schule-ostbevern.de\/wordpress\/wp-content\/uploads\/2016\/08\/10-15-1024x768.jpg 1024w\" sizes=\"auto, (max-width: 600px) 100vw, 600px\" \/><\/a> <a href=\"http:\/\/www.assisi-schule-ostbevern.de\/?attachment_id=2732\" rel=\"attachment wp-att-2732\"><img loading=\"lazy\" decoding=\"async\" class=\"alignnone size-medium wp-image-2732\" src=\"http:\/\/www.assisi-schule-ostbevern.de\/wordpress\/wp-content\/uploads\/2016\/08\/11-12-600x450.jpg\" alt=\"\" width=\"600\" height=\"450\" srcset=\"https:\/\/www.assisi-schule-ostbevern.de\/wordpress\/wp-content\/uploads\/2016\/08\/11-12-600x450.jpg 600w, https:\/\/www.assisi-schule-ostbevern.de\/wordpress\/wp-content\/uploads\/2016\/08\/11-12-768x576.jpg 768w, https:\/\/www.assisi-schule-ostbevern.de\/wordpress\/wp-content\/uploads\/2016\/08\/11-12-1024x768.jpg 1024w\" sizes=\"auto, (max-width: 600px) 100vw, 600px\" \/><\/a> <a href=\"http:\/\/www.assisi-schule-ostbevern.de\/?attachment_id=2733\" rel=\"attachment wp-att-2733\"><img loading=\"lazy\" decoding=\"async\" class=\"alignnone size-medium wp-image-2733\" src=\"http:\/\/www.assisi-schule-ostbevern.de\/wordpress\/wp-content\/uploads\/2016\/08\/12-6-600x450.jpg\" alt=\"\" width=\"600\" height=\"450\" srcset=\"https:\/\/www.assisi-schule-ostbevern.de\/wordpress\/wp-content\/uploads\/2016\/08\/12-6-600x450.jpg 600w, https:\/\/www.assisi-schule-ostbevern.de\/wordpress\/wp-content\/uploads\/2016\/08\/12-6-768x576.jpg 768w, https:\/\/www.assisi-schule-ostbevern.de\/wordpress\/wp-content\/uploads\/2016\/08\/12-6-1024x768.jpg 1024w\" sizes=\"auto, (max-width: 600px) 100vw, 600px\" \/><\/a> <a href=\"http:\/\/www.assisi-schule-ostbevern.de\/?attachment_id=2734\" rel=\"attachment wp-att-2734\"><img loading=\"lazy\" decoding=\"async\" class=\"alignnone size-medium wp-image-2734\" src=\"http:\/\/www.assisi-schule-ostbevern.de\/wordpress\/wp-content\/uploads\/2016\/08\/13-5-600x450.jpg\" alt=\"\" width=\"600\" height=\"450\" srcset=\"https:\/\/www.assisi-schule-ostbevern.de\/wordpress\/wp-content\/uploads\/2016\/08\/13-5-600x450.jpg 600w, https:\/\/www.assisi-schule-ostbevern.de\/wordpress\/wp-content\/uploads\/2016\/08\/13-5-768x576.jpg 768w, https:\/\/www.assisi-schule-ostbevern.de\/wordpress\/wp-content\/uploads\/2016\/08\/13-5-1024x768.jpg 1024w\" sizes=\"auto, (max-width: 600px) 100vw, 600px\" \/><\/a> <a href=\"http:\/\/www.assisi-schule-ostbevern.de\/?attachment_id=2735\" rel=\"attachment wp-att-2735\"><img loading=\"lazy\" decoding=\"async\" class=\"alignnone size-medium wp-image-2735\" src=\"http:\/\/www.assisi-schule-ostbevern.de\/wordpress\/wp-content\/uploads\/2016\/08\/14-2-600x450.jpg\" alt=\"\" width=\"600\" height=\"450\" srcset=\"https:\/\/www.assisi-schule-ostbevern.de\/wordpress\/wp-content\/uploads\/2016\/08\/14-2-600x450.jpg 600w, https:\/\/www.assisi-schule-ostbevern.de\/wordpress\/wp-content\/uploads\/2016\/08\/14-2-768x576.jpg 768w, https:\/\/www.assisi-schule-ostbevern.de\/wordpress\/wp-content\/uploads\/2016\/08\/14-2-1024x768.jpg 1024w\" sizes=\"auto, (max-width: 600px) 100vw, 600px\" \/><\/a> <a href=\"http:\/\/www.assisi-schule-ostbevern.de\/?attachment_id=2736\" rel=\"attachment wp-att-2736\"><img loading=\"lazy\" decoding=\"async\" class=\"alignnone size-medium wp-image-2736\" src=\"http:\/\/www.assisi-schule-ostbevern.de\/wordpress\/wp-content\/uploads\/2016\/08\/15-2-600x450.jpg\" alt=\"\" width=\"600\" height=\"450\" srcset=\"https:\/\/www.assisi-schule-ostbevern.de\/wordpress\/wp-content\/uploads\/2016\/08\/15-2-600x450.jpg 600w, https:\/\/www.assisi-schule-ostbevern.de\/wordpress\/wp-content\/uploads\/2016\/08\/15-2-768x576.jpg 768w, https:\/\/www.assisi-schule-ostbevern.de\/wordpress\/wp-content\/uploads\/2016\/08\/15-2-1024x768.jpg 1024w\" sizes=\"auto, (max-width: 600px) 100vw, 600px\" \/><\/a> <a href=\"http:\/\/www.assisi-schule-ostbevern.de\/?attachment_id=2737\" rel=\"attachment wp-att-2737\"><img loading=\"lazy\" decoding=\"async\" class=\"alignnone size-medium wp-image-2737\" src=\"http:\/\/www.assisi-schule-ostbevern.de\/wordpress\/wp-content\/uploads\/2016\/08\/16-2-600x450.jpg\" alt=\"\" width=\"600\" height=\"450\" srcset=\"https:\/\/www.assisi-schule-ostbevern.de\/wordpress\/wp-content\/uploads\/2016\/08\/16-2-600x450.jpg 600w, https:\/\/www.assisi-schule-ostbevern.de\/wordpress\/wp-content\/uploads\/2016\/08\/16-2-768x576.jpg 768w, https:\/\/www.assisi-schule-ostbevern.de\/wordpress\/wp-content\/uploads\/2016\/08\/16-2-1024x768.jpg 1024w\" sizes=\"auto, (max-width: 600px) 100vw, 600px\" \/><\/a><\/p>\n<p><strong><span style=\"color: #993300;\">Als<\/span> <span style=\"color: #008000;\">die<\/span> <span style=\"color: #0000ff;\">Raben<\/span><span style=\"color: #99cc00;\"> noch<\/span><span style=\"color: #ff6600;\"> bunt<\/span><span style=\"color: #800080;\"> waren<\/span><\/strong><\/p>\n<p>So hie\u00df das Theaterst\u00fcck, dass die Kinder der 3a und 3b gemeinsam auf die B\u00fchne gebracht haben. Nach wochenlangen Proben durfte dann die gesamte Schulgemeinde und nachmittags auch alle Interessierten sich das Ergebnis der Proben anschauen. Die Klassenlehrerinnen Frau Naarmann und Frau Austrup brachten das St\u00fcck gemeinsam mit der Theaterp\u00e4dagogin Karin Gro\u00dfe-Inkrott und der Musiklehrerin Frau Bleibel und Frau K\u00f6nigsfeld auf die B\u00fchne. Die Kinder konnten ihr gesamtes schauspielerisches und s\u00e4ngerisches Talent entfalten und ernteten am Ende mit Recht einen ganz dicken Applaus.<\/p>\n<p><a href=\"http:\/\/www.assisi-schule-ostbevern.de\/?attachment_id=2713\" rel=\"attachment wp-att-2713\"><img loading=\"lazy\" decoding=\"async\" class=\"alignnone size-medium wp-image-2713\" src=\"http:\/\/www.assisi-schule-ostbevern.de\/wordpress\/wp-content\/uploads\/2016\/08\/1-28-600x450.jpg\" alt=\"\" width=\"600\" height=\"450\" srcset=\"https:\/\/www.assisi-schule-ostbevern.de\/wordpress\/wp-content\/uploads\/2016\/08\/1-28-600x450.jpg 600w, https:\/\/www.assisi-schule-ostbevern.de\/wordpress\/wp-content\/uploads\/2016\/08\/1-28-768x576.jpg 768w, https:\/\/www.assisi-schule-ostbevern.de\/wordpress\/wp-content\/uploads\/2016\/08\/1-28-1024x768.jpg 1024w\" sizes=\"auto, (max-width: 600px) 100vw, 600px\" \/><\/a> <a href=\"http:\/\/www.assisi-schule-ostbevern.de\/?attachment_id=2714\" rel=\"attachment wp-att-2714\"><img loading=\"lazy\" decoding=\"async\" class=\"alignnone size-medium wp-image-2714\" src=\"http:\/\/www.assisi-schule-ostbevern.de\/wordpress\/wp-content\/uploads\/2016\/08\/2-28-600x450.jpg\" alt=\"\" width=\"600\" height=\"450\" srcset=\"https:\/\/www.assisi-schule-ostbevern.de\/wordpress\/wp-content\/uploads\/2016\/08\/2-28-600x450.jpg 600w, https:\/\/www.assisi-schule-ostbevern.de\/wordpress\/wp-content\/uploads\/2016\/08\/2-28-768x576.jpg 768w, https:\/\/www.assisi-schule-ostbevern.de\/wordpress\/wp-content\/uploads\/2016\/08\/2-28-1024x768.jpg 1024w\" sizes=\"auto, (max-width: 600px) 100vw, 600px\" \/><\/a> <a href=\"http:\/\/www.assisi-schule-ostbevern.de\/?attachment_id=2715\" rel=\"attachment wp-att-2715\"><img loading=\"lazy\" decoding=\"async\" class=\"alignnone size-medium wp-image-2715\" src=\"http:\/\/www.assisi-schule-ostbevern.de\/wordpress\/wp-content\/uploads\/2016\/08\/3-29-600x450.jpg\" alt=\"\" width=\"600\" height=\"450\" srcset=\"https:\/\/www.assisi-schule-ostbevern.de\/wordpress\/wp-content\/uploads\/2016\/08\/3-29-600x450.jpg 600w, https:\/\/www.assisi-schule-ostbevern.de\/wordpress\/wp-content\/uploads\/2016\/08\/3-29-768x576.jpg 768w, https:\/\/www.assisi-schule-ostbevern.de\/wordpress\/wp-content\/uploads\/2016\/08\/3-29-1024x768.jpg 1024w\" sizes=\"auto, (max-width: 600px) 100vw, 600px\" \/><\/a> <a href=\"http:\/\/www.assisi-schule-ostbevern.de\/?attachment_id=2716\" rel=\"attachment wp-att-2716\"><img loading=\"lazy\" decoding=\"async\" class=\"alignnone size-medium wp-image-2716\" src=\"http:\/\/www.assisi-schule-ostbevern.de\/wordpress\/wp-content\/uploads\/2016\/08\/4-26-600x450.jpg\" alt=\"\" width=\"600\" height=\"450\" srcset=\"https:\/\/www.assisi-schule-ostbevern.de\/wordpress\/wp-content\/uploads\/2016\/08\/4-26-600x450.jpg 600w, https:\/\/www.assisi-schule-ostbevern.de\/wordpress\/wp-content\/uploads\/2016\/08\/4-26-768x576.jpg 768w, https:\/\/www.assisi-schule-ostbevern.de\/wordpress\/wp-content\/uploads\/2016\/08\/4-26-1024x768.jpg 1024w\" sizes=\"auto, (max-width: 600px) 100vw, 600px\" \/><\/a> <a href=\"http:\/\/www.assisi-schule-ostbevern.de\/?attachment_id=2717\" rel=\"attachment wp-att-2717\"><img loading=\"lazy\" decoding=\"async\" class=\"alignnone size-medium wp-image-2717\" src=\"http:\/\/www.assisi-schule-ostbevern.de\/wordpress\/wp-content\/uploads\/2016\/08\/5-23-600x450.jpg\" alt=\"\" width=\"600\" height=\"450\" srcset=\"https:\/\/www.assisi-schule-ostbevern.de\/wordpress\/wp-content\/uploads\/2016\/08\/5-23-600x450.jpg 600w, https:\/\/www.assisi-schule-ostbevern.de\/wordpress\/wp-content\/uploads\/2016\/08\/5-23-768x576.jpg 768w, https:\/\/www.assisi-schule-ostbevern.de\/wordpress\/wp-content\/uploads\/2016\/08\/5-23-1024x768.jpg 1024w\" sizes=\"auto, (max-width: 600px) 100vw, 600px\" \/><\/a> <a href=\"http:\/\/www.assisi-schule-ostbevern.de\/?attachment_id=2718\" rel=\"attachment wp-att-2718\"><img loading=\"lazy\" decoding=\"async\" class=\"alignnone size-medium wp-image-2718\" src=\"http:\/\/www.assisi-schule-ostbevern.de\/wordpress\/wp-content\/uploads\/2016\/08\/6-22-600x450.jpg\" alt=\"\" width=\"600\" height=\"450\" srcset=\"https:\/\/www.assisi-schule-ostbevern.de\/wordpress\/wp-content\/uploads\/2016\/08\/6-22-600x450.jpg 600w, https:\/\/www.assisi-schule-ostbevern.de\/wordpress\/wp-content\/uploads\/2016\/08\/6-22-768x576.jpg 768w, https:\/\/www.assisi-schule-ostbevern.de\/wordpress\/wp-content\/uploads\/2016\/08\/6-22-1024x768.jpg 1024w\" sizes=\"auto, (max-width: 600px) 100vw, 600px\" \/><\/a> <a href=\"http:\/\/www.assisi-schule-ostbevern.de\/?attachment_id=2719\" rel=\"attachment wp-att-2719\"><img loading=\"lazy\" decoding=\"async\" class=\"alignnone size-medium wp-image-2719\" src=\"http:\/\/www.assisi-schule-ostbevern.de\/wordpress\/wp-content\/uploads\/2016\/08\/7-19-600x450.jpg\" alt=\"\" width=\"600\" height=\"450\" srcset=\"https:\/\/www.assisi-schule-ostbevern.de\/wordpress\/wp-content\/uploads\/2016\/08\/7-19-600x450.jpg 600w, https:\/\/www.assisi-schule-ostbevern.de\/wordpress\/wp-content\/uploads\/2016\/08\/7-19-768x576.jpg 768w, https:\/\/www.assisi-schule-ostbevern.de\/wordpress\/wp-content\/uploads\/2016\/08\/7-19-1024x768.jpg 1024w\" sizes=\"auto, (max-width: 600px) 100vw, 600px\" \/><\/a> <a href=\"http:\/\/www.assisi-schule-ostbevern.de\/?attachment_id=2720\" rel=\"attachment wp-att-2720\"><img loading=\"lazy\" decoding=\"async\" class=\"alignnone size-medium wp-image-2720\" src=\"http:\/\/www.assisi-schule-ostbevern.de\/wordpress\/wp-content\/uploads\/2016\/08\/8-18-600x450.jpg\" alt=\"\" width=\"600\" height=\"450\" srcset=\"https:\/\/www.assisi-schule-ostbevern.de\/wordpress\/wp-content\/uploads\/2016\/08\/8-18-600x450.jpg 600w, https:\/\/www.assisi-schule-ostbevern.de\/wordpress\/wp-content\/uploads\/2016\/08\/8-18-768x576.jpg 768w, https:\/\/www.assisi-schule-ostbevern.de\/wordpress\/wp-content\/uploads\/2016\/08\/8-18-1024x768.jpg 1024w\" sizes=\"auto, (max-width: 600px) 100vw, 600px\" \/><\/a><\/p>\n<p><strong><span style=\"color: #3366ff;\">Roboter<\/span><span style=\"color: #339966;\">-AG<\/span><\/strong><\/p>\n<p>Die einmalig angebotene Roboter-AG der OGS pr\u00e4sentiert stolz ihren selbst fahrenden Roboter. Im Zeitraum zwischen den Oster- und Sommerferien hat die kleine Gruppe mehrere Nachmittage damit verbracht, ihren Roboter zu konstruieren, programmieren und eventuelle Problemquellen zu beseitigen. Es war nicht immer einfach, den Roboter an das Ziel anzupassen. Er sollte Hindernisse selbstst\u00e4ndig erkennen und sie umfahren k\u00f6nnen, was nach mehreren Konzeptideen dann schlie\u00dflich auch umgesetzt werden konnte. Den Kindern wurden die ersten Grundlagen der Informatik n\u00e4her gebracht. Sie haben mit Hilfe der auf bildlicher Programmiersprache basierenden Legosoftware NXT-X einen Einblick in die automatisierte Welt der Maschinen erlangt.<\/p>\n<p><a href=\"http:\/\/www.assisi-schule-ostbevern.de\/?attachment_id=2707\" rel=\"attachment wp-att-2707\"><img loading=\"lazy\" decoding=\"async\" class=\"alignnone size-medium wp-image-2707\" src=\"http:\/\/www.assisi-schule-ostbevern.de\/wordpress\/wp-content\/uploads\/2016\/08\/Roboter-447x600.jpg\" alt=\"\" width=\"447\" height=\"600\" srcset=\"https:\/\/www.assisi-schule-ostbevern.de\/wordpress\/wp-content\/uploads\/2016\/08\/Roboter-447x600.jpg 447w, https:\/\/www.assisi-schule-ostbevern.de\/wordpress\/wp-content\/uploads\/2016\/08\/Roboter-768x1030.jpg 768w, https:\/\/www.assisi-schule-ostbevern.de\/wordpress\/wp-content\/uploads\/2016\/08\/Roboter-763x1024.jpg 763w, https:\/\/www.assisi-schule-ostbevern.de\/wordpress\/wp-content\/uploads\/2016\/08\/Roboter.jpg 954w\" sizes=\"auto, (max-width: 447px) 100vw, 447px\" \/><\/a><\/p>\n<p>&nbsp;<\/p>\n<p><strong><span style=\"color: #808000;\">Garten<\/span><span style=\"color: #99cc00;\">-AG<\/span><\/strong><\/p>\n<p>Viele wissen vermutlich gar nicht, dass wir an unserer Schule auch einen kleinen Schulgarten haben. Immer wieder ist dieser von Frau B\u00f6rger und Kindern aus der OGS gepflegt worden. In den letzten Wochen kam dann aber nochmal richtig Schwung in die Sache. Mehrere M\u00e4dchen aus dem 4. Jahrgang f\u00fchlten sich dazu berufen, den Garten mal wieder so richtig auf Vordermann zu bringen und auch neue Pflanzen zu setzen. Mit Frau Tonert, der derzeitigen Vertretungslehrerin in der Klasse 4a, hatten sie dabei auch die richtige Ansprechpartnerin gefunden. Ganz kurzfristig installierte sie noch eine Garten-AG und dann konnte es losgehen. Sogar Frau Tonerts Vater, der Garten- und Landschaftsbauer ist, wurde noch in die Aktion mit eingebunden. Vielen Dank an die Garten-AG, die sich sogar bei hitzefrei die H\u00e4nde dreckig gemacht hat. \ud83d\ude42<\/p>\n<p><a href=\"http:\/\/www.assisi-schule-ostbevern.de\/?attachment_id=2699\" rel=\"attachment wp-att-2699\"><img loading=\"lazy\" decoding=\"async\" class=\"alignnone size-medium wp-image-2699\" src=\"http:\/\/www.assisi-schule-ostbevern.de\/wordpress\/wp-content\/uploads\/2016\/08\/1-27-600x450.jpg\" alt=\"\" width=\"600\" height=\"450\" srcset=\"https:\/\/www.assisi-schule-ostbevern.de\/wordpress\/wp-content\/uploads\/2016\/08\/1-27-600x450.jpg 600w, https:\/\/www.assisi-schule-ostbevern.de\/wordpress\/wp-content\/uploads\/2016\/08\/1-27-768x576.jpg 768w, https:\/\/www.assisi-schule-ostbevern.de\/wordpress\/wp-content\/uploads\/2016\/08\/1-27-1024x768.jpg 1024w, https:\/\/www.assisi-schule-ostbevern.de\/wordpress\/wp-content\/uploads\/2016\/08\/1-27.jpg 1280w\" sizes=\"auto, (max-width: 600px) 100vw, 600px\" \/><\/a> <a href=\"http:\/\/www.assisi-schule-ostbevern.de\/?attachment_id=2700\" rel=\"attachment wp-att-2700\"><img loading=\"lazy\" decoding=\"async\" class=\"alignnone size-medium wp-image-2700\" src=\"http:\/\/www.assisi-schule-ostbevern.de\/wordpress\/wp-content\/uploads\/2016\/08\/2-27-600x450.jpg\" alt=\"\" width=\"600\" height=\"450\" srcset=\"https:\/\/www.assisi-schule-ostbevern.de\/wordpress\/wp-content\/uploads\/2016\/08\/2-27-600x450.jpg 600w, https:\/\/www.assisi-schule-ostbevern.de\/wordpress\/wp-content\/uploads\/2016\/08\/2-27-768x576.jpg 768w, https:\/\/www.assisi-schule-ostbevern.de\/wordpress\/wp-content\/uploads\/2016\/08\/2-27-1024x768.jpg 1024w, https:\/\/www.assisi-schule-ostbevern.de\/wordpress\/wp-content\/uploads\/2016\/08\/2-27.jpg 1280w\" sizes=\"auto, (max-width: 600px) 100vw, 600px\" \/><\/a> <a href=\"http:\/\/www.assisi-schule-ostbevern.de\/?attachment_id=2701\" rel=\"attachment wp-att-2701\"><img loading=\"lazy\" decoding=\"async\" class=\"alignnone size-medium wp-image-2701\" src=\"http:\/\/www.assisi-schule-ostbevern.de\/wordpress\/wp-content\/uploads\/2016\/08\/3-28-600x450.jpg\" alt=\"\" width=\"600\" height=\"450\" srcset=\"https:\/\/www.assisi-schule-ostbevern.de\/wordpress\/wp-content\/uploads\/2016\/08\/3-28-600x450.jpg 600w, https:\/\/www.assisi-schule-ostbevern.de\/wordpress\/wp-content\/uploads\/2016\/08\/3-28-768x576.jpg 768w, https:\/\/www.assisi-schule-ostbevern.de\/wordpress\/wp-content\/uploads\/2016\/08\/3-28-1024x768.jpg 1024w, https:\/\/www.assisi-schule-ostbevern.de\/wordpress\/wp-content\/uploads\/2016\/08\/3-28.jpg 1280w\" sizes=\"auto, (max-width: 600px) 100vw, 600px\" \/><\/a> <a href=\"http:\/\/www.assisi-schule-ostbevern.de\/?attachment_id=2702\" rel=\"attachment wp-att-2702\"><img loading=\"lazy\" decoding=\"async\" class=\"alignnone size-medium wp-image-2702\" src=\"http:\/\/www.assisi-schule-ostbevern.de\/wordpress\/wp-content\/uploads\/2016\/08\/4-25-600x450.jpg\" alt=\"\" width=\"600\" height=\"450\" srcset=\"https:\/\/www.assisi-schule-ostbevern.de\/wordpress\/wp-content\/uploads\/2016\/08\/4-25-600x450.jpg 600w, https:\/\/www.assisi-schule-ostbevern.de\/wordpress\/wp-content\/uploads\/2016\/08\/4-25-768x576.jpg 768w, https:\/\/www.assisi-schule-ostbevern.de\/wordpress\/wp-content\/uploads\/2016\/08\/4-25-1024x768.jpg 1024w, https:\/\/www.assisi-schule-ostbevern.de\/wordpress\/wp-content\/uploads\/2016\/08\/4-25.jpg 1280w\" sizes=\"auto, (max-width: 600px) 100vw, 600px\" \/><\/a><\/p>\n<p><strong><span style=\"color: #ff6600;\">Zoobesuch<\/span><span style=\"color: #008000;\"> in<\/span><span style=\"color: #800080;\"> Rheine<\/span><\/strong><\/p>\n<p>Traditionell fahren die Kinder der 2. Klassen unserer Schule immer zum Zoo nach Rheine und so machten sich auch in diesem Jahr unsere Zweitkl\u00e4ssler auf den Weg nach Rheine. Bei bestem Wetter verbrachten sie einen tollen Tag dort. Das Affengehege, die Seehundf\u00fctterung, der Spielplatz, der Streichelzoo und viele exotische Tiere sind nur einige Highlights dieses Ausflugs. Sch\u00f6n war auch, dass es viele Eltern m\u00f6glich gemacht haben mitzukommen. So konnten die Kinder auch in kleineren Gruppen den Zoo erkunden und erobern.<\/p>\n<p><a href=\"http:\/\/www.assisi-schule-ostbevern.de\/?attachment_id=2684\" rel=\"attachment wp-att-2684\"><img loading=\"lazy\" decoding=\"async\" class=\"alignnone size-medium wp-image-2684\" src=\"http:\/\/www.assisi-schule-ostbevern.de\/wordpress\/wp-content\/uploads\/2016\/08\/1-26-600x450.jpg\" alt=\"\" width=\"600\" height=\"450\" srcset=\"https:\/\/www.assisi-schule-ostbevern.de\/wordpress\/wp-content\/uploads\/2016\/08\/1-26-600x450.jpg 600w, https:\/\/www.assisi-schule-ostbevern.de\/wordpress\/wp-content\/uploads\/2016\/08\/1-26-768x576.jpg 768w, https:\/\/www.assisi-schule-ostbevern.de\/wordpress\/wp-content\/uploads\/2016\/08\/1-26-1024x768.jpg 1024w\" sizes=\"auto, (max-width: 600px) 100vw, 600px\" \/><\/a> <a href=\"http:\/\/www.assisi-schule-ostbevern.de\/?attachment_id=2685\" rel=\"attachment wp-att-2685\"><img loading=\"lazy\" decoding=\"async\" class=\"alignnone size-medium wp-image-2685\" src=\"http:\/\/www.assisi-schule-ostbevern.de\/wordpress\/wp-content\/uploads\/2016\/08\/2-26-600x450.jpg\" alt=\"\" width=\"600\" height=\"450\" srcset=\"https:\/\/www.assisi-schule-ostbevern.de\/wordpress\/wp-content\/uploads\/2016\/08\/2-26-600x450.jpg 600w, https:\/\/www.assisi-schule-ostbevern.de\/wordpress\/wp-content\/uploads\/2016\/08\/2-26-768x576.jpg 768w, https:\/\/www.assisi-schule-ostbevern.de\/wordpress\/wp-content\/uploads\/2016\/08\/2-26-1024x768.jpg 1024w\" sizes=\"auto, (max-width: 600px) 100vw, 600px\" \/><\/a> <a href=\"http:\/\/www.assisi-schule-ostbevern.de\/?attachment_id=2686\" rel=\"attachment wp-att-2686\"><img loading=\"lazy\" decoding=\"async\" class=\"alignnone size-medium wp-image-2686\" src=\"http:\/\/www.assisi-schule-ostbevern.de\/wordpress\/wp-content\/uploads\/2016\/08\/3-27-600x450.jpg\" alt=\"\" width=\"600\" height=\"450\" srcset=\"https:\/\/www.assisi-schule-ostbevern.de\/wordpress\/wp-content\/uploads\/2016\/08\/3-27-600x450.jpg 600w, https:\/\/www.assisi-schule-ostbevern.de\/wordpress\/wp-content\/uploads\/2016\/08\/3-27-768x576.jpg 768w, https:\/\/www.assisi-schule-ostbevern.de\/wordpress\/wp-content\/uploads\/2016\/08\/3-27-1024x768.jpg 1024w\" sizes=\"auto, (max-width: 600px) 100vw, 600px\" \/><\/a> <a href=\"http:\/\/www.assisi-schule-ostbevern.de\/?attachment_id=2687\" rel=\"attachment wp-att-2687\"><img loading=\"lazy\" decoding=\"async\" class=\"alignnone size-medium wp-image-2687\" src=\"http:\/\/www.assisi-schule-ostbevern.de\/wordpress\/wp-content\/uploads\/2016\/08\/4-24-600x450.jpg\" alt=\"\" width=\"600\" height=\"450\" srcset=\"https:\/\/www.assisi-schule-ostbevern.de\/wordpress\/wp-content\/uploads\/2016\/08\/4-24-600x450.jpg 600w, https:\/\/www.assisi-schule-ostbevern.de\/wordpress\/wp-content\/uploads\/2016\/08\/4-24-768x576.jpg 768w, https:\/\/www.assisi-schule-ostbevern.de\/wordpress\/wp-content\/uploads\/2016\/08\/4-24-1024x768.jpg 1024w\" sizes=\"auto, (max-width: 600px) 100vw, 600px\" \/><\/a> <a href=\"http:\/\/www.assisi-schule-ostbevern.de\/?attachment_id=2688\" rel=\"attachment wp-att-2688\"><img loading=\"lazy\" decoding=\"async\" class=\"alignnone size-medium wp-image-2688\" src=\"http:\/\/www.assisi-schule-ostbevern.de\/wordpress\/wp-content\/uploads\/2016\/08\/5-22-600x450.jpg\" alt=\"\" width=\"600\" height=\"450\" srcset=\"https:\/\/www.assisi-schule-ostbevern.de\/wordpress\/wp-content\/uploads\/2016\/08\/5-22-600x450.jpg 600w, https:\/\/www.assisi-schule-ostbevern.de\/wordpress\/wp-content\/uploads\/2016\/08\/5-22-768x576.jpg 768w, https:\/\/www.assisi-schule-ostbevern.de\/wordpress\/wp-content\/uploads\/2016\/08\/5-22-1024x768.jpg 1024w\" sizes=\"auto, (max-width: 600px) 100vw, 600px\" \/><\/a> <a href=\"http:\/\/www.assisi-schule-ostbevern.de\/?attachment_id=2689\" rel=\"attachment wp-att-2689\"><img loading=\"lazy\" decoding=\"async\" class=\"alignnone size-medium wp-image-2689\" src=\"http:\/\/www.assisi-schule-ostbevern.de\/wordpress\/wp-content\/uploads\/2016\/08\/6-21-600x450.jpg\" alt=\"\" width=\"600\" height=\"450\" srcset=\"https:\/\/www.assisi-schule-ostbevern.de\/wordpress\/wp-content\/uploads\/2016\/08\/6-21-600x450.jpg 600w, https:\/\/www.assisi-schule-ostbevern.de\/wordpress\/wp-content\/uploads\/2016\/08\/6-21-768x576.jpg 768w, https:\/\/www.assisi-schule-ostbevern.de\/wordpress\/wp-content\/uploads\/2016\/08\/6-21-1024x768.jpg 1024w\" sizes=\"auto, (max-width: 600px) 100vw, 600px\" \/><\/a> <a href=\"http:\/\/www.assisi-schule-ostbevern.de\/?attachment_id=2690\" rel=\"attachment wp-att-2690\"><img loading=\"lazy\" decoding=\"async\" class=\"alignnone size-medium wp-image-2690\" src=\"http:\/\/www.assisi-schule-ostbevern.de\/wordpress\/wp-content\/uploads\/2016\/08\/7-18-338x600.jpg\" alt=\"\" width=\"338\" height=\"600\" srcset=\"https:\/\/www.assisi-schule-ostbevern.de\/wordpress\/wp-content\/uploads\/2016\/08\/7-18-338x600.jpg 338w, https:\/\/www.assisi-schule-ostbevern.de\/wordpress\/wp-content\/uploads\/2016\/08\/7-18-768x1365.jpg 768w, https:\/\/www.assisi-schule-ostbevern.de\/wordpress\/wp-content\/uploads\/2016\/08\/7-18-576x1024.jpg 576w, https:\/\/www.assisi-schule-ostbevern.de\/wordpress\/wp-content\/uploads\/2016\/08\/7-18.jpg 1440w\" sizes=\"auto, (max-width: 338px) 100vw, 338px\" \/><\/a> <a href=\"http:\/\/www.assisi-schule-ostbevern.de\/?attachment_id=2691\" rel=\"attachment wp-att-2691\"><img loading=\"lazy\" decoding=\"async\" class=\"alignnone size-medium wp-image-2691\" src=\"http:\/\/www.assisi-schule-ostbevern.de\/wordpress\/wp-content\/uploads\/2016\/08\/8-17-600x450.jpg\" alt=\"\" width=\"600\" height=\"450\" srcset=\"https:\/\/www.assisi-schule-ostbevern.de\/wordpress\/wp-content\/uploads\/2016\/08\/8-17-600x450.jpg 600w, https:\/\/www.assisi-schule-ostbevern.de\/wordpress\/wp-content\/uploads\/2016\/08\/8-17-768x576.jpg 768w, https:\/\/www.assisi-schule-ostbevern.de\/wordpress\/wp-content\/uploads\/2016\/08\/8-17-1024x768.jpg 1024w\" sizes=\"auto, (max-width: 600px) 100vw, 600px\" \/><\/a> <a href=\"http:\/\/www.assisi-schule-ostbevern.de\/?attachment_id=2692\" rel=\"attachment wp-att-2692\"><img loading=\"lazy\" decoding=\"async\" class=\"alignnone size-medium wp-image-2692\" src=\"http:\/\/www.assisi-schule-ostbevern.de\/wordpress\/wp-content\/uploads\/2016\/08\/9-15-600x450.jpg\" alt=\"\" width=\"600\" height=\"450\" srcset=\"https:\/\/www.assisi-schule-ostbevern.de\/wordpress\/wp-content\/uploads\/2016\/08\/9-15-600x450.jpg 600w, https:\/\/www.assisi-schule-ostbevern.de\/wordpress\/wp-content\/uploads\/2016\/08\/9-15-768x576.jpg 768w, https:\/\/www.assisi-schule-ostbevern.de\/wordpress\/wp-content\/uploads\/2016\/08\/9-15-1024x768.jpg 1024w\" sizes=\"auto, (max-width: 600px) 100vw, 600px\" \/><\/a> <a href=\"http:\/\/www.assisi-schule-ostbevern.de\/?attachment_id=2693\" rel=\"attachment wp-att-2693\"><img loading=\"lazy\" decoding=\"async\" class=\"alignnone size-medium wp-image-2693\" src=\"http:\/\/www.assisi-schule-ostbevern.de\/wordpress\/wp-content\/uploads\/2016\/08\/10-14-600x450.jpg\" alt=\"\" width=\"600\" height=\"450\" srcset=\"https:\/\/www.assisi-schule-ostbevern.de\/wordpress\/wp-content\/uploads\/2016\/08\/10-14-600x450.jpg 600w, https:\/\/www.assisi-schule-ostbevern.de\/wordpress\/wp-content\/uploads\/2016\/08\/10-14-768x576.jpg 768w, https:\/\/www.assisi-schule-ostbevern.de\/wordpress\/wp-content\/uploads\/2016\/08\/10-14-1024x768.jpg 1024w\" sizes=\"auto, (max-width: 600px) 100vw, 600px\" \/><\/a> <a href=\"http:\/\/www.assisi-schule-ostbevern.de\/?attachment_id=2694\" rel=\"attachment wp-att-2694\"><img loading=\"lazy\" decoding=\"async\" class=\"alignnone size-medium wp-image-2694\" src=\"http:\/\/www.assisi-schule-ostbevern.de\/wordpress\/wp-content\/uploads\/2016\/08\/11-11-600x450.jpg\" alt=\"\" width=\"600\" height=\"450\" srcset=\"https:\/\/www.assisi-schule-ostbevern.de\/wordpress\/wp-content\/uploads\/2016\/08\/11-11-600x450.jpg 600w, https:\/\/www.assisi-schule-ostbevern.de\/wordpress\/wp-content\/uploads\/2016\/08\/11-11-768x576.jpg 768w, https:\/\/www.assisi-schule-ostbevern.de\/wordpress\/wp-content\/uploads\/2016\/08\/11-11-1024x768.jpg 1024w\" sizes=\"auto, (max-width: 600px) 100vw, 600px\" \/><\/a> <a href=\"http:\/\/www.assisi-schule-ostbevern.de\/?attachment_id=2695\" rel=\"attachment wp-att-2695\"><img loading=\"lazy\" decoding=\"async\" class=\"alignnone size-medium wp-image-2695\" src=\"http:\/\/www.assisi-schule-ostbevern.de\/wordpress\/wp-content\/uploads\/2016\/08\/12-5-600x450.jpg\" alt=\"\" width=\"600\" height=\"450\" srcset=\"https:\/\/www.assisi-schule-ostbevern.de\/wordpress\/wp-content\/uploads\/2016\/08\/12-5-600x450.jpg 600w, https:\/\/www.assisi-schule-ostbevern.de\/wordpress\/wp-content\/uploads\/2016\/08\/12-5-768x576.jpg 768w, https:\/\/www.assisi-schule-ostbevern.de\/wordpress\/wp-content\/uploads\/2016\/08\/12-5-1024x768.jpg 1024w\" sizes=\"auto, (max-width: 600px) 100vw, 600px\" \/><\/a><\/p>\n<p>&nbsp;<\/p>\n<p><strong><span style=\"color: #993300;\">Sport-<\/span> <span style=\"color: #008000;\">und<\/span> <span style=\"color: #0000ff;\">Spieletag<\/span><\/strong><\/p>\n<p>Auch in diesem Jahr zeigte sich die Franz-von-Assisi-Schule wieder ganz aktiv und fit beim Sport- und Spieletag. Auf dem Schulhof w\u00e4rmten wir uns erstmal mit feurigen Rhythmen auf, bevor wir dann alle gemeinsam zum Beverstadion gingen, um dort unser Bestes zu geben in den Disziplinen Weitwurf, Weitsprung, Werfen, Sprint und Ausdauerlauf. Das war ein ganz sch\u00f6n anstrengendes Programm, bei dem auch ab und zu mal eine Pause n\u00f6tig war, um sich zu erholen und zu st\u00e4rken. Am Ende dieser Anstrengungen warteten dann auf unserem Schulhof viele Spielestationen und ein dickes Eis, das der F\u00f6rderverein f\u00fcr alle Kinder spendierte, auf uns. Auf dem Schulhof konnte dann gespielt, gegessen, gequatscht und gechillt werden, um so einen tollen Sporttag ausklingen zu lassen. Am Ende tanzten und sagen wir alle gemeinsam noch das Kinderloblied &#8222;Aha soum soum mamak&#8220;, das wir in der Trommelzauberwoche so oft gesungen haben. Ein gelungener Abschluss f\u00fcr einen tollen Tag, an dem alle ihr Bestes gegeben haben. Ein gro\u00dfes Dankesch\u00f6n geht an die vielen Eltern, Gro\u00dfeltern und weiteren Helfern, die an den Stationen gemessen, geharkt und angefeuert haben und nat\u00fcrlich an den F\u00f6rderverein f\u00fcr die abschlie\u00dfende Erfrischung.<\/p>\n<p><a href=\"http:\/\/www.assisi-schule-ostbevern.de\/?attachment_id=2647\" rel=\"attachment wp-att-2647\"><img loading=\"lazy\" decoding=\"async\" class=\"alignnone size-medium wp-image-2647\" src=\"http:\/\/www.assisi-schule-ostbevern.de\/wordpress\/wp-content\/uploads\/2016\/08\/1-25-600x450.jpg\" alt=\"\" width=\"600\" height=\"450\" srcset=\"https:\/\/www.assisi-schule-ostbevern.de\/wordpress\/wp-content\/uploads\/2016\/08\/1-25-600x450.jpg 600w, https:\/\/www.assisi-schule-ostbevern.de\/wordpress\/wp-content\/uploads\/2016\/08\/1-25-768x576.jpg 768w, https:\/\/www.assisi-schule-ostbevern.de\/wordpress\/wp-content\/uploads\/2016\/08\/1-25-1024x768.jpg 1024w\" sizes=\"auto, (max-width: 600px) 100vw, 600px\" \/><\/a> <a href=\"http:\/\/www.assisi-schule-ostbevern.de\/?attachment_id=2648\" rel=\"attachment wp-att-2648\"><img loading=\"lazy\" decoding=\"async\" class=\"alignnone size-medium wp-image-2648\" src=\"http:\/\/www.assisi-schule-ostbevern.de\/wordpress\/wp-content\/uploads\/2016\/08\/2-25-600x450.jpg\" alt=\"\" width=\"600\" height=\"450\" srcset=\"https:\/\/www.assisi-schule-ostbevern.de\/wordpress\/wp-content\/uploads\/2016\/08\/2-25-600x450.jpg 600w, https:\/\/www.assisi-schule-ostbevern.de\/wordpress\/wp-content\/uploads\/2016\/08\/2-25-768x576.jpg 768w, https:\/\/www.assisi-schule-ostbevern.de\/wordpress\/wp-content\/uploads\/2016\/08\/2-25-1024x768.jpg 1024w\" sizes=\"auto, (max-width: 600px) 100vw, 600px\" \/><\/a> <a href=\"http:\/\/www.assisi-schule-ostbevern.de\/?attachment_id=2649\" rel=\"attachment wp-att-2649\"><img loading=\"lazy\" decoding=\"async\" class=\"alignnone size-medium wp-image-2649\" src=\"http:\/\/www.assisi-schule-ostbevern.de\/wordpress\/wp-content\/uploads\/2016\/08\/3-26-600x450.jpg\" alt=\"\" width=\"600\" height=\"450\" srcset=\"https:\/\/www.assisi-schule-ostbevern.de\/wordpress\/wp-content\/uploads\/2016\/08\/3-26-600x450.jpg 600w, https:\/\/www.assisi-schule-ostbevern.de\/wordpress\/wp-content\/uploads\/2016\/08\/3-26-768x576.jpg 768w, https:\/\/www.assisi-schule-ostbevern.de\/wordpress\/wp-content\/uploads\/2016\/08\/3-26-1024x768.jpg 1024w\" sizes=\"auto, (max-width: 600px) 100vw, 600px\" \/><\/a> <a href=\"http:\/\/www.assisi-schule-ostbevern.de\/?attachment_id=2650\" rel=\"attachment wp-att-2650\"><img loading=\"lazy\" decoding=\"async\" class=\"alignnone size-medium wp-image-2650\" src=\"http:\/\/www.assisi-schule-ostbevern.de\/wordpress\/wp-content\/uploads\/2016\/08\/4-23-600x450.jpg\" alt=\"\" width=\"600\" height=\"450\" srcset=\"https:\/\/www.assisi-schule-ostbevern.de\/wordpress\/wp-content\/uploads\/2016\/08\/4-23-600x450.jpg 600w, https:\/\/www.assisi-schule-ostbevern.de\/wordpress\/wp-content\/uploads\/2016\/08\/4-23-768x576.jpg 768w, https:\/\/www.assisi-schule-ostbevern.de\/wordpress\/wp-content\/uploads\/2016\/08\/4-23-1024x768.jpg 1024w\" sizes=\"auto, (max-width: 600px) 100vw, 600px\" \/><\/a> <a href=\"http:\/\/www.assisi-schule-ostbevern.de\/?attachment_id=2651\" rel=\"attachment wp-att-2651\"><img loading=\"lazy\" decoding=\"async\" class=\"alignnone size-medium wp-image-2651\" src=\"http:\/\/www.assisi-schule-ostbevern.de\/wordpress\/wp-content\/uploads\/2016\/08\/5-21-600x450.jpg\" alt=\"\" width=\"600\" height=\"450\" srcset=\"https:\/\/www.assisi-schule-ostbevern.de\/wordpress\/wp-content\/uploads\/2016\/08\/5-21-600x450.jpg 600w, https:\/\/www.assisi-schule-ostbevern.de\/wordpress\/wp-content\/uploads\/2016\/08\/5-21-768x576.jpg 768w, https:\/\/www.assisi-schule-ostbevern.de\/wordpress\/wp-content\/uploads\/2016\/08\/5-21-1024x768.jpg 1024w\" sizes=\"auto, (max-width: 600px) 100vw, 600px\" \/><\/a> <a href=\"http:\/\/www.assisi-schule-ostbevern.de\/?attachment_id=2652\" rel=\"attachment wp-att-2652\"><img loading=\"lazy\" decoding=\"async\" class=\"alignnone size-medium wp-image-2652\" src=\"http:\/\/www.assisi-schule-ostbevern.de\/wordpress\/wp-content\/uploads\/2016\/08\/6-20-600x450.jpg\" alt=\"\" width=\"600\" height=\"450\" srcset=\"https:\/\/www.assisi-schule-ostbevern.de\/wordpress\/wp-content\/uploads\/2016\/08\/6-20-600x450.jpg 600w, https:\/\/www.assisi-schule-ostbevern.de\/wordpress\/wp-content\/uploads\/2016\/08\/6-20-768x576.jpg 768w, https:\/\/www.assisi-schule-ostbevern.de\/wordpress\/wp-content\/uploads\/2016\/08\/6-20-1024x768.jpg 1024w\" sizes=\"auto, (max-width: 600px) 100vw, 600px\" \/><\/a> <a href=\"http:\/\/www.assisi-schule-ostbevern.de\/?attachment_id=2653\" rel=\"attachment wp-att-2653\"><img loading=\"lazy\" decoding=\"async\" class=\"alignnone size-medium wp-image-2653\" src=\"http:\/\/www.assisi-schule-ostbevern.de\/wordpress\/wp-content\/uploads\/2016\/08\/7-17-600x450.jpg\" alt=\"\" width=\"600\" height=\"450\" srcset=\"https:\/\/www.assisi-schule-ostbevern.de\/wordpress\/wp-content\/uploads\/2016\/08\/7-17-600x450.jpg 600w, https:\/\/www.assisi-schule-ostbevern.de\/wordpress\/wp-content\/uploads\/2016\/08\/7-17-768x576.jpg 768w, https:\/\/www.assisi-schule-ostbevern.de\/wordpress\/wp-content\/uploads\/2016\/08\/7-17-1024x768.jpg 1024w\" sizes=\"auto, (max-width: 600px) 100vw, 600px\" \/><\/a> <a href=\"http:\/\/www.assisi-schule-ostbevern.de\/?attachment_id=2654\" rel=\"attachment wp-att-2654\"><img loading=\"lazy\" decoding=\"async\" class=\"alignnone size-medium wp-image-2654\" src=\"http:\/\/www.assisi-schule-ostbevern.de\/wordpress\/wp-content\/uploads\/2016\/08\/8-16-600x450.jpg\" alt=\"\" width=\"600\" height=\"450\" srcset=\"https:\/\/www.assisi-schule-ostbevern.de\/wordpress\/wp-content\/uploads\/2016\/08\/8-16-600x450.jpg 600w, https:\/\/www.assisi-schule-ostbevern.de\/wordpress\/wp-content\/uploads\/2016\/08\/8-16-768x576.jpg 768w, https:\/\/www.assisi-schule-ostbevern.de\/wordpress\/wp-content\/uploads\/2016\/08\/8-16-1024x768.jpg 1024w\" sizes=\"auto, (max-width: 600px) 100vw, 600px\" \/><\/a> <a href=\"http:\/\/www.assisi-schule-ostbevern.de\/?attachment_id=2655\" rel=\"attachment wp-att-2655\"><img loading=\"lazy\" decoding=\"async\" class=\"alignnone size-medium wp-image-2655\" src=\"http:\/\/www.assisi-schule-ostbevern.de\/wordpress\/wp-content\/uploads\/2016\/08\/9-14-600x450.jpg\" alt=\"\" width=\"600\" height=\"450\" srcset=\"https:\/\/www.assisi-schule-ostbevern.de\/wordpress\/wp-content\/uploads\/2016\/08\/9-14-600x450.jpg 600w, https:\/\/www.assisi-schule-ostbevern.de\/wordpress\/wp-content\/uploads\/2016\/08\/9-14-768x576.jpg 768w, https:\/\/www.assisi-schule-ostbevern.de\/wordpress\/wp-content\/uploads\/2016\/08\/9-14-1024x768.jpg 1024w\" sizes=\"auto, (max-width: 600px) 100vw, 600px\" \/><\/a> <a href=\"http:\/\/www.assisi-schule-ostbevern.de\/?attachment_id=2656\" rel=\"attachment wp-att-2656\"><img loading=\"lazy\" decoding=\"async\" class=\"alignnone size-medium wp-image-2656\" src=\"http:\/\/www.assisi-schule-ostbevern.de\/wordpress\/wp-content\/uploads\/2016\/08\/10-13-600x450.jpg\" alt=\"\" width=\"600\" height=\"450\" srcset=\"https:\/\/www.assisi-schule-ostbevern.de\/wordpress\/wp-content\/uploads\/2016\/08\/10-13-600x450.jpg 600w, https:\/\/www.assisi-schule-ostbevern.de\/wordpress\/wp-content\/uploads\/2016\/08\/10-13-768x576.jpg 768w, https:\/\/www.assisi-schule-ostbevern.de\/wordpress\/wp-content\/uploads\/2016\/08\/10-13-1024x768.jpg 1024w\" sizes=\"auto, (max-width: 600px) 100vw, 600px\" \/><\/a> <a href=\"http:\/\/www.assisi-schule-ostbevern.de\/?attachment_id=2657\" rel=\"attachment wp-att-2657\"><img loading=\"lazy\" decoding=\"async\" class=\"alignnone size-medium wp-image-2657\" src=\"http:\/\/www.assisi-schule-ostbevern.de\/wordpress\/wp-content\/uploads\/2016\/08\/11-10-600x450.jpg\" alt=\"\" width=\"600\" height=\"450\" srcset=\"https:\/\/www.assisi-schule-ostbevern.de\/wordpress\/wp-content\/uploads\/2016\/08\/11-10-600x450.jpg 600w, https:\/\/www.assisi-schule-ostbevern.de\/wordpress\/wp-content\/uploads\/2016\/08\/11-10-768x576.jpg 768w, https:\/\/www.assisi-schule-ostbevern.de\/wordpress\/wp-content\/uploads\/2016\/08\/11-10-1024x768.jpg 1024w\" sizes=\"auto, (max-width: 600px) 100vw, 600px\" \/><\/a> <a href=\"http:\/\/www.assisi-schule-ostbevern.de\/?attachment_id=2658\" rel=\"attachment wp-att-2658\"><img loading=\"lazy\" decoding=\"async\" class=\"alignnone size-medium wp-image-2658\" src=\"http:\/\/www.assisi-schule-ostbevern.de\/wordpress\/wp-content\/uploads\/2016\/08\/12-4-600x450.jpg\" alt=\"\" width=\"600\" height=\"450\" srcset=\"https:\/\/www.assisi-schule-ostbevern.de\/wordpress\/wp-content\/uploads\/2016\/08\/12-4-600x450.jpg 600w, https:\/\/www.assisi-schule-ostbevern.de\/wordpress\/wp-content\/uploads\/2016\/08\/12-4-768x576.jpg 768w, https:\/\/www.assisi-schule-ostbevern.de\/wordpress\/wp-content\/uploads\/2016\/08\/12-4-1024x768.jpg 1024w\" sizes=\"auto, (max-width: 600px) 100vw, 600px\" \/><\/a> <a href=\"http:\/\/www.assisi-schule-ostbevern.de\/?attachment_id=2659\" rel=\"attachment wp-att-2659\"><img loading=\"lazy\" decoding=\"async\" class=\"alignnone size-medium wp-image-2659\" src=\"http:\/\/www.assisi-schule-ostbevern.de\/wordpress\/wp-content\/uploads\/2016\/08\/13-4-600x450.jpg\" alt=\"\" width=\"600\" height=\"450\" srcset=\"https:\/\/www.assisi-schule-ostbevern.de\/wordpress\/wp-content\/uploads\/2016\/08\/13-4-600x450.jpg 600w, https:\/\/www.assisi-schule-ostbevern.de\/wordpress\/wp-content\/uploads\/2016\/08\/13-4-768x576.jpg 768w, https:\/\/www.assisi-schule-ostbevern.de\/wordpress\/wp-content\/uploads\/2016\/08\/13-4-1024x768.jpg 1024w\" sizes=\"auto, (max-width: 600px) 100vw, 600px\" \/><\/a> <a href=\"http:\/\/www.assisi-schule-ostbevern.de\/?attachment_id=2660\" rel=\"attachment wp-att-2660\"><img loading=\"lazy\" decoding=\"async\" class=\"alignnone size-medium wp-image-2660\" src=\"http:\/\/www.assisi-schule-ostbevern.de\/wordpress\/wp-content\/uploads\/2016\/08\/14-1-450x600.jpg\" alt=\"\" width=\"450\" height=\"600\" srcset=\"https:\/\/www.assisi-schule-ostbevern.de\/wordpress\/wp-content\/uploads\/2016\/08\/14-1-450x600.jpg 450w, https:\/\/www.assisi-schule-ostbevern.de\/wordpress\/wp-content\/uploads\/2016\/08\/14-1-768x1024.jpg 768w\" sizes=\"auto, (max-width: 450px) 100vw, 450px\" \/><\/a> <a href=\"http:\/\/www.assisi-schule-ostbevern.de\/?attachment_id=2661\" rel=\"attachment wp-att-2661\"><img loading=\"lazy\" decoding=\"async\" class=\"alignnone size-medium wp-image-2661\" src=\"http:\/\/www.assisi-schule-ostbevern.de\/wordpress\/wp-content\/uploads\/2016\/08\/15-1-600x450.jpg\" alt=\"\" width=\"600\" height=\"450\" srcset=\"https:\/\/www.assisi-schule-ostbevern.de\/wordpress\/wp-content\/uploads\/2016\/08\/15-1-600x450.jpg 600w, https:\/\/www.assisi-schule-ostbevern.de\/wordpress\/wp-content\/uploads\/2016\/08\/15-1-768x576.jpg 768w, https:\/\/www.assisi-schule-ostbevern.de\/wordpress\/wp-content\/uploads\/2016\/08\/15-1-1024x768.jpg 1024w\" sizes=\"auto, (max-width: 600px) 100vw, 600px\" \/><\/a> <a href=\"http:\/\/www.assisi-schule-ostbevern.de\/?attachment_id=2662\" rel=\"attachment wp-att-2662\"><img loading=\"lazy\" decoding=\"async\" class=\"alignnone size-medium wp-image-2662\" src=\"http:\/\/www.assisi-schule-ostbevern.de\/wordpress\/wp-content\/uploads\/2016\/08\/16-1-600x450.jpg\" alt=\"\" width=\"600\" height=\"450\" srcset=\"https:\/\/www.assisi-schule-ostbevern.de\/wordpress\/wp-content\/uploads\/2016\/08\/16-1-600x450.jpg 600w, https:\/\/www.assisi-schule-ostbevern.de\/wordpress\/wp-content\/uploads\/2016\/08\/16-1-768x576.jpg 768w, https:\/\/www.assisi-schule-ostbevern.de\/wordpress\/wp-content\/uploads\/2016\/08\/16-1-1024x768.jpg 1024w\" sizes=\"auto, (max-width: 600px) 100vw, 600px\" \/><\/a> <a href=\"http:\/\/www.assisi-schule-ostbevern.de\/?attachment_id=2663\" rel=\"attachment wp-att-2663\"><img loading=\"lazy\" decoding=\"async\" class=\"alignnone size-medium wp-image-2663\" src=\"http:\/\/www.assisi-schule-ostbevern.de\/wordpress\/wp-content\/uploads\/2016\/08\/17-1-600x450.jpg\" alt=\"\" width=\"600\" height=\"450\" srcset=\"https:\/\/www.assisi-schule-ostbevern.de\/wordpress\/wp-content\/uploads\/2016\/08\/17-1-600x450.jpg 600w, https:\/\/www.assisi-schule-ostbevern.de\/wordpress\/wp-content\/uploads\/2016\/08\/17-1-768x576.jpg 768w, https:\/\/www.assisi-schule-ostbevern.de\/wordpress\/wp-content\/uploads\/2016\/08\/17-1-1024x768.jpg 1024w\" sizes=\"auto, (max-width: 600px) 100vw, 600px\" \/><\/a> <a href=\"http:\/\/www.assisi-schule-ostbevern.de\/?attachment_id=2664\" rel=\"attachment wp-att-2664\"><img loading=\"lazy\" decoding=\"async\" class=\"alignnone size-medium wp-image-2664\" src=\"http:\/\/www.assisi-schule-ostbevern.de\/wordpress\/wp-content\/uploads\/2016\/08\/18-1-600x450.jpg\" alt=\"\" width=\"600\" height=\"450\" srcset=\"https:\/\/www.assisi-schule-ostbevern.de\/wordpress\/wp-content\/uploads\/2016\/08\/18-1-600x450.jpg 600w, https:\/\/www.assisi-schule-ostbevern.de\/wordpress\/wp-content\/uploads\/2016\/08\/18-1-768x576.jpg 768w, https:\/\/www.assisi-schule-ostbevern.de\/wordpress\/wp-content\/uploads\/2016\/08\/18-1-1024x768.jpg 1024w\" sizes=\"auto, (max-width: 600px) 100vw, 600px\" \/><\/a><\/p>\n<p><strong><span style=\"color: #993300;\">Armin<\/span> <span style=\"color: #008000;\">Kaster<\/span> <span style=\"color: #3366ff;\">&#8211; <\/span><span style=\"color: #800080;\">Autorenlesung<\/span><\/strong><\/p>\n<p>Eine Klassenfahrt k\u00f6nnte ja auch erholsam sein. Aber es ist wirklich kein Wunder, dass man v\u00f6llig geschafft nach Hause kommt, wenn einem bei hundert Stundenkilometern im Bus kotz\u00fcbel wird, man sich schon auf der ersten Wanderung verirrt, man beim Tretbootfahren fast von Bremsen totgebissen wird und dann noch knapp am Ertrinken vorbeischrammt, die eigene Oma mitf\u00e4hrt, bei der Nachtwanderung in einen Ameisenhaufen f\u00e4llt und sich in den Buschauffeur verknallt. Da hilft dann nur ein Riesen-Eisbecher mit allem Drum und Dran! &#8211; Dies ist die Kurzbeschreibung des Buches, das Armin Kaster heute den Kindern der 3. und 4. Klassen vorlas. Der Titel des Buches lautet &#8222;Ferdi, Lutz und ich auf Klassenfahrt&#8220;. Und so rasant und lustig wie der Klappentext wurde dann auch die Lesung der ersten Kapitel, in denen sich die Ereignisse geradezu \u00fcberschlugen. Dabei konnten die Kinder auf einer Leinwand die Illustrationen zum Bild immer mit verfolgen. Am Ende hatte der Autor auch noch Zeit, um die Fragen der Kinder zu beantworten. Die Sch\u00fclerinnen und Sch\u00fcler der dritten und vierten Klasse wollten zum Bespiel wissen, wie er auf die Ideen f\u00fcr seine B\u00fccher kommt, welches Buch er zuallererst geschrieben hat, welches Buch sein Lieblingsbuch ist und vieles, vieles mehr.<\/p>\n<p>Es ist immer wieder ein tolles Erlebnis, wenn man einen Autor hautnah erleben darf und deshalb sind wir froh, dass wir es auch in diesem Jahr wieder geschafft haben, eine Autorenlesung zu veranstalten. Ein gro\u00dfes Dankesch\u00f6n geht deshalb an den F\u00f6rderverein unserer Schule, der es uns finanziell erm\u00f6glicht, alle zwei Jahre einen Autor f\u00fcr eine Lesung einladen zu k\u00f6nnen.<\/p>\n<p><a href=\"http:\/\/www.assisi-schule-ostbevern.de\/?attachment_id=2635\" rel=\"attachment wp-att-2635\"><img loading=\"lazy\" decoding=\"async\" class=\"alignnone size-medium wp-image-2635\" src=\"http:\/\/www.assisi-schule-ostbevern.de\/wordpress\/wp-content\/uploads\/2016\/08\/3-25-600x450.jpg\" alt=\"\" width=\"600\" height=\"450\" srcset=\"https:\/\/www.assisi-schule-ostbevern.de\/wordpress\/wp-content\/uploads\/2016\/08\/3-25-600x450.jpg 600w, https:\/\/www.assisi-schule-ostbevern.de\/wordpress\/wp-content\/uploads\/2016\/08\/3-25-768x576.jpg 768w, https:\/\/www.assisi-schule-ostbevern.de\/wordpress\/wp-content\/uploads\/2016\/08\/3-25-1024x768.jpg 1024w\" sizes=\"auto, (max-width: 600px) 100vw, 600px\" \/><\/a> <a href=\"http:\/\/www.assisi-schule-ostbevern.de\/?attachment_id=2636\" rel=\"attachment wp-att-2636\"><img loading=\"lazy\" decoding=\"async\" class=\"alignnone size-medium wp-image-2636\" src=\"http:\/\/www.assisi-schule-ostbevern.de\/wordpress\/wp-content\/uploads\/2016\/08\/2-24-600x450.jpg\" alt=\"\" width=\"600\" height=\"450\" srcset=\"https:\/\/www.assisi-schule-ostbevern.de\/wordpress\/wp-content\/uploads\/2016\/08\/2-24-600x450.jpg 600w, https:\/\/www.assisi-schule-ostbevern.de\/wordpress\/wp-content\/uploads\/2016\/08\/2-24-768x576.jpg 768w, https:\/\/www.assisi-schule-ostbevern.de\/wordpress\/wp-content\/uploads\/2016\/08\/2-24-1024x768.jpg 1024w\" sizes=\"auto, (max-width: 600px) 100vw, 600px\" \/><\/a> <a href=\"http:\/\/www.assisi-schule-ostbevern.de\/?attachment_id=2637\" rel=\"attachment wp-att-2637\"><img loading=\"lazy\" decoding=\"async\" class=\"alignnone size-medium wp-image-2637\" src=\"http:\/\/www.assisi-schule-ostbevern.de\/wordpress\/wp-content\/uploads\/2016\/08\/4-22-600x450.jpg\" alt=\"\" width=\"600\" height=\"450\" srcset=\"https:\/\/www.assisi-schule-ostbevern.de\/wordpress\/wp-content\/uploads\/2016\/08\/4-22-600x450.jpg 600w, https:\/\/www.assisi-schule-ostbevern.de\/wordpress\/wp-content\/uploads\/2016\/08\/4-22-768x576.jpg 768w, https:\/\/www.assisi-schule-ostbevern.de\/wordpress\/wp-content\/uploads\/2016\/08\/4-22-1024x768.jpg 1024w\" sizes=\"auto, (max-width: 600px) 100vw, 600px\" \/><\/a> <a href=\"http:\/\/www.assisi-schule-ostbevern.de\/?attachment_id=2638\" rel=\"attachment wp-att-2638\"><img loading=\"lazy\" decoding=\"async\" class=\"alignnone size-medium wp-image-2638\" src=\"http:\/\/www.assisi-schule-ostbevern.de\/wordpress\/wp-content\/uploads\/2016\/08\/5-20-600x450.jpg\" alt=\"\" width=\"600\" height=\"450\" srcset=\"https:\/\/www.assisi-schule-ostbevern.de\/wordpress\/wp-content\/uploads\/2016\/08\/5-20-600x450.jpg 600w, https:\/\/www.assisi-schule-ostbevern.de\/wordpress\/wp-content\/uploads\/2016\/08\/5-20-768x576.jpg 768w, https:\/\/www.assisi-schule-ostbevern.de\/wordpress\/wp-content\/uploads\/2016\/08\/5-20-1024x768.jpg 1024w\" sizes=\"auto, (max-width: 600px) 100vw, 600px\" \/><\/a><\/p>\n<p>&nbsp;<\/p>\n<p><strong><span style=\"color: #993300;\">Tag<\/span> <span style=\"color: #008080;\">des<\/span> <span style=\"color: #800080;\">Buches<\/span><\/strong><\/p>\n<p>Am 23. April war der Tag des Buches. Dies nahmen wir zum Anlass, um mal wieder eine Vorlese-Aktion f\u00fcr die gesamte Schulgemeinde zu starten. Die Lehrerinnen und Lehrer und auch weitere Mitarbeiter\/innen und Eltern hatten wieder tolle B\u00fccher f\u00fcr diese Aktion ausgesucht und die Kinder durften w\u00e4hlen, in welche B\u00fccherwelt sie sich entf\u00fchren lassen wollten. Es waren dieses Mal auch zwei Angebote dabei, bei denen die B\u00fccher zweisprachig vorgelesen wurden: In einer Gruppe wurde auf Franz\u00f6sisch und Deutsch vorgelesen, in der anderen Gruppe auf Deutsch und Russisch.<\/p>\n<p><a href=\"http:\/\/www.assisi-schule-ostbevern.de\/?attachment_id=2613\" rel=\"attachment wp-att-2613\"><img loading=\"lazy\" decoding=\"async\" class=\"alignnone size-medium wp-image-2613\" src=\"http:\/\/www.assisi-schule-ostbevern.de\/wordpress\/wp-content\/uploads\/2016\/08\/2017-04-28-09.15.26-600x450.jpg\" alt=\"\" width=\"600\" height=\"450\" srcset=\"https:\/\/www.assisi-schule-ostbevern.de\/wordpress\/wp-content\/uploads\/2016\/08\/2017-04-28-09.15.26-600x450.jpg 600w, https:\/\/www.assisi-schule-ostbevern.de\/wordpress\/wp-content\/uploads\/2016\/08\/2017-04-28-09.15.26.jpg 700w\" sizes=\"auto, (max-width: 600px) 100vw, 600px\" \/><\/a> <a href=\"http:\/\/www.assisi-schule-ostbevern.de\/?attachment_id=2614\" rel=\"attachment wp-att-2614\"><img loading=\"lazy\" decoding=\"async\" class=\"alignnone size-medium wp-image-2614\" src=\"http:\/\/www.assisi-schule-ostbevern.de\/wordpress\/wp-content\/uploads\/2016\/08\/2017-04-28-08.54.02-1-600x450.jpg\" alt=\"\" width=\"600\" height=\"450\" srcset=\"https:\/\/www.assisi-schule-ostbevern.de\/wordpress\/wp-content\/uploads\/2016\/08\/2017-04-28-08.54.02-1-600x450.jpg 600w, https:\/\/www.assisi-schule-ostbevern.de\/wordpress\/wp-content\/uploads\/2016\/08\/2017-04-28-08.54.02-1.jpg 700w\" sizes=\"auto, (max-width: 600px) 100vw, 600px\" \/><\/a> <a href=\"http:\/\/www.assisi-schule-ostbevern.de\/?attachment_id=2615\" rel=\"attachment wp-att-2615\"><img loading=\"lazy\" decoding=\"async\" class=\"alignnone size-medium wp-image-2615\" src=\"http:\/\/www.assisi-schule-ostbevern.de\/wordpress\/wp-content\/uploads\/2016\/08\/2017-04-28-08.54.59-600x450.jpg\" alt=\"\" width=\"600\" height=\"450\" srcset=\"https:\/\/www.assisi-schule-ostbevern.de\/wordpress\/wp-content\/uploads\/2016\/08\/2017-04-28-08.54.59-600x450.jpg 600w, https:\/\/www.assisi-schule-ostbevern.de\/wordpress\/wp-content\/uploads\/2016\/08\/2017-04-28-08.54.59.jpg 700w\" sizes=\"auto, (max-width: 600px) 100vw, 600px\" \/><\/a> <a href=\"http:\/\/www.assisi-schule-ostbevern.de\/?attachment_id=2616\" rel=\"attachment wp-att-2616\"><img loading=\"lazy\" decoding=\"async\" class=\"alignnone size-medium wp-image-2616\" src=\"http:\/\/www.assisi-schule-ostbevern.de\/wordpress\/wp-content\/uploads\/2016\/08\/2017-04-28-08.56.34-600x450.jpg\" alt=\"\" width=\"600\" height=\"450\" srcset=\"https:\/\/www.assisi-schule-ostbevern.de\/wordpress\/wp-content\/uploads\/2016\/08\/2017-04-28-08.56.34-600x450.jpg 600w, https:\/\/www.assisi-schule-ostbevern.de\/wordpress\/wp-content\/uploads\/2016\/08\/2017-04-28-08.56.34.jpg 700w\" sizes=\"auto, (max-width: 600px) 100vw, 600px\" \/><\/a> <a href=\"http:\/\/www.assisi-schule-ostbevern.de\/?attachment_id=2617\" rel=\"attachment wp-att-2617\"><img loading=\"lazy\" decoding=\"async\" class=\"alignnone size-medium wp-image-2617\" src=\"http:\/\/www.assisi-schule-ostbevern.de\/wordpress\/wp-content\/uploads\/2016\/08\/2017-04-28-08.58.45-600x450.jpg\" alt=\"\" width=\"600\" height=\"450\" srcset=\"https:\/\/www.assisi-schule-ostbevern.de\/wordpress\/wp-content\/uploads\/2016\/08\/2017-04-28-08.58.45-600x450.jpg 600w, https:\/\/www.assisi-schule-ostbevern.de\/wordpress\/wp-content\/uploads\/2016\/08\/2017-04-28-08.58.45.jpg 700w\" sizes=\"auto, (max-width: 600px) 100vw, 600px\" \/><\/a> <a href=\"http:\/\/www.assisi-schule-ostbevern.de\/?attachment_id=2618\" rel=\"attachment wp-att-2618\"><img loading=\"lazy\" decoding=\"async\" class=\"alignnone size-medium wp-image-2618\" src=\"http:\/\/www.assisi-schule-ostbevern.de\/wordpress\/wp-content\/uploads\/2016\/08\/2017-04-28-08.59.48-600x450.jpg\" alt=\"\" width=\"600\" height=\"450\" srcset=\"https:\/\/www.assisi-schule-ostbevern.de\/wordpress\/wp-content\/uploads\/2016\/08\/2017-04-28-08.59.48-600x450.jpg 600w, https:\/\/www.assisi-schule-ostbevern.de\/wordpress\/wp-content\/uploads\/2016\/08\/2017-04-28-08.59.48.jpg 700w\" sizes=\"auto, (max-width: 600px) 100vw, 600px\" \/><\/a> <a href=\"http:\/\/www.assisi-schule-ostbevern.de\/?attachment_id=2619\" rel=\"attachment wp-att-2619\"><img loading=\"lazy\" decoding=\"async\" class=\"alignnone size-medium wp-image-2619\" src=\"http:\/\/www.assisi-schule-ostbevern.de\/wordpress\/wp-content\/uploads\/2016\/08\/2017-04-28-09.03.34-600x450.jpg\" alt=\"\" width=\"600\" height=\"450\" srcset=\"https:\/\/www.assisi-schule-ostbevern.de\/wordpress\/wp-content\/uploads\/2016\/08\/2017-04-28-09.03.34-600x450.jpg 600w, https:\/\/www.assisi-schule-ostbevern.de\/wordpress\/wp-content\/uploads\/2016\/08\/2017-04-28-09.03.34.jpg 700w\" sizes=\"auto, (max-width: 600px) 100vw, 600px\" \/><\/a> <a href=\"http:\/\/www.assisi-schule-ostbevern.de\/?attachment_id=2620\" rel=\"attachment wp-att-2620\"><img loading=\"lazy\" decoding=\"async\" class=\"alignnone size-medium wp-image-2620\" src=\"http:\/\/www.assisi-schule-ostbevern.de\/wordpress\/wp-content\/uploads\/2016\/08\/2017-04-28-09.08.11-600x450.jpg\" alt=\"\" width=\"600\" height=\"450\" srcset=\"https:\/\/www.assisi-schule-ostbevern.de\/wordpress\/wp-content\/uploads\/2016\/08\/2017-04-28-09.08.11-600x450.jpg 600w, https:\/\/www.assisi-schule-ostbevern.de\/wordpress\/wp-content\/uploads\/2016\/08\/2017-04-28-09.08.11.jpg 700w\" sizes=\"auto, (max-width: 600px) 100vw, 600px\" \/><\/a> <a href=\"http:\/\/www.assisi-schule-ostbevern.de\/?attachment_id=2621\" rel=\"attachment wp-att-2621\"><img loading=\"lazy\" decoding=\"async\" class=\"alignnone size-medium wp-image-2621\" src=\"http:\/\/www.assisi-schule-ostbevern.de\/wordpress\/wp-content\/uploads\/2016\/08\/2017-04-28-09.09.44-600x450.jpg\" alt=\"\" width=\"600\" height=\"450\" srcset=\"https:\/\/www.assisi-schule-ostbevern.de\/wordpress\/wp-content\/uploads\/2016\/08\/2017-04-28-09.09.44-600x450.jpg 600w, https:\/\/www.assisi-schule-ostbevern.de\/wordpress\/wp-content\/uploads\/2016\/08\/2017-04-28-09.09.44.jpg 700w\" sizes=\"auto, (max-width: 600px) 100vw, 600px\" \/><\/a> <a href=\"http:\/\/www.assisi-schule-ostbevern.de\/?attachment_id=2622\" rel=\"attachment wp-att-2622\"><img loading=\"lazy\" decoding=\"async\" class=\"alignnone size-medium wp-image-2622\" src=\"http:\/\/www.assisi-schule-ostbevern.de\/wordpress\/wp-content\/uploads\/2016\/08\/2017-04-28-09.11.55-600x450.jpg\" alt=\"\" width=\"600\" height=\"450\" srcset=\"https:\/\/www.assisi-schule-ostbevern.de\/wordpress\/wp-content\/uploads\/2016\/08\/2017-04-28-09.11.55-600x450.jpg 600w, https:\/\/www.assisi-schule-ostbevern.de\/wordpress\/wp-content\/uploads\/2016\/08\/2017-04-28-09.11.55.jpg 700w\" sizes=\"auto, (max-width: 600px) 100vw, 600px\" \/><\/a><\/p>\n<p><strong><span style=\"color: #008000;\">Fr\u00fchlings<span style=\"color: #ffcc00;\">singen<\/span><\/span><\/strong><\/p>\n<p>Wie in jedem Jahr traf sich die gesamte Schulgemeinde am letzten Schultag vor den Osterferien im Forum zum Fr\u00fchlingssingen. Da wir alle noch sehr stark unter dem Eindruck unserer Trommelzauber-Projektwoche standen, haben wir nat\u00fcrlich auch einige Lieder, die wir bei Johnny Lamprecht gelernt haben, noch einmal gemeinsam gesungen, um die Ferien einzul\u00e4uten. Au\u00dferdem haben die Assisi-Amseln unter der Leitung von Frau Bleibel und die Gitarrensch\u00fcler\/innen unter der Leitung von Herrn Ebbing (Musikschule) den Fr\u00fchling musikalische umgesetzt.<\/p>\n<p><a href=\"http:\/\/www.assisi-schule-ostbevern.de\/?attachment_id=2602\" rel=\"attachment wp-att-2602\"><img loading=\"lazy\" decoding=\"async\" class=\"alignnone size-medium wp-image-2602\" src=\"http:\/\/www.assisi-schule-ostbevern.de\/wordpress\/wp-content\/uploads\/2016\/08\/1-24-600x450.jpg\" alt=\"\" width=\"600\" height=\"450\" srcset=\"https:\/\/www.assisi-schule-ostbevern.de\/wordpress\/wp-content\/uploads\/2016\/08\/1-24-600x450.jpg 600w, https:\/\/www.assisi-schule-ostbevern.de\/wordpress\/wp-content\/uploads\/2016\/08\/1-24-768x576.jpg 768w, https:\/\/www.assisi-schule-ostbevern.de\/wordpress\/wp-content\/uploads\/2016\/08\/1-24-1024x768.jpg 1024w\" sizes=\"auto, (max-width: 600px) 100vw, 600px\" \/><\/a> <a href=\"http:\/\/www.assisi-schule-ostbevern.de\/?attachment_id=2603\" rel=\"attachment wp-att-2603\"><img loading=\"lazy\" decoding=\"async\" class=\"alignnone size-medium wp-image-2603\" src=\"http:\/\/www.assisi-schule-ostbevern.de\/wordpress\/wp-content\/uploads\/2016\/08\/2-23-600x450.jpg\" alt=\"\" width=\"600\" height=\"450\" srcset=\"https:\/\/www.assisi-schule-ostbevern.de\/wordpress\/wp-content\/uploads\/2016\/08\/2-23-600x450.jpg 600w, https:\/\/www.assisi-schule-ostbevern.de\/wordpress\/wp-content\/uploads\/2016\/08\/2-23-768x576.jpg 768w, https:\/\/www.assisi-schule-ostbevern.de\/wordpress\/wp-content\/uploads\/2016\/08\/2-23-1024x768.jpg 1024w\" sizes=\"auto, (max-width: 600px) 100vw, 600px\" \/><\/a> <a href=\"http:\/\/www.assisi-schule-ostbevern.de\/?attachment_id=2604\" rel=\"attachment wp-att-2604\"><img loading=\"lazy\" decoding=\"async\" class=\"alignnone size-medium wp-image-2604\" src=\"http:\/\/www.assisi-schule-ostbevern.de\/wordpress\/wp-content\/uploads\/2016\/08\/3-24-600x450.jpg\" alt=\"\" width=\"600\" height=\"450\" srcset=\"https:\/\/www.assisi-schule-ostbevern.de\/wordpress\/wp-content\/uploads\/2016\/08\/3-24-600x450.jpg 600w, https:\/\/www.assisi-schule-ostbevern.de\/wordpress\/wp-content\/uploads\/2016\/08\/3-24-768x576.jpg 768w, https:\/\/www.assisi-schule-ostbevern.de\/wordpress\/wp-content\/uploads\/2016\/08\/3-24-1024x768.jpg 1024w\" sizes=\"auto, (max-width: 600px) 100vw, 600px\" \/><\/a> <a href=\"http:\/\/www.assisi-schule-ostbevern.de\/?attachment_id=2605\" rel=\"attachment wp-att-2605\"><img loading=\"lazy\" decoding=\"async\" class=\"alignnone size-medium wp-image-2605\" src=\"http:\/\/www.assisi-schule-ostbevern.de\/wordpress\/wp-content\/uploads\/2016\/08\/4-21-600x450.jpg\" alt=\"\" width=\"600\" height=\"450\" srcset=\"https:\/\/www.assisi-schule-ostbevern.de\/wordpress\/wp-content\/uploads\/2016\/08\/4-21-600x450.jpg 600w, https:\/\/www.assisi-schule-ostbevern.de\/wordpress\/wp-content\/uploads\/2016\/08\/4-21-768x576.jpg 768w, https:\/\/www.assisi-schule-ostbevern.de\/wordpress\/wp-content\/uploads\/2016\/08\/4-21-1024x768.jpg 1024w\" sizes=\"auto, (max-width: 600px) 100vw, 600px\" \/><\/a> <a href=\"http:\/\/www.assisi-schule-ostbevern.de\/?attachment_id=2606\" rel=\"attachment wp-att-2606\"><img loading=\"lazy\" decoding=\"async\" class=\"alignnone size-medium wp-image-2606\" src=\"http:\/\/www.assisi-schule-ostbevern.de\/wordpress\/wp-content\/uploads\/2016\/08\/5-19-600x450.jpg\" alt=\"\" width=\"600\" height=\"450\" srcset=\"https:\/\/www.assisi-schule-ostbevern.de\/wordpress\/wp-content\/uploads\/2016\/08\/5-19-600x450.jpg 600w, https:\/\/www.assisi-schule-ostbevern.de\/wordpress\/wp-content\/uploads\/2016\/08\/5-19-768x576.jpg 768w, https:\/\/www.assisi-schule-ostbevern.de\/wordpress\/wp-content\/uploads\/2016\/08\/5-19-1024x768.jpg 1024w\" sizes=\"auto, (max-width: 600px) 100vw, 600px\" \/><\/a> <a href=\"http:\/\/www.assisi-schule-ostbevern.de\/?attachment_id=2607\" rel=\"attachment wp-att-2607\"><img loading=\"lazy\" decoding=\"async\" class=\"alignnone size-medium wp-image-2607\" src=\"http:\/\/www.assisi-schule-ostbevern.de\/wordpress\/wp-content\/uploads\/2016\/08\/6-19-600x450.jpg\" alt=\"\" width=\"600\" height=\"450\" srcset=\"https:\/\/www.assisi-schule-ostbevern.de\/wordpress\/wp-content\/uploads\/2016\/08\/6-19-600x450.jpg 600w, https:\/\/www.assisi-schule-ostbevern.de\/wordpress\/wp-content\/uploads\/2016\/08\/6-19-768x576.jpg 768w, https:\/\/www.assisi-schule-ostbevern.de\/wordpress\/wp-content\/uploads\/2016\/08\/6-19-1024x768.jpg 1024w\" sizes=\"auto, (max-width: 600px) 100vw, 600px\" \/><\/a><\/p>\n<p>&nbsp;<\/p>\n<p><strong><span style=\"color: #ff6600;\">Kartoffeln<\/span> <span style=\"color: #008000;\">setzen<\/span><\/strong><\/p>\n<p>Die Klassen 2b und 2a haben Kartoffeln gepflanzt. Die Klasse 2a war als erstes dran. Wir mussten warten und haben die Hunde gestreichelt. Dann sind wir auf das Feld gegangen und dann durfte jeder zwei Kartoffeln pflanzen. Der Bauer Verenkotte hat die L\u00f6cher gemacht und wir haben die Kartoffeln reingelegt. Dann sind wir wieder zur\u00fcck gelaufen. Dann war die 2b dran und wir haben gefr\u00fchst\u00fcckt und gespielt. Dann sind wir durch die St\u00e4lle gelaufen und auf einmal lief eine Maus da lang. Alle haben geschrien. Nachher haben wir uns in einen gro\u00dfen Kreis aufgestellt. Dann kam ein Kalb und wir durften es streicheln. (Mira Vennek\u00f6tter, 2a)<\/p>\n<p><a href=\"http:\/\/www.assisi-schule-ostbevern.de\/?attachment_id=2592\" rel=\"attachment wp-att-2592\"><img loading=\"lazy\" decoding=\"async\" class=\"alignnone size-medium wp-image-2592\" src=\"http:\/\/www.assisi-schule-ostbevern.de\/wordpress\/wp-content\/uploads\/2016\/08\/1-23-600x450.jpg\" alt=\"\" width=\"600\" height=\"450\" srcset=\"https:\/\/www.assisi-schule-ostbevern.de\/wordpress\/wp-content\/uploads\/2016\/08\/1-23-600x450.jpg 600w, https:\/\/www.assisi-schule-ostbevern.de\/wordpress\/wp-content\/uploads\/2016\/08\/1-23-768x576.jpg 768w, https:\/\/www.assisi-schule-ostbevern.de\/wordpress\/wp-content\/uploads\/2016\/08\/1-23-1024x768.jpg 1024w\" sizes=\"auto, (max-width: 600px) 100vw, 600px\" \/><\/a> <a href=\"http:\/\/www.assisi-schule-ostbevern.de\/?attachment_id=2593\" rel=\"attachment wp-att-2593\"><img loading=\"lazy\" decoding=\"async\" class=\"alignnone size-medium wp-image-2593\" src=\"http:\/\/www.assisi-schule-ostbevern.de\/wordpress\/wp-content\/uploads\/2016\/08\/2-22-600x450.jpg\" alt=\"\" width=\"600\" height=\"450\" srcset=\"https:\/\/www.assisi-schule-ostbevern.de\/wordpress\/wp-content\/uploads\/2016\/08\/2-22-600x450.jpg 600w, https:\/\/www.assisi-schule-ostbevern.de\/wordpress\/wp-content\/uploads\/2016\/08\/2-22-768x576.jpg 768w, https:\/\/www.assisi-schule-ostbevern.de\/wordpress\/wp-content\/uploads\/2016\/08\/2-22-1024x768.jpg 1024w\" sizes=\"auto, (max-width: 600px) 100vw, 600px\" \/><\/a> <a href=\"http:\/\/www.assisi-schule-ostbevern.de\/?attachment_id=2594\" rel=\"attachment wp-att-2594\"><img loading=\"lazy\" decoding=\"async\" class=\"alignnone size-medium wp-image-2594\" src=\"http:\/\/www.assisi-schule-ostbevern.de\/wordpress\/wp-content\/uploads\/2016\/08\/3-23-600x450.jpg\" alt=\"\" width=\"600\" height=\"450\" srcset=\"https:\/\/www.assisi-schule-ostbevern.de\/wordpress\/wp-content\/uploads\/2016\/08\/3-23-600x450.jpg 600w, https:\/\/www.assisi-schule-ostbevern.de\/wordpress\/wp-content\/uploads\/2016\/08\/3-23-768x576.jpg 768w, https:\/\/www.assisi-schule-ostbevern.de\/wordpress\/wp-content\/uploads\/2016\/08\/3-23-1024x768.jpg 1024w\" sizes=\"auto, (max-width: 600px) 100vw, 600px\" \/><\/a> <a href=\"http:\/\/www.assisi-schule-ostbevern.de\/?attachment_id=2595\" rel=\"attachment wp-att-2595\"><img loading=\"lazy\" decoding=\"async\" class=\"alignnone size-medium wp-image-2595\" src=\"http:\/\/www.assisi-schule-ostbevern.de\/wordpress\/wp-content\/uploads\/2016\/08\/4-20-600x450.jpg\" alt=\"\" width=\"600\" height=\"450\" srcset=\"https:\/\/www.assisi-schule-ostbevern.de\/wordpress\/wp-content\/uploads\/2016\/08\/4-20-600x450.jpg 600w, https:\/\/www.assisi-schule-ostbevern.de\/wordpress\/wp-content\/uploads\/2016\/08\/4-20-768x576.jpg 768w, https:\/\/www.assisi-schule-ostbevern.de\/wordpress\/wp-content\/uploads\/2016\/08\/4-20-1024x768.jpg 1024w\" sizes=\"auto, (max-width: 600px) 100vw, 600px\" \/><\/a> <a href=\"http:\/\/www.assisi-schule-ostbevern.de\/?attachment_id=2596\" rel=\"attachment wp-att-2596\"><img loading=\"lazy\" decoding=\"async\" class=\"alignnone size-medium wp-image-2596\" src=\"http:\/\/www.assisi-schule-ostbevern.de\/wordpress\/wp-content\/uploads\/2016\/08\/5-18-600x450.jpg\" alt=\"\" width=\"600\" height=\"450\" srcset=\"https:\/\/www.assisi-schule-ostbevern.de\/wordpress\/wp-content\/uploads\/2016\/08\/5-18-600x450.jpg 600w, https:\/\/www.assisi-schule-ostbevern.de\/wordpress\/wp-content\/uploads\/2016\/08\/5-18-768x576.jpg 768w, https:\/\/www.assisi-schule-ostbevern.de\/wordpress\/wp-content\/uploads\/2016\/08\/5-18-1024x768.jpg 1024w\" sizes=\"auto, (max-width: 600px) 100vw, 600px\" \/><\/a> <a href=\"http:\/\/www.assisi-schule-ostbevern.de\/?attachment_id=2597\" rel=\"attachment wp-att-2597\"><img loading=\"lazy\" decoding=\"async\" class=\"alignnone size-medium wp-image-2597\" src=\"http:\/\/www.assisi-schule-ostbevern.de\/wordpress\/wp-content\/uploads\/2016\/08\/6-18-600x450.jpg\" alt=\"\" width=\"600\" height=\"450\" srcset=\"https:\/\/www.assisi-schule-ostbevern.de\/wordpress\/wp-content\/uploads\/2016\/08\/6-18-600x450.jpg 600w, https:\/\/www.assisi-schule-ostbevern.de\/wordpress\/wp-content\/uploads\/2016\/08\/6-18-768x576.jpg 768w, https:\/\/www.assisi-schule-ostbevern.de\/wordpress\/wp-content\/uploads\/2016\/08\/6-18-1024x768.jpg 1024w\" sizes=\"auto, (max-width: 600px) 100vw, 600px\" \/><\/a> <a href=\"http:\/\/www.assisi-schule-ostbevern.de\/?attachment_id=2598\" rel=\"attachment wp-att-2598\"><img loading=\"lazy\" decoding=\"async\" class=\"alignnone size-medium wp-image-2598\" src=\"http:\/\/www.assisi-schule-ostbevern.de\/wordpress\/wp-content\/uploads\/2016\/08\/7-16-600x450.jpg\" alt=\"\" width=\"600\" height=\"450\" srcset=\"https:\/\/www.assisi-schule-ostbevern.de\/wordpress\/wp-content\/uploads\/2016\/08\/7-16-600x450.jpg 600w, https:\/\/www.assisi-schule-ostbevern.de\/wordpress\/wp-content\/uploads\/2016\/08\/7-16-768x576.jpg 768w, https:\/\/www.assisi-schule-ostbevern.de\/wordpress\/wp-content\/uploads\/2016\/08\/7-16-1024x768.jpg 1024w\" sizes=\"auto, (max-width: 600px) 100vw, 600px\" \/><\/a> <a href=\"http:\/\/www.assisi-schule-ostbevern.de\/?attachment_id=2599\" rel=\"attachment wp-att-2599\"><img loading=\"lazy\" decoding=\"async\" class=\"alignnone size-medium wp-image-2599\" src=\"http:\/\/www.assisi-schule-ostbevern.de\/wordpress\/wp-content\/uploads\/2016\/08\/8-15-600x450.jpg\" alt=\"\" width=\"600\" height=\"450\" srcset=\"https:\/\/www.assisi-schule-ostbevern.de\/wordpress\/wp-content\/uploads\/2016\/08\/8-15-600x450.jpg 600w, https:\/\/www.assisi-schule-ostbevern.de\/wordpress\/wp-content\/uploads\/2016\/08\/8-15-768x576.jpg 768w, https:\/\/www.assisi-schule-ostbevern.de\/wordpress\/wp-content\/uploads\/2016\/08\/8-15-1024x768.jpg 1024w\" sizes=\"auto, (max-width: 600px) 100vw, 600px\" \/><\/a><\/p>\n<p>&nbsp;<\/p>\n<p><strong><span style=\"color: #ff6600;\">Trommel<\/span><span style=\"color: #800000;\">zauber<\/span><span style=\"color: #339966;\">-Projekt<\/span><span style=\"color: #0000ff;\"> &#8211; Tag 5<br \/>\n<\/span><\/strong><\/p>\n<p>Am Freitag war nun unser gro\u00dfer und aufregender Tag. Morgens begann schon alles mit einer Generalprobe mit Kost\u00fcmen, zu der auch alle Ambrosiussch\u00fcler und zuk\u00fcnftigen Schulkinder aus den Kinderg\u00e4rten eingeladen waren. Da hatten wir schon ein volles Haus, oder besser gesagt: eine volle Kirche! Das Lampenfieber war deutlich zu sp\u00fcren und sollte sich zum Nachmittag hin noch deutlicher bemerkbar machen, denn dann warteten noch mehr Zuschauer auf uns. Um 15 Uhr startete unser Schuljubil\u00e4um dann offiziell mit der Auff\u00fchrug des Musicals &#8222;Das Geheimnis der Zaubertrommel&#8220; in der Ambrosiuskirche. Alles klappte reibungslos und Johnny Lamprecht heizte auch dem Publikum so richtig ein. Am Ende sa\u00df niemand mehr auf seinem Platz und alle trommelten und tanzten und verbreiteten so eine ansteckend gute Laune in der gesamten Ambrosiuskirche. Im Anschluss ging es dann auf unseren Schulhof, auf dem der F\u00f6rderverein schon alles vorbereitet hatte, damit alle sich nach der Anstrengung erstmal st\u00e4rken konnten. Es gab Getr\u00e4nke und Pizza bei bestem Wetter und die Kinder konnten sich erstmal auf dem Schulhof austoben. Auch Peter Rodermund von dem Projekt &#8222;Hakuna Matata&#8220;, das unsere Schule unterst\u00fctzt, ist extra f\u00fcr unser Jubil\u00e4um eingereist, um von dem Projekt zu erz\u00e4hlen und hand gemachte Kleinigkeiten (Schmuck, Spielzeug, &#8230;) der Stra\u00dfenkinder in Brasilien zu verkaufen. Am Ende gratulierten uns dann noch der B\u00fcrgermeister Wolfgang Annen, die Nachbarschulen und viele weitere G\u00e4ste zu unserem 20j\u00e4hrigen Jubil\u00e4um. Zum kr\u00f6nenden Abschluss umarmten wir alle gemeinsam unser tolles Schulgeb\u00e4ude und sangen zusammen &#8222;Viel Gl\u00fcck und viel Segen&#8220;. Eine aufregende, erlebnisreiche und begeisternde Woche ging somit zu Ende. Die Erinnerung daran wird noch lange anhalten. Vielen Dank an die vielen helfenden H\u00e4nde bei der Vor- und Nachbereitung, aber auch bei der Durchf\u00fchrung dieser wunderbaren Woche! Ein besonderer Dank gilt dem F\u00f6rderverein, der dieses Projekt finanziell erm\u00f6glicht hat. Au\u00dferdem sind wir Pfarrer Mombauer sehr dankbar, dass wir das Musical in der Ambrosiuskirche auff\u00fchren durften. Es war ein ganz besonderes Erlebnis.<\/p>\n<p><a href=\"http:\/\/www.assisi-schule-ostbevern.de\/?attachment_id=2559\" rel=\"attachment wp-att-2559\"><img loading=\"lazy\" decoding=\"async\" class=\"alignnone size-medium wp-image-2559\" src=\"http:\/\/www.assisi-schule-ostbevern.de\/wordpress\/wp-content\/uploads\/2016\/08\/1-22-600x450.jpg\" alt=\"\" width=\"600\" height=\"450\" srcset=\"https:\/\/www.assisi-schule-ostbevern.de\/wordpress\/wp-content\/uploads\/2016\/08\/1-22-600x450.jpg 600w, https:\/\/www.assisi-schule-ostbevern.de\/wordpress\/wp-content\/uploads\/2016\/08\/1-22-768x576.jpg 768w, https:\/\/www.assisi-schule-ostbevern.de\/wordpress\/wp-content\/uploads\/2016\/08\/1-22-1024x768.jpg 1024w\" sizes=\"auto, (max-width: 600px) 100vw, 600px\" \/><\/a> <a href=\"http:\/\/www.assisi-schule-ostbevern.de\/?attachment_id=2560\" rel=\"attachment wp-att-2560\"><img loading=\"lazy\" decoding=\"async\" class=\"alignnone size-medium wp-image-2560\" src=\"http:\/\/www.assisi-schule-ostbevern.de\/wordpress\/wp-content\/uploads\/2016\/08\/2-21-600x450.jpg\" alt=\"\" width=\"600\" height=\"450\" srcset=\"https:\/\/www.assisi-schule-ostbevern.de\/wordpress\/wp-content\/uploads\/2016\/08\/2-21-600x450.jpg 600w, https:\/\/www.assisi-schule-ostbevern.de\/wordpress\/wp-content\/uploads\/2016\/08\/2-21-768x576.jpg 768w, https:\/\/www.assisi-schule-ostbevern.de\/wordpress\/wp-content\/uploads\/2016\/08\/2-21-1024x768.jpg 1024w\" sizes=\"auto, (max-width: 600px) 100vw, 600px\" \/><\/a> <a href=\"http:\/\/www.assisi-schule-ostbevern.de\/?attachment_id=2561\" rel=\"attachment wp-att-2561\"><img loading=\"lazy\" decoding=\"async\" class=\"alignnone size-medium wp-image-2561\" src=\"http:\/\/www.assisi-schule-ostbevern.de\/wordpress\/wp-content\/uploads\/2016\/08\/3-22-600x450.jpg\" alt=\"\" width=\"600\" height=\"450\" srcset=\"https:\/\/www.assisi-schule-ostbevern.de\/wordpress\/wp-content\/uploads\/2016\/08\/3-22-600x450.jpg 600w, https:\/\/www.assisi-schule-ostbevern.de\/wordpress\/wp-content\/uploads\/2016\/08\/3-22-768x576.jpg 768w, https:\/\/www.assisi-schule-ostbevern.de\/wordpress\/wp-content\/uploads\/2016\/08\/3-22-1024x768.jpg 1024w\" sizes=\"auto, (max-width: 600px) 100vw, 600px\" \/><\/a> <a href=\"http:\/\/www.assisi-schule-ostbevern.de\/?attachment_id=2562\" rel=\"attachment wp-att-2562\"><img loading=\"lazy\" decoding=\"async\" class=\"alignnone size-medium wp-image-2562\" src=\"http:\/\/www.assisi-schule-ostbevern.de\/wordpress\/wp-content\/uploads\/2016\/08\/4-19-450x600.jpg\" alt=\"\" width=\"450\" height=\"600\" srcset=\"https:\/\/www.assisi-schule-ostbevern.de\/wordpress\/wp-content\/uploads\/2016\/08\/4-19-450x600.jpg 450w, https:\/\/www.assisi-schule-ostbevern.de\/wordpress\/wp-content\/uploads\/2016\/08\/4-19-768x1024.jpg 768w\" sizes=\"auto, (max-width: 450px) 100vw, 450px\" \/><\/a> <a href=\"http:\/\/www.assisi-schule-ostbevern.de\/?attachment_id=2563\" rel=\"attachment wp-att-2563\"><img loading=\"lazy\" decoding=\"async\" class=\"alignnone size-medium wp-image-2563\" src=\"http:\/\/www.assisi-schule-ostbevern.de\/wordpress\/wp-content\/uploads\/2016\/08\/5-17-600x450.jpg\" alt=\"\" width=\"600\" height=\"450\" srcset=\"https:\/\/www.assisi-schule-ostbevern.de\/wordpress\/wp-content\/uploads\/2016\/08\/5-17-600x450.jpg 600w, https:\/\/www.assisi-schule-ostbevern.de\/wordpress\/wp-content\/uploads\/2016\/08\/5-17-768x576.jpg 768w, https:\/\/www.assisi-schule-ostbevern.de\/wordpress\/wp-content\/uploads\/2016\/08\/5-17-1024x768.jpg 1024w\" sizes=\"auto, (max-width: 600px) 100vw, 600px\" \/><\/a> <a href=\"http:\/\/www.assisi-schule-ostbevern.de\/?attachment_id=2564\" rel=\"attachment wp-att-2564\"><img loading=\"lazy\" decoding=\"async\" class=\"alignnone size-medium wp-image-2564\" src=\"http:\/\/www.assisi-schule-ostbevern.de\/wordpress\/wp-content\/uploads\/2016\/08\/6-17-600x450.jpg\" alt=\"\" width=\"600\" height=\"450\" srcset=\"https:\/\/www.assisi-schule-ostbevern.de\/wordpress\/wp-content\/uploads\/2016\/08\/6-17-600x450.jpg 600w, https:\/\/www.assisi-schule-ostbevern.de\/wordpress\/wp-content\/uploads\/2016\/08\/6-17-768x576.jpg 768w, https:\/\/www.assisi-schule-ostbevern.de\/wordpress\/wp-content\/uploads\/2016\/08\/6-17-1024x768.jpg 1024w\" sizes=\"auto, (max-width: 600px) 100vw, 600px\" \/><\/a> <a href=\"http:\/\/www.assisi-schule-ostbevern.de\/?attachment_id=2565\" rel=\"attachment wp-att-2565\"><img loading=\"lazy\" decoding=\"async\" class=\"alignnone size-medium wp-image-2565\" src=\"http:\/\/www.assisi-schule-ostbevern.de\/wordpress\/wp-content\/uploads\/2016\/08\/7-15-450x600.jpg\" alt=\"\" width=\"450\" height=\"600\" srcset=\"https:\/\/www.assisi-schule-ostbevern.de\/wordpress\/wp-content\/uploads\/2016\/08\/7-15-450x600.jpg 450w, https:\/\/www.assisi-schule-ostbevern.de\/wordpress\/wp-content\/uploads\/2016\/08\/7-15-768x1024.jpg 768w\" sizes=\"auto, (max-width: 450px) 100vw, 450px\" \/><\/a> <a href=\"http:\/\/www.assisi-schule-ostbevern.de\/?attachment_id=2566\" rel=\"attachment wp-att-2566\"><img loading=\"lazy\" decoding=\"async\" class=\"alignnone size-medium wp-image-2566\" src=\"http:\/\/www.assisi-schule-ostbevern.de\/wordpress\/wp-content\/uploads\/2016\/08\/8-14-600x450.jpg\" alt=\"\" width=\"600\" height=\"450\" srcset=\"https:\/\/www.assisi-schule-ostbevern.de\/wordpress\/wp-content\/uploads\/2016\/08\/8-14-600x450.jpg 600w, https:\/\/www.assisi-schule-ostbevern.de\/wordpress\/wp-content\/uploads\/2016\/08\/8-14-768x576.jpg 768w, https:\/\/www.assisi-schule-ostbevern.de\/wordpress\/wp-content\/uploads\/2016\/08\/8-14-1024x768.jpg 1024w\" sizes=\"auto, (max-width: 600px) 100vw, 600px\" \/><\/a> <a href=\"http:\/\/www.assisi-schule-ostbevern.de\/?attachment_id=2567\" rel=\"attachment wp-att-2567\"><img loading=\"lazy\" decoding=\"async\" class=\"alignnone size-medium wp-image-2567\" src=\"http:\/\/www.assisi-schule-ostbevern.de\/wordpress\/wp-content\/uploads\/2016\/08\/9-13-600x450.jpg\" alt=\"\" width=\"600\" height=\"450\" srcset=\"https:\/\/www.assisi-schule-ostbevern.de\/wordpress\/wp-content\/uploads\/2016\/08\/9-13-600x450.jpg 600w, https:\/\/www.assisi-schule-ostbevern.de\/wordpress\/wp-content\/uploads\/2016\/08\/9-13-768x576.jpg 768w, https:\/\/www.assisi-schule-ostbevern.de\/wordpress\/wp-content\/uploads\/2016\/08\/9-13-1024x768.jpg 1024w\" sizes=\"auto, (max-width: 600px) 100vw, 600px\" \/><\/a> <a href=\"http:\/\/www.assisi-schule-ostbevern.de\/?attachment_id=2568\" rel=\"attachment wp-att-2568\"><img loading=\"lazy\" decoding=\"async\" class=\"alignnone size-medium wp-image-2568\" src=\"http:\/\/www.assisi-schule-ostbevern.de\/wordpress\/wp-content\/uploads\/2016\/08\/10-12-600x450.jpg\" alt=\"\" width=\"600\" height=\"450\" srcset=\"https:\/\/www.assisi-schule-ostbevern.de\/wordpress\/wp-content\/uploads\/2016\/08\/10-12-600x450.jpg 600w, https:\/\/www.assisi-schule-ostbevern.de\/wordpress\/wp-content\/uploads\/2016\/08\/10-12-768x576.jpg 768w, https:\/\/www.assisi-schule-ostbevern.de\/wordpress\/wp-content\/uploads\/2016\/08\/10-12-1024x768.jpg 1024w\" sizes=\"auto, (max-width: 600px) 100vw, 600px\" \/><\/a> <a href=\"http:\/\/www.assisi-schule-ostbevern.de\/?attachment_id=2569\" rel=\"attachment wp-att-2569\"><img loading=\"lazy\" decoding=\"async\" class=\"alignnone size-medium wp-image-2569\" src=\"http:\/\/www.assisi-schule-ostbevern.de\/wordpress\/wp-content\/uploads\/2016\/08\/11-9-600x450.jpg\" alt=\"\" width=\"600\" height=\"450\" srcset=\"https:\/\/www.assisi-schule-ostbevern.de\/wordpress\/wp-content\/uploads\/2016\/08\/11-9-600x450.jpg 600w, https:\/\/www.assisi-schule-ostbevern.de\/wordpress\/wp-content\/uploads\/2016\/08\/11-9-768x576.jpg 768w, https:\/\/www.assisi-schule-ostbevern.de\/wordpress\/wp-content\/uploads\/2016\/08\/11-9-1024x768.jpg 1024w\" sizes=\"auto, (max-width: 600px) 100vw, 600px\" \/><\/a> <a href=\"http:\/\/www.assisi-schule-ostbevern.de\/?attachment_id=2570\" rel=\"attachment wp-att-2570\"><img loading=\"lazy\" decoding=\"async\" class=\"alignnone size-medium wp-image-2570\" src=\"http:\/\/www.assisi-schule-ostbevern.de\/wordpress\/wp-content\/uploads\/2016\/08\/12-3-600x450.jpg\" alt=\"\" width=\"600\" height=\"450\" srcset=\"https:\/\/www.assisi-schule-ostbevern.de\/wordpress\/wp-content\/uploads\/2016\/08\/12-3-600x450.jpg 600w, https:\/\/www.assisi-schule-ostbevern.de\/wordpress\/wp-content\/uploads\/2016\/08\/12-3-768x576.jpg 768w, https:\/\/www.assisi-schule-ostbevern.de\/wordpress\/wp-content\/uploads\/2016\/08\/12-3-1024x768.jpg 1024w\" sizes=\"auto, (max-width: 600px) 100vw, 600px\" \/><\/a> <a href=\"http:\/\/www.assisi-schule-ostbevern.de\/?attachment_id=2571\" rel=\"attachment wp-att-2571\"><img loading=\"lazy\" decoding=\"async\" class=\"alignnone size-medium wp-image-2571\" src=\"http:\/\/www.assisi-schule-ostbevern.de\/wordpress\/wp-content\/uploads\/2016\/08\/13-3-600x450.jpg\" alt=\"\" width=\"600\" height=\"450\" srcset=\"https:\/\/www.assisi-schule-ostbevern.de\/wordpress\/wp-content\/uploads\/2016\/08\/13-3-600x450.jpg 600w, https:\/\/www.assisi-schule-ostbevern.de\/wordpress\/wp-content\/uploads\/2016\/08\/13-3-768x576.jpg 768w, https:\/\/www.assisi-schule-ostbevern.de\/wordpress\/wp-content\/uploads\/2016\/08\/13-3-1024x768.jpg 1024w\" sizes=\"auto, (max-width: 600px) 100vw, 600px\" \/><\/a> <a href=\"http:\/\/www.assisi-schule-ostbevern.de\/?attachment_id=2572\" rel=\"attachment wp-att-2572\"><img loading=\"lazy\" decoding=\"async\" class=\"alignnone size-medium wp-image-2572\" src=\"http:\/\/www.assisi-schule-ostbevern.de\/wordpress\/wp-content\/uploads\/2016\/08\/14-600x450.jpg\" alt=\"\" width=\"600\" height=\"450\" srcset=\"https:\/\/www.assisi-schule-ostbevern.de\/wordpress\/wp-content\/uploads\/2016\/08\/14-600x450.jpg 600w, https:\/\/www.assisi-schule-ostbevern.de\/wordpress\/wp-content\/uploads\/2016\/08\/14-768x576.jpg 768w, https:\/\/www.assisi-schule-ostbevern.de\/wordpress\/wp-content\/uploads\/2016\/08\/14-1024x768.jpg 1024w\" sizes=\"auto, (max-width: 600px) 100vw, 600px\" \/><\/a> <a href=\"http:\/\/www.assisi-schule-ostbevern.de\/?attachment_id=2573\" rel=\"attachment wp-att-2573\"><img loading=\"lazy\" decoding=\"async\" class=\"alignnone size-medium wp-image-2573\" src=\"http:\/\/www.assisi-schule-ostbevern.de\/wordpress\/wp-content\/uploads\/2016\/08\/15-450x600.jpg\" alt=\"\" width=\"450\" height=\"600\" srcset=\"https:\/\/www.assisi-schule-ostbevern.de\/wordpress\/wp-content\/uploads\/2016\/08\/15-450x600.jpg 450w, https:\/\/www.assisi-schule-ostbevern.de\/wordpress\/wp-content\/uploads\/2016\/08\/15-768x1024.jpg 768w\" sizes=\"auto, (max-width: 450px) 100vw, 450px\" \/><\/a> <a href=\"http:\/\/www.assisi-schule-ostbevern.de\/?attachment_id=2574\" rel=\"attachment wp-att-2574\"><img loading=\"lazy\" decoding=\"async\" class=\"alignnone size-medium wp-image-2574\" src=\"http:\/\/www.assisi-schule-ostbevern.de\/wordpress\/wp-content\/uploads\/2016\/08\/16-600x450.jpg\" alt=\"\" width=\"600\" height=\"450\" srcset=\"https:\/\/www.assisi-schule-ostbevern.de\/wordpress\/wp-content\/uploads\/2016\/08\/16-600x450.jpg 600w, https:\/\/www.assisi-schule-ostbevern.de\/wordpress\/wp-content\/uploads\/2016\/08\/16-768x576.jpg 768w, https:\/\/www.assisi-schule-ostbevern.de\/wordpress\/wp-content\/uploads\/2016\/08\/16-1024x768.jpg 1024w\" sizes=\"auto, (max-width: 600px) 100vw, 600px\" \/><\/a> <a href=\"http:\/\/www.assisi-schule-ostbevern.de\/?attachment_id=2575\" rel=\"attachment wp-att-2575\"><img loading=\"lazy\" decoding=\"async\" class=\"alignnone size-medium wp-image-2575\" src=\"http:\/\/www.assisi-schule-ostbevern.de\/wordpress\/wp-content\/uploads\/2016\/08\/17-600x450.jpg\" alt=\"\" width=\"600\" height=\"450\" srcset=\"https:\/\/www.assisi-schule-ostbevern.de\/wordpress\/wp-content\/uploads\/2016\/08\/17-600x450.jpg 600w, https:\/\/www.assisi-schule-ostbevern.de\/wordpress\/wp-content\/uploads\/2016\/08\/17-768x576.jpg 768w, https:\/\/www.assisi-schule-ostbevern.de\/wordpress\/wp-content\/uploads\/2016\/08\/17-1024x768.jpg 1024w\" sizes=\"auto, (max-width: 600px) 100vw, 600px\" \/><\/a> <a href=\"http:\/\/www.assisi-schule-ostbevern.de\/?attachment_id=2576\" rel=\"attachment wp-att-2576\"><img loading=\"lazy\" decoding=\"async\" class=\"alignnone size-medium wp-image-2576\" src=\"http:\/\/www.assisi-schule-ostbevern.de\/wordpress\/wp-content\/uploads\/2016\/08\/18-600x450.jpg\" alt=\"\" width=\"600\" height=\"450\" srcset=\"https:\/\/www.assisi-schule-ostbevern.de\/wordpress\/wp-content\/uploads\/2016\/08\/18-600x450.jpg 600w, https:\/\/www.assisi-schule-ostbevern.de\/wordpress\/wp-content\/uploads\/2016\/08\/18-768x576.jpg 768w, https:\/\/www.assisi-schule-ostbevern.de\/wordpress\/wp-content\/uploads\/2016\/08\/18-1024x768.jpg 1024w\" sizes=\"auto, (max-width: 600px) 100vw, 600px\" \/><\/a> <a href=\"http:\/\/www.assisi-schule-ostbevern.de\/?attachment_id=2577\" rel=\"attachment wp-att-2577\"><img loading=\"lazy\" decoding=\"async\" class=\"alignnone size-medium wp-image-2577\" src=\"http:\/\/www.assisi-schule-ostbevern.de\/wordpress\/wp-content\/uploads\/2016\/08\/19-600x450.jpg\" alt=\"\" width=\"600\" height=\"450\" srcset=\"https:\/\/www.assisi-schule-ostbevern.de\/wordpress\/wp-content\/uploads\/2016\/08\/19-600x450.jpg 600w, https:\/\/www.assisi-schule-ostbevern.de\/wordpress\/wp-content\/uploads\/2016\/08\/19-768x576.jpg 768w, https:\/\/www.assisi-schule-ostbevern.de\/wordpress\/wp-content\/uploads\/2016\/08\/19-1024x768.jpg 1024w\" sizes=\"auto, (max-width: 600px) 100vw, 600px\" \/><\/a> <a href=\"http:\/\/www.assisi-schule-ostbevern.de\/?attachment_id=2578\" rel=\"attachment wp-att-2578\"><img loading=\"lazy\" decoding=\"async\" class=\"alignnone size-medium wp-image-2578\" src=\"http:\/\/www.assisi-schule-ostbevern.de\/wordpress\/wp-content\/uploads\/2016\/08\/20-600x450.jpg\" alt=\"\" width=\"600\" height=\"450\" srcset=\"https:\/\/www.assisi-schule-ostbevern.de\/wordpress\/wp-content\/uploads\/2016\/08\/20-600x450.jpg 600w, https:\/\/www.assisi-schule-ostbevern.de\/wordpress\/wp-content\/uploads\/2016\/08\/20-768x576.jpg 768w, https:\/\/www.assisi-schule-ostbevern.de\/wordpress\/wp-content\/uploads\/2016\/08\/20-1024x768.jpg 1024w\" sizes=\"auto, (max-width: 600px) 100vw, 600px\" \/><\/a> <a href=\"http:\/\/www.assisi-schule-ostbevern.de\/?attachment_id=2579\" rel=\"attachment wp-att-2579\"><img loading=\"lazy\" decoding=\"async\" class=\"alignnone size-medium wp-image-2579\" src=\"http:\/\/www.assisi-schule-ostbevern.de\/wordpress\/wp-content\/uploads\/2016\/08\/21-600x450.jpg\" alt=\"\" width=\"600\" height=\"450\" srcset=\"https:\/\/www.assisi-schule-ostbevern.de\/wordpress\/wp-content\/uploads\/2016\/08\/21-600x450.jpg 600w, https:\/\/www.assisi-schule-ostbevern.de\/wordpress\/wp-content\/uploads\/2016\/08\/21-768x576.jpg 768w, https:\/\/www.assisi-schule-ostbevern.de\/wordpress\/wp-content\/uploads\/2016\/08\/21-1024x768.jpg 1024w\" sizes=\"auto, (max-width: 600px) 100vw, 600px\" \/><\/a> <a href=\"http:\/\/www.assisi-schule-ostbevern.de\/?attachment_id=2580\" rel=\"attachment wp-att-2580\"><img loading=\"lazy\" decoding=\"async\" class=\"alignnone size-medium wp-image-2580\" src=\"http:\/\/www.assisi-schule-ostbevern.de\/wordpress\/wp-content\/uploads\/2016\/08\/22-600x450.jpg\" alt=\"\" width=\"600\" height=\"450\" srcset=\"https:\/\/www.assisi-schule-ostbevern.de\/wordpress\/wp-content\/uploads\/2016\/08\/22-600x450.jpg 600w, https:\/\/www.assisi-schule-ostbevern.de\/wordpress\/wp-content\/uploads\/2016\/08\/22-768x576.jpg 768w, https:\/\/www.assisi-schule-ostbevern.de\/wordpress\/wp-content\/uploads\/2016\/08\/22-1024x768.jpg 1024w\" sizes=\"auto, (max-width: 600px) 100vw, 600px\" \/><\/a> <a href=\"http:\/\/www.assisi-schule-ostbevern.de\/?attachment_id=2581\" rel=\"attachment wp-att-2581\"><img loading=\"lazy\" decoding=\"async\" class=\"alignnone size-medium wp-image-2581\" src=\"http:\/\/www.assisi-schule-ostbevern.de\/wordpress\/wp-content\/uploads\/2016\/08\/23-600x450.jpg\" alt=\"\" width=\"600\" height=\"450\" srcset=\"https:\/\/www.assisi-schule-ostbevern.de\/wordpress\/wp-content\/uploads\/2016\/08\/23-600x450.jpg 600w, https:\/\/www.assisi-schule-ostbevern.de\/wordpress\/wp-content\/uploads\/2016\/08\/23-768x576.jpg 768w, https:\/\/www.assisi-schule-ostbevern.de\/wordpress\/wp-content\/uploads\/2016\/08\/23-1024x768.jpg 1024w\" sizes=\"auto, (max-width: 600px) 100vw, 600px\" \/><\/a> <a href=\"http:\/\/www.assisi-schule-ostbevern.de\/?attachment_id=2582\" rel=\"attachment wp-att-2582\"><img loading=\"lazy\" decoding=\"async\" class=\"alignnone size-medium wp-image-2582\" src=\"http:\/\/www.assisi-schule-ostbevern.de\/wordpress\/wp-content\/uploads\/2016\/08\/24-450x600.jpg\" alt=\"\" width=\"450\" height=\"600\" srcset=\"https:\/\/www.assisi-schule-ostbevern.de\/wordpress\/wp-content\/uploads\/2016\/08\/24-450x600.jpg 450w, https:\/\/www.assisi-schule-ostbevern.de\/wordpress\/wp-content\/uploads\/2016\/08\/24-768x1024.jpg 768w\" sizes=\"auto, (max-width: 450px) 100vw, 450px\" \/><\/a> <a href=\"http:\/\/www.assisi-schule-ostbevern.de\/?attachment_id=2583\" rel=\"attachment wp-att-2583\"><img loading=\"lazy\" decoding=\"async\" class=\"alignnone size-medium wp-image-2583\" src=\"http:\/\/www.assisi-schule-ostbevern.de\/wordpress\/wp-content\/uploads\/2016\/08\/25-600x450.jpg\" alt=\"\" width=\"600\" height=\"450\" srcset=\"https:\/\/www.assisi-schule-ostbevern.de\/wordpress\/wp-content\/uploads\/2016\/08\/25-600x450.jpg 600w, https:\/\/www.assisi-schule-ostbevern.de\/wordpress\/wp-content\/uploads\/2016\/08\/25-768x576.jpg 768w, https:\/\/www.assisi-schule-ostbevern.de\/wordpress\/wp-content\/uploads\/2016\/08\/25-1024x768.jpg 1024w\" sizes=\"auto, (max-width: 600px) 100vw, 600px\" \/><\/a> <a href=\"http:\/\/www.assisi-schule-ostbevern.de\/?attachment_id=2584\" rel=\"attachment wp-att-2584\"><img loading=\"lazy\" decoding=\"async\" class=\"alignnone size-medium wp-image-2584\" src=\"http:\/\/www.assisi-schule-ostbevern.de\/wordpress\/wp-content\/uploads\/2016\/08\/26-600x450.jpg\" alt=\"\" width=\"600\" height=\"450\" srcset=\"https:\/\/www.assisi-schule-ostbevern.de\/wordpress\/wp-content\/uploads\/2016\/08\/26-600x450.jpg 600w, https:\/\/www.assisi-schule-ostbevern.de\/wordpress\/wp-content\/uploads\/2016\/08\/26-768x576.jpg 768w, https:\/\/www.assisi-schule-ostbevern.de\/wordpress\/wp-content\/uploads\/2016\/08\/26-1024x768.jpg 1024w\" sizes=\"auto, (max-width: 600px) 100vw, 600px\" \/><\/a> <a href=\"http:\/\/www.assisi-schule-ostbevern.de\/?attachment_id=2585\" rel=\"attachment wp-att-2585\"><img loading=\"lazy\" decoding=\"async\" class=\"alignnone size-medium wp-image-2585\" src=\"http:\/\/www.assisi-schule-ostbevern.de\/wordpress\/wp-content\/uploads\/2016\/08\/27-600x450.jpg\" alt=\"\" width=\"600\" height=\"450\" srcset=\"https:\/\/www.assisi-schule-ostbevern.de\/wordpress\/wp-content\/uploads\/2016\/08\/27-600x450.jpg 600w, https:\/\/www.assisi-schule-ostbevern.de\/wordpress\/wp-content\/uploads\/2016\/08\/27-768x576.jpg 768w, https:\/\/www.assisi-schule-ostbevern.de\/wordpress\/wp-content\/uploads\/2016\/08\/27-1024x768.jpg 1024w\" sizes=\"auto, (max-width: 600px) 100vw, 600px\" \/><\/a> <a href=\"http:\/\/www.assisi-schule-ostbevern.de\/?attachment_id=2586\" rel=\"attachment wp-att-2586\"><img loading=\"lazy\" decoding=\"async\" class=\"alignnone size-medium wp-image-2586\" src=\"http:\/\/www.assisi-schule-ostbevern.de\/wordpress\/wp-content\/uploads\/2016\/08\/28-600x450.jpg\" alt=\"\" width=\"600\" height=\"450\" srcset=\"https:\/\/www.assisi-schule-ostbevern.de\/wordpress\/wp-content\/uploads\/2016\/08\/28-600x450.jpg 600w, https:\/\/www.assisi-schule-ostbevern.de\/wordpress\/wp-content\/uploads\/2016\/08\/28-768x576.jpg 768w, https:\/\/www.assisi-schule-ostbevern.de\/wordpress\/wp-content\/uploads\/2016\/08\/28-1024x768.jpg 1024w\" sizes=\"auto, (max-width: 600px) 100vw, 600px\" \/><\/a><\/p>\n<p>&nbsp;<\/p>\n<p><strong><span style=\"color: #ff6600;\">Trommel<\/span><span style=\"color: #800000;\">zauber<\/span><span style=\"color: #339966;\">-Projekt<\/span><span style=\"color: #0000ff;\"> &#8211; Tag 4<br \/>\n<\/span><\/strong><\/p>\n<p>Am Donnerstag war es endlich soweit: Nachdem noch letzte Hand an die Kost\u00fcme gelegt wurde, wurden\u00a0 unsere Einzelteile aus den Proben der letzten Tage zu einem gro\u00dfen Puzzle zusammen gesetzt. Da die Auff\u00fchrung am Freitag in der Ambrosiuskirche statt finden wird, haben wir nun unsere erste Generalprobe ohne Kost\u00fcme auch dort statt finden lassen. Die B\u00fchne wurde bereits am Vorabend von vielen flei\u00dfigen Helfern aufgebaut und dekoriert, so dass die Kinder nun bereits auf der B\u00fchne proben konnten, wie es sich bei der richtigen Auff\u00fchrung dann wohl anf\u00fchlt. Einigen Kinder war das Lampenfieber, aber auch die gro\u00dfe Vorfreude deutlich anzumerken. Ganz geduldig warteten sie jedoch, bis sie mit ihrer Gruppe an der Reihe waren und haben den anderen aufmerksam zugeh\u00f6rt und zugeschaut. Am Freitag ist dann endlich der gro\u00dfe Tag: Am Morgen zur Generalprobe mit Kost\u00fcmen kommen bereits alle Kinder der Ambrosiusschule und die zuk\u00fcnftigen Erstkl\u00e4ssler aus den Kinderg\u00e4rten als Zuschauer. Am Nachmittag hei\u00dft es dann B\u00fchne frei f\u00fcr alle Eltern, Gro\u00dfeltern, Paten, Freunde, eingeladene G\u00e4ste und Interessierte! Wir freuen uns alle auf die Auff\u00fchrung des Musicals &#8222;Das Geheimnis der Zaubertrommel&#8220;.<\/p>\n<p><a href=\"http:\/\/www.assisi-schule-ostbevern.de\/?attachment_id=2542\" rel=\"attachment wp-att-2542\"><img loading=\"lazy\" decoding=\"async\" class=\"alignnone size-medium wp-image-2542\" src=\"http:\/\/www.assisi-schule-ostbevern.de\/wordpress\/wp-content\/uploads\/2016\/08\/1-21-600x450.jpg\" alt=\"\" width=\"600\" height=\"450\" srcset=\"https:\/\/www.assisi-schule-ostbevern.de\/wordpress\/wp-content\/uploads\/2016\/08\/1-21-600x450.jpg 600w, https:\/\/www.assisi-schule-ostbevern.de\/wordpress\/wp-content\/uploads\/2016\/08\/1-21-768x576.jpg 768w, https:\/\/www.assisi-schule-ostbevern.de\/wordpress\/wp-content\/uploads\/2016\/08\/1-21-1024x768.jpg 1024w\" sizes=\"auto, (max-width: 600px) 100vw, 600px\" \/><\/a> <a href=\"http:\/\/www.assisi-schule-ostbevern.de\/?attachment_id=2543\" rel=\"attachment wp-att-2543\"><img loading=\"lazy\" decoding=\"async\" class=\"alignnone size-medium wp-image-2543\" src=\"http:\/\/www.assisi-schule-ostbevern.de\/wordpress\/wp-content\/uploads\/2016\/08\/2-20-600x450.jpg\" alt=\"\" width=\"600\" height=\"450\" srcset=\"https:\/\/www.assisi-schule-ostbevern.de\/wordpress\/wp-content\/uploads\/2016\/08\/2-20-600x450.jpg 600w, https:\/\/www.assisi-schule-ostbevern.de\/wordpress\/wp-content\/uploads\/2016\/08\/2-20-768x576.jpg 768w, https:\/\/www.assisi-schule-ostbevern.de\/wordpress\/wp-content\/uploads\/2016\/08\/2-20-1024x768.jpg 1024w\" sizes=\"auto, (max-width: 600px) 100vw, 600px\" \/><\/a> <a href=\"http:\/\/www.assisi-schule-ostbevern.de\/?attachment_id=2544\" rel=\"attachment wp-att-2544\"><img loading=\"lazy\" decoding=\"async\" class=\"alignnone size-medium wp-image-2544\" src=\"http:\/\/www.assisi-schule-ostbevern.de\/wordpress\/wp-content\/uploads\/2016\/08\/3-21-600x450.jpg\" alt=\"\" width=\"600\" height=\"450\" srcset=\"https:\/\/www.assisi-schule-ostbevern.de\/wordpress\/wp-content\/uploads\/2016\/08\/3-21-600x450.jpg 600w, https:\/\/www.assisi-schule-ostbevern.de\/wordpress\/wp-content\/uploads\/2016\/08\/3-21-768x576.jpg 768w, https:\/\/www.assisi-schule-ostbevern.de\/wordpress\/wp-content\/uploads\/2016\/08\/3-21-1024x768.jpg 1024w\" sizes=\"auto, (max-width: 600px) 100vw, 600px\" \/><\/a> <a href=\"http:\/\/www.assisi-schule-ostbevern.de\/?attachment_id=2545\" rel=\"attachment wp-att-2545\"><img loading=\"lazy\" decoding=\"async\" class=\"alignnone size-medium wp-image-2545\" src=\"http:\/\/www.assisi-schule-ostbevern.de\/wordpress\/wp-content\/uploads\/2016\/08\/4-18-600x450.jpg\" alt=\"\" width=\"600\" height=\"450\" srcset=\"https:\/\/www.assisi-schule-ostbevern.de\/wordpress\/wp-content\/uploads\/2016\/08\/4-18-600x450.jpg 600w, https:\/\/www.assisi-schule-ostbevern.de\/wordpress\/wp-content\/uploads\/2016\/08\/4-18-768x576.jpg 768w, https:\/\/www.assisi-schule-ostbevern.de\/wordpress\/wp-content\/uploads\/2016\/08\/4-18-1024x768.jpg 1024w\" sizes=\"auto, (max-width: 600px) 100vw, 600px\" \/><\/a> <a href=\"http:\/\/www.assisi-schule-ostbevern.de\/?attachment_id=2546\" rel=\"attachment wp-att-2546\"><img loading=\"lazy\" decoding=\"async\" class=\"alignnone size-medium wp-image-2546\" src=\"http:\/\/www.assisi-schule-ostbevern.de\/wordpress\/wp-content\/uploads\/2016\/08\/5-16-600x450.jpg\" alt=\"\" width=\"600\" height=\"450\" srcset=\"https:\/\/www.assisi-schule-ostbevern.de\/wordpress\/wp-content\/uploads\/2016\/08\/5-16-600x450.jpg 600w, https:\/\/www.assisi-schule-ostbevern.de\/wordpress\/wp-content\/uploads\/2016\/08\/5-16-768x576.jpg 768w, https:\/\/www.assisi-schule-ostbevern.de\/wordpress\/wp-content\/uploads\/2016\/08\/5-16-1024x768.jpg 1024w\" sizes=\"auto, (max-width: 600px) 100vw, 600px\" \/><\/a> <a href=\"http:\/\/www.assisi-schule-ostbevern.de\/?attachment_id=2547\" rel=\"attachment wp-att-2547\"><img loading=\"lazy\" decoding=\"async\" class=\"alignnone size-medium wp-image-2547\" src=\"http:\/\/www.assisi-schule-ostbevern.de\/wordpress\/wp-content\/uploads\/2016\/08\/6-16-600x450.jpg\" alt=\"\" width=\"600\" height=\"450\" srcset=\"https:\/\/www.assisi-schule-ostbevern.de\/wordpress\/wp-content\/uploads\/2016\/08\/6-16-600x450.jpg 600w, https:\/\/www.assisi-schule-ostbevern.de\/wordpress\/wp-content\/uploads\/2016\/08\/6-16-768x576.jpg 768w, https:\/\/www.assisi-schule-ostbevern.de\/wordpress\/wp-content\/uploads\/2016\/08\/6-16-1024x768.jpg 1024w\" sizes=\"auto, (max-width: 600px) 100vw, 600px\" \/><\/a> <a href=\"http:\/\/www.assisi-schule-ostbevern.de\/?attachment_id=2548\" rel=\"attachment wp-att-2548\"><img loading=\"lazy\" decoding=\"async\" class=\"alignnone size-medium wp-image-2548\" src=\"http:\/\/www.assisi-schule-ostbevern.de\/wordpress\/wp-content\/uploads\/2016\/08\/7-14-600x450.jpg\" alt=\"\" width=\"600\" height=\"450\" srcset=\"https:\/\/www.assisi-schule-ostbevern.de\/wordpress\/wp-content\/uploads\/2016\/08\/7-14-600x450.jpg 600w, https:\/\/www.assisi-schule-ostbevern.de\/wordpress\/wp-content\/uploads\/2016\/08\/7-14-768x576.jpg 768w, https:\/\/www.assisi-schule-ostbevern.de\/wordpress\/wp-content\/uploads\/2016\/08\/7-14-1024x768.jpg 1024w\" sizes=\"auto, (max-width: 600px) 100vw, 600px\" \/><\/a> <a href=\"http:\/\/www.assisi-schule-ostbevern.de\/?attachment_id=2549\" rel=\"attachment wp-att-2549\"><img loading=\"lazy\" decoding=\"async\" class=\"alignnone size-medium wp-image-2549\" src=\"http:\/\/www.assisi-schule-ostbevern.de\/wordpress\/wp-content\/uploads\/2016\/08\/8-13-600x450.jpg\" alt=\"\" width=\"600\" height=\"450\" srcset=\"https:\/\/www.assisi-schule-ostbevern.de\/wordpress\/wp-content\/uploads\/2016\/08\/8-13-600x450.jpg 600w, https:\/\/www.assisi-schule-ostbevern.de\/wordpress\/wp-content\/uploads\/2016\/08\/8-13-768x576.jpg 768w, https:\/\/www.assisi-schule-ostbevern.de\/wordpress\/wp-content\/uploads\/2016\/08\/8-13-1024x768.jpg 1024w\" sizes=\"auto, (max-width: 600px) 100vw, 600px\" \/><\/a> <a href=\"http:\/\/www.assisi-schule-ostbevern.de\/?attachment_id=2550\" rel=\"attachment wp-att-2550\"><img loading=\"lazy\" decoding=\"async\" class=\"alignnone size-medium wp-image-2550\" src=\"http:\/\/www.assisi-schule-ostbevern.de\/wordpress\/wp-content\/uploads\/2016\/08\/9-12-600x450.jpg\" alt=\"\" width=\"600\" height=\"450\" srcset=\"https:\/\/www.assisi-schule-ostbevern.de\/wordpress\/wp-content\/uploads\/2016\/08\/9-12-600x450.jpg 600w, https:\/\/www.assisi-schule-ostbevern.de\/wordpress\/wp-content\/uploads\/2016\/08\/9-12-768x576.jpg 768w, https:\/\/www.assisi-schule-ostbevern.de\/wordpress\/wp-content\/uploads\/2016\/08\/9-12-1024x768.jpg 1024w\" sizes=\"auto, (max-width: 600px) 100vw, 600px\" \/><\/a> <a href=\"http:\/\/www.assisi-schule-ostbevern.de\/?attachment_id=2551\" rel=\"attachment wp-att-2551\"><img loading=\"lazy\" decoding=\"async\" class=\"alignnone size-medium wp-image-2551\" src=\"http:\/\/www.assisi-schule-ostbevern.de\/wordpress\/wp-content\/uploads\/2016\/08\/10-11-600x450.jpg\" alt=\"\" width=\"600\" height=\"450\" srcset=\"https:\/\/www.assisi-schule-ostbevern.de\/wordpress\/wp-content\/uploads\/2016\/08\/10-11-600x450.jpg 600w, https:\/\/www.assisi-schule-ostbevern.de\/wordpress\/wp-content\/uploads\/2016\/08\/10-11-768x576.jpg 768w, https:\/\/www.assisi-schule-ostbevern.de\/wordpress\/wp-content\/uploads\/2016\/08\/10-11-1024x768.jpg 1024w\" sizes=\"auto, (max-width: 600px) 100vw, 600px\" \/><\/a> <a href=\"http:\/\/www.assisi-schule-ostbevern.de\/?attachment_id=2552\" rel=\"attachment wp-att-2552\"><img loading=\"lazy\" decoding=\"async\" class=\"alignnone size-medium wp-image-2552\" src=\"http:\/\/www.assisi-schule-ostbevern.de\/wordpress\/wp-content\/uploads\/2016\/08\/11-8-600x450.jpg\" alt=\"\" width=\"600\" height=\"450\" srcset=\"https:\/\/www.assisi-schule-ostbevern.de\/wordpress\/wp-content\/uploads\/2016\/08\/11-8-600x450.jpg 600w, https:\/\/www.assisi-schule-ostbevern.de\/wordpress\/wp-content\/uploads\/2016\/08\/11-8-768x576.jpg 768w, https:\/\/www.assisi-schule-ostbevern.de\/wordpress\/wp-content\/uploads\/2016\/08\/11-8-1024x768.jpg 1024w\" sizes=\"auto, (max-width: 600px) 100vw, 600px\" \/><\/a> <a href=\"http:\/\/www.assisi-schule-ostbevern.de\/?attachment_id=2553\" rel=\"attachment wp-att-2553\"><img loading=\"lazy\" decoding=\"async\" class=\"alignnone size-medium wp-image-2553\" src=\"http:\/\/www.assisi-schule-ostbevern.de\/wordpress\/wp-content\/uploads\/2016\/08\/12-2-600x450.jpg\" alt=\"\" width=\"600\" height=\"450\" srcset=\"https:\/\/www.assisi-schule-ostbevern.de\/wordpress\/wp-content\/uploads\/2016\/08\/12-2-600x450.jpg 600w, https:\/\/www.assisi-schule-ostbevern.de\/wordpress\/wp-content\/uploads\/2016\/08\/12-2-768x576.jpg 768w, https:\/\/www.assisi-schule-ostbevern.de\/wordpress\/wp-content\/uploads\/2016\/08\/12-2-1024x768.jpg 1024w\" sizes=\"auto, (max-width: 600px) 100vw, 600px\" \/><\/a> <a href=\"http:\/\/www.assisi-schule-ostbevern.de\/?attachment_id=2554\" rel=\"attachment wp-att-2554\"><img loading=\"lazy\" decoding=\"async\" class=\"alignnone size-medium wp-image-2554\" src=\"http:\/\/www.assisi-schule-ostbevern.de\/wordpress\/wp-content\/uploads\/2016\/08\/13-2-600x450.jpg\" alt=\"\" width=\"600\" height=\"450\" srcset=\"https:\/\/www.assisi-schule-ostbevern.de\/wordpress\/wp-content\/uploads\/2016\/08\/13-2-600x450.jpg 600w, https:\/\/www.assisi-schule-ostbevern.de\/wordpress\/wp-content\/uploads\/2016\/08\/13-2-768x576.jpg 768w, https:\/\/www.assisi-schule-ostbevern.de\/wordpress\/wp-content\/uploads\/2016\/08\/13-2-1024x768.jpg 1024w\" sizes=\"auto, (max-width: 600px) 100vw, 600px\" \/><\/a><\/p>\n<p><strong><span style=\"color: #ff6600;\">Trommel<\/span><span style=\"color: #800000;\">zauber<\/span><span style=\"color: #339966;\">-Projekt<\/span><span style=\"color: #0000ff;\"> &#8211; Tag 3<br \/>\n<\/span><\/strong><\/p>\n<p>Heute wurde wieder viel f\u00fcr unser gemeinsames Musical geprobt und Johnny Lamprecht hat daf\u00fcr sogar extra Besuch aus dem Trommelzauberdorf Tamborena als Unterst\u00fctzung mitgebracht. Allm\u00e4hlich kennen alle ihre Rollen und wissen genau, was sie zu tun haben. Das ist auch n\u00f6tig, denn bereits morgen werden wir unsere erste Generalprobe ohne Kost\u00fcme in der Kirche haben und dann werden wir endlich alle Einzelteile zu einem Ganzen zusammen setzen. Gut, dass wir alle in den letzten drei Tagen flei\u00dfig ge\u00fcbt haben. Dann kann morgen n\u00e4mlich nichts mehr schief gehen.<\/p>\n<p><a href=\"http:\/\/www.assisi-schule-ostbevern.de\/?attachment_id=2528\" rel=\"attachment wp-att-2528\"><img loading=\"lazy\" decoding=\"async\" class=\"alignnone size-medium wp-image-2528\" src=\"http:\/\/www.assisi-schule-ostbevern.de\/wordpress\/wp-content\/uploads\/2016\/08\/1-20-600x450.jpg\" alt=\"\" width=\"600\" height=\"450\" srcset=\"https:\/\/www.assisi-schule-ostbevern.de\/wordpress\/wp-content\/uploads\/2016\/08\/1-20-600x450.jpg 600w, https:\/\/www.assisi-schule-ostbevern.de\/wordpress\/wp-content\/uploads\/2016\/08\/1-20-768x576.jpg 768w, https:\/\/www.assisi-schule-ostbevern.de\/wordpress\/wp-content\/uploads\/2016\/08\/1-20-1024x768.jpg 1024w\" sizes=\"auto, (max-width: 600px) 100vw, 600px\" \/><\/a> <a href=\"http:\/\/www.assisi-schule-ostbevern.de\/?attachment_id=2529\" rel=\"attachment wp-att-2529\"><img loading=\"lazy\" decoding=\"async\" class=\"alignnone size-medium wp-image-2529\" src=\"http:\/\/www.assisi-schule-ostbevern.de\/wordpress\/wp-content\/uploads\/2016\/08\/2-19-600x450.jpg\" alt=\"\" width=\"600\" height=\"450\" srcset=\"https:\/\/www.assisi-schule-ostbevern.de\/wordpress\/wp-content\/uploads\/2016\/08\/2-19-600x450.jpg 600w, https:\/\/www.assisi-schule-ostbevern.de\/wordpress\/wp-content\/uploads\/2016\/08\/2-19-768x576.jpg 768w, https:\/\/www.assisi-schule-ostbevern.de\/wordpress\/wp-content\/uploads\/2016\/08\/2-19-1024x768.jpg 1024w\" sizes=\"auto, (max-width: 600px) 100vw, 600px\" \/><\/a> <a href=\"http:\/\/www.assisi-schule-ostbevern.de\/?attachment_id=2530\" rel=\"attachment wp-att-2530\"><img loading=\"lazy\" decoding=\"async\" class=\"alignnone size-medium wp-image-2530\" src=\"http:\/\/www.assisi-schule-ostbevern.de\/wordpress\/wp-content\/uploads\/2016\/08\/3-20-600x450.jpg\" alt=\"\" width=\"600\" height=\"450\" srcset=\"https:\/\/www.assisi-schule-ostbevern.de\/wordpress\/wp-content\/uploads\/2016\/08\/3-20-600x450.jpg 600w, https:\/\/www.assisi-schule-ostbevern.de\/wordpress\/wp-content\/uploads\/2016\/08\/3-20-768x576.jpg 768w, https:\/\/www.assisi-schule-ostbevern.de\/wordpress\/wp-content\/uploads\/2016\/08\/3-20-1024x768.jpg 1024w\" sizes=\"auto, (max-width: 600px) 100vw, 600px\" \/><\/a> <a href=\"http:\/\/www.assisi-schule-ostbevern.de\/?attachment_id=2531\" rel=\"attachment wp-att-2531\"><img loading=\"lazy\" decoding=\"async\" class=\"alignnone size-medium wp-image-2531\" src=\"http:\/\/www.assisi-schule-ostbevern.de\/wordpress\/wp-content\/uploads\/2016\/08\/5-15-600x450.jpg\" alt=\"\" width=\"600\" height=\"450\" srcset=\"https:\/\/www.assisi-schule-ostbevern.de\/wordpress\/wp-content\/uploads\/2016\/08\/5-15-600x450.jpg 600w, https:\/\/www.assisi-schule-ostbevern.de\/wordpress\/wp-content\/uploads\/2016\/08\/5-15-768x576.jpg 768w, https:\/\/www.assisi-schule-ostbevern.de\/wordpress\/wp-content\/uploads\/2016\/08\/5-15-1024x768.jpg 1024w\" sizes=\"auto, (max-width: 600px) 100vw, 600px\" \/><\/a> <a href=\"http:\/\/www.assisi-schule-ostbevern.de\/?attachment_id=2532\" rel=\"attachment wp-att-2532\"><img loading=\"lazy\" decoding=\"async\" class=\"alignnone size-medium wp-image-2532\" src=\"http:\/\/www.assisi-schule-ostbevern.de\/wordpress\/wp-content\/uploads\/2016\/08\/6-15-600x450.jpg\" alt=\"\" width=\"600\" height=\"450\" srcset=\"https:\/\/www.assisi-schule-ostbevern.de\/wordpress\/wp-content\/uploads\/2016\/08\/6-15-600x450.jpg 600w, https:\/\/www.assisi-schule-ostbevern.de\/wordpress\/wp-content\/uploads\/2016\/08\/6-15-768x576.jpg 768w, https:\/\/www.assisi-schule-ostbevern.de\/wordpress\/wp-content\/uploads\/2016\/08\/6-15-1024x768.jpg 1024w\" sizes=\"auto, (max-width: 600px) 100vw, 600px\" \/><\/a> <a href=\"http:\/\/www.assisi-schule-ostbevern.de\/?attachment_id=2533\" rel=\"attachment wp-att-2533\"><img loading=\"lazy\" decoding=\"async\" class=\"alignnone size-medium wp-image-2533\" src=\"http:\/\/www.assisi-schule-ostbevern.de\/wordpress\/wp-content\/uploads\/2016\/08\/7-13-600x450.jpg\" alt=\"\" width=\"600\" height=\"450\" srcset=\"https:\/\/www.assisi-schule-ostbevern.de\/wordpress\/wp-content\/uploads\/2016\/08\/7-13-600x450.jpg 600w, https:\/\/www.assisi-schule-ostbevern.de\/wordpress\/wp-content\/uploads\/2016\/08\/7-13-768x576.jpg 768w, https:\/\/www.assisi-schule-ostbevern.de\/wordpress\/wp-content\/uploads\/2016\/08\/7-13-1024x768.jpg 1024w\" sizes=\"auto, (max-width: 600px) 100vw, 600px\" \/><\/a> <a href=\"http:\/\/www.assisi-schule-ostbevern.de\/?attachment_id=2534\" rel=\"attachment wp-att-2534\"><img loading=\"lazy\" decoding=\"async\" class=\"alignnone size-medium wp-image-2534\" src=\"http:\/\/www.assisi-schule-ostbevern.de\/wordpress\/wp-content\/uploads\/2016\/08\/8-12-600x450.jpg\" alt=\"\" width=\"600\" height=\"450\" srcset=\"https:\/\/www.assisi-schule-ostbevern.de\/wordpress\/wp-content\/uploads\/2016\/08\/8-12-600x450.jpg 600w, https:\/\/www.assisi-schule-ostbevern.de\/wordpress\/wp-content\/uploads\/2016\/08\/8-12-768x576.jpg 768w, https:\/\/www.assisi-schule-ostbevern.de\/wordpress\/wp-content\/uploads\/2016\/08\/8-12-1024x768.jpg 1024w\" sizes=\"auto, (max-width: 600px) 100vw, 600px\" \/><\/a> <a href=\"http:\/\/www.assisi-schule-ostbevern.de\/?attachment_id=2535\" rel=\"attachment wp-att-2535\"><img loading=\"lazy\" decoding=\"async\" class=\"alignnone size-medium wp-image-2535\" src=\"http:\/\/www.assisi-schule-ostbevern.de\/wordpress\/wp-content\/uploads\/2016\/08\/9-11-600x450.jpg\" alt=\"\" width=\"600\" height=\"450\" srcset=\"https:\/\/www.assisi-schule-ostbevern.de\/wordpress\/wp-content\/uploads\/2016\/08\/9-11-600x450.jpg 600w, https:\/\/www.assisi-schule-ostbevern.de\/wordpress\/wp-content\/uploads\/2016\/08\/9-11-768x576.jpg 768w, https:\/\/www.assisi-schule-ostbevern.de\/wordpress\/wp-content\/uploads\/2016\/08\/9-11-1024x768.jpg 1024w\" sizes=\"auto, (max-width: 600px) 100vw, 600px\" \/><\/a> <a href=\"http:\/\/www.assisi-schule-ostbevern.de\/?attachment_id=2536\" rel=\"attachment wp-att-2536\"><img loading=\"lazy\" decoding=\"async\" class=\"alignnone size-medium wp-image-2536\" src=\"http:\/\/www.assisi-schule-ostbevern.de\/wordpress\/wp-content\/uploads\/2016\/08\/10-10-600x450.jpg\" alt=\"\" width=\"600\" height=\"450\" srcset=\"https:\/\/www.assisi-schule-ostbevern.de\/wordpress\/wp-content\/uploads\/2016\/08\/10-10-600x450.jpg 600w, https:\/\/www.assisi-schule-ostbevern.de\/wordpress\/wp-content\/uploads\/2016\/08\/10-10-768x576.jpg 768w, https:\/\/www.assisi-schule-ostbevern.de\/wordpress\/wp-content\/uploads\/2016\/08\/10-10-1024x768.jpg 1024w\" sizes=\"auto, (max-width: 600px) 100vw, 600px\" \/><\/a> <a href=\"http:\/\/www.assisi-schule-ostbevern.de\/?attachment_id=2537\" rel=\"attachment wp-att-2537\"><img loading=\"lazy\" decoding=\"async\" class=\"alignnone size-medium wp-image-2537\" src=\"http:\/\/www.assisi-schule-ostbevern.de\/wordpress\/wp-content\/uploads\/2016\/08\/11-7-600x450.jpg\" alt=\"\" width=\"600\" height=\"450\" srcset=\"https:\/\/www.assisi-schule-ostbevern.de\/wordpress\/wp-content\/uploads\/2016\/08\/11-7-600x450.jpg 600w, https:\/\/www.assisi-schule-ostbevern.de\/wordpress\/wp-content\/uploads\/2016\/08\/11-7-768x576.jpg 768w, https:\/\/www.assisi-schule-ostbevern.de\/wordpress\/wp-content\/uploads\/2016\/08\/11-7-1024x768.jpg 1024w\" sizes=\"auto, (max-width: 600px) 100vw, 600px\" \/><\/a> <a href=\"http:\/\/www.assisi-schule-ostbevern.de\/?attachment_id=2538\" rel=\"attachment wp-att-2538\"><img loading=\"lazy\" decoding=\"async\" class=\"alignnone size-medium wp-image-2538\" src=\"http:\/\/www.assisi-schule-ostbevern.de\/wordpress\/wp-content\/uploads\/2016\/08\/12-1-600x450.jpg\" alt=\"\" width=\"600\" height=\"450\" srcset=\"https:\/\/www.assisi-schule-ostbevern.de\/wordpress\/wp-content\/uploads\/2016\/08\/12-1-600x450.jpg 600w, https:\/\/www.assisi-schule-ostbevern.de\/wordpress\/wp-content\/uploads\/2016\/08\/12-1-768x576.jpg 768w, https:\/\/www.assisi-schule-ostbevern.de\/wordpress\/wp-content\/uploads\/2016\/08\/12-1-1024x768.jpg 1024w\" sizes=\"auto, (max-width: 600px) 100vw, 600px\" \/><\/a> <a href=\"http:\/\/www.assisi-schule-ostbevern.de\/?attachment_id=2539\" rel=\"attachment wp-att-2539\"><img loading=\"lazy\" decoding=\"async\" class=\"alignnone size-medium wp-image-2539\" src=\"http:\/\/www.assisi-schule-ostbevern.de\/wordpress\/wp-content\/uploads\/2016\/08\/13-1-600x450.jpg\" alt=\"\" width=\"600\" height=\"450\" srcset=\"https:\/\/www.assisi-schule-ostbevern.de\/wordpress\/wp-content\/uploads\/2016\/08\/13-1-600x450.jpg 600w, https:\/\/www.assisi-schule-ostbevern.de\/wordpress\/wp-content\/uploads\/2016\/08\/13-1-768x576.jpg 768w, https:\/\/www.assisi-schule-ostbevern.de\/wordpress\/wp-content\/uploads\/2016\/08\/13-1-1024x768.jpg 1024w\" sizes=\"auto, (max-width: 600px) 100vw, 600px\" \/><\/a><\/p>\n<p>&nbsp;<\/p>\n<p><strong><span style=\"color: #ff6600;\">Trommel<\/span><span style=\"color: #800000;\">zauber<\/span><span style=\"color: #339966;\">-Projekt<\/span><span style=\"color: #0000ff;\"> &#8211; Tag 2<\/span><\/strong><\/p>\n<p>Nat\u00fcrlich trommeln und \u00fcben wir ganz flei\u00dfig weiter f\u00fcr die Musicalauff\u00fchrung. Dazu d\u00fcrfen die Kinder aber auch rund um dieses Projekt viele verschiedene Angebote wahrnehmen. Einige basteln emsig an ihren Kost\u00fcmen f\u00fcr die Auff\u00fchrung, die n\u00e4chsten sammeln eifrig viele Informationen \u00fcber das Leben in Afrika, wieder andere basteln aus Ton Rundh\u00e4user oder kochen afrikanische Rezepte nach. In jedem Fall genie\u00dfen wir alle eine Schulwoche der ganz anderen Art, die uns auf vielf\u00e4ltige Weise bereichert. Hier nun einige Eindr\u00fccke von unserer Projektwoche, abseits der Trommeln und Proben:<\/p>\n<p><a href=\"http:\/\/www.assisi-schule-ostbevern.de\/?attachment_id=2516\" rel=\"attachment wp-att-2516\"><img loading=\"lazy\" decoding=\"async\" class=\"alignnone size-medium wp-image-2516\" src=\"http:\/\/www.assisi-schule-ostbevern.de\/wordpress\/wp-content\/uploads\/2016\/08\/1-19-600x450.jpg\" alt=\"\" width=\"600\" height=\"450\" srcset=\"https:\/\/www.assisi-schule-ostbevern.de\/wordpress\/wp-content\/uploads\/2016\/08\/1-19-600x450.jpg 600w, https:\/\/www.assisi-schule-ostbevern.de\/wordpress\/wp-content\/uploads\/2016\/08\/1-19-768x576.jpg 768w, https:\/\/www.assisi-schule-ostbevern.de\/wordpress\/wp-content\/uploads\/2016\/08\/1-19-1024x768.jpg 1024w\" sizes=\"auto, (max-width: 600px) 100vw, 600px\" \/><\/a> <a href=\"http:\/\/www.assisi-schule-ostbevern.de\/?attachment_id=2517\" rel=\"attachment wp-att-2517\"><img loading=\"lazy\" decoding=\"async\" class=\"alignnone size-medium wp-image-2517\" src=\"http:\/\/www.assisi-schule-ostbevern.de\/wordpress\/wp-content\/uploads\/2016\/08\/2-18-600x450.jpg\" alt=\"\" width=\"600\" height=\"450\" srcset=\"https:\/\/www.assisi-schule-ostbevern.de\/wordpress\/wp-content\/uploads\/2016\/08\/2-18-600x450.jpg 600w, https:\/\/www.assisi-schule-ostbevern.de\/wordpress\/wp-content\/uploads\/2016\/08\/2-18-768x576.jpg 768w, https:\/\/www.assisi-schule-ostbevern.de\/wordpress\/wp-content\/uploads\/2016\/08\/2-18-1024x768.jpg 1024w\" sizes=\"auto, (max-width: 600px) 100vw, 600px\" \/><\/a> <a href=\"http:\/\/www.assisi-schule-ostbevern.de\/?attachment_id=2518\" rel=\"attachment wp-att-2518\"><img loading=\"lazy\" decoding=\"async\" class=\"alignnone size-medium wp-image-2518\" src=\"http:\/\/www.assisi-schule-ostbevern.de\/wordpress\/wp-content\/uploads\/2016\/08\/3-19-600x450.jpg\" alt=\"\" width=\"600\" height=\"450\" srcset=\"https:\/\/www.assisi-schule-ostbevern.de\/wordpress\/wp-content\/uploads\/2016\/08\/3-19-600x450.jpg 600w, https:\/\/www.assisi-schule-ostbevern.de\/wordpress\/wp-content\/uploads\/2016\/08\/3-19-768x576.jpg 768w, https:\/\/www.assisi-schule-ostbevern.de\/wordpress\/wp-content\/uploads\/2016\/08\/3-19-1024x768.jpg 1024w\" sizes=\"auto, (max-width: 600px) 100vw, 600px\" \/><\/a> <a href=\"http:\/\/www.assisi-schule-ostbevern.de\/?attachment_id=2519\" rel=\"attachment wp-att-2519\"><img loading=\"lazy\" decoding=\"async\" class=\"alignnone size-medium wp-image-2519\" src=\"http:\/\/www.assisi-schule-ostbevern.de\/wordpress\/wp-content\/uploads\/2016\/08\/4-17-600x450.jpg\" alt=\"\" width=\"600\" height=\"450\" srcset=\"https:\/\/www.assisi-schule-ostbevern.de\/wordpress\/wp-content\/uploads\/2016\/08\/4-17-600x450.jpg 600w, https:\/\/www.assisi-schule-ostbevern.de\/wordpress\/wp-content\/uploads\/2016\/08\/4-17-768x576.jpg 768w, https:\/\/www.assisi-schule-ostbevern.de\/wordpress\/wp-content\/uploads\/2016\/08\/4-17-1024x768.jpg 1024w\" sizes=\"auto, (max-width: 600px) 100vw, 600px\" \/><\/a> <a href=\"http:\/\/www.assisi-schule-ostbevern.de\/?attachment_id=2520\" rel=\"attachment wp-att-2520\"><img loading=\"lazy\" decoding=\"async\" class=\"alignnone size-medium wp-image-2520\" src=\"http:\/\/www.assisi-schule-ostbevern.de\/wordpress\/wp-content\/uploads\/2016\/08\/5-14-600x450.jpg\" alt=\"\" width=\"600\" height=\"450\" srcset=\"https:\/\/www.assisi-schule-ostbevern.de\/wordpress\/wp-content\/uploads\/2016\/08\/5-14-600x450.jpg 600w, https:\/\/www.assisi-schule-ostbevern.de\/wordpress\/wp-content\/uploads\/2016\/08\/5-14-768x576.jpg 768w, https:\/\/www.assisi-schule-ostbevern.de\/wordpress\/wp-content\/uploads\/2016\/08\/5-14-1024x768.jpg 1024w\" sizes=\"auto, (max-width: 600px) 100vw, 600px\" \/><\/a> <a href=\"http:\/\/www.assisi-schule-ostbevern.de\/?attachment_id=2521\" rel=\"attachment wp-att-2521\"><img loading=\"lazy\" decoding=\"async\" class=\"alignnone size-medium wp-image-2521\" src=\"http:\/\/www.assisi-schule-ostbevern.de\/wordpress\/wp-content\/uploads\/2016\/08\/6-14-600x450.jpg\" alt=\"\" width=\"600\" height=\"450\" srcset=\"https:\/\/www.assisi-schule-ostbevern.de\/wordpress\/wp-content\/uploads\/2016\/08\/6-14-600x450.jpg 600w, https:\/\/www.assisi-schule-ostbevern.de\/wordpress\/wp-content\/uploads\/2016\/08\/6-14-768x576.jpg 768w, https:\/\/www.assisi-schule-ostbevern.de\/wordpress\/wp-content\/uploads\/2016\/08\/6-14-1024x768.jpg 1024w\" sizes=\"auto, (max-width: 600px) 100vw, 600px\" \/><\/a> <a href=\"http:\/\/www.assisi-schule-ostbevern.de\/?attachment_id=2522\" rel=\"attachment wp-att-2522\"><img loading=\"lazy\" decoding=\"async\" class=\"alignnone size-medium wp-image-2522\" src=\"http:\/\/www.assisi-schule-ostbevern.de\/wordpress\/wp-content\/uploads\/2016\/08\/7-12-600x450.jpg\" alt=\"\" width=\"600\" height=\"450\" srcset=\"https:\/\/www.assisi-schule-ostbevern.de\/wordpress\/wp-content\/uploads\/2016\/08\/7-12-600x450.jpg 600w, https:\/\/www.assisi-schule-ostbevern.de\/wordpress\/wp-content\/uploads\/2016\/08\/7-12-768x576.jpg 768w, https:\/\/www.assisi-schule-ostbevern.de\/wordpress\/wp-content\/uploads\/2016\/08\/7-12-1024x768.jpg 1024w\" sizes=\"auto, (max-width: 600px) 100vw, 600px\" \/><\/a> <a href=\"http:\/\/www.assisi-schule-ostbevern.de\/?attachment_id=2523\" rel=\"attachment wp-att-2523\"><img loading=\"lazy\" decoding=\"async\" class=\"alignnone size-medium wp-image-2523\" src=\"http:\/\/www.assisi-schule-ostbevern.de\/wordpress\/wp-content\/uploads\/2016\/08\/8-11-600x450.jpg\" alt=\"\" width=\"600\" height=\"450\" srcset=\"https:\/\/www.assisi-schule-ostbevern.de\/wordpress\/wp-content\/uploads\/2016\/08\/8-11-600x450.jpg 600w, https:\/\/www.assisi-schule-ostbevern.de\/wordpress\/wp-content\/uploads\/2016\/08\/8-11-768x576.jpg 768w, https:\/\/www.assisi-schule-ostbevern.de\/wordpress\/wp-content\/uploads\/2016\/08\/8-11-1024x768.jpg 1024w\" sizes=\"auto, (max-width: 600px) 100vw, 600px\" \/><\/a> <a href=\"http:\/\/www.assisi-schule-ostbevern.de\/?attachment_id=2524\" rel=\"attachment wp-att-2524\"><img loading=\"lazy\" decoding=\"async\" class=\"alignnone size-medium wp-image-2524\" src=\"http:\/\/www.assisi-schule-ostbevern.de\/wordpress\/wp-content\/uploads\/2016\/08\/9-10-600x450.jpg\" alt=\"\" width=\"600\" height=\"450\" srcset=\"https:\/\/www.assisi-schule-ostbevern.de\/wordpress\/wp-content\/uploads\/2016\/08\/9-10-600x450.jpg 600w, https:\/\/www.assisi-schule-ostbevern.de\/wordpress\/wp-content\/uploads\/2016\/08\/9-10-768x576.jpg 768w, https:\/\/www.assisi-schule-ostbevern.de\/wordpress\/wp-content\/uploads\/2016\/08\/9-10-1024x768.jpg 1024w\" sizes=\"auto, (max-width: 600px) 100vw, 600px\" \/><\/a> <a href=\"http:\/\/www.assisi-schule-ostbevern.de\/?attachment_id=2525\" rel=\"attachment wp-att-2525\"><img loading=\"lazy\" decoding=\"async\" class=\"alignnone size-medium wp-image-2525\" src=\"http:\/\/www.assisi-schule-ostbevern.de\/wordpress\/wp-content\/uploads\/2016\/08\/10-9-600x450.jpg\" alt=\"\" width=\"600\" height=\"450\" srcset=\"https:\/\/www.assisi-schule-ostbevern.de\/wordpress\/wp-content\/uploads\/2016\/08\/10-9-600x450.jpg 600w, https:\/\/www.assisi-schule-ostbevern.de\/wordpress\/wp-content\/uploads\/2016\/08\/10-9-768x576.jpg 768w, https:\/\/www.assisi-schule-ostbevern.de\/wordpress\/wp-content\/uploads\/2016\/08\/10-9-1024x768.jpg 1024w\" sizes=\"auto, (max-width: 600px) 100vw, 600px\" \/><\/a><\/p>\n<p>&nbsp;<\/p>\n<p><strong><span style=\"color: #ff6600;\">Trommel<\/span><span style=\"color: #800000;\">zauber<span style=\"color: #008000;\">-Projekt<\/span><\/span><span style=\"color: #3366ff;\"> &#8211; Tag 1<\/span><\/strong><\/p>\n<p>Nun ist es endlich soweit: Unsere Trommelzauber-Projektwoche hat begonnen und nun trommeln wir alle, was das Zeug h\u00e4lt. Johnny Lamprecht, der Chef von &#8222;Trommelzauber&#8220; ist h\u00f6chstpers\u00f6nlich bei uns in dieser Woche und studiert nun mit allen Kindern zusammen ein Musical ein, das dann am Freitag bei unserem Jubil\u00e4umsfest aufgef\u00fchrt werden soll. Der Morgen begann lautstark: Alle Kinder bekamen eine Trommel und wurden erstmal von Johnny Lamprecht in Stimmung gebracht und, wie er selbst sagt, &#8222;verzaubert&#8220;. Danach haben dann die einzelnen Gruppen mit ihm f\u00fcr das Musical ihre Rollen geprobt: Da gibt es die Gruppe der B\u00e4ume, der Krokodile, der Sterne, der Muscheln, der K\u00fcrbisse, der Affen und noch einiges mehr. Wer wissen m\u00f6chte, wie das alles am Ende zu einem Musical zusammen gesetzt werden kann, ist herzlich eingeladen, am Freitag um 15 Uhr in die Ambrosiuskirche zu kommen. Da hei\u00dft es dann B\u00fchne frei f\u00fcr unser Musical! Wir freuen uns schon jetzt auf die Auff\u00fchrung und auf die weiteren Projekttage, an denen es sicher lautstark, stimmungsvoll, gut gelaunt und beschwingt weiter gehen wird.<\/p>\n<p><a href=\"http:\/\/www.assisi-schule-ostbevern.de\/?attachment_id=2503\" rel=\"attachment wp-att-2503\"><img loading=\"lazy\" decoding=\"async\" class=\"alignnone size-medium wp-image-2503\" src=\"http:\/\/www.assisi-schule-ostbevern.de\/wordpress\/wp-content\/uploads\/2016\/08\/0-450x600.jpg\" alt=\"\" width=\"450\" height=\"600\" srcset=\"https:\/\/www.assisi-schule-ostbevern.de\/wordpress\/wp-content\/uploads\/2016\/08\/0-450x600.jpg 450w, https:\/\/www.assisi-schule-ostbevern.de\/wordpress\/wp-content\/uploads\/2016\/08\/0-768x1024.jpg 768w\" sizes=\"auto, (max-width: 450px) 100vw, 450px\" \/><\/a> <a href=\"http:\/\/www.assisi-schule-ostbevern.de\/?attachment_id=2504\" rel=\"attachment wp-att-2504\"><img loading=\"lazy\" decoding=\"async\" class=\"alignnone size-medium wp-image-2504\" src=\"http:\/\/www.assisi-schule-ostbevern.de\/wordpress\/wp-content\/uploads\/2016\/08\/1-18-600x450.jpg\" alt=\"\" width=\"600\" height=\"450\" srcset=\"https:\/\/www.assisi-schule-ostbevern.de\/wordpress\/wp-content\/uploads\/2016\/08\/1-18-600x450.jpg 600w, https:\/\/www.assisi-schule-ostbevern.de\/wordpress\/wp-content\/uploads\/2016\/08\/1-18-768x576.jpg 768w, https:\/\/www.assisi-schule-ostbevern.de\/wordpress\/wp-content\/uploads\/2016\/08\/1-18-1024x768.jpg 1024w\" sizes=\"auto, (max-width: 600px) 100vw, 600px\" \/><\/a> <a href=\"http:\/\/www.assisi-schule-ostbevern.de\/?attachment_id=2505\" rel=\"attachment wp-att-2505\"><img loading=\"lazy\" decoding=\"async\" class=\"alignnone size-medium wp-image-2505\" src=\"http:\/\/www.assisi-schule-ostbevern.de\/wordpress\/wp-content\/uploads\/2016\/08\/2-17-600x450.jpg\" alt=\"\" width=\"600\" height=\"450\" srcset=\"https:\/\/www.assisi-schule-ostbevern.de\/wordpress\/wp-content\/uploads\/2016\/08\/2-17-600x450.jpg 600w, https:\/\/www.assisi-schule-ostbevern.de\/wordpress\/wp-content\/uploads\/2016\/08\/2-17-768x576.jpg 768w, https:\/\/www.assisi-schule-ostbevern.de\/wordpress\/wp-content\/uploads\/2016\/08\/2-17-1024x768.jpg 1024w\" sizes=\"auto, (max-width: 600px) 100vw, 600px\" \/><\/a> <a href=\"http:\/\/www.assisi-schule-ostbevern.de\/?attachment_id=2506\" rel=\"attachment wp-att-2506\"><img loading=\"lazy\" decoding=\"async\" class=\"alignnone size-medium wp-image-2506\" src=\"http:\/\/www.assisi-schule-ostbevern.de\/wordpress\/wp-content\/uploads\/2016\/08\/3-18-600x450.jpg\" alt=\"\" width=\"600\" height=\"450\" srcset=\"https:\/\/www.assisi-schule-ostbevern.de\/wordpress\/wp-content\/uploads\/2016\/08\/3-18-600x450.jpg 600w, https:\/\/www.assisi-schule-ostbevern.de\/wordpress\/wp-content\/uploads\/2016\/08\/3-18-768x576.jpg 768w, https:\/\/www.assisi-schule-ostbevern.de\/wordpress\/wp-content\/uploads\/2016\/08\/3-18-1024x768.jpg 1024w\" sizes=\"auto, (max-width: 600px) 100vw, 600px\" \/><\/a> <a href=\"http:\/\/www.assisi-schule-ostbevern.de\/?attachment_id=2507\" rel=\"attachment wp-att-2507\"><img loading=\"lazy\" decoding=\"async\" class=\"alignnone size-medium wp-image-2507\" src=\"http:\/\/www.assisi-schule-ostbevern.de\/wordpress\/wp-content\/uploads\/2016\/08\/4-16-600x450.jpg\" alt=\"\" width=\"600\" height=\"450\" srcset=\"https:\/\/www.assisi-schule-ostbevern.de\/wordpress\/wp-content\/uploads\/2016\/08\/4-16-600x450.jpg 600w, https:\/\/www.assisi-schule-ostbevern.de\/wordpress\/wp-content\/uploads\/2016\/08\/4-16-768x576.jpg 768w, https:\/\/www.assisi-schule-ostbevern.de\/wordpress\/wp-content\/uploads\/2016\/08\/4-16-1024x768.jpg 1024w\" sizes=\"auto, (max-width: 600px) 100vw, 600px\" \/><\/a> <a href=\"http:\/\/www.assisi-schule-ostbevern.de\/?attachment_id=2508\" rel=\"attachment wp-att-2508\"><img loading=\"lazy\" decoding=\"async\" class=\"alignnone size-medium wp-image-2508\" src=\"http:\/\/www.assisi-schule-ostbevern.de\/wordpress\/wp-content\/uploads\/2016\/08\/5-13-600x450.jpg\" alt=\"\" width=\"600\" height=\"450\" srcset=\"https:\/\/www.assisi-schule-ostbevern.de\/wordpress\/wp-content\/uploads\/2016\/08\/5-13-600x450.jpg 600w, https:\/\/www.assisi-schule-ostbevern.de\/wordpress\/wp-content\/uploads\/2016\/08\/5-13-768x576.jpg 768w, https:\/\/www.assisi-schule-ostbevern.de\/wordpress\/wp-content\/uploads\/2016\/08\/5-13-1024x768.jpg 1024w\" sizes=\"auto, (max-width: 600px) 100vw, 600px\" \/><\/a> <a href=\"http:\/\/www.assisi-schule-ostbevern.de\/?attachment_id=2509\" rel=\"attachment wp-att-2509\"><img loading=\"lazy\" decoding=\"async\" class=\"alignnone size-medium wp-image-2509\" src=\"http:\/\/www.assisi-schule-ostbevern.de\/wordpress\/wp-content\/uploads\/2016\/08\/6-13-600x450.jpg\" alt=\"\" width=\"600\" height=\"450\" srcset=\"https:\/\/www.assisi-schule-ostbevern.de\/wordpress\/wp-content\/uploads\/2016\/08\/6-13-600x450.jpg 600w, https:\/\/www.assisi-schule-ostbevern.de\/wordpress\/wp-content\/uploads\/2016\/08\/6-13-768x576.jpg 768w, https:\/\/www.assisi-schule-ostbevern.de\/wordpress\/wp-content\/uploads\/2016\/08\/6-13-1024x768.jpg 1024w\" sizes=\"auto, (max-width: 600px) 100vw, 600px\" \/><\/a> <a href=\"http:\/\/www.assisi-schule-ostbevern.de\/?attachment_id=2510\" rel=\"attachment wp-att-2510\"><img loading=\"lazy\" decoding=\"async\" class=\"alignnone size-medium wp-image-2510\" src=\"http:\/\/www.assisi-schule-ostbevern.de\/wordpress\/wp-content\/uploads\/2016\/08\/7-11-600x450.jpg\" alt=\"\" width=\"600\" height=\"450\" srcset=\"https:\/\/www.assisi-schule-ostbevern.de\/wordpress\/wp-content\/uploads\/2016\/08\/7-11-600x450.jpg 600w, https:\/\/www.assisi-schule-ostbevern.de\/wordpress\/wp-content\/uploads\/2016\/08\/7-11-768x576.jpg 768w, https:\/\/www.assisi-schule-ostbevern.de\/wordpress\/wp-content\/uploads\/2016\/08\/7-11-1024x768.jpg 1024w\" sizes=\"auto, (max-width: 600px) 100vw, 600px\" \/><\/a> <a href=\"http:\/\/www.assisi-schule-ostbevern.de\/?attachment_id=2511\" rel=\"attachment wp-att-2511\"><img loading=\"lazy\" decoding=\"async\" class=\"alignnone size-medium wp-image-2511\" src=\"http:\/\/www.assisi-schule-ostbevern.de\/wordpress\/wp-content\/uploads\/2016\/08\/8-10-600x450.jpg\" alt=\"\" width=\"600\" height=\"450\" srcset=\"https:\/\/www.assisi-schule-ostbevern.de\/wordpress\/wp-content\/uploads\/2016\/08\/8-10-600x450.jpg 600w, https:\/\/www.assisi-schule-ostbevern.de\/wordpress\/wp-content\/uploads\/2016\/08\/8-10-768x576.jpg 768w, https:\/\/www.assisi-schule-ostbevern.de\/wordpress\/wp-content\/uploads\/2016\/08\/8-10-1024x768.jpg 1024w\" sizes=\"auto, (max-width: 600px) 100vw, 600px\" \/><\/a> <a href=\"http:\/\/www.assisi-schule-ostbevern.de\/?attachment_id=2512\" rel=\"attachment wp-att-2512\"><img loading=\"lazy\" decoding=\"async\" class=\"alignnone size-medium wp-image-2512\" src=\"http:\/\/www.assisi-schule-ostbevern.de\/wordpress\/wp-content\/uploads\/2016\/08\/9-9-600x450.jpg\" alt=\"\" width=\"600\" height=\"450\" srcset=\"https:\/\/www.assisi-schule-ostbevern.de\/wordpress\/wp-content\/uploads\/2016\/08\/9-9-600x450.jpg 600w, https:\/\/www.assisi-schule-ostbevern.de\/wordpress\/wp-content\/uploads\/2016\/08\/9-9-768x576.jpg 768w, https:\/\/www.assisi-schule-ostbevern.de\/wordpress\/wp-content\/uploads\/2016\/08\/9-9-1024x768.jpg 1024w\" sizes=\"auto, (max-width: 600px) 100vw, 600px\" \/><\/a><\/p>\n<p>&nbsp;<\/p>\n<p><strong><span style=\"color: #993300;\">Besuch<\/span> <span style=\"color: #008000;\">aus<\/span> <span style=\"color: #0000ff;\">Ruanda<\/span><\/strong><\/p>\n<p>Vielleicht erinnern sich einige noch daran, dass wir an unserer Schule vor einiger Zeit einen Sponsorenlauf veranstaltet haben. Der Erl\u00f6s dieses Laufes wurde zur H\u00e4lfte f\u00fcr die Finanzierung unserer Projektwoche genutzt, die andere H\u00e4lfte spendeten wir aber einem Projekt in Ruanda. Hier soll ein M\u00e4dchenheim f\u00fcr 100 M\u00e4dchen entstehen und Janine Fr\u00f6nd aus Ostbevern macht sich stark f\u00fcr dieses Projekt und sucht nach Spendengeldern, um dieses Heim aufbauen zu k\u00f6nnen. Nun war der dortige Gemeindepfarrer Philpert Kayiranga, der dieses Projekt vor Ort begleitet, zu Besuch in Ostbevern und bedankte sich pers\u00f6nlich bei uns f\u00fcr die Spenden aus dem Sponsorenlauf. Wir freuen uns, dass wir helfen konnten und werden weiter gespannt verfolgen, wie der Bau des M\u00e4dchenheimes vorangeht.<\/p>\n<p><a href=\"http:\/\/www.assisi-schule-ostbevern.de\/?attachment_id=2493\" rel=\"attachment wp-att-2493\"><img loading=\"lazy\" decoding=\"async\" class=\"alignnone size-medium wp-image-2493\" src=\"http:\/\/www.assisi-schule-ostbevern.de\/wordpress\/wp-content\/uploads\/2016\/08\/1-17-600x450.jpg\" alt=\"\" width=\"600\" height=\"450\" srcset=\"https:\/\/www.assisi-schule-ostbevern.de\/wordpress\/wp-content\/uploads\/2016\/08\/1-17-600x450.jpg 600w, https:\/\/www.assisi-schule-ostbevern.de\/wordpress\/wp-content\/uploads\/2016\/08\/1-17-768x576.jpg 768w, https:\/\/www.assisi-schule-ostbevern.de\/wordpress\/wp-content\/uploads\/2016\/08\/1-17-1024x768.jpg 1024w\" sizes=\"auto, (max-width: 600px) 100vw, 600px\" \/><\/a> <a href=\"http:\/\/www.assisi-schule-ostbevern.de\/?attachment_id=2494\" rel=\"attachment wp-att-2494\"><img loading=\"lazy\" decoding=\"async\" class=\"alignnone size-medium wp-image-2494\" src=\"http:\/\/www.assisi-schule-ostbevern.de\/wordpress\/wp-content\/uploads\/2016\/08\/2-16-600x450.jpg\" alt=\"\" width=\"600\" height=\"450\" srcset=\"https:\/\/www.assisi-schule-ostbevern.de\/wordpress\/wp-content\/uploads\/2016\/08\/2-16-600x450.jpg 600w, https:\/\/www.assisi-schule-ostbevern.de\/wordpress\/wp-content\/uploads\/2016\/08\/2-16-768x576.jpg 768w, https:\/\/www.assisi-schule-ostbevern.de\/wordpress\/wp-content\/uploads\/2016\/08\/2-16-1024x768.jpg 1024w\" sizes=\"auto, (max-width: 600px) 100vw, 600px\" \/><\/a> <a href=\"http:\/\/www.assisi-schule-ostbevern.de\/?attachment_id=2495\" rel=\"attachment wp-att-2495\"><img loading=\"lazy\" decoding=\"async\" class=\"alignnone size-medium wp-image-2495\" src=\"http:\/\/www.assisi-schule-ostbevern.de\/wordpress\/wp-content\/uploads\/2016\/08\/3-17-600x450.jpg\" alt=\"\" width=\"600\" height=\"450\" srcset=\"https:\/\/www.assisi-schule-ostbevern.de\/wordpress\/wp-content\/uploads\/2016\/08\/3-17-600x450.jpg 600w, https:\/\/www.assisi-schule-ostbevern.de\/wordpress\/wp-content\/uploads\/2016\/08\/3-17-768x576.jpg 768w, https:\/\/www.assisi-schule-ostbevern.de\/wordpress\/wp-content\/uploads\/2016\/08\/3-17-1024x768.jpg 1024w\" sizes=\"auto, (max-width: 600px) 100vw, 600px\" \/><\/a> <a href=\"http:\/\/www.assisi-schule-ostbevern.de\/?attachment_id=2496\" rel=\"attachment wp-att-2496\"><img loading=\"lazy\" decoding=\"async\" class=\"alignnone size-medium wp-image-2496\" src=\"http:\/\/www.assisi-schule-ostbevern.de\/wordpress\/wp-content\/uploads\/2016\/08\/4-15-600x450.jpg\" alt=\"\" width=\"600\" height=\"450\" srcset=\"https:\/\/www.assisi-schule-ostbevern.de\/wordpress\/wp-content\/uploads\/2016\/08\/4-15-600x450.jpg 600w, https:\/\/www.assisi-schule-ostbevern.de\/wordpress\/wp-content\/uploads\/2016\/08\/4-15-768x576.jpg 768w, https:\/\/www.assisi-schule-ostbevern.de\/wordpress\/wp-content\/uploads\/2016\/08\/4-15-1024x768.jpg 1024w\" sizes=\"auto, (max-width: 600px) 100vw, 600px\" \/><\/a><\/p>\n<p><strong><span style=\"color: #ff6600;\">Die<\/span> <span style=\"color: #0000ff;\">Zauberfl\u00f6te<\/span><\/strong><\/p>\n<p>So hie\u00df das Theaterst\u00fcck, das die Kinder der Klasse 4b gemeinsam mit ihrer Musiklehrerin Beatrix Bleibel und der Theaterp\u00e4dagogin Karin Gro\u00dfe Inkrott einstudiert haben. Frau Bleibel hatte den eigentlich recht komplexen Opernstoff grundschulgerecht aufbereitet und es ist eine tolle Mischung aus Theater, klassischer Musik, aber auch Rockmusik geworden. Die Kinder beeindruckten als Tamino, Papageno, Sarastro oder auch K\u00f6nigin der Nacht auf der B\u00fchne und sogar Mozart selbst stand am Anfang und Ende mit auf der B\u00fchne. Viel Applaus ernteten die Kinder der Klasse 4b mit ihrem Klassenlehrer Arndt Krafczyk und durften mit Recht sehr stolz sein auf eine gelungene Theaterauff\u00fchrung.<\/p>\n<p><a href=\"http:\/\/www.assisi-schule-ostbevern.de\/?attachment_id=2479\" rel=\"attachment wp-att-2479\"><img loading=\"lazy\" decoding=\"async\" class=\"alignnone size-medium wp-image-2479\" src=\"http:\/\/www.assisi-schule-ostbevern.de\/wordpress\/wp-content\/uploads\/2016\/08\/1-16-600x450.jpg\" alt=\"\" width=\"600\" height=\"450\" srcset=\"https:\/\/www.assisi-schule-ostbevern.de\/wordpress\/wp-content\/uploads\/2016\/08\/1-16-600x450.jpg 600w, https:\/\/www.assisi-schule-ostbevern.de\/wordpress\/wp-content\/uploads\/2016\/08\/1-16-768x576.jpg 768w, https:\/\/www.assisi-schule-ostbevern.de\/wordpress\/wp-content\/uploads\/2016\/08\/1-16-1024x768.jpg 1024w\" sizes=\"auto, (max-width: 600px) 100vw, 600px\" \/><\/a> <a href=\"http:\/\/www.assisi-schule-ostbevern.de\/?attachment_id=2480\" rel=\"attachment wp-att-2480\"><img loading=\"lazy\" decoding=\"async\" class=\"alignnone size-medium wp-image-2480\" src=\"http:\/\/www.assisi-schule-ostbevern.de\/wordpress\/wp-content\/uploads\/2016\/08\/2-15-600x450.jpg\" alt=\"\" width=\"600\" height=\"450\" srcset=\"https:\/\/www.assisi-schule-ostbevern.de\/wordpress\/wp-content\/uploads\/2016\/08\/2-15-600x450.jpg 600w, https:\/\/www.assisi-schule-ostbevern.de\/wordpress\/wp-content\/uploads\/2016\/08\/2-15-768x576.jpg 768w, https:\/\/www.assisi-schule-ostbevern.de\/wordpress\/wp-content\/uploads\/2016\/08\/2-15-1024x768.jpg 1024w\" sizes=\"auto, (max-width: 600px) 100vw, 600px\" \/><\/a> <a href=\"http:\/\/www.assisi-schule-ostbevern.de\/?attachment_id=2481\" rel=\"attachment wp-att-2481\"><img loading=\"lazy\" decoding=\"async\" class=\"alignnone size-medium wp-image-2481\" src=\"http:\/\/www.assisi-schule-ostbevern.de\/wordpress\/wp-content\/uploads\/2016\/08\/3-16-600x450.jpg\" alt=\"\" width=\"600\" height=\"450\" srcset=\"https:\/\/www.assisi-schule-ostbevern.de\/wordpress\/wp-content\/uploads\/2016\/08\/3-16-600x450.jpg 600w, https:\/\/www.assisi-schule-ostbevern.de\/wordpress\/wp-content\/uploads\/2016\/08\/3-16-768x576.jpg 768w, https:\/\/www.assisi-schule-ostbevern.de\/wordpress\/wp-content\/uploads\/2016\/08\/3-16-1024x768.jpg 1024w\" sizes=\"auto, (max-width: 600px) 100vw, 600px\" \/><\/a> <a href=\"http:\/\/www.assisi-schule-ostbevern.de\/?attachment_id=2482\" rel=\"attachment wp-att-2482\"><img loading=\"lazy\" decoding=\"async\" class=\"alignnone size-medium wp-image-2482\" src=\"http:\/\/www.assisi-schule-ostbevern.de\/wordpress\/wp-content\/uploads\/2016\/08\/4-14-600x450.jpg\" alt=\"\" width=\"600\" height=\"450\" srcset=\"https:\/\/www.assisi-schule-ostbevern.de\/wordpress\/wp-content\/uploads\/2016\/08\/4-14-600x450.jpg 600w, https:\/\/www.assisi-schule-ostbevern.de\/wordpress\/wp-content\/uploads\/2016\/08\/4-14-768x576.jpg 768w, https:\/\/www.assisi-schule-ostbevern.de\/wordpress\/wp-content\/uploads\/2016\/08\/4-14-1024x768.jpg 1024w\" sizes=\"auto, (max-width: 600px) 100vw, 600px\" \/><\/a> <a href=\"http:\/\/www.assisi-schule-ostbevern.de\/?attachment_id=2483\" rel=\"attachment wp-att-2483\"><img loading=\"lazy\" decoding=\"async\" class=\"alignnone size-medium wp-image-2483\" src=\"http:\/\/www.assisi-schule-ostbevern.de\/wordpress\/wp-content\/uploads\/2016\/08\/5-12-600x450.jpg\" alt=\"\" width=\"600\" height=\"450\" srcset=\"https:\/\/www.assisi-schule-ostbevern.de\/wordpress\/wp-content\/uploads\/2016\/08\/5-12-600x450.jpg 600w, https:\/\/www.assisi-schule-ostbevern.de\/wordpress\/wp-content\/uploads\/2016\/08\/5-12-768x576.jpg 768w, https:\/\/www.assisi-schule-ostbevern.de\/wordpress\/wp-content\/uploads\/2016\/08\/5-12-1024x768.jpg 1024w\" sizes=\"auto, (max-width: 600px) 100vw, 600px\" \/><\/a> <a href=\"http:\/\/www.assisi-schule-ostbevern.de\/?attachment_id=2484\" rel=\"attachment wp-att-2484\"><img loading=\"lazy\" decoding=\"async\" class=\"alignnone size-medium wp-image-2484\" src=\"http:\/\/www.assisi-schule-ostbevern.de\/wordpress\/wp-content\/uploads\/2016\/08\/6-12-600x450.jpg\" alt=\"\" width=\"600\" height=\"450\" srcset=\"https:\/\/www.assisi-schule-ostbevern.de\/wordpress\/wp-content\/uploads\/2016\/08\/6-12-600x450.jpg 600w, https:\/\/www.assisi-schule-ostbevern.de\/wordpress\/wp-content\/uploads\/2016\/08\/6-12-768x576.jpg 768w, https:\/\/www.assisi-schule-ostbevern.de\/wordpress\/wp-content\/uploads\/2016\/08\/6-12-1024x768.jpg 1024w\" sizes=\"auto, (max-width: 600px) 100vw, 600px\" \/><\/a> <a href=\"http:\/\/www.assisi-schule-ostbevern.de\/?attachment_id=2485\" rel=\"attachment wp-att-2485\"><img loading=\"lazy\" decoding=\"async\" class=\"alignnone size-medium wp-image-2485\" src=\"http:\/\/www.assisi-schule-ostbevern.de\/wordpress\/wp-content\/uploads\/2016\/08\/7-10-600x450.jpg\" alt=\"\" width=\"600\" height=\"450\" srcset=\"https:\/\/www.assisi-schule-ostbevern.de\/wordpress\/wp-content\/uploads\/2016\/08\/7-10-600x450.jpg 600w, https:\/\/www.assisi-schule-ostbevern.de\/wordpress\/wp-content\/uploads\/2016\/08\/7-10-768x576.jpg 768w, https:\/\/www.assisi-schule-ostbevern.de\/wordpress\/wp-content\/uploads\/2016\/08\/7-10-1024x768.jpg 1024w\" sizes=\"auto, (max-width: 600px) 100vw, 600px\" \/><\/a> <a href=\"http:\/\/www.assisi-schule-ostbevern.de\/?attachment_id=2486\" rel=\"attachment wp-att-2486\"><img loading=\"lazy\" decoding=\"async\" class=\"alignnone size-medium wp-image-2486\" src=\"http:\/\/www.assisi-schule-ostbevern.de\/wordpress\/wp-content\/uploads\/2016\/08\/8-9-600x450.jpg\" alt=\"\" width=\"600\" height=\"450\" srcset=\"https:\/\/www.assisi-schule-ostbevern.de\/wordpress\/wp-content\/uploads\/2016\/08\/8-9-600x450.jpg 600w, https:\/\/www.assisi-schule-ostbevern.de\/wordpress\/wp-content\/uploads\/2016\/08\/8-9-768x576.jpg 768w, https:\/\/www.assisi-schule-ostbevern.de\/wordpress\/wp-content\/uploads\/2016\/08\/8-9-1024x768.jpg 1024w\" sizes=\"auto, (max-width: 600px) 100vw, 600px\" \/><\/a> <a href=\"http:\/\/www.assisi-schule-ostbevern.de\/?attachment_id=2487\" rel=\"attachment wp-att-2487\"><img loading=\"lazy\" decoding=\"async\" class=\"alignnone size-medium wp-image-2487\" src=\"http:\/\/www.assisi-schule-ostbevern.de\/wordpress\/wp-content\/uploads\/2016\/08\/9-8-600x450.jpg\" alt=\"\" width=\"600\" height=\"450\" srcset=\"https:\/\/www.assisi-schule-ostbevern.de\/wordpress\/wp-content\/uploads\/2016\/08\/9-8-600x450.jpg 600w, https:\/\/www.assisi-schule-ostbevern.de\/wordpress\/wp-content\/uploads\/2016\/08\/9-8-768x576.jpg 768w, https:\/\/www.assisi-schule-ostbevern.de\/wordpress\/wp-content\/uploads\/2016\/08\/9-8-1024x768.jpg 1024w\" sizes=\"auto, (max-width: 600px) 100vw, 600px\" \/><\/a> <a href=\"http:\/\/www.assisi-schule-ostbevern.de\/?attachment_id=2488\" rel=\"attachment wp-att-2488\"><img loading=\"lazy\" decoding=\"async\" class=\"alignnone size-medium wp-image-2488\" src=\"http:\/\/www.assisi-schule-ostbevern.de\/wordpress\/wp-content\/uploads\/2016\/08\/10-8-600x450.jpg\" alt=\"\" width=\"600\" height=\"450\" srcset=\"https:\/\/www.assisi-schule-ostbevern.de\/wordpress\/wp-content\/uploads\/2016\/08\/10-8-600x450.jpg 600w, https:\/\/www.assisi-schule-ostbevern.de\/wordpress\/wp-content\/uploads\/2016\/08\/10-8-768x576.jpg 768w, https:\/\/www.assisi-schule-ostbevern.de\/wordpress\/wp-content\/uploads\/2016\/08\/10-8-1024x768.jpg 1024w\" sizes=\"auto, (max-width: 600px) 100vw, 600px\" \/><\/a> <a href=\"http:\/\/www.assisi-schule-ostbevern.de\/?attachment_id=2489\" rel=\"attachment wp-att-2489\"><img loading=\"lazy\" decoding=\"async\" class=\"alignnone size-medium wp-image-2489\" src=\"http:\/\/www.assisi-schule-ostbevern.de\/wordpress\/wp-content\/uploads\/2016\/08\/11-6-600x450.jpg\" alt=\"\" width=\"600\" height=\"450\" srcset=\"https:\/\/www.assisi-schule-ostbevern.de\/wordpress\/wp-content\/uploads\/2016\/08\/11-6-600x450.jpg 600w, https:\/\/www.assisi-schule-ostbevern.de\/wordpress\/wp-content\/uploads\/2016\/08\/11-6-768x576.jpg 768w, https:\/\/www.assisi-schule-ostbevern.de\/wordpress\/wp-content\/uploads\/2016\/08\/11-6-1024x768.jpg 1024w\" sizes=\"auto, (max-width: 600px) 100vw, 600px\" \/><\/a><\/p>\n<p>&nbsp;<\/p>\n<p><strong><span style=\"color: #339966;\">Franz-<\/span><span style=\"color: #ff9900;\">von-<\/span><span style=\"color: #3366ff;\">Assisi-<span style=\"color: #ff00ff;\">Schule &#8211;<\/span><\/span><span style=\"color: #333399;\"> HELAU!!!!<\/span><\/strong><\/p>\n<p>Auch in diesem Jahr haben wir wieder einen tollen Karnevalstag in der Schule gefeiert. Zun\u00e4chst feierten, tanzten und spielten alle in ihren Klassen und ab 10.30 Uhr startete dann unsere gemeinsame Karnevalsfeier in der Turnhalle. Nach unserer gemeinsamen Polonaise wurde wieder ein abwechslungsreiches und vor allem bewegunsfreudiges Programm geboten, bei dem alle mitmachen konnten und sollten und bei dem der Spa\u00df und das jecke Treiben im Vordergrund standen. Vielen Dank an alle, die an der Gestaltung dieses jecken Karnevalstages beteiligt waren. Ostbevern &#8211; HELAU!!!!!<\/p>\n<p><a href=\"http:\/\/www.assisi-schule-ostbevern.de\/?attachment_id=2457\" rel=\"attachment wp-att-2457\"><img loading=\"lazy\" decoding=\"async\" class=\"alignnone size-medium wp-image-2457\" src=\"http:\/\/www.assisi-schule-ostbevern.de\/wordpress\/wp-content\/uploads\/2016\/08\/1-15-600x450.jpg\" alt=\"\" width=\"600\" height=\"450\" srcset=\"https:\/\/www.assisi-schule-ostbevern.de\/wordpress\/wp-content\/uploads\/2016\/08\/1-15-600x450.jpg 600w, https:\/\/www.assisi-schule-ostbevern.de\/wordpress\/wp-content\/uploads\/2016\/08\/1-15-768x576.jpg 768w, https:\/\/www.assisi-schule-ostbevern.de\/wordpress\/wp-content\/uploads\/2016\/08\/1-15-1024x768.jpg 1024w\" sizes=\"auto, (max-width: 600px) 100vw, 600px\" \/><\/a> <a href=\"http:\/\/www.assisi-schule-ostbevern.de\/?attachment_id=2458\" rel=\"attachment wp-att-2458\"><img loading=\"lazy\" decoding=\"async\" class=\"alignnone size-medium wp-image-2458\" src=\"http:\/\/www.assisi-schule-ostbevern.de\/wordpress\/wp-content\/uploads\/2016\/08\/2-14-600x450.jpg\" alt=\"\" width=\"600\" height=\"450\" srcset=\"https:\/\/www.assisi-schule-ostbevern.de\/wordpress\/wp-content\/uploads\/2016\/08\/2-14-600x450.jpg 600w, https:\/\/www.assisi-schule-ostbevern.de\/wordpress\/wp-content\/uploads\/2016\/08\/2-14-768x576.jpg 768w, https:\/\/www.assisi-schule-ostbevern.de\/wordpress\/wp-content\/uploads\/2016\/08\/2-14-1024x768.jpg 1024w\" sizes=\"auto, (max-width: 600px) 100vw, 600px\" \/><\/a> <a href=\"http:\/\/www.assisi-schule-ostbevern.de\/?attachment_id=2459\" rel=\"attachment wp-att-2459\"><img loading=\"lazy\" decoding=\"async\" class=\"alignnone size-medium wp-image-2459\" src=\"http:\/\/www.assisi-schule-ostbevern.de\/wordpress\/wp-content\/uploads\/2016\/08\/3-15-600x450.jpg\" alt=\"\" width=\"600\" height=\"450\" srcset=\"https:\/\/www.assisi-schule-ostbevern.de\/wordpress\/wp-content\/uploads\/2016\/08\/3-15-600x450.jpg 600w, https:\/\/www.assisi-schule-ostbevern.de\/wordpress\/wp-content\/uploads\/2016\/08\/3-15-768x576.jpg 768w, https:\/\/www.assisi-schule-ostbevern.de\/wordpress\/wp-content\/uploads\/2016\/08\/3-15-1024x768.jpg 1024w\" sizes=\"auto, (max-width: 600px) 100vw, 600px\" \/><\/a> <a href=\"http:\/\/www.assisi-schule-ostbevern.de\/?attachment_id=2460\" rel=\"attachment wp-att-2460\"><img loading=\"lazy\" decoding=\"async\" class=\"alignnone size-medium wp-image-2460\" src=\"http:\/\/www.assisi-schule-ostbevern.de\/wordpress\/wp-content\/uploads\/2016\/08\/4-13-600x450.jpg\" alt=\"\" width=\"600\" height=\"450\" srcset=\"https:\/\/www.assisi-schule-ostbevern.de\/wordpress\/wp-content\/uploads\/2016\/08\/4-13-600x450.jpg 600w, https:\/\/www.assisi-schule-ostbevern.de\/wordpress\/wp-content\/uploads\/2016\/08\/4-13-768x576.jpg 768w, https:\/\/www.assisi-schule-ostbevern.de\/wordpress\/wp-content\/uploads\/2016\/08\/4-13-1024x768.jpg 1024w\" sizes=\"auto, (max-width: 600px) 100vw, 600px\" \/><\/a> <a href=\"http:\/\/www.assisi-schule-ostbevern.de\/?attachment_id=2461\" rel=\"attachment wp-att-2461\"><img loading=\"lazy\" decoding=\"async\" class=\"alignnone size-medium wp-image-2461\" src=\"http:\/\/www.assisi-schule-ostbevern.de\/wordpress\/wp-content\/uploads\/2016\/08\/5-11-600x450.jpg\" alt=\"\" width=\"600\" height=\"450\" srcset=\"https:\/\/www.assisi-schule-ostbevern.de\/wordpress\/wp-content\/uploads\/2016\/08\/5-11-600x450.jpg 600w, https:\/\/www.assisi-schule-ostbevern.de\/wordpress\/wp-content\/uploads\/2016\/08\/5-11-768x576.jpg 768w, https:\/\/www.assisi-schule-ostbevern.de\/wordpress\/wp-content\/uploads\/2016\/08\/5-11-1024x768.jpg 1024w\" sizes=\"auto, (max-width: 600px) 100vw, 600px\" \/><\/a> <a href=\"http:\/\/www.assisi-schule-ostbevern.de\/?attachment_id=2462\" rel=\"attachment wp-att-2462\"><img loading=\"lazy\" decoding=\"async\" class=\"alignnone size-medium wp-image-2462\" src=\"http:\/\/www.assisi-schule-ostbevern.de\/wordpress\/wp-content\/uploads\/2016\/08\/6-11-600x450.jpg\" alt=\"\" width=\"600\" height=\"450\" srcset=\"https:\/\/www.assisi-schule-ostbevern.de\/wordpress\/wp-content\/uploads\/2016\/08\/6-11-600x450.jpg 600w, https:\/\/www.assisi-schule-ostbevern.de\/wordpress\/wp-content\/uploads\/2016\/08\/6-11-768x576.jpg 768w, https:\/\/www.assisi-schule-ostbevern.de\/wordpress\/wp-content\/uploads\/2016\/08\/6-11-1024x768.jpg 1024w\" sizes=\"auto, (max-width: 600px) 100vw, 600px\" \/><\/a> <a href=\"http:\/\/www.assisi-schule-ostbevern.de\/?attachment_id=2463\" rel=\"attachment wp-att-2463\"><img loading=\"lazy\" decoding=\"async\" class=\"alignnone size-medium wp-image-2463\" src=\"http:\/\/www.assisi-schule-ostbevern.de\/wordpress\/wp-content\/uploads\/2016\/08\/7-9-600x450.jpg\" alt=\"\" width=\"600\" height=\"450\" srcset=\"https:\/\/www.assisi-schule-ostbevern.de\/wordpress\/wp-content\/uploads\/2016\/08\/7-9-600x450.jpg 600w, https:\/\/www.assisi-schule-ostbevern.de\/wordpress\/wp-content\/uploads\/2016\/08\/7-9-768x576.jpg 768w, https:\/\/www.assisi-schule-ostbevern.de\/wordpress\/wp-content\/uploads\/2016\/08\/7-9-1024x768.jpg 1024w\" sizes=\"auto, (max-width: 600px) 100vw, 600px\" \/><\/a> <a href=\"http:\/\/www.assisi-schule-ostbevern.de\/?attachment_id=2464\" rel=\"attachment wp-att-2464\"><img loading=\"lazy\" decoding=\"async\" class=\"alignnone size-medium wp-image-2464\" src=\"http:\/\/www.assisi-schule-ostbevern.de\/wordpress\/wp-content\/uploads\/2016\/08\/8-8-600x450.jpg\" alt=\"\" width=\"600\" height=\"450\" srcset=\"https:\/\/www.assisi-schule-ostbevern.de\/wordpress\/wp-content\/uploads\/2016\/08\/8-8-600x450.jpg 600w, https:\/\/www.assisi-schule-ostbevern.de\/wordpress\/wp-content\/uploads\/2016\/08\/8-8-768x576.jpg 768w, https:\/\/www.assisi-schule-ostbevern.de\/wordpress\/wp-content\/uploads\/2016\/08\/8-8-1024x768.jpg 1024w\" sizes=\"auto, (max-width: 600px) 100vw, 600px\" \/><\/a> <a href=\"http:\/\/www.assisi-schule-ostbevern.de\/?attachment_id=2465\" rel=\"attachment wp-att-2465\"><img loading=\"lazy\" decoding=\"async\" class=\"alignnone size-medium wp-image-2465\" src=\"http:\/\/www.assisi-schule-ostbevern.de\/wordpress\/wp-content\/uploads\/2016\/08\/9-7-600x450.jpg\" alt=\"\" width=\"600\" height=\"450\" srcset=\"https:\/\/www.assisi-schule-ostbevern.de\/wordpress\/wp-content\/uploads\/2016\/08\/9-7-600x450.jpg 600w, https:\/\/www.assisi-schule-ostbevern.de\/wordpress\/wp-content\/uploads\/2016\/08\/9-7-768x576.jpg 768w, https:\/\/www.assisi-schule-ostbevern.de\/wordpress\/wp-content\/uploads\/2016\/08\/9-7-1024x768.jpg 1024w\" sizes=\"auto, (max-width: 600px) 100vw, 600px\" \/><\/a> <a href=\"http:\/\/www.assisi-schule-ostbevern.de\/?attachment_id=2466\" rel=\"attachment wp-att-2466\"><img loading=\"lazy\" decoding=\"async\" class=\"alignnone size-medium wp-image-2466\" src=\"http:\/\/www.assisi-schule-ostbevern.de\/wordpress\/wp-content\/uploads\/2016\/08\/10-7-600x450.jpg\" alt=\"\" width=\"600\" height=\"450\" srcset=\"https:\/\/www.assisi-schule-ostbevern.de\/wordpress\/wp-content\/uploads\/2016\/08\/10-7-600x450.jpg 600w, https:\/\/www.assisi-schule-ostbevern.de\/wordpress\/wp-content\/uploads\/2016\/08\/10-7-768x576.jpg 768w, https:\/\/www.assisi-schule-ostbevern.de\/wordpress\/wp-content\/uploads\/2016\/08\/10-7-1024x768.jpg 1024w\" sizes=\"auto, (max-width: 600px) 100vw, 600px\" \/><\/a> <a href=\"http:\/\/www.assisi-schule-ostbevern.de\/?attachment_id=2467\" rel=\"attachment wp-att-2467\"><img loading=\"lazy\" decoding=\"async\" class=\"alignnone size-medium wp-image-2467\" src=\"http:\/\/www.assisi-schule-ostbevern.de\/wordpress\/wp-content\/uploads\/2016\/08\/11-5-600x450.jpg\" alt=\"\" width=\"600\" height=\"450\" srcset=\"https:\/\/www.assisi-schule-ostbevern.de\/wordpress\/wp-content\/uploads\/2016\/08\/11-5-600x450.jpg 600w, https:\/\/www.assisi-schule-ostbevern.de\/wordpress\/wp-content\/uploads\/2016\/08\/11-5-768x576.jpg 768w, https:\/\/www.assisi-schule-ostbevern.de\/wordpress\/wp-content\/uploads\/2016\/08\/11-5-1024x768.jpg 1024w\" sizes=\"auto, (max-width: 600px) 100vw, 600px\" \/><\/a> <a href=\"http:\/\/www.assisi-schule-ostbevern.de\/?attachment_id=2468\" rel=\"attachment wp-att-2468\"><img loading=\"lazy\" decoding=\"async\" class=\"alignnone size-medium wp-image-2468\" src=\"http:\/\/www.assisi-schule-ostbevern.de\/wordpress\/wp-content\/uploads\/2016\/08\/12-600x450.jpg\" alt=\"\" width=\"600\" height=\"450\" srcset=\"https:\/\/www.assisi-schule-ostbevern.de\/wordpress\/wp-content\/uploads\/2016\/08\/12-600x450.jpg 600w, https:\/\/www.assisi-schule-ostbevern.de\/wordpress\/wp-content\/uploads\/2016\/08\/12-768x576.jpg 768w, https:\/\/www.assisi-schule-ostbevern.de\/wordpress\/wp-content\/uploads\/2016\/08\/12-1024x768.jpg 1024w\" sizes=\"auto, (max-width: 600px) 100vw, 600px\" \/><\/a><\/p>\n<p>&nbsp;<\/p>\n<p><strong><span style=\"color: #800080;\">Medienschutzparcours<\/span> <span style=\"color: #008000;\">in<\/span> <span style=\"color: #003366;\">den<\/span> <span style=\"color: #ff6600;\">4. Klassen<\/span><\/strong><\/p>\n<p>Auch in diesem Jahr freuen wir uns dar\u00fcber, dass das Amt f\u00fcr Kinder, Jugendliche und Familien des Kreises Warendorf unter der Leitung von Frau Niemerg in den Klassen 4a und 4b einen <strong>Medienschutzparcours<\/strong> durchgef\u00fchrt hat. Die Viertkl\u00e4ssler besch\u00e4ftigten sich dabei in gemischten Kleingruppen mit zentralen Fragen zum sicheren Umgang mit Internet und Handys. Zum Beispiel: Welche Bilder darf ich hochladen? Wie sieht ein sicheres Passwort aus? Wie benutze ich Suchmaschinen? Worauf muss ich beim Chatten achten? Was kann ich bei Cybermobbing unternehmen? Ziel war es, die Kinder zu einem bewussten und kritischen Umgang mit diesen Themen zu bef\u00e4higen. Das Anliegen unserer Schule ist, dass die Kinder sowohl in der Schule als auch zu Hause darin unterst\u00fctzt werden, einen kritischen und verantwortungsbewussten Umgang mit Internet, Smartphone und Co. zu entwickeln.<\/p>\n<p><a href=\"http:\/\/www.assisi-schule-ostbevern.de\/?attachment_id=2447\" rel=\"attachment wp-att-2447\"><img loading=\"lazy\" decoding=\"async\" class=\"alignnone size-medium wp-image-2447\" src=\"http:\/\/www.assisi-schule-ostbevern.de\/wordpress\/wp-content\/uploads\/2016\/08\/1-14-600x450.jpg\" alt=\"\" width=\"600\" height=\"450\" srcset=\"https:\/\/www.assisi-schule-ostbevern.de\/wordpress\/wp-content\/uploads\/2016\/08\/1-14-600x450.jpg 600w, https:\/\/www.assisi-schule-ostbevern.de\/wordpress\/wp-content\/uploads\/2016\/08\/1-14-768x576.jpg 768w, https:\/\/www.assisi-schule-ostbevern.de\/wordpress\/wp-content\/uploads\/2016\/08\/1-14-1024x768.jpg 1024w\" sizes=\"auto, (max-width: 600px) 100vw, 600px\" \/><\/a> <a href=\"http:\/\/www.assisi-schule-ostbevern.de\/?attachment_id=2448\" rel=\"attachment wp-att-2448\"><img loading=\"lazy\" decoding=\"async\" class=\"alignnone size-medium wp-image-2448\" src=\"http:\/\/www.assisi-schule-ostbevern.de\/wordpress\/wp-content\/uploads\/2016\/08\/2-13-600x450.jpg\" alt=\"\" width=\"600\" height=\"450\" srcset=\"https:\/\/www.assisi-schule-ostbevern.de\/wordpress\/wp-content\/uploads\/2016\/08\/2-13-600x450.jpg 600w, https:\/\/www.assisi-schule-ostbevern.de\/wordpress\/wp-content\/uploads\/2016\/08\/2-13-768x576.jpg 768w, https:\/\/www.assisi-schule-ostbevern.de\/wordpress\/wp-content\/uploads\/2016\/08\/2-13-1024x768.jpg 1024w\" sizes=\"auto, (max-width: 600px) 100vw, 600px\" \/><\/a> <a href=\"http:\/\/www.assisi-schule-ostbevern.de\/?attachment_id=2449\" rel=\"attachment wp-att-2449\"><img loading=\"lazy\" decoding=\"async\" class=\"alignnone size-medium wp-image-2449\" src=\"http:\/\/www.assisi-schule-ostbevern.de\/wordpress\/wp-content\/uploads\/2016\/08\/3-14-600x450.jpg\" alt=\"\" width=\"600\" height=\"450\" srcset=\"https:\/\/www.assisi-schule-ostbevern.de\/wordpress\/wp-content\/uploads\/2016\/08\/3-14-600x450.jpg 600w, https:\/\/www.assisi-schule-ostbevern.de\/wordpress\/wp-content\/uploads\/2016\/08\/3-14-768x576.jpg 768w, https:\/\/www.assisi-schule-ostbevern.de\/wordpress\/wp-content\/uploads\/2016\/08\/3-14-1024x768.jpg 1024w\" sizes=\"auto, (max-width: 600px) 100vw, 600px\" \/><\/a> <a href=\"http:\/\/www.assisi-schule-ostbevern.de\/?attachment_id=2450\" rel=\"attachment wp-att-2450\"><img loading=\"lazy\" decoding=\"async\" class=\"alignnone size-medium wp-image-2450\" src=\"http:\/\/www.assisi-schule-ostbevern.de\/wordpress\/wp-content\/uploads\/2016\/08\/4-12-600x450.jpg\" alt=\"\" width=\"600\" height=\"450\" srcset=\"https:\/\/www.assisi-schule-ostbevern.de\/wordpress\/wp-content\/uploads\/2016\/08\/4-12-600x450.jpg 600w, https:\/\/www.assisi-schule-ostbevern.de\/wordpress\/wp-content\/uploads\/2016\/08\/4-12-768x576.jpg 768w, https:\/\/www.assisi-schule-ostbevern.de\/wordpress\/wp-content\/uploads\/2016\/08\/4-12-1024x768.jpg 1024w\" sizes=\"auto, (max-width: 600px) 100vw, 600px\" \/><\/a> <a href=\"http:\/\/www.assisi-schule-ostbevern.de\/?attachment_id=2451\" rel=\"attachment wp-att-2451\"><img loading=\"lazy\" decoding=\"async\" class=\"alignnone size-medium wp-image-2451\" src=\"http:\/\/www.assisi-schule-ostbevern.de\/wordpress\/wp-content\/uploads\/2016\/08\/5-10-600x450.jpg\" alt=\"\" width=\"600\" height=\"450\" srcset=\"https:\/\/www.assisi-schule-ostbevern.de\/wordpress\/wp-content\/uploads\/2016\/08\/5-10-600x450.jpg 600w, https:\/\/www.assisi-schule-ostbevern.de\/wordpress\/wp-content\/uploads\/2016\/08\/5-10-768x576.jpg 768w, https:\/\/www.assisi-schule-ostbevern.de\/wordpress\/wp-content\/uploads\/2016\/08\/5-10-1024x768.jpg 1024w\" sizes=\"auto, (max-width: 600px) 100vw, 600px\" \/><\/a> <a href=\"http:\/\/www.assisi-schule-ostbevern.de\/?attachment_id=2452\" rel=\"attachment wp-att-2452\"><img loading=\"lazy\" decoding=\"async\" class=\"alignnone size-medium wp-image-2452\" src=\"http:\/\/www.assisi-schule-ostbevern.de\/wordpress\/wp-content\/uploads\/2016\/08\/6-10-600x450.jpg\" alt=\"\" width=\"600\" height=\"450\" srcset=\"https:\/\/www.assisi-schule-ostbevern.de\/wordpress\/wp-content\/uploads\/2016\/08\/6-10-600x450.jpg 600w, https:\/\/www.assisi-schule-ostbevern.de\/wordpress\/wp-content\/uploads\/2016\/08\/6-10-768x576.jpg 768w, https:\/\/www.assisi-schule-ostbevern.de\/wordpress\/wp-content\/uploads\/2016\/08\/6-10-1024x768.jpg 1024w\" sizes=\"auto, (max-width: 600px) 100vw, 600px\" \/><\/a><\/p>\n<p><strong><span style=\"color: #993300;\">Sozialkompetenztraining<span style=\"color: #008000;\">\u00a0<\/span><\/span><span style=\"color: #008000;\">im<\/span><span style=\"color: #0000ff;\">\u00a02.\u00a0Schuljahr<\/span><\/strong><\/p>\n<p>Im 1. Schuljahr wurde f\u00fcr die beiden ersten Klassen ein Projekttag zur Schulung der sozialen Kompetenz angeboten. Aufgrund der guten Resonanz bei den Kindern und Eltern f\u00fchrte ein Team des Jugendwerkes Ostbevern e.V. nun f\u00fcr die Klassen 2a und 2b einen Fortsetzungskurs zum \u201esozialen Lernen\u201c durch.\u00a0 Auf spielerische Art und Weise ging es an jeweils einem Schulvormittag pro Klasse darum, den Klassenzusammenhalt zu st\u00e4rken, indem man die Bed\u00fcrfnisse der andere wahrnimmt, gemeinsam zu L\u00f6sungen kommt und respektvoll miteinander umgeht.<\/p>\n<p><a href=\"http:\/\/www.assisi-schule-ostbevern.de\/?attachment_id=2436\" rel=\"attachment wp-att-2436\"><img loading=\"lazy\" decoding=\"async\" class=\"alignnone size-medium wp-image-2436\" src=\"http:\/\/www.assisi-schule-ostbevern.de\/wordpress\/wp-content\/uploads\/2016\/08\/1-13-338x600.jpg\" alt=\"\" width=\"338\" height=\"600\" srcset=\"https:\/\/www.assisi-schule-ostbevern.de\/wordpress\/wp-content\/uploads\/2016\/08\/1-13-338x600.jpg 338w, https:\/\/www.assisi-schule-ostbevern.de\/wordpress\/wp-content\/uploads\/2016\/08\/1-13-768x1365.jpg 768w, https:\/\/www.assisi-schule-ostbevern.de\/wordpress\/wp-content\/uploads\/2016\/08\/1-13-576x1024.jpg 576w\" sizes=\"auto, (max-width: 338px) 100vw, 338px\" \/><\/a> <a href=\"http:\/\/www.assisi-schule-ostbevern.de\/?attachment_id=2437\" rel=\"attachment wp-att-2437\"><img loading=\"lazy\" decoding=\"async\" class=\"alignnone size-medium wp-image-2437\" src=\"http:\/\/www.assisi-schule-ostbevern.de\/wordpress\/wp-content\/uploads\/2016\/08\/2-12-338x600.jpg\" alt=\"\" width=\"338\" height=\"600\" srcset=\"https:\/\/www.assisi-schule-ostbevern.de\/wordpress\/wp-content\/uploads\/2016\/08\/2-12-338x600.jpg 338w, https:\/\/www.assisi-schule-ostbevern.de\/wordpress\/wp-content\/uploads\/2016\/08\/2-12-768x1365.jpg 768w, https:\/\/www.assisi-schule-ostbevern.de\/wordpress\/wp-content\/uploads\/2016\/08\/2-12-576x1024.jpg 576w\" sizes=\"auto, (max-width: 338px) 100vw, 338px\" \/><\/a> <a href=\"http:\/\/www.assisi-schule-ostbevern.de\/?attachment_id=2438\" rel=\"attachment wp-att-2438\"><img loading=\"lazy\" decoding=\"async\" class=\"alignnone size-medium wp-image-2438\" src=\"http:\/\/www.assisi-schule-ostbevern.de\/wordpress\/wp-content\/uploads\/2016\/08\/3-13-600x338.jpg\" alt=\"\" width=\"600\" height=\"338\" srcset=\"https:\/\/www.assisi-schule-ostbevern.de\/wordpress\/wp-content\/uploads\/2016\/08\/3-13-600x338.jpg 600w, https:\/\/www.assisi-schule-ostbevern.de\/wordpress\/wp-content\/uploads\/2016\/08\/3-13-768x432.jpg 768w, https:\/\/www.assisi-schule-ostbevern.de\/wordpress\/wp-content\/uploads\/2016\/08\/3-13-1024x576.jpg 1024w\" sizes=\"auto, (max-width: 600px) 100vw, 600px\" \/><\/a> <a href=\"http:\/\/www.assisi-schule-ostbevern.de\/?attachment_id=2439\" rel=\"attachment wp-att-2439\"><img loading=\"lazy\" decoding=\"async\" class=\"alignnone size-medium wp-image-2439\" src=\"http:\/\/www.assisi-schule-ostbevern.de\/wordpress\/wp-content\/uploads\/2016\/08\/6-9-600x338.jpg\" alt=\"\" width=\"600\" height=\"338\" srcset=\"https:\/\/www.assisi-schule-ostbevern.de\/wordpress\/wp-content\/uploads\/2016\/08\/6-9-600x338.jpg 600w, https:\/\/www.assisi-schule-ostbevern.de\/wordpress\/wp-content\/uploads\/2016\/08\/6-9-768x432.jpg 768w, https:\/\/www.assisi-schule-ostbevern.de\/wordpress\/wp-content\/uploads\/2016\/08\/6-9-1024x576.jpg 1024w\" sizes=\"auto, (max-width: 600px) 100vw, 600px\" \/><\/a> <a href=\"http:\/\/www.assisi-schule-ostbevern.de\/?attachment_id=2440\" rel=\"attachment wp-att-2440\"><img loading=\"lazy\" decoding=\"async\" class=\"alignnone size-medium wp-image-2440\" src=\"http:\/\/www.assisi-schule-ostbevern.de\/wordpress\/wp-content\/uploads\/2016\/08\/7-8-600x338.jpg\" alt=\"\" width=\"600\" height=\"338\" srcset=\"https:\/\/www.assisi-schule-ostbevern.de\/wordpress\/wp-content\/uploads\/2016\/08\/7-8-600x338.jpg 600w, https:\/\/www.assisi-schule-ostbevern.de\/wordpress\/wp-content\/uploads\/2016\/08\/7-8-768x432.jpg 768w, https:\/\/www.assisi-schule-ostbevern.de\/wordpress\/wp-content\/uploads\/2016\/08\/7-8-1024x576.jpg 1024w\" sizes=\"auto, (max-width: 600px) 100vw, 600px\" \/><\/a> <a href=\"http:\/\/www.assisi-schule-ostbevern.de\/?attachment_id=2441\" rel=\"attachment wp-att-2441\"><img loading=\"lazy\" decoding=\"async\" class=\"alignnone size-medium wp-image-2441\" src=\"http:\/\/www.assisi-schule-ostbevern.de\/wordpress\/wp-content\/uploads\/2016\/08\/8-7-600x338.jpg\" alt=\"\" width=\"600\" height=\"338\" srcset=\"https:\/\/www.assisi-schule-ostbevern.de\/wordpress\/wp-content\/uploads\/2016\/08\/8-7-600x338.jpg 600w, https:\/\/www.assisi-schule-ostbevern.de\/wordpress\/wp-content\/uploads\/2016\/08\/8-7-768x432.jpg 768w, https:\/\/www.assisi-schule-ostbevern.de\/wordpress\/wp-content\/uploads\/2016\/08\/8-7-1024x576.jpg 1024w\" sizes=\"auto, (max-width: 600px) 100vw, 600px\" \/><\/a> <a href=\"http:\/\/www.assisi-schule-ostbevern.de\/?attachment_id=2442\" rel=\"attachment wp-att-2442\"><img loading=\"lazy\" decoding=\"async\" class=\"alignnone size-medium wp-image-2442\" src=\"http:\/\/www.assisi-schule-ostbevern.de\/wordpress\/wp-content\/uploads\/2016\/08\/9-6-600x338.jpg\" alt=\"\" width=\"600\" height=\"338\" srcset=\"https:\/\/www.assisi-schule-ostbevern.de\/wordpress\/wp-content\/uploads\/2016\/08\/9-6-600x338.jpg 600w, https:\/\/www.assisi-schule-ostbevern.de\/wordpress\/wp-content\/uploads\/2016\/08\/9-6-768x432.jpg 768w, https:\/\/www.assisi-schule-ostbevern.de\/wordpress\/wp-content\/uploads\/2016\/08\/9-6-1024x576.jpg 1024w\" sizes=\"auto, (max-width: 600px) 100vw, 600px\" \/><\/a> <a href=\"http:\/\/www.assisi-schule-ostbevern.de\/?attachment_id=2443\" rel=\"attachment wp-att-2443\"><img loading=\"lazy\" decoding=\"async\" class=\"alignnone size-medium wp-image-2443\" src=\"http:\/\/www.assisi-schule-ostbevern.de\/wordpress\/wp-content\/uploads\/2016\/08\/10-6-600x450.jpg\" alt=\"\" width=\"600\" height=\"450\" srcset=\"https:\/\/www.assisi-schule-ostbevern.de\/wordpress\/wp-content\/uploads\/2016\/08\/10-6-600x450.jpg 600w, https:\/\/www.assisi-schule-ostbevern.de\/wordpress\/wp-content\/uploads\/2016\/08\/10-6-768x576.jpg 768w, https:\/\/www.assisi-schule-ostbevern.de\/wordpress\/wp-content\/uploads\/2016\/08\/10-6-1024x768.jpg 1024w\" sizes=\"auto, (max-width: 600px) 100vw, 600px\" \/><\/a> <a href=\"http:\/\/www.assisi-schule-ostbevern.de\/?attachment_id=2444\" rel=\"attachment wp-att-2444\"><img loading=\"lazy\" decoding=\"async\" class=\"alignnone size-medium wp-image-2444\" src=\"http:\/\/www.assisi-schule-ostbevern.de\/wordpress\/wp-content\/uploads\/2016\/08\/11-4-600x450.jpg\" alt=\"\" width=\"600\" height=\"450\" srcset=\"https:\/\/www.assisi-schule-ostbevern.de\/wordpress\/wp-content\/uploads\/2016\/08\/11-4-600x450.jpg 600w, https:\/\/www.assisi-schule-ostbevern.de\/wordpress\/wp-content\/uploads\/2016\/08\/11-4-768x576.jpg 768w, https:\/\/www.assisi-schule-ostbevern.de\/wordpress\/wp-content\/uploads\/2016\/08\/11-4-1024x768.jpg 1024w\" sizes=\"auto, (max-width: 600px) 100vw, 600px\" \/><\/a> <a href=\"http:\/\/www.assisi-schule-ostbevern.de\/?attachment_id=2445\" rel=\"attachment wp-att-2445\"><img loading=\"lazy\" decoding=\"async\" class=\"alignnone size-medium wp-image-2445\" src=\"http:\/\/www.assisi-schule-ostbevern.de\/wordpress\/wp-content\/uploads\/2016\/08\/13-600x450.jpg\" alt=\"\" width=\"600\" height=\"450\" srcset=\"https:\/\/www.assisi-schule-ostbevern.de\/wordpress\/wp-content\/uploads\/2016\/08\/13-600x450.jpg 600w, https:\/\/www.assisi-schule-ostbevern.de\/wordpress\/wp-content\/uploads\/2016\/08\/13-768x576.jpg 768w, https:\/\/www.assisi-schule-ostbevern.de\/wordpress\/wp-content\/uploads\/2016\/08\/13-1024x768.jpg 1024w\" sizes=\"auto, (max-width: 600px) 100vw, 600px\" \/><\/a><\/p>\n<p><b><span style=\"color: #0000ff;\">Mmmmmh<\/span>\u00a0<span style=\"color: #339966;\">lecker<\/span>\u00a0<span style=\"color: #993300;\">Zeitung!<\/span><\/b><\/p>\n<p>In den letzten Wochen haben wir, die Klasse 4a der Franz-von-Assisi-Schule in Ostbevern die Zeitung gelesen und zeitungsfressende Monster gebastelt. Das ging so: Wir haben uns ein gro\u00dfes DinA 3-Blatt genommen. Dann malten wir mit Bleistift hauchd\u00fcnn ein m\u00f6glichst gro\u00dfes Monster auf. Wenn wir zufrieden waren, konnten wir mit \u00d6lkreide die Umrisse nachmalen. Die Augen und der Mund vom Monster mussten auch sehr gro\u00df werden. Nun wurde das Fell aufgestrichelt. Dann zeichneten wir die Arme auf ein extra Blatt. Diese Arme wurden ausgeschnitten und angeklebt. Schlie\u00dflich haben wir dem Monster einen Streifen Zeitung zu fressen gegeben. Mmmmh&#8230;. (Timon Fr\u00f6nd, 4a)<\/p>\n<p><b><span style=\"color: #0000ff;\"><a href=\"http:\/\/www.assisi-schule-ostbevern.de\/?attachment_id=2416\" rel=\"attachment wp-att-2416\"><img loading=\"lazy\" decoding=\"async\" class=\"alignnone size-medium wp-image-2416\" src=\"http:\/\/www.assisi-schule-ostbevern.de\/wordpress\/wp-content\/uploads\/2016\/08\/Zeitung-2-600x338.jpg\" alt=\"Zeitung 2\" width=\"600\" height=\"338\" srcset=\"https:\/\/www.assisi-schule-ostbevern.de\/wordpress\/wp-content\/uploads\/2016\/08\/Zeitung-2-600x338.jpg 600w, https:\/\/www.assisi-schule-ostbevern.de\/wordpress\/wp-content\/uploads\/2016\/08\/Zeitung-2-768x432.jpg 768w, https:\/\/www.assisi-schule-ostbevern.de\/wordpress\/wp-content\/uploads\/2016\/08\/Zeitung-2-1024x576.jpg 1024w, https:\/\/www.assisi-schule-ostbevern.de\/wordpress\/wp-content\/uploads\/2016\/08\/Zeitung-2.jpg 1600w\" sizes=\"auto, (max-width: 600px) 100vw, 600px\" \/><\/a><\/span><\/b><\/p>\n<p><b><span style=\"color: #0000ff;\"> <a href=\"http:\/\/www.assisi-schule-ostbevern.de\/?attachment_id=2417\" rel=\"attachment wp-att-2417\"><img loading=\"lazy\" decoding=\"async\" class=\"alignnone size-medium wp-image-2417\" src=\"http:\/\/www.assisi-schule-ostbevern.de\/wordpress\/wp-content\/uploads\/2016\/08\/Zeitung-3-338x600.jpg\" alt=\"Zeitung 3\" width=\"338\" height=\"600\" srcset=\"https:\/\/www.assisi-schule-ostbevern.de\/wordpress\/wp-content\/uploads\/2016\/08\/Zeitung-3-338x600.jpg 338w, https:\/\/www.assisi-schule-ostbevern.de\/wordpress\/wp-content\/uploads\/2016\/08\/Zeitung-3-768x1365.jpg 768w, https:\/\/www.assisi-schule-ostbevern.de\/wordpress\/wp-content\/uploads\/2016\/08\/Zeitung-3-576x1024.jpg 576w, https:\/\/www.assisi-schule-ostbevern.de\/wordpress\/wp-content\/uploads\/2016\/08\/Zeitung-3.jpg 900w\" sizes=\"auto, (max-width: 338px) 100vw, 338px\" \/><\/a> <a style=\"color: #0000ff;\" href=\"http:\/\/www.assisi-schule-ostbevern.de\/?attachment_id=2415\" rel=\"attachment wp-att-2415\"><img loading=\"lazy\" decoding=\"async\" class=\"alignnone size-medium wp-image-2415\" src=\"http:\/\/www.assisi-schule-ostbevern.de\/wordpress\/wp-content\/uploads\/2016\/08\/Zeitung-1-338x600.jpg\" alt=\"Zeitung 1\" width=\"338\" height=\"600\" srcset=\"https:\/\/www.assisi-schule-ostbevern.de\/wordpress\/wp-content\/uploads\/2016\/08\/Zeitung-1-338x600.jpg 338w, https:\/\/www.assisi-schule-ostbevern.de\/wordpress\/wp-content\/uploads\/2016\/08\/Zeitung-1-768x1365.jpg 768w, https:\/\/www.assisi-schule-ostbevern.de\/wordpress\/wp-content\/uploads\/2016\/08\/Zeitung-1-576x1024.jpg 576w, https:\/\/www.assisi-schule-ostbevern.de\/wordpress\/wp-content\/uploads\/2016\/08\/Zeitung-1.jpg 900w\" sizes=\"auto, (max-width: 338px) 100vw, 338px\" \/><\/a><\/span><\/b><\/p>\n<\/div>\n<div><\/div>\n<div><strong><span style=\"color: #993300;\">Ronja<\/span> <span style=\"color: #008000;\">R\u00e4ubertochter<\/span><\/strong><\/div>\n<div>So hie\u00df das Theaterst\u00fcck, das wir mit der gesamten Schulgemeinde im Stadttheater M\u00fcnster besucht haben. Vom Beverbad aus starteten wir mit vielen Bussen in Richtung M\u00fcnster, um uns dort mitrei\u00dfen zu lassen von einer gut gelaunten, vor Energie spr\u00fchenden Ronja und vielen weiteren R\u00e4ubern. Auch die Graugnome, Rumpelwichte und Wilddruden entf\u00fchrten uns in ein spannendes Abenteuer. Ebenso gut gelaunt wie Ronja verlie\u00dfen wir das Theater wieder Richtung Ostbevern und hier und da h\u00f6rten wir immer mal wieder kleine piepsige Stimmen die fragten: &#8222;Wiesu denn blu\u00df?&#8220; \ud83d\ude42<\/div>\n<div><a href=\"http:\/\/www.assisi-schule-ostbevern.de\/?attachment_id=2388\" rel=\"attachment wp-att-2388\"><img loading=\"lazy\" decoding=\"async\" class=\"alignnone size-medium wp-image-2388\" src=\"http:\/\/www.assisi-schule-ostbevern.de\/wordpress\/wp-content\/uploads\/2016\/08\/1-12-600x450.jpg\" alt=\"1\" width=\"600\" height=\"450\" srcset=\"https:\/\/www.assisi-schule-ostbevern.de\/wordpress\/wp-content\/uploads\/2016\/08\/1-12-600x450.jpg 600w, https:\/\/www.assisi-schule-ostbevern.de\/wordpress\/wp-content\/uploads\/2016\/08\/1-12-768x576.jpg 768w, https:\/\/www.assisi-schule-ostbevern.de\/wordpress\/wp-content\/uploads\/2016\/08\/1-12-1024x768.jpg 1024w\" sizes=\"auto, (max-width: 600px) 100vw, 600px\" \/><\/a> <a href=\"http:\/\/www.assisi-schule-ostbevern.de\/?attachment_id=2389\" rel=\"attachment wp-att-2389\"><img loading=\"lazy\" decoding=\"async\" class=\"alignnone size-medium wp-image-2389\" src=\"http:\/\/www.assisi-schule-ostbevern.de\/wordpress\/wp-content\/uploads\/2016\/08\/2-11-600x450.jpg\" alt=\"2\" width=\"600\" height=\"450\" srcset=\"https:\/\/www.assisi-schule-ostbevern.de\/wordpress\/wp-content\/uploads\/2016\/08\/2-11-600x450.jpg 600w, https:\/\/www.assisi-schule-ostbevern.de\/wordpress\/wp-content\/uploads\/2016\/08\/2-11-768x576.jpg 768w, https:\/\/www.assisi-schule-ostbevern.de\/wordpress\/wp-content\/uploads\/2016\/08\/2-11-1024x768.jpg 1024w\" sizes=\"auto, (max-width: 600px) 100vw, 600px\" \/><\/a> <a href=\"http:\/\/www.assisi-schule-ostbevern.de\/?attachment_id=2390\" rel=\"attachment wp-att-2390\"><img loading=\"lazy\" decoding=\"async\" class=\"alignnone size-medium wp-image-2390\" src=\"http:\/\/www.assisi-schule-ostbevern.de\/wordpress\/wp-content\/uploads\/2016\/08\/3-12-600x450.jpg\" alt=\"3\" width=\"600\" height=\"450\" srcset=\"https:\/\/www.assisi-schule-ostbevern.de\/wordpress\/wp-content\/uploads\/2016\/08\/3-12-600x450.jpg 600w, https:\/\/www.assisi-schule-ostbevern.de\/wordpress\/wp-content\/uploads\/2016\/08\/3-12-768x576.jpg 768w, https:\/\/www.assisi-schule-ostbevern.de\/wordpress\/wp-content\/uploads\/2016\/08\/3-12-1024x768.jpg 1024w\" sizes=\"auto, (max-width: 600px) 100vw, 600px\" \/><\/a> <a href=\"http:\/\/www.assisi-schule-ostbevern.de\/?attachment_id=2391\" rel=\"attachment wp-att-2391\"><img loading=\"lazy\" decoding=\"async\" class=\"alignnone size-medium wp-image-2391\" src=\"http:\/\/www.assisi-schule-ostbevern.de\/wordpress\/wp-content\/uploads\/2016\/08\/4-11-600x450.jpg\" alt=\"4\" width=\"600\" height=\"450\" srcset=\"https:\/\/www.assisi-schule-ostbevern.de\/wordpress\/wp-content\/uploads\/2016\/08\/4-11-600x450.jpg 600w, https:\/\/www.assisi-schule-ostbevern.de\/wordpress\/wp-content\/uploads\/2016\/08\/4-11-768x576.jpg 768w, https:\/\/www.assisi-schule-ostbevern.de\/wordpress\/wp-content\/uploads\/2016\/08\/4-11-1024x768.jpg 1024w\" sizes=\"auto, (max-width: 600px) 100vw, 600px\" \/><\/a> <a href=\"http:\/\/www.assisi-schule-ostbevern.de\/?attachment_id=2392\" rel=\"attachment wp-att-2392\"><img loading=\"lazy\" decoding=\"async\" class=\"alignnone size-medium wp-image-2392\" src=\"http:\/\/www.assisi-schule-ostbevern.de\/wordpress\/wp-content\/uploads\/2016\/08\/6-8-600x450.jpg\" alt=\"6\" width=\"600\" height=\"450\" srcset=\"https:\/\/www.assisi-schule-ostbevern.de\/wordpress\/wp-content\/uploads\/2016\/08\/6-8-600x450.jpg 600w, https:\/\/www.assisi-schule-ostbevern.de\/wordpress\/wp-content\/uploads\/2016\/08\/6-8-768x576.jpg 768w, https:\/\/www.assisi-schule-ostbevern.de\/wordpress\/wp-content\/uploads\/2016\/08\/6-8-1024x768.jpg 1024w\" sizes=\"auto, (max-width: 600px) 100vw, 600px\" \/><\/a> <a href=\"http:\/\/www.assisi-schule-ostbevern.de\/?attachment_id=2393\" rel=\"attachment wp-att-2393\"><img loading=\"lazy\" decoding=\"async\" class=\"alignnone size-medium wp-image-2393\" src=\"http:\/\/www.assisi-schule-ostbevern.de\/wordpress\/wp-content\/uploads\/2016\/08\/7-7-600x450.jpg\" alt=\"7\" width=\"600\" height=\"450\" srcset=\"https:\/\/www.assisi-schule-ostbevern.de\/wordpress\/wp-content\/uploads\/2016\/08\/7-7-600x450.jpg 600w, https:\/\/www.assisi-schule-ostbevern.de\/wordpress\/wp-content\/uploads\/2016\/08\/7-7-768x576.jpg 768w, https:\/\/www.assisi-schule-ostbevern.de\/wordpress\/wp-content\/uploads\/2016\/08\/7-7-1024x768.jpg 1024w\" sizes=\"auto, (max-width: 600px) 100vw, 600px\" \/><\/a><\/div>\n<div><\/div>\n<div><strong><span style=\"color: #993300;\">Wenn<\/span> <span style=\"color: #008080;\">Engel<\/span> <span style=\"color: #ff9900;\">singen<\/span><\/strong><\/div>\n<div>So hie\u00df das Theaterst\u00fcck, das die Klasse 4a bei unserem letzten Adventssingen aufgef\u00fchrt hat. Die B\u00fchne verwandelte sich in den Weihnachtsmarkt von M\u00fcnster und sogar der 7. Himmel wurde extra f\u00fcr dieses St\u00fcck in unser Forum verlegt. Ein Engel verirrte sich versehentlich von dieser Wolke im 7. Himmel und landete mitten auf dem Weihnachtsmarkt, wo er dann viel erlebte: eine Reisegruppe wurde auf Englisch durch M\u00fcnster gef\u00fchrt, eine Mutter versuchte, ihr quengelndes Kind zu beruhigen und ein kleiner Chor sang f\u00fcr einen guten Zweck.<\/div>\n<div>Alle Kinder brachten ihre Rollen gekonnt auf die B\u00fchne und auch die Gesangseinlagen konnten sich echt h\u00f6ren lassen. Einstudiert wurde dieses Theaterst\u00fcck von der Theaterp\u00e4dagogin Karin Gro\u00dfe Inkrott mit der Unterst\u00fctzung der Klassenlehrerin Gabriele B\u00f6rste und der Musiklehrerin Beatrix Bleibel. Der tosende Applaus am Ende war mehr als berechtigt f\u00fcr diese tolle Arbeit.<\/div>\n<div>Au\u00dferdem hatten wir noch Besuch von Frau Fr\u00f6nd. Diese unterst\u00fctzt den Bau eines M\u00e4dchenheimes in Ruanda und unsere Schule hatte sich entschieden, das Projekt mit unserem Sponsorenlauf vor den Herbstferien zu unterst\u00fctzen.\u00a0<strong> 2.376 Euro<\/strong> konnten wir ihr nun f\u00fcr dieses Projekt \u00fcberreichen. Frau Fr\u00f6nd war sichtlich ger\u00fchrt und sagte nur: &#8222;Es gibt die Engel zwar sicher auch im Himmel, aber ihr Kinder, ihr alle seid die Engel f\u00fcr die Kinder in Ruanda!&#8220;<\/div>\n<div><a href=\"http:\/\/www.assisi-schule-ostbevern.de\/?attachment_id=2365\" rel=\"attachment wp-att-2365\"><img loading=\"lazy\" decoding=\"async\" class=\"alignnone size-medium wp-image-2365\" src=\"http:\/\/www.assisi-schule-ostbevern.de\/wordpress\/wp-content\/uploads\/2016\/08\/1-11-600x450.jpg\" alt=\"1\" width=\"600\" height=\"450\" srcset=\"https:\/\/www.assisi-schule-ostbevern.de\/wordpress\/wp-content\/uploads\/2016\/08\/1-11-600x450.jpg 600w, https:\/\/www.assisi-schule-ostbevern.de\/wordpress\/wp-content\/uploads\/2016\/08\/1-11-768x576.jpg 768w, https:\/\/www.assisi-schule-ostbevern.de\/wordpress\/wp-content\/uploads\/2016\/08\/1-11-1024x768.jpg 1024w\" sizes=\"auto, (max-width: 600px) 100vw, 600px\" \/><\/a> <a href=\"http:\/\/www.assisi-schule-ostbevern.de\/?attachment_id=2366\" rel=\"attachment wp-att-2366\"><img loading=\"lazy\" decoding=\"async\" class=\"alignnone size-medium wp-image-2366\" src=\"http:\/\/www.assisi-schule-ostbevern.de\/wordpress\/wp-content\/uploads\/2016\/08\/2-10-600x450.jpg\" alt=\"2\" width=\"600\" height=\"450\" srcset=\"https:\/\/www.assisi-schule-ostbevern.de\/wordpress\/wp-content\/uploads\/2016\/08\/2-10-600x450.jpg 600w, https:\/\/www.assisi-schule-ostbevern.de\/wordpress\/wp-content\/uploads\/2016\/08\/2-10-768x576.jpg 768w, https:\/\/www.assisi-schule-ostbevern.de\/wordpress\/wp-content\/uploads\/2016\/08\/2-10-1024x768.jpg 1024w\" sizes=\"auto, (max-width: 600px) 100vw, 600px\" \/><\/a> <a href=\"http:\/\/www.assisi-schule-ostbevern.de\/?attachment_id=2367\" rel=\"attachment wp-att-2367\"><img loading=\"lazy\" decoding=\"async\" class=\"alignnone size-medium wp-image-2367\" src=\"http:\/\/www.assisi-schule-ostbevern.de\/wordpress\/wp-content\/uploads\/2016\/08\/3-11-600x450.jpg\" alt=\"3\" width=\"600\" height=\"450\" srcset=\"https:\/\/www.assisi-schule-ostbevern.de\/wordpress\/wp-content\/uploads\/2016\/08\/3-11-600x450.jpg 600w, https:\/\/www.assisi-schule-ostbevern.de\/wordpress\/wp-content\/uploads\/2016\/08\/3-11-768x576.jpg 768w, https:\/\/www.assisi-schule-ostbevern.de\/wordpress\/wp-content\/uploads\/2016\/08\/3-11-1024x768.jpg 1024w\" sizes=\"auto, (max-width: 600px) 100vw, 600px\" \/><\/a> <a href=\"http:\/\/www.assisi-schule-ostbevern.de\/?attachment_id=2368\" rel=\"attachment wp-att-2368\"><img loading=\"lazy\" decoding=\"async\" class=\"alignnone size-medium wp-image-2368\" src=\"http:\/\/www.assisi-schule-ostbevern.de\/wordpress\/wp-content\/uploads\/2016\/08\/4-10-600x450.jpg\" alt=\"4\" width=\"600\" height=\"450\" srcset=\"https:\/\/www.assisi-schule-ostbevern.de\/wordpress\/wp-content\/uploads\/2016\/08\/4-10-600x450.jpg 600w, https:\/\/www.assisi-schule-ostbevern.de\/wordpress\/wp-content\/uploads\/2016\/08\/4-10-768x576.jpg 768w, https:\/\/www.assisi-schule-ostbevern.de\/wordpress\/wp-content\/uploads\/2016\/08\/4-10-1024x768.jpg 1024w\" sizes=\"auto, (max-width: 600px) 100vw, 600px\" \/><\/a> <a href=\"http:\/\/www.assisi-schule-ostbevern.de\/?attachment_id=2369\" rel=\"attachment wp-att-2369\"><img loading=\"lazy\" decoding=\"async\" class=\"alignnone size-medium wp-image-2369\" src=\"http:\/\/www.assisi-schule-ostbevern.de\/wordpress\/wp-content\/uploads\/2016\/08\/5-9-600x450.jpg\" alt=\"5\" width=\"600\" height=\"450\" srcset=\"https:\/\/www.assisi-schule-ostbevern.de\/wordpress\/wp-content\/uploads\/2016\/08\/5-9-600x450.jpg 600w, https:\/\/www.assisi-schule-ostbevern.de\/wordpress\/wp-content\/uploads\/2016\/08\/5-9-768x576.jpg 768w, https:\/\/www.assisi-schule-ostbevern.de\/wordpress\/wp-content\/uploads\/2016\/08\/5-9-1024x768.jpg 1024w\" sizes=\"auto, (max-width: 600px) 100vw, 600px\" \/><\/a> <a href=\"http:\/\/www.assisi-schule-ostbevern.de\/?attachment_id=2370\" rel=\"attachment wp-att-2370\"><img loading=\"lazy\" decoding=\"async\" class=\"alignnone size-medium wp-image-2370\" src=\"http:\/\/www.assisi-schule-ostbevern.de\/wordpress\/wp-content\/uploads\/2016\/08\/6-7-600x450.jpg\" alt=\"6\" width=\"600\" height=\"450\" srcset=\"https:\/\/www.assisi-schule-ostbevern.de\/wordpress\/wp-content\/uploads\/2016\/08\/6-7-600x450.jpg 600w, https:\/\/www.assisi-schule-ostbevern.de\/wordpress\/wp-content\/uploads\/2016\/08\/6-7-768x576.jpg 768w, https:\/\/www.assisi-schule-ostbevern.de\/wordpress\/wp-content\/uploads\/2016\/08\/6-7-1024x768.jpg 1024w\" sizes=\"auto, (max-width: 600px) 100vw, 600px\" \/><\/a> <a href=\"http:\/\/www.assisi-schule-ostbevern.de\/?attachment_id=2371\" rel=\"attachment wp-att-2371\"><img loading=\"lazy\" decoding=\"async\" class=\"alignnone size-medium wp-image-2371\" src=\"http:\/\/www.assisi-schule-ostbevern.de\/wordpress\/wp-content\/uploads\/2016\/08\/7-6-600x450.jpg\" alt=\"7\" width=\"600\" height=\"450\" srcset=\"https:\/\/www.assisi-schule-ostbevern.de\/wordpress\/wp-content\/uploads\/2016\/08\/7-6-600x450.jpg 600w, https:\/\/www.assisi-schule-ostbevern.de\/wordpress\/wp-content\/uploads\/2016\/08\/7-6-768x576.jpg 768w, https:\/\/www.assisi-schule-ostbevern.de\/wordpress\/wp-content\/uploads\/2016\/08\/7-6-1024x768.jpg 1024w\" sizes=\"auto, (max-width: 600px) 100vw, 600px\" \/><\/a> <a href=\"http:\/\/www.assisi-schule-ostbevern.de\/?attachment_id=2372\" rel=\"attachment wp-att-2372\"><img loading=\"lazy\" decoding=\"async\" class=\"alignnone size-medium wp-image-2372\" src=\"http:\/\/www.assisi-schule-ostbevern.de\/wordpress\/wp-content\/uploads\/2016\/08\/8-6-600x450.jpg\" alt=\"8\" width=\"600\" height=\"450\" srcset=\"https:\/\/www.assisi-schule-ostbevern.de\/wordpress\/wp-content\/uploads\/2016\/08\/8-6-600x450.jpg 600w, https:\/\/www.assisi-schule-ostbevern.de\/wordpress\/wp-content\/uploads\/2016\/08\/8-6-768x576.jpg 768w, https:\/\/www.assisi-schule-ostbevern.de\/wordpress\/wp-content\/uploads\/2016\/08\/8-6-1024x768.jpg 1024w\" sizes=\"auto, (max-width: 600px) 100vw, 600px\" \/><\/a> <a href=\"http:\/\/www.assisi-schule-ostbevern.de\/?attachment_id=2373\" rel=\"attachment wp-att-2373\"><img loading=\"lazy\" decoding=\"async\" class=\"alignnone size-medium wp-image-2373\" src=\"http:\/\/www.assisi-schule-ostbevern.de\/wordpress\/wp-content\/uploads\/2016\/08\/9-5-600x450.jpg\" alt=\"9\" width=\"600\" height=\"450\" srcset=\"https:\/\/www.assisi-schule-ostbevern.de\/wordpress\/wp-content\/uploads\/2016\/08\/9-5-600x450.jpg 600w, https:\/\/www.assisi-schule-ostbevern.de\/wordpress\/wp-content\/uploads\/2016\/08\/9-5-768x576.jpg 768w, https:\/\/www.assisi-schule-ostbevern.de\/wordpress\/wp-content\/uploads\/2016\/08\/9-5-1024x768.jpg 1024w\" sizes=\"auto, (max-width: 600px) 100vw, 600px\" \/><\/a> <a href=\"http:\/\/www.assisi-schule-ostbevern.de\/?attachment_id=2374\" rel=\"attachment wp-att-2374\"><img loading=\"lazy\" decoding=\"async\" class=\"alignnone size-medium wp-image-2374\" src=\"http:\/\/www.assisi-schule-ostbevern.de\/wordpress\/wp-content\/uploads\/2016\/08\/10-5-600x450.jpg\" alt=\"10\" width=\"600\" height=\"450\" srcset=\"https:\/\/www.assisi-schule-ostbevern.de\/wordpress\/wp-content\/uploads\/2016\/08\/10-5-600x450.jpg 600w, https:\/\/www.assisi-schule-ostbevern.de\/wordpress\/wp-content\/uploads\/2016\/08\/10-5-768x576.jpg 768w, https:\/\/www.assisi-schule-ostbevern.de\/wordpress\/wp-content\/uploads\/2016\/08\/10-5-1024x768.jpg 1024w\" sizes=\"auto, (max-width: 600px) 100vw, 600px\" \/><\/a><\/div>\n<div><\/div>\n<div id=\"yiv0376275423yui_3_16_0_ym19_1_1481523250081_43889\"><span id=\"yiv0376275423yui_3_16_0_ym19_1_1481523250081_43890\"><strong><span style=\"color: #808000;\">QR-Code<\/span> <span style=\"color: #ff6600;\">f\u00fcr<\/span> <span style=\"color: #0000ff;\">das<\/span> <span style=\"color: #800080;\">Beverbad<\/span><\/strong><br id=\"yiv0376275423yui_3_16_0_ym19_1_1481523250081_43892\" \/><\/span><\/div>\n<div><\/div>\n<div id=\"yiv0376275423yui_3_16_0_ym19_1_1481523250081_43893\"><span id=\"yiv0376275423yui_3_16_0_ym19_1_1481523250081_43894\">Diesem Projekt hat sich eine Arbeitsgemeinschaft der OGS unter der Leitung von <\/span><span id=\"yiv0376275423yui_3_16_0_ym19_1_1481523250081_43895\">Nadine Overhoff, Nadine Kwasniok<\/span><span id=\"yiv0376275423yui_3_16_0_ym19_1_1481523250081_43896\"> und <\/span><span id=\"yiv0376275423yui_3_16_0_ym19_1_1481523250081_43897\">Julia B\u00f6rger sehr ausf\u00fchrlich gewidmet. Unter dem Motto &#8222;Der QR-Code erkl\u00e4rt dir deine Stadt&#8220; besch\u00e4ftigte sich die Sch\u00fclergruppe \u00fcber mehrere Wochen ganz ausf\u00fchrlich mit dem Beverbad. Die Kinder lernten viel \u00fcber das Kurs- und Veranstaltungsangebot des Bades, wie teuer der Eintritt ist und wann das Bad eigentlich immer ge\u00f6ffnet hat. Nach dem Zusammentragen aller Informationen erstellten die Kinder dann einen QR-Code. Mit Hilfe dieses Codes k\u00f6nnen dann Smartphone-Besitzer den Code scannen und gelangen so direkt auf die Homepage des Beverbades. Das Plakat mit dem gro\u00dfen QR-Code h\u00e4ngt nun im Eingangsbereich des Schwimmbades und wird auch in digitaler Form zur Verf\u00fcgung gestellt. Das Projekt wurde vom Amt f\u00fcr Kinder, Jugendliche und Familie des Kreises Warendorf unterst\u00fctzt. <\/span><\/div>\n<div><a href=\"http:\/\/www.assisi-schule-ostbevern.de\/?attachment_id=2360\" rel=\"attachment wp-att-2360\"><img loading=\"lazy\" decoding=\"async\" class=\"alignnone size-medium wp-image-2360\" src=\"http:\/\/www.assisi-schule-ostbevern.de\/wordpress\/wp-content\/uploads\/2016\/08\/Beverbad-QR-Code-600x400.jpg\" alt=\"beverbad-qr-code\" width=\"600\" height=\"400\" srcset=\"https:\/\/www.assisi-schule-ostbevern.de\/wordpress\/wp-content\/uploads\/2016\/08\/Beverbad-QR-Code-600x400.jpg 600w, https:\/\/www.assisi-schule-ostbevern.de\/wordpress\/wp-content\/uploads\/2016\/08\/Beverbad-QR-Code-768x512.jpg 768w, https:\/\/www.assisi-schule-ostbevern.de\/wordpress\/wp-content\/uploads\/2016\/08\/Beverbad-QR-Code.jpg 900w\" sizes=\"auto, (max-width: 600px) 100vw, 600px\" \/><\/a><\/div>\n<p><strong><span style=\"color: #800000;\">Der<\/span> <span style=\"color: #ff6600;\">Nikolaus<\/span> <span style=\"color: #339966;\">ist<\/span> <span style=\"color: #ffcc00;\">hier&#8230;.<\/span><\/strong><\/p>\n<p>Mit diesem Lied begr\u00fc\u00dften wir den Nikolaus bei unserem 2. Adventssingen im Forum. Er freute sich sehr dar\u00fcber, dass wir alle so kr\u00e4ftig mitgesungen haben und war am Ende ganz begeistert von dem tollen Programm, das ihm und der gesamten Schulgemeinde dargeboten wurde. Die 1b tanzte den Santa Dance und die Klasse 2b hatte sogar ein kleines Mini-Theaterst\u00fcck einstudiert. Zum Schluss sang dann noch die Klasse 3b ein fetziges Nikolauslied. Danach musste der Nikolaus aber nat\u00fcrlich auch noch weiter ziehen. Er hatte ja noch viel zu tun, der Nikolaus&#8230; \ud83d\ude42<\/p>\n<p><a href=\"http:\/\/www.assisi-schule-ostbevern.de\/?attachment_id=2345\" rel=\"attachment wp-att-2345\"><img loading=\"lazy\" decoding=\"async\" class=\"alignnone size-medium wp-image-2345\" src=\"http:\/\/www.assisi-schule-ostbevern.de\/wordpress\/wp-content\/uploads\/2016\/08\/1-10-600x450.jpg\" alt=\"1\" width=\"600\" height=\"450\" srcset=\"https:\/\/www.assisi-schule-ostbevern.de\/wordpress\/wp-content\/uploads\/2016\/08\/1-10-600x450.jpg 600w, https:\/\/www.assisi-schule-ostbevern.de\/wordpress\/wp-content\/uploads\/2016\/08\/1-10-768x576.jpg 768w, https:\/\/www.assisi-schule-ostbevern.de\/wordpress\/wp-content\/uploads\/2016\/08\/1-10-1024x768.jpg 1024w\" sizes=\"auto, (max-width: 600px) 100vw, 600px\" \/><\/a> <a href=\"http:\/\/www.assisi-schule-ostbevern.de\/?attachment_id=2352\" rel=\"attachment wp-att-2352\"><img loading=\"lazy\" decoding=\"async\" class=\"alignnone size-medium wp-image-2352\" src=\"http:\/\/www.assisi-schule-ostbevern.de\/wordpress\/wp-content\/uploads\/2016\/08\/8-5-600x450.jpg\" alt=\"8\" width=\"600\" height=\"450\" srcset=\"https:\/\/www.assisi-schule-ostbevern.de\/wordpress\/wp-content\/uploads\/2016\/08\/8-5-600x450.jpg 600w, https:\/\/www.assisi-schule-ostbevern.de\/wordpress\/wp-content\/uploads\/2016\/08\/8-5-768x576.jpg 768w, https:\/\/www.assisi-schule-ostbevern.de\/wordpress\/wp-content\/uploads\/2016\/08\/8-5-1024x768.jpg 1024w\" sizes=\"auto, (max-width: 600px) 100vw, 600px\" \/><\/a> <a href=\"http:\/\/www.assisi-schule-ostbevern.de\/?attachment_id=2351\" rel=\"attachment wp-att-2351\"><img loading=\"lazy\" decoding=\"async\" class=\"alignnone size-medium wp-image-2351\" src=\"http:\/\/www.assisi-schule-ostbevern.de\/wordpress\/wp-content\/uploads\/2016\/08\/7-5-600x450.jpg\" alt=\"7\" width=\"600\" height=\"450\" srcset=\"https:\/\/www.assisi-schule-ostbevern.de\/wordpress\/wp-content\/uploads\/2016\/08\/7-5-600x450.jpg 600w, https:\/\/www.assisi-schule-ostbevern.de\/wordpress\/wp-content\/uploads\/2016\/08\/7-5-768x576.jpg 768w, https:\/\/www.assisi-schule-ostbevern.de\/wordpress\/wp-content\/uploads\/2016\/08\/7-5-1024x768.jpg 1024w\" sizes=\"auto, (max-width: 600px) 100vw, 600px\" \/><\/a> <a href=\"http:\/\/www.assisi-schule-ostbevern.de\/?attachment_id=2350\" rel=\"attachment wp-att-2350\"><img loading=\"lazy\" decoding=\"async\" class=\"alignnone size-medium wp-image-2350\" src=\"http:\/\/www.assisi-schule-ostbevern.de\/wordpress\/wp-content\/uploads\/2016\/08\/6-6-600x450.jpg\" alt=\"6\" width=\"600\" height=\"450\" srcset=\"https:\/\/www.assisi-schule-ostbevern.de\/wordpress\/wp-content\/uploads\/2016\/08\/6-6-600x450.jpg 600w, https:\/\/www.assisi-schule-ostbevern.de\/wordpress\/wp-content\/uploads\/2016\/08\/6-6-768x576.jpg 768w, https:\/\/www.assisi-schule-ostbevern.de\/wordpress\/wp-content\/uploads\/2016\/08\/6-6-1024x768.jpg 1024w\" sizes=\"auto, (max-width: 600px) 100vw, 600px\" \/><\/a> <a href=\"http:\/\/www.assisi-schule-ostbevern.de\/?attachment_id=2348\" rel=\"attachment wp-att-2348\"><img loading=\"lazy\" decoding=\"async\" class=\"alignnone size-medium wp-image-2348\" src=\"http:\/\/www.assisi-schule-ostbevern.de\/wordpress\/wp-content\/uploads\/2016\/08\/4-9-600x450.jpg\" alt=\"4\" width=\"600\" height=\"450\" srcset=\"https:\/\/www.assisi-schule-ostbevern.de\/wordpress\/wp-content\/uploads\/2016\/08\/4-9-600x450.jpg 600w, https:\/\/www.assisi-schule-ostbevern.de\/wordpress\/wp-content\/uploads\/2016\/08\/4-9-768x576.jpg 768w, https:\/\/www.assisi-schule-ostbevern.de\/wordpress\/wp-content\/uploads\/2016\/08\/4-9-1024x768.jpg 1024w\" sizes=\"auto, (max-width: 600px) 100vw, 600px\" \/><\/a> <a href=\"http:\/\/www.assisi-schule-ostbevern.de\/?attachment_id=2349\" rel=\"attachment wp-att-2349\"><img loading=\"lazy\" decoding=\"async\" class=\"alignnone size-medium wp-image-2349\" src=\"http:\/\/www.assisi-schule-ostbevern.de\/wordpress\/wp-content\/uploads\/2016\/08\/5-8-600x450.jpg\" alt=\"5\" width=\"600\" height=\"450\" srcset=\"https:\/\/www.assisi-schule-ostbevern.de\/wordpress\/wp-content\/uploads\/2016\/08\/5-8-600x450.jpg 600w, https:\/\/www.assisi-schule-ostbevern.de\/wordpress\/wp-content\/uploads\/2016\/08\/5-8-768x576.jpg 768w, https:\/\/www.assisi-schule-ostbevern.de\/wordpress\/wp-content\/uploads\/2016\/08\/5-8-1024x768.jpg 1024w\" sizes=\"auto, (max-width: 600px) 100vw, 600px\" \/><\/a> <a href=\"http:\/\/www.assisi-schule-ostbevern.de\/?attachment_id=2347\" rel=\"attachment wp-att-2347\"><img loading=\"lazy\" decoding=\"async\" class=\"alignnone size-medium wp-image-2347\" src=\"http:\/\/www.assisi-schule-ostbevern.de\/wordpress\/wp-content\/uploads\/2016\/08\/3-10-600x450.jpg\" alt=\"3\" width=\"600\" height=\"450\" srcset=\"https:\/\/www.assisi-schule-ostbevern.de\/wordpress\/wp-content\/uploads\/2016\/08\/3-10-600x450.jpg 600w, https:\/\/www.assisi-schule-ostbevern.de\/wordpress\/wp-content\/uploads\/2016\/08\/3-10-768x576.jpg 768w, https:\/\/www.assisi-schule-ostbevern.de\/wordpress\/wp-content\/uploads\/2016\/08\/3-10-1024x768.jpg 1024w\" sizes=\"auto, (max-width: 600px) 100vw, 600px\" \/><\/a> <a href=\"http:\/\/www.assisi-schule-ostbevern.de\/?attachment_id=2346\" rel=\"attachment wp-att-2346\"><img loading=\"lazy\" decoding=\"async\" class=\"alignnone size-medium wp-image-2346\" src=\"http:\/\/www.assisi-schule-ostbevern.de\/wordpress\/wp-content\/uploads\/2016\/08\/2-9-600x450.jpg\" alt=\"2\" width=\"600\" height=\"450\" srcset=\"https:\/\/www.assisi-schule-ostbevern.de\/wordpress\/wp-content\/uploads\/2016\/08\/2-9-600x450.jpg 600w, https:\/\/www.assisi-schule-ostbevern.de\/wordpress\/wp-content\/uploads\/2016\/08\/2-9-768x576.jpg 768w, https:\/\/www.assisi-schule-ostbevern.de\/wordpress\/wp-content\/uploads\/2016\/08\/2-9-1024x768.jpg 1024w\" sizes=\"auto, (max-width: 600px) 100vw, 600px\" \/><\/a><\/p>\n<p>&nbsp;<\/p>\n<p><strong><span style=\"color: #993300;\">Soziale<\/span> <span style=\"color: #0000ff;\">Kompetenz<\/span> <span style=\"color: #008000;\"> von <\/span><span style=\"color: #000080;\">Anfang <span style=\"color: #993300;\">an<\/span><\/span><\/strong><\/p>\n<p>Das <strong>S<\/strong>chul\u00fcbergreifende<strong> A<\/strong>nti-<strong>M<\/strong>obbing-<strong>T<\/strong>eam <strong>O<\/strong>stbevern (SAMTO) hat auch in diesem Jahr wieder die 1. Klassen besucht, um einen sogenannten \u201esozialen Trainingskurs\u201c durchzuf\u00fchren. Ein Team vom Kinder- und Jugendwerk Ostbevern e.V. hat in Kleingruppen und mit der gesamten Klasse viele Aktionen durchgef\u00fchrt, bei denen die Kinder daf\u00fcr sensibilisiert wurden, ihre eigenen Bed\u00fcrfnisse und die der anderen wahrzunehmen. Au\u00dferdem \u00fcbten sie sich darin, Kompromisse schlie\u00dfen zu k\u00f6nnen und Konfliktl\u00f6sem\u00f6glichkeiten zu erproben.<br \/>\nInsgesamt lernten und erfuhren die Kinder mit viel Freude, dass man gemeinsam viel mehr erreichen kann als alleine! &#x1f642;<\/p>\n<p><a href=\"http:\/\/www.assisi-schule-ostbevern.de\/?attachment_id=2323\" rel=\"attachment wp-att-2323\"><img loading=\"lazy\" decoding=\"async\" class=\"alignnone size-medium wp-image-2323\" src=\"http:\/\/www.assisi-schule-ostbevern.de\/wordpress\/wp-content\/uploads\/2016\/08\/1-9-450x600.jpg\" alt=\"1\" width=\"450\" height=\"600\" srcset=\"https:\/\/www.assisi-schule-ostbevern.de\/wordpress\/wp-content\/uploads\/2016\/08\/1-9-450x600.jpg 450w, https:\/\/www.assisi-schule-ostbevern.de\/wordpress\/wp-content\/uploads\/2016\/08\/1-9-768x1024.jpg 768w\" sizes=\"auto, (max-width: 450px) 100vw, 450px\" \/><\/a> <a href=\"http:\/\/www.assisi-schule-ostbevern.de\/?attachment_id=2324\" rel=\"attachment wp-att-2324\"><img loading=\"lazy\" decoding=\"async\" class=\"alignnone size-medium wp-image-2324\" src=\"http:\/\/www.assisi-schule-ostbevern.de\/wordpress\/wp-content\/uploads\/2016\/08\/2-8-600x450.jpg\" alt=\"2\" width=\"600\" height=\"450\" srcset=\"https:\/\/www.assisi-schule-ostbevern.de\/wordpress\/wp-content\/uploads\/2016\/08\/2-8-600x450.jpg 600w, https:\/\/www.assisi-schule-ostbevern.de\/wordpress\/wp-content\/uploads\/2016\/08\/2-8-768x576.jpg 768w, https:\/\/www.assisi-schule-ostbevern.de\/wordpress\/wp-content\/uploads\/2016\/08\/2-8-1024x768.jpg 1024w\" sizes=\"auto, (max-width: 600px) 100vw, 600px\" \/><\/a> <a href=\"http:\/\/www.assisi-schule-ostbevern.de\/?attachment_id=2325\" rel=\"attachment wp-att-2325\"><img loading=\"lazy\" decoding=\"async\" class=\"alignnone size-medium wp-image-2325\" src=\"http:\/\/www.assisi-schule-ostbevern.de\/wordpress\/wp-content\/uploads\/2016\/08\/3-9-600x450.jpg\" alt=\"3\" width=\"600\" height=\"450\" srcset=\"https:\/\/www.assisi-schule-ostbevern.de\/wordpress\/wp-content\/uploads\/2016\/08\/3-9-600x450.jpg 600w, https:\/\/www.assisi-schule-ostbevern.de\/wordpress\/wp-content\/uploads\/2016\/08\/3-9-768x576.jpg 768w, https:\/\/www.assisi-schule-ostbevern.de\/wordpress\/wp-content\/uploads\/2016\/08\/3-9-1024x768.jpg 1024w\" sizes=\"auto, (max-width: 600px) 100vw, 600px\" \/><\/a><\/p>\n<p>&nbsp;<\/p>\n<p><strong><span style=\"color: #993300;\">Die<\/span> <span style=\"color: #ff6600;\">Kerze<\/span> <span style=\"color: #ff9900;\">brennt<\/span><\/strong><\/p>\n<p>Mit diesem Lied begann unser erstes Adventssingen in diesem Jahr. Daf\u00fcr versammelte sich die gesamte Schulgemeinde und viele interessierte Eltern, Gro\u00dfeltern und Freunde am Montag schon ganz fr\u00fch bei uns im Forum. Es gab wieder ein abwechslungsreiches Programm. Die Gitarren-Sch\u00fcler der Musikschule unter der Leitung von Peter Ebbing stellten unter anderem Ihr K\u00f6nnen unter Beweis. Au\u00dferdem sagen noch unsere Assisi-Amseln und das Tanzbein wurde auch noch zwischendurch geschwungen. Vielen Dank an alle, die sich an der Gestaltung beteiligt haben.<\/p>\n<p><a href=\"http:\/\/www.assisi-schule-ostbevern.de\/?attachment_id=2313\" rel=\"attachment wp-att-2313\"><img loading=\"lazy\" decoding=\"async\" class=\"alignnone size-medium wp-image-2313\" src=\"http:\/\/www.assisi-schule-ostbevern.de\/wordpress\/wp-content\/uploads\/2016\/08\/1-8-600x450.jpg\" alt=\"1\" width=\"600\" height=\"450\" srcset=\"https:\/\/www.assisi-schule-ostbevern.de\/wordpress\/wp-content\/uploads\/2016\/08\/1-8-600x450.jpg 600w, https:\/\/www.assisi-schule-ostbevern.de\/wordpress\/wp-content\/uploads\/2016\/08\/1-8-768x576.jpg 768w, https:\/\/www.assisi-schule-ostbevern.de\/wordpress\/wp-content\/uploads\/2016\/08\/1-8-1024x768.jpg 1024w\" sizes=\"auto, (max-width: 600px) 100vw, 600px\" \/><\/a> <a href=\"http:\/\/www.assisi-schule-ostbevern.de\/?attachment_id=2314\" rel=\"attachment wp-att-2314\"><img loading=\"lazy\" decoding=\"async\" class=\"alignnone size-medium wp-image-2314\" src=\"http:\/\/www.assisi-schule-ostbevern.de\/wordpress\/wp-content\/uploads\/2016\/08\/2-7-600x450.jpg\" alt=\"2\" width=\"600\" height=\"450\" srcset=\"https:\/\/www.assisi-schule-ostbevern.de\/wordpress\/wp-content\/uploads\/2016\/08\/2-7-600x450.jpg 600w, https:\/\/www.assisi-schule-ostbevern.de\/wordpress\/wp-content\/uploads\/2016\/08\/2-7-768x576.jpg 768w, https:\/\/www.assisi-schule-ostbevern.de\/wordpress\/wp-content\/uploads\/2016\/08\/2-7-1024x768.jpg 1024w\" sizes=\"auto, (max-width: 600px) 100vw, 600px\" \/><\/a> <a href=\"http:\/\/www.assisi-schule-ostbevern.de\/?attachment_id=2315\" rel=\"attachment wp-att-2315\"><img loading=\"lazy\" decoding=\"async\" class=\"alignnone size-medium wp-image-2315\" src=\"http:\/\/www.assisi-schule-ostbevern.de\/wordpress\/wp-content\/uploads\/2016\/08\/3-8-600x450.jpg\" alt=\"3\" width=\"600\" height=\"450\" srcset=\"https:\/\/www.assisi-schule-ostbevern.de\/wordpress\/wp-content\/uploads\/2016\/08\/3-8-600x450.jpg 600w, https:\/\/www.assisi-schule-ostbevern.de\/wordpress\/wp-content\/uploads\/2016\/08\/3-8-768x576.jpg 768w, https:\/\/www.assisi-schule-ostbevern.de\/wordpress\/wp-content\/uploads\/2016\/08\/3-8-1024x768.jpg 1024w\" sizes=\"auto, (max-width: 600px) 100vw, 600px\" \/><\/a> <a href=\"http:\/\/www.assisi-schule-ostbevern.de\/?attachment_id=2316\" rel=\"attachment wp-att-2316\"><img loading=\"lazy\" decoding=\"async\" class=\"alignnone size-medium wp-image-2316\" src=\"http:\/\/www.assisi-schule-ostbevern.de\/wordpress\/wp-content\/uploads\/2016\/08\/4-8-600x450.jpg\" alt=\"4\" width=\"600\" height=\"450\" srcset=\"https:\/\/www.assisi-schule-ostbevern.de\/wordpress\/wp-content\/uploads\/2016\/08\/4-8-600x450.jpg 600w, https:\/\/www.assisi-schule-ostbevern.de\/wordpress\/wp-content\/uploads\/2016\/08\/4-8-768x576.jpg 768w, https:\/\/www.assisi-schule-ostbevern.de\/wordpress\/wp-content\/uploads\/2016\/08\/4-8-1024x768.jpg 1024w\" sizes=\"auto, (max-width: 600px) 100vw, 600px\" \/><\/a> <a href=\"http:\/\/www.assisi-schule-ostbevern.de\/?attachment_id=2317\" rel=\"attachment wp-att-2317\"><img loading=\"lazy\" decoding=\"async\" class=\"alignnone size-medium wp-image-2317\" src=\"http:\/\/www.assisi-schule-ostbevern.de\/wordpress\/wp-content\/uploads\/2016\/08\/5-7-600x450.jpg\" alt=\"5\" width=\"600\" height=\"450\" srcset=\"https:\/\/www.assisi-schule-ostbevern.de\/wordpress\/wp-content\/uploads\/2016\/08\/5-7-600x450.jpg 600w, https:\/\/www.assisi-schule-ostbevern.de\/wordpress\/wp-content\/uploads\/2016\/08\/5-7-768x576.jpg 768w, https:\/\/www.assisi-schule-ostbevern.de\/wordpress\/wp-content\/uploads\/2016\/08\/5-7-1024x768.jpg 1024w\" sizes=\"auto, (max-width: 600px) 100vw, 600px\" \/><\/a> <a href=\"http:\/\/www.assisi-schule-ostbevern.de\/?attachment_id=2318\" rel=\"attachment wp-att-2318\"><img loading=\"lazy\" decoding=\"async\" class=\"alignnone size-medium wp-image-2318\" src=\"http:\/\/www.assisi-schule-ostbevern.de\/wordpress\/wp-content\/uploads\/2016\/08\/6-5-600x450.jpg\" alt=\"6\" width=\"600\" height=\"450\" srcset=\"https:\/\/www.assisi-schule-ostbevern.de\/wordpress\/wp-content\/uploads\/2016\/08\/6-5-600x450.jpg 600w, https:\/\/www.assisi-schule-ostbevern.de\/wordpress\/wp-content\/uploads\/2016\/08\/6-5-768x576.jpg 768w, https:\/\/www.assisi-schule-ostbevern.de\/wordpress\/wp-content\/uploads\/2016\/08\/6-5-1024x768.jpg 1024w\" sizes=\"auto, (max-width: 600px) 100vw, 600px\" \/><\/a><\/p>\n<p>&nbsp;<\/p>\n<p><strong><span style=\"color: #993300;\">Vorlesetag<\/span><\/strong><\/p>\n<p>Auch in diesem Jahr verwandelte sich unsere Schule am bundesweiten Vorlesetag wieder\u00a0 in ein gro\u00dfes Gedankenkino. Alle Lehrerinnen und Lehrer und auch der B\u00fcrgermeister Herr Wolfgang Annen hatten sich n\u00e4mlich B\u00fccher ausgesucht, aus denen sie den Kindern vorlasen und die sie in die Welt von Trollen, Hexen, K\u00f6niginnen, aber auch Detektiven, Piraten und Vampiren entf\u00fchren sollten. Gespannt h\u00f6rten die Kinder zu und genossen es, einfach mal die Gedanken kreisen lassen zu k\u00f6nnen.<\/p>\n<p><a href=\"http:\/\/www.assisi-schule-ostbevern.de\/?attachment_id=2292\" rel=\"attachment wp-att-2292\"><img loading=\"lazy\" decoding=\"async\" class=\"alignnone size-medium wp-image-2292\" src=\"http:\/\/www.assisi-schule-ostbevern.de\/wordpress\/wp-content\/uploads\/2016\/08\/1-7-600x450.jpg\" alt=\"1\" width=\"600\" height=\"450\" srcset=\"https:\/\/www.assisi-schule-ostbevern.de\/wordpress\/wp-content\/uploads\/2016\/08\/1-7-600x450.jpg 600w, https:\/\/www.assisi-schule-ostbevern.de\/wordpress\/wp-content\/uploads\/2016\/08\/1-7-768x576.jpg 768w, https:\/\/www.assisi-schule-ostbevern.de\/wordpress\/wp-content\/uploads\/2016\/08\/1-7-1024x768.jpg 1024w\" sizes=\"auto, (max-width: 600px) 100vw, 600px\" \/><\/a> <a href=\"http:\/\/www.assisi-schule-ostbevern.de\/?attachment_id=2293\" rel=\"attachment wp-att-2293\"><img loading=\"lazy\" decoding=\"async\" class=\"alignnone size-medium wp-image-2293\" src=\"http:\/\/www.assisi-schule-ostbevern.de\/wordpress\/wp-content\/uploads\/2016\/08\/2-6-600x450.jpg\" alt=\"2\" width=\"600\" height=\"450\" srcset=\"https:\/\/www.assisi-schule-ostbevern.de\/wordpress\/wp-content\/uploads\/2016\/08\/2-6-600x450.jpg 600w, https:\/\/www.assisi-schule-ostbevern.de\/wordpress\/wp-content\/uploads\/2016\/08\/2-6-768x576.jpg 768w, https:\/\/www.assisi-schule-ostbevern.de\/wordpress\/wp-content\/uploads\/2016\/08\/2-6-1024x768.jpg 1024w\" sizes=\"auto, (max-width: 600px) 100vw, 600px\" \/><\/a> <a href=\"http:\/\/www.assisi-schule-ostbevern.de\/?attachment_id=2294\" rel=\"attachment wp-att-2294\"><img loading=\"lazy\" decoding=\"async\" class=\"alignnone size-medium wp-image-2294\" src=\"http:\/\/www.assisi-schule-ostbevern.de\/wordpress\/wp-content\/uploads\/2016\/08\/3-7-450x600.jpg\" alt=\"3\" width=\"450\" height=\"600\" srcset=\"https:\/\/www.assisi-schule-ostbevern.de\/wordpress\/wp-content\/uploads\/2016\/08\/3-7-450x600.jpg 450w, https:\/\/www.assisi-schule-ostbevern.de\/wordpress\/wp-content\/uploads\/2016\/08\/3-7-768x1024.jpg 768w\" sizes=\"auto, (max-width: 450px) 100vw, 450px\" \/><\/a> <a href=\"http:\/\/www.assisi-schule-ostbevern.de\/?attachment_id=2295\" rel=\"attachment wp-att-2295\"><img loading=\"lazy\" decoding=\"async\" class=\"alignnone size-medium wp-image-2295\" src=\"http:\/\/www.assisi-schule-ostbevern.de\/wordpress\/wp-content\/uploads\/2016\/08\/4-7-600x450.jpg\" alt=\"4\" width=\"600\" height=\"450\" srcset=\"https:\/\/www.assisi-schule-ostbevern.de\/wordpress\/wp-content\/uploads\/2016\/08\/4-7-600x450.jpg 600w, https:\/\/www.assisi-schule-ostbevern.de\/wordpress\/wp-content\/uploads\/2016\/08\/4-7-768x576.jpg 768w, https:\/\/www.assisi-schule-ostbevern.de\/wordpress\/wp-content\/uploads\/2016\/08\/4-7-1024x768.jpg 1024w\" sizes=\"auto, (max-width: 600px) 100vw, 600px\" \/><\/a> <a href=\"http:\/\/www.assisi-schule-ostbevern.de\/?attachment_id=2296\" rel=\"attachment wp-att-2296\"><img loading=\"lazy\" decoding=\"async\" class=\"alignnone size-medium wp-image-2296\" src=\"http:\/\/www.assisi-schule-ostbevern.de\/wordpress\/wp-content\/uploads\/2016\/08\/5-6-600x450.jpg\" alt=\"5\" width=\"600\" height=\"450\" srcset=\"https:\/\/www.assisi-schule-ostbevern.de\/wordpress\/wp-content\/uploads\/2016\/08\/5-6-600x450.jpg 600w, https:\/\/www.assisi-schule-ostbevern.de\/wordpress\/wp-content\/uploads\/2016\/08\/5-6-768x576.jpg 768w, https:\/\/www.assisi-schule-ostbevern.de\/wordpress\/wp-content\/uploads\/2016\/08\/5-6-1024x768.jpg 1024w\" sizes=\"auto, (max-width: 600px) 100vw, 600px\" \/><\/a> <a href=\"http:\/\/www.assisi-schule-ostbevern.de\/?attachment_id=2297\" rel=\"attachment wp-att-2297\"><img loading=\"lazy\" decoding=\"async\" class=\"alignnone size-medium wp-image-2297\" src=\"http:\/\/www.assisi-schule-ostbevern.de\/wordpress\/wp-content\/uploads\/2016\/08\/6-4-600x450.jpg\" alt=\"6\" width=\"600\" height=\"450\" srcset=\"https:\/\/www.assisi-schule-ostbevern.de\/wordpress\/wp-content\/uploads\/2016\/08\/6-4-600x450.jpg 600w, https:\/\/www.assisi-schule-ostbevern.de\/wordpress\/wp-content\/uploads\/2016\/08\/6-4-768x576.jpg 768w, https:\/\/www.assisi-schule-ostbevern.de\/wordpress\/wp-content\/uploads\/2016\/08\/6-4-1024x768.jpg 1024w\" sizes=\"auto, (max-width: 600px) 100vw, 600px\" \/><\/a> <a href=\"http:\/\/www.assisi-schule-ostbevern.de\/?attachment_id=2298\" rel=\"attachment wp-att-2298\"><img loading=\"lazy\" decoding=\"async\" class=\"alignnone size-medium wp-image-2298\" src=\"http:\/\/www.assisi-schule-ostbevern.de\/wordpress\/wp-content\/uploads\/2016\/08\/7-4-600x450.jpg\" alt=\"7\" width=\"600\" height=\"450\" srcset=\"https:\/\/www.assisi-schule-ostbevern.de\/wordpress\/wp-content\/uploads\/2016\/08\/7-4-600x450.jpg 600w, https:\/\/www.assisi-schule-ostbevern.de\/wordpress\/wp-content\/uploads\/2016\/08\/7-4-768x576.jpg 768w, https:\/\/www.assisi-schule-ostbevern.de\/wordpress\/wp-content\/uploads\/2016\/08\/7-4-1024x768.jpg 1024w\" sizes=\"auto, (max-width: 600px) 100vw, 600px\" \/><\/a> <a href=\"http:\/\/www.assisi-schule-ostbevern.de\/?attachment_id=2299\" rel=\"attachment wp-att-2299\"><img loading=\"lazy\" decoding=\"async\" class=\"alignnone size-medium wp-image-2299\" src=\"http:\/\/www.assisi-schule-ostbevern.de\/wordpress\/wp-content\/uploads\/2016\/08\/8-4-600x450.jpg\" alt=\"8\" width=\"600\" height=\"450\" srcset=\"https:\/\/www.assisi-schule-ostbevern.de\/wordpress\/wp-content\/uploads\/2016\/08\/8-4-600x450.jpg 600w, https:\/\/www.assisi-schule-ostbevern.de\/wordpress\/wp-content\/uploads\/2016\/08\/8-4-768x576.jpg 768w, https:\/\/www.assisi-schule-ostbevern.de\/wordpress\/wp-content\/uploads\/2016\/08\/8-4-1024x768.jpg 1024w\" sizes=\"auto, (max-width: 600px) 100vw, 600px\" \/><\/a> <a href=\"http:\/\/www.assisi-schule-ostbevern.de\/?attachment_id=2300\" rel=\"attachment wp-att-2300\"><img loading=\"lazy\" decoding=\"async\" class=\"alignnone size-medium wp-image-2300\" src=\"http:\/\/www.assisi-schule-ostbevern.de\/wordpress\/wp-content\/uploads\/2016\/08\/9-4-600x450.jpg\" alt=\"9\" width=\"600\" height=\"450\" srcset=\"https:\/\/www.assisi-schule-ostbevern.de\/wordpress\/wp-content\/uploads\/2016\/08\/9-4-600x450.jpg 600w, https:\/\/www.assisi-schule-ostbevern.de\/wordpress\/wp-content\/uploads\/2016\/08\/9-4-768x576.jpg 768w, https:\/\/www.assisi-schule-ostbevern.de\/wordpress\/wp-content\/uploads\/2016\/08\/9-4-1024x768.jpg 1024w\" sizes=\"auto, (max-width: 600px) 100vw, 600px\" \/><\/a> <a href=\"http:\/\/www.assisi-schule-ostbevern.de\/?attachment_id=2301\" rel=\"attachment wp-att-2301\"><img loading=\"lazy\" decoding=\"async\" class=\"alignnone size-medium wp-image-2301\" src=\"http:\/\/www.assisi-schule-ostbevern.de\/wordpress\/wp-content\/uploads\/2016\/08\/10-4-600x450.jpg\" alt=\"10\" width=\"600\" height=\"450\" srcset=\"https:\/\/www.assisi-schule-ostbevern.de\/wordpress\/wp-content\/uploads\/2016\/08\/10-4-600x450.jpg 600w, https:\/\/www.assisi-schule-ostbevern.de\/wordpress\/wp-content\/uploads\/2016\/08\/10-4-768x576.jpg 768w, https:\/\/www.assisi-schule-ostbevern.de\/wordpress\/wp-content\/uploads\/2016\/08\/10-4-1024x768.jpg 1024w\" sizes=\"auto, (max-width: 600px) 100vw, 600px\" \/><\/a> <a href=\"http:\/\/www.assisi-schule-ostbevern.de\/?attachment_id=2302\" rel=\"attachment wp-att-2302\"><img loading=\"lazy\" decoding=\"async\" class=\"alignnone size-medium wp-image-2302\" src=\"http:\/\/www.assisi-schule-ostbevern.de\/wordpress\/wp-content\/uploads\/2016\/08\/11-3-600x450.jpg\" alt=\"11\" width=\"600\" height=\"450\" srcset=\"https:\/\/www.assisi-schule-ostbevern.de\/wordpress\/wp-content\/uploads\/2016\/08\/11-3-600x450.jpg 600w, https:\/\/www.assisi-schule-ostbevern.de\/wordpress\/wp-content\/uploads\/2016\/08\/11-3-768x576.jpg 768w, https:\/\/www.assisi-schule-ostbevern.de\/wordpress\/wp-content\/uploads\/2016\/08\/11-3-1024x768.jpg 1024w\" sizes=\"auto, (max-width: 600px) 100vw, 600px\" \/><\/a><\/p>\n<p><strong><span style=\"color: #993300;\">Backen<\/span> <\/strong><strong><span style=\"color: #008000;\">der\u00a03a <\/span><\/strong><strong><span style=\"color: #0000ff;\">im\u00a0Dorfspeicher<span style=\"color: #ff9900;\">\u00a0in\u00a0Ostbevern\u00a0&#8211;\u00a0Brock<\/span><\/span><\/strong><br \/>\nAm 10. 11. war es endlich soweit. Zum Abschluss unseres Themas &#8222;Vom Korn zum Brot&#8220; durften wir, die Klasse 3a, im Dorfspeicher im Brock Brot und Br\u00f6tchen nach alter Tradition im Steinofen backen. Der Steinofen musste um 5 Uhr morgens schon vorgeheizt werden, bis wir ihn dann um halb neun mit den ersten Broten beladen konnten. Nach den Sauerteigbroten hat uns eine B\u00e4ckerin gezeigt, wie wir kleine Igel und Schweinchen aus dem Br\u00f6tchenteig formen k\u00f6nnen. Die sahen hinterher wirklich super aus und schmeckten richtig lecker. Zum Abschluss haben wir noch Pl\u00e4tzchen gebacken. Das war einfach ein sch\u00f6ner Tag! So sollte Schule immer sein!<\/p>\n<p><a href=\"http:\/\/www.assisi-schule-ostbevern.de\/?attachment_id=2283\" rel=\"attachment wp-att-2283\"><img loading=\"lazy\" decoding=\"async\" class=\"alignnone size-medium wp-image-2283\" src=\"http:\/\/www.assisi-schule-ostbevern.de\/wordpress\/wp-content\/uploads\/2016\/08\/1-6-600x338.jpg\" alt=\"1\" width=\"600\" height=\"338\" srcset=\"https:\/\/www.assisi-schule-ostbevern.de\/wordpress\/wp-content\/uploads\/2016\/08\/1-6-600x338.jpg 600w, https:\/\/www.assisi-schule-ostbevern.de\/wordpress\/wp-content\/uploads\/2016\/08\/1-6-768x432.jpg 768w, https:\/\/www.assisi-schule-ostbevern.de\/wordpress\/wp-content\/uploads\/2016\/08\/1-6-1024x576.jpg 1024w\" sizes=\"auto, (max-width: 600px) 100vw, 600px\" \/><\/a> <a href=\"http:\/\/www.assisi-schule-ostbevern.de\/?attachment_id=2284\" rel=\"attachment wp-att-2284\"><img loading=\"lazy\" decoding=\"async\" class=\"alignnone size-medium wp-image-2284\" src=\"http:\/\/www.assisi-schule-ostbevern.de\/wordpress\/wp-content\/uploads\/2016\/08\/2-5-338x600.jpg\" alt=\"2\" width=\"338\" height=\"600\" srcset=\"https:\/\/www.assisi-schule-ostbevern.de\/wordpress\/wp-content\/uploads\/2016\/08\/2-5-338x600.jpg 338w, https:\/\/www.assisi-schule-ostbevern.de\/wordpress\/wp-content\/uploads\/2016\/08\/2-5-768x1365.jpg 768w, https:\/\/www.assisi-schule-ostbevern.de\/wordpress\/wp-content\/uploads\/2016\/08\/2-5-576x1024.jpg 576w\" sizes=\"auto, (max-width: 338px) 100vw, 338px\" \/><\/a> <a href=\"http:\/\/www.assisi-schule-ostbevern.de\/?attachment_id=2285\" rel=\"attachment wp-att-2285\"><img loading=\"lazy\" decoding=\"async\" class=\"alignnone size-medium wp-image-2285\" src=\"http:\/\/www.assisi-schule-ostbevern.de\/wordpress\/wp-content\/uploads\/2016\/08\/3-6-600x338.jpg\" alt=\"3\" width=\"600\" height=\"338\" srcset=\"https:\/\/www.assisi-schule-ostbevern.de\/wordpress\/wp-content\/uploads\/2016\/08\/3-6-600x338.jpg 600w, https:\/\/www.assisi-schule-ostbevern.de\/wordpress\/wp-content\/uploads\/2016\/08\/3-6-768x432.jpg 768w, https:\/\/www.assisi-schule-ostbevern.de\/wordpress\/wp-content\/uploads\/2016\/08\/3-6-1024x576.jpg 1024w\" sizes=\"auto, (max-width: 600px) 100vw, 600px\" \/><\/a> <a href=\"http:\/\/www.assisi-schule-ostbevern.de\/?attachment_id=2286\" rel=\"attachment wp-att-2286\"><img loading=\"lazy\" decoding=\"async\" class=\"alignnone size-medium wp-image-2286\" src=\"http:\/\/www.assisi-schule-ostbevern.de\/wordpress\/wp-content\/uploads\/2016\/08\/4-6-600x338.jpg\" alt=\"4\" width=\"600\" height=\"338\" srcset=\"https:\/\/www.assisi-schule-ostbevern.de\/wordpress\/wp-content\/uploads\/2016\/08\/4-6-600x338.jpg 600w, https:\/\/www.assisi-schule-ostbevern.de\/wordpress\/wp-content\/uploads\/2016\/08\/4-6-768x432.jpg 768w, https:\/\/www.assisi-schule-ostbevern.de\/wordpress\/wp-content\/uploads\/2016\/08\/4-6-1024x576.jpg 1024w\" sizes=\"auto, (max-width: 600px) 100vw, 600px\" \/><\/a> <a href=\"http:\/\/www.assisi-schule-ostbevern.de\/?attachment_id=2287\" rel=\"attachment wp-att-2287\"><img loading=\"lazy\" decoding=\"async\" class=\"alignnone size-medium wp-image-2287\" src=\"http:\/\/www.assisi-schule-ostbevern.de\/wordpress\/wp-content\/uploads\/2016\/08\/5-5-600x338.jpg\" alt=\"5\" width=\"600\" height=\"338\" srcset=\"https:\/\/www.assisi-schule-ostbevern.de\/wordpress\/wp-content\/uploads\/2016\/08\/5-5-600x338.jpg 600w, https:\/\/www.assisi-schule-ostbevern.de\/wordpress\/wp-content\/uploads\/2016\/08\/5-5-768x432.jpg 768w, https:\/\/www.assisi-schule-ostbevern.de\/wordpress\/wp-content\/uploads\/2016\/08\/5-5-1024x576.jpg 1024w\" sizes=\"auto, (max-width: 600px) 100vw, 600px\" \/><\/a><\/p>\n<\/div>\n<p><strong><span style=\"color: #993300;\">Der<span style=\"color: #ff6600;\"> Igel<\/span><\/span><\/strong><\/p>\n<div>Um dieses Tier drehte sich in den 2. Klassen in den letzten Wochen fast der gesamte Unterricht. Die Kinder haben viel dar\u00fcber gelernt, wo der Igel lebt, was er zum Leben braucht und was man tun muss, wenn man einen Igel findet. Hierzu konnte uns vor allem Frau Seewald vom Verein &#8222;Pro Igel&#8220; richtig viel erz\u00e4hlen, die extra zu uns gekommen ist und sich viel Zeit f\u00fcr unsere Fragen genommen hat. Au\u00dferdem haben wir ganz viel zum Thema gebastelt, gemalt und gesungen. Im Sachunterricht haben wir dann ein Igel-Lapbook erstellt, in das wir alles hineinschreiben konnten, was wir \u00fcber den Igel gelernt hatten. Zum Abschluss hat die Klasse 2a dann die Eltern zu einem Herbstfest eingeladen. Hier haben die Kinder ihre Lapbooks vorgestellt und standen als Experten f\u00fcr alle Fragen der Eltern und Geschwister zur Verf\u00fcgung. Im Anschluss gab es nat\u00fcrlich noch eine kleine St\u00e4rkung in Form von Saft, Kaffee und Pl\u00e4tzchen und es wurden auch noch Igel f\u00fcr die Fensterdekoration gebastelt. Ach so, und gespielt wurde nat\u00fcrlich auch noch. \ud83d\ude42<\/div>\n<div><a href=\"http:\/\/www.assisi-schule-ostbevern.de\/?attachment_id=2268\" rel=\"attachment wp-att-2268\"><img loading=\"lazy\" decoding=\"async\" class=\"alignnone size-medium wp-image-2268\" src=\"http:\/\/www.assisi-schule-ostbevern.de\/wordpress\/wp-content\/uploads\/2016\/08\/1-5-600x450.jpg\" alt=\"1\" width=\"600\" height=\"450\" srcset=\"https:\/\/www.assisi-schule-ostbevern.de\/wordpress\/wp-content\/uploads\/2016\/08\/1-5-600x450.jpg 600w, https:\/\/www.assisi-schule-ostbevern.de\/wordpress\/wp-content\/uploads\/2016\/08\/1-5-768x576.jpg 768w, https:\/\/www.assisi-schule-ostbevern.de\/wordpress\/wp-content\/uploads\/2016\/08\/1-5-1024x768.jpg 1024w\" sizes=\"auto, (max-width: 600px) 100vw, 600px\" \/><\/a> <a href=\"http:\/\/www.assisi-schule-ostbevern.de\/?attachment_id=2269\" rel=\"attachment wp-att-2269\"><img loading=\"lazy\" decoding=\"async\" class=\"alignnone size-medium wp-image-2269\" src=\"http:\/\/www.assisi-schule-ostbevern.de\/wordpress\/wp-content\/uploads\/2016\/08\/2-4-600x450.jpg\" alt=\"2\" width=\"600\" height=\"450\" srcset=\"https:\/\/www.assisi-schule-ostbevern.de\/wordpress\/wp-content\/uploads\/2016\/08\/2-4-600x450.jpg 600w, https:\/\/www.assisi-schule-ostbevern.de\/wordpress\/wp-content\/uploads\/2016\/08\/2-4-768x576.jpg 768w, https:\/\/www.assisi-schule-ostbevern.de\/wordpress\/wp-content\/uploads\/2016\/08\/2-4-1024x768.jpg 1024w\" sizes=\"auto, (max-width: 600px) 100vw, 600px\" \/><\/a> <a href=\"http:\/\/www.assisi-schule-ostbevern.de\/?attachment_id=2270\" rel=\"attachment wp-att-2270\"><img loading=\"lazy\" decoding=\"async\" class=\"alignnone size-medium wp-image-2270\" src=\"http:\/\/www.assisi-schule-ostbevern.de\/wordpress\/wp-content\/uploads\/2016\/08\/3-5-600x450.jpg\" alt=\"3\" width=\"600\" height=\"450\" srcset=\"https:\/\/www.assisi-schule-ostbevern.de\/wordpress\/wp-content\/uploads\/2016\/08\/3-5-600x450.jpg 600w, https:\/\/www.assisi-schule-ostbevern.de\/wordpress\/wp-content\/uploads\/2016\/08\/3-5-768x576.jpg 768w, https:\/\/www.assisi-schule-ostbevern.de\/wordpress\/wp-content\/uploads\/2016\/08\/3-5-1024x768.jpg 1024w\" sizes=\"auto, (max-width: 600px) 100vw, 600px\" \/><\/a> <a href=\"http:\/\/www.assisi-schule-ostbevern.de\/?attachment_id=2271\" rel=\"attachment wp-att-2271\"><img loading=\"lazy\" decoding=\"async\" class=\"alignnone size-medium wp-image-2271\" src=\"http:\/\/www.assisi-schule-ostbevern.de\/wordpress\/wp-content\/uploads\/2016\/08\/4-5-600x450.jpg\" alt=\"4\" width=\"600\" height=\"450\" srcset=\"https:\/\/www.assisi-schule-ostbevern.de\/wordpress\/wp-content\/uploads\/2016\/08\/4-5-600x450.jpg 600w, https:\/\/www.assisi-schule-ostbevern.de\/wordpress\/wp-content\/uploads\/2016\/08\/4-5-768x576.jpg 768w, https:\/\/www.assisi-schule-ostbevern.de\/wordpress\/wp-content\/uploads\/2016\/08\/4-5-1024x768.jpg 1024w\" sizes=\"auto, (max-width: 600px) 100vw, 600px\" \/><\/a> <a href=\"http:\/\/www.assisi-schule-ostbevern.de\/?attachment_id=2272\" rel=\"attachment wp-att-2272\"><img loading=\"lazy\" decoding=\"async\" class=\"alignnone size-medium wp-image-2272\" src=\"http:\/\/www.assisi-schule-ostbevern.de\/wordpress\/wp-content\/uploads\/2016\/08\/5-4-600x450.jpg\" alt=\"5\" width=\"600\" height=\"450\" srcset=\"https:\/\/www.assisi-schule-ostbevern.de\/wordpress\/wp-content\/uploads\/2016\/08\/5-4-600x450.jpg 600w, https:\/\/www.assisi-schule-ostbevern.de\/wordpress\/wp-content\/uploads\/2016\/08\/5-4-768x576.jpg 768w, https:\/\/www.assisi-schule-ostbevern.de\/wordpress\/wp-content\/uploads\/2016\/08\/5-4-1024x768.jpg 1024w\" sizes=\"auto, (max-width: 600px) 100vw, 600px\" \/><\/a> <a href=\"http:\/\/www.assisi-schule-ostbevern.de\/?attachment_id=2273\" rel=\"attachment wp-att-2273\"><img loading=\"lazy\" decoding=\"async\" class=\"alignnone size-medium wp-image-2273\" src=\"http:\/\/www.assisi-schule-ostbevern.de\/wordpress\/wp-content\/uploads\/2016\/08\/6-3-600x450.jpg\" alt=\"6\" width=\"600\" height=\"450\" srcset=\"https:\/\/www.assisi-schule-ostbevern.de\/wordpress\/wp-content\/uploads\/2016\/08\/6-3-600x450.jpg 600w, https:\/\/www.assisi-schule-ostbevern.de\/wordpress\/wp-content\/uploads\/2016\/08\/6-3-768x576.jpg 768w, https:\/\/www.assisi-schule-ostbevern.de\/wordpress\/wp-content\/uploads\/2016\/08\/6-3-1024x768.jpg 1024w\" sizes=\"auto, (max-width: 600px) 100vw, 600px\" \/><\/a> <a href=\"http:\/\/www.assisi-schule-ostbevern.de\/?attachment_id=2274\" rel=\"attachment wp-att-2274\"><img loading=\"lazy\" decoding=\"async\" class=\"alignnone size-medium wp-image-2274\" src=\"http:\/\/www.assisi-schule-ostbevern.de\/wordpress\/wp-content\/uploads\/2016\/08\/7-3-600x450.jpg\" alt=\"7\" width=\"600\" height=\"450\" srcset=\"https:\/\/www.assisi-schule-ostbevern.de\/wordpress\/wp-content\/uploads\/2016\/08\/7-3-600x450.jpg 600w, https:\/\/www.assisi-schule-ostbevern.de\/wordpress\/wp-content\/uploads\/2016\/08\/7-3-768x576.jpg 768w, https:\/\/www.assisi-schule-ostbevern.de\/wordpress\/wp-content\/uploads\/2016\/08\/7-3-1024x768.jpg 1024w\" sizes=\"auto, (max-width: 600px) 100vw, 600px\" \/><\/a> <a href=\"http:\/\/www.assisi-schule-ostbevern.de\/?attachment_id=2275\" rel=\"attachment wp-att-2275\"><img loading=\"lazy\" decoding=\"async\" class=\"alignnone size-medium wp-image-2275\" src=\"http:\/\/www.assisi-schule-ostbevern.de\/wordpress\/wp-content\/uploads\/2016\/08\/8-3-600x450.jpg\" alt=\"8\" width=\"600\" height=\"450\" srcset=\"https:\/\/www.assisi-schule-ostbevern.de\/wordpress\/wp-content\/uploads\/2016\/08\/8-3-600x450.jpg 600w, https:\/\/www.assisi-schule-ostbevern.de\/wordpress\/wp-content\/uploads\/2016\/08\/8-3-768x576.jpg 768w, https:\/\/www.assisi-schule-ostbevern.de\/wordpress\/wp-content\/uploads\/2016\/08\/8-3-1024x768.jpg 1024w\" sizes=\"auto, (max-width: 600px) 100vw, 600px\" \/><\/a> <a href=\"http:\/\/www.assisi-schule-ostbevern.de\/?attachment_id=2276\" rel=\"attachment wp-att-2276\"><img loading=\"lazy\" decoding=\"async\" class=\"alignnone size-medium wp-image-2276\" src=\"http:\/\/www.assisi-schule-ostbevern.de\/wordpress\/wp-content\/uploads\/2016\/08\/9-3-600x450.jpg\" alt=\"9\" width=\"600\" height=\"450\" srcset=\"https:\/\/www.assisi-schule-ostbevern.de\/wordpress\/wp-content\/uploads\/2016\/08\/9-3-600x450.jpg 600w, https:\/\/www.assisi-schule-ostbevern.de\/wordpress\/wp-content\/uploads\/2016\/08\/9-3-768x576.jpg 768w, https:\/\/www.assisi-schule-ostbevern.de\/wordpress\/wp-content\/uploads\/2016\/08\/9-3-1024x768.jpg 1024w\" sizes=\"auto, (max-width: 600px) 100vw, 600px\" \/><\/a> <a href=\"http:\/\/www.assisi-schule-ostbevern.de\/?attachment_id=2277\" rel=\"attachment wp-att-2277\"><img loading=\"lazy\" decoding=\"async\" class=\"alignnone size-medium wp-image-2277\" src=\"http:\/\/www.assisi-schule-ostbevern.de\/wordpress\/wp-content\/uploads\/2016\/08\/10-3-600x450.jpg\" alt=\"10\" width=\"600\" height=\"450\" srcset=\"https:\/\/www.assisi-schule-ostbevern.de\/wordpress\/wp-content\/uploads\/2016\/08\/10-3-600x450.jpg 600w, https:\/\/www.assisi-schule-ostbevern.de\/wordpress\/wp-content\/uploads\/2016\/08\/10-3-768x576.jpg 768w, https:\/\/www.assisi-schule-ostbevern.de\/wordpress\/wp-content\/uploads\/2016\/08\/10-3-1024x768.jpg 1024w\" sizes=\"auto, (max-width: 600px) 100vw, 600px\" \/><\/a> <a href=\"http:\/\/www.assisi-schule-ostbevern.de\/?attachment_id=2278\" rel=\"attachment wp-att-2278\"><img loading=\"lazy\" decoding=\"async\" class=\"alignnone size-medium wp-image-2278\" src=\"http:\/\/www.assisi-schule-ostbevern.de\/wordpress\/wp-content\/uploads\/2016\/08\/11-2-600x450.jpg\" alt=\"11\" width=\"600\" height=\"450\" srcset=\"https:\/\/www.assisi-schule-ostbevern.de\/wordpress\/wp-content\/uploads\/2016\/08\/11-2-600x450.jpg 600w, https:\/\/www.assisi-schule-ostbevern.de\/wordpress\/wp-content\/uploads\/2016\/08\/11-2-768x576.jpg 768w, https:\/\/www.assisi-schule-ostbevern.de\/wordpress\/wp-content\/uploads\/2016\/08\/11-2-1024x768.jpg 1024w\" sizes=\"auto, (max-width: 600px) 100vw, 600px\" \/><\/a><\/div>\n<div><\/div>\n<div><\/div>\n<div><\/div>\n<div><strong><span style=\"color: #993300;\">Kartoffelernte<\/span><\/strong><\/div>\n<div><\/div>\n<div>Der 3. Jahrgang hat nun im Herbst auf dem Hof Verenkotte die Kartoffeln ernten d\u00fcrfen, die sie im 2. Schuljahr gepflanzt haben. Lotta aus der Klasse 3b hat einen so tollen und ausf\u00fchrlichen Bericht \u00fcber diesen Ausflug geschrieben, dass er hier gar nicht komplett aufgeschrieben werden k\u00f6nnte. Deshalb kann man hier nun auf den Fotos Lottas Bericht lesen \ud83d\ude42 :<\/div>\n<div><a href=\"http:\/\/www.assisi-schule-ostbevern.de\/?attachment_id=2237\" rel=\"attachment wp-att-2237\"><img loading=\"lazy\" decoding=\"async\" class=\"alignnone size-medium wp-image-2237\" src=\"http:\/\/www.assisi-schule-ostbevern.de\/wordpress\/wp-content\/uploads\/2016\/08\/Text-Teil-1-450x600.jpg\" alt=\"text-teil-1\" width=\"450\" height=\"600\" srcset=\"https:\/\/www.assisi-schule-ostbevern.de\/wordpress\/wp-content\/uploads\/2016\/08\/Text-Teil-1-450x600.jpg 450w, https:\/\/www.assisi-schule-ostbevern.de\/wordpress\/wp-content\/uploads\/2016\/08\/Text-Teil-1-768x1024.jpg 768w\" sizes=\"auto, (max-width: 450px) 100vw, 450px\" \/><\/a> <a href=\"http:\/\/www.assisi-schule-ostbevern.de\/?attachment_id=2238\" rel=\"attachment wp-att-2238\"><img loading=\"lazy\" decoding=\"async\" class=\"alignnone size-medium wp-image-2238\" src=\"http:\/\/www.assisi-schule-ostbevern.de\/wordpress\/wp-content\/uploads\/2016\/08\/Text-Teil-2-450x600.jpg\" alt=\"text-teil-2\" width=\"450\" height=\"600\" srcset=\"https:\/\/www.assisi-schule-ostbevern.de\/wordpress\/wp-content\/uploads\/2016\/08\/Text-Teil-2-450x600.jpg 450w, https:\/\/www.assisi-schule-ostbevern.de\/wordpress\/wp-content\/uploads\/2016\/08\/Text-Teil-2-768x1024.jpg 768w\" sizes=\"auto, (max-width: 450px) 100vw, 450px\" \/><\/a> <a href=\"http:\/\/www.assisi-schule-ostbevern.de\/?attachment_id=2239\" rel=\"attachment wp-att-2239\"><img loading=\"lazy\" decoding=\"async\" class=\"alignnone size-medium wp-image-2239\" src=\"http:\/\/www.assisi-schule-ostbevern.de\/wordpress\/wp-content\/uploads\/2016\/08\/1-4-600x450.jpg\" alt=\"1\" width=\"600\" height=\"450\" srcset=\"https:\/\/www.assisi-schule-ostbevern.de\/wordpress\/wp-content\/uploads\/2016\/08\/1-4-600x450.jpg 600w, https:\/\/www.assisi-schule-ostbevern.de\/wordpress\/wp-content\/uploads\/2016\/08\/1-4-768x576.jpg 768w, https:\/\/www.assisi-schule-ostbevern.de\/wordpress\/wp-content\/uploads\/2016\/08\/1-4-1024x768.jpg 1024w\" sizes=\"auto, (max-width: 600px) 100vw, 600px\" \/><\/a> <a href=\"http:\/\/www.assisi-schule-ostbevern.de\/?attachment_id=2240\" rel=\"attachment wp-att-2240\"><img loading=\"lazy\" decoding=\"async\" class=\"alignnone size-medium wp-image-2240\" src=\"http:\/\/www.assisi-schule-ostbevern.de\/wordpress\/wp-content\/uploads\/2016\/08\/2-3-600x450.jpg\" alt=\"2\" width=\"600\" height=\"450\" srcset=\"https:\/\/www.assisi-schule-ostbevern.de\/wordpress\/wp-content\/uploads\/2016\/08\/2-3-600x450.jpg 600w, https:\/\/www.assisi-schule-ostbevern.de\/wordpress\/wp-content\/uploads\/2016\/08\/2-3-768x576.jpg 768w, https:\/\/www.assisi-schule-ostbevern.de\/wordpress\/wp-content\/uploads\/2016\/08\/2-3-1024x768.jpg 1024w\" sizes=\"auto, (max-width: 600px) 100vw, 600px\" \/><\/a> <a href=\"http:\/\/www.assisi-schule-ostbevern.de\/?attachment_id=2241\" rel=\"attachment wp-att-2241\"><img loading=\"lazy\" decoding=\"async\" class=\"alignnone size-medium wp-image-2241\" src=\"http:\/\/www.assisi-schule-ostbevern.de\/wordpress\/wp-content\/uploads\/2016\/08\/3-4-600x450.jpg\" alt=\"3\" width=\"600\" height=\"450\" srcset=\"https:\/\/www.assisi-schule-ostbevern.de\/wordpress\/wp-content\/uploads\/2016\/08\/3-4-600x450.jpg 600w, https:\/\/www.assisi-schule-ostbevern.de\/wordpress\/wp-content\/uploads\/2016\/08\/3-4-768x576.jpg 768w, https:\/\/www.assisi-schule-ostbevern.de\/wordpress\/wp-content\/uploads\/2016\/08\/3-4-1024x768.jpg 1024w\" sizes=\"auto, (max-width: 600px) 100vw, 600px\" \/><\/a> <a href=\"http:\/\/www.assisi-schule-ostbevern.de\/?attachment_id=2242\" rel=\"attachment wp-att-2242\"><img loading=\"lazy\" decoding=\"async\" class=\"alignnone size-medium wp-image-2242\" src=\"http:\/\/www.assisi-schule-ostbevern.de\/wordpress\/wp-content\/uploads\/2016\/08\/4-4-600x450.jpg\" alt=\"4\" width=\"600\" height=\"450\" srcset=\"https:\/\/www.assisi-schule-ostbevern.de\/wordpress\/wp-content\/uploads\/2016\/08\/4-4-600x450.jpg 600w, https:\/\/www.assisi-schule-ostbevern.de\/wordpress\/wp-content\/uploads\/2016\/08\/4-4-768x576.jpg 768w, https:\/\/www.assisi-schule-ostbevern.de\/wordpress\/wp-content\/uploads\/2016\/08\/4-4-1024x768.jpg 1024w\" sizes=\"auto, (max-width: 600px) 100vw, 600px\" \/><\/a> <a href=\"http:\/\/www.assisi-schule-ostbevern.de\/?attachment_id=2243\" rel=\"attachment wp-att-2243\"><img loading=\"lazy\" decoding=\"async\" class=\"alignnone size-medium wp-image-2243\" src=\"http:\/\/www.assisi-schule-ostbevern.de\/wordpress\/wp-content\/uploads\/2016\/08\/5-3-450x600.jpg\" alt=\"5\" width=\"450\" height=\"600\" srcset=\"https:\/\/www.assisi-schule-ostbevern.de\/wordpress\/wp-content\/uploads\/2016\/08\/5-3-450x600.jpg 450w, https:\/\/www.assisi-schule-ostbevern.de\/wordpress\/wp-content\/uploads\/2016\/08\/5-3-768x1024.jpg 768w\" sizes=\"auto, (max-width: 450px) 100vw, 450px\" \/><\/a> <a href=\"http:\/\/www.assisi-schule-ostbevern.de\/?attachment_id=2244\" rel=\"attachment wp-att-2244\"><img loading=\"lazy\" decoding=\"async\" class=\"alignnone size-medium wp-image-2244\" src=\"http:\/\/www.assisi-schule-ostbevern.de\/wordpress\/wp-content\/uploads\/2016\/08\/6-2-600x450.jpg\" alt=\"6\" width=\"600\" height=\"450\" srcset=\"https:\/\/www.assisi-schule-ostbevern.de\/wordpress\/wp-content\/uploads\/2016\/08\/6-2-600x450.jpg 600w, https:\/\/www.assisi-schule-ostbevern.de\/wordpress\/wp-content\/uploads\/2016\/08\/6-2-768x576.jpg 768w, https:\/\/www.assisi-schule-ostbevern.de\/wordpress\/wp-content\/uploads\/2016\/08\/6-2-1024x768.jpg 1024w\" sizes=\"auto, (max-width: 600px) 100vw, 600px\" \/><\/a> <a href=\"http:\/\/www.assisi-schule-ostbevern.de\/?attachment_id=2245\" rel=\"attachment wp-att-2245\"><img loading=\"lazy\" decoding=\"async\" class=\"alignnone size-medium wp-image-2245\" src=\"http:\/\/www.assisi-schule-ostbevern.de\/wordpress\/wp-content\/uploads\/2016\/08\/7-2-450x600.jpg\" alt=\"7\" width=\"450\" height=\"600\" srcset=\"https:\/\/www.assisi-schule-ostbevern.de\/wordpress\/wp-content\/uploads\/2016\/08\/7-2-450x600.jpg 450w, https:\/\/www.assisi-schule-ostbevern.de\/wordpress\/wp-content\/uploads\/2016\/08\/7-2-768x1024.jpg 768w\" sizes=\"auto, (max-width: 450px) 100vw, 450px\" \/><\/a> <a href=\"http:\/\/www.assisi-schule-ostbevern.de\/?attachment_id=2246\" rel=\"attachment wp-att-2246\"><img loading=\"lazy\" decoding=\"async\" class=\"alignnone size-medium wp-image-2246\" src=\"http:\/\/www.assisi-schule-ostbevern.de\/wordpress\/wp-content\/uploads\/2016\/08\/8-2-600x450.jpg\" alt=\"8\" width=\"600\" height=\"450\" srcset=\"https:\/\/www.assisi-schule-ostbevern.de\/wordpress\/wp-content\/uploads\/2016\/08\/8-2-600x450.jpg 600w, https:\/\/www.assisi-schule-ostbevern.de\/wordpress\/wp-content\/uploads\/2016\/08\/8-2-768x576.jpg 768w, https:\/\/www.assisi-schule-ostbevern.de\/wordpress\/wp-content\/uploads\/2016\/08\/8-2-1024x768.jpg 1024w\" sizes=\"auto, (max-width: 600px) 100vw, 600px\" \/><\/a> <a href=\"http:\/\/www.assisi-schule-ostbevern.de\/?attachment_id=2247\" rel=\"attachment wp-att-2247\"><img loading=\"lazy\" decoding=\"async\" class=\"alignnone size-medium wp-image-2247\" src=\"http:\/\/www.assisi-schule-ostbevern.de\/wordpress\/wp-content\/uploads\/2016\/08\/9-2-600x450.jpg\" alt=\"9\" width=\"600\" height=\"450\" srcset=\"https:\/\/www.assisi-schule-ostbevern.de\/wordpress\/wp-content\/uploads\/2016\/08\/9-2-600x450.jpg 600w, https:\/\/www.assisi-schule-ostbevern.de\/wordpress\/wp-content\/uploads\/2016\/08\/9-2-768x576.jpg 768w, https:\/\/www.assisi-schule-ostbevern.de\/wordpress\/wp-content\/uploads\/2016\/08\/9-2-1024x768.jpg 1024w\" sizes=\"auto, (max-width: 600px) 100vw, 600px\" \/><\/a> <a href=\"http:\/\/www.assisi-schule-ostbevern.de\/?attachment_id=2248\" rel=\"attachment wp-att-2248\"><img loading=\"lazy\" decoding=\"async\" class=\"alignnone size-medium wp-image-2248\" src=\"http:\/\/www.assisi-schule-ostbevern.de\/wordpress\/wp-content\/uploads\/2016\/08\/10-2-600x450.jpg\" alt=\"10\" width=\"600\" height=\"450\" srcset=\"https:\/\/www.assisi-schule-ostbevern.de\/wordpress\/wp-content\/uploads\/2016\/08\/10-2-600x450.jpg 600w, https:\/\/www.assisi-schule-ostbevern.de\/wordpress\/wp-content\/uploads\/2016\/08\/10-2-768x576.jpg 768w, https:\/\/www.assisi-schule-ostbevern.de\/wordpress\/wp-content\/uploads\/2016\/08\/10-2-1024x768.jpg 1024w\" sizes=\"auto, (max-width: 600px) 100vw, 600px\" \/><\/a><\/div>\n<div><\/div>\n<div><\/div>\n<div><strong><span style=\"color: #008000;\">Sponsorenlauf\u00a0<\/span> <span style=\"color: #ff6600;\">&#8222;Run<\/span> <span style=\"color: #3366ff;\">for<\/span> <span style=\"color: #993366;\">Ruanda&#8220;<\/span><\/strong><\/div>\n<div><\/div>\n<div>Nun liegt der erste Sponsorenlauf an unserer Schule hinter uns und wir k\u00f6nnen festhalten, dass es ein voller Erfolg war.\u00a0 Das Geld, das die Kinder erlaufen haben, kommt zur H\u00e4lfte einem Hilfsprojekt in Ruanda (siehe Fotos) zugute, die andere H\u00e4lfte verwenden wir, um damit unsere Projektwoche &#8222;Trommelzauber&#8220; im M\u00e4rz zu finanzieren. Die Stimmung am Morgen des Sponsorenlaufs war super und die Kinder hoch motiviert, so viele Runden wie m\u00f6glich zu schaffen. Angefeuert von vielen Eltern, Gro\u00dfeltern und weiteren Interessierten gaben die Kinder alles. Die Gesichter wurden von Runde zu Runde roter und die Arme wurden immer voller mit Stempeln, die sie f\u00fcr jede gelaufene Runde bekamen. Am Ende konnten sich die v\u00f6llig ersch\u00f6pften, aber gl\u00fccklichen und stolzen Kinder noch st\u00e4rken. Der F\u00f6rderverein spendierte f\u00fcr alle Kinder Brezeln, Obst und Wasser! Vielen Dank an alle helfenden H\u00e4nde und besonders an den F\u00f6rderverein f\u00fcr die tolle Verpflegung! Wir sind gespannt, was f\u00fcr eine Summe die Kinder erlaufen haben.<\/div>\n<div><a href=\"http:\/\/www.assisi-schule-ostbevern.de\/?attachment_id=2198\" rel=\"attachment wp-att-2198\"><img loading=\"lazy\" decoding=\"async\" class=\"alignnone size-medium wp-image-2198\" src=\"http:\/\/www.assisi-schule-ostbevern.de\/wordpress\/wp-content\/uploads\/2016\/08\/1-3-600x450.jpg\" alt=\"1\" width=\"600\" height=\"450\" srcset=\"https:\/\/www.assisi-schule-ostbevern.de\/wordpress\/wp-content\/uploads\/2016\/08\/1-3-600x450.jpg 600w, https:\/\/www.assisi-schule-ostbevern.de\/wordpress\/wp-content\/uploads\/2016\/08\/1-3-768x576.jpg 768w, https:\/\/www.assisi-schule-ostbevern.de\/wordpress\/wp-content\/uploads\/2016\/08\/1-3-1024x768.jpg 1024w\" sizes=\"auto, (max-width: 600px) 100vw, 600px\" \/><\/a> <a href=\"http:\/\/www.assisi-schule-ostbevern.de\/?attachment_id=2199\" rel=\"attachment wp-att-2199\"><img loading=\"lazy\" decoding=\"async\" class=\"alignnone size-medium wp-image-2199\" src=\"http:\/\/www.assisi-schule-ostbevern.de\/wordpress\/wp-content\/uploads\/2016\/08\/2-2-600x450.jpg\" alt=\"2\" width=\"600\" height=\"450\" srcset=\"https:\/\/www.assisi-schule-ostbevern.de\/wordpress\/wp-content\/uploads\/2016\/08\/2-2-600x450.jpg 600w, https:\/\/www.assisi-schule-ostbevern.de\/wordpress\/wp-content\/uploads\/2016\/08\/2-2-768x576.jpg 768w, https:\/\/www.assisi-schule-ostbevern.de\/wordpress\/wp-content\/uploads\/2016\/08\/2-2-1024x768.jpg 1024w\" sizes=\"auto, (max-width: 600px) 100vw, 600px\" \/><\/a> <a href=\"http:\/\/www.assisi-schule-ostbevern.de\/?attachment_id=2200\" rel=\"attachment wp-att-2200\"><img loading=\"lazy\" decoding=\"async\" class=\"alignnone size-medium wp-image-2200\" src=\"http:\/\/www.assisi-schule-ostbevern.de\/wordpress\/wp-content\/uploads\/2016\/08\/3-3-600x450.jpg\" alt=\"3\" width=\"600\" height=\"450\" srcset=\"https:\/\/www.assisi-schule-ostbevern.de\/wordpress\/wp-content\/uploads\/2016\/08\/3-3-600x450.jpg 600w, https:\/\/www.assisi-schule-ostbevern.de\/wordpress\/wp-content\/uploads\/2016\/08\/3-3-768x576.jpg 768w, https:\/\/www.assisi-schule-ostbevern.de\/wordpress\/wp-content\/uploads\/2016\/08\/3-3-1024x768.jpg 1024w\" sizes=\"auto, (max-width: 600px) 100vw, 600px\" \/><\/a> <a href=\"http:\/\/www.assisi-schule-ostbevern.de\/?attachment_id=2201\" rel=\"attachment wp-att-2201\"><img loading=\"lazy\" decoding=\"async\" class=\"alignnone size-medium wp-image-2201\" src=\"http:\/\/www.assisi-schule-ostbevern.de\/wordpress\/wp-content\/uploads\/2016\/08\/4-3-600x450.jpg\" alt=\"4\" width=\"600\" height=\"450\" srcset=\"https:\/\/www.assisi-schule-ostbevern.de\/wordpress\/wp-content\/uploads\/2016\/08\/4-3-600x450.jpg 600w, https:\/\/www.assisi-schule-ostbevern.de\/wordpress\/wp-content\/uploads\/2016\/08\/4-3-768x576.jpg 768w, https:\/\/www.assisi-schule-ostbevern.de\/wordpress\/wp-content\/uploads\/2016\/08\/4-3-1024x768.jpg 1024w\" sizes=\"auto, (max-width: 600px) 100vw, 600px\" \/><\/a> <a href=\"http:\/\/www.assisi-schule-ostbevern.de\/?attachment_id=2202\" rel=\"attachment wp-att-2202\"><img loading=\"lazy\" decoding=\"async\" class=\"alignnone size-medium wp-image-2202\" src=\"http:\/\/www.assisi-schule-ostbevern.de\/wordpress\/wp-content\/uploads\/2016\/08\/5-2-600x450.jpg\" alt=\"5\" width=\"600\" height=\"450\" srcset=\"https:\/\/www.assisi-schule-ostbevern.de\/wordpress\/wp-content\/uploads\/2016\/08\/5-2-600x450.jpg 600w, https:\/\/www.assisi-schule-ostbevern.de\/wordpress\/wp-content\/uploads\/2016\/08\/5-2-768x576.jpg 768w, https:\/\/www.assisi-schule-ostbevern.de\/wordpress\/wp-content\/uploads\/2016\/08\/5-2-1024x768.jpg 1024w\" sizes=\"auto, (max-width: 600px) 100vw, 600px\" \/><\/a> <a href=\"http:\/\/www.assisi-schule-ostbevern.de\/?attachment_id=2203\" rel=\"attachment wp-att-2203\"><img loading=\"lazy\" decoding=\"async\" class=\"alignnone size-medium wp-image-2203\" src=\"http:\/\/www.assisi-schule-ostbevern.de\/wordpress\/wp-content\/uploads\/2016\/08\/6-1-600x450.jpg\" alt=\"6\" width=\"600\" height=\"450\" srcset=\"https:\/\/www.assisi-schule-ostbevern.de\/wordpress\/wp-content\/uploads\/2016\/08\/6-1-600x450.jpg 600w, https:\/\/www.assisi-schule-ostbevern.de\/wordpress\/wp-content\/uploads\/2016\/08\/6-1-768x576.jpg 768w, https:\/\/www.assisi-schule-ostbevern.de\/wordpress\/wp-content\/uploads\/2016\/08\/6-1-1024x768.jpg 1024w\" sizes=\"auto, (max-width: 600px) 100vw, 600px\" \/><\/a> <a href=\"http:\/\/www.assisi-schule-ostbevern.de\/?attachment_id=2204\" rel=\"attachment wp-att-2204\"><img loading=\"lazy\" decoding=\"async\" class=\"alignnone size-medium wp-image-2204\" src=\"http:\/\/www.assisi-schule-ostbevern.de\/wordpress\/wp-content\/uploads\/2016\/08\/7-1-600x450.jpg\" alt=\"7\" width=\"600\" height=\"450\" srcset=\"https:\/\/www.assisi-schule-ostbevern.de\/wordpress\/wp-content\/uploads\/2016\/08\/7-1-600x450.jpg 600w, https:\/\/www.assisi-schule-ostbevern.de\/wordpress\/wp-content\/uploads\/2016\/08\/7-1-768x576.jpg 768w, https:\/\/www.assisi-schule-ostbevern.de\/wordpress\/wp-content\/uploads\/2016\/08\/7-1-1024x768.jpg 1024w\" sizes=\"auto, (max-width: 600px) 100vw, 600px\" \/><\/a> <a href=\"http:\/\/www.assisi-schule-ostbevern.de\/?attachment_id=2205\" rel=\"attachment wp-att-2205\"><img loading=\"lazy\" decoding=\"async\" class=\"alignnone size-medium wp-image-2205\" src=\"http:\/\/www.assisi-schule-ostbevern.de\/wordpress\/wp-content\/uploads\/2016\/08\/8-1-600x450.jpg\" alt=\"8\" width=\"600\" height=\"450\" srcset=\"https:\/\/www.assisi-schule-ostbevern.de\/wordpress\/wp-content\/uploads\/2016\/08\/8-1-600x450.jpg 600w, https:\/\/www.assisi-schule-ostbevern.de\/wordpress\/wp-content\/uploads\/2016\/08\/8-1-768x576.jpg 768w, https:\/\/www.assisi-schule-ostbevern.de\/wordpress\/wp-content\/uploads\/2016\/08\/8-1-1024x768.jpg 1024w\" sizes=\"auto, (max-width: 600px) 100vw, 600px\" \/><\/a> <a href=\"http:\/\/www.assisi-schule-ostbevern.de\/?attachment_id=2206\" rel=\"attachment wp-att-2206\"><img loading=\"lazy\" decoding=\"async\" class=\"alignnone size-medium wp-image-2206\" src=\"http:\/\/www.assisi-schule-ostbevern.de\/wordpress\/wp-content\/uploads\/2016\/08\/9-1-600x450.jpg\" alt=\"9\" width=\"600\" height=\"450\" srcset=\"https:\/\/www.assisi-schule-ostbevern.de\/wordpress\/wp-content\/uploads\/2016\/08\/9-1-600x450.jpg 600w, https:\/\/www.assisi-schule-ostbevern.de\/wordpress\/wp-content\/uploads\/2016\/08\/9-1-768x576.jpg 768w, https:\/\/www.assisi-schule-ostbevern.de\/wordpress\/wp-content\/uploads\/2016\/08\/9-1-1024x768.jpg 1024w\" sizes=\"auto, (max-width: 600px) 100vw, 600px\" \/><\/a> <a href=\"http:\/\/www.assisi-schule-ostbevern.de\/?attachment_id=2207\" rel=\"attachment wp-att-2207\"><img loading=\"lazy\" decoding=\"async\" class=\"alignnone size-medium wp-image-2207\" src=\"http:\/\/www.assisi-schule-ostbevern.de\/wordpress\/wp-content\/uploads\/2016\/08\/10-1-600x450.jpg\" alt=\"10\" width=\"600\" height=\"450\" srcset=\"https:\/\/www.assisi-schule-ostbevern.de\/wordpress\/wp-content\/uploads\/2016\/08\/10-1-600x450.jpg 600w, https:\/\/www.assisi-schule-ostbevern.de\/wordpress\/wp-content\/uploads\/2016\/08\/10-1-768x576.jpg 768w, https:\/\/www.assisi-schule-ostbevern.de\/wordpress\/wp-content\/uploads\/2016\/08\/10-1-1024x768.jpg 1024w\" sizes=\"auto, (max-width: 600px) 100vw, 600px\" \/><\/a> <a href=\"http:\/\/www.assisi-schule-ostbevern.de\/?attachment_id=2208\" rel=\"attachment wp-att-2208\"><img loading=\"lazy\" decoding=\"async\" class=\"alignnone size-medium wp-image-2208\" src=\"http:\/\/www.assisi-schule-ostbevern.de\/wordpress\/wp-content\/uploads\/2016\/08\/11-1-600x450.jpg\" alt=\"11\" width=\"600\" height=\"450\" srcset=\"https:\/\/www.assisi-schule-ostbevern.de\/wordpress\/wp-content\/uploads\/2016\/08\/11-1-600x450.jpg 600w, https:\/\/www.assisi-schule-ostbevern.de\/wordpress\/wp-content\/uploads\/2016\/08\/11-1-768x576.jpg 768w, https:\/\/www.assisi-schule-ostbevern.de\/wordpress\/wp-content\/uploads\/2016\/08\/11-1-1024x768.jpg 1024w\" sizes=\"auto, (max-width: 600px) 100vw, 600px\" \/><\/a><\/div>\n<div><\/div>\n<div><\/div>\n<div id=\"yiv5267611850yui_3_16_0_ym19_1_1474886630689_4948\"><strong><span style=\"color: #993300;\">Das<\/span><span style=\"color: #808000;\"> Klassenfest<\/span> <span style=\"color: #33cccc;\">der<\/span><span style=\"color: #993366;\"> Klasse<\/span> <span style=\"color: #333399;\">3b<\/span><\/strong><\/div>\n<div><\/div>\n<div id=\"yiv5267611850yui_3_16_0_ym19_1_1474886630689_4949\">Das Klassenfest der 3b fand in Ostbevern-Brock im Dorfspeicher statt. Dort haben wir aus selbst geernteten Kartoffeln Reibepl\u00e4tzchen gebraten. Danach haben wir noch Strockbrot gemacht und Marshmallows gegrillt. Es gab ein gro\u00dfes Feld und die Kinder hatten die M\u00f6glichkeit, Fu\u00dfball zu spielen. Einige Eltern hatten auch ein Angebot mit H\u00fcpfs\u00e4ckchen. Es hat sehr viel Spa\u00df gemacht und ich w\u00fcrde gerne, dass es in der 4. Klasse auch so ist.<\/div>\n<div id=\"yiv5267611850yui_3_16_0_ym19_1_1474886630689_4950\">Florian<\/div>\n<div><a href=\"http:\/\/www.assisi-schule-ostbevern.de\/?attachment_id=2183\" rel=\"attachment wp-att-2183\"><img loading=\"lazy\" decoding=\"async\" class=\"alignnone size-medium wp-image-2183\" src=\"http:\/\/www.assisi-schule-ostbevern.de\/wordpress\/wp-content\/uploads\/2016\/08\/IMG_3652-600x400.jpg\" alt=\"img_3652\" width=\"600\" height=\"400\" srcset=\"https:\/\/www.assisi-schule-ostbevern.de\/wordpress\/wp-content\/uploads\/2016\/08\/IMG_3652-600x400.jpg 600w, https:\/\/www.assisi-schule-ostbevern.de\/wordpress\/wp-content\/uploads\/2016\/08\/IMG_3652-768x512.jpg 768w, https:\/\/www.assisi-schule-ostbevern.de\/wordpress\/wp-content\/uploads\/2016\/08\/IMG_3652-1024x683.jpg 1024w\" sizes=\"auto, (max-width: 600px) 100vw, 600px\" \/><\/a> <a href=\"http:\/\/www.assisi-schule-ostbevern.de\/?attachment_id=2184\" rel=\"attachment wp-att-2184\"><img loading=\"lazy\" decoding=\"async\" class=\"alignnone size-medium wp-image-2184\" src=\"http:\/\/www.assisi-schule-ostbevern.de\/wordpress\/wp-content\/uploads\/2016\/08\/IMG_3653-600x400.jpg\" alt=\"img_3653\" width=\"600\" height=\"400\" srcset=\"https:\/\/www.assisi-schule-ostbevern.de\/wordpress\/wp-content\/uploads\/2016\/08\/IMG_3653-600x400.jpg 600w, https:\/\/www.assisi-schule-ostbevern.de\/wordpress\/wp-content\/uploads\/2016\/08\/IMG_3653-768x512.jpg 768w, https:\/\/www.assisi-schule-ostbevern.de\/wordpress\/wp-content\/uploads\/2016\/08\/IMG_3653-1024x683.jpg 1024w\" sizes=\"auto, (max-width: 600px) 100vw, 600px\" \/><\/a> <a href=\"http:\/\/www.assisi-schule-ostbevern.de\/?attachment_id=2185\" rel=\"attachment wp-att-2185\"><img loading=\"lazy\" decoding=\"async\" class=\"alignnone size-medium wp-image-2185\" src=\"http:\/\/www.assisi-schule-ostbevern.de\/wordpress\/wp-content\/uploads\/2016\/08\/IMG_3658-600x400.jpg\" alt=\"img_3658\" width=\"600\" height=\"400\" srcset=\"https:\/\/www.assisi-schule-ostbevern.de\/wordpress\/wp-content\/uploads\/2016\/08\/IMG_3658-600x400.jpg 600w, https:\/\/www.assisi-schule-ostbevern.de\/wordpress\/wp-content\/uploads\/2016\/08\/IMG_3658-768x512.jpg 768w, https:\/\/www.assisi-schule-ostbevern.de\/wordpress\/wp-content\/uploads\/2016\/08\/IMG_3658-1024x683.jpg 1024w\" sizes=\"auto, (max-width: 600px) 100vw, 600px\" \/><\/a> <a href=\"http:\/\/www.assisi-schule-ostbevern.de\/?attachment_id=2186\" rel=\"attachment wp-att-2186\"><img loading=\"lazy\" decoding=\"async\" class=\"alignnone size-medium wp-image-2186\" src=\"http:\/\/www.assisi-schule-ostbevern.de\/wordpress\/wp-content\/uploads\/2016\/08\/IMG_3667-600x400.jpg\" alt=\"img_3667\" width=\"600\" height=\"400\" srcset=\"https:\/\/www.assisi-schule-ostbevern.de\/wordpress\/wp-content\/uploads\/2016\/08\/IMG_3667-600x400.jpg 600w, https:\/\/www.assisi-schule-ostbevern.de\/wordpress\/wp-content\/uploads\/2016\/08\/IMG_3667-768x512.jpg 768w, https:\/\/www.assisi-schule-ostbevern.de\/wordpress\/wp-content\/uploads\/2016\/08\/IMG_3667-1024x683.jpg 1024w\" sizes=\"auto, (max-width: 600px) 100vw, 600px\" \/><\/a> <a href=\"http:\/\/www.assisi-schule-ostbevern.de\/?attachment_id=2187\" rel=\"attachment wp-att-2187\"><img loading=\"lazy\" decoding=\"async\" class=\"alignnone size-medium wp-image-2187\" src=\"http:\/\/www.assisi-schule-ostbevern.de\/wordpress\/wp-content\/uploads\/2016\/08\/IMG_3678-600x400.jpg\" alt=\"img_3678\" width=\"600\" height=\"400\" srcset=\"https:\/\/www.assisi-schule-ostbevern.de\/wordpress\/wp-content\/uploads\/2016\/08\/IMG_3678-600x400.jpg 600w, https:\/\/www.assisi-schule-ostbevern.de\/wordpress\/wp-content\/uploads\/2016\/08\/IMG_3678-768x512.jpg 768w, https:\/\/www.assisi-schule-ostbevern.de\/wordpress\/wp-content\/uploads\/2016\/08\/IMG_3678-1024x683.jpg 1024w\" sizes=\"auto, (max-width: 600px) 100vw, 600px\" \/><\/a> <a href=\"http:\/\/www.assisi-schule-ostbevern.de\/?attachment_id=2188\" rel=\"attachment wp-att-2188\"><img loading=\"lazy\" decoding=\"async\" class=\"alignnone size-medium wp-image-2188\" src=\"http:\/\/www.assisi-schule-ostbevern.de\/wordpress\/wp-content\/uploads\/2016\/08\/IMG_3710-600x400.jpg\" alt=\"img_3710\" width=\"600\" height=\"400\" srcset=\"https:\/\/www.assisi-schule-ostbevern.de\/wordpress\/wp-content\/uploads\/2016\/08\/IMG_3710-600x400.jpg 600w, https:\/\/www.assisi-schule-ostbevern.de\/wordpress\/wp-content\/uploads\/2016\/08\/IMG_3710-768x512.jpg 768w, https:\/\/www.assisi-schule-ostbevern.de\/wordpress\/wp-content\/uploads\/2016\/08\/IMG_3710-1024x683.jpg 1024w\" sizes=\"auto, (max-width: 600px) 100vw, 600px\" \/><\/a> <a href=\"http:\/\/www.assisi-schule-ostbevern.de\/?attachment_id=2189\" rel=\"attachment wp-att-2189\"><img loading=\"lazy\" decoding=\"async\" class=\"alignnone size-medium wp-image-2189\" src=\"http:\/\/www.assisi-schule-ostbevern.de\/wordpress\/wp-content\/uploads\/2016\/08\/IMG_3811-600x400.jpg\" alt=\"img_3811\" width=\"600\" height=\"400\" srcset=\"https:\/\/www.assisi-schule-ostbevern.de\/wordpress\/wp-content\/uploads\/2016\/08\/IMG_3811-600x400.jpg 600w, https:\/\/www.assisi-schule-ostbevern.de\/wordpress\/wp-content\/uploads\/2016\/08\/IMG_3811-768x512.jpg 768w, https:\/\/www.assisi-schule-ostbevern.de\/wordpress\/wp-content\/uploads\/2016\/08\/IMG_3811-1024x683.jpg 1024w\" sizes=\"auto, (max-width: 600px) 100vw, 600px\" \/><\/a> <a href=\"http:\/\/www.assisi-schule-ostbevern.de\/?attachment_id=2190\" rel=\"attachment wp-att-2190\"><img loading=\"lazy\" decoding=\"async\" class=\"alignnone size-medium wp-image-2190\" src=\"http:\/\/www.assisi-schule-ostbevern.de\/wordpress\/wp-content\/uploads\/2016\/08\/IMG_3646-600x400.jpg\" alt=\"img_3646\" width=\"600\" height=\"400\" srcset=\"https:\/\/www.assisi-schule-ostbevern.de\/wordpress\/wp-content\/uploads\/2016\/08\/IMG_3646-600x400.jpg 600w, https:\/\/www.assisi-schule-ostbevern.de\/wordpress\/wp-content\/uploads\/2016\/08\/IMG_3646-768x512.jpg 768w, https:\/\/www.assisi-schule-ostbevern.de\/wordpress\/wp-content\/uploads\/2016\/08\/IMG_3646-1024x683.jpg 1024w\" sizes=\"auto, (max-width: 600px) 100vw, 600px\" \/><\/a><\/div>\n<p><strong><span style=\"color: #ff6600;\">Neue<\/span> <span style=\"color: #008000;\">Spiele <\/span><span style=\"color: #008000;\"><span style=\"color: #0000ff;\">f\u00fcr <\/span><\/span><span style=\"color: #800080;\">die<\/span> <span style=\"color: #00ff00;\">Pausen<\/span><\/strong><\/p>\n<p>Nachdem unsere Spieleh\u00fctte seit einiger Zeit wieder in neuem Glanz erstrahlt, wurde nun auch daf\u00fcr gesorgt, dass diese mit vielen tollen neuen Spielen und Ger\u00e4ten best\u00fcckt wurde. Die Kinder k\u00f6nnen sich nun ein gro\u00dfes Vier-gewinnt-Spiel, Badminton-Schl\u00e4ger und -B\u00e4lle, Balancierst\u00e4be und vieles mehr ausleihen. Zu verdanken haben wir diese neuen Spiele einer sehr gro\u00dfz\u00fcgigen Spende des F\u00f6rdervereins unserer Schule. Wir freuen uns riesig \u00fcber die neuen Spielm\u00f6glichkeiten in der Pause und sagen ein ganz gro\u00dfes DANKESCH\u00d6N an unseren F\u00f6rderverein!!!<\/p>\n<p><a href=\"http:\/\/www.assisi-schule-ostbevern.de\/?attachment_id=2173\" rel=\"attachment wp-att-2173\"><img loading=\"lazy\" decoding=\"async\" class=\"alignnone size-medium wp-image-2173\" src=\"http:\/\/www.assisi-schule-ostbevern.de\/wordpress\/wp-content\/uploads\/2016\/08\/1-2-600x450.jpg\" alt=\"1\" width=\"600\" height=\"450\" srcset=\"https:\/\/www.assisi-schule-ostbevern.de\/wordpress\/wp-content\/uploads\/2016\/08\/1-2-600x450.jpg 600w, https:\/\/www.assisi-schule-ostbevern.de\/wordpress\/wp-content\/uploads\/2016\/08\/1-2-768x576.jpg 768w, https:\/\/www.assisi-schule-ostbevern.de\/wordpress\/wp-content\/uploads\/2016\/08\/1-2-1024x768.jpg 1024w\" sizes=\"auto, (max-width: 600px) 100vw, 600px\" \/><\/a> <a href=\"http:\/\/www.assisi-schule-ostbevern.de\/?attachment_id=2174\" rel=\"attachment wp-att-2174\"><img loading=\"lazy\" decoding=\"async\" class=\"alignnone size-medium wp-image-2174\" src=\"http:\/\/www.assisi-schule-ostbevern.de\/wordpress\/wp-content\/uploads\/2016\/08\/2-1-600x450.jpg\" alt=\"2\" width=\"600\" height=\"450\" srcset=\"https:\/\/www.assisi-schule-ostbevern.de\/wordpress\/wp-content\/uploads\/2016\/08\/2-1-600x450.jpg 600w, https:\/\/www.assisi-schule-ostbevern.de\/wordpress\/wp-content\/uploads\/2016\/08\/2-1-768x576.jpg 768w, https:\/\/www.assisi-schule-ostbevern.de\/wordpress\/wp-content\/uploads\/2016\/08\/2-1-1024x768.jpg 1024w\" sizes=\"auto, (max-width: 600px) 100vw, 600px\" \/><\/a> <a href=\"http:\/\/www.assisi-schule-ostbevern.de\/?attachment_id=2175\" rel=\"attachment wp-att-2175\"><img loading=\"lazy\" decoding=\"async\" class=\"alignnone size-medium wp-image-2175\" src=\"http:\/\/www.assisi-schule-ostbevern.de\/wordpress\/wp-content\/uploads\/2016\/08\/3-2-600x450.jpg\" alt=\"3\" width=\"600\" height=\"450\" srcset=\"https:\/\/www.assisi-schule-ostbevern.de\/wordpress\/wp-content\/uploads\/2016\/08\/3-2-600x450.jpg 600w, https:\/\/www.assisi-schule-ostbevern.de\/wordpress\/wp-content\/uploads\/2016\/08\/3-2-768x576.jpg 768w, https:\/\/www.assisi-schule-ostbevern.de\/wordpress\/wp-content\/uploads\/2016\/08\/3-2-1024x768.jpg 1024w\" sizes=\"auto, (max-width: 600px) 100vw, 600px\" \/><\/a> <a href=\"http:\/\/www.assisi-schule-ostbevern.de\/?attachment_id=2176\" rel=\"attachment wp-att-2176\"><img loading=\"lazy\" decoding=\"async\" class=\"alignnone size-medium wp-image-2176\" src=\"http:\/\/www.assisi-schule-ostbevern.de\/wordpress\/wp-content\/uploads\/2016\/08\/4-2-600x450.jpg\" alt=\"4\" width=\"600\" height=\"450\" srcset=\"https:\/\/www.assisi-schule-ostbevern.de\/wordpress\/wp-content\/uploads\/2016\/08\/4-2-600x450.jpg 600w, https:\/\/www.assisi-schule-ostbevern.de\/wordpress\/wp-content\/uploads\/2016\/08\/4-2-768x576.jpg 768w, https:\/\/www.assisi-schule-ostbevern.de\/wordpress\/wp-content\/uploads\/2016\/08\/4-2-1024x768.jpg 1024w\" sizes=\"auto, (max-width: 600px) 100vw, 600px\" \/><\/a><\/p>\n<p>&nbsp;<\/p>\n<p><strong><span style=\"color: #ff6600;\">&#8222;Ganz<\/span> <span style=\"color: #ff9900;\">sch\u00f6n <\/span><span style=\"color: #ffcc00;\">helle&#8220;<\/span><\/strong><\/p>\n<p>Unter diesem Motto wurden auch in diesem Jahr wieder Warnwesten an die neuen Erstkl\u00e4ssler verteilt, damit sie auch besonders in der dunklen Jahreszeit im Stra\u00dfenverkehr gut sichtbar sind. Unterst\u00fctzt wurde die Aktion durch den Besuch der Polizei. Die Kinder und interessierte Eltern der ersten Klassen wurden auf Gefahren im Verkehr hingewiesen und \u00fcbten mit den Polizisten zusammen, wie man die Stra\u00dfe sicher \u00fcberqueren kann. Es w\u00e4re sch\u00f6n, wenn alle Verkehrsteilnehmer nun besonders r\u00fccksichtsvoll unterwegs sind, damit auch die Kleinen ihren Schulweg nun sicher meistern k\u00f6nnen.<\/p>\n<p><a href=\"http:\/\/www.assisi-schule-ostbevern.de\/?attachment_id=2166\" rel=\"attachment wp-att-2166\"><img loading=\"lazy\" decoding=\"async\" class=\"alignnone size-medium wp-image-2166\" src=\"http:\/\/www.assisi-schule-ostbevern.de\/wordpress\/wp-content\/uploads\/2016\/08\/1-1-600x450.jpg\" alt=\"1\" width=\"600\" height=\"450\" srcset=\"https:\/\/www.assisi-schule-ostbevern.de\/wordpress\/wp-content\/uploads\/2016\/08\/1-1-600x450.jpg 600w, https:\/\/www.assisi-schule-ostbevern.de\/wordpress\/wp-content\/uploads\/2016\/08\/1-1-768x576.jpg 768w, https:\/\/www.assisi-schule-ostbevern.de\/wordpress\/wp-content\/uploads\/2016\/08\/1-1-1024x768.jpg 1024w\" sizes=\"auto, (max-width: 600px) 100vw, 600px\" \/><\/a> <a href=\"http:\/\/www.assisi-schule-ostbevern.de\/?attachment_id=2167\" rel=\"attachment wp-att-2167\"><img loading=\"lazy\" decoding=\"async\" class=\"alignnone size-medium wp-image-2167\" src=\"http:\/\/www.assisi-schule-ostbevern.de\/wordpress\/wp-content\/uploads\/2016\/08\/3-1-600x450.jpg\" alt=\"3\" width=\"600\" height=\"450\" srcset=\"https:\/\/www.assisi-schule-ostbevern.de\/wordpress\/wp-content\/uploads\/2016\/08\/3-1-600x450.jpg 600w, https:\/\/www.assisi-schule-ostbevern.de\/wordpress\/wp-content\/uploads\/2016\/08\/3-1-768x576.jpg 768w, https:\/\/www.assisi-schule-ostbevern.de\/wordpress\/wp-content\/uploads\/2016\/08\/3-1-1024x768.jpg 1024w\" sizes=\"auto, (max-width: 600px) 100vw, 600px\" \/><\/a> <a href=\"http:\/\/www.assisi-schule-ostbevern.de\/?attachment_id=2168\" rel=\"attachment wp-att-2168\"><img loading=\"lazy\" decoding=\"async\" class=\"alignnone size-medium wp-image-2168\" src=\"http:\/\/www.assisi-schule-ostbevern.de\/wordpress\/wp-content\/uploads\/2016\/08\/4-1-600x450.jpg\" alt=\"4\" width=\"600\" height=\"450\" srcset=\"https:\/\/www.assisi-schule-ostbevern.de\/wordpress\/wp-content\/uploads\/2016\/08\/4-1-600x450.jpg 600w, https:\/\/www.assisi-schule-ostbevern.de\/wordpress\/wp-content\/uploads\/2016\/08\/4-1-768x576.jpg 768w, https:\/\/www.assisi-schule-ostbevern.de\/wordpress\/wp-content\/uploads\/2016\/08\/4-1-1024x768.jpg 1024w\" sizes=\"auto, (max-width: 600px) 100vw, 600px\" \/><\/a> <a href=\"http:\/\/www.assisi-schule-ostbevern.de\/?attachment_id=2169\" rel=\"attachment wp-att-2169\"><img loading=\"lazy\" decoding=\"async\" class=\"alignnone size-medium wp-image-2169\" src=\"http:\/\/www.assisi-schule-ostbevern.de\/wordpress\/wp-content\/uploads\/2016\/08\/5-1-600x450.jpg\" alt=\"5\" width=\"600\" height=\"450\" srcset=\"https:\/\/www.assisi-schule-ostbevern.de\/wordpress\/wp-content\/uploads\/2016\/08\/5-1-600x450.jpg 600w, https:\/\/www.assisi-schule-ostbevern.de\/wordpress\/wp-content\/uploads\/2016\/08\/5-1-768x576.jpg 768w, https:\/\/www.assisi-schule-ostbevern.de\/wordpress\/wp-content\/uploads\/2016\/08\/5-1-1024x768.jpg 1024w\" sizes=\"auto, (max-width: 600px) 100vw, 600px\" \/><\/a><\/p>\n<p><strong><span style=\"color: #ff6600;\">Jetzt<\/span> <span style=\"color: #339966;\">geht`s<\/span><span style=\"color: #0000ff;\"> los!<\/span><\/strong><\/p>\n<p>Mit diesem Lied begr\u00fc\u00dften die Zweitkl\u00e4ssler der Franz-von-Assisi-Schule die neuen Erstkl\u00e4ssler. Der aufregende Tag der Einschulung begann f\u00fcr die Schulanf\u00e4nger und ihre Angeh\u00f6rigen zun\u00e4chst in der Ambrosiuskirche mit einem gemeinsamen Gottesdienst. Danach wurden alle mit einem bunten Spalier von der Schulgemeinde bei bestem Wetter auf dem Schulhof in Empfang genommen. Aufgeregt sa\u00dfen dann die neuen Erstkl\u00e4ssler im Forum und warteten neugierig darauf, was an diesem Tag noch so alles auf sie zukommt. Frau Lamour begr\u00fc\u00dfte alle neuen Schulkinder mit ihren Eltern, Gro\u00dfeltern, Paten und Freunden und w\u00fcnschte allen Kindern und Eltern und nat\u00fcrlich auch den beiden Lehrerinnen Frau Laufen und Frau Hesse einen tollen Start in das 1. Schuljahr. Die Zweitkl\u00e4ssler zeigten im Anschluss den Kinder bei ihrem Lied, dass sie sich schon den ganzen Sommer auf die neuen Schulkinder freuen und haben damit hoffentlich schon ein wenig Aufregung nehmen k\u00f6nnen. Nach der Begr\u00fc\u00dfungsfeier ging es dann zur ersten Schulstunde in die Klasse. W\u00e4hrenddessen konnten sich die Angeh\u00f6rigen bei strahlendem Sonnenschein auf dem Schulhof vom F\u00f6rderverein unserer Schule mit Getr\u00e4nken und Brezeln ein wenig st\u00e4rken. Vielen Dank an alle Helferinnen und Helfer, die diese Einschulung mitgestaltet haben. Es war ein toller Tag f\u00fcr alle Beteiligten.<\/p>\n<p><a href=\"http:\/\/www.assisi-schule-ostbevern.de\/?attachment_id=2122\" rel=\"attachment wp-att-2122\"><img loading=\"lazy\" decoding=\"async\" class=\"alignnone size-medium wp-image-2122\" src=\"http:\/\/www.assisi-schule-ostbevern.de\/wordpress\/wp-content\/uploads\/2016\/08\/1-600x450.jpg\" alt=\"1\" width=\"600\" height=\"450\" srcset=\"https:\/\/www.assisi-schule-ostbevern.de\/wordpress\/wp-content\/uploads\/2016\/08\/1-600x450.jpg 600w, https:\/\/www.assisi-schule-ostbevern.de\/wordpress\/wp-content\/uploads\/2016\/08\/1-768x576.jpg 768w, https:\/\/www.assisi-schule-ostbevern.de\/wordpress\/wp-content\/uploads\/2016\/08\/1-1024x768.jpg 1024w\" sizes=\"auto, (max-width: 600px) 100vw, 600px\" \/><\/a> <a href=\"http:\/\/www.assisi-schule-ostbevern.de\/?attachment_id=2123\" rel=\"attachment wp-att-2123\"><img loading=\"lazy\" decoding=\"async\" class=\"alignnone size-medium wp-image-2123\" src=\"http:\/\/www.assisi-schule-ostbevern.de\/wordpress\/wp-content\/uploads\/2016\/08\/2-600x450.jpg\" alt=\"2\" width=\"600\" height=\"450\" srcset=\"https:\/\/www.assisi-schule-ostbevern.de\/wordpress\/wp-content\/uploads\/2016\/08\/2-600x450.jpg 600w, https:\/\/www.assisi-schule-ostbevern.de\/wordpress\/wp-content\/uploads\/2016\/08\/2-768x576.jpg 768w, https:\/\/www.assisi-schule-ostbevern.de\/wordpress\/wp-content\/uploads\/2016\/08\/2-1024x768.jpg 1024w\" sizes=\"auto, (max-width: 600px) 100vw, 600px\" \/><\/a> <a href=\"http:\/\/www.assisi-schule-ostbevern.de\/?attachment_id=2124\" rel=\"attachment wp-att-2124\"><img loading=\"lazy\" decoding=\"async\" class=\"alignnone size-medium wp-image-2124\" src=\"http:\/\/www.assisi-schule-ostbevern.de\/wordpress\/wp-content\/uploads\/2016\/08\/3-600x450.jpg\" alt=\"3\" width=\"600\" height=\"450\" srcset=\"https:\/\/www.assisi-schule-ostbevern.de\/wordpress\/wp-content\/uploads\/2016\/08\/3-600x450.jpg 600w, https:\/\/www.assisi-schule-ostbevern.de\/wordpress\/wp-content\/uploads\/2016\/08\/3-768x576.jpg 768w, https:\/\/www.assisi-schule-ostbevern.de\/wordpress\/wp-content\/uploads\/2016\/08\/3-1024x768.jpg 1024w\" sizes=\"auto, (max-width: 600px) 100vw, 600px\" \/><\/a> <a href=\"http:\/\/www.assisi-schule-ostbevern.de\/?attachment_id=2125\" rel=\"attachment wp-att-2125\"><img loading=\"lazy\" decoding=\"async\" class=\"alignnone size-medium wp-image-2125\" src=\"http:\/\/www.assisi-schule-ostbevern.de\/wordpress\/wp-content\/uploads\/2016\/08\/4-600x450.jpg\" alt=\"4\" width=\"600\" height=\"450\" srcset=\"https:\/\/www.assisi-schule-ostbevern.de\/wordpress\/wp-content\/uploads\/2016\/08\/4-600x450.jpg 600w, https:\/\/www.assisi-schule-ostbevern.de\/wordpress\/wp-content\/uploads\/2016\/08\/4-768x576.jpg 768w, https:\/\/www.assisi-schule-ostbevern.de\/wordpress\/wp-content\/uploads\/2016\/08\/4-1024x768.jpg 1024w\" sizes=\"auto, (max-width: 600px) 100vw, 600px\" \/><\/a> <a href=\"http:\/\/www.assisi-schule-ostbevern.de\/?attachment_id=2126\" rel=\"attachment wp-att-2126\"><img loading=\"lazy\" decoding=\"async\" class=\"alignnone size-medium wp-image-2126\" src=\"http:\/\/www.assisi-schule-ostbevern.de\/wordpress\/wp-content\/uploads\/2016\/08\/5-600x450.jpg\" alt=\"5\" width=\"600\" height=\"450\" srcset=\"https:\/\/www.assisi-schule-ostbevern.de\/wordpress\/wp-content\/uploads\/2016\/08\/5-600x450.jpg 600w, https:\/\/www.assisi-schule-ostbevern.de\/wordpress\/wp-content\/uploads\/2016\/08\/5-768x576.jpg 768w, https:\/\/www.assisi-schule-ostbevern.de\/wordpress\/wp-content\/uploads\/2016\/08\/5-1024x768.jpg 1024w\" sizes=\"auto, (max-width: 600px) 100vw, 600px\" \/><\/a> <a href=\"http:\/\/www.assisi-schule-ostbevern.de\/?attachment_id=2127\" rel=\"attachment wp-att-2127\"><img loading=\"lazy\" decoding=\"async\" class=\"alignnone size-medium wp-image-2127\" src=\"http:\/\/www.assisi-schule-ostbevern.de\/wordpress\/wp-content\/uploads\/2016\/08\/6-600x450.jpg\" alt=\"6\" width=\"600\" height=\"450\" srcset=\"https:\/\/www.assisi-schule-ostbevern.de\/wordpress\/wp-content\/uploads\/2016\/08\/6-600x450.jpg 600w, https:\/\/www.assisi-schule-ostbevern.de\/wordpress\/wp-content\/uploads\/2016\/08\/6-768x576.jpg 768w, https:\/\/www.assisi-schule-ostbevern.de\/wordpress\/wp-content\/uploads\/2016\/08\/6-1024x768.jpg 1024w\" sizes=\"auto, (max-width: 600px) 100vw, 600px\" \/><\/a> <a href=\"http:\/\/www.assisi-schule-ostbevern.de\/?attachment_id=2128\" rel=\"attachment wp-att-2128\"><img loading=\"lazy\" decoding=\"async\" class=\"alignnone size-medium wp-image-2128\" src=\"http:\/\/www.assisi-schule-ostbevern.de\/wordpress\/wp-content\/uploads\/2016\/08\/7-450x600.jpg\" alt=\"7\" width=\"450\" height=\"600\" srcset=\"https:\/\/www.assisi-schule-ostbevern.de\/wordpress\/wp-content\/uploads\/2016\/08\/7-450x600.jpg 450w, https:\/\/www.assisi-schule-ostbevern.de\/wordpress\/wp-content\/uploads\/2016\/08\/7-768x1024.jpg 768w\" sizes=\"auto, (max-width: 450px) 100vw, 450px\" \/><\/a> <a href=\"http:\/\/www.assisi-schule-ostbevern.de\/?attachment_id=2129\" rel=\"attachment wp-att-2129\"><img loading=\"lazy\" decoding=\"async\" class=\"alignnone size-medium wp-image-2129\" src=\"http:\/\/www.assisi-schule-ostbevern.de\/wordpress\/wp-content\/uploads\/2016\/08\/8-450x600.jpg\" alt=\"8\" width=\"450\" height=\"600\" srcset=\"https:\/\/www.assisi-schule-ostbevern.de\/wordpress\/wp-content\/uploads\/2016\/08\/8-450x600.jpg 450w, https:\/\/www.assisi-schule-ostbevern.de\/wordpress\/wp-content\/uploads\/2016\/08\/8-768x1024.jpg 768w\" sizes=\"auto, (max-width: 450px) 100vw, 450px\" \/><\/a> <a href=\"http:\/\/www.assisi-schule-ostbevern.de\/?attachment_id=2130\" rel=\"attachment wp-att-2130\"><img loading=\"lazy\" decoding=\"async\" class=\"alignnone size-medium wp-image-2130\" src=\"http:\/\/www.assisi-schule-ostbevern.de\/wordpress\/wp-content\/uploads\/2016\/08\/9-600x450.jpg\" alt=\"9\" width=\"600\" height=\"450\" srcset=\"https:\/\/www.assisi-schule-ostbevern.de\/wordpress\/wp-content\/uploads\/2016\/08\/9-600x450.jpg 600w, https:\/\/www.assisi-schule-ostbevern.de\/wordpress\/wp-content\/uploads\/2016\/08\/9-768x576.jpg 768w, https:\/\/www.assisi-schule-ostbevern.de\/wordpress\/wp-content\/uploads\/2016\/08\/9-1024x768.jpg 1024w\" sizes=\"auto, (max-width: 600px) 100vw, 600px\" \/><\/a> <a href=\"http:\/\/www.assisi-schule-ostbevern.de\/?attachment_id=2131\" rel=\"attachment wp-att-2131\"><img loading=\"lazy\" decoding=\"async\" class=\"alignnone size-medium wp-image-2131\" src=\"http:\/\/www.assisi-schule-ostbevern.de\/wordpress\/wp-content\/uploads\/2016\/08\/10-600x450.jpg\" alt=\"10\" width=\"600\" height=\"450\" srcset=\"https:\/\/www.assisi-schule-ostbevern.de\/wordpress\/wp-content\/uploads\/2016\/08\/10-600x450.jpg 600w, https:\/\/www.assisi-schule-ostbevern.de\/wordpress\/wp-content\/uploads\/2016\/08\/10-768x576.jpg 768w, https:\/\/www.assisi-schule-ostbevern.de\/wordpress\/wp-content\/uploads\/2016\/08\/10-1024x768.jpg 1024w\" sizes=\"auto, (max-width: 600px) 100vw, 600px\" \/><\/a> <a href=\"http:\/\/www.assisi-schule-ostbevern.de\/?attachment_id=2132\" rel=\"attachment wp-att-2132\"><img loading=\"lazy\" decoding=\"async\" class=\"alignnone size-medium wp-image-2132\" src=\"http:\/\/www.assisi-schule-ostbevern.de\/wordpress\/wp-content\/uploads\/2016\/08\/11-600x450.jpg\" alt=\"11\" width=\"600\" height=\"450\" srcset=\"https:\/\/www.assisi-schule-ostbevern.de\/wordpress\/wp-content\/uploads\/2016\/08\/11-600x450.jpg 600w, https:\/\/www.assisi-schule-ostbevern.de\/wordpress\/wp-content\/uploads\/2016\/08\/11-768x576.jpg 768w, https:\/\/www.assisi-schule-ostbevern.de\/wordpress\/wp-content\/uploads\/2016\/08\/11-1024x768.jpg 1024w\" sizes=\"auto, (max-width: 600px) 100vw, 600px\" \/><\/a><\/p>\n<p>&nbsp;<\/p>\n","protected":false},"excerpt":{"rendered":"<p>Abschied &#8230; &#8230; nehmen mussten wir am letzten Schultag vor den Ferien von den Kindern des 4. Jahrganges, die nach 4 Jahren Grundschulzeit nun den Blick nach vorne richten und auf viele verschiedene weiterf\u00fchrenden Schulen gehen werden. Aber wir mussten auch Abschied nehmen von unserer langj\u00e4hrigen Kollegin und Lehrerin Gudrun B\u00f6ttcher, die in den wohlverdienten [&hellip;]<\/p>\n","protected":false},"author":2,"featured_media":0,"parent":21,"menu_order":0,"comment_status":"closed","ping_status":"closed","template":"","meta":{"footnotes":""},"class_list":["post-2116","page","type-page","status-publish","hentry"],"_links":{"self":[{"href":"https:\/\/www.assisi-schule-ostbevern.de\/index.php?rest_route=\/wp\/v2\/pages\/2116","targetHints":{"allow":["GET"]}}],"collection":[{"href":"https:\/\/www.assisi-schule-ostbevern.de\/index.php?rest_route=\/wp\/v2\/pages"}],"about":[{"href":"https:\/\/www.assisi-schule-ostbevern.de\/index.php?rest_route=\/wp\/v2\/types\/page"}],"author":[{"embeddable":true,"href":"https:\/\/www.assisi-schule-ostbevern.de\/index.php?rest_route=\/wp\/v2\/users\/2"}],"replies":[{"embeddable":true,"href":"https:\/\/www.assisi-schule-ostbevern.de\/index.php?rest_route=%2Fwp%2Fv2%2Fcomments&post=2116"}],"version-history":[{"count":71,"href":"https:\/\/www.assisi-schule-ostbevern.de\/index.php?rest_route=\/wp\/v2\/pages\/2116\/revisions"}],"predecessor-version":[{"id":3339,"href":"https:\/\/www.assisi-schule-ostbevern.de\/index.php?rest_route=\/wp\/v2\/pages\/2116\/revisions\/3339"}],"up":[{"embeddable":true,"href":"https:\/\/www.assisi-schule-ostbevern.de\/index.php?rest_route=\/wp\/v2\/pages\/21"}],"wp:attachment":[{"href":"https:\/\/www.assisi-schule-ostbevern.de\/index.php?rest_route=%2Fwp%2Fv2%2Fmedia&parent=2116"}],"curies":[{"name":"wp","href":"https:\/\/api.w.org\/{rel}","templated":true}]}}