{"id":3335,"date":"2018-08-31T10:34:35","date_gmt":"2018-08-31T10:34:35","guid":{"rendered":"https:\/\/www.assisi-schule-ostbevern.de\/?page_id=3335"},"modified":"2018-08-31T10:34:35","modified_gmt":"2018-08-31T10:34:35","slug":"schuljahr-2017-2018","status":"publish","type":"page","link":"https:\/\/www.assisi-schule-ostbevern.de\/?page_id=3335","title":{"rendered":"Schuljahr 2017\/2018"},"content":{"rendered":"<p><strong>Unser\u00a0F\u00f6rderverein\u00a0aktiv\u00a0bei\u00a0Ferienaktion\u00a0\u201eSommersandkasten\u201c<\/strong><\/p>\n<p>Wir\u00a0hoffen,\u00a0alle\u00a0konnten\u00a0und\u00a0k\u00f6nnen\u00a0die\u00a0Ferien\u00a0in\u00a0vollen\u00a0Z\u00fcgen genie\u00dfen. Bestimmt besucht die eine oder der andere den &#8222;Ostbeverner Sommersandkasten&#8220;. Das hei\u00dft, jeden Sommerferien-Donnerstag gibt es Spiel, Spa\u00df, Spannung sowie Musik und Genuss auf dem Kirchplatz. Dieser wird in ein sommerliches Abenteuerland f\u00fcr Gro\u00dfe wie Kleine verwandelt. Unser <strong>F\u00f6rderverein<\/strong> ist wieder mit Spielen und Leckereien dabei. Allen Kindern und Eltern<strong> herzlichen Dank<\/strong> f\u00fcr den Einsatz in den Ferien! Es werden zum Beispiel Waffeln, Getr\u00e4nke, S\u00fc\u00dfigkeiten und auch Kinderschminken und Dosenwerfen angeboten. Durch diese tolle Aktion wird zum wiederholten Male Geld eingenommen zum Wohle unserer Schulkinder.<\/p>\n<p><a href=\"https:\/\/www.assisi-schule-ostbevern.de\/?attachment_id=3301\" rel=\"attachment wp-att-3301\"><img loading=\"lazy\" decoding=\"async\" class=\"alignnone size-medium wp-image-3301\" src=\"https:\/\/www.assisi-schule-ostbevern.de\/wordpress\/wp-content\/uploads\/2018\/08\/1-600x450.jpg\" alt=\"\" width=\"600\" height=\"450\" srcset=\"https:\/\/www.assisi-schule-ostbevern.de\/wordpress\/wp-content\/uploads\/2018\/08\/1-600x450.jpg 600w, https:\/\/www.assisi-schule-ostbevern.de\/wordpress\/wp-content\/uploads\/2018\/08\/1-768x576.jpg 768w, https:\/\/www.assisi-schule-ostbevern.de\/wordpress\/wp-content\/uploads\/2018\/08\/1-1024x768.jpg 1024w, https:\/\/www.assisi-schule-ostbevern.de\/wordpress\/wp-content\/uploads\/2018\/08\/1.jpg 1632w\" sizes=\"auto, (max-width: 600px) 100vw, 600px\" \/><\/a> <a href=\"https:\/\/www.assisi-schule-ostbevern.de\/?attachment_id=3302\" rel=\"attachment wp-att-3302\"><img loading=\"lazy\" decoding=\"async\" class=\"alignnone size-medium wp-image-3302\" src=\"https:\/\/www.assisi-schule-ostbevern.de\/wordpress\/wp-content\/uploads\/2018\/08\/2-450x600.jpg\" alt=\"\" width=\"450\" height=\"600\" srcset=\"https:\/\/www.assisi-schule-ostbevern.de\/wordpress\/wp-content\/uploads\/2018\/08\/2-450x600.jpg 450w, https:\/\/www.assisi-schule-ostbevern.de\/wordpress\/wp-content\/uploads\/2018\/08\/2-768x1024.jpg 768w, https:\/\/www.assisi-schule-ostbevern.de\/wordpress\/wp-content\/uploads\/2018\/08\/2.jpg 1224w\" sizes=\"auto, (max-width: 450px) 100vw, 450px\" \/><\/a> <a href=\"https:\/\/www.assisi-schule-ostbevern.de\/?attachment_id=3303\" rel=\"attachment wp-att-3303\"><img loading=\"lazy\" decoding=\"async\" class=\"alignnone size-medium wp-image-3303\" src=\"https:\/\/www.assisi-schule-ostbevern.de\/wordpress\/wp-content\/uploads\/2018\/08\/3-600x450.jpg\" alt=\"\" width=\"600\" height=\"450\" srcset=\"https:\/\/www.assisi-schule-ostbevern.de\/wordpress\/wp-content\/uploads\/2018\/08\/3-600x450.jpg 600w, https:\/\/www.assisi-schule-ostbevern.de\/wordpress\/wp-content\/uploads\/2018\/08\/3-768x576.jpg 768w, https:\/\/www.assisi-schule-ostbevern.de\/wordpress\/wp-content\/uploads\/2018\/08\/3-1024x768.jpg 1024w, https:\/\/www.assisi-schule-ostbevern.de\/wordpress\/wp-content\/uploads\/2018\/08\/3.jpg 1632w\" sizes=\"auto, (max-width: 600px) 100vw, 600px\" \/><\/a> <a href=\"https:\/\/www.assisi-schule-ostbevern.de\/?attachment_id=3304\" rel=\"attachment wp-att-3304\"><img loading=\"lazy\" decoding=\"async\" class=\"alignnone size-medium wp-image-3304\" src=\"https:\/\/www.assisi-schule-ostbevern.de\/wordpress\/wp-content\/uploads\/2018\/08\/4-600x450.jpg\" alt=\"\" width=\"600\" height=\"450\" srcset=\"https:\/\/www.assisi-schule-ostbevern.de\/wordpress\/wp-content\/uploads\/2018\/08\/4-600x450.jpg 600w, https:\/\/www.assisi-schule-ostbevern.de\/wordpress\/wp-content\/uploads\/2018\/08\/4-768x576.jpg 768w, https:\/\/www.assisi-schule-ostbevern.de\/wordpress\/wp-content\/uploads\/2018\/08\/4-1024x768.jpg 1024w, https:\/\/www.assisi-schule-ostbevern.de\/wordpress\/wp-content\/uploads\/2018\/08\/4.jpg 1632w\" sizes=\"auto, (max-width: 600px) 100vw, 600px\" \/><\/a><\/p>\n<p><strong>Letzter Schultag<\/strong><\/p>\n<p>Nat\u00fcrlich traf sich die gesamte Schulgemeinde auch in diesem Jahr am letzten Schultag vor den gro\u00dfen Sommerferien im Forum, um sich gemeinsam auf die Ferien einzustimmen, aber auch um Abschied zu nehmen von den Viertkl\u00e4sslern. Viele Klassen hatten wieder ein buntes Programm vorbereitet und auch die Viertkl\u00e4ssler verabschiedeten sich mit lautstarken Darbietungen von unserer Schule. Wir w\u00fcnschen allen Familien eine erholsame Ferienzeit und unseren Viertkl\u00e4sslern einen tollen Start an ihren neuen Schulen.<\/p>\n<p><a href=\"https:\/\/www.assisi-schule-ostbevern.de\/?attachment_id=3278\" rel=\"attachment wp-att-3278\"><img loading=\"lazy\" decoding=\"async\" class=\"alignnone size-medium wp-image-3278\" src=\"https:\/\/www.assisi-schule-ostbevern.de\/wordpress\/wp-content\/uploads\/2018\/07\/1-600x450.jpg\" alt=\"\" width=\"600\" height=\"450\" srcset=\"https:\/\/www.assisi-schule-ostbevern.de\/wordpress\/wp-content\/uploads\/2018\/07\/1-600x450.jpg 600w, https:\/\/www.assisi-schule-ostbevern.de\/wordpress\/wp-content\/uploads\/2018\/07\/1-768x576.jpg 768w, https:\/\/www.assisi-schule-ostbevern.de\/wordpress\/wp-content\/uploads\/2018\/07\/1-1024x768.jpg 1024w\" sizes=\"auto, (max-width: 600px) 100vw, 600px\" \/><\/a> <a href=\"https:\/\/www.assisi-schule-ostbevern.de\/?attachment_id=3279\" rel=\"attachment wp-att-3279\"><img loading=\"lazy\" decoding=\"async\" class=\"alignnone size-medium wp-image-3279\" src=\"https:\/\/www.assisi-schule-ostbevern.de\/wordpress\/wp-content\/uploads\/2018\/07\/2-600x450.jpg\" alt=\"\" width=\"600\" height=\"450\" srcset=\"https:\/\/www.assisi-schule-ostbevern.de\/wordpress\/wp-content\/uploads\/2018\/07\/2-600x450.jpg 600w, https:\/\/www.assisi-schule-ostbevern.de\/wordpress\/wp-content\/uploads\/2018\/07\/2-768x576.jpg 768w, https:\/\/www.assisi-schule-ostbevern.de\/wordpress\/wp-content\/uploads\/2018\/07\/2-1024x768.jpg 1024w\" sizes=\"auto, (max-width: 600px) 100vw, 600px\" \/><\/a> <a href=\"https:\/\/www.assisi-schule-ostbevern.de\/?attachment_id=3280\" rel=\"attachment wp-att-3280\"><img loading=\"lazy\" decoding=\"async\" class=\"alignnone size-medium wp-image-3280\" src=\"https:\/\/www.assisi-schule-ostbevern.de\/wordpress\/wp-content\/uploads\/2018\/07\/3-600x450.jpg\" alt=\"\" width=\"600\" height=\"450\" srcset=\"https:\/\/www.assisi-schule-ostbevern.de\/wordpress\/wp-content\/uploads\/2018\/07\/3-600x450.jpg 600w, https:\/\/www.assisi-schule-ostbevern.de\/wordpress\/wp-content\/uploads\/2018\/07\/3-768x576.jpg 768w, https:\/\/www.assisi-schule-ostbevern.de\/wordpress\/wp-content\/uploads\/2018\/07\/3-1024x768.jpg 1024w\" sizes=\"auto, (max-width: 600px) 100vw, 600px\" \/><\/a> <a href=\"https:\/\/www.assisi-schule-ostbevern.de\/?attachment_id=3281\" rel=\"attachment wp-att-3281\"><img loading=\"lazy\" decoding=\"async\" class=\"alignnone size-medium wp-image-3281\" src=\"https:\/\/www.assisi-schule-ostbevern.de\/wordpress\/wp-content\/uploads\/2018\/07\/4-600x450.jpg\" alt=\"\" width=\"600\" height=\"450\" srcset=\"https:\/\/www.assisi-schule-ostbevern.de\/wordpress\/wp-content\/uploads\/2018\/07\/4-600x450.jpg 600w, https:\/\/www.assisi-schule-ostbevern.de\/wordpress\/wp-content\/uploads\/2018\/07\/4-768x576.jpg 768w, https:\/\/www.assisi-schule-ostbevern.de\/wordpress\/wp-content\/uploads\/2018\/07\/4-1024x768.jpg 1024w\" sizes=\"auto, (max-width: 600px) 100vw, 600px\" \/><\/a> <a href=\"https:\/\/www.assisi-schule-ostbevern.de\/?attachment_id=3282\" rel=\"attachment wp-att-3282\"><img loading=\"lazy\" decoding=\"async\" class=\"alignnone size-medium wp-image-3282\" src=\"https:\/\/www.assisi-schule-ostbevern.de\/wordpress\/wp-content\/uploads\/2018\/07\/5-600x450.jpg\" alt=\"\" width=\"600\" height=\"450\" srcset=\"https:\/\/www.assisi-schule-ostbevern.de\/wordpress\/wp-content\/uploads\/2018\/07\/5-600x450.jpg 600w, https:\/\/www.assisi-schule-ostbevern.de\/wordpress\/wp-content\/uploads\/2018\/07\/5-768x576.jpg 768w, https:\/\/www.assisi-schule-ostbevern.de\/wordpress\/wp-content\/uploads\/2018\/07\/5-1024x768.jpg 1024w\" sizes=\"auto, (max-width: 600px) 100vw, 600px\" \/><\/a> <a href=\"https:\/\/www.assisi-schule-ostbevern.de\/?attachment_id=3283\" rel=\"attachment wp-att-3283\"><img loading=\"lazy\" decoding=\"async\" class=\"alignnone size-medium wp-image-3283\" src=\"https:\/\/www.assisi-schule-ostbevern.de\/wordpress\/wp-content\/uploads\/2018\/07\/6-600x450.jpg\" alt=\"\" width=\"600\" height=\"450\" srcset=\"https:\/\/www.assisi-schule-ostbevern.de\/wordpress\/wp-content\/uploads\/2018\/07\/6-600x450.jpg 600w, https:\/\/www.assisi-schule-ostbevern.de\/wordpress\/wp-content\/uploads\/2018\/07\/6-768x576.jpg 768w, https:\/\/www.assisi-schule-ostbevern.de\/wordpress\/wp-content\/uploads\/2018\/07\/6-1024x768.jpg 1024w\" sizes=\"auto, (max-width: 600px) 100vw, 600px\" \/><\/a> <a href=\"https:\/\/www.assisi-schule-ostbevern.de\/?attachment_id=3284\" rel=\"attachment wp-att-3284\"><img loading=\"lazy\" decoding=\"async\" class=\"alignnone size-medium wp-image-3284\" src=\"https:\/\/www.assisi-schule-ostbevern.de\/wordpress\/wp-content\/uploads\/2018\/07\/7-600x450.jpg\" alt=\"\" width=\"600\" height=\"450\" srcset=\"https:\/\/www.assisi-schule-ostbevern.de\/wordpress\/wp-content\/uploads\/2018\/07\/7-600x450.jpg 600w, https:\/\/www.assisi-schule-ostbevern.de\/wordpress\/wp-content\/uploads\/2018\/07\/7-768x576.jpg 768w, https:\/\/www.assisi-schule-ostbevern.de\/wordpress\/wp-content\/uploads\/2018\/07\/7-1024x768.jpg 1024w\" sizes=\"auto, (max-width: 600px) 100vw, 600px\" \/><\/a> <a href=\"https:\/\/www.assisi-schule-ostbevern.de\/?attachment_id=3285\" rel=\"attachment wp-att-3285\"><img loading=\"lazy\" decoding=\"async\" class=\"alignnone size-medium wp-image-3285\" src=\"https:\/\/www.assisi-schule-ostbevern.de\/wordpress\/wp-content\/uploads\/2018\/07\/8-600x450.jpg\" alt=\"\" width=\"600\" height=\"450\" srcset=\"https:\/\/www.assisi-schule-ostbevern.de\/wordpress\/wp-content\/uploads\/2018\/07\/8-600x450.jpg 600w, https:\/\/www.assisi-schule-ostbevern.de\/wordpress\/wp-content\/uploads\/2018\/07\/8-768x576.jpg 768w, https:\/\/www.assisi-schule-ostbevern.de\/wordpress\/wp-content\/uploads\/2018\/07\/8-1024x768.jpg 1024w\" sizes=\"auto, (max-width: 600px) 100vw, 600px\" \/><\/a> <a href=\"https:\/\/www.assisi-schule-ostbevern.de\/?attachment_id=3286\" rel=\"attachment wp-att-3286\"><img loading=\"lazy\" decoding=\"async\" class=\"alignnone size-medium wp-image-3286\" src=\"https:\/\/www.assisi-schule-ostbevern.de\/wordpress\/wp-content\/uploads\/2018\/07\/9-600x450.jpg\" alt=\"\" width=\"600\" height=\"450\" srcset=\"https:\/\/www.assisi-schule-ostbevern.de\/wordpress\/wp-content\/uploads\/2018\/07\/9-600x450.jpg 600w, https:\/\/www.assisi-schule-ostbevern.de\/wordpress\/wp-content\/uploads\/2018\/07\/9-768x576.jpg 768w, https:\/\/www.assisi-schule-ostbevern.de\/wordpress\/wp-content\/uploads\/2018\/07\/9-1024x768.jpg 1024w\" sizes=\"auto, (max-width: 600px) 100vw, 600px\" \/><\/a> <a href=\"https:\/\/www.assisi-schule-ostbevern.de\/?attachment_id=3287\" rel=\"attachment wp-att-3287\"><img loading=\"lazy\" decoding=\"async\" class=\"alignnone size-medium wp-image-3287\" src=\"https:\/\/www.assisi-schule-ostbevern.de\/wordpress\/wp-content\/uploads\/2018\/07\/10-600x450.jpg\" alt=\"\" width=\"600\" height=\"450\" srcset=\"https:\/\/www.assisi-schule-ostbevern.de\/wordpress\/wp-content\/uploads\/2018\/07\/10-600x450.jpg 600w, https:\/\/www.assisi-schule-ostbevern.de\/wordpress\/wp-content\/uploads\/2018\/07\/10-768x576.jpg 768w, https:\/\/www.assisi-schule-ostbevern.de\/wordpress\/wp-content\/uploads\/2018\/07\/10-1024x768.jpg 1024w\" sizes=\"auto, (max-width: 600px) 100vw, 600px\" \/><\/a> <a href=\"https:\/\/www.assisi-schule-ostbevern.de\/?attachment_id=3288\" rel=\"attachment wp-att-3288\"><img loading=\"lazy\" decoding=\"async\" class=\"alignnone size-medium wp-image-3288\" src=\"https:\/\/www.assisi-schule-ostbevern.de\/wordpress\/wp-content\/uploads\/2018\/07\/11-600x450.jpg\" alt=\"\" width=\"600\" height=\"450\" srcset=\"https:\/\/www.assisi-schule-ostbevern.de\/wordpress\/wp-content\/uploads\/2018\/07\/11-600x450.jpg 600w, https:\/\/www.assisi-schule-ostbevern.de\/wordpress\/wp-content\/uploads\/2018\/07\/11-768x576.jpg 768w, https:\/\/www.assisi-schule-ostbevern.de\/wordpress\/wp-content\/uploads\/2018\/07\/11-1024x768.jpg 1024w\" sizes=\"auto, (max-width: 600px) 100vw, 600px\" \/><\/a> <a href=\"https:\/\/www.assisi-schule-ostbevern.de\/?attachment_id=3289\" rel=\"attachment wp-att-3289\"><img loading=\"lazy\" decoding=\"async\" class=\"alignnone size-medium wp-image-3289\" src=\"https:\/\/www.assisi-schule-ostbevern.de\/wordpress\/wp-content\/uploads\/2018\/07\/12-600x450.jpg\" alt=\"\" width=\"600\" height=\"450\" srcset=\"https:\/\/www.assisi-schule-ostbevern.de\/wordpress\/wp-content\/uploads\/2018\/07\/12-600x450.jpg 600w, https:\/\/www.assisi-schule-ostbevern.de\/wordpress\/wp-content\/uploads\/2018\/07\/12-768x576.jpg 768w, https:\/\/www.assisi-schule-ostbevern.de\/wordpress\/wp-content\/uploads\/2018\/07\/12-1024x768.jpg 1024w\" sizes=\"auto, (max-width: 600px) 100vw, 600px\" \/><\/a> <a href=\"https:\/\/www.assisi-schule-ostbevern.de\/?attachment_id=3290\" rel=\"attachment wp-att-3290\"><img loading=\"lazy\" decoding=\"async\" class=\"alignnone size-medium wp-image-3290\" src=\"https:\/\/www.assisi-schule-ostbevern.de\/wordpress\/wp-content\/uploads\/2018\/07\/13-600x450.jpg\" alt=\"\" width=\"600\" height=\"450\" srcset=\"https:\/\/www.assisi-schule-ostbevern.de\/wordpress\/wp-content\/uploads\/2018\/07\/13-600x450.jpg 600w, https:\/\/www.assisi-schule-ostbevern.de\/wordpress\/wp-content\/uploads\/2018\/07\/13-768x576.jpg 768w, https:\/\/www.assisi-schule-ostbevern.de\/wordpress\/wp-content\/uploads\/2018\/07\/13-1024x768.jpg 1024w\" sizes=\"auto, (max-width: 600px) 100vw, 600px\" \/><\/a> <a href=\"https:\/\/www.assisi-schule-ostbevern.de\/?attachment_id=3291\" rel=\"attachment wp-att-3291\"><img loading=\"lazy\" decoding=\"async\" class=\"alignnone size-medium wp-image-3291\" src=\"https:\/\/www.assisi-schule-ostbevern.de\/wordpress\/wp-content\/uploads\/2018\/07\/14-600x450.jpg\" alt=\"\" width=\"600\" height=\"450\" srcset=\"https:\/\/www.assisi-schule-ostbevern.de\/wordpress\/wp-content\/uploads\/2018\/07\/14-600x450.jpg 600w, https:\/\/www.assisi-schule-ostbevern.de\/wordpress\/wp-content\/uploads\/2018\/07\/14-768x576.jpg 768w, https:\/\/www.assisi-schule-ostbevern.de\/wordpress\/wp-content\/uploads\/2018\/07\/14-1024x768.jpg 1024w\" sizes=\"auto, (max-width: 600px) 100vw, 600px\" \/><\/a> <a href=\"https:\/\/www.assisi-schule-ostbevern.de\/?attachment_id=3292\" rel=\"attachment wp-att-3292\"><img loading=\"lazy\" decoding=\"async\" class=\"alignnone size-medium wp-image-3292\" src=\"https:\/\/www.assisi-schule-ostbevern.de\/wordpress\/wp-content\/uploads\/2018\/07\/15-450x600.jpg\" alt=\"\" width=\"450\" height=\"600\" srcset=\"https:\/\/www.assisi-schule-ostbevern.de\/wordpress\/wp-content\/uploads\/2018\/07\/15-450x600.jpg 450w, https:\/\/www.assisi-schule-ostbevern.de\/wordpress\/wp-content\/uploads\/2018\/07\/15-768x1024.jpg 768w\" sizes=\"auto, (max-width: 450px) 100vw, 450px\" \/><\/a><\/p>\n<p><strong>Selbstbehauptungskurs f\u00fcr Jungen<\/strong><\/p>\n<p>Nachdem in diesem Schuljahr f\u00fcr die M\u00e4dchen des 3. und 4. Jahrgangs ein Selbstbehauptungskurs angeboten wurde, war es nun auch f\u00fcr die Jungen endlich soweit. Nach l\u00e4ngerer Suche konnten wir daf\u00fcr nun Oliver Bokelmann gewinnen. Der Leiter der gemeinnn\u00fctzigen Gesellschaft f\u00fcr Jugendhilfe &#8222;Mindful&#8220; in Warendorf hat mit einigen Jungen des 3. und 4. Jahrgangs nachmittags intensiv gearbeitet. Dabei ging es unter anderem darum, mit den eigenen St\u00e4rken und Schw\u00e4chen umzugehen, aber auch pers\u00f6nliche Grenzen zu \u00fcberwinden und in der Gemeinschaft R\u00fccksicht zu nehmen und sich als Teil eines Teams zu f\u00fchlen. Ein tolles Projekt, das Jungen wie M\u00e4dchen dabei helfen soll, das eigene Selbstvertrauen zu st\u00e4rken und sich in schwierigen Situationen zu behaupten, ganz ohne Gewalt und mit Verantwortungsbewusstsein f\u00fcr sich und andere.<\/p>\n<p><a href=\"https:\/\/www.assisi-schule-ostbevern.de\/?attachment_id=3270\" rel=\"attachment wp-att-3270\"><img loading=\"lazy\" decoding=\"async\" class=\"alignnone size-medium wp-image-3270\" src=\"https:\/\/www.assisi-schule-ostbevern.de\/wordpress\/wp-content\/uploads\/2018\/07\/IMG_4929-450x600.jpg\" alt=\"\" width=\"450\" height=\"600\" srcset=\"https:\/\/www.assisi-schule-ostbevern.de\/wordpress\/wp-content\/uploads\/2018\/07\/IMG_4929-450x600.jpg 450w, https:\/\/www.assisi-schule-ostbevern.de\/wordpress\/wp-content\/uploads\/2018\/07\/IMG_4929.jpg 480w\" sizes=\"auto, (max-width: 450px) 100vw, 450px\" \/><\/a> <a href=\"https:\/\/www.assisi-schule-ostbevern.de\/?attachment_id=3271\" rel=\"attachment wp-att-3271\"><img loading=\"lazy\" decoding=\"async\" class=\"alignnone size-medium wp-image-3271\" src=\"https:\/\/www.assisi-schule-ostbevern.de\/wordpress\/wp-content\/uploads\/2018\/07\/IMG_4931-450x600.jpg\" alt=\"\" width=\"450\" height=\"600\" srcset=\"https:\/\/www.assisi-schule-ostbevern.de\/wordpress\/wp-content\/uploads\/2018\/07\/IMG_4931-450x600.jpg 450w, https:\/\/www.assisi-schule-ostbevern.de\/wordpress\/wp-content\/uploads\/2018\/07\/IMG_4931.jpg 480w\" sizes=\"auto, (max-width: 450px) 100vw, 450px\" \/><\/a> <a href=\"https:\/\/www.assisi-schule-ostbevern.de\/?attachment_id=3272\" rel=\"attachment wp-att-3272\"><img loading=\"lazy\" decoding=\"async\" class=\"alignnone size-medium wp-image-3272\" src=\"https:\/\/www.assisi-schule-ostbevern.de\/wordpress\/wp-content\/uploads\/2018\/07\/IMG_4935-450x600.jpg\" alt=\"\" width=\"450\" height=\"600\" srcset=\"https:\/\/www.assisi-schule-ostbevern.de\/wordpress\/wp-content\/uploads\/2018\/07\/IMG_4935-450x600.jpg 450w, https:\/\/www.assisi-schule-ostbevern.de\/wordpress\/wp-content\/uploads\/2018\/07\/IMG_4935.jpg 480w\" sizes=\"auto, (max-width: 450px) 100vw, 450px\" \/><\/a> <a href=\"https:\/\/www.assisi-schule-ostbevern.de\/?attachment_id=3273\" rel=\"attachment wp-att-3273\"><img loading=\"lazy\" decoding=\"async\" class=\"alignnone size-medium wp-image-3273\" src=\"https:\/\/www.assisi-schule-ostbevern.de\/wordpress\/wp-content\/uploads\/2018\/07\/IMG_4937-450x600.jpg\" alt=\"\" width=\"450\" height=\"600\" srcset=\"https:\/\/www.assisi-schule-ostbevern.de\/wordpress\/wp-content\/uploads\/2018\/07\/IMG_4937-450x600.jpg 450w, https:\/\/www.assisi-schule-ostbevern.de\/wordpress\/wp-content\/uploads\/2018\/07\/IMG_4937.jpg 480w\" sizes=\"auto, (max-width: 450px) 100vw, 450px\" \/><\/a> <a href=\"https:\/\/www.assisi-schule-ostbevern.de\/?attachment_id=3274\" rel=\"attachment wp-att-3274\"><img loading=\"lazy\" decoding=\"async\" class=\"alignnone size-medium wp-image-3274\" src=\"https:\/\/www.assisi-schule-ostbevern.de\/wordpress\/wp-content\/uploads\/2018\/07\/IMG_4939-1-600x450.jpg\" alt=\"\" width=\"600\" height=\"450\" srcset=\"https:\/\/www.assisi-schule-ostbevern.de\/wordpress\/wp-content\/uploads\/2018\/07\/IMG_4939-1-600x450.jpg 600w, https:\/\/www.assisi-schule-ostbevern.de\/wordpress\/wp-content\/uploads\/2018\/07\/IMG_4939-1.jpg 640w\" sizes=\"auto, (max-width: 600px) 100vw, 600px\" \/><\/a><\/p>\n<p><strong>Sport- und Spielefest <\/strong><\/p>\n<p>Auch in diesem Jahr stand unser Sport- und Spielfest wieder fest in unserem Terminkalender. Das Wetter war zwar nicht so berauschend, aber das tat der Stimmung keinen Abbruch. Wir starteten mit einem gemeinsamen Aufw\u00e4rmprogramm auf dem Schulhof und gingen dann zusammen in das Beverstadion, wo die Kinder ihr Bestes gaben beim Weitsprung, Sprint, Ausdauerlauf und Werfen. Zum ersten Mal halfen uns Sch\u00fclerinnen und Sch\u00fcler einer zehnten Klasse der Josef-Annegarn-Schule an den einzelnen Stationen. Sie harkten, sammelten B\u00e4lle ein, und stoppten die Zeiten. Das war f\u00fcr uns eine gro\u00dfe Hilfe. Zum Schluss gingen wir alle zusammen wieder auf den Schulhof, um dort noch viele Spielstationen auszuprobieren. Der F\u00f6rderverein gab auch noch f\u00fcr alle Kinder und Helfer\/innen ein Eis aus. Die Stimmung war super und wir danken allen, die bei der Vorbereitung und Durchf\u00fchrung des Tages geholfen haben.<\/p>\n<p><a href=\"https:\/\/www.assisi-schule-ostbevern.de\/?attachment_id=3250\" rel=\"attachment wp-att-3250\"><img loading=\"lazy\" decoding=\"async\" class=\"alignnone size-medium wp-image-3250\" src=\"https:\/\/www.assisi-schule-ostbevern.de\/wordpress\/wp-content\/uploads\/2018\/06\/1-3-600x450.jpg\" alt=\"\" width=\"600\" height=\"450\" srcset=\"https:\/\/www.assisi-schule-ostbevern.de\/wordpress\/wp-content\/uploads\/2018\/06\/1-3-600x450.jpg 600w, https:\/\/www.assisi-schule-ostbevern.de\/wordpress\/wp-content\/uploads\/2018\/06\/1-3-768x576.jpg 768w, https:\/\/www.assisi-schule-ostbevern.de\/wordpress\/wp-content\/uploads\/2018\/06\/1-3-1024x768.jpg 1024w\" sizes=\"auto, (max-width: 600px) 100vw, 600px\" \/><\/a> <a href=\"https:\/\/www.assisi-schule-ostbevern.de\/?attachment_id=3251\" rel=\"attachment wp-att-3251\"><img loading=\"lazy\" decoding=\"async\" class=\"alignnone size-medium wp-image-3251\" src=\"https:\/\/www.assisi-schule-ostbevern.de\/wordpress\/wp-content\/uploads\/2018\/06\/2-3-600x450.jpg\" alt=\"\" width=\"600\" height=\"450\" srcset=\"https:\/\/www.assisi-schule-ostbevern.de\/wordpress\/wp-content\/uploads\/2018\/06\/2-3-600x450.jpg 600w, https:\/\/www.assisi-schule-ostbevern.de\/wordpress\/wp-content\/uploads\/2018\/06\/2-3-768x576.jpg 768w, https:\/\/www.assisi-schule-ostbevern.de\/wordpress\/wp-content\/uploads\/2018\/06\/2-3-1024x768.jpg 1024w\" sizes=\"auto, (max-width: 600px) 100vw, 600px\" \/><\/a> <a href=\"https:\/\/www.assisi-schule-ostbevern.de\/?attachment_id=3252\" rel=\"attachment wp-att-3252\"><img loading=\"lazy\" decoding=\"async\" class=\"alignnone size-medium wp-image-3252\" src=\"https:\/\/www.assisi-schule-ostbevern.de\/wordpress\/wp-content\/uploads\/2018\/06\/3-3-600x450.jpg\" alt=\"\" width=\"600\" height=\"450\" srcset=\"https:\/\/www.assisi-schule-ostbevern.de\/wordpress\/wp-content\/uploads\/2018\/06\/3-3-600x450.jpg 600w, https:\/\/www.assisi-schule-ostbevern.de\/wordpress\/wp-content\/uploads\/2018\/06\/3-3-768x576.jpg 768w, https:\/\/www.assisi-schule-ostbevern.de\/wordpress\/wp-content\/uploads\/2018\/06\/3-3-1024x768.jpg 1024w\" sizes=\"auto, (max-width: 600px) 100vw, 600px\" \/><\/a> <a href=\"https:\/\/www.assisi-schule-ostbevern.de\/?attachment_id=3253\" rel=\"attachment wp-att-3253\"><img loading=\"lazy\" decoding=\"async\" class=\"alignnone size-medium wp-image-3253\" src=\"https:\/\/www.assisi-schule-ostbevern.de\/wordpress\/wp-content\/uploads\/2018\/06\/4-3-600x450.jpg\" alt=\"\" width=\"600\" height=\"450\" srcset=\"https:\/\/www.assisi-schule-ostbevern.de\/wordpress\/wp-content\/uploads\/2018\/06\/4-3-600x450.jpg 600w, https:\/\/www.assisi-schule-ostbevern.de\/wordpress\/wp-content\/uploads\/2018\/06\/4-3-768x576.jpg 768w, https:\/\/www.assisi-schule-ostbevern.de\/wordpress\/wp-content\/uploads\/2018\/06\/4-3-1024x768.jpg 1024w\" sizes=\"auto, (max-width: 600px) 100vw, 600px\" \/><\/a> <a href=\"https:\/\/www.assisi-schule-ostbevern.de\/?attachment_id=3254\" rel=\"attachment wp-att-3254\"><img loading=\"lazy\" decoding=\"async\" class=\"alignnone size-medium wp-image-3254\" src=\"https:\/\/www.assisi-schule-ostbevern.de\/wordpress\/wp-content\/uploads\/2018\/06\/5-2-600x450.jpg\" alt=\"\" width=\"600\" height=\"450\" srcset=\"https:\/\/www.assisi-schule-ostbevern.de\/wordpress\/wp-content\/uploads\/2018\/06\/5-2-600x450.jpg 600w, https:\/\/www.assisi-schule-ostbevern.de\/wordpress\/wp-content\/uploads\/2018\/06\/5-2-768x576.jpg 768w, https:\/\/www.assisi-schule-ostbevern.de\/wordpress\/wp-content\/uploads\/2018\/06\/5-2-1024x768.jpg 1024w\" sizes=\"auto, (max-width: 600px) 100vw, 600px\" \/><\/a> <a href=\"https:\/\/www.assisi-schule-ostbevern.de\/?attachment_id=3255\" rel=\"attachment wp-att-3255\"><img loading=\"lazy\" decoding=\"async\" class=\"alignnone size-medium wp-image-3255\" src=\"https:\/\/www.assisi-schule-ostbevern.de\/wordpress\/wp-content\/uploads\/2018\/06\/6-2-600x450.jpg\" alt=\"\" width=\"600\" height=\"450\" srcset=\"https:\/\/www.assisi-schule-ostbevern.de\/wordpress\/wp-content\/uploads\/2018\/06\/6-2-600x450.jpg 600w, https:\/\/www.assisi-schule-ostbevern.de\/wordpress\/wp-content\/uploads\/2018\/06\/6-2-768x576.jpg 768w, https:\/\/www.assisi-schule-ostbevern.de\/wordpress\/wp-content\/uploads\/2018\/06\/6-2-1024x768.jpg 1024w\" sizes=\"auto, (max-width: 600px) 100vw, 600px\" \/><\/a> <a href=\"https:\/\/www.assisi-schule-ostbevern.de\/?attachment_id=3256\" rel=\"attachment wp-att-3256\"><img loading=\"lazy\" decoding=\"async\" class=\"alignnone size-medium wp-image-3256\" src=\"https:\/\/www.assisi-schule-ostbevern.de\/wordpress\/wp-content\/uploads\/2018\/06\/7-2-600x450.jpg\" alt=\"\" width=\"600\" height=\"450\" srcset=\"https:\/\/www.assisi-schule-ostbevern.de\/wordpress\/wp-content\/uploads\/2018\/06\/7-2-600x450.jpg 600w, https:\/\/www.assisi-schule-ostbevern.de\/wordpress\/wp-content\/uploads\/2018\/06\/7-2-768x576.jpg 768w, https:\/\/www.assisi-schule-ostbevern.de\/wordpress\/wp-content\/uploads\/2018\/06\/7-2-1024x768.jpg 1024w\" sizes=\"auto, (max-width: 600px) 100vw, 600px\" \/><\/a> <a href=\"https:\/\/www.assisi-schule-ostbevern.de\/?attachment_id=3257\" rel=\"attachment wp-att-3257\"><img loading=\"lazy\" decoding=\"async\" class=\"alignnone size-medium wp-image-3257\" src=\"https:\/\/www.assisi-schule-ostbevern.de\/wordpress\/wp-content\/uploads\/2018\/06\/8-2-600x450.jpg\" alt=\"\" width=\"600\" height=\"450\" srcset=\"https:\/\/www.assisi-schule-ostbevern.de\/wordpress\/wp-content\/uploads\/2018\/06\/8-2-600x450.jpg 600w, https:\/\/www.assisi-schule-ostbevern.de\/wordpress\/wp-content\/uploads\/2018\/06\/8-2-768x576.jpg 768w, https:\/\/www.assisi-schule-ostbevern.de\/wordpress\/wp-content\/uploads\/2018\/06\/8-2-1024x768.jpg 1024w\" sizes=\"auto, (max-width: 600px) 100vw, 600px\" \/><\/a> <a href=\"https:\/\/www.assisi-schule-ostbevern.de\/?attachment_id=3258\" rel=\"attachment wp-att-3258\"><img loading=\"lazy\" decoding=\"async\" class=\"alignnone size-medium wp-image-3258\" src=\"https:\/\/www.assisi-schule-ostbevern.de\/wordpress\/wp-content\/uploads\/2018\/06\/9-2-600x450.jpg\" alt=\"\" width=\"600\" height=\"450\" srcset=\"https:\/\/www.assisi-schule-ostbevern.de\/wordpress\/wp-content\/uploads\/2018\/06\/9-2-600x450.jpg 600w, https:\/\/www.assisi-schule-ostbevern.de\/wordpress\/wp-content\/uploads\/2018\/06\/9-2-768x576.jpg 768w, https:\/\/www.assisi-schule-ostbevern.de\/wordpress\/wp-content\/uploads\/2018\/06\/9-2-1024x768.jpg 1024w\" sizes=\"auto, (max-width: 600px) 100vw, 600px\" \/><\/a> <a href=\"https:\/\/www.assisi-schule-ostbevern.de\/?attachment_id=3259\" rel=\"attachment wp-att-3259\"><img loading=\"lazy\" decoding=\"async\" class=\"alignnone size-medium wp-image-3259\" src=\"https:\/\/www.assisi-schule-ostbevern.de\/wordpress\/wp-content\/uploads\/2018\/06\/10-1-600x450.jpg\" alt=\"\" width=\"600\" height=\"450\" srcset=\"https:\/\/www.assisi-schule-ostbevern.de\/wordpress\/wp-content\/uploads\/2018\/06\/10-1-600x450.jpg 600w, https:\/\/www.assisi-schule-ostbevern.de\/wordpress\/wp-content\/uploads\/2018\/06\/10-1-768x576.jpg 768w, https:\/\/www.assisi-schule-ostbevern.de\/wordpress\/wp-content\/uploads\/2018\/06\/10-1-1024x768.jpg 1024w\" sizes=\"auto, (max-width: 600px) 100vw, 600px\" \/><\/a> <a href=\"https:\/\/www.assisi-schule-ostbevern.de\/?attachment_id=3260\" rel=\"attachment wp-att-3260\"><img loading=\"lazy\" decoding=\"async\" class=\"alignnone size-medium wp-image-3260\" src=\"https:\/\/www.assisi-schule-ostbevern.de\/wordpress\/wp-content\/uploads\/2018\/06\/11-600x450.jpg\" alt=\"\" width=\"600\" height=\"450\" srcset=\"https:\/\/www.assisi-schule-ostbevern.de\/wordpress\/wp-content\/uploads\/2018\/06\/11-600x450.jpg 600w, https:\/\/www.assisi-schule-ostbevern.de\/wordpress\/wp-content\/uploads\/2018\/06\/11-768x576.jpg 768w, https:\/\/www.assisi-schule-ostbevern.de\/wordpress\/wp-content\/uploads\/2018\/06\/11-1024x768.jpg 1024w\" sizes=\"auto, (max-width: 600px) 100vw, 600px\" \/><\/a><\/p>\n<p><strong>Vorlesen<\/strong><\/p>\n<p>Es war mal wieder soweit: Unsere Schule hat sich mal wieder in ein gro\u00dfes Vorlese-Kino verwandelt. Die Lehrerinnen und Lehrer, unsere Lehramtsanw\u00e4rterin Lea Kerperin und auch Ingrid D\u00fcnnewald hatten wieder tolle B\u00fccher ausgesucht, die die Kinder sich in entspannter Atmosph\u00e4re vorlesen lassen konnten. Hoffentlich konnten wir mit dieser Aktion wieder dazu beitragen, dass die Kinder das Lesen und Vorlesen als Genuss wahrnehmen und auch zu Hause viel lesen und sich vorlesen lassen. Es gibt doch nichts Sch\u00f6neres, als das genie\u00dfende Lesen. \ud83d\ude42<\/p>\n<p><a href=\"https:\/\/www.assisi-schule-ostbevern.de\/?attachment_id=3238\" rel=\"attachment wp-att-3238\"><img loading=\"lazy\" decoding=\"async\" class=\"alignnone size-medium wp-image-3238\" src=\"https:\/\/www.assisi-schule-ostbevern.de\/wordpress\/wp-content\/uploads\/2018\/06\/1-2-600x450.jpg\" alt=\"\" width=\"600\" height=\"450\" srcset=\"https:\/\/www.assisi-schule-ostbevern.de\/wordpress\/wp-content\/uploads\/2018\/06\/1-2-600x450.jpg 600w, https:\/\/www.assisi-schule-ostbevern.de\/wordpress\/wp-content\/uploads\/2018\/06\/1-2-768x576.jpg 768w, https:\/\/www.assisi-schule-ostbevern.de\/wordpress\/wp-content\/uploads\/2018\/06\/1-2-1024x768.jpg 1024w\" sizes=\"auto, (max-width: 600px) 100vw, 600px\" \/><\/a> <a href=\"https:\/\/www.assisi-schule-ostbevern.de\/?attachment_id=3239\" rel=\"attachment wp-att-3239\"><img loading=\"lazy\" decoding=\"async\" class=\"alignnone size-medium wp-image-3239\" src=\"https:\/\/www.assisi-schule-ostbevern.de\/wordpress\/wp-content\/uploads\/2018\/06\/2-2-600x450.jpg\" alt=\"\" width=\"600\" height=\"450\" srcset=\"https:\/\/www.assisi-schule-ostbevern.de\/wordpress\/wp-content\/uploads\/2018\/06\/2-2-600x450.jpg 600w, https:\/\/www.assisi-schule-ostbevern.de\/wordpress\/wp-content\/uploads\/2018\/06\/2-2-768x576.jpg 768w, https:\/\/www.assisi-schule-ostbevern.de\/wordpress\/wp-content\/uploads\/2018\/06\/2-2-1024x768.jpg 1024w\" sizes=\"auto, (max-width: 600px) 100vw, 600px\" \/><\/a> <a href=\"https:\/\/www.assisi-schule-ostbevern.de\/?attachment_id=3240\" rel=\"attachment wp-att-3240\"><img loading=\"lazy\" decoding=\"async\" class=\"alignnone size-medium wp-image-3240\" src=\"https:\/\/www.assisi-schule-ostbevern.de\/wordpress\/wp-content\/uploads\/2018\/06\/3-2-600x450.jpg\" alt=\"\" width=\"600\" height=\"450\" srcset=\"https:\/\/www.assisi-schule-ostbevern.de\/wordpress\/wp-content\/uploads\/2018\/06\/3-2-600x450.jpg 600w, https:\/\/www.assisi-schule-ostbevern.de\/wordpress\/wp-content\/uploads\/2018\/06\/3-2-768x576.jpg 768w, https:\/\/www.assisi-schule-ostbevern.de\/wordpress\/wp-content\/uploads\/2018\/06\/3-2-1024x768.jpg 1024w\" sizes=\"auto, (max-width: 600px) 100vw, 600px\" \/><\/a> <a href=\"https:\/\/www.assisi-schule-ostbevern.de\/?attachment_id=3241\" rel=\"attachment wp-att-3241\"><img loading=\"lazy\" decoding=\"async\" class=\"alignnone size-medium wp-image-3241\" src=\"https:\/\/www.assisi-schule-ostbevern.de\/wordpress\/wp-content\/uploads\/2018\/06\/4-2-600x450.jpg\" alt=\"\" width=\"600\" height=\"450\" srcset=\"https:\/\/www.assisi-schule-ostbevern.de\/wordpress\/wp-content\/uploads\/2018\/06\/4-2-600x450.jpg 600w, https:\/\/www.assisi-schule-ostbevern.de\/wordpress\/wp-content\/uploads\/2018\/06\/4-2-768x576.jpg 768w, https:\/\/www.assisi-schule-ostbevern.de\/wordpress\/wp-content\/uploads\/2018\/06\/4-2-1024x768.jpg 1024w\" sizes=\"auto, (max-width: 600px) 100vw, 600px\" \/><\/a> <a href=\"https:\/\/www.assisi-schule-ostbevern.de\/?attachment_id=3242\" rel=\"attachment wp-att-3242\"><img loading=\"lazy\" decoding=\"async\" class=\"alignnone size-medium wp-image-3242\" src=\"https:\/\/www.assisi-schule-ostbevern.de\/wordpress\/wp-content\/uploads\/2018\/06\/5-1-600x450.jpg\" alt=\"\" width=\"600\" height=\"450\" srcset=\"https:\/\/www.assisi-schule-ostbevern.de\/wordpress\/wp-content\/uploads\/2018\/06\/5-1-600x450.jpg 600w, https:\/\/www.assisi-schule-ostbevern.de\/wordpress\/wp-content\/uploads\/2018\/06\/5-1-768x576.jpg 768w, https:\/\/www.assisi-schule-ostbevern.de\/wordpress\/wp-content\/uploads\/2018\/06\/5-1-1024x768.jpg 1024w\" sizes=\"auto, (max-width: 600px) 100vw, 600px\" \/><\/a> <a href=\"https:\/\/www.assisi-schule-ostbevern.de\/?attachment_id=3243\" rel=\"attachment wp-att-3243\"><img loading=\"lazy\" decoding=\"async\" class=\"alignnone size-medium wp-image-3243\" src=\"https:\/\/www.assisi-schule-ostbevern.de\/wordpress\/wp-content\/uploads\/2018\/06\/6-1-600x450.jpg\" alt=\"\" width=\"600\" height=\"450\" srcset=\"https:\/\/www.assisi-schule-ostbevern.de\/wordpress\/wp-content\/uploads\/2018\/06\/6-1-600x450.jpg 600w, https:\/\/www.assisi-schule-ostbevern.de\/wordpress\/wp-content\/uploads\/2018\/06\/6-1-768x576.jpg 768w, https:\/\/www.assisi-schule-ostbevern.de\/wordpress\/wp-content\/uploads\/2018\/06\/6-1-1024x768.jpg 1024w\" sizes=\"auto, (max-width: 600px) 100vw, 600px\" \/><\/a> <a href=\"https:\/\/www.assisi-schule-ostbevern.de\/?attachment_id=3244\" rel=\"attachment wp-att-3244\"><img loading=\"lazy\" decoding=\"async\" class=\"alignnone size-medium wp-image-3244\" src=\"https:\/\/www.assisi-schule-ostbevern.de\/wordpress\/wp-content\/uploads\/2018\/06\/7-1-600x450.jpg\" alt=\"\" width=\"600\" height=\"450\" srcset=\"https:\/\/www.assisi-schule-ostbevern.de\/wordpress\/wp-content\/uploads\/2018\/06\/7-1-600x450.jpg 600w, https:\/\/www.assisi-schule-ostbevern.de\/wordpress\/wp-content\/uploads\/2018\/06\/7-1-768x576.jpg 768w, https:\/\/www.assisi-schule-ostbevern.de\/wordpress\/wp-content\/uploads\/2018\/06\/7-1-1024x768.jpg 1024w\" sizes=\"auto, (max-width: 600px) 100vw, 600px\" \/><\/a> <a href=\"https:\/\/www.assisi-schule-ostbevern.de\/?attachment_id=3245\" rel=\"attachment wp-att-3245\"><img loading=\"lazy\" decoding=\"async\" class=\"alignnone size-medium wp-image-3245\" src=\"https:\/\/www.assisi-schule-ostbevern.de\/wordpress\/wp-content\/uploads\/2018\/06\/8-1-600x450.jpg\" alt=\"\" width=\"600\" height=\"450\" srcset=\"https:\/\/www.assisi-schule-ostbevern.de\/wordpress\/wp-content\/uploads\/2018\/06\/8-1-600x450.jpg 600w, https:\/\/www.assisi-schule-ostbevern.de\/wordpress\/wp-content\/uploads\/2018\/06\/8-1-768x576.jpg 768w, https:\/\/www.assisi-schule-ostbevern.de\/wordpress\/wp-content\/uploads\/2018\/06\/8-1-1024x768.jpg 1024w\" sizes=\"auto, (max-width: 600px) 100vw, 600px\" \/><\/a> <a href=\"https:\/\/www.assisi-schule-ostbevern.de\/?attachment_id=3246\" rel=\"attachment wp-att-3246\"><img loading=\"lazy\" decoding=\"async\" class=\"alignnone size-medium wp-image-3246\" src=\"https:\/\/www.assisi-schule-ostbevern.de\/wordpress\/wp-content\/uploads\/2018\/06\/9-1-600x450.jpg\" alt=\"\" width=\"600\" height=\"450\" srcset=\"https:\/\/www.assisi-schule-ostbevern.de\/wordpress\/wp-content\/uploads\/2018\/06\/9-1-600x450.jpg 600w, https:\/\/www.assisi-schule-ostbevern.de\/wordpress\/wp-content\/uploads\/2018\/06\/9-1-768x576.jpg 768w, https:\/\/www.assisi-schule-ostbevern.de\/wordpress\/wp-content\/uploads\/2018\/06\/9-1-1024x768.jpg 1024w\" sizes=\"auto, (max-width: 600px) 100vw, 600px\" \/><\/a> <a href=\"https:\/\/www.assisi-schule-ostbevern.de\/?attachment_id=3247\" rel=\"attachment wp-att-3247\"><img loading=\"lazy\" decoding=\"async\" class=\"alignnone size-medium wp-image-3247\" src=\"https:\/\/www.assisi-schule-ostbevern.de\/wordpress\/wp-content\/uploads\/2018\/06\/10-600x450.jpg\" alt=\"\" width=\"600\" height=\"450\" srcset=\"https:\/\/www.assisi-schule-ostbevern.de\/wordpress\/wp-content\/uploads\/2018\/06\/10-600x450.jpg 600w, https:\/\/www.assisi-schule-ostbevern.de\/wordpress\/wp-content\/uploads\/2018\/06\/10-768x576.jpg 768w, https:\/\/www.assisi-schule-ostbevern.de\/wordpress\/wp-content\/uploads\/2018\/06\/10-1024x768.jpg 1024w\" sizes=\"auto, (max-width: 600px) 100vw, 600px\" \/><\/a><\/p>\n<p><strong>Peter Pan &#8211; das Musical<\/strong><\/p>\n<p>Nachdem an unserer Schule gerade noch das Theaterst\u00fcck &#8222;Ronja R\u00e4ubertochter&#8220; aufgef\u00fchrt wurde, ging es es nun kurze Zeit sp\u00e4ter zur richtig gro\u00dfen Freilichtb\u00fchne nach Tecklenburg. Die gesamte Schulgemeinde machte sich mal wieder in 4 Bussen bei bestem Wetter auf den Weg nach Tecklenburg. Dort angekommen f\u00fchlten wir uns alle direkt wie im Urlaub und genossen die tolle Atmosph\u00e4re, die dieser Ort einfach hat. In der Freilichtb\u00fchne selbst konnte dann noch gen\u00fcsslich gefr\u00fchst\u00fcckt werden, bevor dann das Musical &#8222;Peter Pan&#8220; begann. Auf einer tollen B\u00fchne k\u00e4mpften Peter Pan und seine Freunde gegen Captain Hook und seine Mannschaft. Und: Peter Pan flog sogar \u00fcber die B\u00fchne. Am Ende ging nat\u00fcrlich alles gut aus und wir bedankten uns mit einem heftigen Applaus f\u00fcr die tolle, abwechslungsreiche und unterhaltsame Darbietung. Es war mal wieder ein wunderbarer Ausflug, den wir mit der gesamten Schulgemeinde unternehmen durften. Vielen Dank daf\u00fcr auch an den F\u00f6rderverein unserer Schule, der diese Fahrten durch einen Zuschuss immer wieder \u00fcberhaupt erst erm\u00f6glicht!!! Leider durften von der Vorstellung aus urheberrechtlichen Gr\u00fcnden keine Fotos gemacht werden. Deshalb konnten wir nur die tolle Atmosph\u00e4re ein wenig in Bildern festhalten. \ud83d\ude42<\/p>\n<p><a href=\"http:\/\/www.assisi-schule-ostbevern.de\/?attachment_id=3218\" rel=\"attachment wp-att-3218\"><img loading=\"lazy\" decoding=\"async\" class=\"alignnone size-medium wp-image-3218\" src=\"http:\/\/www.assisi-schule-ostbevern.de\/wordpress\/wp-content\/uploads\/2018\/06\/1-600x450.jpg\" alt=\"\" width=\"600\" height=\"450\" srcset=\"https:\/\/www.assisi-schule-ostbevern.de\/wordpress\/wp-content\/uploads\/2018\/06\/1-600x450.jpg 600w, https:\/\/www.assisi-schule-ostbevern.de\/wordpress\/wp-content\/uploads\/2018\/06\/1-768x576.jpg 768w, https:\/\/www.assisi-schule-ostbevern.de\/wordpress\/wp-content\/uploads\/2018\/06\/1-1024x768.jpg 1024w\" sizes=\"auto, (max-width: 600px) 100vw, 600px\" \/><\/a> <a href=\"http:\/\/www.assisi-schule-ostbevern.de\/?attachment_id=3219\" rel=\"attachment wp-att-3219\"><img loading=\"lazy\" decoding=\"async\" class=\"alignnone size-medium wp-image-3219\" src=\"http:\/\/www.assisi-schule-ostbevern.de\/wordpress\/wp-content\/uploads\/2018\/06\/2-600x450.jpg\" alt=\"\" width=\"600\" height=\"450\" srcset=\"https:\/\/www.assisi-schule-ostbevern.de\/wordpress\/wp-content\/uploads\/2018\/06\/2-600x450.jpg 600w, https:\/\/www.assisi-schule-ostbevern.de\/wordpress\/wp-content\/uploads\/2018\/06\/2-768x576.jpg 768w, https:\/\/www.assisi-schule-ostbevern.de\/wordpress\/wp-content\/uploads\/2018\/06\/2-1024x768.jpg 1024w\" sizes=\"auto, (max-width: 600px) 100vw, 600px\" \/><\/a> <a href=\"http:\/\/www.assisi-schule-ostbevern.de\/?attachment_id=3220\" rel=\"attachment wp-att-3220\"><img loading=\"lazy\" decoding=\"async\" class=\"alignnone size-medium wp-image-3220\" src=\"http:\/\/www.assisi-schule-ostbevern.de\/wordpress\/wp-content\/uploads\/2018\/06\/3-600x450.jpg\" alt=\"\" width=\"600\" height=\"450\" srcset=\"https:\/\/www.assisi-schule-ostbevern.de\/wordpress\/wp-content\/uploads\/2018\/06\/3-600x450.jpg 600w, https:\/\/www.assisi-schule-ostbevern.de\/wordpress\/wp-content\/uploads\/2018\/06\/3-768x576.jpg 768w, https:\/\/www.assisi-schule-ostbevern.de\/wordpress\/wp-content\/uploads\/2018\/06\/3-1024x768.jpg 1024w\" sizes=\"auto, (max-width: 600px) 100vw, 600px\" \/><\/a> <a href=\"http:\/\/www.assisi-schule-ostbevern.de\/?attachment_id=3221\" rel=\"attachment wp-att-3221\"><img loading=\"lazy\" decoding=\"async\" class=\"alignnone size-medium wp-image-3221\" src=\"http:\/\/www.assisi-schule-ostbevern.de\/wordpress\/wp-content\/uploads\/2018\/06\/4-600x450.jpg\" alt=\"\" width=\"600\" height=\"450\" srcset=\"https:\/\/www.assisi-schule-ostbevern.de\/wordpress\/wp-content\/uploads\/2018\/06\/4-600x450.jpg 600w, https:\/\/www.assisi-schule-ostbevern.de\/wordpress\/wp-content\/uploads\/2018\/06\/4-768x576.jpg 768w, https:\/\/www.assisi-schule-ostbevern.de\/wordpress\/wp-content\/uploads\/2018\/06\/4-1024x768.jpg 1024w\" sizes=\"auto, (max-width: 600px) 100vw, 600px\" \/><\/a> <a href=\"http:\/\/www.assisi-schule-ostbevern.de\/?attachment_id=3222\" rel=\"attachment wp-att-3222\"><img loading=\"lazy\" decoding=\"async\" class=\"alignnone size-medium wp-image-3222\" src=\"http:\/\/www.assisi-schule-ostbevern.de\/wordpress\/wp-content\/uploads\/2018\/06\/5-600x450.jpg\" alt=\"\" width=\"600\" height=\"450\" srcset=\"https:\/\/www.assisi-schule-ostbevern.de\/wordpress\/wp-content\/uploads\/2018\/06\/5-600x450.jpg 600w, https:\/\/www.assisi-schule-ostbevern.de\/wordpress\/wp-content\/uploads\/2018\/06\/5-768x576.jpg 768w, https:\/\/www.assisi-schule-ostbevern.de\/wordpress\/wp-content\/uploads\/2018\/06\/5-1024x768.jpg 1024w\" sizes=\"auto, (max-width: 600px) 100vw, 600px\" \/><\/a> <a href=\"http:\/\/www.assisi-schule-ostbevern.de\/?attachment_id=3223\" rel=\"attachment wp-att-3223\"><img loading=\"lazy\" decoding=\"async\" class=\"alignnone size-medium wp-image-3223\" src=\"http:\/\/www.assisi-schule-ostbevern.de\/wordpress\/wp-content\/uploads\/2018\/06\/6-600x450.jpg\" alt=\"\" width=\"600\" height=\"450\" srcset=\"https:\/\/www.assisi-schule-ostbevern.de\/wordpress\/wp-content\/uploads\/2018\/06\/6-600x450.jpg 600w, https:\/\/www.assisi-schule-ostbevern.de\/wordpress\/wp-content\/uploads\/2018\/06\/6-768x576.jpg 768w, https:\/\/www.assisi-schule-ostbevern.de\/wordpress\/wp-content\/uploads\/2018\/06\/6-1024x768.jpg 1024w\" sizes=\"auto, (max-width: 600px) 100vw, 600px\" \/><\/a> <a href=\"http:\/\/www.assisi-schule-ostbevern.de\/?attachment_id=3224\" rel=\"attachment wp-att-3224\"><img loading=\"lazy\" decoding=\"async\" class=\"alignnone size-medium wp-image-3224\" src=\"http:\/\/www.assisi-schule-ostbevern.de\/wordpress\/wp-content\/uploads\/2018\/06\/7-600x450.jpg\" alt=\"\" width=\"600\" height=\"450\" srcset=\"https:\/\/www.assisi-schule-ostbevern.de\/wordpress\/wp-content\/uploads\/2018\/06\/7-600x450.jpg 600w, https:\/\/www.assisi-schule-ostbevern.de\/wordpress\/wp-content\/uploads\/2018\/06\/7-768x576.jpg 768w, https:\/\/www.assisi-schule-ostbevern.de\/wordpress\/wp-content\/uploads\/2018\/06\/7-1024x768.jpg 1024w\" sizes=\"auto, (max-width: 600px) 100vw, 600px\" \/><\/a> <a href=\"http:\/\/www.assisi-schule-ostbevern.de\/?attachment_id=3225\" rel=\"attachment wp-att-3225\"><img loading=\"lazy\" decoding=\"async\" class=\"alignnone size-medium wp-image-3225\" src=\"http:\/\/www.assisi-schule-ostbevern.de\/wordpress\/wp-content\/uploads\/2018\/06\/8-600x450.jpg\" alt=\"\" width=\"600\" height=\"450\" srcset=\"https:\/\/www.assisi-schule-ostbevern.de\/wordpress\/wp-content\/uploads\/2018\/06\/8-600x450.jpg 600w, https:\/\/www.assisi-schule-ostbevern.de\/wordpress\/wp-content\/uploads\/2018\/06\/8-768x576.jpg 768w, https:\/\/www.assisi-schule-ostbevern.de\/wordpress\/wp-content\/uploads\/2018\/06\/8-1024x768.jpg 1024w\" sizes=\"auto, (max-width: 600px) 100vw, 600px\" \/><\/a> <a href=\"http:\/\/www.assisi-schule-ostbevern.de\/?attachment_id=3226\" rel=\"attachment wp-att-3226\"><img loading=\"lazy\" decoding=\"async\" class=\"alignnone size-medium wp-image-3226\" src=\"http:\/\/www.assisi-schule-ostbevern.de\/wordpress\/wp-content\/uploads\/2018\/06\/9-600x450.jpg\" alt=\"\" width=\"600\" height=\"450\" srcset=\"https:\/\/www.assisi-schule-ostbevern.de\/wordpress\/wp-content\/uploads\/2018\/06\/9-600x450.jpg 600w, https:\/\/www.assisi-schule-ostbevern.de\/wordpress\/wp-content\/uploads\/2018\/06\/9-768x576.jpg 768w, https:\/\/www.assisi-schule-ostbevern.de\/wordpress\/wp-content\/uploads\/2018\/06\/9-1024x768.jpg 1024w\" sizes=\"auto, (max-width: 600px) 100vw, 600px\" \/><\/a><\/p>\n<p><strong>Soziales Kompetenztraining<\/strong><\/p>\n<p>Die 1. Klassen nahmen im Fr\u00fchjahr zum ersten Mal am Sozialkompetenztraining des Teams um Ingrid D\u00fcnnewald und Attila Repkeny teil. In Kleingruppen wurden Kooperationspiele durchgef\u00fchrt, teambildende Spiele und Aufgaben bew\u00e4ltigt und \u00fcber das \u00c4u\u00dfern und Wahrnehmen von Gef\u00fchlen gesprochen. Beide Klassen hatten gro\u00dfen Spa\u00df an diesem Tag und freuen sich auf das n\u00e4chste Treffen im 2. Schuljahr.<\/p>\n<p><a href=\"https:\/\/www.assisi-schule-ostbevern.de\/?attachment_id=3231\" rel=\"attachment wp-att-3231\"><img loading=\"lazy\" decoding=\"async\" class=\"alignnone size-medium wp-image-3231\" src=\"https:\/\/www.assisi-schule-ostbevern.de\/wordpress\/wp-content\/uploads\/2018\/06\/1-1-600x450.jpg\" alt=\"\" width=\"600\" height=\"450\" srcset=\"https:\/\/www.assisi-schule-ostbevern.de\/wordpress\/wp-content\/uploads\/2018\/06\/1-1-600x450.jpg 600w, https:\/\/www.assisi-schule-ostbevern.de\/wordpress\/wp-content\/uploads\/2018\/06\/1-1-768x576.jpg 768w, https:\/\/www.assisi-schule-ostbevern.de\/wordpress\/wp-content\/uploads\/2018\/06\/1-1-1024x768.jpg 1024w\" sizes=\"auto, (max-width: 600px) 100vw, 600px\" \/><\/a> <a href=\"https:\/\/www.assisi-schule-ostbevern.de\/?attachment_id=3232\" rel=\"attachment wp-att-3232\"><img loading=\"lazy\" decoding=\"async\" class=\"alignnone size-medium wp-image-3232\" src=\"https:\/\/www.assisi-schule-ostbevern.de\/wordpress\/wp-content\/uploads\/2018\/06\/2-1-600x450.jpg\" alt=\"\" width=\"600\" height=\"450\" srcset=\"https:\/\/www.assisi-schule-ostbevern.de\/wordpress\/wp-content\/uploads\/2018\/06\/2-1-600x450.jpg 600w, https:\/\/www.assisi-schule-ostbevern.de\/wordpress\/wp-content\/uploads\/2018\/06\/2-1-768x576.jpg 768w, https:\/\/www.assisi-schule-ostbevern.de\/wordpress\/wp-content\/uploads\/2018\/06\/2-1-1024x768.jpg 1024w\" sizes=\"auto, (max-width: 600px) 100vw, 600px\" \/><\/a> <a href=\"https:\/\/www.assisi-schule-ostbevern.de\/?attachment_id=3233\" rel=\"attachment wp-att-3233\"><img loading=\"lazy\" decoding=\"async\" class=\"alignnone size-medium wp-image-3233\" src=\"https:\/\/www.assisi-schule-ostbevern.de\/wordpress\/wp-content\/uploads\/2018\/06\/3-1-600x450.jpg\" alt=\"\" width=\"600\" height=\"450\" srcset=\"https:\/\/www.assisi-schule-ostbevern.de\/wordpress\/wp-content\/uploads\/2018\/06\/3-1-600x450.jpg 600w, https:\/\/www.assisi-schule-ostbevern.de\/wordpress\/wp-content\/uploads\/2018\/06\/3-1-768x576.jpg 768w, https:\/\/www.assisi-schule-ostbevern.de\/wordpress\/wp-content\/uploads\/2018\/06\/3-1-1024x768.jpg 1024w\" sizes=\"auto, (max-width: 600px) 100vw, 600px\" \/><\/a> <a href=\"https:\/\/www.assisi-schule-ostbevern.de\/?attachment_id=3234\" rel=\"attachment wp-att-3234\"><img loading=\"lazy\" decoding=\"async\" class=\"alignnone size-medium wp-image-3234\" src=\"https:\/\/www.assisi-schule-ostbevern.de\/wordpress\/wp-content\/uploads\/2018\/06\/4-1-600x450.jpg\" alt=\"\" width=\"600\" height=\"450\" srcset=\"https:\/\/www.assisi-schule-ostbevern.de\/wordpress\/wp-content\/uploads\/2018\/06\/4-1-600x450.jpg 600w, https:\/\/www.assisi-schule-ostbevern.de\/wordpress\/wp-content\/uploads\/2018\/06\/4-1-768x576.jpg 768w, https:\/\/www.assisi-schule-ostbevern.de\/wordpress\/wp-content\/uploads\/2018\/06\/4-1-1024x768.jpg 1024w\" sizes=\"auto, (max-width: 600px) 100vw, 600px\" \/><\/a><\/p>\n<p><strong>Auff\u00fchrung Ronja R\u00e4ubertochter<\/strong><\/p>\n<p>Nach monatelangen Proben der Klassen 3a und 3b und einiger Lehrerinnen stehen nun endlich die Auff\u00fchrungen des Theaterst\u00fccks Ronja R\u00e4ubertochter an. Heute fand die erste Auff\u00fchrung statt, morgen folgen noch zwei weitere. Nachdem wir morgens noch einen leichten Schock erlitten, als es kurz vor der Auff\u00fchrung anfing zu regnen, waren wir dann froh, dass es p\u00fcnktlich zur Auff\u00fchrung wieder trocken war. Sogar die Sonne zeigte sich zuweilen. Und so konnte unsere Auff\u00fchrung bei gutem Wetter, guter Laune und vielen kleinen und gro\u00dfen Zuschauern dann doch wie geplant statt finden. Ein gro\u00dfes DANKE an dieser Stelle schon einmal an unsere Theaterp\u00e4dagogin Karin Gro\u00dfe-Inkrott, die das St\u00fcck mit den Kindern einstudiert hat und an Nadine Orthaus, die an der Technik f\u00fcr einen reibungslosen Ablauf gesort hat.<\/p>\n<p><a href=\"http:\/\/www.assisi-schule-ostbevern.de\/?attachment_id=3195\" rel=\"attachment wp-att-3195\"><img loading=\"lazy\" decoding=\"async\" class=\"alignnone size-medium wp-image-3195\" src=\"http:\/\/www.assisi-schule-ostbevern.de\/wordpress\/wp-content\/uploads\/2018\/05\/1-1-600x450.jpg\" alt=\"\" width=\"600\" height=\"450\" srcset=\"https:\/\/www.assisi-schule-ostbevern.de\/wordpress\/wp-content\/uploads\/2018\/05\/1-1-600x450.jpg 600w, https:\/\/www.assisi-schule-ostbevern.de\/wordpress\/wp-content\/uploads\/2018\/05\/1-1-768x576.jpg 768w, https:\/\/www.assisi-schule-ostbevern.de\/wordpress\/wp-content\/uploads\/2018\/05\/1-1-1024x768.jpg 1024w\" sizes=\"auto, (max-width: 600px) 100vw, 600px\" \/><\/a> <a href=\"http:\/\/www.assisi-schule-ostbevern.de\/?attachment_id=3196\" rel=\"attachment wp-att-3196\"><img loading=\"lazy\" decoding=\"async\" class=\"alignnone size-medium wp-image-3196\" src=\"http:\/\/www.assisi-schule-ostbevern.de\/wordpress\/wp-content\/uploads\/2018\/05\/2-1-600x450.jpg\" alt=\"\" width=\"600\" height=\"450\" srcset=\"https:\/\/www.assisi-schule-ostbevern.de\/wordpress\/wp-content\/uploads\/2018\/05\/2-1-600x450.jpg 600w, https:\/\/www.assisi-schule-ostbevern.de\/wordpress\/wp-content\/uploads\/2018\/05\/2-1-768x576.jpg 768w, https:\/\/www.assisi-schule-ostbevern.de\/wordpress\/wp-content\/uploads\/2018\/05\/2-1-1024x768.jpg 1024w\" sizes=\"auto, (max-width: 600px) 100vw, 600px\" \/><\/a> <a href=\"http:\/\/www.assisi-schule-ostbevern.de\/?attachment_id=3197\" rel=\"attachment wp-att-3197\"><img loading=\"lazy\" decoding=\"async\" class=\"alignnone size-medium wp-image-3197\" src=\"http:\/\/www.assisi-schule-ostbevern.de\/wordpress\/wp-content\/uploads\/2018\/05\/3-1-600x450.jpg\" alt=\"\" width=\"600\" height=\"450\" srcset=\"https:\/\/www.assisi-schule-ostbevern.de\/wordpress\/wp-content\/uploads\/2018\/05\/3-1-600x450.jpg 600w, https:\/\/www.assisi-schule-ostbevern.de\/wordpress\/wp-content\/uploads\/2018\/05\/3-1-768x576.jpg 768w, https:\/\/www.assisi-schule-ostbevern.de\/wordpress\/wp-content\/uploads\/2018\/05\/3-1-1024x768.jpg 1024w\" sizes=\"auto, (max-width: 600px) 100vw, 600px\" \/><\/a> <a href=\"http:\/\/www.assisi-schule-ostbevern.de\/?attachment_id=3198\" rel=\"attachment wp-att-3198\"><img loading=\"lazy\" decoding=\"async\" class=\"alignnone size-medium wp-image-3198\" src=\"http:\/\/www.assisi-schule-ostbevern.de\/wordpress\/wp-content\/uploads\/2018\/05\/4-1-600x450.jpg\" alt=\"\" width=\"600\" height=\"450\" srcset=\"https:\/\/www.assisi-schule-ostbevern.de\/wordpress\/wp-content\/uploads\/2018\/05\/4-1-600x450.jpg 600w, https:\/\/www.assisi-schule-ostbevern.de\/wordpress\/wp-content\/uploads\/2018\/05\/4-1-768x576.jpg 768w, https:\/\/www.assisi-schule-ostbevern.de\/wordpress\/wp-content\/uploads\/2018\/05\/4-1-1024x768.jpg 1024w\" sizes=\"auto, (max-width: 600px) 100vw, 600px\" \/><\/a> <a href=\"http:\/\/www.assisi-schule-ostbevern.de\/?attachment_id=3199\" rel=\"attachment wp-att-3199\"><img loading=\"lazy\" decoding=\"async\" class=\"alignnone size-medium wp-image-3199\" src=\"http:\/\/www.assisi-schule-ostbevern.de\/wordpress\/wp-content\/uploads\/2018\/05\/5-1-600x450.jpg\" alt=\"\" width=\"600\" height=\"450\" srcset=\"https:\/\/www.assisi-schule-ostbevern.de\/wordpress\/wp-content\/uploads\/2018\/05\/5-1-600x450.jpg 600w, https:\/\/www.assisi-schule-ostbevern.de\/wordpress\/wp-content\/uploads\/2018\/05\/5-1-768x576.jpg 768w, https:\/\/www.assisi-schule-ostbevern.de\/wordpress\/wp-content\/uploads\/2018\/05\/5-1-1024x768.jpg 1024w\" sizes=\"auto, (max-width: 600px) 100vw, 600px\" \/><\/a> <a href=\"http:\/\/www.assisi-schule-ostbevern.de\/?attachment_id=3200\" rel=\"attachment wp-att-3200\"><img loading=\"lazy\" decoding=\"async\" class=\"alignnone size-medium wp-image-3200\" src=\"http:\/\/www.assisi-schule-ostbevern.de\/wordpress\/wp-content\/uploads\/2018\/05\/6-1-600x450.jpg\" alt=\"\" width=\"600\" height=\"450\" srcset=\"https:\/\/www.assisi-schule-ostbevern.de\/wordpress\/wp-content\/uploads\/2018\/05\/6-1-600x450.jpg 600w, https:\/\/www.assisi-schule-ostbevern.de\/wordpress\/wp-content\/uploads\/2018\/05\/6-1-768x576.jpg 768w, https:\/\/www.assisi-schule-ostbevern.de\/wordpress\/wp-content\/uploads\/2018\/05\/6-1-1024x768.jpg 1024w\" sizes=\"auto, (max-width: 600px) 100vw, 600px\" \/><\/a> <a href=\"http:\/\/www.assisi-schule-ostbevern.de\/?attachment_id=3201\" rel=\"attachment wp-att-3201\"><img loading=\"lazy\" decoding=\"async\" class=\"alignnone size-medium wp-image-3201\" src=\"http:\/\/www.assisi-schule-ostbevern.de\/wordpress\/wp-content\/uploads\/2018\/05\/7-1-600x450.jpg\" alt=\"\" width=\"600\" height=\"450\" srcset=\"https:\/\/www.assisi-schule-ostbevern.de\/wordpress\/wp-content\/uploads\/2018\/05\/7-1-600x450.jpg 600w, https:\/\/www.assisi-schule-ostbevern.de\/wordpress\/wp-content\/uploads\/2018\/05\/7-1-768x576.jpg 768w, https:\/\/www.assisi-schule-ostbevern.de\/wordpress\/wp-content\/uploads\/2018\/05\/7-1-1024x768.jpg 1024w\" sizes=\"auto, (max-width: 600px) 100vw, 600px\" \/><\/a> <a href=\"http:\/\/www.assisi-schule-ostbevern.de\/?attachment_id=3202\" rel=\"attachment wp-att-3202\"><img loading=\"lazy\" decoding=\"async\" class=\"alignnone size-medium wp-image-3202\" src=\"http:\/\/www.assisi-schule-ostbevern.de\/wordpress\/wp-content\/uploads\/2018\/05\/8-1-600x450.jpg\" alt=\"\" width=\"600\" height=\"450\" srcset=\"https:\/\/www.assisi-schule-ostbevern.de\/wordpress\/wp-content\/uploads\/2018\/05\/8-1-600x450.jpg 600w, https:\/\/www.assisi-schule-ostbevern.de\/wordpress\/wp-content\/uploads\/2018\/05\/8-1-768x576.jpg 768w, https:\/\/www.assisi-schule-ostbevern.de\/wordpress\/wp-content\/uploads\/2018\/05\/8-1-1024x768.jpg 1024w\" sizes=\"auto, (max-width: 600px) 100vw, 600px\" \/><\/a> <a href=\"http:\/\/www.assisi-schule-ostbevern.de\/?attachment_id=3203\" rel=\"attachment wp-att-3203\"><img loading=\"lazy\" decoding=\"async\" class=\"alignnone size-medium wp-image-3203\" src=\"http:\/\/www.assisi-schule-ostbevern.de\/wordpress\/wp-content\/uploads\/2018\/05\/9-600x450.jpg\" alt=\"\" width=\"600\" height=\"450\" srcset=\"https:\/\/www.assisi-schule-ostbevern.de\/wordpress\/wp-content\/uploads\/2018\/05\/9-600x450.jpg 600w, https:\/\/www.assisi-schule-ostbevern.de\/wordpress\/wp-content\/uploads\/2018\/05\/9-768x576.jpg 768w, https:\/\/www.assisi-schule-ostbevern.de\/wordpress\/wp-content\/uploads\/2018\/05\/9-1024x768.jpg 1024w\" sizes=\"auto, (max-width: 600px) 100vw, 600px\" \/><\/a> <a href=\"http:\/\/www.assisi-schule-ostbevern.de\/?attachment_id=3204\" rel=\"attachment wp-att-3204\"><img loading=\"lazy\" decoding=\"async\" class=\"alignnone size-medium wp-image-3204\" src=\"http:\/\/www.assisi-schule-ostbevern.de\/wordpress\/wp-content\/uploads\/2018\/05\/10-600x450.jpg\" alt=\"\" width=\"600\" height=\"450\" srcset=\"https:\/\/www.assisi-schule-ostbevern.de\/wordpress\/wp-content\/uploads\/2018\/05\/10-600x450.jpg 600w, https:\/\/www.assisi-schule-ostbevern.de\/wordpress\/wp-content\/uploads\/2018\/05\/10-768x576.jpg 768w, https:\/\/www.assisi-schule-ostbevern.de\/wordpress\/wp-content\/uploads\/2018\/05\/10-1024x768.jpg 1024w\" sizes=\"auto, (max-width: 600px) 100vw, 600px\" \/><\/a> <a href=\"http:\/\/www.assisi-schule-ostbevern.de\/?attachment_id=3205\" rel=\"attachment wp-att-3205\"><img loading=\"lazy\" decoding=\"async\" class=\"alignnone size-medium wp-image-3205\" src=\"http:\/\/www.assisi-schule-ostbevern.de\/wordpress\/wp-content\/uploads\/2018\/05\/11-600x450.jpg\" alt=\"\" width=\"600\" height=\"450\" srcset=\"https:\/\/www.assisi-schule-ostbevern.de\/wordpress\/wp-content\/uploads\/2018\/05\/11-600x450.jpg 600w, https:\/\/www.assisi-schule-ostbevern.de\/wordpress\/wp-content\/uploads\/2018\/05\/11-768x576.jpg 768w, https:\/\/www.assisi-schule-ostbevern.de\/wordpress\/wp-content\/uploads\/2018\/05\/11-1024x768.jpg 1024w\" sizes=\"auto, (max-width: 600px) 100vw, 600px\" \/><\/a> <a href=\"http:\/\/www.assisi-schule-ostbevern.de\/?attachment_id=3206\" rel=\"attachment wp-att-3206\"><img loading=\"lazy\" decoding=\"async\" class=\"alignnone size-medium wp-image-3206\" src=\"http:\/\/www.assisi-schule-ostbevern.de\/wordpress\/wp-content\/uploads\/2018\/05\/12-600x450.jpg\" alt=\"\" width=\"600\" height=\"450\" srcset=\"https:\/\/www.assisi-schule-ostbevern.de\/wordpress\/wp-content\/uploads\/2018\/05\/12-600x450.jpg 600w, https:\/\/www.assisi-schule-ostbevern.de\/wordpress\/wp-content\/uploads\/2018\/05\/12-768x576.jpg 768w, https:\/\/www.assisi-schule-ostbevern.de\/wordpress\/wp-content\/uploads\/2018\/05\/12-1024x768.jpg 1024w\" sizes=\"auto, (max-width: 600px) 100vw, 600px\" \/><\/a> <a href=\"http:\/\/www.assisi-schule-ostbevern.de\/?attachment_id=3207\" rel=\"attachment wp-att-3207\"><img loading=\"lazy\" decoding=\"async\" class=\"alignnone size-medium wp-image-3207\" src=\"http:\/\/www.assisi-schule-ostbevern.de\/wordpress\/wp-content\/uploads\/2018\/05\/13-600x450.jpg\" alt=\"\" width=\"600\" height=\"450\" srcset=\"https:\/\/www.assisi-schule-ostbevern.de\/wordpress\/wp-content\/uploads\/2018\/05\/13-600x450.jpg 600w, https:\/\/www.assisi-schule-ostbevern.de\/wordpress\/wp-content\/uploads\/2018\/05\/13-768x576.jpg 768w, https:\/\/www.assisi-schule-ostbevern.de\/wordpress\/wp-content\/uploads\/2018\/05\/13-1024x768.jpg 1024w\" sizes=\"auto, (max-width: 600px) 100vw, 600px\" \/><\/a> <a href=\"http:\/\/www.assisi-schule-ostbevern.de\/?attachment_id=3208\" rel=\"attachment wp-att-3208\"><img loading=\"lazy\" decoding=\"async\" class=\"alignnone size-medium wp-image-3208\" src=\"http:\/\/www.assisi-schule-ostbevern.de\/wordpress\/wp-content\/uploads\/2018\/05\/14-600x450.jpg\" alt=\"\" width=\"600\" height=\"450\" srcset=\"https:\/\/www.assisi-schule-ostbevern.de\/wordpress\/wp-content\/uploads\/2018\/05\/14-600x450.jpg 600w, https:\/\/www.assisi-schule-ostbevern.de\/wordpress\/wp-content\/uploads\/2018\/05\/14-768x576.jpg 768w, https:\/\/www.assisi-schule-ostbevern.de\/wordpress\/wp-content\/uploads\/2018\/05\/14-1024x768.jpg 1024w\" sizes=\"auto, (max-width: 600px) 100vw, 600px\" \/><\/a><\/p>\n<p><strong>Ronja R\u00e4ubertochter<\/strong><\/p>\n<p>Die Klassen 3a und 3b proben schon seit vielen Monaten daf\u00fcr, jetzt ist es endlich soweit: Das Theaterst\u00fcck &#8222;Ronja R\u00e4ubertochter&#8220; wird in der kommenden Woche endlich aufgef\u00fchrt. Am Mittwoch, den 16.05. und Donnerstag den 17.05. findet jeweils morgens um 10 Uhr die Auff\u00fchrung f\u00fcr die Kinderg\u00e4rten und Grundschulen statt. Am Donnerstag gibt es dann um 15.30 Uhr auch noch eine Auff\u00fchrung f\u00fcr alle Eltern, Gro\u00dfeltern, Geschwister und alle interessierten G\u00e4sten. Das Besondere an dieser Auff\u00fchrung: Sie findet drau\u00dfen vor der Beverhalle statt. Bitte also unbedingt die Daumen dr\u00fccken, dass das Wetter gut wird in der n\u00e4chsten Woche!!! Hier einige Eindr\u00fccke von den Proben:<\/p>\n<p><a href=\"http:\/\/www.assisi-schule-ostbevern.de\/?attachment_id=3179\" rel=\"attachment wp-att-3179\"><img loading=\"lazy\" decoding=\"async\" class=\"alignnone size-medium wp-image-3179\" src=\"http:\/\/www.assisi-schule-ostbevern.de\/wordpress\/wp-content\/uploads\/2018\/05\/1-600x450.jpg\" alt=\"\" width=\"600\" height=\"450\" srcset=\"https:\/\/www.assisi-schule-ostbevern.de\/wordpress\/wp-content\/uploads\/2018\/05\/1-600x450.jpg 600w, https:\/\/www.assisi-schule-ostbevern.de\/wordpress\/wp-content\/uploads\/2018\/05\/1-768x576.jpg 768w, https:\/\/www.assisi-schule-ostbevern.de\/wordpress\/wp-content\/uploads\/2018\/05\/1-1024x768.jpg 1024w\" sizes=\"auto, (max-width: 600px) 100vw, 600px\" \/><\/a> <a href=\"http:\/\/www.assisi-schule-ostbevern.de\/?attachment_id=3180\" rel=\"attachment wp-att-3180\"><img loading=\"lazy\" decoding=\"async\" class=\"alignnone size-medium wp-image-3180\" src=\"http:\/\/www.assisi-schule-ostbevern.de\/wordpress\/wp-content\/uploads\/2018\/05\/2-600x450.jpg\" alt=\"\" width=\"600\" height=\"450\" srcset=\"https:\/\/www.assisi-schule-ostbevern.de\/wordpress\/wp-content\/uploads\/2018\/05\/2-600x450.jpg 600w, https:\/\/www.assisi-schule-ostbevern.de\/wordpress\/wp-content\/uploads\/2018\/05\/2-768x576.jpg 768w, https:\/\/www.assisi-schule-ostbevern.de\/wordpress\/wp-content\/uploads\/2018\/05\/2-1024x768.jpg 1024w\" sizes=\"auto, (max-width: 600px) 100vw, 600px\" \/><\/a> <a href=\"http:\/\/www.assisi-schule-ostbevern.de\/?attachment_id=3181\" rel=\"attachment wp-att-3181\"><img loading=\"lazy\" decoding=\"async\" class=\"alignnone size-medium wp-image-3181\" src=\"http:\/\/www.assisi-schule-ostbevern.de\/wordpress\/wp-content\/uploads\/2018\/05\/3-600x450.jpg\" alt=\"\" width=\"600\" height=\"450\" srcset=\"https:\/\/www.assisi-schule-ostbevern.de\/wordpress\/wp-content\/uploads\/2018\/05\/3-600x450.jpg 600w, https:\/\/www.assisi-schule-ostbevern.de\/wordpress\/wp-content\/uploads\/2018\/05\/3-768x576.jpg 768w, https:\/\/www.assisi-schule-ostbevern.de\/wordpress\/wp-content\/uploads\/2018\/05\/3-1024x768.jpg 1024w\" sizes=\"auto, (max-width: 600px) 100vw, 600px\" \/><\/a> <a href=\"http:\/\/www.assisi-schule-ostbevern.de\/?attachment_id=3182\" rel=\"attachment wp-att-3182\"><img loading=\"lazy\" decoding=\"async\" class=\"alignnone size-medium wp-image-3182\" src=\"http:\/\/www.assisi-schule-ostbevern.de\/wordpress\/wp-content\/uploads\/2018\/05\/4-600x450.jpg\" alt=\"\" width=\"600\" height=\"450\" srcset=\"https:\/\/www.assisi-schule-ostbevern.de\/wordpress\/wp-content\/uploads\/2018\/05\/4-600x450.jpg 600w, https:\/\/www.assisi-schule-ostbevern.de\/wordpress\/wp-content\/uploads\/2018\/05\/4-768x576.jpg 768w, https:\/\/www.assisi-schule-ostbevern.de\/wordpress\/wp-content\/uploads\/2018\/05\/4-1024x768.jpg 1024w\" sizes=\"auto, (max-width: 600px) 100vw, 600px\" \/><\/a> <a href=\"http:\/\/www.assisi-schule-ostbevern.de\/?attachment_id=3183\" rel=\"attachment wp-att-3183\"><img loading=\"lazy\" decoding=\"async\" class=\"alignnone size-medium wp-image-3183\" src=\"http:\/\/www.assisi-schule-ostbevern.de\/wordpress\/wp-content\/uploads\/2018\/05\/5-600x450.jpg\" alt=\"\" width=\"600\" height=\"450\" srcset=\"https:\/\/www.assisi-schule-ostbevern.de\/wordpress\/wp-content\/uploads\/2018\/05\/5-600x450.jpg 600w, https:\/\/www.assisi-schule-ostbevern.de\/wordpress\/wp-content\/uploads\/2018\/05\/5-768x576.jpg 768w, https:\/\/www.assisi-schule-ostbevern.de\/wordpress\/wp-content\/uploads\/2018\/05\/5-1024x768.jpg 1024w\" sizes=\"auto, (max-width: 600px) 100vw, 600px\" \/><\/a> <a href=\"http:\/\/www.assisi-schule-ostbevern.de\/?attachment_id=3184\" rel=\"attachment wp-att-3184\"><img loading=\"lazy\" decoding=\"async\" class=\"alignnone size-medium wp-image-3184\" src=\"http:\/\/www.assisi-schule-ostbevern.de\/wordpress\/wp-content\/uploads\/2018\/05\/6-600x450.jpg\" alt=\"\" width=\"600\" height=\"450\" srcset=\"https:\/\/www.assisi-schule-ostbevern.de\/wordpress\/wp-content\/uploads\/2018\/05\/6-600x450.jpg 600w, https:\/\/www.assisi-schule-ostbevern.de\/wordpress\/wp-content\/uploads\/2018\/05\/6-768x576.jpg 768w, https:\/\/www.assisi-schule-ostbevern.de\/wordpress\/wp-content\/uploads\/2018\/05\/6-1024x768.jpg 1024w\" sizes=\"auto, (max-width: 600px) 100vw, 600px\" \/><\/a> <a href=\"http:\/\/www.assisi-schule-ostbevern.de\/?attachment_id=3185\" rel=\"attachment wp-att-3185\"><img loading=\"lazy\" decoding=\"async\" class=\"alignnone size-medium wp-image-3185\" src=\"http:\/\/www.assisi-schule-ostbevern.de\/wordpress\/wp-content\/uploads\/2018\/05\/7-600x450.jpg\" alt=\"\" width=\"600\" height=\"450\" srcset=\"https:\/\/www.assisi-schule-ostbevern.de\/wordpress\/wp-content\/uploads\/2018\/05\/7-600x450.jpg 600w, https:\/\/www.assisi-schule-ostbevern.de\/wordpress\/wp-content\/uploads\/2018\/05\/7-768x576.jpg 768w, https:\/\/www.assisi-schule-ostbevern.de\/wordpress\/wp-content\/uploads\/2018\/05\/7-1024x768.jpg 1024w\" sizes=\"auto, (max-width: 600px) 100vw, 600px\" \/><\/a> <a href=\"http:\/\/www.assisi-schule-ostbevern.de\/?attachment_id=3186\" rel=\"attachment wp-att-3186\"><img loading=\"lazy\" decoding=\"async\" class=\"alignnone size-medium wp-image-3186\" src=\"http:\/\/www.assisi-schule-ostbevern.de\/wordpress\/wp-content\/uploads\/2018\/05\/8-600x450.jpg\" alt=\"\" width=\"600\" height=\"450\" srcset=\"https:\/\/www.assisi-schule-ostbevern.de\/wordpress\/wp-content\/uploads\/2018\/05\/8-600x450.jpg 600w, https:\/\/www.assisi-schule-ostbevern.de\/wordpress\/wp-content\/uploads\/2018\/05\/8-768x576.jpg 768w, https:\/\/www.assisi-schule-ostbevern.de\/wordpress\/wp-content\/uploads\/2018\/05\/8-1024x768.jpg 1024w\" sizes=\"auto, (max-width: 600px) 100vw, 600px\" \/><\/a><\/p>\n<p><strong>Kinderb\u00fccherflohmarkt<\/strong><\/p>\n<p>Bei strahlendem Sonnenscheind fand in diesem Jahr unser Kinderb\u00fccherflohmarkt zum ersten Mal drau\u00dfen statt. Die Kinder breiteten ihre Decken aus, drappierten ihre B\u00fccher und dann ging es schon los mit dem Feilschen und Handeln. Es wurden Bilderb\u00fccher, Pixi-B\u00fccher, Romane, Sachb\u00fccher und vieles mehr von den Kindern angeboten. Viele Eltern kamen mit dicken Taschen und K\u00f6rben, um die Schn\u00e4ppchen alle mit nach Hause schleppen zu k\u00f6nnen. &#8222;Wie gehen mit mehr B\u00fcchern nach Hause, als wir gekommen sind&#8220;, war dann auch die Aussage viele Eltern. So soll es sein. Dem F\u00f6rderverein und vielen helfenden Eltern danken wir f\u00fcr die tolle Bewirtung. Im Caf\u00e9 konnte man sich mit Kaffee und kalten Getr\u00e4nken, Kuchen, Brezeln und Waffeln verw\u00f6hnen lassen und schonmal in seinen neuen Errungenschaften st\u00f6bern. Vielen Dank auch an alle Beteiligten des Flohmarktes und den zahlreichen helfenden H\u00e4nde im Hintergrund. Wir hoffen, mit diesem Kinderb\u00fccherflohmarkt wieder einen Beitrag dazu geleistet zu haben, dass die Kinder es sich zu Hause mit einem Buch gem\u00fctlich machen und in eine andere Welt abtauchen k\u00f6nnen. Andre Heller hat mal gesagt: &#8222;Die wahren Abenteuer sind im Kopf!&#8220; Und deshalb w\u00fcnschen wir jetzt allen Gro\u00dfen und Kleinen viel Freude bei ihren Abenteuern. \ud83d\ude42<\/p>\n<p><a href=\"http:\/\/www.assisi-schule-ostbevern.de\/?attachment_id=3162\" rel=\"attachment wp-att-3162\"><img loading=\"lazy\" decoding=\"async\" class=\"alignnone size-medium wp-image-3162\" src=\"http:\/\/www.assisi-schule-ostbevern.de\/wordpress\/wp-content\/uploads\/2018\/04\/1-2-600x450.jpg\" alt=\"\" width=\"600\" height=\"450\" srcset=\"https:\/\/www.assisi-schule-ostbevern.de\/wordpress\/wp-content\/uploads\/2018\/04\/1-2-600x450.jpg 600w, https:\/\/www.assisi-schule-ostbevern.de\/wordpress\/wp-content\/uploads\/2018\/04\/1-2-768x576.jpg 768w, https:\/\/www.assisi-schule-ostbevern.de\/wordpress\/wp-content\/uploads\/2018\/04\/1-2-1024x768.jpg 1024w\" sizes=\"auto, (max-width: 600px) 100vw, 600px\" \/><\/a> <a href=\"http:\/\/www.assisi-schule-ostbevern.de\/?attachment_id=3163\" rel=\"attachment wp-att-3163\"><img loading=\"lazy\" decoding=\"async\" class=\"alignnone size-medium wp-image-3163\" src=\"http:\/\/www.assisi-schule-ostbevern.de\/wordpress\/wp-content\/uploads\/2018\/04\/2-2-600x450.jpg\" alt=\"\" width=\"600\" height=\"450\" srcset=\"https:\/\/www.assisi-schule-ostbevern.de\/wordpress\/wp-content\/uploads\/2018\/04\/2-2-600x450.jpg 600w, https:\/\/www.assisi-schule-ostbevern.de\/wordpress\/wp-content\/uploads\/2018\/04\/2-2-768x576.jpg 768w, https:\/\/www.assisi-schule-ostbevern.de\/wordpress\/wp-content\/uploads\/2018\/04\/2-2-1024x768.jpg 1024w\" sizes=\"auto, (max-width: 600px) 100vw, 600px\" \/><\/a> <a href=\"http:\/\/www.assisi-schule-ostbevern.de\/?attachment_id=3164\" rel=\"attachment wp-att-3164\"><img loading=\"lazy\" decoding=\"async\" class=\"alignnone size-medium wp-image-3164\" src=\"http:\/\/www.assisi-schule-ostbevern.de\/wordpress\/wp-content\/uploads\/2018\/04\/3-2-600x450.jpg\" alt=\"\" width=\"600\" height=\"450\" srcset=\"https:\/\/www.assisi-schule-ostbevern.de\/wordpress\/wp-content\/uploads\/2018\/04\/3-2-600x450.jpg 600w, https:\/\/www.assisi-schule-ostbevern.de\/wordpress\/wp-content\/uploads\/2018\/04\/3-2-768x576.jpg 768w, https:\/\/www.assisi-schule-ostbevern.de\/wordpress\/wp-content\/uploads\/2018\/04\/3-2-1024x768.jpg 1024w\" sizes=\"auto, (max-width: 600px) 100vw, 600px\" \/><\/a> <a href=\"http:\/\/www.assisi-schule-ostbevern.de\/?attachment_id=3165\" rel=\"attachment wp-att-3165\"><img loading=\"lazy\" decoding=\"async\" class=\"alignnone size-medium wp-image-3165\" src=\"http:\/\/www.assisi-schule-ostbevern.de\/wordpress\/wp-content\/uploads\/2018\/04\/4-2-600x450.jpg\" alt=\"\" width=\"600\" height=\"450\" srcset=\"https:\/\/www.assisi-schule-ostbevern.de\/wordpress\/wp-content\/uploads\/2018\/04\/4-2-600x450.jpg 600w, https:\/\/www.assisi-schule-ostbevern.de\/wordpress\/wp-content\/uploads\/2018\/04\/4-2-768x576.jpg 768w, https:\/\/www.assisi-schule-ostbevern.de\/wordpress\/wp-content\/uploads\/2018\/04\/4-2-1024x768.jpg 1024w\" sizes=\"auto, (max-width: 600px) 100vw, 600px\" \/><\/a> <a href=\"http:\/\/www.assisi-schule-ostbevern.de\/?attachment_id=3166\" rel=\"attachment wp-att-3166\"><img loading=\"lazy\" decoding=\"async\" class=\"alignnone size-medium wp-image-3166\" src=\"http:\/\/www.assisi-schule-ostbevern.de\/wordpress\/wp-content\/uploads\/2018\/04\/5-2-600x450.jpg\" alt=\"\" width=\"600\" height=\"450\" srcset=\"https:\/\/www.assisi-schule-ostbevern.de\/wordpress\/wp-content\/uploads\/2018\/04\/5-2-600x450.jpg 600w, https:\/\/www.assisi-schule-ostbevern.de\/wordpress\/wp-content\/uploads\/2018\/04\/5-2-768x576.jpg 768w, https:\/\/www.assisi-schule-ostbevern.de\/wordpress\/wp-content\/uploads\/2018\/04\/5-2-1024x768.jpg 1024w\" sizes=\"auto, (max-width: 600px) 100vw, 600px\" \/><\/a> <a href=\"http:\/\/www.assisi-schule-ostbevern.de\/?attachment_id=3167\" rel=\"attachment wp-att-3167\"><img loading=\"lazy\" decoding=\"async\" class=\"alignnone size-medium wp-image-3167\" src=\"http:\/\/www.assisi-schule-ostbevern.de\/wordpress\/wp-content\/uploads\/2018\/04\/6-2-600x450.jpg\" alt=\"\" width=\"600\" height=\"450\" srcset=\"https:\/\/www.assisi-schule-ostbevern.de\/wordpress\/wp-content\/uploads\/2018\/04\/6-2-600x450.jpg 600w, https:\/\/www.assisi-schule-ostbevern.de\/wordpress\/wp-content\/uploads\/2018\/04\/6-2-768x576.jpg 768w, https:\/\/www.assisi-schule-ostbevern.de\/wordpress\/wp-content\/uploads\/2018\/04\/6-2-1024x768.jpg 1024w\" sizes=\"auto, (max-width: 600px) 100vw, 600px\" \/><\/a> <a href=\"http:\/\/www.assisi-schule-ostbevern.de\/?attachment_id=3168\" rel=\"attachment wp-att-3168\"><img loading=\"lazy\" decoding=\"async\" class=\"alignnone size-medium wp-image-3168\" src=\"http:\/\/www.assisi-schule-ostbevern.de\/wordpress\/wp-content\/uploads\/2018\/04\/7-2-450x600.jpg\" alt=\"\" width=\"450\" height=\"600\" srcset=\"https:\/\/www.assisi-schule-ostbevern.de\/wordpress\/wp-content\/uploads\/2018\/04\/7-2-450x600.jpg 450w, https:\/\/www.assisi-schule-ostbevern.de\/wordpress\/wp-content\/uploads\/2018\/04\/7-2-768x1024.jpg 768w\" sizes=\"auto, (max-width: 450px) 100vw, 450px\" \/><\/a> <a href=\"http:\/\/www.assisi-schule-ostbevern.de\/?attachment_id=3169\" rel=\"attachment wp-att-3169\"><img loading=\"lazy\" decoding=\"async\" class=\"alignnone size-medium wp-image-3169\" src=\"http:\/\/www.assisi-schule-ostbevern.de\/wordpress\/wp-content\/uploads\/2018\/04\/8-1-600x450.jpg\" alt=\"\" width=\"600\" height=\"450\" srcset=\"https:\/\/www.assisi-schule-ostbevern.de\/wordpress\/wp-content\/uploads\/2018\/04\/8-1-600x450.jpg 600w, https:\/\/www.assisi-schule-ostbevern.de\/wordpress\/wp-content\/uploads\/2018\/04\/8-1-768x576.jpg 768w, https:\/\/www.assisi-schule-ostbevern.de\/wordpress\/wp-content\/uploads\/2018\/04\/8-1-1024x768.jpg 1024w\" sizes=\"auto, (max-width: 600px) 100vw, 600px\" \/><\/a> <a href=\"http:\/\/www.assisi-schule-ostbevern.de\/?attachment_id=3170\" rel=\"attachment wp-att-3170\"><img loading=\"lazy\" decoding=\"async\" class=\"alignnone size-medium wp-image-3170\" src=\"http:\/\/www.assisi-schule-ostbevern.de\/wordpress\/wp-content\/uploads\/2018\/04\/9-600x450.jpg\" alt=\"\" width=\"600\" height=\"450\" srcset=\"https:\/\/www.assisi-schule-ostbevern.de\/wordpress\/wp-content\/uploads\/2018\/04\/9-600x450.jpg 600w, https:\/\/www.assisi-schule-ostbevern.de\/wordpress\/wp-content\/uploads\/2018\/04\/9-768x576.jpg 768w, https:\/\/www.assisi-schule-ostbevern.de\/wordpress\/wp-content\/uploads\/2018\/04\/9-1024x768.jpg 1024w\" sizes=\"auto, (max-width: 600px) 100vw, 600px\" \/><\/a> <a href=\"http:\/\/www.assisi-schule-ostbevern.de\/?attachment_id=3171\" rel=\"attachment wp-att-3171\"><img loading=\"lazy\" decoding=\"async\" class=\"alignnone size-medium wp-image-3171\" src=\"http:\/\/www.assisi-schule-ostbevern.de\/wordpress\/wp-content\/uploads\/2018\/04\/10-450x600.jpg\" alt=\"\" width=\"450\" height=\"600\" srcset=\"https:\/\/www.assisi-schule-ostbevern.de\/wordpress\/wp-content\/uploads\/2018\/04\/10-450x600.jpg 450w, https:\/\/www.assisi-schule-ostbevern.de\/wordpress\/wp-content\/uploads\/2018\/04\/10-768x1024.jpg 768w\" sizes=\"auto, (max-width: 450px) 100vw, 450px\" \/><\/a> <a href=\"http:\/\/www.assisi-schule-ostbevern.de\/?attachment_id=3172\" rel=\"attachment wp-att-3172\"><img loading=\"lazy\" decoding=\"async\" class=\"alignnone size-medium wp-image-3172\" src=\"http:\/\/www.assisi-schule-ostbevern.de\/wordpress\/wp-content\/uploads\/2018\/04\/11-600x450.jpg\" alt=\"\" width=\"600\" height=\"450\" srcset=\"https:\/\/www.assisi-schule-ostbevern.de\/wordpress\/wp-content\/uploads\/2018\/04\/11-600x450.jpg 600w, https:\/\/www.assisi-schule-ostbevern.de\/wordpress\/wp-content\/uploads\/2018\/04\/11-768x576.jpg 768w, https:\/\/www.assisi-schule-ostbevern.de\/wordpress\/wp-content\/uploads\/2018\/04\/11-1024x768.jpg 1024w\" sizes=\"auto, (max-width: 600px) 100vw, 600px\" \/><\/a> <a href=\"http:\/\/www.assisi-schule-ostbevern.de\/?attachment_id=3173\" rel=\"attachment wp-att-3173\"><img loading=\"lazy\" decoding=\"async\" class=\"alignnone size-medium wp-image-3173\" src=\"http:\/\/www.assisi-schule-ostbevern.de\/wordpress\/wp-content\/uploads\/2018\/04\/12-600x450.jpg\" alt=\"\" width=\"600\" height=\"450\" srcset=\"https:\/\/www.assisi-schule-ostbevern.de\/wordpress\/wp-content\/uploads\/2018\/04\/12-600x450.jpg 600w, https:\/\/www.assisi-schule-ostbevern.de\/wordpress\/wp-content\/uploads\/2018\/04\/12-768x576.jpg 768w, https:\/\/www.assisi-schule-ostbevern.de\/wordpress\/wp-content\/uploads\/2018\/04\/12-1024x768.jpg 1024w\" sizes=\"auto, (max-width: 600px) 100vw, 600px\" \/><\/a><\/p>\n<p><strong>Kartoffeln setzen<\/strong><\/p>\n<p>Auch in diesem Jahr machte sich unser 2. Jahrgang wieder auf den Weg zum Bauernhof Verenkotte, um dort Kartoffeln zu pflanzen, die sie dann im Herbst ernten d\u00fcrfen. Die Kinder haben dazu passend im Unterricht Elfchen geschrieben. Schauen Sie selbst, wie kreativ die Kinder waren:<\/p>\n<p>(Die Fotos vom Bauernhof wurden uns freundlicherweise von Frau Reinker von der WN zur Verf\u00fcgung gestellt)<\/p>\n<p><a href=\"http:\/\/www.assisi-schule-ostbevern.de\/?attachment_id=3152\" rel=\"attachment wp-att-3152\"><img loading=\"lazy\" decoding=\"async\" class=\"alignnone size-medium wp-image-3152\" src=\"http:\/\/www.assisi-schule-ostbevern.de\/wordpress\/wp-content\/uploads\/2018\/04\/1-1-400x600.jpg\" alt=\"\" width=\"400\" height=\"600\" srcset=\"https:\/\/www.assisi-schule-ostbevern.de\/wordpress\/wp-content\/uploads\/2018\/04\/1-1-400x600.jpg 400w, https:\/\/www.assisi-schule-ostbevern.de\/wordpress\/wp-content\/uploads\/2018\/04\/1-1-768x1152.jpg 768w, https:\/\/www.assisi-schule-ostbevern.de\/wordpress\/wp-content\/uploads\/2018\/04\/1-1-683x1024.jpg 683w, https:\/\/www.assisi-schule-ostbevern.de\/wordpress\/wp-content\/uploads\/2018\/04\/1-1.jpg 1521w\" sizes=\"auto, (max-width: 400px) 100vw, 400px\" \/><\/a> <a href=\"http:\/\/www.assisi-schule-ostbevern.de\/?attachment_id=3153\" rel=\"attachment wp-att-3153\"><img loading=\"lazy\" decoding=\"async\" class=\"alignnone size-medium wp-image-3153\" src=\"http:\/\/www.assisi-schule-ostbevern.de\/wordpress\/wp-content\/uploads\/2018\/04\/2-1-600x400.jpg\" alt=\"\" width=\"600\" height=\"400\" srcset=\"https:\/\/www.assisi-schule-ostbevern.de\/wordpress\/wp-content\/uploads\/2018\/04\/2-1-600x400.jpg 600w, https:\/\/www.assisi-schule-ostbevern.de\/wordpress\/wp-content\/uploads\/2018\/04\/2-1-768x512.jpg 768w, https:\/\/www.assisi-schule-ostbevern.de\/wordpress\/wp-content\/uploads\/2018\/04\/2-1-1024x683.jpg 1024w\" sizes=\"auto, (max-width: 600px) 100vw, 600px\" \/><\/a> <a href=\"http:\/\/www.assisi-schule-ostbevern.de\/?attachment_id=3154\" rel=\"attachment wp-att-3154\"><img loading=\"lazy\" decoding=\"async\" class=\"alignnone size-medium wp-image-3154\" src=\"http:\/\/www.assisi-schule-ostbevern.de\/wordpress\/wp-content\/uploads\/2018\/04\/3-1-600x400.jpg\" alt=\"\" width=\"600\" height=\"400\" srcset=\"https:\/\/www.assisi-schule-ostbevern.de\/wordpress\/wp-content\/uploads\/2018\/04\/3-1-600x400.jpg 600w, https:\/\/www.assisi-schule-ostbevern.de\/wordpress\/wp-content\/uploads\/2018\/04\/3-1-768x512.jpg 768w, https:\/\/www.assisi-schule-ostbevern.de\/wordpress\/wp-content\/uploads\/2018\/04\/3-1-1024x683.jpg 1024w\" sizes=\"auto, (max-width: 600px) 100vw, 600px\" \/><\/a> <a href=\"http:\/\/www.assisi-schule-ostbevern.de\/?attachment_id=3155\" rel=\"attachment wp-att-3155\"><img loading=\"lazy\" decoding=\"async\" class=\"alignnone size-medium wp-image-3155\" src=\"http:\/\/www.assisi-schule-ostbevern.de\/wordpress\/wp-content\/uploads\/2018\/04\/4-1-600x338.jpg\" alt=\"\" width=\"600\" height=\"338\" srcset=\"https:\/\/www.assisi-schule-ostbevern.de\/wordpress\/wp-content\/uploads\/2018\/04\/4-1-600x338.jpg 600w, https:\/\/www.assisi-schule-ostbevern.de\/wordpress\/wp-content\/uploads\/2018\/04\/4-1-768x432.jpg 768w, https:\/\/www.assisi-schule-ostbevern.de\/wordpress\/wp-content\/uploads\/2018\/04\/4-1-1024x576.jpg 1024w\" sizes=\"auto, (max-width: 600px) 100vw, 600px\" \/><\/a> <a href=\"http:\/\/www.assisi-schule-ostbevern.de\/?attachment_id=3156\" rel=\"attachment wp-att-3156\"><img loading=\"lazy\" decoding=\"async\" class=\"alignnone size-medium wp-image-3156\" src=\"http:\/\/www.assisi-schule-ostbevern.de\/wordpress\/wp-content\/uploads\/2018\/04\/5-1-600x338.jpg\" alt=\"\" width=\"600\" height=\"338\" srcset=\"https:\/\/www.assisi-schule-ostbevern.de\/wordpress\/wp-content\/uploads\/2018\/04\/5-1-600x338.jpg 600w, https:\/\/www.assisi-schule-ostbevern.de\/wordpress\/wp-content\/uploads\/2018\/04\/5-1-768x432.jpg 768w, https:\/\/www.assisi-schule-ostbevern.de\/wordpress\/wp-content\/uploads\/2018\/04\/5-1-1024x576.jpg 1024w\" sizes=\"auto, (max-width: 600px) 100vw, 600px\" \/><\/a> <a href=\"http:\/\/www.assisi-schule-ostbevern.de\/?attachment_id=3157\" rel=\"attachment wp-att-3157\"><img loading=\"lazy\" decoding=\"async\" class=\"alignnone size-medium wp-image-3157\" src=\"http:\/\/www.assisi-schule-ostbevern.de\/wordpress\/wp-content\/uploads\/2018\/04\/6-1-600x338.jpg\" alt=\"\" width=\"600\" height=\"338\" srcset=\"https:\/\/www.assisi-schule-ostbevern.de\/wordpress\/wp-content\/uploads\/2018\/04\/6-1-600x338.jpg 600w, https:\/\/www.assisi-schule-ostbevern.de\/wordpress\/wp-content\/uploads\/2018\/04\/6-1-768x432.jpg 768w, https:\/\/www.assisi-schule-ostbevern.de\/wordpress\/wp-content\/uploads\/2018\/04\/6-1-1024x576.jpg 1024w\" sizes=\"auto, (max-width: 600px) 100vw, 600px\" \/><\/a> <a href=\"http:\/\/www.assisi-schule-ostbevern.de\/?attachment_id=3158\" rel=\"attachment wp-att-3158\"><img loading=\"lazy\" decoding=\"async\" class=\"alignnone size-medium wp-image-3158\" src=\"http:\/\/www.assisi-schule-ostbevern.de\/wordpress\/wp-content\/uploads\/2018\/04\/7-1-600x338.jpg\" alt=\"\" width=\"600\" height=\"338\" srcset=\"https:\/\/www.assisi-schule-ostbevern.de\/wordpress\/wp-content\/uploads\/2018\/04\/7-1-600x338.jpg 600w, https:\/\/www.assisi-schule-ostbevern.de\/wordpress\/wp-content\/uploads\/2018\/04\/7-1-768x432.jpg 768w, https:\/\/www.assisi-schule-ostbevern.de\/wordpress\/wp-content\/uploads\/2018\/04\/7-1-1024x576.jpg 1024w\" sizes=\"auto, (max-width: 600px) 100vw, 600px\" \/><\/a><\/p>\n<p>&nbsp;<\/p>\n<p><strong>Burg Vischering<\/strong><\/p>\n<p>Nachdem die Klassen 3a und 3b vor einiger Zeit im Sachunterricht &#8222;Ritter und Burgen&#8220; als Thema hatten, besuchten wir zum kr\u00f6nenden Abschluss nun auch noch eine echte Burg: die Burg Vischering in L\u00fcdinghausen. Diese Burg ist vor kurzem erst wieder er\u00f6ffnet worden und strahlt nun in neuem Glanz. Allerdings kann mann dennoch weiterhin auf den Spuren der alten Burgherren und -frauen wandeln und viel \u00fcber die damalige Zeit lernen. Nachdem wir eine interessante F\u00fchrung durch die Burg genie\u00dfen durften, konnten wir danach die Burg auch noch auf eigene Faust entdecken. Leider funktionierten an diesem Tag die Tablets nicht, die man sich dort eigentlich ausleihen kann, um diverse Aufgaben und Spiele bearbeiten zu k\u00f6nnen. Da wir aber gro\u00dfes Gl\u00fcck mit dem Wetter hatten, haben wir zum Schluss die Zeit noch genutzt und im Umfeld der Burg die Sonne genossen und gespielt. Es war ein wunderbarer Tag.<\/p>\n<p><a href=\"http:\/\/www.assisi-schule-ostbevern.de\/?attachment_id=3140\" rel=\"attachment wp-att-3140\"><img loading=\"lazy\" decoding=\"async\" class=\"alignnone size-medium wp-image-3140\" src=\"http:\/\/www.assisi-schule-ostbevern.de\/wordpress\/wp-content\/uploads\/2018\/04\/1-600x338.jpg\" alt=\"\" width=\"600\" height=\"338\" srcset=\"https:\/\/www.assisi-schule-ostbevern.de\/wordpress\/wp-content\/uploads\/2018\/04\/1-600x338.jpg 600w, https:\/\/www.assisi-schule-ostbevern.de\/wordpress\/wp-content\/uploads\/2018\/04\/1-768x432.jpg 768w, https:\/\/www.assisi-schule-ostbevern.de\/wordpress\/wp-content\/uploads\/2018\/04\/1-1024x576.jpg 1024w\" sizes=\"auto, (max-width: 600px) 100vw, 600px\" \/><\/a> <a href=\"http:\/\/www.assisi-schule-ostbevern.de\/?attachment_id=3141\" rel=\"attachment wp-att-3141\"><img loading=\"lazy\" decoding=\"async\" class=\"alignnone size-medium wp-image-3141\" src=\"http:\/\/www.assisi-schule-ostbevern.de\/wordpress\/wp-content\/uploads\/2018\/04\/2-600x338.jpg\" alt=\"\" width=\"600\" height=\"338\" srcset=\"https:\/\/www.assisi-schule-ostbevern.de\/wordpress\/wp-content\/uploads\/2018\/04\/2-600x338.jpg 600w, https:\/\/www.assisi-schule-ostbevern.de\/wordpress\/wp-content\/uploads\/2018\/04\/2-768x432.jpg 768w, https:\/\/www.assisi-schule-ostbevern.de\/wordpress\/wp-content\/uploads\/2018\/04\/2-1024x576.jpg 1024w\" sizes=\"auto, (max-width: 600px) 100vw, 600px\" \/><\/a> <a href=\"http:\/\/www.assisi-schule-ostbevern.de\/?attachment_id=3142\" rel=\"attachment wp-att-3142\"><img loading=\"lazy\" decoding=\"async\" class=\"alignnone size-medium wp-image-3142\" src=\"http:\/\/www.assisi-schule-ostbevern.de\/wordpress\/wp-content\/uploads\/2018\/04\/3-338x600.jpg\" alt=\"\" width=\"338\" height=\"600\" srcset=\"https:\/\/www.assisi-schule-ostbevern.de\/wordpress\/wp-content\/uploads\/2018\/04\/3-338x600.jpg 338w, https:\/\/www.assisi-schule-ostbevern.de\/wordpress\/wp-content\/uploads\/2018\/04\/3-768x1365.jpg 768w, https:\/\/www.assisi-schule-ostbevern.de\/wordpress\/wp-content\/uploads\/2018\/04\/3-576x1024.jpg 576w\" sizes=\"auto, (max-width: 338px) 100vw, 338px\" \/><\/a> <a href=\"http:\/\/www.assisi-schule-ostbevern.de\/?attachment_id=3143\" rel=\"attachment wp-att-3143\"><img loading=\"lazy\" decoding=\"async\" class=\"alignnone size-medium wp-image-3143\" src=\"http:\/\/www.assisi-schule-ostbevern.de\/wordpress\/wp-content\/uploads\/2018\/04\/4-600x338.jpg\" alt=\"\" width=\"600\" height=\"338\" srcset=\"https:\/\/www.assisi-schule-ostbevern.de\/wordpress\/wp-content\/uploads\/2018\/04\/4-600x338.jpg 600w, https:\/\/www.assisi-schule-ostbevern.de\/wordpress\/wp-content\/uploads\/2018\/04\/4-768x432.jpg 768w, https:\/\/www.assisi-schule-ostbevern.de\/wordpress\/wp-content\/uploads\/2018\/04\/4-1024x576.jpg 1024w\" sizes=\"auto, (max-width: 600px) 100vw, 600px\" \/><\/a> <a href=\"http:\/\/www.assisi-schule-ostbevern.de\/?attachment_id=3144\" rel=\"attachment wp-att-3144\"><img loading=\"lazy\" decoding=\"async\" class=\"alignnone size-medium wp-image-3144\" src=\"http:\/\/www.assisi-schule-ostbevern.de\/wordpress\/wp-content\/uploads\/2018\/04\/5-600x338.jpg\" alt=\"\" width=\"600\" height=\"338\" srcset=\"https:\/\/www.assisi-schule-ostbevern.de\/wordpress\/wp-content\/uploads\/2018\/04\/5-600x338.jpg 600w, https:\/\/www.assisi-schule-ostbevern.de\/wordpress\/wp-content\/uploads\/2018\/04\/5-768x432.jpg 768w, https:\/\/www.assisi-schule-ostbevern.de\/wordpress\/wp-content\/uploads\/2018\/04\/5-1024x576.jpg 1024w\" sizes=\"auto, (max-width: 600px) 100vw, 600px\" \/><\/a> <a href=\"http:\/\/www.assisi-schule-ostbevern.de\/?attachment_id=3145\" rel=\"attachment wp-att-3145\"><img loading=\"lazy\" decoding=\"async\" class=\"alignnone size-medium wp-image-3145\" src=\"http:\/\/www.assisi-schule-ostbevern.de\/wordpress\/wp-content\/uploads\/2018\/04\/6-600x338.jpg\" alt=\"\" width=\"600\" height=\"338\" srcset=\"https:\/\/www.assisi-schule-ostbevern.de\/wordpress\/wp-content\/uploads\/2018\/04\/6-600x338.jpg 600w, https:\/\/www.assisi-schule-ostbevern.de\/wordpress\/wp-content\/uploads\/2018\/04\/6-768x432.jpg 768w, https:\/\/www.assisi-schule-ostbevern.de\/wordpress\/wp-content\/uploads\/2018\/04\/6-1024x576.jpg 1024w\" sizes=\"auto, (max-width: 600px) 100vw, 600px\" \/><\/a> <a href=\"http:\/\/www.assisi-schule-ostbevern.de\/?attachment_id=3146\" rel=\"attachment wp-att-3146\"><img loading=\"lazy\" decoding=\"async\" class=\"alignnone size-medium wp-image-3146\" src=\"http:\/\/www.assisi-schule-ostbevern.de\/wordpress\/wp-content\/uploads\/2018\/04\/7-600x338.jpg\" alt=\"\" width=\"600\" height=\"338\" srcset=\"https:\/\/www.assisi-schule-ostbevern.de\/wordpress\/wp-content\/uploads\/2018\/04\/7-600x338.jpg 600w, https:\/\/www.assisi-schule-ostbevern.de\/wordpress\/wp-content\/uploads\/2018\/04\/7-768x432.jpg 768w, https:\/\/www.assisi-schule-ostbevern.de\/wordpress\/wp-content\/uploads\/2018\/04\/7-1024x576.jpg 1024w\" sizes=\"auto, (max-width: 600px) 100vw, 600px\" \/><\/a> <a href=\"http:\/\/www.assisi-schule-ostbevern.de\/?attachment_id=3147\" rel=\"attachment wp-att-3147\"><img loading=\"lazy\" decoding=\"async\" class=\"alignnone size-medium wp-image-3147\" src=\"http:\/\/www.assisi-schule-ostbevern.de\/wordpress\/wp-content\/uploads\/2018\/04\/8-600x338.jpg\" alt=\"\" width=\"600\" height=\"338\" srcset=\"https:\/\/www.assisi-schule-ostbevern.de\/wordpress\/wp-content\/uploads\/2018\/04\/8-600x338.jpg 600w, https:\/\/www.assisi-schule-ostbevern.de\/wordpress\/wp-content\/uploads\/2018\/04\/8-768x432.jpg 768w, https:\/\/www.assisi-schule-ostbevern.de\/wordpress\/wp-content\/uploads\/2018\/04\/8-1024x576.jpg 1024w\" sizes=\"auto, (max-width: 600px) 100vw, 600px\" \/><\/a><\/p>\n<p><strong>Br\u00fccken &#8211; und was sie stabil macht<\/strong><\/p>\n<p>Die Klasssen 4a und 4b haben im Moment in Sachunterricht das Thema Br\u00fccken. Wir haben in den Stunden Br\u00fccken gebaut, zum Beispiel die Balkenbr\u00fccke, die Kragbogenbr\u00fccke, die Bogenbr\u00fccke und die Leonardobr\u00fccke. Es gibt aber noch die H\u00e4ngebr\u00fccke, die Schr\u00e4gseilbr\u00fccke und viele mehr. Wir haben au\u00dferdem noch gelernt, dass Menschen seit mehr als dreitausend Jahren Br\u00fccken bauen, um Hindernisse, wie zum Beispiel Schluchten oder Fl\u00fcsse \u00fcberwinden zu k\u00f6nnen. Beim Bau einer Br\u00fccke muss man zwei wichtige Punkte bedenken: Die Br\u00fccke muss ihr eigenes Gewicht tragen und das der Benutzer. Dabei spielen die Gesetze der Physik eine gro\u00dfe Rolle. Wichtige Baustoffe waren bis vor 250 Jahren Holz und Stein. Ab dann entstanden die ersten Br\u00fccken aus Gusseisen. Dann entstand Stahl. 1860 setzte man Beton beim Br\u00fcckenbau ein. Am Ende d\u00fcrfen wir sogar eigene Br\u00fccken planen und bauen. Die Br\u00fccken k\u00f6nnen ab jetzt im Forum angeschaut werden. (Henri Schepers, 4a)<\/p>\n<p><a href=\"http:\/\/www.assisi-schule-ostbevern.de\/?attachment_id=3125\" rel=\"attachment wp-att-3125\"><img loading=\"lazy\" decoding=\"async\" class=\"alignnone size-medium wp-image-3125\" src=\"http:\/\/www.assisi-schule-ostbevern.de\/wordpress\/wp-content\/uploads\/2018\/03\/1-2-600x338.jpg\" alt=\"\" width=\"600\" height=\"338\" srcset=\"https:\/\/www.assisi-schule-ostbevern.de\/wordpress\/wp-content\/uploads\/2018\/03\/1-2-600x338.jpg 600w, https:\/\/www.assisi-schule-ostbevern.de\/wordpress\/wp-content\/uploads\/2018\/03\/1-2-768x432.jpg 768w, https:\/\/www.assisi-schule-ostbevern.de\/wordpress\/wp-content\/uploads\/2018\/03\/1-2-1024x576.jpg 1024w, https:\/\/www.assisi-schule-ostbevern.de\/wordpress\/wp-content\/uploads\/2018\/03\/1-2.jpg 1280w\" sizes=\"auto, (max-width: 600px) 100vw, 600px\" \/><\/a> <a href=\"http:\/\/www.assisi-schule-ostbevern.de\/?attachment_id=3126\" rel=\"attachment wp-att-3126\"><img loading=\"lazy\" decoding=\"async\" class=\"alignnone size-medium wp-image-3126\" src=\"http:\/\/www.assisi-schule-ostbevern.de\/wordpress\/wp-content\/uploads\/2018\/03\/2-2-600x338.jpg\" alt=\"\" width=\"600\" height=\"338\" srcset=\"https:\/\/www.assisi-schule-ostbevern.de\/wordpress\/wp-content\/uploads\/2018\/03\/2-2-600x338.jpg 600w, https:\/\/www.assisi-schule-ostbevern.de\/wordpress\/wp-content\/uploads\/2018\/03\/2-2-768x432.jpg 768w, https:\/\/www.assisi-schule-ostbevern.de\/wordpress\/wp-content\/uploads\/2018\/03\/2-2-1024x576.jpg 1024w, https:\/\/www.assisi-schule-ostbevern.de\/wordpress\/wp-content\/uploads\/2018\/03\/2-2.jpg 1280w\" sizes=\"auto, (max-width: 600px) 100vw, 600px\" \/><\/a> <a href=\"http:\/\/www.assisi-schule-ostbevern.de\/?attachment_id=3127\" rel=\"attachment wp-att-3127\"><img loading=\"lazy\" decoding=\"async\" class=\"alignnone size-medium wp-image-3127\" src=\"http:\/\/www.assisi-schule-ostbevern.de\/wordpress\/wp-content\/uploads\/2018\/03\/3-2-600x338.jpg\" alt=\"\" width=\"600\" height=\"338\" srcset=\"https:\/\/www.assisi-schule-ostbevern.de\/wordpress\/wp-content\/uploads\/2018\/03\/3-2-600x338.jpg 600w, https:\/\/www.assisi-schule-ostbevern.de\/wordpress\/wp-content\/uploads\/2018\/03\/3-2-768x432.jpg 768w, https:\/\/www.assisi-schule-ostbevern.de\/wordpress\/wp-content\/uploads\/2018\/03\/3-2-1024x576.jpg 1024w, https:\/\/www.assisi-schule-ostbevern.de\/wordpress\/wp-content\/uploads\/2018\/03\/3-2.jpg 1280w\" sizes=\"auto, (max-width: 600px) 100vw, 600px\" \/><\/a> <a href=\"http:\/\/www.assisi-schule-ostbevern.de\/?attachment_id=3128\" rel=\"attachment wp-att-3128\"><img loading=\"lazy\" decoding=\"async\" class=\"alignnone size-medium wp-image-3128\" src=\"http:\/\/www.assisi-schule-ostbevern.de\/wordpress\/wp-content\/uploads\/2018\/03\/4-1-600x338.jpg\" alt=\"\" width=\"600\" height=\"338\" srcset=\"https:\/\/www.assisi-schule-ostbevern.de\/wordpress\/wp-content\/uploads\/2018\/03\/4-1-600x338.jpg 600w, https:\/\/www.assisi-schule-ostbevern.de\/wordpress\/wp-content\/uploads\/2018\/03\/4-1-768x432.jpg 768w, https:\/\/www.assisi-schule-ostbevern.de\/wordpress\/wp-content\/uploads\/2018\/03\/4-1-1024x576.jpg 1024w, https:\/\/www.assisi-schule-ostbevern.de\/wordpress\/wp-content\/uploads\/2018\/03\/4-1.jpg 1280w\" sizes=\"auto, (max-width: 600px) 100vw, 600px\" \/><\/a> <a href=\"http:\/\/www.assisi-schule-ostbevern.de\/?attachment_id=3129\" rel=\"attachment wp-att-3129\"><img loading=\"lazy\" decoding=\"async\" class=\"alignnone size-medium wp-image-3129\" src=\"http:\/\/www.assisi-schule-ostbevern.de\/wordpress\/wp-content\/uploads\/2018\/03\/5-1-600x338.jpg\" alt=\"\" width=\"600\" height=\"338\" srcset=\"https:\/\/www.assisi-schule-ostbevern.de\/wordpress\/wp-content\/uploads\/2018\/03\/5-1-600x338.jpg 600w, https:\/\/www.assisi-schule-ostbevern.de\/wordpress\/wp-content\/uploads\/2018\/03\/5-1-768x432.jpg 768w, https:\/\/www.assisi-schule-ostbevern.de\/wordpress\/wp-content\/uploads\/2018\/03\/5-1-1024x576.jpg 1024w, https:\/\/www.assisi-schule-ostbevern.de\/wordpress\/wp-content\/uploads\/2018\/03\/5-1.jpg 1280w\" sizes=\"auto, (max-width: 600px) 100vw, 600px\" \/><\/a> <a href=\"http:\/\/www.assisi-schule-ostbevern.de\/?attachment_id=3130\" rel=\"attachment wp-att-3130\"><img loading=\"lazy\" decoding=\"async\" class=\"alignnone size-medium wp-image-3130\" src=\"http:\/\/www.assisi-schule-ostbevern.de\/wordpress\/wp-content\/uploads\/2018\/03\/6-1-600x338.jpg\" alt=\"\" width=\"600\" height=\"338\" srcset=\"https:\/\/www.assisi-schule-ostbevern.de\/wordpress\/wp-content\/uploads\/2018\/03\/6-1-600x338.jpg 600w, https:\/\/www.assisi-schule-ostbevern.de\/wordpress\/wp-content\/uploads\/2018\/03\/6-1-768x432.jpg 768w, https:\/\/www.assisi-schule-ostbevern.de\/wordpress\/wp-content\/uploads\/2018\/03\/6-1-1024x576.jpg 1024w, https:\/\/www.assisi-schule-ostbevern.de\/wordpress\/wp-content\/uploads\/2018\/03\/6-1.jpg 1280w\" sizes=\"auto, (max-width: 600px) 100vw, 600px\" \/><\/a> <a href=\"http:\/\/www.assisi-schule-ostbevern.de\/?attachment_id=3131\" rel=\"attachment wp-att-3131\"><img loading=\"lazy\" decoding=\"async\" class=\"alignnone size-medium wp-image-3131\" src=\"http:\/\/www.assisi-schule-ostbevern.de\/wordpress\/wp-content\/uploads\/2018\/03\/7-1-338x600.jpg\" alt=\"\" width=\"338\" height=\"600\" srcset=\"https:\/\/www.assisi-schule-ostbevern.de\/wordpress\/wp-content\/uploads\/2018\/03\/7-1-338x600.jpg 338w, https:\/\/www.assisi-schule-ostbevern.de\/wordpress\/wp-content\/uploads\/2018\/03\/7-1-576x1024.jpg 576w, https:\/\/www.assisi-schule-ostbevern.de\/wordpress\/wp-content\/uploads\/2018\/03\/7-1.jpg 720w\" sizes=\"auto, (max-width: 338px) 100vw, 338px\" \/><\/a> <a href=\"http:\/\/www.assisi-schule-ostbevern.de\/?attachment_id=3132\" rel=\"attachment wp-att-3132\"><img loading=\"lazy\" decoding=\"async\" class=\"alignnone size-medium wp-image-3132\" src=\"http:\/\/www.assisi-schule-ostbevern.de\/wordpress\/wp-content\/uploads\/2018\/03\/8-1-338x600.jpg\" alt=\"\" width=\"338\" height=\"600\" srcset=\"https:\/\/www.assisi-schule-ostbevern.de\/wordpress\/wp-content\/uploads\/2018\/03\/8-1-338x600.jpg 338w, https:\/\/www.assisi-schule-ostbevern.de\/wordpress\/wp-content\/uploads\/2018\/03\/8-1-576x1024.jpg 576w, https:\/\/www.assisi-schule-ostbevern.de\/wordpress\/wp-content\/uploads\/2018\/03\/8-1.jpg 720w\" sizes=\"auto, (max-width: 338px) 100vw, 338px\" \/><\/a> <a href=\"http:\/\/www.assisi-schule-ostbevern.de\/?attachment_id=3133\" rel=\"attachment wp-att-3133\"><img loading=\"lazy\" decoding=\"async\" class=\"alignnone size-medium wp-image-3133\" src=\"http:\/\/www.assisi-schule-ostbevern.de\/wordpress\/wp-content\/uploads\/2018\/03\/9-1-600x450.jpg\" alt=\"\" width=\"600\" height=\"450\" srcset=\"https:\/\/www.assisi-schule-ostbevern.de\/wordpress\/wp-content\/uploads\/2018\/03\/9-1-600x450.jpg 600w, https:\/\/www.assisi-schule-ostbevern.de\/wordpress\/wp-content\/uploads\/2018\/03\/9-1-768x576.jpg 768w, https:\/\/www.assisi-schule-ostbevern.de\/wordpress\/wp-content\/uploads\/2018\/03\/9-1.jpg 1024w\" sizes=\"auto, (max-width: 600px) 100vw, 600px\" \/><\/a> <a href=\"http:\/\/www.assisi-schule-ostbevern.de\/?attachment_id=3134\" rel=\"attachment wp-att-3134\"><img loading=\"lazy\" decoding=\"async\" class=\"alignnone size-medium wp-image-3134\" src=\"http:\/\/www.assisi-schule-ostbevern.de\/wordpress\/wp-content\/uploads\/2018\/03\/10-1-600x450.jpg\" alt=\"\" width=\"600\" height=\"450\" srcset=\"https:\/\/www.assisi-schule-ostbevern.de\/wordpress\/wp-content\/uploads\/2018\/03\/10-1-600x450.jpg 600w, https:\/\/www.assisi-schule-ostbevern.de\/wordpress\/wp-content\/uploads\/2018\/03\/10-1-768x576.jpg 768w, https:\/\/www.assisi-schule-ostbevern.de\/wordpress\/wp-content\/uploads\/2018\/03\/10-1.jpg 1024w\" sizes=\"auto, (max-width: 600px) 100vw, 600px\" \/><\/a> <a href=\"http:\/\/www.assisi-schule-ostbevern.de\/?attachment_id=3135\" rel=\"attachment wp-att-3135\"><img loading=\"lazy\" decoding=\"async\" class=\"alignnone size-medium wp-image-3135\" src=\"http:\/\/www.assisi-schule-ostbevern.de\/wordpress\/wp-content\/uploads\/2018\/03\/11-1-600x450.jpg\" alt=\"\" width=\"600\" height=\"450\" srcset=\"https:\/\/www.assisi-schule-ostbevern.de\/wordpress\/wp-content\/uploads\/2018\/03\/11-1-600x450.jpg 600w, https:\/\/www.assisi-schule-ostbevern.de\/wordpress\/wp-content\/uploads\/2018\/03\/11-1-768x576.jpg 768w, https:\/\/www.assisi-schule-ostbevern.de\/wordpress\/wp-content\/uploads\/2018\/03\/11-1.jpg 1024w\" sizes=\"auto, (max-width: 600px) 100vw, 600px\" \/><\/a><\/p>\n<p><strong>Fr\u00fchlingssingen<\/strong><\/p>\n<p>Und wieder war es soweit. Die Osterferien stehen vor der T\u00fcr und die Franz-von-Assisi-Schule traf sich wieder am letzten Schultag vor den Ferien zum traditionellen Fr\u00fchlingssingen. Das Forum war prall gef\u00fcllt mit Kindern und Besuchern und die Stimmung war trotz des tr\u00fcben Wetters richtig gut. Zuerst \u00fcberreichte Herr Redbrake vom Tischtennis-Verein in Ostbevern einigen Kindern den Schulpokal, da die Schule die meisten Teilnehmer gestellt hatte beim letzten Tischtennis-Turnier. Danach folgte ein buntes Programm mit Fr\u00fchlingsliedern und -t\u00e4nzen, das zum Mitmachen animierte. Auch Gedichte wurden vorgetragen. Zum kr\u00f6nenden Abschluss wurden auch noch die Sieger des Gewinnspiels der Assisi-News gezogen. Die Zeitungs-AG hatte hierzu eine Verlosung vorbereitet. Die drei Gewinner konnten sich \u00fcber Eis-Gutscheine freuen.<\/p>\n<p>Wir w\u00fcnschen allen Familien frohe und gesegnete Ostertage!<\/p>\n<p><a href=\"http:\/\/www.assisi-schule-ostbevern.de\/?attachment_id=3106\" rel=\"attachment wp-att-3106\"><img loading=\"lazy\" decoding=\"async\" class=\"alignnone size-medium wp-image-3106\" src=\"http:\/\/www.assisi-schule-ostbevern.de\/wordpress\/wp-content\/uploads\/2018\/03\/1-1-450x600.jpg\" alt=\"\" width=\"450\" height=\"600\" srcset=\"https:\/\/www.assisi-schule-ostbevern.de\/wordpress\/wp-content\/uploads\/2018\/03\/1-1-450x600.jpg 450w, https:\/\/www.assisi-schule-ostbevern.de\/wordpress\/wp-content\/uploads\/2018\/03\/1-1.jpg 768w\" sizes=\"auto, (max-width: 450px) 100vw, 450px\" \/><\/a> <a href=\"http:\/\/www.assisi-schule-ostbevern.de\/?attachment_id=3107\" rel=\"attachment wp-att-3107\"><img loading=\"lazy\" decoding=\"async\" class=\"alignnone size-medium wp-image-3107\" src=\"http:\/\/www.assisi-schule-ostbevern.de\/wordpress\/wp-content\/uploads\/2018\/03\/2-1-600x450.jpg\" alt=\"\" width=\"600\" height=\"450\" srcset=\"https:\/\/www.assisi-schule-ostbevern.de\/wordpress\/wp-content\/uploads\/2018\/03\/2-1-600x450.jpg 600w, https:\/\/www.assisi-schule-ostbevern.de\/wordpress\/wp-content\/uploads\/2018\/03\/2-1-768x576.jpg 768w, https:\/\/www.assisi-schule-ostbevern.de\/wordpress\/wp-content\/uploads\/2018\/03\/2-1-1024x768.jpg 1024w\" sizes=\"auto, (max-width: 600px) 100vw, 600px\" \/><\/a> <a href=\"http:\/\/www.assisi-schule-ostbevern.de\/?attachment_id=3108\" rel=\"attachment wp-att-3108\"><img loading=\"lazy\" decoding=\"async\" class=\"alignnone size-medium wp-image-3108\" src=\"http:\/\/www.assisi-schule-ostbevern.de\/wordpress\/wp-content\/uploads\/2018\/03\/3-1-600x450.jpg\" alt=\"\" width=\"600\" height=\"450\" srcset=\"https:\/\/www.assisi-schule-ostbevern.de\/wordpress\/wp-content\/uploads\/2018\/03\/3-1-600x450.jpg 600w, https:\/\/www.assisi-schule-ostbevern.de\/wordpress\/wp-content\/uploads\/2018\/03\/3-1-768x576.jpg 768w, https:\/\/www.assisi-schule-ostbevern.de\/wordpress\/wp-content\/uploads\/2018\/03\/3-1-1024x768.jpg 1024w\" sizes=\"auto, (max-width: 600px) 100vw, 600px\" \/><\/a> <a href=\"http:\/\/www.assisi-schule-ostbevern.de\/?attachment_id=3109\" rel=\"attachment wp-att-3109\"><img loading=\"lazy\" decoding=\"async\" class=\"alignnone size-medium wp-image-3109\" src=\"http:\/\/www.assisi-schule-ostbevern.de\/wordpress\/wp-content\/uploads\/2018\/03\/4-600x450.jpg\" alt=\"\" width=\"600\" height=\"450\" srcset=\"https:\/\/www.assisi-schule-ostbevern.de\/wordpress\/wp-content\/uploads\/2018\/03\/4-600x450.jpg 600w, https:\/\/www.assisi-schule-ostbevern.de\/wordpress\/wp-content\/uploads\/2018\/03\/4-768x576.jpg 768w, https:\/\/www.assisi-schule-ostbevern.de\/wordpress\/wp-content\/uploads\/2018\/03\/4-1024x768.jpg 1024w\" sizes=\"auto, (max-width: 600px) 100vw, 600px\" \/><\/a> <a href=\"http:\/\/www.assisi-schule-ostbevern.de\/?attachment_id=3110\" rel=\"attachment wp-att-3110\"><img loading=\"lazy\" decoding=\"async\" class=\"alignnone size-medium wp-image-3110\" src=\"http:\/\/www.assisi-schule-ostbevern.de\/wordpress\/wp-content\/uploads\/2018\/03\/5-600x450.jpg\" alt=\"\" width=\"600\" height=\"450\" srcset=\"https:\/\/www.assisi-schule-ostbevern.de\/wordpress\/wp-content\/uploads\/2018\/03\/5-600x450.jpg 600w, https:\/\/www.assisi-schule-ostbevern.de\/wordpress\/wp-content\/uploads\/2018\/03\/5-768x576.jpg 768w, https:\/\/www.assisi-schule-ostbevern.de\/wordpress\/wp-content\/uploads\/2018\/03\/5-1024x768.jpg 1024w\" sizes=\"auto, (max-width: 600px) 100vw, 600px\" \/><\/a> <a href=\"http:\/\/www.assisi-schule-ostbevern.de\/?attachment_id=3111\" rel=\"attachment wp-att-3111\"><img loading=\"lazy\" decoding=\"async\" class=\"alignnone size-medium wp-image-3111\" src=\"http:\/\/www.assisi-schule-ostbevern.de\/wordpress\/wp-content\/uploads\/2018\/03\/6-600x450.jpg\" alt=\"\" width=\"600\" height=\"450\" srcset=\"https:\/\/www.assisi-schule-ostbevern.de\/wordpress\/wp-content\/uploads\/2018\/03\/6-600x450.jpg 600w, https:\/\/www.assisi-schule-ostbevern.de\/wordpress\/wp-content\/uploads\/2018\/03\/6-768x576.jpg 768w, https:\/\/www.assisi-schule-ostbevern.de\/wordpress\/wp-content\/uploads\/2018\/03\/6-1024x768.jpg 1024w\" sizes=\"auto, (max-width: 600px) 100vw, 600px\" \/><\/a> <a href=\"http:\/\/www.assisi-schule-ostbevern.de\/?attachment_id=3112\" rel=\"attachment wp-att-3112\"><img loading=\"lazy\" decoding=\"async\" class=\"alignnone size-medium wp-image-3112\" src=\"http:\/\/www.assisi-schule-ostbevern.de\/wordpress\/wp-content\/uploads\/2018\/03\/7-600x450.jpg\" alt=\"\" width=\"600\" height=\"450\" srcset=\"https:\/\/www.assisi-schule-ostbevern.de\/wordpress\/wp-content\/uploads\/2018\/03\/7-600x450.jpg 600w, https:\/\/www.assisi-schule-ostbevern.de\/wordpress\/wp-content\/uploads\/2018\/03\/7-768x576.jpg 768w, https:\/\/www.assisi-schule-ostbevern.de\/wordpress\/wp-content\/uploads\/2018\/03\/7-1024x768.jpg 1024w\" sizes=\"auto, (max-width: 600px) 100vw, 600px\" \/><\/a> <a href=\"http:\/\/www.assisi-schule-ostbevern.de\/?attachment_id=3113\" rel=\"attachment wp-att-3113\"><img loading=\"lazy\" decoding=\"async\" class=\"alignnone size-medium wp-image-3113\" src=\"http:\/\/www.assisi-schule-ostbevern.de\/wordpress\/wp-content\/uploads\/2018\/03\/8-600x450.jpg\" alt=\"\" width=\"600\" height=\"450\" srcset=\"https:\/\/www.assisi-schule-ostbevern.de\/wordpress\/wp-content\/uploads\/2018\/03\/8-600x450.jpg 600w, https:\/\/www.assisi-schule-ostbevern.de\/wordpress\/wp-content\/uploads\/2018\/03\/8-768x576.jpg 768w, https:\/\/www.assisi-schule-ostbevern.de\/wordpress\/wp-content\/uploads\/2018\/03\/8-1024x768.jpg 1024w\" sizes=\"auto, (max-width: 600px) 100vw, 600px\" \/><\/a> <a href=\"http:\/\/www.assisi-schule-ostbevern.de\/?attachment_id=3114\" rel=\"attachment wp-att-3114\"><img loading=\"lazy\" decoding=\"async\" class=\"alignnone size-medium wp-image-3114\" src=\"http:\/\/www.assisi-schule-ostbevern.de\/wordpress\/wp-content\/uploads\/2018\/03\/9-600x450.jpg\" alt=\"\" width=\"600\" height=\"450\" srcset=\"https:\/\/www.assisi-schule-ostbevern.de\/wordpress\/wp-content\/uploads\/2018\/03\/9-600x450.jpg 600w, https:\/\/www.assisi-schule-ostbevern.de\/wordpress\/wp-content\/uploads\/2018\/03\/9-768x576.jpg 768w, https:\/\/www.assisi-schule-ostbevern.de\/wordpress\/wp-content\/uploads\/2018\/03\/9-1024x768.jpg 1024w\" sizes=\"auto, (max-width: 600px) 100vw, 600px\" \/><\/a> <a href=\"http:\/\/www.assisi-schule-ostbevern.de\/?attachment_id=3115\" rel=\"attachment wp-att-3115\"><img loading=\"lazy\" decoding=\"async\" class=\"alignnone size-medium wp-image-3115\" src=\"http:\/\/www.assisi-schule-ostbevern.de\/wordpress\/wp-content\/uploads\/2018\/03\/10-600x450.jpg\" alt=\"\" width=\"600\" height=\"450\" srcset=\"https:\/\/www.assisi-schule-ostbevern.de\/wordpress\/wp-content\/uploads\/2018\/03\/10-600x450.jpg 600w, https:\/\/www.assisi-schule-ostbevern.de\/wordpress\/wp-content\/uploads\/2018\/03\/10-768x576.jpg 768w, https:\/\/www.assisi-schule-ostbevern.de\/wordpress\/wp-content\/uploads\/2018\/03\/10-1024x768.jpg 1024w\" sizes=\"auto, (max-width: 600px) 100vw, 600px\" \/><\/a> <a href=\"http:\/\/www.assisi-schule-ostbevern.de\/?attachment_id=3116\" rel=\"attachment wp-att-3116\"><img loading=\"lazy\" decoding=\"async\" class=\"alignnone size-medium wp-image-3116\" src=\"http:\/\/www.assisi-schule-ostbevern.de\/wordpress\/wp-content\/uploads\/2018\/03\/11-600x450.jpg\" alt=\"\" width=\"600\" height=\"450\" srcset=\"https:\/\/www.assisi-schule-ostbevern.de\/wordpress\/wp-content\/uploads\/2018\/03\/11-600x450.jpg 600w, https:\/\/www.assisi-schule-ostbevern.de\/wordpress\/wp-content\/uploads\/2018\/03\/11-768x576.jpg 768w, https:\/\/www.assisi-schule-ostbevern.de\/wordpress\/wp-content\/uploads\/2018\/03\/11-1024x768.jpg 1024w\" sizes=\"auto, (max-width: 600px) 100vw, 600px\" \/><\/a> <a href=\"http:\/\/www.assisi-schule-ostbevern.de\/?attachment_id=3117\" rel=\"attachment wp-att-3117\"><img loading=\"lazy\" decoding=\"async\" class=\"alignnone size-medium wp-image-3117\" src=\"http:\/\/www.assisi-schule-ostbevern.de\/wordpress\/wp-content\/uploads\/2018\/03\/12-600x450.jpg\" alt=\"\" width=\"600\" height=\"450\" srcset=\"https:\/\/www.assisi-schule-ostbevern.de\/wordpress\/wp-content\/uploads\/2018\/03\/12-600x450.jpg 600w, https:\/\/www.assisi-schule-ostbevern.de\/wordpress\/wp-content\/uploads\/2018\/03\/12-768x576.jpg 768w, https:\/\/www.assisi-schule-ostbevern.de\/wordpress\/wp-content\/uploads\/2018\/03\/12-1024x768.jpg 1024w\" sizes=\"auto, (max-width: 600px) 100vw, 600px\" \/><\/a> <a href=\"http:\/\/www.assisi-schule-ostbevern.de\/?attachment_id=3118\" rel=\"attachment wp-att-3118\"><img loading=\"lazy\" decoding=\"async\" class=\"alignnone size-medium wp-image-3118\" src=\"http:\/\/www.assisi-schule-ostbevern.de\/wordpress\/wp-content\/uploads\/2018\/03\/13-600x450.jpg\" alt=\"\" width=\"600\" height=\"450\" srcset=\"https:\/\/www.assisi-schule-ostbevern.de\/wordpress\/wp-content\/uploads\/2018\/03\/13-600x450.jpg 600w, https:\/\/www.assisi-schule-ostbevern.de\/wordpress\/wp-content\/uploads\/2018\/03\/13-768x576.jpg 768w, https:\/\/www.assisi-schule-ostbevern.de\/wordpress\/wp-content\/uploads\/2018\/03\/13-1024x768.jpg 1024w\" sizes=\"auto, (max-width: 600px) 100vw, 600px\" \/><\/a> <a href=\"http:\/\/www.assisi-schule-ostbevern.de\/?attachment_id=3119\" rel=\"attachment wp-att-3119\"><img loading=\"lazy\" decoding=\"async\" class=\"alignnone size-medium wp-image-3119\" src=\"http:\/\/www.assisi-schule-ostbevern.de\/wordpress\/wp-content\/uploads\/2018\/03\/14-600x450.jpg\" alt=\"\" width=\"600\" height=\"450\" srcset=\"https:\/\/www.assisi-schule-ostbevern.de\/wordpress\/wp-content\/uploads\/2018\/03\/14-600x450.jpg 600w, https:\/\/www.assisi-schule-ostbevern.de\/wordpress\/wp-content\/uploads\/2018\/03\/14-768x576.jpg 768w, https:\/\/www.assisi-schule-ostbevern.de\/wordpress\/wp-content\/uploads\/2018\/03\/14-1024x768.jpg 1024w\" sizes=\"auto, (max-width: 600px) 100vw, 600px\" \/><\/a> <a href=\"http:\/\/www.assisi-schule-ostbevern.de\/?attachment_id=3120\" rel=\"attachment wp-att-3120\"><img loading=\"lazy\" decoding=\"async\" class=\"alignnone size-medium wp-image-3120\" src=\"http:\/\/www.assisi-schule-ostbevern.de\/wordpress\/wp-content\/uploads\/2018\/03\/15-600x450.jpg\" alt=\"\" width=\"600\" height=\"450\" srcset=\"https:\/\/www.assisi-schule-ostbevern.de\/wordpress\/wp-content\/uploads\/2018\/03\/15-600x450.jpg 600w, https:\/\/www.assisi-schule-ostbevern.de\/wordpress\/wp-content\/uploads\/2018\/03\/15-768x576.jpg 768w, https:\/\/www.assisi-schule-ostbevern.de\/wordpress\/wp-content\/uploads\/2018\/03\/15-1024x768.jpg 1024w\" sizes=\"auto, (max-width: 600px) 100vw, 600px\" \/><\/a><\/p>\n<p><strong>Klasse 2a gestaltet die Osterkerze der Kirchengemeinde St. Ambrosius<\/strong><\/p>\n<p>Die Osterkerze der Kirchengemeinde St. Ambrosius ist in jedem Jahr ein Unikat:<br \/>\nDie Messdienerleiterrunde zieht in einer Nacht aus den Wachsresten des vergangenen Jahres die neue Osterkerze. Diese Kerze wird dann von einer Gruppe aus der Kirchengemeinde gestaltet und verziert.<\/p>\n<p>In diesem Jahr hat die Klasse 2a der Franz von Assisi Schule die diesj\u00e4hrige Osterkerze gestaltet. Damit dies in einer Schulstunde entstehen konnte, haben sich zuvor drei M\u00fctter mit Pastoralassistentin Christina Eikens getroffen, um die Motive vorzubereiten.<br \/>\nAuf der Osterkerze wurde der Weg Jesu vom Einzug in Jerusalem bis zum Osterfest mit Motiven festgehalten. Dieser Weg Jesu begleitete die Religionsklasse um Barbara Hesse und Christina Eikens w\u00e4hrend der Unterrichtseinheit zur Passionsgeschichte als Bodenbild. Die Sch\u00fclerinnen und Sch\u00fcler hatten viel Spa\u00df und Freude bei der Gestaltung. Zur Freude der Sch\u00fclerinnen und Sch\u00fcler durften alle Kinder im Anschluss eine Osterkerze in Miniformat gestalten und zu Ostern mit nach Hause nehmen.<\/p>\n<p>Einige Kinder der Klasse 2a werden in der Osternacht am Samstag, 31.03.2018 um 21:00 Uhr in der St. Ambrosiuskirche die neue Osterkerze vorstellen.<br \/>\nHerzliche Einladung zur Mitfeier der Osternacht mit anschl. Agapefeier in der St. Ambrosiuskirche.<\/p>\n<p>Die Kirchengemeinde St. Ambrosius bedankt sich und freut sich \u00fcber die sch\u00f6ne neue Osterkerze.<br \/>\nHier ein paar Eindr\u00fccke:<\/p>\n<p><a href=\"http:\/\/www.assisi-schule-ostbevern.de\/?attachment_id=3102\" rel=\"attachment wp-att-3102\"><img loading=\"lazy\" decoding=\"async\" class=\"alignnone size-medium wp-image-3102\" src=\"http:\/\/www.assisi-schule-ostbevern.de\/wordpress\/wp-content\/uploads\/2018\/03\/1-600x338.jpg\" alt=\"\" width=\"600\" height=\"338\" srcset=\"https:\/\/www.assisi-schule-ostbevern.de\/wordpress\/wp-content\/uploads\/2018\/03\/1-600x338.jpg 600w, https:\/\/www.assisi-schule-ostbevern.de\/wordpress\/wp-content\/uploads\/2018\/03\/1-768x432.jpg 768w, https:\/\/www.assisi-schule-ostbevern.de\/wordpress\/wp-content\/uploads\/2018\/03\/1-1024x576.jpg 1024w, https:\/\/www.assisi-schule-ostbevern.de\/wordpress\/wp-content\/uploads\/2018\/03\/1.jpg 1632w\" sizes=\"auto, (max-width: 600px) 100vw, 600px\" \/><\/a> <a href=\"http:\/\/www.assisi-schule-ostbevern.de\/?attachment_id=3103\" rel=\"attachment wp-att-3103\"><img loading=\"lazy\" decoding=\"async\" class=\"alignnone size-medium wp-image-3103\" src=\"http:\/\/www.assisi-schule-ostbevern.de\/wordpress\/wp-content\/uploads\/2018\/03\/2-338x600.jpg\" alt=\"\" width=\"338\" height=\"600\" srcset=\"https:\/\/www.assisi-schule-ostbevern.de\/wordpress\/wp-content\/uploads\/2018\/03\/2-338x600.jpg 338w, https:\/\/www.assisi-schule-ostbevern.de\/wordpress\/wp-content\/uploads\/2018\/03\/2-768x1365.jpg 768w, https:\/\/www.assisi-schule-ostbevern.de\/wordpress\/wp-content\/uploads\/2018\/03\/2-576x1024.jpg 576w, https:\/\/www.assisi-schule-ostbevern.de\/wordpress\/wp-content\/uploads\/2018\/03\/2.jpg 918w\" sizes=\"auto, (max-width: 338px) 100vw, 338px\" \/><\/a> <a href=\"http:\/\/www.assisi-schule-ostbevern.de\/?attachment_id=3104\" rel=\"attachment wp-att-3104\"><img loading=\"lazy\" decoding=\"async\" class=\"alignnone size-medium wp-image-3104\" src=\"http:\/\/www.assisi-schule-ostbevern.de\/wordpress\/wp-content\/uploads\/2018\/03\/3-600x338.jpg\" alt=\"\" width=\"600\" height=\"338\" srcset=\"https:\/\/www.assisi-schule-ostbevern.de\/wordpress\/wp-content\/uploads\/2018\/03\/3-600x338.jpg 600w, https:\/\/www.assisi-schule-ostbevern.de\/wordpress\/wp-content\/uploads\/2018\/03\/3-768x432.jpg 768w, https:\/\/www.assisi-schule-ostbevern.de\/wordpress\/wp-content\/uploads\/2018\/03\/3-1024x576.jpg 1024w, https:\/\/www.assisi-schule-ostbevern.de\/wordpress\/wp-content\/uploads\/2018\/03\/3.jpg 1632w\" sizes=\"auto, (max-width: 600px) 100vw, 600px\" \/><\/a><\/p>\n<p><strong>Besuch bei der Feuerwehr<\/strong><\/p>\n<p>Nachdem die Klassen 3a und 3b sich im Unterricht ausf\u00fchrlich mit dem Thema &#8222;Kerzenflamme und Verbrennung&#8220; im Sachunterricht besch\u00e4ftigt hatten, stand zum Ende der Unterrichtsreihe ein Besuch der \u00f6rtlichen Feuerwehr auf dem Programm. Hier erz\u00e4hlte Tobias Rowald den Kindern, wie vielseitig sein Beruf ist und f\u00fchrte uns durch das gesamte Feuerwehrgeb\u00e4ude. Die Kinder erfuhren, dass die Schutzkleidung fast so viel wiegt wie sie selbst und dass es viele verschiedene M\u00f6glichkeiten gibt ein Feuer zu l\u00f6schen. Faszinierend fanden die Kinder auch, was f\u00fcr eine umfangreiche Ausr\u00fcstung die Feuerwehr auf ihren Wagen hat. Am Ende startete Herr Rowald sogar ein Mal zum Abschied die Sirene des Feuerwehrautos. Das war vielleicht laut. \ud83d\ude42<\/p>\n<p><a href=\"http:\/\/www.assisi-schule-ostbevern.de\/?attachment_id=3097\" rel=\"attachment wp-att-3097\"><img loading=\"lazy\" decoding=\"async\" class=\"alignnone size-medium wp-image-3097\" src=\"http:\/\/www.assisi-schule-ostbevern.de\/wordpress\/wp-content\/uploads\/2018\/03\/Besuch-Feuerwehr-2018-600x337.jpg\" alt=\"\" width=\"600\" height=\"337\" srcset=\"https:\/\/www.assisi-schule-ostbevern.de\/wordpress\/wp-content\/uploads\/2018\/03\/Besuch-Feuerwehr-2018-600x337.jpg 600w, https:\/\/www.assisi-schule-ostbevern.de\/wordpress\/wp-content\/uploads\/2018\/03\/Besuch-Feuerwehr-2018-768x432.jpg 768w, https:\/\/www.assisi-schule-ostbevern.de\/wordpress\/wp-content\/uploads\/2018\/03\/Besuch-Feuerwehr-2018-1024x576.jpg 1024w\" sizes=\"auto, (max-width: 600px) 100vw, 600px\" \/><\/a><\/p>\n<p>&nbsp;<\/p>\n<p><strong>Besuch der B\u00fccherei im Edith-Stein-Haus<\/strong><\/p>\n<p>W\u00e4hrend in den Ferien das Leseland der Schule geschlossen ist, kann man in der K\u00f6B der St. Ambrosiusgemeinde auch in den Ferien B\u00fccher und andere Medien ausleihen. Dar\u00fcber informierte Frau Geldermann die interessierten Kinder der Klassen 2a und 2b am Montag bei ihrem Besuch in der B\u00fccherei. Nach dem St\u00f6bern in den Regalen, wollen sich demn\u00e4chst viele eine Ausleihkarte besorgen.<\/p>\n<p><a href=\"http:\/\/www.assisi-schule-ostbevern.de\/?attachment_id=3093\" rel=\"attachment wp-att-3093\"><img loading=\"lazy\" decoding=\"async\" class=\"alignnone size-medium wp-image-3093\" src=\"http:\/\/www.assisi-schule-ostbevern.de\/wordpress\/wp-content\/uploads\/2018\/03\/Besuch-B\u00fccherei-2b-2018-600x338.jpg\" alt=\"\" width=\"600\" height=\"338\" srcset=\"https:\/\/www.assisi-schule-ostbevern.de\/wordpress\/wp-content\/uploads\/2018\/03\/Besuch-B\u00fccherei-2b-2018-600x338.jpg 600w, https:\/\/www.assisi-schule-ostbevern.de\/wordpress\/wp-content\/uploads\/2018\/03\/Besuch-B\u00fccherei-2b-2018-768x432.jpg 768w, https:\/\/www.assisi-schule-ostbevern.de\/wordpress\/wp-content\/uploads\/2018\/03\/Besuch-B\u00fccherei-2b-2018-1024x576.jpg 1024w, https:\/\/www.assisi-schule-ostbevern.de\/wordpress\/wp-content\/uploads\/2018\/03\/Besuch-B\u00fccherei-2b-2018.jpg 1280w\" sizes=\"auto, (max-width: 600px) 100vw, 600px\" \/><\/a><\/p>\n<p>&nbsp;<\/p>\n<p><strong>Musik macht Schule<\/strong><\/p>\n<p>Es geh\u00f6rt an unserer Schule schon fest in unseren Terminplan, dass wir regelm\u00e4\u00dfig Besuch von den Profi-Musikern des Sinfonie-Orchesters M\u00fcnster erhalten. In diesem Jahr besuchten uns die Musiker mit ihren Streichinstrumenten. Die Kinder lernten die Unterschiede zwischen einer Geige, einer Bratsche, einem Cello und einem Kontrabass kennen. Au\u00dferdem spielten die Musiker das gleiche St\u00fcck auf ganz unterschiedliche Arten vor, so dass die Kinder genau zuh\u00f6ren mussten, um die Unterschiede heraush\u00f6ren zu k\u00f6nnen. Mit Witz und guter Laune stellten die Musiker ihre Instrumente vor und die Kinder lernten auf spielerische Art und Weise schon erste italienische Fachbegriffe in der Musik kennen. Die Sch\u00fclerinnen und Sch\u00fcler zeigten ihren Dank und ihre Freude durch einen kr\u00e4ftigen Applaus zum Schluss. Das Programm &#8222;Musik macht Schule&#8220; ist wirklich ein tolles Angebot des Sinfonieorchesters M\u00fcnster.<\/p>\n<p><a href=\"http:\/\/www.assisi-schule-ostbevern.de\/?attachment_id=3085\" rel=\"attachment wp-att-3085\"><img loading=\"lazy\" decoding=\"async\" class=\"alignnone size-medium wp-image-3085\" src=\"http:\/\/www.assisi-schule-ostbevern.de\/wordpress\/wp-content\/uploads\/2018\/02\/1-1-600x450.jpg\" alt=\"\" width=\"600\" height=\"450\" srcset=\"https:\/\/www.assisi-schule-ostbevern.de\/wordpress\/wp-content\/uploads\/2018\/02\/1-1-600x450.jpg 600w, https:\/\/www.assisi-schule-ostbevern.de\/wordpress\/wp-content\/uploads\/2018\/02\/1-1-768x576.jpg 768w, https:\/\/www.assisi-schule-ostbevern.de\/wordpress\/wp-content\/uploads\/2018\/02\/1-1-1024x768.jpg 1024w\" sizes=\"auto, (max-width: 600px) 100vw, 600px\" \/><\/a> <a href=\"http:\/\/www.assisi-schule-ostbevern.de\/?attachment_id=3086\" rel=\"attachment wp-att-3086\"><img loading=\"lazy\" decoding=\"async\" class=\"alignnone size-medium wp-image-3086\" src=\"http:\/\/www.assisi-schule-ostbevern.de\/wordpress\/wp-content\/uploads\/2018\/02\/2-1-600x450.jpg\" alt=\"\" width=\"600\" height=\"450\" srcset=\"https:\/\/www.assisi-schule-ostbevern.de\/wordpress\/wp-content\/uploads\/2018\/02\/2-1-600x450.jpg 600w, https:\/\/www.assisi-schule-ostbevern.de\/wordpress\/wp-content\/uploads\/2018\/02\/2-1-768x576.jpg 768w, https:\/\/www.assisi-schule-ostbevern.de\/wordpress\/wp-content\/uploads\/2018\/02\/2-1-1024x768.jpg 1024w\" sizes=\"auto, (max-width: 600px) 100vw, 600px\" \/><\/a> <a href=\"http:\/\/www.assisi-schule-ostbevern.de\/?attachment_id=3087\" rel=\"attachment wp-att-3087\"><img loading=\"lazy\" decoding=\"async\" class=\"alignnone size-medium wp-image-3087\" src=\"http:\/\/www.assisi-schule-ostbevern.de\/wordpress\/wp-content\/uploads\/2018\/02\/3-600x450.jpg\" alt=\"\" width=\"600\" height=\"450\" srcset=\"https:\/\/www.assisi-schule-ostbevern.de\/wordpress\/wp-content\/uploads\/2018\/02\/3-600x450.jpg 600w, https:\/\/www.assisi-schule-ostbevern.de\/wordpress\/wp-content\/uploads\/2018\/02\/3-768x576.jpg 768w, https:\/\/www.assisi-schule-ostbevern.de\/wordpress\/wp-content\/uploads\/2018\/02\/3-1024x768.jpg 1024w\" sizes=\"auto, (max-width: 600px) 100vw, 600px\" \/><\/a> <a href=\"http:\/\/www.assisi-schule-ostbevern.de\/?attachment_id=3088\" rel=\"attachment wp-att-3088\"><img loading=\"lazy\" decoding=\"async\" class=\"alignnone size-medium wp-image-3088\" src=\"http:\/\/www.assisi-schule-ostbevern.de\/wordpress\/wp-content\/uploads\/2018\/02\/4-600x450.jpg\" alt=\"\" width=\"600\" height=\"450\" srcset=\"https:\/\/www.assisi-schule-ostbevern.de\/wordpress\/wp-content\/uploads\/2018\/02\/4-600x450.jpg 600w, https:\/\/www.assisi-schule-ostbevern.de\/wordpress\/wp-content\/uploads\/2018\/02\/4-768x576.jpg 768w, https:\/\/www.assisi-schule-ostbevern.de\/wordpress\/wp-content\/uploads\/2018\/02\/4-1024x768.jpg 1024w\" sizes=\"auto, (max-width: 600px) 100vw, 600px\" \/><\/a> <a href=\"http:\/\/www.assisi-schule-ostbevern.de\/?attachment_id=3089\" rel=\"attachment wp-att-3089\"><img loading=\"lazy\" decoding=\"async\" class=\"alignnone size-medium wp-image-3089\" src=\"http:\/\/www.assisi-schule-ostbevern.de\/wordpress\/wp-content\/uploads\/2018\/02\/5-1-600x450.jpg\" alt=\"\" width=\"600\" height=\"450\" srcset=\"https:\/\/www.assisi-schule-ostbevern.de\/wordpress\/wp-content\/uploads\/2018\/02\/5-1-600x450.jpg 600w, https:\/\/www.assisi-schule-ostbevern.de\/wordpress\/wp-content\/uploads\/2018\/02\/5-1-768x576.jpg 768w, https:\/\/www.assisi-schule-ostbevern.de\/wordpress\/wp-content\/uploads\/2018\/02\/5-1-1024x768.jpg 1024w\" sizes=\"auto, (max-width: 600px) 100vw, 600px\" \/><\/a><\/p>\n<p><strong>HELAU!!!!<\/strong><\/p>\n<p>Auch in diesem Jahr feierten wir an der Franz-von-Assisi-Schule wieder ausgelassen Karneval. Zuerst wurden in der Klasse Spiele gespielt, getanzt und gegessen, bevor es dann in die Beverhalle ging, wo auch viele Eltern und andere Besucher zu uns stie\u00dfen, um gemeinsam mit uns zu feiern. Zun\u00e4chst fand eine ausgiebige Polonaise durch die ganze Halle statt, bevor es dann ein abwechslungsreiches Programm gab, das von den Klassen und der OGS vorbereitet wurde. Das gesamte Programm lud ein zum Mitsingen, -tanzen und -klatschen, so dass alle ausgelassen feiern konnten. Wir w\u00fcnschen allen weiterhin ein paar sch\u00f6ne jecke Tage und sagen &#8222;Franz-von-Assisi-Schule &#8211; HELAU!!!!!!!&#8220;<\/p>\n<p><a href=\"http:\/\/www.assisi-schule-ostbevern.de\/?attachment_id=3036\" rel=\"attachment wp-att-3036\"><img loading=\"lazy\" decoding=\"async\" class=\"alignnone size-medium wp-image-3036\" src=\"http:\/\/www.assisi-schule-ostbevern.de\/wordpress\/wp-content\/uploads\/2018\/02\/1-600x450.jpg\" alt=\"\" width=\"600\" height=\"450\" srcset=\"https:\/\/www.assisi-schule-ostbevern.de\/wordpress\/wp-content\/uploads\/2018\/02\/1-600x450.jpg 600w, https:\/\/www.assisi-schule-ostbevern.de\/wordpress\/wp-content\/uploads\/2018\/02\/1-768x576.jpg 768w, https:\/\/www.assisi-schule-ostbevern.de\/wordpress\/wp-content\/uploads\/2018\/02\/1-1024x768.jpg 1024w\" sizes=\"auto, (max-width: 600px) 100vw, 600px\" \/><\/a> <a href=\"http:\/\/www.assisi-schule-ostbevern.de\/?attachment_id=3037\" rel=\"attachment wp-att-3037\"><img loading=\"lazy\" decoding=\"async\" class=\"alignnone size-medium wp-image-3037\" src=\"http:\/\/www.assisi-schule-ostbevern.de\/wordpress\/wp-content\/uploads\/2018\/02\/2-600x450.jpg\" alt=\"\" width=\"600\" height=\"450\" srcset=\"https:\/\/www.assisi-schule-ostbevern.de\/wordpress\/wp-content\/uploads\/2018\/02\/2-600x450.jpg 600w, https:\/\/www.assisi-schule-ostbevern.de\/wordpress\/wp-content\/uploads\/2018\/02\/2-768x576.jpg 768w, https:\/\/www.assisi-schule-ostbevern.de\/wordpress\/wp-content\/uploads\/2018\/02\/2-1024x768.jpg 1024w\" sizes=\"auto, (max-width: 600px) 100vw, 600px\" \/><\/a> <a href=\"http:\/\/www.assisi-schule-ostbevern.de\/?attachment_id=3038\" rel=\"attachment wp-att-3038\"><img loading=\"lazy\" decoding=\"async\" class=\"alignnone size-medium wp-image-3038\" src=\"http:\/\/www.assisi-schule-ostbevern.de\/wordpress\/wp-content\/uploads\/2018\/02\/5-600x450.jpg\" alt=\"\" width=\"600\" height=\"450\" srcset=\"https:\/\/www.assisi-schule-ostbevern.de\/wordpress\/wp-content\/uploads\/2018\/02\/5-600x450.jpg 600w, https:\/\/www.assisi-schule-ostbevern.de\/wordpress\/wp-content\/uploads\/2018\/02\/5-768x576.jpg 768w, https:\/\/www.assisi-schule-ostbevern.de\/wordpress\/wp-content\/uploads\/2018\/02\/5-1024x768.jpg 1024w\" sizes=\"auto, (max-width: 600px) 100vw, 600px\" \/><\/a> <a href=\"http:\/\/www.assisi-schule-ostbevern.de\/?attachment_id=3039\" rel=\"attachment wp-att-3039\"><img loading=\"lazy\" decoding=\"async\" class=\"alignnone size-medium wp-image-3039\" src=\"http:\/\/www.assisi-schule-ostbevern.de\/wordpress\/wp-content\/uploads\/2018\/02\/7-600x450.jpg\" alt=\"\" width=\"600\" height=\"450\" srcset=\"https:\/\/www.assisi-schule-ostbevern.de\/wordpress\/wp-content\/uploads\/2018\/02\/7-600x450.jpg 600w, https:\/\/www.assisi-schule-ostbevern.de\/wordpress\/wp-content\/uploads\/2018\/02\/7-768x576.jpg 768w, https:\/\/www.assisi-schule-ostbevern.de\/wordpress\/wp-content\/uploads\/2018\/02\/7-1024x768.jpg 1024w\" sizes=\"auto, (max-width: 600px) 100vw, 600px\" \/><\/a> <a href=\"http:\/\/www.assisi-schule-ostbevern.de\/?attachment_id=3040\" rel=\"attachment wp-att-3040\"><img loading=\"lazy\" decoding=\"async\" class=\"alignnone size-medium wp-image-3040\" src=\"http:\/\/www.assisi-schule-ostbevern.de\/wordpress\/wp-content\/uploads\/2018\/02\/8-600x450.jpg\" alt=\"\" width=\"600\" height=\"450\" srcset=\"https:\/\/www.assisi-schule-ostbevern.de\/wordpress\/wp-content\/uploads\/2018\/02\/8-600x450.jpg 600w, https:\/\/www.assisi-schule-ostbevern.de\/wordpress\/wp-content\/uploads\/2018\/02\/8-768x576.jpg 768w, https:\/\/www.assisi-schule-ostbevern.de\/wordpress\/wp-content\/uploads\/2018\/02\/8-1024x768.jpg 1024w\" sizes=\"auto, (max-width: 600px) 100vw, 600px\" \/><\/a> <a href=\"http:\/\/www.assisi-schule-ostbevern.de\/?attachment_id=3041\" rel=\"attachment wp-att-3041\"><img loading=\"lazy\" decoding=\"async\" class=\"alignnone size-medium wp-image-3041\" src=\"http:\/\/www.assisi-schule-ostbevern.de\/wordpress\/wp-content\/uploads\/2018\/02\/9-600x450.jpg\" alt=\"\" width=\"600\" height=\"450\" srcset=\"https:\/\/www.assisi-schule-ostbevern.de\/wordpress\/wp-content\/uploads\/2018\/02\/9-600x450.jpg 600w, https:\/\/www.assisi-schule-ostbevern.de\/wordpress\/wp-content\/uploads\/2018\/02\/9-768x576.jpg 768w, https:\/\/www.assisi-schule-ostbevern.de\/wordpress\/wp-content\/uploads\/2018\/02\/9-1024x768.jpg 1024w\" sizes=\"auto, (max-width: 600px) 100vw, 600px\" \/><\/a> <a href=\"http:\/\/www.assisi-schule-ostbevern.de\/?attachment_id=3042\" rel=\"attachment wp-att-3042\"><img loading=\"lazy\" decoding=\"async\" class=\"alignnone size-medium wp-image-3042\" src=\"http:\/\/www.assisi-schule-ostbevern.de\/wordpress\/wp-content\/uploads\/2018\/02\/10-600x450.jpg\" alt=\"\" width=\"600\" height=\"450\" srcset=\"https:\/\/www.assisi-schule-ostbevern.de\/wordpress\/wp-content\/uploads\/2018\/02\/10-600x450.jpg 600w, https:\/\/www.assisi-schule-ostbevern.de\/wordpress\/wp-content\/uploads\/2018\/02\/10-768x576.jpg 768w, https:\/\/www.assisi-schule-ostbevern.de\/wordpress\/wp-content\/uploads\/2018\/02\/10-1024x768.jpg 1024w\" sizes=\"auto, (max-width: 600px) 100vw, 600px\" \/><\/a> <a href=\"http:\/\/www.assisi-schule-ostbevern.de\/?attachment_id=3043\" rel=\"attachment wp-att-3043\"><img loading=\"lazy\" decoding=\"async\" class=\"alignnone size-medium wp-image-3043\" src=\"http:\/\/www.assisi-schule-ostbevern.de\/wordpress\/wp-content\/uploads\/2018\/02\/11-600x450.jpg\" alt=\"\" width=\"600\" height=\"450\" srcset=\"https:\/\/www.assisi-schule-ostbevern.de\/wordpress\/wp-content\/uploads\/2018\/02\/11-600x450.jpg 600w, https:\/\/www.assisi-schule-ostbevern.de\/wordpress\/wp-content\/uploads\/2018\/02\/11-768x576.jpg 768w, https:\/\/www.assisi-schule-ostbevern.de\/wordpress\/wp-content\/uploads\/2018\/02\/11-1024x768.jpg 1024w\" sizes=\"auto, (max-width: 600px) 100vw, 600px\" \/><\/a> <a href=\"http:\/\/www.assisi-schule-ostbevern.de\/?attachment_id=3044\" rel=\"attachment wp-att-3044\"><img loading=\"lazy\" decoding=\"async\" class=\"alignnone size-medium wp-image-3044\" src=\"http:\/\/www.assisi-schule-ostbevern.de\/wordpress\/wp-content\/uploads\/2018\/02\/12-600x450.jpg\" alt=\"\" width=\"600\" height=\"450\" srcset=\"https:\/\/www.assisi-schule-ostbevern.de\/wordpress\/wp-content\/uploads\/2018\/02\/12-600x450.jpg 600w, https:\/\/www.assisi-schule-ostbevern.de\/wordpress\/wp-content\/uploads\/2018\/02\/12-768x576.jpg 768w, https:\/\/www.assisi-schule-ostbevern.de\/wordpress\/wp-content\/uploads\/2018\/02\/12-1024x768.jpg 1024w\" sizes=\"auto, (max-width: 600px) 100vw, 600px\" \/><\/a> <a href=\"http:\/\/www.assisi-schule-ostbevern.de\/?attachment_id=3045\" rel=\"attachment wp-att-3045\"><img loading=\"lazy\" decoding=\"async\" class=\"alignnone size-medium wp-image-3045\" src=\"http:\/\/www.assisi-schule-ostbevern.de\/wordpress\/wp-content\/uploads\/2018\/02\/13-600x450.jpg\" alt=\"\" width=\"600\" height=\"450\" srcset=\"https:\/\/www.assisi-schule-ostbevern.de\/wordpress\/wp-content\/uploads\/2018\/02\/13-600x450.jpg 600w, https:\/\/www.assisi-schule-ostbevern.de\/wordpress\/wp-content\/uploads\/2018\/02\/13-768x576.jpg 768w, https:\/\/www.assisi-schule-ostbevern.de\/wordpress\/wp-content\/uploads\/2018\/02\/13-1024x768.jpg 1024w\" sizes=\"auto, (max-width: 600px) 100vw, 600px\" \/><\/a> <a href=\"http:\/\/www.assisi-schule-ostbevern.de\/?attachment_id=3046\" rel=\"attachment wp-att-3046\"><img loading=\"lazy\" decoding=\"async\" class=\"alignnone size-medium wp-image-3046\" src=\"http:\/\/www.assisi-schule-ostbevern.de\/wordpress\/wp-content\/uploads\/2018\/02\/14-600x450.jpg\" alt=\"\" width=\"600\" height=\"450\" srcset=\"https:\/\/www.assisi-schule-ostbevern.de\/wordpress\/wp-content\/uploads\/2018\/02\/14-600x450.jpg 600w, https:\/\/www.assisi-schule-ostbevern.de\/wordpress\/wp-content\/uploads\/2018\/02\/14-768x576.jpg 768w, https:\/\/www.assisi-schule-ostbevern.de\/wordpress\/wp-content\/uploads\/2018\/02\/14-1024x768.jpg 1024w\" sizes=\"auto, (max-width: 600px) 100vw, 600px\" \/><\/a> <a href=\"http:\/\/www.assisi-schule-ostbevern.de\/?attachment_id=3047\" rel=\"attachment wp-att-3047\"><img loading=\"lazy\" decoding=\"async\" class=\"alignnone size-medium wp-image-3047\" src=\"http:\/\/www.assisi-schule-ostbevern.de\/wordpress\/wp-content\/uploads\/2018\/02\/15-600x450.jpg\" alt=\"\" width=\"600\" height=\"450\" srcset=\"https:\/\/www.assisi-schule-ostbevern.de\/wordpress\/wp-content\/uploads\/2018\/02\/15-600x450.jpg 600w, https:\/\/www.assisi-schule-ostbevern.de\/wordpress\/wp-content\/uploads\/2018\/02\/15-768x576.jpg 768w, https:\/\/www.assisi-schule-ostbevern.de\/wordpress\/wp-content\/uploads\/2018\/02\/15-1024x768.jpg 1024w\" sizes=\"auto, (max-width: 600px) 100vw, 600px\" \/><\/a> <a href=\"http:\/\/www.assisi-schule-ostbevern.de\/?attachment_id=3048\" rel=\"attachment wp-att-3048\"><img loading=\"lazy\" decoding=\"async\" class=\"alignnone size-medium wp-image-3048\" src=\"http:\/\/www.assisi-schule-ostbevern.de\/wordpress\/wp-content\/uploads\/2018\/02\/16-600x450.jpg\" alt=\"\" width=\"600\" height=\"450\" srcset=\"https:\/\/www.assisi-schule-ostbevern.de\/wordpress\/wp-content\/uploads\/2018\/02\/16-600x450.jpg 600w, https:\/\/www.assisi-schule-ostbevern.de\/wordpress\/wp-content\/uploads\/2018\/02\/16-768x576.jpg 768w, https:\/\/www.assisi-schule-ostbevern.de\/wordpress\/wp-content\/uploads\/2018\/02\/16-1024x768.jpg 1024w\" sizes=\"auto, (max-width: 600px) 100vw, 600px\" \/><\/a> <a href=\"http:\/\/www.assisi-schule-ostbevern.de\/?attachment_id=3049\" rel=\"attachment wp-att-3049\"><img loading=\"lazy\" decoding=\"async\" class=\"alignnone size-medium wp-image-3049\" src=\"http:\/\/www.assisi-schule-ostbevern.de\/wordpress\/wp-content\/uploads\/2018\/02\/17-600x450.jpg\" alt=\"\" width=\"600\" height=\"450\" srcset=\"https:\/\/www.assisi-schule-ostbevern.de\/wordpress\/wp-content\/uploads\/2018\/02\/17-600x450.jpg 600w, https:\/\/www.assisi-schule-ostbevern.de\/wordpress\/wp-content\/uploads\/2018\/02\/17-768x576.jpg 768w, https:\/\/www.assisi-schule-ostbevern.de\/wordpress\/wp-content\/uploads\/2018\/02\/17-1024x768.jpg 1024w\" sizes=\"auto, (max-width: 600px) 100vw, 600px\" \/><\/a> <a href=\"http:\/\/www.assisi-schule-ostbevern.de\/?attachment_id=3050\" rel=\"attachment wp-att-3050\"><img loading=\"lazy\" decoding=\"async\" class=\"alignnone size-medium wp-image-3050\" src=\"http:\/\/www.assisi-schule-ostbevern.de\/wordpress\/wp-content\/uploads\/2018\/02\/18-600x450.jpg\" alt=\"\" width=\"600\" height=\"450\" srcset=\"https:\/\/www.assisi-schule-ostbevern.de\/wordpress\/wp-content\/uploads\/2018\/02\/18-600x450.jpg 600w, https:\/\/www.assisi-schule-ostbevern.de\/wordpress\/wp-content\/uploads\/2018\/02\/18-768x576.jpg 768w, https:\/\/www.assisi-schule-ostbevern.de\/wordpress\/wp-content\/uploads\/2018\/02\/18-1024x768.jpg 1024w\" sizes=\"auto, (max-width: 600px) 100vw, 600px\" \/><\/a>\u00a0 <a href=\"http:\/\/www.assisi-schule-ostbevern.de\/?attachment_id=3052\" rel=\"attachment wp-att-3052\"><img loading=\"lazy\" decoding=\"async\" class=\"alignnone size-medium wp-image-3052\" src=\"http:\/\/www.assisi-schule-ostbevern.de\/wordpress\/wp-content\/uploads\/2018\/02\/19-600x450.jpg\" alt=\"\" width=\"600\" height=\"450\" srcset=\"https:\/\/www.assisi-schule-ostbevern.de\/wordpress\/wp-content\/uploads\/2018\/02\/19-600x450.jpg 600w, https:\/\/www.assisi-schule-ostbevern.de\/wordpress\/wp-content\/uploads\/2018\/02\/19-768x576.jpg 768w, https:\/\/www.assisi-schule-ostbevern.de\/wordpress\/wp-content\/uploads\/2018\/02\/19-1024x768.jpg 1024w\" sizes=\"auto, (max-width: 600px) 100vw, 600px\" \/><\/a> <a href=\"http:\/\/www.assisi-schule-ostbevern.de\/?attachment_id=3053\" rel=\"attachment wp-att-3053\"><img loading=\"lazy\" decoding=\"async\" class=\"alignnone size-medium wp-image-3053\" src=\"http:\/\/www.assisi-schule-ostbevern.de\/wordpress\/wp-content\/uploads\/2018\/02\/20-600x450.jpg\" alt=\"\" width=\"600\" height=\"450\" srcset=\"https:\/\/www.assisi-schule-ostbevern.de\/wordpress\/wp-content\/uploads\/2018\/02\/20-600x450.jpg 600w, https:\/\/www.assisi-schule-ostbevern.de\/wordpress\/wp-content\/uploads\/2018\/02\/20-768x576.jpg 768w, https:\/\/www.assisi-schule-ostbevern.de\/wordpress\/wp-content\/uploads\/2018\/02\/20-1024x768.jpg 1024w\" sizes=\"auto, (max-width: 600px) 100vw, 600px\" \/><\/a> <a href=\"http:\/\/www.assisi-schule-ostbevern.de\/?attachment_id=3054\" rel=\"attachment wp-att-3054\"><img loading=\"lazy\" decoding=\"async\" class=\"alignnone size-medium wp-image-3054\" src=\"http:\/\/www.assisi-schule-ostbevern.de\/wordpress\/wp-content\/uploads\/2018\/02\/21-600x450.jpg\" alt=\"\" width=\"600\" height=\"450\" srcset=\"https:\/\/www.assisi-schule-ostbevern.de\/wordpress\/wp-content\/uploads\/2018\/02\/21-600x450.jpg 600w, https:\/\/www.assisi-schule-ostbevern.de\/wordpress\/wp-content\/uploads\/2018\/02\/21-768x576.jpg 768w, https:\/\/www.assisi-schule-ostbevern.de\/wordpress\/wp-content\/uploads\/2018\/02\/21-1024x768.jpg 1024w\" sizes=\"auto, (max-width: 600px) 100vw, 600px\" \/><\/a><\/p>\n<p>&nbsp;<\/p>\n<p><strong>Wie im Kino&#8230;.<\/strong><\/p>\n<p>&#8230; ging es bei uns am letzten Schultag des Jahres 2017 zu. Alle Kinder der Schule versammelten sich in der 4. Stunde im Forum, um gemeinsam einen kleinen Film zu gucken. Als \u00dcberraschung gab es dann sogar noch Popcorn f\u00fcr alle. Und so machten es sich alle gem\u00fctlich und genossen den gemeinsamen Jahresabschluss. Wir w\u00fcnschen allen Familien ein gesegnetes Weihnachtsfest und einen guten Start in das neue Jahr 2018!!!<\/p>\n<p><a href=\"http:\/\/www.assisi-schule-ostbevern.de\/?attachment_id=3010\" rel=\"attachment wp-att-3010\"><img loading=\"lazy\" decoding=\"async\" class=\"alignnone size-medium wp-image-3010\" src=\"http:\/\/www.assisi-schule-ostbevern.de\/wordpress\/wp-content\/uploads\/2017\/09\/1-13-600x450.jpg\" alt=\"\" width=\"600\" height=\"450\" srcset=\"https:\/\/www.assisi-schule-ostbevern.de\/wordpress\/wp-content\/uploads\/2017\/09\/1-13-600x450.jpg 600w, https:\/\/www.assisi-schule-ostbevern.de\/wordpress\/wp-content\/uploads\/2017\/09\/1-13-768x576.jpg 768w, https:\/\/www.assisi-schule-ostbevern.de\/wordpress\/wp-content\/uploads\/2017\/09\/1-13-1024x768.jpg 1024w\" sizes=\"auto, (max-width: 600px) 100vw, 600px\" \/><\/a> <a href=\"http:\/\/www.assisi-schule-ostbevern.de\/?attachment_id=3011\" rel=\"attachment wp-att-3011\"><img loading=\"lazy\" decoding=\"async\" class=\"alignnone size-medium wp-image-3011\" src=\"http:\/\/www.assisi-schule-ostbevern.de\/wordpress\/wp-content\/uploads\/2017\/09\/2-13-600x450.jpg\" alt=\"\" width=\"600\" height=\"450\" srcset=\"https:\/\/www.assisi-schule-ostbevern.de\/wordpress\/wp-content\/uploads\/2017\/09\/2-13-600x450.jpg 600w, https:\/\/www.assisi-schule-ostbevern.de\/wordpress\/wp-content\/uploads\/2017\/09\/2-13-768x576.jpg 768w, https:\/\/www.assisi-schule-ostbevern.de\/wordpress\/wp-content\/uploads\/2017\/09\/2-13-1024x768.jpg 1024w\" sizes=\"auto, (max-width: 600px) 100vw, 600px\" \/><\/a> <a href=\"http:\/\/www.assisi-schule-ostbevern.de\/?attachment_id=3012\" rel=\"attachment wp-att-3012\"><img loading=\"lazy\" decoding=\"async\" class=\"alignnone size-medium wp-image-3012\" src=\"http:\/\/www.assisi-schule-ostbevern.de\/wordpress\/wp-content\/uploads\/2017\/09\/3-13-600x450.jpg\" alt=\"\" width=\"600\" height=\"450\" srcset=\"https:\/\/www.assisi-schule-ostbevern.de\/wordpress\/wp-content\/uploads\/2017\/09\/3-13-600x450.jpg 600w, https:\/\/www.assisi-schule-ostbevern.de\/wordpress\/wp-content\/uploads\/2017\/09\/3-13-768x576.jpg 768w, https:\/\/www.assisi-schule-ostbevern.de\/wordpress\/wp-content\/uploads\/2017\/09\/3-13-1024x768.jpg 1024w\" sizes=\"auto, (max-width: 600px) 100vw, 600px\" \/><\/a> <a href=\"http:\/\/www.assisi-schule-ostbevern.de\/?attachment_id=3013\" rel=\"attachment wp-att-3013\"><img loading=\"lazy\" decoding=\"async\" class=\"alignnone size-medium wp-image-3013\" src=\"http:\/\/www.assisi-schule-ostbevern.de\/wordpress\/wp-content\/uploads\/2017\/09\/4-12-600x450.jpg\" alt=\"\" width=\"600\" height=\"450\" srcset=\"https:\/\/www.assisi-schule-ostbevern.de\/wordpress\/wp-content\/uploads\/2017\/09\/4-12-600x450.jpg 600w, https:\/\/www.assisi-schule-ostbevern.de\/wordpress\/wp-content\/uploads\/2017\/09\/4-12-768x576.jpg 768w, https:\/\/www.assisi-schule-ostbevern.de\/wordpress\/wp-content\/uploads\/2017\/09\/4-12-1024x768.jpg 1024w\" sizes=\"auto, (max-width: 600px) 100vw, 600px\" \/><\/a> <a href=\"http:\/\/www.assisi-schule-ostbevern.de\/?attachment_id=3014\" rel=\"attachment wp-att-3014\"><img loading=\"lazy\" decoding=\"async\" class=\"alignnone size-medium wp-image-3014\" src=\"http:\/\/www.assisi-schule-ostbevern.de\/wordpress\/wp-content\/uploads\/2017\/09\/5-9-600x450.jpg\" alt=\"\" width=\"600\" height=\"450\" srcset=\"https:\/\/www.assisi-schule-ostbevern.de\/wordpress\/wp-content\/uploads\/2017\/09\/5-9-600x450.jpg 600w, https:\/\/www.assisi-schule-ostbevern.de\/wordpress\/wp-content\/uploads\/2017\/09\/5-9-768x576.jpg 768w, https:\/\/www.assisi-schule-ostbevern.de\/wordpress\/wp-content\/uploads\/2017\/09\/5-9-1024x768.jpg 1024w\" sizes=\"auto, (max-width: 600px) 100vw, 600px\" \/><\/a> <a href=\"http:\/\/www.assisi-schule-ostbevern.de\/?attachment_id=3015\" rel=\"attachment wp-att-3015\"><img loading=\"lazy\" decoding=\"async\" class=\"alignnone size-medium wp-image-3015\" src=\"http:\/\/www.assisi-schule-ostbevern.de\/wordpress\/wp-content\/uploads\/2017\/09\/6-9-600x450.jpg\" alt=\"\" width=\"600\" height=\"450\" srcset=\"https:\/\/www.assisi-schule-ostbevern.de\/wordpress\/wp-content\/uploads\/2017\/09\/6-9-600x450.jpg 600w, https:\/\/www.assisi-schule-ostbevern.de\/wordpress\/wp-content\/uploads\/2017\/09\/6-9-768x576.jpg 768w, https:\/\/www.assisi-schule-ostbevern.de\/wordpress\/wp-content\/uploads\/2017\/09\/6-9-1024x768.jpg 1024w\" sizes=\"auto, (max-width: 600px) 100vw, 600px\" \/><\/a><\/p>\n<p><strong>Weihnachten in\u00a0 anderen L\u00e4ndern<\/strong><\/p>\n<p>&#8230; das war das Motto, unter dem unser letztes Adventssingen im Forum in diesem Jahr stand. Die Assisi-Amseln, unter der Leitung von Frau Bleibel, trugen dazu Texte vor, wie in anderen L\u00e4ndern Weihnachten gefeiert wird und sangen dann auch noch Lieder aus Polen, Russland, Schweden und Amerika. Marlene aus der 4. Klasse sang sogar ganz allein eine Strophe eines Weihnachtsliedes auf polnisch. Au\u00dferdem wurde von Kindern der Klasse 3a auch noch ein Gedicht aufgesagt und alle sangen gemeinsam zum Abschluss noch ein Lied.<\/p>\n<p><a href=\"http:\/\/www.assisi-schule-ostbevern.de\/?attachment_id=3000\" rel=\"attachment wp-att-3000\"><img loading=\"lazy\" decoding=\"async\" class=\"alignnone size-medium wp-image-3000\" src=\"http:\/\/www.assisi-schule-ostbevern.de\/wordpress\/wp-content\/uploads\/2017\/09\/1-12-600x450.jpg\" alt=\"\" width=\"600\" height=\"450\" srcset=\"https:\/\/www.assisi-schule-ostbevern.de\/wordpress\/wp-content\/uploads\/2017\/09\/1-12-600x450.jpg 600w, https:\/\/www.assisi-schule-ostbevern.de\/wordpress\/wp-content\/uploads\/2017\/09\/1-12-768x576.jpg 768w, https:\/\/www.assisi-schule-ostbevern.de\/wordpress\/wp-content\/uploads\/2017\/09\/1-12-1024x768.jpg 1024w\" sizes=\"auto, (max-width: 600px) 100vw, 600px\" \/><\/a> <a href=\"http:\/\/www.assisi-schule-ostbevern.de\/?attachment_id=3001\" rel=\"attachment wp-att-3001\"><img loading=\"lazy\" decoding=\"async\" class=\"alignnone size-medium wp-image-3001\" src=\"http:\/\/www.assisi-schule-ostbevern.de\/wordpress\/wp-content\/uploads\/2017\/09\/2-12-600x450.jpg\" alt=\"\" width=\"600\" height=\"450\" srcset=\"https:\/\/www.assisi-schule-ostbevern.de\/wordpress\/wp-content\/uploads\/2017\/09\/2-12-600x450.jpg 600w, https:\/\/www.assisi-schule-ostbevern.de\/wordpress\/wp-content\/uploads\/2017\/09\/2-12-768x576.jpg 768w, https:\/\/www.assisi-schule-ostbevern.de\/wordpress\/wp-content\/uploads\/2017\/09\/2-12-1024x768.jpg 1024w\" sizes=\"auto, (max-width: 600px) 100vw, 600px\" \/><\/a> <a href=\"http:\/\/www.assisi-schule-ostbevern.de\/?attachment_id=3002\" rel=\"attachment wp-att-3002\"><img loading=\"lazy\" decoding=\"async\" class=\"alignnone size-medium wp-image-3002\" src=\"http:\/\/www.assisi-schule-ostbevern.de\/wordpress\/wp-content\/uploads\/2017\/09\/3-12-600x450.jpg\" alt=\"\" width=\"600\" height=\"450\" srcset=\"https:\/\/www.assisi-schule-ostbevern.de\/wordpress\/wp-content\/uploads\/2017\/09\/3-12-600x450.jpg 600w, https:\/\/www.assisi-schule-ostbevern.de\/wordpress\/wp-content\/uploads\/2017\/09\/3-12-768x576.jpg 768w, https:\/\/www.assisi-schule-ostbevern.de\/wordpress\/wp-content\/uploads\/2017\/09\/3-12-1024x768.jpg 1024w\" sizes=\"auto, (max-width: 600px) 100vw, 600px\" \/><\/a> <a href=\"http:\/\/www.assisi-schule-ostbevern.de\/?attachment_id=3003\" rel=\"attachment wp-att-3003\"><img loading=\"lazy\" decoding=\"async\" class=\"alignnone size-medium wp-image-3003\" src=\"http:\/\/www.assisi-schule-ostbevern.de\/wordpress\/wp-content\/uploads\/2017\/09\/4-11-600x450.jpg\" alt=\"\" width=\"600\" height=\"450\" srcset=\"https:\/\/www.assisi-schule-ostbevern.de\/wordpress\/wp-content\/uploads\/2017\/09\/4-11-600x450.jpg 600w, https:\/\/www.assisi-schule-ostbevern.de\/wordpress\/wp-content\/uploads\/2017\/09\/4-11-768x576.jpg 768w, https:\/\/www.assisi-schule-ostbevern.de\/wordpress\/wp-content\/uploads\/2017\/09\/4-11-1024x768.jpg 1024w\" sizes=\"auto, (max-width: 600px) 100vw, 600px\" \/><\/a> <a href=\"http:\/\/www.assisi-schule-ostbevern.de\/?attachment_id=3004\" rel=\"attachment wp-att-3004\"><img loading=\"lazy\" decoding=\"async\" class=\"alignnone size-medium wp-image-3004\" src=\"http:\/\/www.assisi-schule-ostbevern.de\/wordpress\/wp-content\/uploads\/2017\/09\/5-8-600x450.jpg\" alt=\"\" width=\"600\" height=\"450\" srcset=\"https:\/\/www.assisi-schule-ostbevern.de\/wordpress\/wp-content\/uploads\/2017\/09\/5-8-600x450.jpg 600w, https:\/\/www.assisi-schule-ostbevern.de\/wordpress\/wp-content\/uploads\/2017\/09\/5-8-768x576.jpg 768w, https:\/\/www.assisi-schule-ostbevern.de\/wordpress\/wp-content\/uploads\/2017\/09\/5-8-1024x768.jpg 1024w\" sizes=\"auto, (max-width: 600px) 100vw, 600px\" \/><\/a> <a href=\"http:\/\/www.assisi-schule-ostbevern.de\/?attachment_id=3005\" rel=\"attachment wp-att-3005\"><img loading=\"lazy\" decoding=\"async\" class=\"alignnone size-medium wp-image-3005\" src=\"http:\/\/www.assisi-schule-ostbevern.de\/wordpress\/wp-content\/uploads\/2017\/09\/6-8-600x450.jpg\" alt=\"\" width=\"600\" height=\"450\" srcset=\"https:\/\/www.assisi-schule-ostbevern.de\/wordpress\/wp-content\/uploads\/2017\/09\/6-8-600x450.jpg 600w, https:\/\/www.assisi-schule-ostbevern.de\/wordpress\/wp-content\/uploads\/2017\/09\/6-8-768x576.jpg 768w, https:\/\/www.assisi-schule-ostbevern.de\/wordpress\/wp-content\/uploads\/2017\/09\/6-8-1024x768.jpg 1024w\" sizes=\"auto, (max-width: 600px) 100vw, 600px\" \/><\/a> <a href=\"http:\/\/www.assisi-schule-ostbevern.de\/?attachment_id=3006\" rel=\"attachment wp-att-3006\"><img loading=\"lazy\" decoding=\"async\" class=\"alignnone size-medium wp-image-3006\" src=\"http:\/\/www.assisi-schule-ostbevern.de\/wordpress\/wp-content\/uploads\/2017\/09\/7-7-600x450.jpg\" alt=\"\" width=\"600\" height=\"450\" srcset=\"https:\/\/www.assisi-schule-ostbevern.de\/wordpress\/wp-content\/uploads\/2017\/09\/7-7-600x450.jpg 600w, https:\/\/www.assisi-schule-ostbevern.de\/wordpress\/wp-content\/uploads\/2017\/09\/7-7-768x576.jpg 768w, https:\/\/www.assisi-schule-ostbevern.de\/wordpress\/wp-content\/uploads\/2017\/09\/7-7-1024x768.jpg 1024w\" sizes=\"auto, (max-width: 600px) 100vw, 600px\" \/><\/a><\/p>\n<p><strong>Adventssingen<\/strong><\/p>\n<p>Auch am 2. Adventsmontag traf sich wieder die gesamte Schulgemeinde im Forum, um die Woche gemeinsam zu beginnen. Es wurden die Lieder f\u00fcr den Gottesdienst in der kommenden Woche ge\u00fcbt, einige Lieder und Gedichte vorgetragen und ein besonderes Highlight heute war, dass Sarah aus dem 4. Schuljahr uns ein Weihnachtslied auf arabisch vorgesungen hat. \ud83d\ude42<\/p>\n<p><a href=\"http:\/\/www.assisi-schule-ostbevern.de\/?attachment_id=2991\" rel=\"attachment wp-att-2991\"><img loading=\"lazy\" decoding=\"async\" class=\"alignnone size-medium wp-image-2991\" src=\"http:\/\/www.assisi-schule-ostbevern.de\/wordpress\/wp-content\/uploads\/2017\/09\/1-11-600x450.jpg\" alt=\"\" width=\"600\" height=\"450\" srcset=\"https:\/\/www.assisi-schule-ostbevern.de\/wordpress\/wp-content\/uploads\/2017\/09\/1-11-600x450.jpg 600w, https:\/\/www.assisi-schule-ostbevern.de\/wordpress\/wp-content\/uploads\/2017\/09\/1-11-768x576.jpg 768w, https:\/\/www.assisi-schule-ostbevern.de\/wordpress\/wp-content\/uploads\/2017\/09\/1-11.jpg 1024w\" sizes=\"auto, (max-width: 600px) 100vw, 600px\" \/><\/a> <a href=\"http:\/\/www.assisi-schule-ostbevern.de\/?attachment_id=2992\" rel=\"attachment wp-att-2992\"><img loading=\"lazy\" decoding=\"async\" class=\"alignnone size-medium wp-image-2992\" src=\"http:\/\/www.assisi-schule-ostbevern.de\/wordpress\/wp-content\/uploads\/2017\/09\/2-11-600x450.jpg\" alt=\"\" width=\"600\" height=\"450\" srcset=\"https:\/\/www.assisi-schule-ostbevern.de\/wordpress\/wp-content\/uploads\/2017\/09\/2-11-600x450.jpg 600w, https:\/\/www.assisi-schule-ostbevern.de\/wordpress\/wp-content\/uploads\/2017\/09\/2-11-768x576.jpg 768w, https:\/\/www.assisi-schule-ostbevern.de\/wordpress\/wp-content\/uploads\/2017\/09\/2-11.jpg 1024w\" sizes=\"auto, (max-width: 600px) 100vw, 600px\" \/><\/a> <a href=\"http:\/\/www.assisi-schule-ostbevern.de\/?attachment_id=2993\" rel=\"attachment wp-att-2993\"><img loading=\"lazy\" decoding=\"async\" class=\"alignnone size-medium wp-image-2993\" src=\"http:\/\/www.assisi-schule-ostbevern.de\/wordpress\/wp-content\/uploads\/2017\/09\/3-11-600x450.jpg\" alt=\"\" width=\"600\" height=\"450\" srcset=\"https:\/\/www.assisi-schule-ostbevern.de\/wordpress\/wp-content\/uploads\/2017\/09\/3-11-600x450.jpg 600w, https:\/\/www.assisi-schule-ostbevern.de\/wordpress\/wp-content\/uploads\/2017\/09\/3-11-768x576.jpg 768w, https:\/\/www.assisi-schule-ostbevern.de\/wordpress\/wp-content\/uploads\/2017\/09\/3-11.jpg 1024w\" sizes=\"auto, (max-width: 600px) 100vw, 600px\" \/><\/a> <a href=\"http:\/\/www.assisi-schule-ostbevern.de\/?attachment_id=2994\" rel=\"attachment wp-att-2994\"><img loading=\"lazy\" decoding=\"async\" class=\"alignnone size-medium wp-image-2994\" src=\"http:\/\/www.assisi-schule-ostbevern.de\/wordpress\/wp-content\/uploads\/2017\/09\/4-10-450x600.jpg\" alt=\"\" width=\"450\" height=\"600\" srcset=\"https:\/\/www.assisi-schule-ostbevern.de\/wordpress\/wp-content\/uploads\/2017\/09\/4-10-450x600.jpg 450w, https:\/\/www.assisi-schule-ostbevern.de\/wordpress\/wp-content\/uploads\/2017\/09\/4-10.jpg 768w\" sizes=\"auto, (max-width: 450px) 100vw, 450px\" \/><\/a><\/p>\n<p><strong>Der Nikolaus ist hier&#8230;<\/strong><\/p>\n<p>Auch in diesem Jahr hat uns der Nikolaus wieder besucht. Das Forum war sch\u00f6n adventlich geschm\u00fcckt und viele Klassen hatten etwas vorbereitet, um den Nikolaus w\u00fcrdig in Empfang zu nehmen. Sogar die Erstkl\u00e4sser haben schon ein Gedicht aufgesagt und ein Lied gesungen. Ganz sch\u00f6n mutig! Der Nikolaus hat uns dann die Geschichte erz\u00e4hlt, warum ihm irgendwann klar geworden ist, dass er nur gl\u00fccklich werden kann, wenn er alles teilt, was er hat. Dies ist wohl die wichtigste Botschaft vom Nikolaus. Und damit dies allen Kindern noch deutlicher wurde, hat er am Ende noch gro\u00dfe Stutenkerle verteilt, die in den Klassen geteilt werden sollten, ganz im Sinne des Nikolaus. Vielen Dank an den F\u00f6rderverein, der wieder f\u00fcr jede Klasse einen gro\u00dfen Stutenkerl spendiert hat.<\/p>\n<p><a href=\"http:\/\/www.assisi-schule-ostbevern.de\/?attachment_id=2978\" rel=\"attachment wp-att-2978\"><img loading=\"lazy\" decoding=\"async\" class=\"alignnone size-medium wp-image-2978\" src=\"http:\/\/www.assisi-schule-ostbevern.de\/wordpress\/wp-content\/uploads\/2017\/09\/1-10-600x450.jpg\" alt=\"\" width=\"600\" height=\"450\" srcset=\"https:\/\/www.assisi-schule-ostbevern.de\/wordpress\/wp-content\/uploads\/2017\/09\/1-10-600x450.jpg 600w, https:\/\/www.assisi-schule-ostbevern.de\/wordpress\/wp-content\/uploads\/2017\/09\/1-10-768x576.jpg 768w, https:\/\/www.assisi-schule-ostbevern.de\/wordpress\/wp-content\/uploads\/2017\/09\/1-10-1024x768.jpg 1024w\" sizes=\"auto, (max-width: 600px) 100vw, 600px\" \/><\/a> <a href=\"http:\/\/www.assisi-schule-ostbevern.de\/?attachment_id=2979\" rel=\"attachment wp-att-2979\"><img loading=\"lazy\" decoding=\"async\" class=\"alignnone size-medium wp-image-2979\" src=\"http:\/\/www.assisi-schule-ostbevern.de\/wordpress\/wp-content\/uploads\/2017\/09\/2-10-600x450.jpg\" alt=\"\" width=\"600\" height=\"450\" srcset=\"https:\/\/www.assisi-schule-ostbevern.de\/wordpress\/wp-content\/uploads\/2017\/09\/2-10-600x450.jpg 600w, https:\/\/www.assisi-schule-ostbevern.de\/wordpress\/wp-content\/uploads\/2017\/09\/2-10-768x576.jpg 768w, https:\/\/www.assisi-schule-ostbevern.de\/wordpress\/wp-content\/uploads\/2017\/09\/2-10-1024x768.jpg 1024w\" sizes=\"auto, (max-width: 600px) 100vw, 600px\" \/><\/a> <a href=\"http:\/\/www.assisi-schule-ostbevern.de\/?attachment_id=2980\" rel=\"attachment wp-att-2980\"><img loading=\"lazy\" decoding=\"async\" class=\"alignnone size-medium wp-image-2980\" src=\"http:\/\/www.assisi-schule-ostbevern.de\/wordpress\/wp-content\/uploads\/2017\/09\/3-10-600x450.jpg\" alt=\"\" width=\"600\" height=\"450\" srcset=\"https:\/\/www.assisi-schule-ostbevern.de\/wordpress\/wp-content\/uploads\/2017\/09\/3-10-600x450.jpg 600w, https:\/\/www.assisi-schule-ostbevern.de\/wordpress\/wp-content\/uploads\/2017\/09\/3-10-768x576.jpg 768w, https:\/\/www.assisi-schule-ostbevern.de\/wordpress\/wp-content\/uploads\/2017\/09\/3-10-1024x768.jpg 1024w\" sizes=\"auto, (max-width: 600px) 100vw, 600px\" \/><\/a> <a href=\"http:\/\/www.assisi-schule-ostbevern.de\/?attachment_id=2981\" rel=\"attachment wp-att-2981\"><img loading=\"lazy\" decoding=\"async\" class=\"alignnone size-medium wp-image-2981\" src=\"http:\/\/www.assisi-schule-ostbevern.de\/wordpress\/wp-content\/uploads\/2017\/09\/4-9-600x450.jpg\" alt=\"\" width=\"600\" height=\"450\" srcset=\"https:\/\/www.assisi-schule-ostbevern.de\/wordpress\/wp-content\/uploads\/2017\/09\/4-9-600x450.jpg 600w, https:\/\/www.assisi-schule-ostbevern.de\/wordpress\/wp-content\/uploads\/2017\/09\/4-9-768x576.jpg 768w, https:\/\/www.assisi-schule-ostbevern.de\/wordpress\/wp-content\/uploads\/2017\/09\/4-9-1024x768.jpg 1024w\" sizes=\"auto, (max-width: 600px) 100vw, 600px\" \/><\/a> <a href=\"http:\/\/www.assisi-schule-ostbevern.de\/?attachment_id=2982\" rel=\"attachment wp-att-2982\"><img loading=\"lazy\" decoding=\"async\" class=\"alignnone size-medium wp-image-2982\" src=\"http:\/\/www.assisi-schule-ostbevern.de\/wordpress\/wp-content\/uploads\/2017\/09\/5-7-600x450.jpg\" alt=\"\" width=\"600\" height=\"450\" srcset=\"https:\/\/www.assisi-schule-ostbevern.de\/wordpress\/wp-content\/uploads\/2017\/09\/5-7-600x450.jpg 600w, https:\/\/www.assisi-schule-ostbevern.de\/wordpress\/wp-content\/uploads\/2017\/09\/5-7-768x576.jpg 768w, https:\/\/www.assisi-schule-ostbevern.de\/wordpress\/wp-content\/uploads\/2017\/09\/5-7-1024x768.jpg 1024w\" sizes=\"auto, (max-width: 600px) 100vw, 600px\" \/><\/a> <a href=\"http:\/\/www.assisi-schule-ostbevern.de\/?attachment_id=2983\" rel=\"attachment wp-att-2983\"><img loading=\"lazy\" decoding=\"async\" class=\"alignnone size-medium wp-image-2983\" src=\"http:\/\/www.assisi-schule-ostbevern.de\/wordpress\/wp-content\/uploads\/2017\/09\/6-7-600x450.jpg\" alt=\"\" width=\"600\" height=\"450\" srcset=\"https:\/\/www.assisi-schule-ostbevern.de\/wordpress\/wp-content\/uploads\/2017\/09\/6-7-600x450.jpg 600w, https:\/\/www.assisi-schule-ostbevern.de\/wordpress\/wp-content\/uploads\/2017\/09\/6-7-768x576.jpg 768w, https:\/\/www.assisi-schule-ostbevern.de\/wordpress\/wp-content\/uploads\/2017\/09\/6-7-1024x768.jpg 1024w\" sizes=\"auto, (max-width: 600px) 100vw, 600px\" \/><\/a> <a href=\"http:\/\/www.assisi-schule-ostbevern.de\/?attachment_id=2984\" rel=\"attachment wp-att-2984\"><img loading=\"lazy\" decoding=\"async\" class=\"alignnone size-medium wp-image-2984\" src=\"http:\/\/www.assisi-schule-ostbevern.de\/wordpress\/wp-content\/uploads\/2017\/09\/7-6-600x450.jpg\" alt=\"\" width=\"600\" height=\"450\" srcset=\"https:\/\/www.assisi-schule-ostbevern.de\/wordpress\/wp-content\/uploads\/2017\/09\/7-6-600x450.jpg 600w, https:\/\/www.assisi-schule-ostbevern.de\/wordpress\/wp-content\/uploads\/2017\/09\/7-6-768x576.jpg 768w, https:\/\/www.assisi-schule-ostbevern.de\/wordpress\/wp-content\/uploads\/2017\/09\/7-6-1024x768.jpg 1024w\" sizes=\"auto, (max-width: 600px) 100vw, 600px\" \/><\/a> <a href=\"http:\/\/www.assisi-schule-ostbevern.de\/?attachment_id=2985\" rel=\"attachment wp-att-2985\"><img loading=\"lazy\" decoding=\"async\" class=\"alignnone size-medium wp-image-2985\" src=\"http:\/\/www.assisi-schule-ostbevern.de\/wordpress\/wp-content\/uploads\/2017\/09\/8-6-600x450.jpg\" alt=\"\" width=\"600\" height=\"450\" srcset=\"https:\/\/www.assisi-schule-ostbevern.de\/wordpress\/wp-content\/uploads\/2017\/09\/8-6-600x450.jpg 600w, https:\/\/www.assisi-schule-ostbevern.de\/wordpress\/wp-content\/uploads\/2017\/09\/8-6-768x576.jpg 768w, https:\/\/www.assisi-schule-ostbevern.de\/wordpress\/wp-content\/uploads\/2017\/09\/8-6-1024x768.jpg 1024w\" sizes=\"auto, (max-width: 600px) 100vw, 600px\" \/><\/a> <a href=\"http:\/\/www.assisi-schule-ostbevern.de\/?attachment_id=2986\" rel=\"attachment wp-att-2986\"><img loading=\"lazy\" decoding=\"async\" class=\"alignnone size-medium wp-image-2986\" src=\"http:\/\/www.assisi-schule-ostbevern.de\/wordpress\/wp-content\/uploads\/2017\/09\/9-4-600x450.jpg\" alt=\"\" width=\"600\" height=\"450\" srcset=\"https:\/\/www.assisi-schule-ostbevern.de\/wordpress\/wp-content\/uploads\/2017\/09\/9-4-600x450.jpg 600w, https:\/\/www.assisi-schule-ostbevern.de\/wordpress\/wp-content\/uploads\/2017\/09\/9-4-768x576.jpg 768w, https:\/\/www.assisi-schule-ostbevern.de\/wordpress\/wp-content\/uploads\/2017\/09\/9-4-1024x768.jpg 1024w\" sizes=\"auto, (max-width: 600px) 100vw, 600px\" \/><\/a> <a href=\"http:\/\/www.assisi-schule-ostbevern.de\/?attachment_id=2987\" rel=\"attachment wp-att-2987\"><img loading=\"lazy\" decoding=\"async\" class=\"alignnone size-medium wp-image-2987\" src=\"http:\/\/www.assisi-schule-ostbevern.de\/wordpress\/wp-content\/uploads\/2017\/09\/10-3-600x450.jpg\" alt=\"\" width=\"600\" height=\"450\" srcset=\"https:\/\/www.assisi-schule-ostbevern.de\/wordpress\/wp-content\/uploads\/2017\/09\/10-3-600x450.jpg 600w, https:\/\/www.assisi-schule-ostbevern.de\/wordpress\/wp-content\/uploads\/2017\/09\/10-3-768x576.jpg 768w, https:\/\/www.assisi-schule-ostbevern.de\/wordpress\/wp-content\/uploads\/2017\/09\/10-3-1024x768.jpg 1024w\" sizes=\"auto, (max-width: 600px) 100vw, 600px\" \/><\/a> <a href=\"http:\/\/www.assisi-schule-ostbevern.de\/?attachment_id=2988\" rel=\"attachment wp-att-2988\"><img loading=\"lazy\" decoding=\"async\" class=\"alignnone size-medium wp-image-2988\" src=\"http:\/\/www.assisi-schule-ostbevern.de\/wordpress\/wp-content\/uploads\/2017\/09\/11-1-600x450.jpg\" alt=\"\" width=\"600\" height=\"450\" srcset=\"https:\/\/www.assisi-schule-ostbevern.de\/wordpress\/wp-content\/uploads\/2017\/09\/11-1-600x450.jpg 600w, https:\/\/www.assisi-schule-ostbevern.de\/wordpress\/wp-content\/uploads\/2017\/09\/11-1-768x576.jpg 768w, https:\/\/www.assisi-schule-ostbevern.de\/wordpress\/wp-content\/uploads\/2017\/09\/11-1-1024x768.jpg 1024w\" sizes=\"auto, (max-width: 600px) 100vw, 600px\" \/><\/a><\/p>\n<p>&nbsp;<\/p>\n<p><strong>Rollende Waldschule<\/strong><\/p>\n<p>Wir waren im Wald. Herr Sievers hat uns ausgestopfte Tiere gezeigt und Tier-Skelette. Herr Sievers ist ein J\u00e4ger und er hat uns viel \u00fcber B\u00e4ume erz\u00e4hlt und \u00fcber N\u00fcsse. (Danny, Klasse 2b)<\/p>\n<p>Am Freitag war unser Waldtag. Herr Sievers kam mit der &#8222;Rollenden Waldschule&#8220; zu uns. Herr Sievers hat uns Felle von Tieren gezeigt. Manche waren s\u00fc\u00df, manche waren aber auch gruselig. Und im Wald waren wir auch. Und Herr Sievers hat uns auch ausgestopfte Tiere gezeigt. Das war sch\u00f6n, sehr sch\u00f6n. (Luisa, Klasse 2a)<\/p>\n<p><a href=\"http:\/\/www.assisi-schule-ostbevern.de\/?attachment_id=2966\" rel=\"attachment wp-att-2966\"><img loading=\"lazy\" decoding=\"async\" class=\"alignnone size-medium wp-image-2966\" src=\"http:\/\/www.assisi-schule-ostbevern.de\/wordpress\/wp-content\/uploads\/2017\/09\/1-9-600x338.jpg\" alt=\"\" width=\"600\" height=\"338\" srcset=\"https:\/\/www.assisi-schule-ostbevern.de\/wordpress\/wp-content\/uploads\/2017\/09\/1-9-600x338.jpg 600w, https:\/\/www.assisi-schule-ostbevern.de\/wordpress\/wp-content\/uploads\/2017\/09\/1-9-768x432.jpg 768w, https:\/\/www.assisi-schule-ostbevern.de\/wordpress\/wp-content\/uploads\/2017\/09\/1-9-1024x576.jpg 1024w\" sizes=\"auto, (max-width: 600px) 100vw, 600px\" \/><\/a> <a href=\"http:\/\/www.assisi-schule-ostbevern.de\/?attachment_id=2967\" rel=\"attachment wp-att-2967\"><img loading=\"lazy\" decoding=\"async\" class=\"alignnone size-medium wp-image-2967\" src=\"http:\/\/www.assisi-schule-ostbevern.de\/wordpress\/wp-content\/uploads\/2017\/09\/2-9-600x338.jpg\" alt=\"\" width=\"600\" height=\"338\" srcset=\"https:\/\/www.assisi-schule-ostbevern.de\/wordpress\/wp-content\/uploads\/2017\/09\/2-9-600x338.jpg 600w, https:\/\/www.assisi-schule-ostbevern.de\/wordpress\/wp-content\/uploads\/2017\/09\/2-9-768x432.jpg 768w, https:\/\/www.assisi-schule-ostbevern.de\/wordpress\/wp-content\/uploads\/2017\/09\/2-9-1024x576.jpg 1024w\" sizes=\"auto, (max-width: 600px) 100vw, 600px\" \/><\/a> <a href=\"http:\/\/www.assisi-schule-ostbevern.de\/?attachment_id=2968\" rel=\"attachment wp-att-2968\"><img loading=\"lazy\" decoding=\"async\" class=\"alignnone size-medium wp-image-2968\" src=\"http:\/\/www.assisi-schule-ostbevern.de\/wordpress\/wp-content\/uploads\/2017\/09\/3-9-600x338.jpg\" alt=\"\" width=\"600\" height=\"338\" srcset=\"https:\/\/www.assisi-schule-ostbevern.de\/wordpress\/wp-content\/uploads\/2017\/09\/3-9-600x338.jpg 600w, https:\/\/www.assisi-schule-ostbevern.de\/wordpress\/wp-content\/uploads\/2017\/09\/3-9-768x432.jpg 768w, https:\/\/www.assisi-schule-ostbevern.de\/wordpress\/wp-content\/uploads\/2017\/09\/3-9-1024x576.jpg 1024w\" sizes=\"auto, (max-width: 600px) 100vw, 600px\" \/><\/a> <a href=\"http:\/\/www.assisi-schule-ostbevern.de\/?attachment_id=2969\" rel=\"attachment wp-att-2969\"><img loading=\"lazy\" decoding=\"async\" class=\"alignnone size-medium wp-image-2969\" src=\"http:\/\/www.assisi-schule-ostbevern.de\/wordpress\/wp-content\/uploads\/2017\/09\/4-8-600x450.jpg\" alt=\"\" width=\"600\" height=\"450\" srcset=\"https:\/\/www.assisi-schule-ostbevern.de\/wordpress\/wp-content\/uploads\/2017\/09\/4-8-600x450.jpg 600w, https:\/\/www.assisi-schule-ostbevern.de\/wordpress\/wp-content\/uploads\/2017\/09\/4-8-768x576.jpg 768w, https:\/\/www.assisi-schule-ostbevern.de\/wordpress\/wp-content\/uploads\/2017\/09\/4-8-1024x768.jpg 1024w\" sizes=\"auto, (max-width: 600px) 100vw, 600px\" \/><\/a> <a href=\"http:\/\/www.assisi-schule-ostbevern.de\/?attachment_id=2970\" rel=\"attachment wp-att-2970\"><img loading=\"lazy\" decoding=\"async\" class=\"alignnone size-medium wp-image-2970\" src=\"http:\/\/www.assisi-schule-ostbevern.de\/wordpress\/wp-content\/uploads\/2017\/09\/5-6-600x450.jpg\" alt=\"\" width=\"600\" height=\"450\" srcset=\"https:\/\/www.assisi-schule-ostbevern.de\/wordpress\/wp-content\/uploads\/2017\/09\/5-6-600x450.jpg 600w, https:\/\/www.assisi-schule-ostbevern.de\/wordpress\/wp-content\/uploads\/2017\/09\/5-6-768x576.jpg 768w, https:\/\/www.assisi-schule-ostbevern.de\/wordpress\/wp-content\/uploads\/2017\/09\/5-6-1024x768.jpg 1024w\" sizes=\"auto, (max-width: 600px) 100vw, 600px\" \/><\/a> <a href=\"http:\/\/www.assisi-schule-ostbevern.de\/?attachment_id=2971\" rel=\"attachment wp-att-2971\"><img loading=\"lazy\" decoding=\"async\" class=\"alignnone size-medium wp-image-2971\" src=\"http:\/\/www.assisi-schule-ostbevern.de\/wordpress\/wp-content\/uploads\/2017\/09\/6-6-600x450.jpg\" alt=\"\" width=\"600\" height=\"450\" srcset=\"https:\/\/www.assisi-schule-ostbevern.de\/wordpress\/wp-content\/uploads\/2017\/09\/6-6-600x450.jpg 600w, https:\/\/www.assisi-schule-ostbevern.de\/wordpress\/wp-content\/uploads\/2017\/09\/6-6-768x576.jpg 768w, https:\/\/www.assisi-schule-ostbevern.de\/wordpress\/wp-content\/uploads\/2017\/09\/6-6-1024x768.jpg 1024w\" sizes=\"auto, (max-width: 600px) 100vw, 600px\" \/><\/a><\/p>\n<p><strong>Bundesweiter Vorlesetag<\/strong><\/p>\n<p>Es wal mal wieder soweit: Passend zum bundesweiten Vorlesetag wurde auch an unserer Schule wieder flei\u00dfig vorgelesen. Die Kinder konnten wieder aus einer Vielzahl an B\u00fcchern aussuchen, was sie sich vorlesen lassen wollten und konnten dann eine Schulstunde lang einfach nur zuh\u00f6ren und genie\u00dfen. Neben den Lehrerinnen und Lehrern und weiteren Mitarbeitern las auch wieder unser B\u00fcrgermeister Wolfgang Annen aus einem Buch vor. Eine Mutter brachte auch ein Buch auf t\u00fcrkisch mit und las daraus vor. Alle Kinder waren zum Schluss ganz begeistert und h\u00e4tten am liebsten noch viel l\u00e4nger zugeh\u00f6rt.<\/p>\n<p><a href=\"http:\/\/www.assisi-schule-ostbevern.de\/?attachment_id=2949\" rel=\"attachment wp-att-2949\"><img loading=\"lazy\" decoding=\"async\" class=\"alignnone size-medium wp-image-2949\" src=\"http:\/\/www.assisi-schule-ostbevern.de\/wordpress\/wp-content\/uploads\/2017\/09\/1-8-600x450.jpg\" alt=\"\" width=\"600\" height=\"450\" srcset=\"https:\/\/www.assisi-schule-ostbevern.de\/wordpress\/wp-content\/uploads\/2017\/09\/1-8-600x450.jpg 600w, https:\/\/www.assisi-schule-ostbevern.de\/wordpress\/wp-content\/uploads\/2017\/09\/1-8-768x576.jpg 768w, https:\/\/www.assisi-schule-ostbevern.de\/wordpress\/wp-content\/uploads\/2017\/09\/1-8-1024x768.jpg 1024w\" sizes=\"auto, (max-width: 600px) 100vw, 600px\" \/><\/a> <a href=\"http:\/\/www.assisi-schule-ostbevern.de\/?attachment_id=2950\" rel=\"attachment wp-att-2950\"><img loading=\"lazy\" decoding=\"async\" class=\"alignnone size-medium wp-image-2950\" src=\"http:\/\/www.assisi-schule-ostbevern.de\/wordpress\/wp-content\/uploads\/2017\/09\/2-8-600x450.jpg\" alt=\"\" width=\"600\" height=\"450\" srcset=\"https:\/\/www.assisi-schule-ostbevern.de\/wordpress\/wp-content\/uploads\/2017\/09\/2-8-600x450.jpg 600w, https:\/\/www.assisi-schule-ostbevern.de\/wordpress\/wp-content\/uploads\/2017\/09\/2-8-768x576.jpg 768w, https:\/\/www.assisi-schule-ostbevern.de\/wordpress\/wp-content\/uploads\/2017\/09\/2-8-1024x768.jpg 1024w\" sizes=\"auto, (max-width: 600px) 100vw, 600px\" \/><\/a> <a href=\"http:\/\/www.assisi-schule-ostbevern.de\/?attachment_id=2951\" rel=\"attachment wp-att-2951\"><img loading=\"lazy\" decoding=\"async\" class=\"alignnone size-medium wp-image-2951\" src=\"http:\/\/www.assisi-schule-ostbevern.de\/wordpress\/wp-content\/uploads\/2017\/09\/3-8-600x450.jpg\" alt=\"\" width=\"600\" height=\"450\" srcset=\"https:\/\/www.assisi-schule-ostbevern.de\/wordpress\/wp-content\/uploads\/2017\/09\/3-8-600x450.jpg 600w, https:\/\/www.assisi-schule-ostbevern.de\/wordpress\/wp-content\/uploads\/2017\/09\/3-8-768x576.jpg 768w, https:\/\/www.assisi-schule-ostbevern.de\/wordpress\/wp-content\/uploads\/2017\/09\/3-8-1024x768.jpg 1024w\" sizes=\"auto, (max-width: 600px) 100vw, 600px\" \/><\/a> <a href=\"http:\/\/www.assisi-schule-ostbevern.de\/?attachment_id=2952\" rel=\"attachment wp-att-2952\"><img loading=\"lazy\" decoding=\"async\" class=\"alignnone size-medium wp-image-2952\" src=\"http:\/\/www.assisi-schule-ostbevern.de\/wordpress\/wp-content\/uploads\/2017\/09\/4-7-600x450.jpg\" alt=\"\" width=\"600\" height=\"450\" srcset=\"https:\/\/www.assisi-schule-ostbevern.de\/wordpress\/wp-content\/uploads\/2017\/09\/4-7-600x450.jpg 600w, https:\/\/www.assisi-schule-ostbevern.de\/wordpress\/wp-content\/uploads\/2017\/09\/4-7-768x576.jpg 768w, https:\/\/www.assisi-schule-ostbevern.de\/wordpress\/wp-content\/uploads\/2017\/09\/4-7-1024x768.jpg 1024w\" sizes=\"auto, (max-width: 600px) 100vw, 600px\" \/><\/a> <a href=\"http:\/\/www.assisi-schule-ostbevern.de\/?attachment_id=2953\" rel=\"attachment wp-att-2953\"><img loading=\"lazy\" decoding=\"async\" class=\"alignnone size-medium wp-image-2953\" src=\"http:\/\/www.assisi-schule-ostbevern.de\/wordpress\/wp-content\/uploads\/2017\/09\/5-5-600x450.jpg\" alt=\"\" width=\"600\" height=\"450\" srcset=\"https:\/\/www.assisi-schule-ostbevern.de\/wordpress\/wp-content\/uploads\/2017\/09\/5-5-600x450.jpg 600w, https:\/\/www.assisi-schule-ostbevern.de\/wordpress\/wp-content\/uploads\/2017\/09\/5-5-768x576.jpg 768w, https:\/\/www.assisi-schule-ostbevern.de\/wordpress\/wp-content\/uploads\/2017\/09\/5-5-1024x768.jpg 1024w\" sizes=\"auto, (max-width: 600px) 100vw, 600px\" \/><\/a> <a href=\"http:\/\/www.assisi-schule-ostbevern.de\/?attachment_id=2954\" rel=\"attachment wp-att-2954\"><img loading=\"lazy\" decoding=\"async\" class=\"alignnone size-medium wp-image-2954\" src=\"http:\/\/www.assisi-schule-ostbevern.de\/wordpress\/wp-content\/uploads\/2017\/09\/6-5-600x450.jpg\" alt=\"\" width=\"600\" height=\"450\" srcset=\"https:\/\/www.assisi-schule-ostbevern.de\/wordpress\/wp-content\/uploads\/2017\/09\/6-5-600x450.jpg 600w, https:\/\/www.assisi-schule-ostbevern.de\/wordpress\/wp-content\/uploads\/2017\/09\/6-5-768x576.jpg 768w, https:\/\/www.assisi-schule-ostbevern.de\/wordpress\/wp-content\/uploads\/2017\/09\/6-5-1024x768.jpg 1024w\" sizes=\"auto, (max-width: 600px) 100vw, 600px\" \/><\/a> <a href=\"http:\/\/www.assisi-schule-ostbevern.de\/?attachment_id=2955\" rel=\"attachment wp-att-2955\"><img loading=\"lazy\" decoding=\"async\" class=\"alignnone size-medium wp-image-2955\" src=\"http:\/\/www.assisi-schule-ostbevern.de\/wordpress\/wp-content\/uploads\/2017\/09\/7-5-600x450.jpg\" alt=\"\" width=\"600\" height=\"450\" srcset=\"https:\/\/www.assisi-schule-ostbevern.de\/wordpress\/wp-content\/uploads\/2017\/09\/7-5-600x450.jpg 600w, https:\/\/www.assisi-schule-ostbevern.de\/wordpress\/wp-content\/uploads\/2017\/09\/7-5-768x576.jpg 768w, https:\/\/www.assisi-schule-ostbevern.de\/wordpress\/wp-content\/uploads\/2017\/09\/7-5-1024x768.jpg 1024w\" sizes=\"auto, (max-width: 600px) 100vw, 600px\" \/><\/a> <a href=\"http:\/\/www.assisi-schule-ostbevern.de\/?attachment_id=2956\" rel=\"attachment wp-att-2956\"><img loading=\"lazy\" decoding=\"async\" class=\"alignnone size-medium wp-image-2956\" src=\"http:\/\/www.assisi-schule-ostbevern.de\/wordpress\/wp-content\/uploads\/2017\/09\/8-5-600x450.jpg\" alt=\"\" width=\"600\" height=\"450\" srcset=\"https:\/\/www.assisi-schule-ostbevern.de\/wordpress\/wp-content\/uploads\/2017\/09\/8-5-600x450.jpg 600w, https:\/\/www.assisi-schule-ostbevern.de\/wordpress\/wp-content\/uploads\/2017\/09\/8-5-768x576.jpg 768w, https:\/\/www.assisi-schule-ostbevern.de\/wordpress\/wp-content\/uploads\/2017\/09\/8-5-1024x768.jpg 1024w\" sizes=\"auto, (max-width: 600px) 100vw, 600px\" \/><\/a> <a href=\"http:\/\/www.assisi-schule-ostbevern.de\/?attachment_id=2957\" rel=\"attachment wp-att-2957\"><img loading=\"lazy\" decoding=\"async\" class=\"alignnone size-medium wp-image-2957\" src=\"http:\/\/www.assisi-schule-ostbevern.de\/wordpress\/wp-content\/uploads\/2017\/09\/9-3-600x450.jpg\" alt=\"\" width=\"600\" height=\"450\" srcset=\"https:\/\/www.assisi-schule-ostbevern.de\/wordpress\/wp-content\/uploads\/2017\/09\/9-3-600x450.jpg 600w, https:\/\/www.assisi-schule-ostbevern.de\/wordpress\/wp-content\/uploads\/2017\/09\/9-3-768x576.jpg 768w, https:\/\/www.assisi-schule-ostbevern.de\/wordpress\/wp-content\/uploads\/2017\/09\/9-3-1024x768.jpg 1024w\" sizes=\"auto, (max-width: 600px) 100vw, 600px\" \/><\/a> <a href=\"http:\/\/www.assisi-schule-ostbevern.de\/?attachment_id=2958\" rel=\"attachment wp-att-2958\"><img loading=\"lazy\" decoding=\"async\" class=\"alignnone size-medium wp-image-2958\" src=\"http:\/\/www.assisi-schule-ostbevern.de\/wordpress\/wp-content\/uploads\/2017\/09\/10-2-600x450.jpg\" alt=\"\" width=\"600\" height=\"450\" srcset=\"https:\/\/www.assisi-schule-ostbevern.de\/wordpress\/wp-content\/uploads\/2017\/09\/10-2-600x450.jpg 600w, https:\/\/www.assisi-schule-ostbevern.de\/wordpress\/wp-content\/uploads\/2017\/09\/10-2-768x576.jpg 768w, https:\/\/www.assisi-schule-ostbevern.de\/wordpress\/wp-content\/uploads\/2017\/09\/10-2-1024x768.jpg 1024w\" sizes=\"auto, (max-width: 600px) 100vw, 600px\" \/><\/a> <a href=\"http:\/\/www.assisi-schule-ostbevern.de\/?attachment_id=2959\" rel=\"attachment wp-att-2959\"><img loading=\"lazy\" decoding=\"async\" class=\"alignnone size-medium wp-image-2959\" src=\"http:\/\/www.assisi-schule-ostbevern.de\/wordpress\/wp-content\/uploads\/2017\/09\/11-600x450.jpg\" alt=\"\" width=\"600\" height=\"450\" srcset=\"https:\/\/www.assisi-schule-ostbevern.de\/wordpress\/wp-content\/uploads\/2017\/09\/11-600x450.jpg 600w, https:\/\/www.assisi-schule-ostbevern.de\/wordpress\/wp-content\/uploads\/2017\/09\/11-768x576.jpg 768w, https:\/\/www.assisi-schule-ostbevern.de\/wordpress\/wp-content\/uploads\/2017\/09\/11-1024x768.jpg 1024w\" sizes=\"auto, (max-width: 600px) 100vw, 600px\" \/><\/a> <a href=\"http:\/\/www.assisi-schule-ostbevern.de\/?attachment_id=2960\" rel=\"attachment wp-att-2960\"><img loading=\"lazy\" decoding=\"async\" class=\"alignnone size-medium wp-image-2960\" src=\"http:\/\/www.assisi-schule-ostbevern.de\/wordpress\/wp-content\/uploads\/2017\/09\/12-600x450.jpg\" alt=\"\" width=\"600\" height=\"450\" srcset=\"https:\/\/www.assisi-schule-ostbevern.de\/wordpress\/wp-content\/uploads\/2017\/09\/12-600x450.jpg 600w, https:\/\/www.assisi-schule-ostbevern.de\/wordpress\/wp-content\/uploads\/2017\/09\/12-768x576.jpg 768w, https:\/\/www.assisi-schule-ostbevern.de\/wordpress\/wp-content\/uploads\/2017\/09\/12-1024x768.jpg 1024w\" sizes=\"auto, (max-width: 600px) 100vw, 600px\" \/><\/a> <a href=\"http:\/\/www.assisi-schule-ostbevern.de\/?attachment_id=2961\" rel=\"attachment wp-att-2961\"><img loading=\"lazy\" decoding=\"async\" class=\"alignnone size-medium wp-image-2961\" src=\"http:\/\/www.assisi-schule-ostbevern.de\/wordpress\/wp-content\/uploads\/2017\/09\/13-600x450.jpg\" alt=\"\" width=\"600\" height=\"450\" srcset=\"https:\/\/www.assisi-schule-ostbevern.de\/wordpress\/wp-content\/uploads\/2017\/09\/13-600x450.jpg 600w, https:\/\/www.assisi-schule-ostbevern.de\/wordpress\/wp-content\/uploads\/2017\/09\/13-768x576.jpg 768w, https:\/\/www.assisi-schule-ostbevern.de\/wordpress\/wp-content\/uploads\/2017\/09\/13-1024x768.jpg 1024w\" sizes=\"auto, (max-width: 600px) 100vw, 600px\" \/><\/a><\/p>\n<p><strong>Kastaniensonntag<\/strong><\/p>\n<p>Wie in jedem Jahr hat der F\u00f6rderverein auch in diesem Jahr wieder m\u00e4chtig was auf die Beine gestellt zum Kastaniensonntag. In allen Klassen wurden im Akkord Kuchen und Torten gebacken, damit diese dann am Kastaniensonntag im Edith-Stein-Haus verkauft werden konnten. Auch Brezeln, Kaffee und andere Getr\u00e4nke wurden angeboten. Viele Helferinnen und Helfer standen dann am Sonntag hinter der Theke, um die K\u00f6stlichkeiten auch zu verkaufen. Der Erl\u00f6s dieses Verkaufes geht in die Kasse des F\u00f6rdervereins und kommt damit allen Kindern unserer Schule zugute.\u00a0 Vielen Dank an alle Helferinnen und Helfer und besonders an den Vorstand des F\u00f6rdervereins f\u00fcr die Organisation und das Engagement!<\/p>\n<p><a href=\"http:\/\/www.assisi-schule-ostbevern.de\/?attachment_id=2943\" rel=\"attachment wp-att-2943\"><img loading=\"lazy\" decoding=\"async\" class=\"alignnone size-medium wp-image-2943\" src=\"http:\/\/www.assisi-schule-ostbevern.de\/wordpress\/wp-content\/uploads\/2017\/09\/1-7-600x450.jpg\" alt=\"\" width=\"600\" height=\"450\" srcset=\"https:\/\/www.assisi-schule-ostbevern.de\/wordpress\/wp-content\/uploads\/2017\/09\/1-7-600x450.jpg 600w, https:\/\/www.assisi-schule-ostbevern.de\/wordpress\/wp-content\/uploads\/2017\/09\/1-7-768x576.jpg 768w, https:\/\/www.assisi-schule-ostbevern.de\/wordpress\/wp-content\/uploads\/2017\/09\/1-7-1024x768.jpg 1024w\" sizes=\"auto, (max-width: 600px) 100vw, 600px\" \/><\/a> <a href=\"http:\/\/www.assisi-schule-ostbevern.de\/?attachment_id=2944\" rel=\"attachment wp-att-2944\"><img loading=\"lazy\" decoding=\"async\" class=\"alignnone size-medium wp-image-2944\" src=\"http:\/\/www.assisi-schule-ostbevern.de\/wordpress\/wp-content\/uploads\/2017\/09\/2-7-600x450.jpg\" alt=\"\" width=\"600\" height=\"450\" srcset=\"https:\/\/www.assisi-schule-ostbevern.de\/wordpress\/wp-content\/uploads\/2017\/09\/2-7-600x450.jpg 600w, https:\/\/www.assisi-schule-ostbevern.de\/wordpress\/wp-content\/uploads\/2017\/09\/2-7-768x576.jpg 768w, https:\/\/www.assisi-schule-ostbevern.de\/wordpress\/wp-content\/uploads\/2017\/09\/2-7-1024x768.jpg 1024w\" sizes=\"auto, (max-width: 600px) 100vw, 600px\" \/><\/a> <a href=\"http:\/\/www.assisi-schule-ostbevern.de\/?attachment_id=2945\" rel=\"attachment wp-att-2945\"><img loading=\"lazy\" decoding=\"async\" class=\"alignnone size-medium wp-image-2945\" src=\"http:\/\/www.assisi-schule-ostbevern.de\/wordpress\/wp-content\/uploads\/2017\/09\/3-7-600x450.jpg\" alt=\"\" width=\"600\" height=\"450\" srcset=\"https:\/\/www.assisi-schule-ostbevern.de\/wordpress\/wp-content\/uploads\/2017\/09\/3-7-600x450.jpg 600w, https:\/\/www.assisi-schule-ostbevern.de\/wordpress\/wp-content\/uploads\/2017\/09\/3-7-768x576.jpg 768w, https:\/\/www.assisi-schule-ostbevern.de\/wordpress\/wp-content\/uploads\/2017\/09\/3-7-1024x768.jpg 1024w\" sizes=\"auto, (max-width: 600px) 100vw, 600px\" \/><\/a> <a href=\"http:\/\/www.assisi-schule-ostbevern.de\/?attachment_id=2946\" rel=\"attachment wp-att-2946\"><img loading=\"lazy\" decoding=\"async\" class=\"alignnone size-medium wp-image-2946\" src=\"http:\/\/www.assisi-schule-ostbevern.de\/wordpress\/wp-content\/uploads\/2017\/09\/4-6-600x450.jpg\" alt=\"\" width=\"600\" height=\"450\" srcset=\"https:\/\/www.assisi-schule-ostbevern.de\/wordpress\/wp-content\/uploads\/2017\/09\/4-6-600x450.jpg 600w, https:\/\/www.assisi-schule-ostbevern.de\/wordpress\/wp-content\/uploads\/2017\/09\/4-6-768x576.jpg 768w, https:\/\/www.assisi-schule-ostbevern.de\/wordpress\/wp-content\/uploads\/2017\/09\/4-6-1024x768.jpg 1024w\" sizes=\"auto, (max-width: 600px) 100vw, 600px\" \/><\/a><\/p>\n<p><strong>Herbstsingen<\/strong><\/p>\n<p>Auch in diesem Jahr wurden die Herbstferien wieder mit unserem traditionellen Herbstsingen im Forum am letzten Schultag eingel\u00e4utet. Es wurde, unter der Gesamtleitung von Frau Bleibel, ein abwechslungsreiches Programm pr\u00e4sentiert mit vielen Beitr\u00e4gen aus unterschiedlichen Klassen. Auch die Erstkl\u00e4ssler hatten dort ihren ersten Auftritt vor der Schulgemeinde und vielen interessierten Zuschauern.<\/p>\n<p><a href=\"http:\/\/www.assisi-schule-ostbevern.de\/?attachment_id=2917\" rel=\"attachment wp-att-2917\"><img loading=\"lazy\" decoding=\"async\" class=\"alignnone size-medium wp-image-2917\" src=\"http:\/\/www.assisi-schule-ostbevern.de\/wordpress\/wp-content\/uploads\/2017\/09\/1-6-600x450.jpg\" alt=\"\" width=\"600\" height=\"450\" srcset=\"https:\/\/www.assisi-schule-ostbevern.de\/wordpress\/wp-content\/uploads\/2017\/09\/1-6-600x450.jpg 600w, https:\/\/www.assisi-schule-ostbevern.de\/wordpress\/wp-content\/uploads\/2017\/09\/1-6-768x576.jpg 768w, https:\/\/www.assisi-schule-ostbevern.de\/wordpress\/wp-content\/uploads\/2017\/09\/1-6-1024x768.jpg 1024w\" sizes=\"auto, (max-width: 600px) 100vw, 600px\" \/><\/a> <a href=\"http:\/\/www.assisi-schule-ostbevern.de\/?attachment_id=2918\" rel=\"attachment wp-att-2918\"><img loading=\"lazy\" decoding=\"async\" class=\"alignnone size-medium wp-image-2918\" src=\"http:\/\/www.assisi-schule-ostbevern.de\/wordpress\/wp-content\/uploads\/2017\/09\/2-6-600x450.jpg\" alt=\"\" width=\"600\" height=\"450\" srcset=\"https:\/\/www.assisi-schule-ostbevern.de\/wordpress\/wp-content\/uploads\/2017\/09\/2-6-600x450.jpg 600w, https:\/\/www.assisi-schule-ostbevern.de\/wordpress\/wp-content\/uploads\/2017\/09\/2-6-768x576.jpg 768w, https:\/\/www.assisi-schule-ostbevern.de\/wordpress\/wp-content\/uploads\/2017\/09\/2-6-1024x768.jpg 1024w\" sizes=\"auto, (max-width: 600px) 100vw, 600px\" \/><\/a> <a href=\"http:\/\/www.assisi-schule-ostbevern.de\/?attachment_id=2919\" rel=\"attachment wp-att-2919\"><img loading=\"lazy\" decoding=\"async\" class=\"alignnone size-medium wp-image-2919\" src=\"http:\/\/www.assisi-schule-ostbevern.de\/wordpress\/wp-content\/uploads\/2017\/09\/3-6-600x450.jpg\" alt=\"\" width=\"600\" height=\"450\" srcset=\"https:\/\/www.assisi-schule-ostbevern.de\/wordpress\/wp-content\/uploads\/2017\/09\/3-6-600x450.jpg 600w, https:\/\/www.assisi-schule-ostbevern.de\/wordpress\/wp-content\/uploads\/2017\/09\/3-6-768x576.jpg 768w, https:\/\/www.assisi-schule-ostbevern.de\/wordpress\/wp-content\/uploads\/2017\/09\/3-6-1024x768.jpg 1024w\" sizes=\"auto, (max-width: 600px) 100vw, 600px\" \/><\/a> <a href=\"http:\/\/www.assisi-schule-ostbevern.de\/?attachment_id=2920\" rel=\"attachment wp-att-2920\"><img loading=\"lazy\" decoding=\"async\" class=\"alignnone size-medium wp-image-2920\" src=\"http:\/\/www.assisi-schule-ostbevern.de\/wordpress\/wp-content\/uploads\/2017\/09\/4-5-600x450.jpg\" alt=\"\" width=\"600\" height=\"450\" srcset=\"https:\/\/www.assisi-schule-ostbevern.de\/wordpress\/wp-content\/uploads\/2017\/09\/4-5-600x450.jpg 600w, https:\/\/www.assisi-schule-ostbevern.de\/wordpress\/wp-content\/uploads\/2017\/09\/4-5-768x576.jpg 768w, https:\/\/www.assisi-schule-ostbevern.de\/wordpress\/wp-content\/uploads\/2017\/09\/4-5-1024x768.jpg 1024w\" sizes=\"auto, (max-width: 600px) 100vw, 600px\" \/><\/a> <a href=\"http:\/\/www.assisi-schule-ostbevern.de\/?attachment_id=2921\" rel=\"attachment wp-att-2921\"><img loading=\"lazy\" decoding=\"async\" class=\"alignnone size-medium wp-image-2921\" src=\"http:\/\/www.assisi-schule-ostbevern.de\/wordpress\/wp-content\/uploads\/2017\/09\/5-4-600x450.jpg\" alt=\"\" width=\"600\" height=\"450\" srcset=\"https:\/\/www.assisi-schule-ostbevern.de\/wordpress\/wp-content\/uploads\/2017\/09\/5-4-600x450.jpg 600w, https:\/\/www.assisi-schule-ostbevern.de\/wordpress\/wp-content\/uploads\/2017\/09\/5-4-768x576.jpg 768w, https:\/\/www.assisi-schule-ostbevern.de\/wordpress\/wp-content\/uploads\/2017\/09\/5-4-1024x768.jpg 1024w\" sizes=\"auto, (max-width: 600px) 100vw, 600px\" \/><\/a> <a href=\"http:\/\/www.assisi-schule-ostbevern.de\/?attachment_id=2922\" rel=\"attachment wp-att-2922\"><img loading=\"lazy\" decoding=\"async\" class=\"alignnone size-medium wp-image-2922\" src=\"http:\/\/www.assisi-schule-ostbevern.de\/wordpress\/wp-content\/uploads\/2017\/09\/6-4-600x450.jpg\" alt=\"\" width=\"600\" height=\"450\" srcset=\"https:\/\/www.assisi-schule-ostbevern.de\/wordpress\/wp-content\/uploads\/2017\/09\/6-4-600x450.jpg 600w, https:\/\/www.assisi-schule-ostbevern.de\/wordpress\/wp-content\/uploads\/2017\/09\/6-4-768x576.jpg 768w, https:\/\/www.assisi-schule-ostbevern.de\/wordpress\/wp-content\/uploads\/2017\/09\/6-4-1024x768.jpg 1024w\" sizes=\"auto, (max-width: 600px) 100vw, 600px\" \/><\/a> <a href=\"http:\/\/www.assisi-schule-ostbevern.de\/?attachment_id=2923\" rel=\"attachment wp-att-2923\"><img loading=\"lazy\" decoding=\"async\" class=\"alignnone size-medium wp-image-2923\" src=\"http:\/\/www.assisi-schule-ostbevern.de\/wordpress\/wp-content\/uploads\/2017\/09\/7-4-600x450.jpg\" alt=\"\" width=\"600\" height=\"450\" srcset=\"https:\/\/www.assisi-schule-ostbevern.de\/wordpress\/wp-content\/uploads\/2017\/09\/7-4-600x450.jpg 600w, https:\/\/www.assisi-schule-ostbevern.de\/wordpress\/wp-content\/uploads\/2017\/09\/7-4-768x576.jpg 768w, https:\/\/www.assisi-schule-ostbevern.de\/wordpress\/wp-content\/uploads\/2017\/09\/7-4-1024x768.jpg 1024w\" sizes=\"auto, (max-width: 600px) 100vw, 600px\" \/><\/a> <a href=\"http:\/\/www.assisi-schule-ostbevern.de\/?attachment_id=2924\" rel=\"attachment wp-att-2924\"><img loading=\"lazy\" decoding=\"async\" class=\"alignnone size-medium wp-image-2924\" src=\"http:\/\/www.assisi-schule-ostbevern.de\/wordpress\/wp-content\/uploads\/2017\/09\/8-4-600x450.jpg\" alt=\"\" width=\"600\" height=\"450\" srcset=\"https:\/\/www.assisi-schule-ostbevern.de\/wordpress\/wp-content\/uploads\/2017\/09\/8-4-600x450.jpg 600w, https:\/\/www.assisi-schule-ostbevern.de\/wordpress\/wp-content\/uploads\/2017\/09\/8-4-768x576.jpg 768w, https:\/\/www.assisi-schule-ostbevern.de\/wordpress\/wp-content\/uploads\/2017\/09\/8-4-1024x768.jpg 1024w\" sizes=\"auto, (max-width: 600px) 100vw, 600px\" \/><\/a><\/p>\n<p><strong>Loburger Waldlauf<\/strong><\/p>\n<p>Am 11.10.2017 fand der 43. Loburger Waldlauf statt. Wir, die Klassen 4a und 4b, sind in Sportklamotten zur Loburg gegangen. Wir haben zuerst unsere Rucks\u00e4cke abgelegt und dann haben Frau Naarmann und Frau Austrup uns die Startnummern gegeben. Auf den Schildern standen die Startnummern und die Uhrzeiten, wann man dran war. Dann ging es mit den ersten L\u00e4ufen los. Wenn man nicht dran war, konnte man entweder die anderen anfeuern oder ins Kino gehen, R\u00e4tsel l\u00f6sen, auf die H\u00fcpfburg gehen, Minigolf spielen oder auf eine Torwand schie\u00dfen. Alle haben sich richtig angestrengt und sind so schnell sie konnten gelaufen. Manchmal war es ein ganz sch\u00f6nes Gedr\u00e4ngel und man wurde geschubst. Jona aus der 4a hat den 2. Platz in seiner Gruppe geholt und Lotta aus der 4b hat den 4. Platz gemacht. Die Assisi-Schule ist insgesamt 8. geworden, aber hat leider keinen Pokal geholt. Bei den 23. und 24. L\u00e4ufen haben die M\u00e4dchen die Jungs angefeuert, dann haben die Jungs nochmal richtig Gas gegeben. Zum Mittagessen gabe es noch leckere Erbsensuppe. Die konnte man \u00fcberall drau\u00dfen essen. Wir haben uns auf Steine gesetzt. Die Siegerehrung konnten wir nicht mit angucken, weil wir dann losgehen mussten. Enige Kinder durften direkt nach Hause gehen.<\/p>\n<p>(Lotta Sohn, 4b)<\/p>\n<p><a href=\"http:\/\/www.assisi-schule-ostbevern.de\/?attachment_id=2904\" rel=\"attachment wp-att-2904\"><img loading=\"lazy\" decoding=\"async\" class=\"alignnone size-medium wp-image-2904\" src=\"http:\/\/www.assisi-schule-ostbevern.de\/wordpress\/wp-content\/uploads\/2017\/09\/1-5-600x450.jpg\" alt=\"\" width=\"600\" height=\"450\" srcset=\"https:\/\/www.assisi-schule-ostbevern.de\/wordpress\/wp-content\/uploads\/2017\/09\/1-5-600x450.jpg 600w, https:\/\/www.assisi-schule-ostbevern.de\/wordpress\/wp-content\/uploads\/2017\/09\/1-5-768x576.jpg 768w, https:\/\/www.assisi-schule-ostbevern.de\/wordpress\/wp-content\/uploads\/2017\/09\/1-5-1024x768.jpg 1024w\" sizes=\"auto, (max-width: 600px) 100vw, 600px\" \/><\/a> <a href=\"http:\/\/www.assisi-schule-ostbevern.de\/?attachment_id=2905\" rel=\"attachment wp-att-2905\"><img loading=\"lazy\" decoding=\"async\" class=\"alignnone size-medium wp-image-2905\" src=\"http:\/\/www.assisi-schule-ostbevern.de\/wordpress\/wp-content\/uploads\/2017\/09\/2-5-600x450.jpg\" alt=\"\" width=\"600\" height=\"450\" srcset=\"https:\/\/www.assisi-schule-ostbevern.de\/wordpress\/wp-content\/uploads\/2017\/09\/2-5-600x450.jpg 600w, https:\/\/www.assisi-schule-ostbevern.de\/wordpress\/wp-content\/uploads\/2017\/09\/2-5-768x576.jpg 768w, https:\/\/www.assisi-schule-ostbevern.de\/wordpress\/wp-content\/uploads\/2017\/09\/2-5-1024x768.jpg 1024w\" sizes=\"auto, (max-width: 600px) 100vw, 600px\" \/><\/a> <a href=\"http:\/\/www.assisi-schule-ostbevern.de\/?attachment_id=2906\" rel=\"attachment wp-att-2906\"><img loading=\"lazy\" decoding=\"async\" class=\"alignnone size-medium wp-image-2906\" src=\"http:\/\/www.assisi-schule-ostbevern.de\/wordpress\/wp-content\/uploads\/2017\/09\/3-5-600x450.jpg\" alt=\"\" width=\"600\" height=\"450\" srcset=\"https:\/\/www.assisi-schule-ostbevern.de\/wordpress\/wp-content\/uploads\/2017\/09\/3-5-600x450.jpg 600w, https:\/\/www.assisi-schule-ostbevern.de\/wordpress\/wp-content\/uploads\/2017\/09\/3-5-768x576.jpg 768w, https:\/\/www.assisi-schule-ostbevern.de\/wordpress\/wp-content\/uploads\/2017\/09\/3-5-1024x768.jpg 1024w\" sizes=\"auto, (max-width: 600px) 100vw, 600px\" \/><\/a> <a href=\"http:\/\/www.assisi-schule-ostbevern.de\/?attachment_id=2907\" rel=\"attachment wp-att-2907\"><img loading=\"lazy\" decoding=\"async\" class=\"alignnone size-medium wp-image-2907\" src=\"http:\/\/www.assisi-schule-ostbevern.de\/wordpress\/wp-content\/uploads\/2017\/09\/4-4-600x450.jpg\" alt=\"\" width=\"600\" height=\"450\" srcset=\"https:\/\/www.assisi-schule-ostbevern.de\/wordpress\/wp-content\/uploads\/2017\/09\/4-4-600x450.jpg 600w, https:\/\/www.assisi-schule-ostbevern.de\/wordpress\/wp-content\/uploads\/2017\/09\/4-4-768x576.jpg 768w, https:\/\/www.assisi-schule-ostbevern.de\/wordpress\/wp-content\/uploads\/2017\/09\/4-4-1024x768.jpg 1024w\" sizes=\"auto, (max-width: 600px) 100vw, 600px\" \/><\/a> <a href=\"http:\/\/www.assisi-schule-ostbevern.de\/?attachment_id=2908\" rel=\"attachment wp-att-2908\"><img loading=\"lazy\" decoding=\"async\" class=\"alignnone size-medium wp-image-2908\" src=\"http:\/\/www.assisi-schule-ostbevern.de\/wordpress\/wp-content\/uploads\/2017\/09\/5-3-600x450.jpg\" alt=\"\" width=\"600\" height=\"450\" srcset=\"https:\/\/www.assisi-schule-ostbevern.de\/wordpress\/wp-content\/uploads\/2017\/09\/5-3-600x450.jpg 600w, https:\/\/www.assisi-schule-ostbevern.de\/wordpress\/wp-content\/uploads\/2017\/09\/5-3-768x576.jpg 768w, https:\/\/www.assisi-schule-ostbevern.de\/wordpress\/wp-content\/uploads\/2017\/09\/5-3-1024x768.jpg 1024w\" sizes=\"auto, (max-width: 600px) 100vw, 600px\" \/><\/a> <a href=\"http:\/\/www.assisi-schule-ostbevern.de\/?attachment_id=2909\" rel=\"attachment wp-att-2909\"><img loading=\"lazy\" decoding=\"async\" class=\"alignnone size-medium wp-image-2909\" src=\"http:\/\/www.assisi-schule-ostbevern.de\/wordpress\/wp-content\/uploads\/2017\/09\/6-3-600x450.jpg\" alt=\"\" width=\"600\" height=\"450\" srcset=\"https:\/\/www.assisi-schule-ostbevern.de\/wordpress\/wp-content\/uploads\/2017\/09\/6-3-600x450.jpg 600w, https:\/\/www.assisi-schule-ostbevern.de\/wordpress\/wp-content\/uploads\/2017\/09\/6-3-768x576.jpg 768w, https:\/\/www.assisi-schule-ostbevern.de\/wordpress\/wp-content\/uploads\/2017\/09\/6-3-1024x768.jpg 1024w\" sizes=\"auto, (max-width: 600px) 100vw, 600px\" \/><\/a> <a href=\"http:\/\/www.assisi-schule-ostbevern.de\/?attachment_id=2910\" rel=\"attachment wp-att-2910\"><img loading=\"lazy\" decoding=\"async\" class=\"alignnone size-medium wp-image-2910\" src=\"http:\/\/www.assisi-schule-ostbevern.de\/wordpress\/wp-content\/uploads\/2017\/09\/7-3-450x600.jpg\" alt=\"\" width=\"450\" height=\"600\" srcset=\"https:\/\/www.assisi-schule-ostbevern.de\/wordpress\/wp-content\/uploads\/2017\/09\/7-3-450x600.jpg 450w, https:\/\/www.assisi-schule-ostbevern.de\/wordpress\/wp-content\/uploads\/2017\/09\/7-3-768x1024.jpg 768w\" sizes=\"auto, (max-width: 450px) 100vw, 450px\" \/><\/a> <a href=\"http:\/\/www.assisi-schule-ostbevern.de\/?attachment_id=2911\" rel=\"attachment wp-att-2911\"><img loading=\"lazy\" decoding=\"async\" class=\"alignnone size-medium wp-image-2911\" src=\"http:\/\/www.assisi-schule-ostbevern.de\/wordpress\/wp-content\/uploads\/2017\/09\/8-3-600x450.jpg\" alt=\"\" width=\"600\" height=\"450\" srcset=\"https:\/\/www.assisi-schule-ostbevern.de\/wordpress\/wp-content\/uploads\/2017\/09\/8-3-600x450.jpg 600w, https:\/\/www.assisi-schule-ostbevern.de\/wordpress\/wp-content\/uploads\/2017\/09\/8-3-768x576.jpg 768w, https:\/\/www.assisi-schule-ostbevern.de\/wordpress\/wp-content\/uploads\/2017\/09\/8-3-1024x768.jpg 1024w\" sizes=\"auto, (max-width: 600px) 100vw, 600px\" \/><\/a> <a href=\"http:\/\/www.assisi-schule-ostbevern.de\/?attachment_id=2912\" rel=\"attachment wp-att-2912\"><img loading=\"lazy\" decoding=\"async\" class=\"alignnone size-medium wp-image-2912\" src=\"http:\/\/www.assisi-schule-ostbevern.de\/wordpress\/wp-content\/uploads\/2017\/09\/9-2-600x450.jpg\" alt=\"\" width=\"600\" height=\"450\" srcset=\"https:\/\/www.assisi-schule-ostbevern.de\/wordpress\/wp-content\/uploads\/2017\/09\/9-2-600x450.jpg 600w, https:\/\/www.assisi-schule-ostbevern.de\/wordpress\/wp-content\/uploads\/2017\/09\/9-2-768x576.jpg 768w, https:\/\/www.assisi-schule-ostbevern.de\/wordpress\/wp-content\/uploads\/2017\/09\/9-2-1024x768.jpg 1024w\" sizes=\"auto, (max-width: 600px) 100vw, 600px\" \/><\/a> <a href=\"http:\/\/www.assisi-schule-ostbevern.de\/?attachment_id=2913\" rel=\"attachment wp-att-2913\"><img loading=\"lazy\" decoding=\"async\" class=\"alignnone size-medium wp-image-2913\" src=\"http:\/\/www.assisi-schule-ostbevern.de\/wordpress\/wp-content\/uploads\/2017\/09\/10-1-450x600.jpg\" alt=\"\" width=\"450\" height=\"600\" srcset=\"https:\/\/www.assisi-schule-ostbevern.de\/wordpress\/wp-content\/uploads\/2017\/09\/10-1-450x600.jpg 450w, https:\/\/www.assisi-schule-ostbevern.de\/wordpress\/wp-content\/uploads\/2017\/09\/10-1-768x1024.jpg 768w\" sizes=\"auto, (max-width: 450px) 100vw, 450px\" \/><\/a><\/p>\n<p><strong>Zoobesuch der Zweitkl\u00e4ssler<\/strong><\/p>\n<p>Unsere Zweitkl\u00e4ssler besuchten mit ihren Klassenlehrerinnen Frau Hesse und Frau Laufen und einigen Eltern den Naturzoo in Rheine. Dort bekamen sie, in Kleingruppen aufgeteilt, einige Aufgaben zu l\u00f6sen. Ein Highlight war die Seehund- und Pinguinf\u00fctterung. Zum Schluss durfte die Erkundung des gro\u00dfen Spielplatzes nat\u00fcrlich nicht fehlen.<\/p>\n<p><a href=\"http:\/\/www.assisi-schule-ostbevern.de\/?attachment_id=2898\" rel=\"attachment wp-att-2898\"><img loading=\"lazy\" decoding=\"async\" class=\"alignnone size-medium wp-image-2898\" src=\"http:\/\/www.assisi-schule-ostbevern.de\/wordpress\/wp-content\/uploads\/2017\/09\/IMG_4779.jpeg\" alt=\"\" width=\"320\" height=\"240\" \/><\/a> <a href=\"http:\/\/www.assisi-schule-ostbevern.de\/?attachment_id=2899\" rel=\"attachment wp-att-2899\"><img loading=\"lazy\" decoding=\"async\" class=\"alignnone size-medium wp-image-2899\" src=\"http:\/\/www.assisi-schule-ostbevern.de\/wordpress\/wp-content\/uploads\/2017\/09\/IMG_4782.jpg\" alt=\"\" width=\"320\" height=\"240\" \/><\/a> <a href=\"http:\/\/www.assisi-schule-ostbevern.de\/?attachment_id=2900\" rel=\"attachment wp-att-2900\"><img loading=\"lazy\" decoding=\"async\" class=\"alignnone size-medium wp-image-2900\" src=\"http:\/\/www.assisi-schule-ostbevern.de\/wordpress\/wp-content\/uploads\/2017\/09\/IMG_4786.jpeg\" alt=\"\" width=\"320\" height=\"240\" \/><\/a> <a href=\"http:\/\/www.assisi-schule-ostbevern.de\/?attachment_id=2901\" rel=\"attachment wp-att-2901\"><img loading=\"lazy\" decoding=\"async\" class=\"alignnone size-medium wp-image-2901\" src=\"http:\/\/www.assisi-schule-ostbevern.de\/wordpress\/wp-content\/uploads\/2017\/09\/IMG_4787.jpg\" alt=\"\" width=\"320\" height=\"240\" \/><\/a><\/p>\n<p>&nbsp;<\/p>\n<p>&nbsp;<\/p>\n<p><strong>Schulhund Sam<\/strong><\/p>\n<p><span id=\"yui_3_16_0_ym19_1_1507047394428_22843\">Nachdem im Vorfeld feste Regeln f\u00fcr den Alltag mit einem Schulhund erarbeitet wurden, besuchte am Freitag zum ersten Mal der Schulhund Sam unserer Sozialp\u00e4dagogin Frau Scharf die Klassen 1a und 1b. Jedes Kind durfte Sam dabei nach und nach mit einem Leckerli begr\u00fc\u00dfen und noch wichtige Fragen kl\u00e4ren, bevor es dann gemeinsam in den Fachunterricht ging. Die Sch\u00fclerinnen und Sch\u00fcler, aber auch die Lehrer\/innen hatten gro\u00dfe Freude an Sams Besuch und freuen sich schon sehr auf seinen p\u00e4dagogischen Einsatz an unserer Schule. <\/span><\/p>\n<p><a href=\"http:\/\/www.assisi-schule-ostbevern.de\/?attachment_id=2877\" rel=\"attachment wp-att-2877\"><img loading=\"lazy\" decoding=\"async\" class=\"alignnone size-medium wp-image-2877\" src=\"http:\/\/www.assisi-schule-ostbevern.de\/wordpress\/wp-content\/uploads\/2017\/09\/1-4-600x450.jpg\" alt=\"\" width=\"600\" height=\"450\" srcset=\"https:\/\/www.assisi-schule-ostbevern.de\/wordpress\/wp-content\/uploads\/2017\/09\/1-4-600x450.jpg 600w, https:\/\/www.assisi-schule-ostbevern.de\/wordpress\/wp-content\/uploads\/2017\/09\/1-4-768x576.jpg 768w, https:\/\/www.assisi-schule-ostbevern.de\/wordpress\/wp-content\/uploads\/2017\/09\/1-4-1024x768.jpg 1024w, https:\/\/www.assisi-schule-ostbevern.de\/wordpress\/wp-content\/uploads\/2017\/09\/1-4.jpg 2016w\" sizes=\"auto, (max-width: 600px) 100vw, 600px\" \/><\/a> <a href=\"http:\/\/www.assisi-schule-ostbevern.de\/?attachment_id=2878\" rel=\"attachment wp-att-2878\"><img loading=\"lazy\" decoding=\"async\" class=\"alignnone size-medium wp-image-2878\" src=\"http:\/\/www.assisi-schule-ostbevern.de\/wordpress\/wp-content\/uploads\/2017\/09\/2-4-450x600.jpg\" alt=\"\" width=\"450\" height=\"600\" srcset=\"https:\/\/www.assisi-schule-ostbevern.de\/wordpress\/wp-content\/uploads\/2017\/09\/2-4-450x600.jpg 450w, https:\/\/www.assisi-schule-ostbevern.de\/wordpress\/wp-content\/uploads\/2017\/09\/2-4-768x1024.jpg 768w, https:\/\/www.assisi-schule-ostbevern.de\/wordpress\/wp-content\/uploads\/2017\/09\/2-4.jpg 1512w\" sizes=\"auto, (max-width: 450px) 100vw, 450px\" \/><\/a> <a href=\"http:\/\/www.assisi-schule-ostbevern.de\/?attachment_id=2879\" rel=\"attachment wp-att-2879\"><img loading=\"lazy\" decoding=\"async\" class=\"alignnone size-medium wp-image-2879\" src=\"http:\/\/www.assisi-schule-ostbevern.de\/wordpress\/wp-content\/uploads\/2017\/09\/3-4-450x600.jpg\" alt=\"\" width=\"450\" height=\"600\" srcset=\"https:\/\/www.assisi-schule-ostbevern.de\/wordpress\/wp-content\/uploads\/2017\/09\/3-4-450x600.jpg 450w, https:\/\/www.assisi-schule-ostbevern.de\/wordpress\/wp-content\/uploads\/2017\/09\/3-4-768x1024.jpg 768w, https:\/\/www.assisi-schule-ostbevern.de\/wordpress\/wp-content\/uploads\/2017\/09\/3-4.jpg 1512w\" sizes=\"auto, (max-width: 450px) 100vw, 450px\" \/><\/a><\/p>\n<p><strong>Kartoffelfest in der Klasse 3a<\/strong><\/p>\n<p>Nachdem der 3. Jahrgang vor einigen Tagen die Kartoffeln beim Bauern Verenkotte geerntet hatte, mussten diese nat\u00fcrlich auch noch zubereitet und gegessen werden. Was bietet sich da Besseres an als ein richtig ausgiebiges Kartoffelfest im Dorfspeicher im Brock? Morgens wurden in der Schule flei\u00dfig die Kartoffeln gesch\u00e4lt und einige M\u00fctter nahmen sie dann mit nach Hause, um diese dann zu einem Reibekuchenteig zu verarbeiten. Aber auch viele weitere &#8222;Kartoffel-Spezialit\u00e4ten&#8220; standen am Nachmittag im Dorfspeicher auf dem Speiseplan. Viele Eltern hatten sich etwas einfallen lassen, um das Kartoffel-Buffet reichhaltig zu f\u00fcllen. Die Reibekuchen wurden vor Ort auch noch frisch zubereitet. Aber nat\u00fcrlich wurde an diesem Nachmittag nicht nur gegessen: Die Kinder f\u00fchrten einen Kartoffel-Rap auf, drei Jungs hatten noch ein Gedicht auswendig gelernt und trugen es vor und nat\u00fcrlich kam auch das Spielen nicht zu kurz. Rundum war es ein gelungener Tag, dank der vielen helfenden H\u00e4nde, die dieses Fest vorbereitet haben. Und die Kartoffeln schmecken wirklich viel besser, wenn man sie selbst gepflanzt, geerntet und zubereitet hat. \ud83d\ude42<\/p>\n<p><a href=\"http:\/\/www.assisi-schule-ostbevern.de\/?attachment_id=2860\" rel=\"attachment wp-att-2860\"><img loading=\"lazy\" decoding=\"async\" class=\"alignnone size-medium wp-image-2860\" src=\"http:\/\/www.assisi-schule-ostbevern.de\/wordpress\/wp-content\/uploads\/2017\/09\/1-3-600x450.jpg\" alt=\"\" width=\"600\" height=\"450\" srcset=\"https:\/\/www.assisi-schule-ostbevern.de\/wordpress\/wp-content\/uploads\/2017\/09\/1-3-600x450.jpg 600w, https:\/\/www.assisi-schule-ostbevern.de\/wordpress\/wp-content\/uploads\/2017\/09\/1-3-768x576.jpg 768w, https:\/\/www.assisi-schule-ostbevern.de\/wordpress\/wp-content\/uploads\/2017\/09\/1-3-1024x768.jpg 1024w\" sizes=\"auto, (max-width: 600px) 100vw, 600px\" \/><\/a> <a href=\"http:\/\/www.assisi-schule-ostbevern.de\/?attachment_id=2861\" rel=\"attachment wp-att-2861\"><img loading=\"lazy\" decoding=\"async\" class=\"alignnone size-medium wp-image-2861\" src=\"http:\/\/www.assisi-schule-ostbevern.de\/wordpress\/wp-content\/uploads\/2017\/09\/2-3-600x450.jpg\" alt=\"\" width=\"600\" height=\"450\" srcset=\"https:\/\/www.assisi-schule-ostbevern.de\/wordpress\/wp-content\/uploads\/2017\/09\/2-3-600x450.jpg 600w, https:\/\/www.assisi-schule-ostbevern.de\/wordpress\/wp-content\/uploads\/2017\/09\/2-3-768x576.jpg 768w, https:\/\/www.assisi-schule-ostbevern.de\/wordpress\/wp-content\/uploads\/2017\/09\/2-3-1024x768.jpg 1024w\" sizes=\"auto, (max-width: 600px) 100vw, 600px\" \/><\/a> <a href=\"http:\/\/www.assisi-schule-ostbevern.de\/?attachment_id=2862\" rel=\"attachment wp-att-2862\"><img loading=\"lazy\" decoding=\"async\" class=\"alignnone size-medium wp-image-2862\" src=\"http:\/\/www.assisi-schule-ostbevern.de\/wordpress\/wp-content\/uploads\/2017\/09\/3-3-600x450.jpg\" alt=\"\" width=\"600\" height=\"450\" srcset=\"https:\/\/www.assisi-schule-ostbevern.de\/wordpress\/wp-content\/uploads\/2017\/09\/3-3-600x450.jpg 600w, https:\/\/www.assisi-schule-ostbevern.de\/wordpress\/wp-content\/uploads\/2017\/09\/3-3-768x576.jpg 768w, https:\/\/www.assisi-schule-ostbevern.de\/wordpress\/wp-content\/uploads\/2017\/09\/3-3-1024x768.jpg 1024w\" sizes=\"auto, (max-width: 600px) 100vw, 600px\" \/><\/a> <a href=\"http:\/\/www.assisi-schule-ostbevern.de\/?attachment_id=2863\" rel=\"attachment wp-att-2863\"><img loading=\"lazy\" decoding=\"async\" class=\"alignnone size-medium wp-image-2863\" src=\"http:\/\/www.assisi-schule-ostbevern.de\/wordpress\/wp-content\/uploads\/2017\/09\/4-3-600x399.jpg\" alt=\"\" width=\"600\" height=\"399\" srcset=\"https:\/\/www.assisi-schule-ostbevern.de\/wordpress\/wp-content\/uploads\/2017\/09\/4-3-600x399.jpg 600w, https:\/\/www.assisi-schule-ostbevern.de\/wordpress\/wp-content\/uploads\/2017\/09\/4-3-768x511.jpg 768w, https:\/\/www.assisi-schule-ostbevern.de\/wordpress\/wp-content\/uploads\/2017\/09\/4-3-1024x681.jpg 1024w\" sizes=\"auto, (max-width: 600px) 100vw, 600px\" \/><\/a> <a href=\"http:\/\/www.assisi-schule-ostbevern.de\/?attachment_id=2864\" rel=\"attachment wp-att-2864\"><img loading=\"lazy\" decoding=\"async\" class=\"alignnone size-medium wp-image-2864\" src=\"http:\/\/www.assisi-schule-ostbevern.de\/wordpress\/wp-content\/uploads\/2017\/09\/5-2-399x600.jpg\" alt=\"\" width=\"399\" height=\"600\" srcset=\"https:\/\/www.assisi-schule-ostbevern.de\/wordpress\/wp-content\/uploads\/2017\/09\/5-2-399x600.jpg 399w, https:\/\/www.assisi-schule-ostbevern.de\/wordpress\/wp-content\/uploads\/2017\/09\/5-2-768x1155.jpg 768w, https:\/\/www.assisi-schule-ostbevern.de\/wordpress\/wp-content\/uploads\/2017\/09\/5-2-681x1024.jpg 681w, https:\/\/www.assisi-schule-ostbevern.de\/wordpress\/wp-content\/uploads\/2017\/09\/5-2.jpg 2000w\" sizes=\"auto, (max-width: 399px) 100vw, 399px\" \/><\/a> <a href=\"http:\/\/www.assisi-schule-ostbevern.de\/?attachment_id=2865\" rel=\"attachment wp-att-2865\"><img loading=\"lazy\" decoding=\"async\" class=\"alignnone size-medium wp-image-2865\" src=\"http:\/\/www.assisi-schule-ostbevern.de\/wordpress\/wp-content\/uploads\/2017\/09\/6-2-600x399.jpg\" alt=\"\" width=\"600\" height=\"399\" srcset=\"https:\/\/www.assisi-schule-ostbevern.de\/wordpress\/wp-content\/uploads\/2017\/09\/6-2-600x399.jpg 600w, https:\/\/www.assisi-schule-ostbevern.de\/wordpress\/wp-content\/uploads\/2017\/09\/6-2-768x511.jpg 768w, https:\/\/www.assisi-schule-ostbevern.de\/wordpress\/wp-content\/uploads\/2017\/09\/6-2-1024x681.jpg 1024w\" sizes=\"auto, (max-width: 600px) 100vw, 600px\" \/><\/a> <a href=\"http:\/\/www.assisi-schule-ostbevern.de\/?attachment_id=2866\" rel=\"attachment wp-att-2866\"><img loading=\"lazy\" decoding=\"async\" class=\"alignnone size-medium wp-image-2866\" src=\"http:\/\/www.assisi-schule-ostbevern.de\/wordpress\/wp-content\/uploads\/2017\/09\/7-2-600x399.jpg\" alt=\"\" width=\"600\" height=\"399\" srcset=\"https:\/\/www.assisi-schule-ostbevern.de\/wordpress\/wp-content\/uploads\/2017\/09\/7-2-600x399.jpg 600w, https:\/\/www.assisi-schule-ostbevern.de\/wordpress\/wp-content\/uploads\/2017\/09\/7-2-768x511.jpg 768w, https:\/\/www.assisi-schule-ostbevern.de\/wordpress\/wp-content\/uploads\/2017\/09\/7-2-1024x681.jpg 1024w\" sizes=\"auto, (max-width: 600px) 100vw, 600px\" \/><\/a> <a href=\"http:\/\/www.assisi-schule-ostbevern.de\/?attachment_id=2867\" rel=\"attachment wp-att-2867\"><img loading=\"lazy\" decoding=\"async\" class=\"alignnone size-medium wp-image-2867\" src=\"http:\/\/www.assisi-schule-ostbevern.de\/wordpress\/wp-content\/uploads\/2017\/09\/8-2-600x399.jpg\" alt=\"\" width=\"600\" height=\"399\" srcset=\"https:\/\/www.assisi-schule-ostbevern.de\/wordpress\/wp-content\/uploads\/2017\/09\/8-2-600x399.jpg 600w, https:\/\/www.assisi-schule-ostbevern.de\/wordpress\/wp-content\/uploads\/2017\/09\/8-2-768x511.jpg 768w, https:\/\/www.assisi-schule-ostbevern.de\/wordpress\/wp-content\/uploads\/2017\/09\/8-2-1024x681.jpg 1024w\" sizes=\"auto, (max-width: 600px) 100vw, 600px\" \/><\/a> <a href=\"http:\/\/www.assisi-schule-ostbevern.de\/?attachment_id=2868\" rel=\"attachment wp-att-2868\"><img loading=\"lazy\" decoding=\"async\" class=\"alignnone size-medium wp-image-2868\" src=\"http:\/\/www.assisi-schule-ostbevern.de\/wordpress\/wp-content\/uploads\/2017\/09\/9-1-600x399.jpg\" alt=\"\" width=\"600\" height=\"399\" srcset=\"https:\/\/www.assisi-schule-ostbevern.de\/wordpress\/wp-content\/uploads\/2017\/09\/9-1-600x399.jpg 600w, https:\/\/www.assisi-schule-ostbevern.de\/wordpress\/wp-content\/uploads\/2017\/09\/9-1-768x511.jpg 768w, https:\/\/www.assisi-schule-ostbevern.de\/wordpress\/wp-content\/uploads\/2017\/09\/9-1-1024x681.jpg 1024w\" sizes=\"auto, (max-width: 600px) 100vw, 600px\" \/><\/a><\/p>\n<p><strong>Besuch von der Polizei<\/strong><\/p>\n<p>Auch in diesem Jahr kam Herr Rauer von der Polizei extra zu unseren neuen Erstkl\u00e4sslern in den Unterricht, um ihnen und interessierten Eltern nochmals deutlich zu machen, wie wichtig gerade zu Beginn der dunklen Jahreszeit helle Kleidung und Reflektoren an den Tornistern und Jacken sind. Au\u00dferdem \u00fcbte er mit den Kinder, wie man sicher die Stra\u00dfe \u00fcberquert und er erkl\u00e4rte, dass man auch bei einem Zebrastreifen gut aufpassen muss, bevor man die Stra\u00dfe \u00fcberquert. Vor kurzem stand ja sogar in der WN, wie oft der Zebrastreifen in Ostbevern von den anderen Verkehrsteilnehmern \u00fcbersehen oder nicht beachtet wird. Umso wichtiger ist es, dass die Kinder lernen sich abzusichern, bevor sie \u00fcber die Stra\u00dfe gehen. Liebe Autofahrer: Bitte nehmt R\u00fccksicht und fahrt besonders jetzt zum Schulanfang vorsichtig und achtet auf unsere Schulkinder!<\/p>\n<p><a href=\"http:\/\/www.assisi-schule-ostbevern.de\/?attachment_id=2830\" rel=\"attachment wp-att-2830\"><img loading=\"lazy\" decoding=\"async\" class=\"alignnone size-medium wp-image-2830\" src=\"http:\/\/www.assisi-schule-ostbevern.de\/wordpress\/wp-content\/uploads\/2017\/09\/1-2-450x600.jpg\" alt=\"\" width=\"450\" height=\"600\" srcset=\"https:\/\/www.assisi-schule-ostbevern.de\/wordpress\/wp-content\/uploads\/2017\/09\/1-2-450x600.jpg 450w, https:\/\/www.assisi-schule-ostbevern.de\/wordpress\/wp-content\/uploads\/2017\/09\/1-2-768x1024.jpg 768w\" sizes=\"auto, (max-width: 450px) 100vw, 450px\" \/><\/a> <a href=\"http:\/\/www.assisi-schule-ostbevern.de\/?attachment_id=2831\" rel=\"attachment wp-att-2831\"><img loading=\"lazy\" decoding=\"async\" class=\"alignnone size-medium wp-image-2831\" src=\"http:\/\/www.assisi-schule-ostbevern.de\/wordpress\/wp-content\/uploads\/2017\/09\/2-2-600x450.jpg\" alt=\"\" width=\"600\" height=\"450\" srcset=\"https:\/\/www.assisi-schule-ostbevern.de\/wordpress\/wp-content\/uploads\/2017\/09\/2-2-600x450.jpg 600w, https:\/\/www.assisi-schule-ostbevern.de\/wordpress\/wp-content\/uploads\/2017\/09\/2-2-768x576.jpg 768w, https:\/\/www.assisi-schule-ostbevern.de\/wordpress\/wp-content\/uploads\/2017\/09\/2-2-1024x768.jpg 1024w\" sizes=\"auto, (max-width: 600px) 100vw, 600px\" \/><\/a> <a href=\"http:\/\/www.assisi-schule-ostbevern.de\/?attachment_id=2832\" rel=\"attachment wp-att-2832\"><img loading=\"lazy\" decoding=\"async\" class=\"alignnone size-medium wp-image-2832\" src=\"http:\/\/www.assisi-schule-ostbevern.de\/wordpress\/wp-content\/uploads\/2017\/09\/3-2-450x600.jpg\" alt=\"\" width=\"450\" height=\"600\" srcset=\"https:\/\/www.assisi-schule-ostbevern.de\/wordpress\/wp-content\/uploads\/2017\/09\/3-2-450x600.jpg 450w, https:\/\/www.assisi-schule-ostbevern.de\/wordpress\/wp-content\/uploads\/2017\/09\/3-2-768x1024.jpg 768w\" sizes=\"auto, (max-width: 450px) 100vw, 450px\" \/><\/a> <a href=\"http:\/\/www.assisi-schule-ostbevern.de\/?attachment_id=2833\" rel=\"attachment wp-att-2833\"><img loading=\"lazy\" decoding=\"async\" class=\"alignnone size-medium wp-image-2833\" src=\"http:\/\/www.assisi-schule-ostbevern.de\/wordpress\/wp-content\/uploads\/2017\/09\/4-2-600x450.jpg\" alt=\"\" width=\"600\" height=\"450\" srcset=\"https:\/\/www.assisi-schule-ostbevern.de\/wordpress\/wp-content\/uploads\/2017\/09\/4-2-600x450.jpg 600w, https:\/\/www.assisi-schule-ostbevern.de\/wordpress\/wp-content\/uploads\/2017\/09\/4-2-768x576.jpg 768w, https:\/\/www.assisi-schule-ostbevern.de\/wordpress\/wp-content\/uploads\/2017\/09\/4-2-1024x768.jpg 1024w\" sizes=\"auto, (max-width: 600px) 100vw, 600px\" \/><\/a><\/p>\n<p>&nbsp;<\/p>\n<p><strong>Kartoffelernte<\/strong><\/p>\n<p>Im Fr\u00fchjahr sind die damaligen Klassen 2a und 2b auf dem Bauernhof Verenkotte gewesen und haben dort flei\u00dfig Kartoffeln gepflanzt. Nun konnten die jetzigen Drittkl\u00e4ssler ihre Ernte einholen. Gemeinsam machten sie sich auf den Weg zum Hof von Paul Verenkotte, der schon vor Ort auf die Kinder wartete, um mit ihnen auf das Feld zu gehen. Mit dem Trecker voran ging es dann los. Herr Verenkotte holte zun\u00e4chst mit der Mistgabel die ersten Kartoffeln raus, die die Kinder aufsammeln durften und dann kam noch der Trecker zum Einsatz, um auch wirklich alle Knollen aus der Erde zu holen. Die Ernte war in diesem Jahr sehr reichhaltig, so dass wir mit vielen K\u00f6rben vom Feld zur\u00fcck kamen, die alle in S\u00e4cke gef\u00fcllt wurden. In der kommenden Woche steht nun der Verzehr der Kartoffeln an. Die eine Klasse wird die Schule zu einer gro\u00dfen Kartoffelk\u00fcche umfunktionieren, die andere Klasse wird im Dorfspeicher ein Kartoffelfest feiern, bei dem es viele unterschiedliche Kartoffel-Spezialit\u00e4ten zu genie\u00dfen gilt. Die Kinder haben viel dar\u00fcber gelernt, welchen Weg die Kartoffel gehen muss, bevor sie auf unseren Tellern landen kann. Ein gro\u00dfes Dankesch\u00f6n deshalb an Herrn Paul Verenkotte, der diese Aktion schon seit einigen Jahren immer wieder durchf\u00fchrt.<\/p>\n<p><a href=\"http:\/\/www.assisi-schule-ostbevern.de\/?attachment_id=2821\" rel=\"attachment wp-att-2821\"><img loading=\"lazy\" decoding=\"async\" class=\"alignnone size-medium wp-image-2821\" src=\"http:\/\/www.assisi-schule-ostbevern.de\/wordpress\/wp-content\/uploads\/2017\/09\/6-1-600x338.jpg\" alt=\"\" width=\"600\" height=\"338\" srcset=\"https:\/\/www.assisi-schule-ostbevern.de\/wordpress\/wp-content\/uploads\/2017\/09\/6-1-600x338.jpg 600w, https:\/\/www.assisi-schule-ostbevern.de\/wordpress\/wp-content\/uploads\/2017\/09\/6-1-768x432.jpg 768w, https:\/\/www.assisi-schule-ostbevern.de\/wordpress\/wp-content\/uploads\/2017\/09\/6-1-1024x576.jpg 1024w\" sizes=\"auto, (max-width: 600px) 100vw, 600px\" \/><\/a> <a href=\"http:\/\/www.assisi-schule-ostbevern.de\/?attachment_id=2824\" rel=\"attachment wp-att-2824\"><img loading=\"lazy\" decoding=\"async\" class=\"alignnone size-medium wp-image-2824\" src=\"http:\/\/www.assisi-schule-ostbevern.de\/wordpress\/wp-content\/uploads\/2017\/09\/10-338x600.jpg\" alt=\"\" width=\"338\" height=\"600\" srcset=\"https:\/\/www.assisi-schule-ostbevern.de\/wordpress\/wp-content\/uploads\/2017\/09\/10-338x600.jpg 338w, https:\/\/www.assisi-schule-ostbevern.de\/wordpress\/wp-content\/uploads\/2017\/09\/10-576x1024.jpg 576w, https:\/\/www.assisi-schule-ostbevern.de\/wordpress\/wp-content\/uploads\/2017\/09\/10.jpg 581w\" sizes=\"auto, (max-width: 338px) 100vw, 338px\" \/><\/a> <a href=\"http:\/\/www.assisi-schule-ostbevern.de\/?attachment_id=2823\" rel=\"attachment wp-att-2823\"><img loading=\"lazy\" decoding=\"async\" class=\"alignnone size-medium wp-image-2823\" src=\"http:\/\/www.assisi-schule-ostbevern.de\/wordpress\/wp-content\/uploads\/2017\/09\/8-1-600x338.jpg\" alt=\"\" width=\"600\" height=\"338\" srcset=\"https:\/\/www.assisi-schule-ostbevern.de\/wordpress\/wp-content\/uploads\/2017\/09\/8-1-600x338.jpg 600w, https:\/\/www.assisi-schule-ostbevern.de\/wordpress\/wp-content\/uploads\/2017\/09\/8-1-768x432.jpg 768w, https:\/\/www.assisi-schule-ostbevern.de\/wordpress\/wp-content\/uploads\/2017\/09\/8-1-1024x576.jpg 1024w, https:\/\/www.assisi-schule-ostbevern.de\/wordpress\/wp-content\/uploads\/2017\/09\/8-1.jpg 1032w\" sizes=\"auto, (max-width: 600px) 100vw, 600px\" \/><\/a> <a href=\"http:\/\/www.assisi-schule-ostbevern.de\/?attachment_id=2822\" rel=\"attachment wp-att-2822\"><img loading=\"lazy\" decoding=\"async\" class=\"alignnone size-medium wp-image-2822\" src=\"http:\/\/www.assisi-schule-ostbevern.de\/wordpress\/wp-content\/uploads\/2017\/09\/7-1-600x338.jpg\" alt=\"\" width=\"600\" height=\"338\" srcset=\"https:\/\/www.assisi-schule-ostbevern.de\/wordpress\/wp-content\/uploads\/2017\/09\/7-1-600x338.jpg 600w, https:\/\/www.assisi-schule-ostbevern.de\/wordpress\/wp-content\/uploads\/2017\/09\/7-1-768x432.jpg 768w, https:\/\/www.assisi-schule-ostbevern.de\/wordpress\/wp-content\/uploads\/2017\/09\/7-1-1024x576.jpg 1024w\" sizes=\"auto, (max-width: 600px) 100vw, 600px\" \/><\/a> <a href=\"http:\/\/www.assisi-schule-ostbevern.de\/?attachment_id=2820\" rel=\"attachment wp-att-2820\"><img loading=\"lazy\" decoding=\"async\" class=\"alignnone size-medium wp-image-2820\" src=\"http:\/\/www.assisi-schule-ostbevern.de\/wordpress\/wp-content\/uploads\/2017\/09\/5-1-600x338.jpg\" alt=\"\" width=\"600\" height=\"338\" srcset=\"https:\/\/www.assisi-schule-ostbevern.de\/wordpress\/wp-content\/uploads\/2017\/09\/5-1-600x338.jpg 600w, https:\/\/www.assisi-schule-ostbevern.de\/wordpress\/wp-content\/uploads\/2017\/09\/5-1-768x432.jpg 768w, https:\/\/www.assisi-schule-ostbevern.de\/wordpress\/wp-content\/uploads\/2017\/09\/5-1-1024x576.jpg 1024w\" sizes=\"auto, (max-width: 600px) 100vw, 600px\" \/><\/a> <a href=\"http:\/\/www.assisi-schule-ostbevern.de\/?attachment_id=2819\" rel=\"attachment wp-att-2819\"><img loading=\"lazy\" decoding=\"async\" class=\"alignnone size-medium wp-image-2819\" src=\"http:\/\/www.assisi-schule-ostbevern.de\/wordpress\/wp-content\/uploads\/2017\/09\/4-1-600x338.jpg\" alt=\"\" width=\"600\" height=\"338\" srcset=\"https:\/\/www.assisi-schule-ostbevern.de\/wordpress\/wp-content\/uploads\/2017\/09\/4-1-600x338.jpg 600w, https:\/\/www.assisi-schule-ostbevern.de\/wordpress\/wp-content\/uploads\/2017\/09\/4-1-768x432.jpg 768w, https:\/\/www.assisi-schule-ostbevern.de\/wordpress\/wp-content\/uploads\/2017\/09\/4-1-1024x576.jpg 1024w\" sizes=\"auto, (max-width: 600px) 100vw, 600px\" \/><\/a> <a href=\"http:\/\/www.assisi-schule-ostbevern.de\/?attachment_id=2818\" rel=\"attachment wp-att-2818\"><img loading=\"lazy\" decoding=\"async\" class=\"alignnone size-medium wp-image-2818\" src=\"http:\/\/www.assisi-schule-ostbevern.de\/wordpress\/wp-content\/uploads\/2017\/09\/3-1-600x338.jpg\" alt=\"\" width=\"600\" height=\"338\" srcset=\"https:\/\/www.assisi-schule-ostbevern.de\/wordpress\/wp-content\/uploads\/2017\/09\/3-1-600x338.jpg 600w, https:\/\/www.assisi-schule-ostbevern.de\/wordpress\/wp-content\/uploads\/2017\/09\/3-1-768x432.jpg 768w, https:\/\/www.assisi-schule-ostbevern.de\/wordpress\/wp-content\/uploads\/2017\/09\/3-1-1024x576.jpg 1024w\" sizes=\"auto, (max-width: 600px) 100vw, 600px\" \/><\/a> <a href=\"http:\/\/www.assisi-schule-ostbevern.de\/?attachment_id=2817\" rel=\"attachment wp-att-2817\"><img loading=\"lazy\" decoding=\"async\" class=\"alignnone size-medium wp-image-2817\" src=\"http:\/\/www.assisi-schule-ostbevern.de\/wordpress\/wp-content\/uploads\/2017\/09\/2-1-600x338.jpg\" alt=\"\" width=\"600\" height=\"338\" srcset=\"https:\/\/www.assisi-schule-ostbevern.de\/wordpress\/wp-content\/uploads\/2017\/09\/2-1-600x338.jpg 600w, https:\/\/www.assisi-schule-ostbevern.de\/wordpress\/wp-content\/uploads\/2017\/09\/2-1-768x432.jpg 768w, https:\/\/www.assisi-schule-ostbevern.de\/wordpress\/wp-content\/uploads\/2017\/09\/2-1-1024x576.jpg 1024w\" sizes=\"auto, (max-width: 600px) 100vw, 600px\" \/><\/a> <a href=\"http:\/\/www.assisi-schule-ostbevern.de\/?attachment_id=2816\" rel=\"attachment wp-att-2816\"><img loading=\"lazy\" decoding=\"async\" class=\"alignnone size-medium wp-image-2816\" src=\"http:\/\/www.assisi-schule-ostbevern.de\/wordpress\/wp-content\/uploads\/2017\/09\/9-600x338.jpg\" alt=\"\" width=\"600\" height=\"338\" srcset=\"https:\/\/www.assisi-schule-ostbevern.de\/wordpress\/wp-content\/uploads\/2017\/09\/9-600x338.jpg 600w, https:\/\/www.assisi-schule-ostbevern.de\/wordpress\/wp-content\/uploads\/2017\/09\/9-768x432.jpg 768w, https:\/\/www.assisi-schule-ostbevern.de\/wordpress\/wp-content\/uploads\/2017\/09\/9-1024x576.jpg 1024w, https:\/\/www.assisi-schule-ostbevern.de\/wordpress\/wp-content\/uploads\/2017\/09\/9.jpg 1032w\" sizes=\"auto, (max-width: 600px) 100vw, 600px\" \/><\/a> <a href=\"http:\/\/www.assisi-schule-ostbevern.de\/?attachment_id=2815\" rel=\"attachment wp-att-2815\"><img loading=\"lazy\" decoding=\"async\" class=\"alignnone size-medium wp-image-2815\" src=\"http:\/\/www.assisi-schule-ostbevern.de\/wordpress\/wp-content\/uploads\/2017\/09\/1-1-600x338.jpg\" alt=\"\" width=\"600\" height=\"338\" srcset=\"https:\/\/www.assisi-schule-ostbevern.de\/wordpress\/wp-content\/uploads\/2017\/09\/1-1-600x338.jpg 600w, https:\/\/www.assisi-schule-ostbevern.de\/wordpress\/wp-content\/uploads\/2017\/09\/1-1-768x432.jpg 768w, https:\/\/www.assisi-schule-ostbevern.de\/wordpress\/wp-content\/uploads\/2017\/09\/1-1-1024x576.jpg 1024w\" sizes=\"auto, (max-width: 600px) 100vw, 600px\" \/><\/a><\/p>\n<p>&nbsp;<\/p>\n<p><strong>Einschulung 2017<\/strong><\/p>\n<p>Mit einem eindrucksvollen Gottesdienst unter der Leitung von Pastoralreferenz Thomas Schulz und Pfarrer Sasha Sommershof zum Thema &#8222;Wie in einem bunten Garten&#8220; begann dieser besondere Tag. Neben ihnen erz\u00e4hlten Pia Wennemann aus der 4b, Frau Tewes als Mutter und die Klassenleitungen der neuen Sch\u00fcler\/innen, welche Pflege die Pflanzen in einem bunten Garten brauchen, um gut wachsen zu k\u00f6nnen. So ist es auch in der Schule, wurde den Kindern erkl\u00e4rt. Hier wollen Eltern, Lehrer\/innen und andere Kinder die Erkl\u00e4ssler\/innen darin unterst\u00fctzen, dass in ihnen das hervorgelockt werden kann, was in ihnen steckt. Von der Klassenlehrerin Frau Reglitz und von dem Klassenlehrer Herrn Krafczyk bekamen sie als Erinnerung ein Sonnenblumenbild mit Samenk\u00f6rnern geschenkt. An der Schule angekommen, hatten sich alle anderen Sch\u00fcler\/innen im Spalier aufgestellt, um die Schulanf\u00e4nger\/innen zu begr\u00fc\u00dfen. Im Rahmen einer kleinen Einschulungsfeier w\u00fcnschte Frau Lamour allen Kindern, Eltern und Lehrkr\u00e4ften einen tollen Start in das erste Schuljahr. Die Kinder der zweiten Klasse begeisterten mit dem englischen Lied &#8222;Get out of bed&#8220; und zeigten mit dem St\u00fcck &#8222;Karibu, herzlich willkommen!&#8220;, dass sie sich schon sehr auf die Neuen freuen. Anschlie\u00dfend fand die erste Unterrichtsstunde in den Klassenr\u00e4umen der 1a und 1b statt. Die wartenden Eltern, Omas, Opas und Paten konnten sich in der Zeit mit Getr\u00e4nken und einem kleinen Imbiss st\u00e4rken, angeboten vom F\u00f6rderverein. Ein herzliches Dankesch\u00f6n an alle Helferinnen und Helfer. Allen neuen Schulkindern und Eltern sagen wir: &#8222;HERZLICH WILLKOMMEN IN DER FRANZ-VON-ASSISI-SCHULE!&#8220;<\/p>\n<p><a href=\"http:\/\/www.assisi-schule-ostbevern.de\/?attachment_id=2766\" rel=\"attachment wp-att-2766\"><img loading=\"lazy\" decoding=\"async\" class=\"alignnone size-medium wp-image-2766\" src=\"http:\/\/www.assisi-schule-ostbevern.de\/wordpress\/wp-content\/uploads\/2017\/09\/1-600x450.jpg\" alt=\"\" width=\"600\" height=\"450\" srcset=\"https:\/\/www.assisi-schule-ostbevern.de\/wordpress\/wp-content\/uploads\/2017\/09\/1-600x450.jpg 600w, https:\/\/www.assisi-schule-ostbevern.de\/wordpress\/wp-content\/uploads\/2017\/09\/1-768x576.jpg 768w, https:\/\/www.assisi-schule-ostbevern.de\/wordpress\/wp-content\/uploads\/2017\/09\/1-1024x768.jpg 1024w\" sizes=\"auto, (max-width: 600px) 100vw, 600px\" \/><\/a> <a href=\"http:\/\/www.assisi-schule-ostbevern.de\/?attachment_id=2767\" rel=\"attachment wp-att-2767\"><img loading=\"lazy\" decoding=\"async\" class=\"alignnone size-medium wp-image-2767\" src=\"http:\/\/www.assisi-schule-ostbevern.de\/wordpress\/wp-content\/uploads\/2017\/09\/2-600x450.jpg\" alt=\"\" width=\"600\" height=\"450\" srcset=\"https:\/\/www.assisi-schule-ostbevern.de\/wordpress\/wp-content\/uploads\/2017\/09\/2-600x450.jpg 600w, https:\/\/www.assisi-schule-ostbevern.de\/wordpress\/wp-content\/uploads\/2017\/09\/2-768x576.jpg 768w, https:\/\/www.assisi-schule-ostbevern.de\/wordpress\/wp-content\/uploads\/2017\/09\/2-1024x768.jpg 1024w\" sizes=\"auto, (max-width: 600px) 100vw, 600px\" \/><\/a> <a href=\"http:\/\/www.assisi-schule-ostbevern.de\/?attachment_id=2768\" rel=\"attachment wp-att-2768\"><img loading=\"lazy\" decoding=\"async\" class=\"alignnone size-medium wp-image-2768\" src=\"http:\/\/www.assisi-schule-ostbevern.de\/wordpress\/wp-content\/uploads\/2017\/09\/3-600x450.jpg\" alt=\"\" width=\"600\" height=\"450\" srcset=\"https:\/\/www.assisi-schule-ostbevern.de\/wordpress\/wp-content\/uploads\/2017\/09\/3-600x450.jpg 600w, https:\/\/www.assisi-schule-ostbevern.de\/wordpress\/wp-content\/uploads\/2017\/09\/3-768x576.jpg 768w, https:\/\/www.assisi-schule-ostbevern.de\/wordpress\/wp-content\/uploads\/2017\/09\/3-1024x768.jpg 1024w\" sizes=\"auto, (max-width: 600px) 100vw, 600px\" \/><\/a> <a href=\"http:\/\/www.assisi-schule-ostbevern.de\/?attachment_id=2769\" rel=\"attachment wp-att-2769\"><img loading=\"lazy\" decoding=\"async\" class=\"alignnone size-medium wp-image-2769\" src=\"http:\/\/www.assisi-schule-ostbevern.de\/wordpress\/wp-content\/uploads\/2017\/09\/4-600x450.jpg\" alt=\"\" width=\"600\" height=\"450\" srcset=\"https:\/\/www.assisi-schule-ostbevern.de\/wordpress\/wp-content\/uploads\/2017\/09\/4-600x450.jpg 600w, https:\/\/www.assisi-schule-ostbevern.de\/wordpress\/wp-content\/uploads\/2017\/09\/4-768x576.jpg 768w, https:\/\/www.assisi-schule-ostbevern.de\/wordpress\/wp-content\/uploads\/2017\/09\/4-1024x768.jpg 1024w\" sizes=\"auto, (max-width: 600px) 100vw, 600px\" \/>\u00a0<\/a> <a href=\"http:\/\/www.assisi-schule-ostbevern.de\/?attachment_id=2770\" rel=\"attachment wp-att-2770\"><img loading=\"lazy\" decoding=\"async\" class=\"alignnone size-medium wp-image-2770\" src=\"http:\/\/www.assisi-schule-ostbevern.de\/wordpress\/wp-content\/uploads\/2017\/09\/5-600x450.jpg\" alt=\"\" width=\"600\" height=\"450\" srcset=\"https:\/\/www.assisi-schule-ostbevern.de\/wordpress\/wp-content\/uploads\/2017\/09\/5-600x450.jpg 600w, https:\/\/www.assisi-schule-ostbevern.de\/wordpress\/wp-content\/uploads\/2017\/09\/5-768x576.jpg 768w, https:\/\/www.assisi-schule-ostbevern.de\/wordpress\/wp-content\/uploads\/2017\/09\/5-1024x768.jpg 1024w\" sizes=\"auto, (max-width: 600px) 100vw, 600px\" \/><\/a> <a href=\"http:\/\/www.assisi-schule-ostbevern.de\/?attachment_id=2771\" rel=\"attachment wp-att-2771\"><img loading=\"lazy\" decoding=\"async\" class=\"alignnone size-medium wp-image-2771\" src=\"http:\/\/www.assisi-schule-ostbevern.de\/wordpress\/wp-content\/uploads\/2017\/09\/6-600x450.jpg\" alt=\"\" width=\"600\" height=\"450\" srcset=\"https:\/\/www.assisi-schule-ostbevern.de\/wordpress\/wp-content\/uploads\/2017\/09\/6-600x450.jpg 600w, https:\/\/www.assisi-schule-ostbevern.de\/wordpress\/wp-content\/uploads\/2017\/09\/6-768x576.jpg 768w, https:\/\/www.assisi-schule-ostbevern.de\/wordpress\/wp-content\/uploads\/2017\/09\/6-1024x768.jpg 1024w\" sizes=\"auto, (max-width: 600px) 100vw, 600px\" \/><\/a> <a href=\"http:\/\/www.assisi-schule-ostbevern.de\/?attachment_id=2772\" rel=\"attachment wp-att-2772\"><img loading=\"lazy\" decoding=\"async\" class=\"alignnone size-medium wp-image-2772\" src=\"http:\/\/www.assisi-schule-ostbevern.de\/wordpress\/wp-content\/uploads\/2017\/09\/7-600x450.jpg\" alt=\"\" width=\"600\" height=\"450\" srcset=\"https:\/\/www.assisi-schule-ostbevern.de\/wordpress\/wp-content\/uploads\/2017\/09\/7-600x450.jpg 600w, https:\/\/www.assisi-schule-ostbevern.de\/wordpress\/wp-content\/uploads\/2017\/09\/7-768x576.jpg 768w, https:\/\/www.assisi-schule-ostbevern.de\/wordpress\/wp-content\/uploads\/2017\/09\/7-1024x768.jpg 1024w\" sizes=\"auto, (max-width: 600px) 100vw, 600px\" \/><\/a><\/p>\n","protected":false},"excerpt":{"rendered":"<p>Unser\u00a0F\u00f6rderverein\u00a0aktiv\u00a0bei\u00a0Ferienaktion\u00a0\u201eSommersandkasten\u201c Wir\u00a0hoffen,\u00a0alle\u00a0konnten\u00a0und\u00a0k\u00f6nnen\u00a0die\u00a0Ferien\u00a0in\u00a0vollen\u00a0Z\u00fcgen genie\u00dfen. Bestimmt besucht die eine oder der andere den &#8222;Ostbeverner Sommersandkasten&#8220;. Das hei\u00dft, jeden Sommerferien-Donnerstag gibt es Spiel, Spa\u00df, Spannung sowie Musik und Genuss auf dem Kirchplatz. Dieser wird in ein sommerliches Abenteuerland f\u00fcr Gro\u00dfe wie Kleine verwandelt. Unser F\u00f6rderverein ist wieder mit Spielen und Leckereien dabei. Allen Kindern und Eltern herzlichen Dank [&hellip;]<\/p>\n","protected":false},"author":3,"featured_media":0,"parent":0,"menu_order":0,"comment_status":"closed","ping_status":"closed","template":"","meta":{"footnotes":""},"class_list":["post-3335","page","type-page","status-publish","hentry"],"_links":{"self":[{"href":"https:\/\/www.assisi-schule-ostbevern.de\/index.php?rest_route=\/wp\/v2\/pages\/3335","targetHints":{"allow":["GET"]}}],"collection":[{"href":"https:\/\/www.assisi-schule-ostbevern.de\/index.php?rest_route=\/wp\/v2\/pages"}],"about":[{"href":"https:\/\/www.assisi-schule-ostbevern.de\/index.php?rest_route=\/wp\/v2\/types\/page"}],"author":[{"embeddable":true,"href":"https:\/\/www.assisi-schule-ostbevern.de\/index.php?rest_route=\/wp\/v2\/users\/3"}],"replies":[{"embeddable":true,"href":"https:\/\/www.assisi-schule-ostbevern.de\/index.php?rest_route=%2Fwp%2Fv2%2Fcomments&post=3335"}],"version-history":[{"count":2,"href":"https:\/\/www.assisi-schule-ostbevern.de\/index.php?rest_route=\/wp\/v2\/pages\/3335\/revisions"}],"predecessor-version":[{"id":3340,"href":"https:\/\/www.assisi-schule-ostbevern.de\/index.php?rest_route=\/wp\/v2\/pages\/3335\/revisions\/3340"}],"wp:attachment":[{"href":"https:\/\/www.assisi-schule-ostbevern.de\/index.php?rest_route=%2Fwp%2Fv2%2Fmedia&parent=3335"}],"curies":[{"name":"wp","href":"https:\/\/api.w.org\/{rel}","templated":true}]}}